{"id":70903,"date":"2025-02-10T13:58:34","date_gmt":"2025-02-10T13:58:34","guid":{"rendered":"https:\/\/www.ccdrc.pt\/?page_id=70903"},"modified":"2025-07-09T15:00:07","modified_gmt":"2025-07-09T15:00:07","slug":"zonas-vulneraveis","status":"publish","type":"page","link":"https:\/\/www.ccdrc.pt\/pt\/areas-de-atuacao\/agricultura-e-pescas-2\/zonas-vulneraveis\/","title":{"rendered":"Zonas Vulner\u00e1veis"},"content":{"rendered":"<p><div class=\"fusion-fullwidth fullwidth-box fusion-builder-row-1 fusion-flex-container has-pattern-background has-mask-background breadcrumbs-container-div nonhundred-percent-fullwidth non-hundred-percent-height-scrolling fusion-sticky-container\" style=\"--awb-border-radius-top-left:0px;--awb-border-radius-top-right:0px;--awb-border-radius-bottom-right:0px;--awb-border-radius-bottom-left:0px;--awb-sticky-background-color:#ffffff !important;\" data-transition-offset=\"0\" data-sticky-offset=\"72px\" data-scroll-offset=\"0\" data-sticky-small-visibility=\"1\" data-sticky-medium-visibility=\"1\" data-sticky-large-visibility=\"1\" ><div class=\"fusion-builder-row fusion-row fusion-flex-align-items-flex-start\" style=\"max-width:1288px;margin-left: calc(-0% \/ 2 );margin-right: calc(-0% \/ 2 );\"><div class=\"fusion-layout-column fusion_builder_column fusion-builder-column-0 fusion_builder_column_1_1 1_1 fusion-flex-column mcbread\" style=\"--awb-bg-size:cover;--awb-width-large:100%;--awb-margin-top-large:0px;--awb-spacing-right-large:0%;--awb-margin-bottom-large:0px;--awb-spacing-left-large:0%;--awb-width-medium:100%;--awb-order-medium:0;--awb-spacing-right-medium:0%;--awb-spacing-left-medium:0%;--awb-width-small:100%;--awb-order-small:0;--awb-spacing-right-small:0%;--awb-spacing-left-small:0%;\"><div class=\"fusion-column-wrapper fusion-column-has-shadow fusion-flex-justify-content-flex-start fusion-content-layout-column\"><div class=\"fusion-breadcrumbs fusion-breadcrumbs-1\" id=\"bar-siteMap\"><span class=\"fusion-breadcrumb-item\"><a href=\"https:\/\/www.ccdrc.pt\/pt\" class=\"fusion-breadcrumb-link\"><span >Home<\/span><\/a><\/span><span class=\"fusion-breadcrumb-sep\">&amp;gt;<\/span><\/div>\n<style>\n\n.breadcrumbs-container-div.fusion-fullwidth.fullwidth-box.fusion-builder-row-8.fusion-flex-container.has-pattern-background.has-mask-background.breadcrumbs-container-div.nonhundred-percent-fullwidth.non-hundred-percent-height-scrolling {\n    max-width: 100% !important;\n    height: 72px !important;\n    border-bottom: 1px solid lightgray;\n    width: 100% !important;\n}\n.post-content > :nth-child(2) {\n  padding-top: 84px !important;\n}\n.fusion-fullwidth.fullwidth-box.fusion-builder-row-8.fusion-flex-container.has-pattern-background.has-mask-background.breadcrumbs-container-div.nonhundred-percent-fullwidth.non-hundred-percent-height-scrolling.fusion-sticky-container.fusion-sticky-transition.fusion-container-stuck{\n    margin-left: auto !important;\n    margin-right: auto !important;\n    max-width: 100% !important;\n    top: 72px;\n    width: 100% !important;\n}\n.fusion-fullwidth.fullwidth-box.fusion-builder-row-9.fusion-flex-container.has-pattern-background.has-mask-background.ssitemap.nonhundred-percent-fullwidth.non-hundred-percent-height-scrolling:has(.mcbread) {\n  max-width: 1288px !important;\n}\n.fusion-builder-row.fusion-row.fusion-flex-align-items-flex-start {\n    max-width: 1288px !important;\n    margin-left: calc(-0% \/ 2);\n    margin-right: calc(-0% \/ 2);\n}\n.fusion-column-wrapper.fusion-column-has-shadow.fusion-flex-justify-content-space-between.fusion-content-layout-row.fusion-flex-align-items-center {\n   display: none;\n}\n#main .fusion-builder-row.fusion-row.fusion-flex-align-items-flex-start{\nmax-width:1288px !important;\n}\n.fusion-fullwidth.fullwidth-box.fusion-builder-row-8.fusion-flex-container.has-pattern-background.has-mask-background.breadcrumbs-container-div.nonhundred-percent-fullwidth.non-hundred-percent-height-scrolling.fusion-sticky-container{\ndisplay:flex;\nalign-items:center;\n}\n.fusion-fullwidth.fullwidth-box.fusion-builder-row-9.fusion-flex-container.has-pattern-background.has-mask-background.ssitemap.nonhundred-percent-fullwidth.non-hundred-percent-height-scrolling{\npadding: 0px !important;\n}\n.fusion-fullwidth.fullwidth-box.fusion-builder-row-8.fusion-flex-container.has-pattern-background.has-mask-background.breadcrumbs-container-div.nonhundred-percent-fullwidth.non-hundred-percent-height-scrolling.fusion-sticky-container{\nmargin-top:12px;\n}\n.fusion-fullwidth.fullwidth-box.fusion-builder-row-8.fusion-flex-container.has-pattern-background.has-mask-background.breadcrumbs-container-div.nonhundred-percent-fullwidth.non-hundred-percent-height-scrolling.fusion-sticky-container.fusion-container-stuck.fusion-sticky-transition{\n    margin-left: -32px !important;\n    border-bottom: 1px solid lightgray;\n    margin-top:0px !important;\n}\n@media (min-width: 640px) and  (max-width:1024px){\n.fusion-fullwidth.fullwidth-box.fusion-builder-row-8.fusion-flex-container.has-pattern-background.has-mask-background.breadcrumbs-container-div.nonhundred-percent-fullwidth.non-hundred-percent-height-scrolling.fusion-sticky-container{\n    margin-top: 42px !important;\n}\n.fusion-fullwidth.fullwidth-box.fusion-builder-row-8.fusion-flex-container.has-pattern-background.has-mask-background.breadcrumbs-container-div.nonhundred-percent-fullwidth.non-hundred-percent-height-scrolling.fusion-sticky-container.fusion-container-stuck.fusion-sticky-transition {\n    padding-left: 32px !important;\n    border-bottom: 1px solid lightgray;\n    margin-top: 103px !important;\n    width:100% !important;\n}\n}\n@media (max-width: 640px) {\n.fusion-column-wrapper.fusion-column-has-shadow.fusion-flex-justify-content-space-between.fusion-content-layout-row.fusion-flex-align-items-center {\n   display: flex;\n}\n.fusion-fullwidth.fullwidth-box.fusion-builder-row-8.fusion-flex-container.has-pattern-background.has-mask-background.breadcrumbs-container-div.nonhundred-percent-fullwidth.non-hundred-percent-height-scrolling {\n    margin-top: 12px;\n    width: 100% !important;\n}\n#bar-siteMap{\ndisplay:flex;\nflex-direction: row;\njustify-content:start;\nalign-items:center;\n}\n.fusion-fullwidth.fullwidth-box.fusion-builder-row-8.fusion-flex-container.has-pattern-background.has-mask-background.breadcrumbs-container-div.nonhundred-percent-fullwidth.non-hundred-percent-height-scrolling.fusion-sticky-container.fusion-sticky-transition.fusion-container-stuck\n{\nmargin-right: -44px !important;\ntop: 132px !important;\nmargin-left:-16px !important;\nmargin-top:-6px !important;\n}\n.fusion-fullwidth.fullwidth-box.fusion-builder-row-8.fusion-flex-container.has-pattern-background.has-mask-background.breadcrumbs-container-div.nonhundred-percent-fullwidth.non-hundred-percent-height-scrolling.fusion-sticky-container.fusion-sticky-transition.fusion-container-stuck #bar-siteMap{\n padding-left: 20px;\n}\n}\n.breadcrumbs-separator-div{\nmin-width:100%;\nmax-width:100%;\nmargin: 0 -200px !important;\nborder-bottom:1px solid lightgray;\n}\n<\/style><\/div><\/div><\/div><div class=\"fusion-builder-row fusion-row fusion-flex-align-items-flex-start\" style=\"max-width:1288px;margin-left: calc(-0% \/ 2 );margin-right: calc(-0% \/ 2 );\"><\/div><\/div>\n<div class=\"fusion-fullwidth fullwidth-box fusion-builder-row-2 fusion-flex-container has-pattern-background has-mask-background container-site-max-width nonhundred-percent-fullwidth non-hundred-percent-height-scrolling fusion-no-small-visibility fusion-no-medium-visibility\" style=\"--awb-border-radius-top-left:0px;--awb-border-radius-top-right:0px;--awb-border-radius-bottom-right:0px;--awb-border-radius-bottom-left:0px;\" ><div class=\"fusion-builder-row fusion-row fusion-flex-align-items-flex-start\" style=\"max-width:1288px;margin-left: calc(-0% \/ 2 );margin-right: calc(-0% \/ 2 );\"><div class=\"fusion-layout-column fusion_builder_column fusion-builder-column-1 fusion_builder_column_1_4 1_4 fusion-flex-column container-menu-consultations\" style=\"--awb-bg-size:cover;--awb-width-large:25%;--awb-margin-top-large:64px;--awb-spacing-right-large:0%;--awb-margin-bottom-large:0px;--awb-spacing-left-large:0%;--awb-width-medium:25%;--awb-order-medium:0;--awb-spacing-right-medium:0%;--awb-spacing-left-medium:0%;--awb-width-small:100%;--awb-order-small:0;--awb-spacing-right-small:0%;--awb-spacing-left-small:0%;\"><div class=\"fusion-column-wrapper fusion-column-has-shadow fusion-flex-justify-content-flex-start fusion-content-layout-column\"><div class=\"fusion-builder-row fusion-builder-row-inner fusion-row fusion-flex-align-items-flex-start\" style=\"width:100% !important;max-width:100% !important;margin-left: calc(-0% \/ 2 );margin-right: calc(-0% \/ 2 );\"><div class=\"fusion-layout-column fusion_builder_column_inner fusion-builder-nested-column-0 fusion_builder_column_inner_1_1 1_1 fusion-flex-column menu-side-scrolling-full-page\" style=\"--awb-bg-size:cover;--awb-width-large:100%;--awb-margin-top-large:0px;--awb-spacing-right-large:0%;--awb-margin-bottom-large:0px;--awb-spacing-left-large:0%;--awb-width-medium:100%;--awb-order-medium:0;--awb-spacing-right-medium:0%;--awb-spacing-left-medium:0%;--awb-width-small:100%;--awb-order-small:0;--awb-spacing-right-small:0%;--awb-spacing-left-small:0%;\"><div class=\"fusion-column-wrapper fusion-column-has-shadow fusion-flex-justify-content-flex-start fusion-content-layout-column\"><div style=\"text-align:left;\"><a class=\"fusion-button button-flat fusion-button-default-size button-custom fusion-button-default button-1 fusion-button-default-span fusion-button-default-type btn-back-menu-side\" style=\"--button_accent_color:#007b88;--button_border_color:#007b88;--button_accent_hover_color:#007b88;--button_border_hover_color:#007b88;--button_gradient_angle:0deg;--button_gradient_end:0%;--button_gradient_top_color:#ffffff;--button_gradient_bottom_color:#ffffff;--button_gradient_top_color_hover:#ffffff;--button_gradient_bottom_color_hover:#ffffff;--button_font_size:14px;--button_line_height:29px;--button_typography-font-family:&quot;Noto Sans&quot;;--button_typography-font-style:normal;--button_typography-font-weight:400;\" target=\"_self\" href=\"https:\/\/www.ccdrc.pt\/areas-de-atuacao\/agricultura-e-pescas-2\/\"><i class=\"fa-arrow-left fas button-icon-left\" aria-hidden=\"true\"><\/i><span class=\"fusion-button-text\">Agricultura e Pescas<\/span><\/a><\/div><div class=\"fusion-text fusion-text-1 fusion-text-no-margin\" style=\"--awb-font-size:16px;--awb-line-height:29px;--awb-text-color:#000000;--awb-margin-right:60px;--awb-margin-bottom:-39px;--awb-text-font-family:&quot;Noto Sans&quot;;--awb-text-font-style:normal;--awb-text-font-weight:700;\"><p>Zonas Vulner\u00e1veis<\/p>\n<p>&nbsp;<\/p>\n<\/div><nav class=\"awb-menu awb-menu_column awb-menu_em-hover mobile-mode-collapse-to-button awb-menu_icons-left awb-menu_dc-yes mobile-trigger-fullwidth-off awb-menu_mobile-toggle awb-menu_indent-left mobile-size-full-absolute loading mega-menu-loading awb-menu_desktop awb-menu_dropdown awb-menu_expand-right awb-menu_transition-fade fusion-no-small-visibility fusion-no-medium-visibility\" style=\"--awb-main-justify-content:flex-start;--awb-mobile-justify:flex-start;--awb-mobile-caret-left:auto;--awb-mobile-caret-right:0;--awb-fusion-font-family-typography:inherit;--awb-fusion-font-style-typography:normal;--awb-fusion-font-weight-typography:400;--awb-fusion-font-family-submenu-typography:inherit;--awb-fusion-font-style-submenu-typography:normal;--awb-fusion-font-weight-submenu-typography:400;--awb-fusion-font-family-mobile-typography:inherit;--awb-fusion-font-style-mobile-typography:normal;--awb-fusion-font-weight-mobile-typography:400;\" aria-label=\"Menu\" data-breakpoint=\"1024\" data-count=\"0\" data-transition-type=\"fade\" data-transition-time=\"300\" id=\"menu-area\"><button type=\"button\" class=\"awb-menu__m-toggle awb-menu__m-toggle_no-text\" aria-expanded=\"false\" aria-controls=\"menu-zonas-vulneraveis\"><span class=\"awb-menu__m-toggle-inner\"><span class=\"collapsed-nav-text\"><span class=\"screen-reader-text\">Toggle Navigation<\/span><\/span><span class=\"awb-menu__m-collapse-icon awb-menu__m-collapse-icon_no-text\"><span class=\"awb-menu__m-collapse-icon-open awb-menu__m-collapse-icon-open_no-text fa-bars fas\"><\/span><span class=\"awb-menu__m-collapse-icon-close awb-menu__m-collapse-icon-close_no-text fa-times fas\"><\/span><\/span><\/span><\/button><\/nav><\/div><\/div><\/div><\/div><\/div><div class=\"fusion-layout-column fusion_builder_column fusion-builder-column-2 fusion_builder_column_3_4 3_4 fusion-flex-column\" style=\"--awb-bg-size:cover;--awb-width-large:75%;--awb-margin-top-large:88px;--awb-spacing-right-large:0%;--awb-margin-bottom-large:0px;--awb-spacing-left-large:0%;--awb-width-medium:75%;--awb-order-medium:0;--awb-spacing-right-medium:0%;--awb-spacing-left-medium:0%;--awb-width-small:100%;--awb-order-small:0;--awb-spacing-right-small:0%;--awb-spacing-left-small:0%;\"><div class=\"fusion-column-wrapper fusion-column-has-shadow fusion-flex-justify-content-flex-start fusion-content-layout-column\"><div class=\"fusion-text fusion-text-2 fusion-text-no-margin\" style=\"--awb-font-size:20px;--awb-line-height:36px;--awb-text-color:#595959;--awb-margin-bottom:4px;--awb-text-font-family:&quot;Noto Sans&quot;;--awb-text-font-style:normal;--awb-text-font-weight:400;\"><p>Agricultura e Pescas<\/p>\n<\/div><div class=\"fusion-text fusion-text-3 fusion-text-no-margin\" style=\"--awb-font-size:32px;--awb-line-height:44px;--awb-text-color:#000000;--awb-margin-bottom:64px;--awb-text-font-family:&quot;Noto Sans&quot;;--awb-text-font-style:normal;--awb-text-font-weight:700;\"><h1 class=\"page-h1\">Zonas Vulner\u00e1veis<\/h1>\n<\/div><div class=\"fusion-text fusion-text-4 content-article\"><div data-post-id=\"70904\" class=\"insert-page insert-page-70904 \"><div class=\"fusion-fullwidth fullwidth-box fusion-builder-row-2-1 fusion-flex-container nonhundred-percent-fullwidth non-hundred-percent-height-scrolling\" style=\"--awb-border-radius-top-left:0px;--awb-border-radius-top-right:0px;--awb-border-radius-bottom-right:0px;--awb-border-radius-bottom-left:0px;\" ><div class=\"fusion-builder-row fusion-row fusion-flex-align-items-flex-start\" style=\"width:100% !important;max-width:100% !important;margin-left: calc(-0% \/ 2 );margin-right: calc(-0% \/ 2 );\"><div class=\"fusion-layout-column fusion_builder_column fusion-builder-column-3 fusion_builder_column_1_1 1_1 fusion-flex-column\" style=\"--awb-bg-size:cover;--awb-width-large:100%;--awb-margin-top-large:0px;--awb-spacing-right-large:0%;--awb-margin-bottom-large:0px;--awb-spacing-left-large:0%;--awb-width-medium:100%;--awb-spacing-right-medium:0%;--awb-spacing-left-medium:0%;--awb-width-small:100%;--awb-spacing-right-small:0%;--awb-spacing-left-small:0%;\"><div class=\"fusion-column-wrapper fusion-flex-justify-content-flex-start fusion-content-layout-column\"><div class=\"fusion-text fusion-text-4\"><p>&nbsp;<\/p>\n<div class=\"article\">\n<h2>O que s\u00e3o Zonas Vulner\u00e1veis?<\/h2>\n<p>Consideram-se zonas vulner\u00e1veis,&nbsp;<strong>zonas que drenam para \u00e1guas polu\u00eddas ou em risco de virem a tornar-se polu\u00eddas com nitratos<\/strong>.<\/p>\n<p>Consideram-se \u00e1guas polu\u00eddas com nitratos:<\/p>\n<ul>\n<li>As&nbsp;<strong>\u00e1guas doces superficiais<\/strong>&nbsp;utilizadas ou destinadas \u00e0 produ\u00e7\u00e3o de \u00e1gua para consumo humano, que contenham ou apresentem riscos de vir a conter uma&nbsp;<strong>concentra\u00e7\u00e3o de nitratos superior a 50 mg\/litro<\/strong><\/li>\n<li>As&nbsp;<strong>\u00e1guas subterr\u00e2neas<\/strong>, que contenham ou apresentem riscos de vir a conter uma&nbsp;<strong>concentra\u00e7\u00e3o de nitratos superior a 50 mg\/litro<\/strong><\/li>\n<li><strong>Lagoas ou outras massas de \u00e1guas doces<\/strong>&nbsp;que estejam&nbsp;<strong>polu\u00eddas com nitratos (eutrofizadas)<\/strong>&nbsp;ou que corram perigo de virem a estar polu\u00eddas<\/li>\n<\/ul>\n<p>Nas Zonas Vulner\u00e1veis a legisla\u00e7\u00e3o europeia e nacional torna obrigat\u00f3rio o cumprimento do C\u00f3digo de Boas Pr\u00e1ticas Agr\u00edcolas.<\/p>\n<p>Em todas as explora\u00e7\u00f5es situadas nas zonas vulner\u00e1veis \u00e9 obrigat\u00f3rio o estabelecimento de um plano de fertiliza\u00e7\u00e3o, que tem de respeitar o valor m\u00e1ximo descrito na tabela \u201cQuantidade m\u00e1xima de azoto a aplicar por cultura\u201d. Esta quantidade de azoto a aplicar dever\u00e1 ter em conta o azoto presente na \u00e1gua de rega, nos chorumes e estrumes, nos res\u00edduos das culturas anteriores, nos adubos qu\u00edmicos e no solo.<br \/>\nA fertiliza\u00e7\u00e3o das culturas com base numa produ\u00e7\u00e3o esperada realista evita despesas in\u00fateis, pela n\u00e3o aplica\u00e7\u00e3o de tipos e quantidade de fertilizantes desnecess\u00e1rios.<\/p>\n<p>Assim sendo, uma fertiliza\u00e7\u00e3o racional permitir\u00e1: garantir produ\u00e7\u00f5es adequadas e de qualidade, evitar fertiliza\u00e7\u00f5es insuficientes ou excessivas, diminuir os encargos econ\u00f3micos, contribuir para preserva\u00e7\u00e3o do ambiente e para a garantia da sa\u00fade humana.<\/p>\n<\/div>\n<\/div><\/div><\/div><\/div><\/div>\n<\/div>\n<\/div><div class=\"accordian fusion-accordian\" style=\"--awb-border-size:1px;--awb-icon-size:16px;--awb-content-font-size:var(--awb-typography4-font-size);--awb-icon-alignment:left;--awb-hover-color:var(--awb-color2);--awb-border-color:var(--awb-color3);--awb-background-color:var(--awb-color1);--awb-divider-color:var(--awb-color3);--awb-divider-hover-color:var(--awb-color3);--awb-icon-color:var(--awb-color1);--awb-title-color:var(--awb-color8);--awb-content-color:var(--awb-color8);--awb-icon-box-color:var(--awb-color8);--awb-toggle-hover-accent-color:var(--awb-color5);--awb-title-font-family:var(--awb-typography1-font-family);--awb-title-font-weight:var(--awb-typography1-font-weight);--awb-title-font-style:var(--awb-typography1-font-style);--awb-title-font-size:16px;--awb-content-font-family:var(--awb-typography4-font-family);--awb-content-font-weight:var(--awb-typography4-font-weight);--awb-content-font-style:var(--awb-typography4-font-style);\"><div class=\"panel-group fusion-toggle-icon-unboxed\" id=\"accordion-70903-1\"><div class=\"fusion-panel panel-default panel-c284c3250e4e500a9 fusion-toggle-has-divider\" style=\"--awb-title-color:var(--awb-color8);\"><div class=\"panel-heading\"><div class=\"panel-title toggle\" id=\"toggle_c284c3250e4e500a9\"><a aria-expanded=\"false\" aria-controls=\"c284c3250e4e500a9\" role=\"button\" data-toggle=\"collapse\" data-parent=\"#accordion-70903-1\" data-target=\"#c284c3250e4e500a9\" href=\"#c284c3250e4e500a9\"><span class=\"fusion-toggle-icon-wrapper\" aria-hidden=\"true\"><i class=\"fa-fusion-box active-icon awb-icon-minus\" aria-hidden=\"true\"><\/i><i class=\"fa-fusion-box inactive-icon awb-icon-plus\" aria-hidden=\"true\"><\/i><\/span><span class=\"fusion-toggle-heading\">Normas de boas pr\u00e1ticas agr\u00edcolas<\/span><\/a><\/div><\/div><div id=\"c284c3250e4e500a9\" class=\"panel-collapse collapse \" araia-labelledby=\"toggle_c284c3250e4e500a9\"><div class=\"panel-body toggle-content fusion-clearfix\">\n<p>O Programa de A\u00e7\u00e3o para as Zonas Vulner\u00e1veis de Portugal Continental foi aprovado pela&nbsp;<a class=\"pdf\" href=\"https:\/\/dre.pt\/application\/conteudo\/174783\" target=\"_blank\" rel=\"noopener\">Portaria n.\u00ba 259\/2012<\/a>, de 28 de agosto. O presente programa tem como objectivo reduzir a polui\u00e7\u00e3o das \u00e1guas causada ou induzida por nitratos de origem agr\u00edcola bem como impedir a propaga\u00e7\u00e3o desta polui\u00e7\u00e3o nas zonas vulner\u00e1veis.<\/p>\n<p>As Zonas Vulner\u00e1veis est\u00e3o caracterizadas no Anexo I da Portaria n.\u00ba 259\/2012, de 28 de agosto e identificadas na&nbsp;<a class=\"pdf\" href=\"https:\/\/dre.pt\/application\/conteudo\/611935\" target=\"_blank\" rel=\"noopener\">Portaria n.\u00ba 164\/2010<\/a>, de 16 de mar\u00e7o.<\/p>\n<p>Os referidos Programas de A\u00e7\u00e3o imp\u00f5e determinadas normas que t\u00eam de ser cumpridas e que passamos a transcrever:<\/p>\n<ol class=\"num\" type=\"1\">\n<li>Tendo em conta as necessidades das culturas durante o seu ciclo vegetativo e o risco de perdas do azoto por lixivia\u00e7\u00e3o, sobretudo no per\u00edodo Outono\/Inverno, e considerando, ainda, que n\u00e3o dever\u00e3o ser aplicados fertilizantes nas \u00e9pocas em que as culturas n\u00e3o est\u00e3o em crescimento activo, as \u00e9pocas em que n\u00e3o \u00e9 permitido aplicar \u00e0s terras determinados tipos de fertilizantes constam da tabela que se segue.<\/li>\n<\/ol>\n<div class=\"wp-block-image\"><img decoding=\"async\" class=\"wpa-warning wpa-image-missing-alt wp-image-70942 aligncenter\" src=\"https:\/\/www.ccdrc.pt\/wp-content\/uploads\/2025\/02\/boaspraticasquadro-1.png\" alt=\"\" width=\"796\" height=\"584\" data-warning=\"Missing alt text\" srcset=\"https:\/\/www.ccdrc.pt\/wp-content\/uploads\/2025\/02\/boaspraticasquadro-1-16x12.png 16w, https:\/\/www.ccdrc.pt\/wp-content\/uploads\/2025\/02\/boaspraticasquadro-1-200x147.png 200w, https:\/\/www.ccdrc.pt\/wp-content\/uploads\/2025\/02\/boaspraticasquadro-1-400x293.png 400w, https:\/\/www.ccdrc.pt\/wp-content\/uploads\/2025\/02\/boaspraticasquadro-1-500x367.png 500w, https:\/\/www.ccdrc.pt\/wp-content\/uploads\/2025\/02\/boaspraticasquadro-1-600x440.png 600w, https:\/\/www.ccdrc.pt\/wp-content\/uploads\/2025\/02\/boaspraticasquadro-1-700x514.png 700w, https:\/\/www.ccdrc.pt\/wp-content\/uploads\/2025\/02\/boaspraticasquadro-1-768x563.png 768w, https:\/\/www.ccdrc.pt\/wp-content\/uploads\/2025\/02\/boaspraticasquadro-1-800x587.png 800w, https:\/\/www.ccdrc.pt\/wp-content\/uploads\/2025\/02\/boaspraticasquadro-1.png 931w\" sizes=\"(max-width: 796px) 100vw, 796px\" \/><\/div>\n<p>\u00c9 proibida a aplica\u00e7\u00e3o de adubos qu\u00edmicos azotados na aduba\u00e7\u00e3o de fundo, \u00e0 excep\u00e7\u00e3o das situa\u00e7\u00f5es previstas no quadro anterior.<\/p>\n<p>Quando a aplica\u00e7\u00e3o de adubos qu\u00edmicos e\/ou compostos se realizar simultaneamente com a sementeira ou planta\u00e7\u00e3o, como na sementeira directa, mobiliza\u00e7\u00e3o na zona ou mobiliza\u00e7\u00e3o m\u00ednima, n\u00e3o se aplicam as restri\u00e7\u00f5es do quadro anterior.<\/p>\n<p>Dever\u00e1 ser evitada a aplica\u00e7\u00e3o de fertilizantes em per\u00edodos de fortes chuvas que originem a lavagem do azoto, sobretudo quando os solos est\u00e3o escassamente cobertos ou nus, n\u00e3o permitindo \u00e0s plantas absorver os nitratos fornecidos pelos fertilizantes.<\/p>\n<ol class=\"num\" start=\"2\" type=\"1\">\n<li>Nas terras ar\u00e1veis em pousio e n\u00e3o inclu\u00eddas em rota\u00e7\u00e3o, n\u00e3o \u00e9 permitida a aplica\u00e7\u00e3o de fertilizantes contendo azoto.<\/li>\n<li>\u00c9 proibida a aplica\u00e7\u00e3o de fertilizantes ap\u00f3s a colheita das culturas de Primavera-Ver\u00e3o se estas n\u00e3o precederem uma cultura de Outono-Inverno ou se o solo permanecer em pousio.<\/li>\n<li>A aplica\u00e7\u00e3o de fertilizantes e\/ou correctivos org\u00e2nicos, durante o ciclo vegetativo das culturas, \u00e9 proibida sempre que ocorram situa\u00e7\u00f5es de excesso de \u00e1gua no solo, devendo, neste caso, aguardar-se que o solo retome o seu estado de humidade caracter\u00edstico do per\u00edodo de saz\u00e3o, exceptuam-se os solos onde se pratique a cultura do arroz e ou do agri\u00e3o, quando cultivado em canteiros;<\/li>\n<li>A aplica\u00e7\u00e3o de fertilizantes azotados em terrenos declivosos dever\u00e1 ter em conta o risco de escorrimento superficiais, de modo a minorar o risco de eros\u00e3o e consequentemente as perdas de azoto e outros nutrientes nas \u00e1guas de escoamento. As limita\u00e7\u00f5es \u00e0s culturas e \u00e0s pr\u00e1ticas culturais agr\u00edcolas de acordo com o IQFP<sup class=\"notice\">*<\/sup>&nbsp;constam da tabela que se segue.<\/li>\n<\/ol>\n<div class=\"wp-block-image\"><img decoding=\"async\" class=\"wpa-warning wpa-image-missing-alt aligncenter wp-image-70943 size-full\" src=\"https:\/\/www.ccdrc.pt\/wp-content\/uploads\/2025\/02\/limitacoesculturatotal.png\" alt=\"\" width=\"796\" height=\"1135\" data-warning=\"Missing alt text\" srcset=\"https:\/\/www.ccdrc.pt\/wp-content\/uploads\/2025\/02\/limitacoesculturatotal-8x12.png 8w, https:\/\/www.ccdrc.pt\/wp-content\/uploads\/2025\/02\/limitacoesculturatotal-200x285.png 200w, https:\/\/www.ccdrc.pt\/wp-content\/uploads\/2025\/02\/limitacoesculturatotal-400x570.png 400w, https:\/\/www.ccdrc.pt\/wp-content\/uploads\/2025\/02\/limitacoesculturatotal-500x713.png 500w, https:\/\/www.ccdrc.pt\/wp-content\/uploads\/2025\/02\/limitacoesculturatotal-600x856.png 600w, https:\/\/www.ccdrc.pt\/wp-content\/uploads\/2025\/02\/limitacoesculturatotal-700x998.png 700w, https:\/\/www.ccdrc.pt\/wp-content\/uploads\/2025\/02\/limitacoesculturatotal-768x1095.png 768w, https:\/\/www.ccdrc.pt\/wp-content\/uploads\/2025\/02\/limitacoesculturatotal.png 796w\" sizes=\"(max-width: 796px) 100vw, 796px\" \/><\/div>\n<ol class=\"num\" start=\"6\" type=\"1\">\n<li>Quando o IQFP da parcela onde se realiza a valoriza\u00e7\u00e3o agr\u00edcola seja superior a 1, na aplica\u00e7\u00e3o de fertilizantes devem manter uma faixa de protec\u00e7\u00e3o m\u00ednima de 5 metros relativamente \u00e0 linha limite do leito do curso de \u00e1gua, n\u00e3o sujeita a valoriza\u00e7\u00e3o agr\u00edcola de efluentes pecu\u00e1rios, outras fertiliza\u00e7\u00f5es, mobiliza\u00e7\u00f5es do solo ou instala\u00e7\u00e3o de novas culturas, excepto pastagens permanentes, procurando assegurar ainda a manuten\u00e7\u00e3o de uma barreira vegetal\/rip\u00edcola e a cobertura vegetal na faixa de protec\u00e7\u00e3o, quando justific\u00e1vel;Esta faixa de protec\u00e7\u00e3o poder\u00e1 ser reduzida para metade, caso o IQFP da parcela seja igual ou inferior a 1 e sejam asseguradas as condi\u00e7\u00f5es previstas no par\u00e1grafo anterior.<\/li>\n<li>\u00c9 proibido aplica\u00e7\u00e3o de fertilizantes numa faixa de protec\u00e7\u00e3o de 5 metros, relativamente \u00e0s capta\u00e7\u00f5es de \u00e1gua subterr\u00e2nea, quando estas se destinam a uso exclusivo para rega.<\/li>\n<li>\u00c9 proibida a aplica\u00e7\u00e3o de fertilizantes a menos de 20 metros de uma fonte, po\u00e7o ou capta\u00e7\u00e3o de \u00e1gua quando esta se destine a outros usos, al\u00e9m da rega.<\/li>\n<li>N\u00e3o poder\u00e1 ser aplicada mais do que 170 Kg de azoto por hectare e por ano, fornecidos atrav\u00e9s de efluentes pecu\u00e1rios.<\/li>\n<li>Na constru\u00e7\u00e3o de infra-estruturas \u00e9 obrigat\u00f3rio a impermeabiliza\u00e7\u00e3o do pavimento e, a sua capacidade de armazenamento deve de ser calculada para um per\u00edodo m\u00ednimo de 120 dias, tanto para as nitreiras como para os reservat\u00f3rios de chorumes e ou \u00e1guas residuais.<\/li>\n<li>Os tanques de armazenamento de efluentes zoot\u00e9cnicos, destinados a fins agr\u00edcolas, dever\u00e3o ser constru\u00eddos com capacidade para o per\u00edodo mais prolongado em que n\u00e3o \u00e9 permitida a aplica\u00e7\u00e3o destes na terra. A capacidade do dep\u00f3sito de chorumes e ou estrumes das diferentes esp\u00e9cies pecu\u00e1rias existentes na explora\u00e7\u00e3o, bem como o adquirido e n\u00e3o aplicado imediatamente ap\u00f3s dedu\u00e7\u00e3o do que saiu da explora\u00e7\u00e3o, \u00e9 calculada de acordo com a seguinte f\u00f3rmula:<br \/>\n<em><strong>V = n x up x vd<\/strong><\/em>, em que:&nbsp;<em>V<\/em>&nbsp;= capacidade total de armazenamento de efluentes pecu\u00e1rios;<br \/>\n<em>n<\/em>&nbsp;= maior n\u00famero de dias que medeia entre duas aplica\u00e7\u00f5es<br \/>\nsucessivas, registado no plano de fertiliza\u00e7\u00e3o;<br \/>\n<em>up<\/em>&nbsp;= unidades de animais por esp\u00e9cie pecu\u00e1ria conforme definido no C\u00f3digo das Boas Pr\u00e1ticas Agr\u00edcolas<br \/>\n<em>vd<\/em>&nbsp;= volume ou peso di\u00e1rio de chorume e ou estrume por esp\u00e9cie, conforme definido no C\u00f3digo das Boas Pr\u00e1ticas Agr\u00edcolas;<\/li>\n<li>\u00c9 permitida a deposi\u00e7\u00e3o tempor\u00e1ria de&nbsp;<strong>estrumes<\/strong>&nbsp;no solo agr\u00edcola, em medas ou pilhas, com vista \u00e0 sua posterior distribui\u00e7\u00e3o e incorpora\u00e7\u00e3o no solo, para valoriza\u00e7\u00e3o agr\u00edcola, desde que a referida deposi\u00e7\u00e3o cumpra cumulativamente as seguintes condi\u00e7\u00f5es:\n<ul>\n<li>O local de deposi\u00e7\u00e3o do estrume esteja localizado a uma dist\u00e2ncia m\u00ednima de 15 metros contados da linha limite do leito dos cursos de \u00e1gua e de 25 metros contados dos locais onde existem capta\u00e7\u00f5es de \u00e1guas subterr\u00e2neas, sem preju\u00edzo da demais legisla\u00e7\u00e3o aplic\u00e1vel;<\/li>\n<li>A deposi\u00e7\u00e3o tempor\u00e1ria do estrume no solo, sem que haja distribui\u00e7\u00e3o e incorpora\u00e7\u00e3o no solo,&nbsp;<span class=\"u\">n\u00e3o exceda um per\u00edodo superior a 48 horas;<\/span><\/li>\n<li>Seja assegurada a protec\u00e7\u00e3o das \u00e1guas superficiais e das \u00e1guas subterr\u00e2neas face a eventuais escorr\u00eancias ou arrastamentos, nos casos em que ocorra pluviosidade.<\/li>\n<\/ul>\n<\/li>\n<li>O&nbsp;<strong>chorume<\/strong>&nbsp;ser\u00e1 aplicado ao solo com equipamento de injec\u00e7\u00e3o directa ou com recurso a equipamento que funcione a baixa press\u00e3o, a fim de reduzir as perdas de azoto por volatiliza\u00e7\u00e3o e a liberta\u00e7\u00e3o de maus cheiros, devendo a sua incorpora\u00e7\u00e3o no solo efectuar-se, tanto quanto poss\u00edvel, imediatamente ap\u00f3s a sua distribui\u00e7\u00e3o,&nbsp;<span class=\"u\">at\u00e9 um limite de quatro horas<\/span>.<br \/>\nExceptuam-se a aplica\u00e7\u00e3o em cobertura, bem como a aplica\u00e7\u00e3o em sementeira directa, em caso de n\u00e3o haver lugar a incorpora\u00e7\u00e3o por injec\u00e7\u00e3o, dever\u00e1 ser seguida de rega, a qual dever\u00e1 ser realizada de forma controlada para evitar arrastamentos.<\/li>\n<li>A incorpora\u00e7\u00e3o no solo de estrume e fertilizantes org\u00e2nicos distribu\u00eddos deve ser realizada de forma t\u00e3o r\u00e1pida quanto poss\u00edvel,&nbsp;<span class=\"u\">at\u00e9 um limite de vinte e quatro horas ap\u00f3s a sua aplica\u00e7\u00e3o<\/span>.<\/li>\n<li>A descarga de \u00e1guas residuais na \u00e1gua e no solo est\u00e1 sujeita a condi\u00e7\u00f5es espec\u00edficas, atendendo \u00e0s necessidades de preserva\u00e7\u00e3o do ambiente e da sa\u00fade p\u00fablica.<\/li>\n<li>A aplica\u00e7\u00e3o de lamas de depura\u00e7\u00e3o e de lamas de composi\u00e7\u00e3o similar, no solo para valoriza\u00e7\u00e3o agr\u00edcola, definidas ao abrigo do Decreto-Lei n.\u00ba 276\/2009, de 2 de Outubro, est\u00e1 sujeita a parecer favor\u00e1vel da CCDRC, IP.<\/li>\n<li>A aplica\u00e7\u00e3o de efluentes pecu\u00e1rios no solo n\u00e3o carece de t\u00edtulo de utiliza\u00e7\u00e3o, desde que esteja assegurado o cumprimento das normas t\u00e9cnicas aplic\u00e1veis \u00e0 valoriza\u00e7\u00e3o agr\u00edcola de efluentes, no \u00e2mbito do processo de licenciamento das explora\u00e7\u00f5es pecu\u00e1rias, de acordo com o Decreto-Lei n.\u00ba 214\/2008, de 10 de Novembro, regulamentado pela Portaria n.\u00ba 631\/2009, de 9 de Junho;<\/li>\n<li>Todos os titulares de explora\u00e7\u00f5es agr\u00edcolas total ou parcialmente integradas nas zonas vulner\u00e1veis, \u00e9 obrigat\u00f3rio proceder \u00e0 identifica\u00e7\u00e3o das parcelas em sistema de informa\u00e7\u00e3o parcelar (iSIP).<\/li>\n<\/ol>\n<p>Al\u00e9m destas normas, todos os agricultores que apresentem pedidos de ajuda directos ficam obrigados a cumprir as&nbsp;<strong>boas condi\u00e7\u00f5es agr\u00edcolas e ambientais (BCAA\u2019s)<\/strong>, no que diz respeito \u00e0 eros\u00e3o, estrutura e mat\u00e9ria org\u00e2nica do solo, controlo da vegeta\u00e7\u00e3o espont\u00e2nea, faixa de limpeza das parcelas, queimadas, res\u00edduos de origem agr\u00edcola e armazenamento dos fertilizantes e produtos fitofarmac\u00eauticos. Ficam tamb\u00e9m obrigados a respeitar as regras nos dom\u00ednios do ambiente (correcta utiliza\u00e7\u00e3o das lamas de depura\u00e7\u00e3o), registo e identifica\u00e7\u00e3o animal, no que diz respeito a uma correcta utiliza\u00e7\u00e3o das lamas de depura\u00e7\u00e3o e identifica\u00e7\u00e3o e registo animal.<\/p>\n<p>Os produtos fitofarmac\u00eauticos a utilizar dever\u00e3o ser apenas produtos homologados em Portugal, devendo cumprir estritamente as condi\u00e7\u00f5es constantes no r\u00f3tulo dos mesmos.<\/p>\n<\/div><\/div><\/div><\/div><\/div><div class=\"accordian fusion-accordian\" style=\"--awb-border-size:1px;--awb-icon-size:16px;--awb-content-font-size:var(--awb-typography4-font-size);--awb-icon-alignment:left;--awb-hover-color:var(--awb-color2);--awb-border-color:var(--awb-color3);--awb-background-color:var(--awb-color1);--awb-divider-color:var(--awb-color3);--awb-divider-hover-color:var(--awb-color3);--awb-icon-color:var(--awb-color1);--awb-title-color:var(--awb-color8);--awb-content-color:var(--awb-color8);--awb-icon-box-color:var(--awb-color8);--awb-toggle-hover-accent-color:var(--awb-color5);--awb-title-font-family:var(--awb-typography1-font-family);--awb-title-font-weight:var(--awb-typography1-font-weight);--awb-title-font-style:var(--awb-typography1-font-style);--awb-title-font-size:16px;--awb-content-font-family:var(--awb-typography4-font-family);--awb-content-font-weight:var(--awb-typography4-font-weight);--awb-content-font-style:var(--awb-typography4-font-style);\"><div class=\"panel-group fusion-toggle-icon-unboxed\" id=\"accordion-70903-2\"><div class=\"fusion-panel panel-default panel-cc040a412642c0fb8 fusion-toggle-has-divider\" style=\"--awb-title-color:var(--awb-color8);\"><div class=\"panel-heading\"><h2 class=\"panel-title toggle\" id=\"toggle_cc040a412642c0fb8\"><a aria-expanded=\"false\" aria-controls=\"cc040a412642c0fb8\" role=\"button\" data-toggle=\"collapse\" data-target=\"#cc040a412642c0fb8\" href=\"#cc040a412642c0fb8\"><span class=\"fusion-toggle-icon-wrapper\" aria-hidden=\"true\"><i class=\"fa-fusion-box active-icon awb-icon-minus\" aria-hidden=\"true\"><\/i><i class=\"fa-fusion-box inactive-icon awb-icon-plus\" aria-hidden=\"true\"><\/i><\/span><span class=\"fusion-toggle-heading\">Plano e balan\u00e7o de fertiliza\u00e7\u00e3o<\/span><\/a><\/h2><\/div><div id=\"cc040a412642c0fb8\" class=\"panel-collapse collapse \" araia-labelledby=\"toggle_cc040a412642c0fb8\"><div class=\"panel-body toggle-content fusion-clearfix\">\n<p>Cada cultura tem as suas necessidades nutritivas pr\u00f3prias, sendo mais ou menos exigente num ou noutro nutriente, retirando do solo quantidades diferentes de cada elemento, consoante o n\u00edvel e a finalidade da produ\u00e7\u00e3o.<br \/>\nDado o comportamento do azoto no solo, e a facilidade com que se perde nas \u00e1guas de escorrimento e percola\u00e7\u00e3o, sobretudo na forma de nitrato, ter\u00e1 que ser realizada uma gest\u00e3o correta dos fertilizantes.<\/p>\n<p>&nbsp;<img decoding=\"async\" src=\"https:\/\/www.drapc.gov.pt\/servicos\/desenvolvimento\/files\/zv02.jpg\" alt=\"Ilustra\u00e7\u00e3o de um ambiente agr\u00edcola\" \/>&nbsp;<\/p>\n<p>Para p\u00f4r em pr\u00e1tica o plano de fertiliza\u00e7\u00e3o, o Sr. Agricultor ter\u00e1 de:<\/p>\n<ul>\n<li>Efectuar&nbsp;<span class=\"u\">an\u00e1lises de solo e a an\u00e1lise foliar<\/span>&nbsp;(esta quando necess\u00e1ria), quanto ao teor de nutrientes, nomeadamente em nitratos, dever\u00e3o ser efectuadas anualmente \u00e0s culturas hort\u00edcolas ao ar livre, bienalmente \u00e0s culturas em estufa e quadrienalmente \u00e0s restantes culturas. Antes de qualquer cultura realizar uma an\u00e1lise ao solo. Tamb\u00e9m quadrienalmente deve efectuar&nbsp;<span class=\"u\">an\u00e1lises \u00e0 \u00e1gua de rega<\/span>&nbsp;quanto ao teor de nitratos.<\/li>\n<li>Recorrer a laborat\u00f3rios especializados que, em fun\u00e7\u00e3o da an\u00e1lise da terra, da \u00e1gua e ou da an\u00e1lise foliar, recomendar\u00e3o a fertiliza\u00e7\u00e3o mais adequada, incluindo a quantidade e forma de azoto a aplicar e a \u00e9poca e t\u00e9cnica de aplica\u00e7\u00e3o, tendo sempre em conta as quantidades m\u00e1ximas permitidas. Os boletins de an\u00e1lise e respectivos pareceres t\u00e9cnicos devem acompanhar a ficha de registo de fertiliza\u00e7\u00e3o.<\/li>\n<li>No c\u00e1lculo da quantidade de azoto a aplicar a qualquer cultura \u00e9 obrigat\u00f3rio entrar a quantidade veiculada na \u00e1gua de rega, nos fertilizantes org\u00e2nicos (estrumes, chorumes, lamas, etc.) e nos adubos.<\/li>\n<li>Em todas as explora\u00e7\u00f5es com mais de 2 hectares de SAU, ou com mais de 0,5 hectares de culturas horto-flor\u00edcolas, os agricultores s\u00e3o obrigados a manter um registo actualizado das fertiliza\u00e7\u00f5es por parcela ou grupos de parcelas homog\u00e9neas, preenchendo para o efeito a ficha constante deste caderno de campo.<\/li>\n<li>Exceptuam-se destes procedimentos a cultura ou culturas que ocupem, na explora\u00e7\u00e3o, uma \u00e1rea inferior a 1 hectares da SAU e ou inferior a 0,5 hectares. Para estas culturas, o registo das fertiliza\u00e7\u00f5es referir-se-\u00e1 ou \u00e0 cultura que ocupe maior \u00e1rea ou \u00e0 mais exigente em fertiliza\u00e7\u00e3o azotada no caso das culturas ocuparem \u00e1reas id\u00eanticas.<\/li>\n<\/ul>\n<div class=\"wp-block-image\"><img decoding=\"async\" class=\"wpa-warning wpa-image-missing-alt aligncenter wp-image-70946 size-thumbnail\" src=\"https:\/\/www.ccdrc.pt\/wp-content\/uploads\/2025\/02\/quantidadeazotototal-891x3000.png\" alt=\"\" width=\"891\" height=\"3000\" data-warning=\"Missing alt text\" \/><\/div>\n<\/div><\/div><\/div><\/div><\/div><div class=\"accordian fusion-accordian\" style=\"--awb-border-size:1px;--awb-icon-size:16px;--awb-content-font-size:var(--awb-typography4-font-size);--awb-icon-alignment:left;--awb-hover-color:var(--awb-color2);--awb-border-color:var(--awb-color3);--awb-background-color:var(--awb-color1);--awb-divider-color:var(--awb-color3);--awb-divider-hover-color:var(--awb-color3);--awb-icon-color:#155e87;--awb-title-color:var(--awb-color8);--awb-content-color:var(--awb-color8);--awb-icon-box-color:var(--awb-color8);--awb-toggle-hover-accent-color:var(--awb-color5);--awb-title-font-family:var(--awb-typography1-font-family);--awb-title-font-weight:var(--awb-typography1-font-weight);--awb-title-font-style:var(--awb-typography1-font-style);--awb-title-font-size:16px;--awb-content-font-family:var(--awb-typography4-font-family);--awb-content-font-weight:var(--awb-typography4-font-weight);--awb-content-font-style:var(--awb-typography4-font-style);\"><div class=\"panel-group fusion-toggle-icon-unboxed\" id=\"accordion-70903-3\"><div class=\"fusion-panel panel-default panel-5b01503e2ec9db6f6 fusion-toggle-has-divider\" style=\"--awb-title-color:var(--awb-color8);\"><div class=\"panel-heading\"><h2 class=\"panel-title toggle\" id=\"toggle_5b01503e2ec9db6f6\"><a aria-expanded=\"false\" aria-controls=\"5b01503e2ec9db6f6\" role=\"button\" data-toggle=\"collapse\" data-target=\"#5b01503e2ec9db6f6\" href=\"#5b01503e2ec9db6f6\"><span class=\"fusion-toggle-icon-wrapper\" aria-hidden=\"true\"><i class=\"fa-fusion-box active-icon awb-icon-minus\" aria-hidden=\"true\"><\/i><i class=\"fa-fusion-box inactive-icon awb-icon-plus\" aria-hidden=\"true\"><\/i><\/span><span class=\"fusion-toggle-heading\">Gest\u00e3o de Rega<\/span><\/a><\/h2><\/div><div id=\"5b01503e2ec9db6f6\" class=\"panel-collapse collapse \" araia-labelledby=\"toggle_5b01503e2ec9db6f6\"><div class=\"panel-body toggle-content fusion-clearfix\">\n<p>Para um bom aproveitamento da \u00e1gua, a rega deve ser ajustada \u00e0s necessidades da cultura, de forma a minimizar as perdas por evapora\u00e7\u00e3o, por escorrimento superficial ou por infiltra\u00e7\u00e3o profunda, devendo-se evitar os estados extremos de humidade (d\u00e9fice ou encharcamento), podendo resultar em preju\u00edzo das plantas. A \u00e1gua \u00e9 o principal factor limitante para a produtividade das culturas.<\/p>\n<p>&nbsp;<img decoding=\"async\" src=\"https:\/\/www.drapc.gov.pt\/servicos\/desenvolvimento\/files\/zv05.jpg\" alt=\"Saber quando e quanto regar\" \/>&nbsp;<\/p>\n<p>Os nitratos (NO<sub>3<\/sub>-), s\u00e3o uma preocupa\u00e7\u00e3o agro-ambiental porque n\u00e3o ficam retidos \u00e0s part\u00edculas do solo. Contudo, s\u00f3 se movimentam no solo se houver \u00e1gua para os arrastar e se estiverem presentes em grandes quantidades no solo.<\/p>\n<p>Uma deficiente gest\u00e3o da rega pode aumentar os riscos de ocorr\u00eancia de polui\u00e7\u00e3o das \u00e1guas por nitratos, sobretudo quando s\u00e3o aplicadas quantidades excessivas de fertilizantes, ou ainda, pela mineraliza\u00e7\u00e3o da mat\u00e9ria org\u00e2nica existente no solo.<\/p>\n<p>Um sistema de rega mal dimensionado e funcionando a press\u00f5es inadequadas, provoca uma m\u00e1 distribui\u00e7\u00e3o da \u00e1gua no terreno, o que tornar\u00e1 pouco eficaz o aproveitamento do azoto pela cultura, facilitando a lixivia\u00e7\u00e3o dos nitratos.<\/p>\n<p>Quando se aplicam fertilizantes em cobertura nas culturas de Primavera\/Ver\u00e3o, poder\u00e3o ser necess\u00e1rias regas com pequenas dota\u00e7\u00f5es de \u00e1gua para garantir a humidade necess\u00e1ria \u00e0 absor\u00e7\u00e3o do azoto (NH<sub>4<\/sub>+ e NO<sub>3<\/sub>-).<\/p>\n<p>Se o azoto aplicado for eficientemente absorvido pela cultura, reduz-se muito o risco de contamina\u00e7\u00e3o dos len\u00e7\u00f3is fre\u00e1ticos e dos cursos de \u00e1gua.<\/p>\n<p>Nas \u00e1reas identificadas como de levada infiltra\u00e7\u00e3o (taxa de infiltra\u00e7\u00e3o b\u00e1sica superior a 4 cm\/h) \u00e9 exigida uma maior reparti\u00e7\u00e3o dos fertilizantes azotados durante o ciclo cultural e impedido o uso de m\u00e9todos de rega por alagamento.<\/p>\n<p>\u00c9 obrigat\u00f3rio o revestimento dos canais de rega ou o uso de tubagem estanque para evitar perdas de \u00e1gua durante o transporte.<\/p>\n<\/div><\/div><\/div><\/div><\/div><div class=\"accordian fusion-accordian\" style=\"--awb-border-size:1px;--awb-icon-size:16px;--awb-content-font-size:var(--awb-typography4-font-size);--awb-icon-alignment:left;--awb-hover-color:var(--awb-color2);--awb-border-color:var(--awb-color3);--awb-background-color:var(--awb-color1);--awb-divider-color:var(--awb-color3);--awb-divider-hover-color:var(--awb-color3);--awb-icon-color:#155e87;--awb-title-color:var(--awb-color8);--awb-content-color:var(--awb-color8);--awb-icon-box-color:var(--awb-color8);--awb-toggle-hover-accent-color:var(--awb-color5);--awb-title-font-family:var(--awb-typography1-font-family);--awb-title-font-weight:var(--awb-typography1-font-weight);--awb-title-font-style:var(--awb-typography1-font-style);--awb-title-font-size:16px;--awb-content-font-family:var(--awb-typography4-font-family);--awb-content-font-weight:var(--awb-typography4-font-weight);--awb-content-font-style:var(--awb-typography4-font-style);\"><div class=\"panel-group fusion-toggle-icon-unboxed\" id=\"accordion-70903-4\"><div class=\"fusion-panel panel-default panel-95a58c09f62d80df5 fusion-toggle-has-divider\" style=\"--awb-title-color:var(--awb-color8);\"><div class=\"panel-heading\"><h2 class=\"panel-title toggle\" id=\"toggle_95a58c09f62d80df5\"><a aria-expanded=\"false\" aria-controls=\"95a58c09f62d80df5\" role=\"button\" data-toggle=\"collapse\" data-target=\"#95a58c09f62d80df5\" href=\"#95a58c09f62d80df5\"><span class=\"fusion-toggle-icon-wrapper\" aria-hidden=\"true\"><i class=\"fa-fusion-box active-icon awb-icon-minus\" aria-hidden=\"true\"><\/i><i class=\"fa-fusion-box inactive-icon awb-icon-plus\" aria-hidden=\"true\"><\/i><\/span><span class=\"fusion-toggle-heading\">Zonas Vulner\u00e1veis designadas<\/span><\/a><\/h2><\/div><div id=\"95a58c09f62d80df5\" class=\"panel-collapse collapse \" araia-labelledby=\"toggle_95a58c09f62d80df5\"><div class=\"panel-body toggle-content fusion-clearfix\">\n<p>Na Regi\u00e3o Agr\u00e1ria da Dire\u00e7\u00e3o Regional de Agricultura e Pescas do Centro estavam designadas duas zonas vulner\u00e1veis:<\/p>\n<ul>\n<li><span class=\"u\">Zona vulner\u00e1vel n.\u00ba 2 do aqu\u00edfero quatern\u00e1rio de Aveiro<\/span>, criada pela Portaria n.\u00ba 1100\/2004, de 3 de Setembro, com uma \u00e1rea de 4.527,89 ha;<\/li>\n<li><span class=\"u\">Zona vulner\u00e1vel n.\u00ba 4 de Mira, Vagos e Cantanhede<\/span>&nbsp;criada pela Portaria n.\u00ba 1100\/2004, de 3 de Setembro, com uma \u00e1rea de 2.402,89 ha.<\/li>\n<\/ul>\n<p><img decoding=\"async\" src=\"https:\/\/www.drapc.gov.pt\/servicos\/desenvolvimento\/files\/zv06.jpg\" alt=\"Mapa das zonas vulner\u00e1veis de Aveiro\" \/><\/p>\n<p>Para estas zonas foi estabelecido um Plano de A\u00e7\u00e3o atrav\u00e9s das Portarias n.\u00ba 557\/2003, de 14 de Julho e n.\u00ba 617\/2003, de 22 de Julho, respectivamente.<br \/>\nNo m\u00eas de Fevereiro de 2010, os Planos de A\u00e7\u00e3o para estas zonas foram alterados pela Portaria n.\u00ba 83\/2010, de 10 de Fevereiro.<br \/>\nNo m\u00eas de Mar\u00e7o de 2010, atrav\u00e9s da Portaria n.\u00ba 164\/2010 de 16 de Mar\u00e7o, s\u00e3o designadas as novas\/reformuladas zonas vulner\u00e1veis Nacionais.<\/p>\n<p>Sendo ent\u00e3o criadas as zonas:<\/p>\n<ul>\n<li><a href=\"https:\/\/www.ccdrc.pt\/wp-content\/uploads\/2025\/02\/zv_2.pdf\">Zona Vulner\u00e1vel n.\u00ba 2 Estarreja\u2013Murtosa<\/a>, com uma \u00e1rea de 8.138 ha.<\/li>\n<li><a href=\"https:\/\/www.ccdrc.pt\/wp-content\/uploads\/2025\/02\/zv_3.7z\">Zona Vulner\u00e1vel n.\u00ba 3 Litoral Centro<\/a>, com uma \u00e1rea de 23.646,88 ha.<\/li>\n<\/ul>\n<p><img decoding=\"async\" src=\"https:\/\/www.drapc.gov.pt\/servicos\/desenvolvimento\/files\/zv07.jpg\" alt=\"Zonas vulner\u00e1veis de Portugal\" \/>&nbsp;<\/p>\n<p>A portaria n.\u00ba 259\/12, de 28 de agosto, veio estabelecer um Programa de A\u00e7\u00e3o para as Zonas Vulner\u00e1veis em Portugal Continental.<\/p>\n<div class=\"wp-block-image\"><img decoding=\"async\" class=\"wpa-warning wpa-image-missing-alt alignnone wp-image-70948 size-full\" src=\"https:\/\/www.ccdrc.pt\/wp-content\/uploads\/2025\/02\/carateristicas.png\" alt=\"\" width=\"897\" height=\"1551\" data-warning=\"Missing alt text\" srcset=\"https:\/\/www.ccdrc.pt\/wp-content\/uploads\/2025\/02\/carateristicas-7x12.png 7w, https:\/\/www.ccdrc.pt\/wp-content\/uploads\/2025\/02\/carateristicas-200x346.png 200w, https:\/\/www.ccdrc.pt\/wp-content\/uploads\/2025\/02\/carateristicas-400x692.png 400w, https:\/\/www.ccdrc.pt\/wp-content\/uploads\/2025\/02\/carateristicas-500x865.png 500w, https:\/\/www.ccdrc.pt\/wp-content\/uploads\/2025\/02\/carateristicas-600x1037.png 600w, https:\/\/www.ccdrc.pt\/wp-content\/uploads\/2025\/02\/carateristicas-700x1210.png 700w, https:\/\/www.ccdrc.pt\/wp-content\/uploads\/2025\/02\/carateristicas-768x1328.png 768w, https:\/\/www.ccdrc.pt\/wp-content\/uploads\/2025\/02\/carateristicas-800x1383.png 800w, https:\/\/www.ccdrc.pt\/wp-content\/uploads\/2025\/02\/carateristicas-888x1536.png 888w, https:\/\/www.ccdrc.pt\/wp-content\/uploads\/2025\/02\/carateristicas.png 897w\" sizes=\"(max-width: 897px) 100vw, 897px\" \/><\/div>\n<\/div><\/div><\/div><\/div><\/div><div class=\"accordian fusion-accordian\" style=\"--awb-border-size:1px;--awb-icon-size:16px;--awb-content-font-size:var(--awb-typography4-font-size);--awb-icon-alignment:left;--awb-hover-color:var(--awb-color2);--awb-border-color:var(--awb-color3);--awb-background-color:var(--awb-color1);--awb-divider-color:var(--awb-color3);--awb-divider-hover-color:var(--awb-color3);--awb-icon-color:#155e87;--awb-title-color:var(--awb-color8);--awb-content-color:var(--awb-color8);--awb-icon-box-color:var(--awb-color8);--awb-toggle-hover-accent-color:#000000;--awb-toggle-active-accent-color:#000000;--awb-title-font-family:var(--awb-typography1-font-family);--awb-title-font-weight:var(--awb-typography1-font-weight);--awb-title-font-style:var(--awb-typography1-font-style);--awb-title-font-size:16px;--awb-content-font-family:var(--awb-typography4-font-family);--awb-content-font-weight:var(--awb-typography4-font-weight);--awb-content-font-style:var(--awb-typography4-font-style);\"><div class=\"panel-group fusion-toggle-icon-unboxed\" id=\"accordion-70903-5\"><div class=\"fusion-panel panel-default panel-86c89f8e57e2b5802 fusion-toggle-has-divider\" style=\"--awb-title-color:var(--awb-color8);\"><div class=\"panel-heading\"><h2 class=\"panel-title toggle\" id=\"toggle_86c89f8e57e2b5802\"><a aria-expanded=\"false\" aria-controls=\"86c89f8e57e2b5802\" role=\"button\" data-toggle=\"collapse\" data-target=\"#86c89f8e57e2b5802\" href=\"#86c89f8e57e2b5802\"><span class=\"fusion-toggle-icon-wrapper\" aria-hidden=\"true\"><i class=\"fa-fusion-box active-icon awb-icon-minus\" aria-hidden=\"true\"><\/i><i class=\"fa-fusion-box inactive-icon awb-icon-plus\" aria-hidden=\"true\"><\/i><\/span><span class=\"fusion-toggle-heading\">Legisla\u00e7\u00e3o<\/span><\/a><\/h2><\/div><div id=\"86c89f8e57e2b5802\" class=\"panel-collapse collapse \" araia-labelledby=\"toggle_86c89f8e57e2b5802\"><div class=\"panel-body toggle-content fusion-clearfix\">\n<div class=\"wp-block-image\"><img decoding=\"async\" class=\"wpa-warning wpa-image-missing-alt aligncenter wp-image-70950 size-full\" src=\"https:\/\/www.ccdrc.pt\/wp-content\/uploads\/2025\/02\/legislacao.png\" alt=\"\" width=\"868\" height=\"1398\" data-warning=\"Missing alt text\" srcset=\"https:\/\/www.ccdrc.pt\/wp-content\/uploads\/2025\/02\/legislacao-7x12.png 7w, https:\/\/www.ccdrc.pt\/wp-content\/uploads\/2025\/02\/legislacao-200x322.png 200w, https:\/\/www.ccdrc.pt\/wp-content\/uploads\/2025\/02\/legislacao-400x644.png 400w, https:\/\/www.ccdrc.pt\/wp-content\/uploads\/2025\/02\/legislacao-500x805.png 500w, https:\/\/www.ccdrc.pt\/wp-content\/uploads\/2025\/02\/legislacao-600x966.png 600w, https:\/\/www.ccdrc.pt\/wp-content\/uploads\/2025\/02\/legislacao-700x1127.png 700w, https:\/\/www.ccdrc.pt\/wp-content\/uploads\/2025\/02\/legislacao-768x1237.png 768w, https:\/\/www.ccdrc.pt\/wp-content\/uploads\/2025\/02\/legislacao-800x1288.png 800w, https:\/\/www.ccdrc.pt\/wp-content\/uploads\/2025\/02\/legislacao.png 868w\" sizes=\"(max-width: 868px) 100vw, 868px\" \/><\/div>\n<p><strong>Documentos legislativos para consulta<\/strong><\/p>\n<ul>\n<li><a href=\"https:\/\/www.ccdrc.pt\/wp-content\/uploads\/2025\/02\/directiva_676_91_cee.pdf\">Directiva n.\u00ba 91\/676\/CEE&nbsp;do Conselho<\/a>, de 12 de Dezembro<\/li>\n<li><a href=\"https:\/\/www.ccdrc.pt\/wp-content\/uploads\/2025\/02\/decreto_lei_235_97.pdf\">Decreto-Lei n.\u00ba 235\/97<\/a>, de 3 de Setembro<\/li>\n<li><a href=\"https:\/\/www.ccdrc.pt\/wp-content\/uploads\/2025\/02\/decreto_lei_68_99.pdf\">Decreto-Lei n.\u00ba 68\/99<\/a>, de 11 de Mar\u00e7o<\/li>\n<li><a href=\"https:\/\/www.ccdrc.pt\/wp-content\/uploads\/2025\/02\/portaria_1366_2007.pdf\">Portaria n.\u00ba 1366\/2007<\/a>, de 18 de Outubro<\/li>\n<li><a href=\"https:\/\/www.ccdrc.pt\/wp-content\/uploads\/2025\/02\/portaria_83_2010.pdf\">Portaria n.\u00ba 83\/2010<\/a>, de 10 de Fevereiro<\/li>\n<li><a href=\"https:\/\/www.ccdrc.pt\/wp-content\/uploads\/2025\/02\/portaria_259_2012.pdf\">Portaria n.\u00ba 259\/2012<\/a>, de 28 de Agosto<\/li>\n<li><a href=\"https:\/\/www.ccdrc.pt\/wp-content\/uploads\/2025\/02\/codigo_boas_praticas_agricolas.pdf\">C\u00f3digo de Boas Pr\u00e1ticas Agr\u00edcolas<\/a><\/li>\n<\/ul>\n<\/div><\/div><\/div><\/div><\/div><div class=\"accordian fusion-accordian\" style=\"--awb-border-size:1px;--awb-icon-size:16px;--awb-content-font-size:var(--awb-typography4-font-size);--awb-icon-alignment:left;--awb-hover-color:var(--awb-color2);--awb-border-color:var(--awb-color3);--awb-background-color:var(--awb-color1);--awb-divider-color:var(--awb-color3);--awb-divider-hover-color:var(--awb-color3);--awb-icon-color:#155e87;--awb-title-color:var(--awb-color8);--awb-content-color:var(--awb-color8);--awb-icon-box-color:var(--awb-color8);--awb-toggle-hover-accent-color:#000000;--awb-toggle-active-accent-color:#000000;--awb-title-font-family:var(--awb-typography1-font-family);--awb-title-font-weight:var(--awb-typography1-font-weight);--awb-title-font-style:var(--awb-typography1-font-style);--awb-title-font-size:16px;--awb-content-font-family:var(--awb-typography4-font-family);--awb-content-font-weight:var(--awb-typography4-font-weight);--awb-content-font-style:var(--awb-typography4-font-style);\"><div class=\"panel-group fusion-toggle-icon-unboxed\" id=\"accordion-70903-6\"><div class=\"fusion-panel panel-default panel-02834f29dde1293f4 fusion-toggle-has-divider\" style=\"--awb-title-color:var(--awb-color8);\"><div class=\"panel-heading\"><h2 class=\"panel-title toggle\" id=\"toggle_02834f29dde1293f4\"><a aria-expanded=\"false\" aria-controls=\"02834f29dde1293f4\" role=\"button\" data-toggle=\"collapse\" data-target=\"#02834f29dde1293f4\" href=\"#02834f29dde1293f4\"><span class=\"fusion-toggle-icon-wrapper\" aria-hidden=\"true\"><i class=\"fa-fusion-box active-icon awb-icon-minus\" aria-hidden=\"true\"><\/i><i class=\"fa-fusion-box inactive-icon awb-icon-plus\" aria-hidden=\"true\"><\/i><\/span><span class=\"fusion-toggle-heading\">Atua\u00e7\u00e3o da CCDRC, IP nas Zonas Vulner\u00e1veis<\/span><\/a><\/h2><\/div><div id=\"02834f29dde1293f4\" class=\"panel-collapse collapse \" araia-labelledby=\"toggle_02834f29dde1293f4\"><div class=\"panel-body toggle-content fusion-clearfix\">\n<p><strong>Acompanhamento dos programas de a\u00e7\u00e3o das zonas vulner\u00e1veis de Aveiro e Mira<\/strong><\/p>\n<p class=\"stitle\">Dezembro 2010<\/p>\n<p>A CCDRC, IP tem vindo a desenvolver junto dos agricultores um apoio t\u00e9cnico por explora\u00e7\u00e3o agr\u00edcola, visando orientar os agricultores na melhor tomada de decis\u00e3o especialmente no c\u00e1lculo das aduba\u00e7\u00f5es efectuadas.<\/p>\n<p>Para esse facto desenvolveu um cronograma de actividades anuais, que todos os anos t\u00eam vindo a aumentar o n\u00famero de agricultores e \u00e1rea agr\u00edcola acompanhados.<\/p>\n<p>A recente publica\u00e7\u00e3o do Decreto-Lei n.\u00ba 83\/2010, de 10 de Fevereiro, com a publica\u00e7\u00e3o do novo Programa de A\u00e7\u00e3o para as Zonas Vulner\u00e1veis, e a publica\u00e7\u00e3o da Portaria n.\u00ba 164\/2010, de 16 de Mar\u00e7o, onde \u00e9 revogada as delimita\u00e7\u00f5es das zonas vulner\u00e1veis j\u00e1 existentes e delimita\u00e7\u00e3o de novas zonas vulner\u00e1veis, orientou a din\u00e2mica do grupo de trabalho para a execu\u00e7\u00e3o de uma nova estrat\u00e9gia de actua\u00e7\u00e3o.<\/p>\n<div class=\"wp-block-image\"><img decoding=\"async\" class=\"wpa-warning wpa-image-missing-alt aligncenter wp-image-70953 size-full\" src=\"https:\/\/www.ccdrc.pt\/wp-content\/uploads\/2025\/02\/quadr1.png\" alt=\"\" width=\"877\" height=\"257\" data-warning=\"Missing alt text\" srcset=\"https:\/\/www.ccdrc.pt\/wp-content\/uploads\/2025\/02\/quadr1-18x5.png 18w, https:\/\/www.ccdrc.pt\/wp-content\/uploads\/2025\/02\/quadr1-200x59.png 200w, https:\/\/www.ccdrc.pt\/wp-content\/uploads\/2025\/02\/quadr1-400x117.png 400w, https:\/\/www.ccdrc.pt\/wp-content\/uploads\/2025\/02\/quadr1-500x147.png 500w, https:\/\/www.ccdrc.pt\/wp-content\/uploads\/2025\/02\/quadr1-600x176.png 600w, https:\/\/www.ccdrc.pt\/wp-content\/uploads\/2025\/02\/quadr1-700x205.png 700w, https:\/\/www.ccdrc.pt\/wp-content\/uploads\/2025\/02\/quadr1-768x225.png 768w, https:\/\/www.ccdrc.pt\/wp-content\/uploads\/2025\/02\/quadr1-800x234.png 800w, https:\/\/www.ccdrc.pt\/wp-content\/uploads\/2025\/02\/quadr1.png 877w\" sizes=\"(max-width: 877px) 100vw, 877px\" \/><\/div>\n<p>Este ano de 2010 foi poss\u00edvel manterem e caracterizarem-se 39 explora\u00e7\u00f5es agr\u00edcolas (apesar de 3 explora\u00e7\u00f5es caracterizadas no ano 2008, este ano n\u00e3o integraram esta amostra) que no seu conjunto totalizam uma \u00e1rea de 548,26 ha, a acompanhar pela CCDRC, IP ainda que, nesta fase de implementa\u00e7\u00e3o dos programas de a\u00e7\u00e3o, objectivamente dirigidos \u00e0 monitoriza\u00e7\u00e3o apenas de uma \u00fanica parcela de cada explora\u00e7\u00e3o para os novos agricultores aderentes, e dirigidos a totalidade, ou quase, da explora\u00e7\u00e3o agr\u00edcola.<\/p>\n<div class=\"wp-block-image\"><img decoding=\"async\" class=\"wpa-warning wpa-image-missing-alt aligncenter wp-image-70954 size-full\" src=\"https:\/\/www.ccdrc.pt\/wp-content\/uploads\/2025\/02\/quadr2_3.png\" alt=\"\" width=\"876\" height=\"422\" data-warning=\"Missing alt text\" srcset=\"https:\/\/www.ccdrc.pt\/wp-content\/uploads\/2025\/02\/quadr2_3-18x9.png 18w, https:\/\/www.ccdrc.pt\/wp-content\/uploads\/2025\/02\/quadr2_3-200x96.png 200w, https:\/\/www.ccdrc.pt\/wp-content\/uploads\/2025\/02\/quadr2_3-400x193.png 400w, https:\/\/www.ccdrc.pt\/wp-content\/uploads\/2025\/02\/quadr2_3-500x241.png 500w, https:\/\/www.ccdrc.pt\/wp-content\/uploads\/2025\/02\/quadr2_3-600x289.png 600w, https:\/\/www.ccdrc.pt\/wp-content\/uploads\/2025\/02\/quadr2_3-700x337.png 700w, https:\/\/www.ccdrc.pt\/wp-content\/uploads\/2025\/02\/quadr2_3-768x370.png 768w, https:\/\/www.ccdrc.pt\/wp-content\/uploads\/2025\/02\/quadr2_3-800x385.png 800w, https:\/\/www.ccdrc.pt\/wp-content\/uploads\/2025\/02\/quadr2_3.png 876w\" sizes=\"(max-width: 876px) 100vw, 876px\" \/><\/div>\n<p>Este ano foram recolhidas e analisadas 22 amostras de terra. No entanto muitas explora\u00e7\u00f5es que se encontram na amostra acompanhada pela CCDRC, IP, com as novas regras n\u00e3o t\u00eam obrigatoriedade de fazer an\u00e1lises todos os anos, e como as tinham realizado no ano de 2009, este ano n\u00e3o houve necessidade de as repetir.<\/p>\n<div class=\"wp-block-image\"><img decoding=\"async\" class=\"wpa-warning wpa-image-missing-alt alignnone size-full wp-image-70955\" src=\"https:\/\/www.ccdrc.pt\/wp-content\/uploads\/2025\/02\/quadr4.png\" alt=\"\" width=\"877\" height=\"372\" data-warning=\"Missing alt text\" srcset=\"https:\/\/www.ccdrc.pt\/wp-content\/uploads\/2025\/02\/quadr4-18x8.png 18w, https:\/\/www.ccdrc.pt\/wp-content\/uploads\/2025\/02\/quadr4-200x85.png 200w, https:\/\/www.ccdrc.pt\/wp-content\/uploads\/2025\/02\/quadr4-400x170.png 400w, https:\/\/www.ccdrc.pt\/wp-content\/uploads\/2025\/02\/quadr4-500x212.png 500w, https:\/\/www.ccdrc.pt\/wp-content\/uploads\/2025\/02\/quadr4-600x255.png 600w, https:\/\/www.ccdrc.pt\/wp-content\/uploads\/2025\/02\/quadr4-700x297.png 700w, https:\/\/www.ccdrc.pt\/wp-content\/uploads\/2025\/02\/quadr4-768x326.png 768w, https:\/\/www.ccdrc.pt\/wp-content\/uploads\/2025\/02\/quadr4-800x339.png 800w, https:\/\/www.ccdrc.pt\/wp-content\/uploads\/2025\/02\/quadr4.png 877w\" sizes=\"(max-width: 877px) 100vw, 877px\" \/><\/div>\n<p>Pode-se ainda verificar que 86,41% das amostras de terra analisadas se encontram abaixo dos 100 mg NO3 \/Kg.<\/p>\n<p>Apesar de existir obrigatoriedade de an\u00e1lise de \u00e1gua de rega quadrienalmente, nas zonas vulner\u00e1veis da CCDRC, IP foram colhidas, georreferenciadas 90 amostras, e analisadas no Laborat\u00f3rio da Dire\u00e7\u00e3o Regional de Agricultura, localizado em Alcains, para assim ser poss\u00edvel obter a perspectiva de evolu\u00e7\u00e3o do teor de nitratos na \u00e1gua de rega.<\/p>\n<div class=\"wp-block-image\"><img decoding=\"async\" class=\"wpa-warning wpa-image-missing-alt alignnone size-full wp-image-70952\" src=\"https:\/\/www.ccdrc.pt\/wp-content\/uploads\/2025\/02\/graf1.png\" alt=\"\" width=\"656\" height=\"347\" data-warning=\"Missing alt text\" srcset=\"https:\/\/www.ccdrc.pt\/wp-content\/uploads\/2025\/02\/graf1-18x10.png 18w, https:\/\/www.ccdrc.pt\/wp-content\/uploads\/2025\/02\/graf1-200x106.png 200w, https:\/\/www.ccdrc.pt\/wp-content\/uploads\/2025\/02\/graf1-400x212.png 400w, https:\/\/www.ccdrc.pt\/wp-content\/uploads\/2025\/02\/graf1-500x264.png 500w, https:\/\/www.ccdrc.pt\/wp-content\/uploads\/2025\/02\/graf1-600x317.png 600w, https:\/\/www.ccdrc.pt\/wp-content\/uploads\/2025\/02\/graf1.png 656w\" sizes=\"(max-width: 656px) 100vw, 656px\" \/><\/div>\n<p>Pelos resultados obtidos foi poss\u00edvel verificar que nenhuma amostra de \u00e1gua ultrapassou o valor m\u00e1ximo recomendado (25 mg NO-3 \/l), no entanto o maior valor obtido atrav\u00e9s das analises de \u00e1gua foi de 16,9 mg NO-3 \/l.<\/p>\n<p>Foram realizadas durante os meses de Novembro e Dezembro, tr\u00eas col\u00f3quios subordinados ao tema de apresenta\u00e7\u00e3o do Programa de A\u00e7\u00e3o das Zonas Vulner\u00e1veis. Estes col\u00f3quios tiveram lugar no Bunheiro, Gafanha da Nazar\u00e9 e Mira. A ades\u00e3o por parte dos agricultores foi bastante significativa, contando com a participa\u00e7\u00e3o de 106, 18 e 63 agricultores respectivamente. Temos de real\u00e7ar que estes col\u00f3quios j\u00e1 abrangeram os agricultores localizados na Zona vulner\u00e1vel n.\u00ba 2 &#8211; Estarreja-Murtosa e Zona Vulner\u00e1vel n.\u00ba 3 &#8211; Litoral Centro e contaram com o apoio de institui\u00e7\u00f5es e empresas ligadas ao sector, nomeadamente a Cooperativa Agr\u00edcola de Estarreja, Proleite, Junta de Freguesia do Bunheiro, Lacticoop, Calcob e Cooperativa Agr\u00edcola da Tocha.<\/p>\n<p>Tamb\u00e9m existiu um contributo da equipa das zonas vulner\u00e1veis na georreferencia\u00e7\u00e3o das explora\u00e7\u00f5es acompanhadas.<\/p>\n<\/div><\/div><\/div><\/div><\/div><div class=\"accordian fusion-accordian\" style=\"--awb-border-size:1px;--awb-icon-size:16px;--awb-content-font-size:var(--awb-typography4-font-size);--awb-icon-alignment:left;--awb-hover-color:var(--awb-color2);--awb-border-color:var(--awb-color3);--awb-background-color:var(--awb-color1);--awb-divider-color:var(--awb-color3);--awb-divider-hover-color:var(--awb-color3);--awb-icon-color:#155e87;--awb-title-color:var(--awb-color8);--awb-content-color:var(--awb-color8);--awb-icon-box-color:var(--awb-color8);--awb-toggle-hover-accent-color:#000000;--awb-toggle-active-accent-color:#000000;--awb-title-font-family:var(--awb-typography1-font-family);--awb-title-font-weight:var(--awb-typography1-font-weight);--awb-title-font-style:var(--awb-typography1-font-style);--awb-title-font-size:16px;--awb-content-font-family:var(--awb-typography4-font-family);--awb-content-font-weight:var(--awb-typography4-font-weight);--awb-content-font-style:var(--awb-typography4-font-style);\"><div class=\"panel-group fusion-toggle-icon-unboxed\" id=\"accordion-70903-7\"><div class=\"fusion-panel panel-default panel-cc6bdea67f5f7a6ea fusion-toggle-has-divider\" style=\"--awb-title-color:var(--awb-color8);\"><div class=\"panel-heading\"><h2 class=\"panel-title toggle\" id=\"toggle_cc6bdea67f5f7a6ea\"><a aria-expanded=\"false\" aria-controls=\"cc6bdea67f5f7a6ea\" role=\"button\" data-toggle=\"collapse\" data-target=\"#cc6bdea67f5f7a6ea\" href=\"#cc6bdea67f5f7a6ea\"><span class=\"fusion-toggle-icon-wrapper\" aria-hidden=\"true\"><i class=\"fa-fusion-box active-icon awb-icon-minus\" aria-hidden=\"true\"><\/i><i class=\"fa-fusion-box inactive-icon awb-icon-plus\" aria-hidden=\"true\"><\/i><\/span><span class=\"fusion-toggle-heading\">Mais informa\u00e7\u00e3o<\/span><\/a><\/h2><\/div><div id=\"cc6bdea67f5f7a6ea\" class=\"panel-collapse collapse \" araia-labelledby=\"toggle_cc6bdea67f5f7a6ea\"><div class=\"panel-body toggle-content fusion-clearfix\">\n<ul>\n<li><a href=\"https:\/\/www.ccdrc.pt\/wp-content\/uploads\/2025\/02\/manual_boas_praticas_zonas_vulneraveis.pdf\">Manual de Boas Pr\u00e1ticas para a Implementa\u00e7\u00e3o do Programa de A\u00e7\u00e3o em Zonas Vulner\u00e1veis de Portugal Continental&nbsp;<\/a>&#8211; edi\u00e7\u00e3o de 2021\/DGADR<\/li>\n<li><a href=\"https:\/\/www.ccdrc.pt\/wp-content\/uploads\/2025\/02\/zv_caderno_campo_drapc.pdf\">Caderno de Campo &#8211; Programa de A\u00e7\u00e3o da Zona Vulner\u00e1vel<\/a><\/li>\n<li><a href=\"https:\/\/www.ccdrc.pt\/wp-content\/uploads\/2025\/02\/folheto_boas_praticas_zv.pdf\">Folheto Boas Pr\u00e1ticas Agr\u00edcolas em Zonas Vulner\u00e1veis<\/a><\/li>\n<li><a href=\"https:\/\/www.ccdrc.pt\/wp-content\/uploads\/2025\/02\/pgep.doc\">Plano de Gest\u00e3o de Efluentes Pecu\u00e1rios<\/a><\/li>\n<li><a href=\"https:\/\/www.ccdrc.pt\/wp-content\/uploads\/2025\/02\/ficha_registo_fertilizacao.doc\">Ficha de registo de fertiliza\u00e7\u00e3o<\/a><\/li>\n<\/ul>\n<\/div><\/div><\/div><\/div><\/div><\/div><\/div><\/div><\/div><div class=\"fusion-fullwidth fullwidth-box fusion-builder-row-3 fusion-flex-container has-pattern-background has-mask-background nonhundred-percent-fullwidth non-hundred-percent-height-scrolling fusion-no-small-visibility fusion-no-medium-visibility\" style=\"--awb-border-radius-top-left:0px;--awb-border-radius-top-right:0px;--awb-border-radius-bottom-right:0px;--awb-border-radius-bottom-left:0px;--awb-margin-bottom:140px;\" id=\"to-stop-fixed-menu-desktop\" ><div class=\"fusion-builder-row fusion-row fusion-flex-align-items-flex-start\" style=\"max-width:1288px;margin-left: calc(-0% \/ 2 );margin-right: calc(-0% \/ 2 );\"><div class=\"fusion-layout-column fusion_builder_column fusion-builder-column-4 fusion_builder_column_1_1 1_1 fusion-flex-column\" style=\"--awb-bg-size:cover;--awb-width-large:100%;--awb-margin-top-large:0px;--awb-spacing-right-large:0%;--awb-margin-bottom-large:0px;--awb-spacing-left-large:0%;--awb-width-medium:100%;--awb-order-medium:0;--awb-spacing-right-medium:0%;--awb-spacing-left-medium:0%;--awb-width-small:100%;--awb-order-small:0;--awb-spacing-right-small:0%;--awb-spacing-left-small:0%;\"><div class=\"fusion-column-wrapper fusion-column-has-shadow fusion-flex-justify-content-flex-start fusion-content-layout-column\"><\/div><\/div><\/div><\/div><div class=\"fusion-fullwidth fullwidth-box fusion-builder-row-4 fusion-flex-container has-pattern-background has-mask-background have-parent-siteMap nonhundred-percent-fullwidth non-hundred-percent-height-scrolling fusion-no-large-visibility\" style=\"--awb-border-radius-top-left:0px;--awb-border-radius-top-right:0px;--awb-border-radius-bottom-right:0px;--awb-border-radius-bottom-left:0px;\" id=\"container-menu-area-noDesktop\" ><div class=\"fusion-builder-row fusion-row fusion-flex-align-items-flex-start\" style=\"max-width:1288px;margin-left: calc(-0% \/ 2 );margin-right: calc(-0% \/ 2 );\"><div class=\"fusion-layout-column fusion_builder_column fusion-builder-column-5 fusion_builder_column_1_1 1_1 fusion-flex-column container-menu-consultations\" style=\"--awb-bg-size:cover;--awb-width-large:100%;--awb-margin-top-large:0px;--awb-spacing-right-large:0%;--awb-margin-bottom-large:0px;--awb-spacing-left-large:0%;--awb-width-medium:100%;--awb-order-medium:0;--awb-spacing-right-medium:0%;--awb-spacing-left-medium:0%;--awb-width-small:100%;--awb-order-small:0;--awb-spacing-right-small:0%;--awb-spacing-left-small:0%;\"><div class=\"fusion-column-wrapper fusion-column-has-shadow fusion-flex-justify-content-flex-start fusion-content-layout-column\"><nav class=\"awb-menu awb-menu_column awb-menu_em-hover mobile-mode-collapse-to-button awb-menu_icons-left awb-menu_dc-yes mobile-trigger-fullwidth-on awb-menu_mobile-toggle awb-menu_indent-left awb-menu_mt-fullwidth mobile-size-full-absolute loading mega-menu-loading awb-menu_desktop awb-menu_dropdown awb-menu_expand-right awb-menu_transition-fade fusion-no-small-visibility fusion-no-large-visibility menu-area-tablet\" style=\"--awb-font-size:18px;--awb-line-height:30px;--awb-transition-time:100;--awb-color:#000000;--awb-active-color:#000000;--awb-submenu-font-size:18px;--awb-submenu-line-height:30px;--awb-main-justify-content:flex-start;--awb-mobile-color:#000000;--awb-trigger-padding-top:26px;--awb-trigger-padding-right:0px;--awb-trigger-padding-bottom:22px;--awb-trigger-padding-left:0px;--awb-mobile-trigger-color:#000000;--awb-mobile-trigger-background-color:#f5f5f5;--awb-mobile-justify:flex-start;--awb-mobile-caret-left:auto;--awb-mobile-caret-right:0;--awb-fusion-font-family-typography:inherit;--awb-fusion-font-style-typography:normal;--awb-fusion-font-weight-typography:400;--awb-fusion-font-family-submenu-typography:inherit;--awb-fusion-font-style-submenu-typography:normal;--awb-fusion-font-weight-submenu-typography:400;--awb-fusion-font-family-mobile-typography:inherit;--awb-fusion-font-style-mobile-typography:normal;--awb-fusion-font-weight-mobile-typography:400;\" aria-label=\"Menu\" data-breakpoint=\"1024\" data-count=\"1\" data-transition-type=\"fade\" data-transition-time=\"100\"><button type=\"button\" class=\"awb-menu__m-toggle\" aria-expanded=\"false\" aria-controls=\"menu-areas-de-atuacao-desenvolvimento-rural-agroalimentar-e-pescas-side-menu\"><span class=\"awb-menu__m-toggle-inner\"><span class=\"collapsed-nav-text\">Agricultura e Pescas<\/span><span class=\"awb-menu__m-collapse-icon\"><span class=\"awb-menu__m-collapse-icon-open fa-angle-down fas\"><\/span><span class=\"awb-menu__m-collapse-icon-close fa-times fas\"><\/span><\/span><\/span><\/button><ul id=\"menu-areas-de-atuacao-desenvolvimento-rural-agroalimentar-e-pescas-side-menu\" class=\"fusion-menu awb-menu__main-ul awb-menu__main-ul_column\"><li  id=\"menu-item-70039\"  class=\"menu-item menu-item-type-post_type menu-item-object-page menu-item-70039 awb-menu__li awb-menu__main-li awb-menu__main-li_regular\"  data-item-id=\"70039\"><span class=\"awb-menu__main-background-default awb-menu__main-background-default_fade\"><\/span><span class=\"awb-menu__main-background-active awb-menu__main-background-active_fade\"><\/span><a  href=\"https:\/\/www.ccdrc.pt\/pt\/areas-de-atuacao\/desenvolvimento-rural-agroalimentar-e-pescas\/\" class=\"awb-menu__main-a awb-menu__main-a_regular\"><span class=\"menu-text\">In\u00edcio<\/span><\/a><\/li><li  id=\"menu-item-70048\"  class=\"menu-item menu-item-type-post_type menu-item-object-page menu-item-70048 awb-menu__li awb-menu__main-li awb-menu__main-li_regular\"  data-item-id=\"70048\"><span class=\"awb-menu__main-background-default awb-menu__main-background-default_fade\"><\/span><span class=\"awb-menu__main-background-active awb-menu__main-background-active_fade\"><\/span><a  href=\"https:\/\/www.ccdrc.pt\/pt\/areas-de-atuacao\/desenvolvimento-rural-agroalimentar-e-pescas\/desenvolvimento-rural\/\" class=\"awb-menu__main-a awb-menu__main-a_regular\"><span class=\"menu-text\">Desenvolvimento Rural<\/span><\/a><\/li><li  id=\"menu-item-70083\"  class=\"menu-item menu-item-type-post_type menu-item-object-page menu-item-70083 awb-menu__li awb-menu__main-li awb-menu__main-li_regular\"  data-item-id=\"70083\"><span class=\"awb-menu__main-background-default awb-menu__main-background-default_fade\"><\/span><span class=\"awb-menu__main-background-active awb-menu__main-background-active_fade\"><\/span><a  href=\"https:\/\/www.ccdrc.pt\/pt\/areas-de-atuacao\/desenvolvimento-rural-agroalimentar-e-pescas\/licenciamento-agropecuario-e-alimentar\/\" class=\"awb-menu__main-a awb-menu__main-a_regular\"><span class=\"menu-text\">Licenciamento Agropecu\u00e1rio e Alimentar<\/span><\/a><\/li><li  id=\"menu-item-70169\"  class=\"menu-item menu-item-type-post_type menu-item-object-page menu-item-70169 awb-menu__li awb-menu__main-li awb-menu__main-li_regular\"  data-item-id=\"70169\"><span class=\"awb-menu__main-background-default awb-menu__main-background-default_fade\"><\/span><span class=\"awb-menu__main-background-active awb-menu__main-background-active_fade\"><\/span><a  href=\"https:\/\/www.ccdrc.pt\/pt\/areas-de-atuacao\/desenvolvimento-rural-agroalimentar-e-pescas\/programas-e-avaliacao-agricola\/\" class=\"awb-menu__main-a awb-menu__main-a_regular\"><span class=\"menu-text\">Programas e Avalia\u00e7\u00e3o Agr\u00edcola<\/span><\/a><\/li><li  id=\"menu-item-70215\"  class=\"menu-item menu-item-type-post_type menu-item-object-page menu-item-70215 awb-menu__li awb-menu__main-li awb-menu__main-li_regular\"  data-item-id=\"70215\"><span class=\"awb-menu__main-background-default awb-menu__main-background-default_fade\"><\/span><span class=\"awb-menu__main-background-active awb-menu__main-background-active_fade\"><\/span><a  href=\"https:\/\/www.ccdrc.pt\/pt\/areas-de-atuacao\/desenvolvimento-rural-agroalimentar-e-pescas\/politicas-e-apoios-de-mercado\/\" class=\"awb-menu__main-a awb-menu__main-a_regular\"><span class=\"menu-text\">Pol\u00edticas e Apoios de Mercado<\/span><\/a><\/li><li  id=\"menu-item-74008\"  class=\"menu-item menu-item-type-post_type menu-item-object-page menu-item-74008 awb-menu__li awb-menu__main-li awb-menu__main-li_regular\"  data-item-id=\"74008\"><span class=\"awb-menu__main-background-default awb-menu__main-background-default_fade\"><\/span><span class=\"awb-menu__main-background-active awb-menu__main-background-active_fade\"><\/span><a  href=\"https:\/\/www.ccdrc.pt\/pt\/areas-de-atuacao\/desenvolvimento-rural-agroalimentar-e-pescas\/dieta-mediterranica\/\" class=\"awb-menu__main-a awb-menu__main-a_regular\"><span class=\"menu-text\">Dieta Mediterr\u00e2nica<\/span><\/a><\/li><li  id=\"menu-item-70290\"  class=\"menu-item menu-item-type-post_type menu-item-object-page menu-item-70290 awb-menu__li awb-menu__main-li awb-menu__main-li_regular\"  data-item-id=\"70290\"><span class=\"awb-menu__main-background-default awb-menu__main-background-default_fade\"><\/span><span class=\"awb-menu__main-background-active awb-menu__main-background-active_fade\"><\/span><a  href=\"https:\/\/www.ccdrc.pt\/pt\/areas-de-atuacao\/desenvolvimento-rural-agroalimentar-e-pescas\/produtos-tradicionais-de-qualidade\/\" class=\"awb-menu__main-a awb-menu__main-a_regular\"><span class=\"menu-text\">Produtos Tradicionais de Qualidade<\/span><\/a><\/li><li  id=\"menu-item-70311\"  class=\"menu-item menu-item-type-post_type menu-item-object-page menu-item-70311 awb-menu__li awb-menu__main-li awb-menu__main-li_regular\"  data-item-id=\"70311\"><span class=\"awb-menu__main-background-default awb-menu__main-background-default_fade\"><\/span><span class=\"awb-menu__main-background-active awb-menu__main-background-active_fade\"><\/span><a  href=\"https:\/\/www.ccdrc.pt\/pt\/areas-de-atuacao\/desenvolvimento-rural-agroalimentar-e-pescas\/pescas\/\" class=\"awb-menu__main-a awb-menu__main-a_regular\"><span class=\"menu-text\">Pescas<\/span><\/a><\/li><\/ul><\/nav><nav class=\"awb-menu awb-menu_column awb-menu_em-hover mobile-mode-collapse-to-button awb-menu_icons-left awb-menu_dc-yes mobile-trigger-fullwidth-on awb-menu_mobile-toggle awb-menu_indent-left awb-menu_mt-fullwidth mobile-size-full-absolute loading mega-menu-loading awb-menu_desktop awb-menu_dropdown awb-menu_expand-right awb-menu_transition-fade fusion-no-medium-visibility fusion-no-large-visibility menu-area-mobile\" style=\"--awb-line-height:29px;--awb-transition-time:100;--awb-color:#000000;--awb-active-color:#000000;--awb-submenu-font-size:16px;--awb-submenu-line-height:20px;--awb-main-justify-content:flex-start;--awb-mobile-color:#000000;--awb-trigger-padding-top:17px;--awb-trigger-padding-right:0px;--awb-trigger-padding-bottom:17px;--awb-trigger-padding-left:0px;--awb-mobile-trigger-color:#000000;--awb-mobile-trigger-background-color:#f5f5f5;--awb-mobile-justify:flex-start;--awb-mobile-caret-left:auto;--awb-mobile-caret-right:0;--awb-fusion-font-family-typography:inherit;--awb-fusion-font-style-typography:normal;--awb-fusion-font-weight-typography:400;--awb-fusion-font-family-submenu-typography:inherit;--awb-fusion-font-style-submenu-typography:normal;--awb-fusion-font-weight-submenu-typography:400;--awb-fusion-font-family-mobile-typography:inherit;--awb-fusion-font-style-mobile-typography:normal;--awb-fusion-font-weight-mobile-typography:400;\" aria-label=\"Menu\" data-breakpoint=\"1024\" data-count=\"2\" data-transition-type=\"fade\" data-transition-time=\"100\"><button type=\"button\" class=\"awb-menu__m-toggle\" aria-expanded=\"false\" aria-controls=\"menu-areas-de-atuacao-desenvolvimento-rural-agroalimentar-e-pescas-side-menu\"><span class=\"awb-menu__m-toggle-inner\"><span class=\"collapsed-nav-text\">Monitoriza\u00e7\u00e3o e Avalia\u00e7\u00e3o da Regi\u00e3o<\/span><span class=\"awb-menu__m-collapse-icon\"><span class=\"awb-menu__m-collapse-icon-open fa-angle-down fas\"><\/span><span class=\"awb-menu__m-collapse-icon-close fa-times fas\"><\/span><\/span><\/span><\/button><ul id=\"menu-areas-de-atuacao-desenvolvimento-rural-agroalimentar-e-pescas-side-menu-1\" class=\"fusion-menu awb-menu__main-ul awb-menu__main-ul_column\"><li   class=\"menu-item menu-item-type-post_type menu-item-object-page menu-item-70039 awb-menu__li awb-menu__main-li awb-menu__main-li_regular\"  data-item-id=\"70039\"><span class=\"awb-menu__main-background-default awb-menu__main-background-default_fade\"><\/span><span class=\"awb-menu__main-background-active awb-menu__main-background-active_fade\"><\/span><a  href=\"https:\/\/www.ccdrc.pt\/pt\/areas-de-atuacao\/desenvolvimento-rural-agroalimentar-e-pescas\/\" class=\"awb-menu__main-a awb-menu__main-a_regular\"><span class=\"menu-text\">In\u00edcio<\/span><\/a><\/li><li   class=\"menu-item menu-item-type-post_type menu-item-object-page menu-item-70048 awb-menu__li awb-menu__main-li awb-menu__main-li_regular\"  data-item-id=\"70048\"><span class=\"awb-menu__main-background-default awb-menu__main-background-default_fade\"><\/span><span class=\"awb-menu__main-background-active awb-menu__main-background-active_fade\"><\/span><a  href=\"https:\/\/www.ccdrc.pt\/pt\/areas-de-atuacao\/desenvolvimento-rural-agroalimentar-e-pescas\/desenvolvimento-rural\/\" class=\"awb-menu__main-a awb-menu__main-a_regular\"><span class=\"menu-text\">Desenvolvimento Rural<\/span><\/a><\/li><li   class=\"menu-item menu-item-type-post_type menu-item-object-page menu-item-70083 awb-menu__li awb-menu__main-li awb-menu__main-li_regular\"  data-item-id=\"70083\"><span class=\"awb-menu__main-background-default awb-menu__main-background-default_fade\"><\/span><span class=\"awb-menu__main-background-active awb-menu__main-background-active_fade\"><\/span><a  href=\"https:\/\/www.ccdrc.pt\/pt\/areas-de-atuacao\/desenvolvimento-rural-agroalimentar-e-pescas\/licenciamento-agropecuario-e-alimentar\/\" class=\"awb-menu__main-a awb-menu__main-a_regular\"><span class=\"menu-text\">Licenciamento Agropecu\u00e1rio e Alimentar<\/span><\/a><\/li><li   class=\"menu-item menu-item-type-post_type menu-item-object-page menu-item-70169 awb-menu__li awb-menu__main-li awb-menu__main-li_regular\"  data-item-id=\"70169\"><span class=\"awb-menu__main-background-default awb-menu__main-background-default_fade\"><\/span><span class=\"awb-menu__main-background-active awb-menu__main-background-active_fade\"><\/span><a  href=\"https:\/\/www.ccdrc.pt\/pt\/areas-de-atuacao\/desenvolvimento-rural-agroalimentar-e-pescas\/programas-e-avaliacao-agricola\/\" class=\"awb-menu__main-a awb-menu__main-a_regular\"><span class=\"menu-text\">Programas e Avalia\u00e7\u00e3o Agr\u00edcola<\/span><\/a><\/li><li   class=\"menu-item menu-item-type-post_type menu-item-object-page menu-item-70215 awb-menu__li awb-menu__main-li awb-menu__main-li_regular\"  data-item-id=\"70215\"><span class=\"awb-menu__main-background-default awb-menu__main-background-default_fade\"><\/span><span class=\"awb-menu__main-background-active awb-menu__main-background-active_fade\"><\/span><a  href=\"https:\/\/www.ccdrc.pt\/pt\/areas-de-atuacao\/desenvolvimento-rural-agroalimentar-e-pescas\/politicas-e-apoios-de-mercado\/\" class=\"awb-menu__main-a awb-menu__main-a_regular\"><span class=\"menu-text\">Pol\u00edticas e Apoios de Mercado<\/span><\/a><\/li><li   class=\"menu-item menu-item-type-post_type menu-item-object-page menu-item-74008 awb-menu__li awb-menu__main-li awb-menu__main-li_regular\"  data-item-id=\"74008\"><span class=\"awb-menu__main-background-default awb-menu__main-background-default_fade\"><\/span><span class=\"awb-menu__main-background-active awb-menu__main-background-active_fade\"><\/span><a  href=\"https:\/\/www.ccdrc.pt\/pt\/areas-de-atuacao\/desenvolvimento-rural-agroalimentar-e-pescas\/dieta-mediterranica\/\" class=\"awb-menu__main-a awb-menu__main-a_regular\"><span class=\"menu-text\">Dieta Mediterr\u00e2nica<\/span><\/a><\/li><li   class=\"menu-item menu-item-type-post_type menu-item-object-page menu-item-70290 awb-menu__li awb-menu__main-li awb-menu__main-li_regular\"  data-item-id=\"70290\"><span class=\"awb-menu__main-background-default awb-menu__main-background-default_fade\"><\/span><span class=\"awb-menu__main-background-active awb-menu__main-background-active_fade\"><\/span><a  href=\"https:\/\/www.ccdrc.pt\/pt\/areas-de-atuacao\/desenvolvimento-rural-agroalimentar-e-pescas\/produtos-tradicionais-de-qualidade\/\" class=\"awb-menu__main-a awb-menu__main-a_regular\"><span class=\"menu-text\">Produtos Tradicionais de Qualidade<\/span><\/a><\/li><li   class=\"menu-item menu-item-type-post_type menu-item-object-page menu-item-70311 awb-menu__li awb-menu__main-li awb-menu__main-li_regular\"  data-item-id=\"70311\"><span class=\"awb-menu__main-background-default awb-menu__main-background-default_fade\"><\/span><span class=\"awb-menu__main-background-active awb-menu__main-background-active_fade\"><\/span><a  href=\"https:\/\/www.ccdrc.pt\/pt\/areas-de-atuacao\/desenvolvimento-rural-agroalimentar-e-pescas\/pescas\/\" class=\"awb-menu__main-a awb-menu__main-a_regular\"><span class=\"menu-text\">Pescas<\/span><\/a><\/li><\/ul><\/nav><\/div><\/div><\/div><\/div><div class=\"fusion-fullwidth fullwidth-box fusion-builder-row-5 fusion-flex-container has-pattern-background has-mask-background nonhundred-percent-fullwidth non-hundred-percent-height-scrolling fusion-no-large-visibility\" style=\"--awb-border-radius-top-left:0px;--awb-border-radius-top-right:0px;--awb-border-radius-bottom-right:0px;--awb-border-radius-bottom-left:0px;\" ><div class=\"fusion-builder-row fusion-row fusion-flex-align-items-flex-start\" style=\"max-width:1288px;margin-left: calc(-0% \/ 2 );margin-right: calc(-0% \/ 2 );\"><div class=\"fusion-layout-column fusion_builder_column fusion-builder-column-6 fusion_builder_column_1_1 1_1 fusion-flex-column\" style=\"--awb-bg-size:cover;--awb-width-large:100%;--awb-margin-top-large:0px;--awb-spacing-right-large:0%;--awb-margin-bottom-large:0px;--awb-spacing-left-large:0%;--awb-width-medium:100%;--awb-order-medium:0;--awb-margin-top-medium:64px;--awb-spacing-right-medium:0%;--awb-margin-bottom-medium:100px;--awb-spacing-left-medium:0%;--awb-width-small:100%;--awb-order-small:0;--awb-margin-top-small:48px;--awb-spacing-right-small:0%;--awb-margin-bottom-small:50px;--awb-spacing-left-small:0%;\"><div class=\"fusion-column-wrapper fusion-column-has-shadow fusion-flex-justify-content-flex-start fusion-content-layout-column\"><div style=\"text-align:left;\"><a class=\"fusion-button button-flat fusion-button-default-size button-custom fusion-button-default button-2 fusion-button-default-span fusion-button-default-type btn-back-menu-side\" style=\"--button_accent_color:#007b88;--button_border_color:#007b88;--button_accent_hover_color:#007b88;--button_border_hover_color:#007b88;--button_gradient_angle:0deg;--button_gradient_end:0%;--button_gradient_top_color:#ffffff;--button_gradient_bottom_color:#ffffff;--button_gradient_top_color_hover:#ffffff;--button_gradient_bottom_color_hover:#ffffff;--button_font_size:16px;--button_line_height:36px;--button_typography-font-family:&quot;Noto Sans&quot;;--button_typography-font-style:normal;--button_typography-font-weight:400;\" target=\"_self\" href=\"https:\/\/www.ccdrc.pt\/areas-de-atuacao\/agricultura-e-pescas-2\/\"><i class=\"fa-arrow-left fas button-icon-left\" aria-hidden=\"true\"><\/i><span class=\"fusion-button-text\">Agricultura e Pescas<\/span><\/a><\/div><div class=\"fusion-text fusion-text-6 fusion-no-small-visibility fusion-no-large-visibility fusion-text-no-margin\" style=\"--awb-font-size:32px;--awb-line-height:44px;--awb-text-color:#000000;--awb-margin-bottom:64px;--awb-text-font-family:&quot;Noto Sans&quot;;--awb-text-font-style:normal;--awb-text-font-weight:700;\"><p>Zonas Vulner\u00e1veis<\/p>\n<\/div><div class=\"fusion-text fusion-text-7 content-article\"><div data-post-id=\"70904\" class=\"insert-page insert-page-70904 \"><div class=\"fusion-fullwidth fullwidth-box fusion-builder-row-5-1 fusion-flex-container nonhundred-percent-fullwidth non-hundred-percent-height-scrolling\" style=\"--awb-border-radius-top-left:0px;--awb-border-radius-top-right:0px;--awb-border-radius-bottom-right:0px;--awb-border-radius-bottom-left:0px;\" ><div class=\"fusion-builder-row fusion-row fusion-flex-align-items-flex-start\" style=\"width:100% !important;max-width:100% !important;margin-left: calc(-0% \/ 2 );margin-right: calc(-0% \/ 2 );\"><div class=\"fusion-layout-column fusion_builder_column fusion-builder-column-7 fusion_builder_column_1_1 1_1 fusion-flex-column\" style=\"--awb-bg-size:cover;--awb-width-large:100%;--awb-margin-top-large:0px;--awb-spacing-right-large:0%;--awb-margin-bottom-large:0px;--awb-spacing-left-large:0%;--awb-width-medium:100%;--awb-spacing-right-medium:0%;--awb-spacing-left-medium:0%;--awb-width-small:100%;--awb-spacing-right-small:0%;--awb-spacing-left-small:0%;\"><div class=\"fusion-column-wrapper fusion-flex-justify-content-flex-start fusion-content-layout-column\"><div class=\"fusion-text fusion-text-7\"><p>&nbsp;<\/p>\n<div class=\"article\">\n<h2>O que s\u00e3o Zonas Vulner\u00e1veis?<\/h2>\n<p>Consideram-se zonas vulner\u00e1veis,&nbsp;<strong>zonas que drenam para \u00e1guas polu\u00eddas ou em risco de virem a tornar-se polu\u00eddas com nitratos<\/strong>.<\/p>\n<p>Consideram-se \u00e1guas polu\u00eddas com nitratos:<\/p>\n<ul>\n<li>As&nbsp;<strong>\u00e1guas doces superficiais<\/strong>&nbsp;utilizadas ou destinadas \u00e0 produ\u00e7\u00e3o de \u00e1gua para consumo humano, que contenham ou apresentem riscos de vir a conter uma&nbsp;<strong>concentra\u00e7\u00e3o de nitratos superior a 50 mg\/litro<\/strong><\/li>\n<li>As&nbsp;<strong>\u00e1guas subterr\u00e2neas<\/strong>, que contenham ou apresentem riscos de vir a conter uma&nbsp;<strong>concentra\u00e7\u00e3o de nitratos superior a 50 mg\/litro<\/strong><\/li>\n<li><strong>Lagoas ou outras massas de \u00e1guas doces<\/strong>&nbsp;que estejam&nbsp;<strong>polu\u00eddas com nitratos (eutrofizadas)<\/strong>&nbsp;ou que corram perigo de virem a estar polu\u00eddas<\/li>\n<\/ul>\n<p>Nas Zonas Vulner\u00e1veis a legisla\u00e7\u00e3o europeia e nacional torna obrigat\u00f3rio o cumprimento do C\u00f3digo de Boas Pr\u00e1ticas Agr\u00edcolas.<\/p>\n<p>Em todas as explora\u00e7\u00f5es situadas nas zonas vulner\u00e1veis \u00e9 obrigat\u00f3rio o estabelecimento de um plano de fertiliza\u00e7\u00e3o, que tem de respeitar o valor m\u00e1ximo descrito na tabela \u201cQuantidade m\u00e1xima de azoto a aplicar por cultura\u201d. Esta quantidade de azoto a aplicar dever\u00e1 ter em conta o azoto presente na \u00e1gua de rega, nos chorumes e estrumes, nos res\u00edduos das culturas anteriores, nos adubos qu\u00edmicos e no solo.<br \/>\nA fertiliza\u00e7\u00e3o das culturas com base numa produ\u00e7\u00e3o esperada realista evita despesas in\u00fateis, pela n\u00e3o aplica\u00e7\u00e3o de tipos e quantidade de fertilizantes desnecess\u00e1rios.<\/p>\n<p>Assim sendo, uma fertiliza\u00e7\u00e3o racional permitir\u00e1: garantir produ\u00e7\u00f5es adequadas e de qualidade, evitar fertiliza\u00e7\u00f5es insuficientes ou excessivas, diminuir os encargos econ\u00f3micos, contribuir para preserva\u00e7\u00e3o do ambiente e para a garantia da sa\u00fade humana.<\/p>\n<\/div>\n<\/div><\/div><\/div><\/div><\/div>\n<\/div>\n<\/div><div class=\"accordian fusion-accordian\" style=\"--awb-border-size:1px;--awb-icon-size:16px;--awb-content-font-size:var(--awb-typography4-font-size);--awb-icon-alignment:left;--awb-hover-color:var(--awb-color2);--awb-border-color:var(--awb-color3);--awb-background-color:var(--awb-color1);--awb-divider-color:var(--awb-color3);--awb-divider-hover-color:var(--awb-color3);--awb-icon-color:var(--awb-color1);--awb-title-color:var(--awb-color8);--awb-content-color:var(--awb-color8);--awb-icon-box-color:var(--awb-color8);--awb-toggle-hover-accent-color:var(--awb-color5);--awb-title-font-family:var(--awb-typography1-font-family);--awb-title-font-weight:var(--awb-typography1-font-weight);--awb-title-font-style:var(--awb-typography1-font-style);--awb-title-font-size:16px;--awb-content-font-family:var(--awb-typography4-font-family);--awb-content-font-weight:var(--awb-typography4-font-weight);--awb-content-font-style:var(--awb-typography4-font-style);\"><div class=\"panel-group fusion-toggle-icon-unboxed\" id=\"accordion-70903-8\"><div class=\"fusion-panel panel-default panel-380f006872968acf9 fusion-toggle-has-divider\" style=\"--awb-title-color:var(--awb-color8);\"><div class=\"panel-heading\"><h2 class=\"panel-title toggle\" id=\"toggle_380f006872968acf9\"><a aria-expanded=\"false\" aria-controls=\"380f006872968acf9\" role=\"button\" data-toggle=\"collapse\" data-parent=\"#accordion-70903-8\" data-target=\"#380f006872968acf9\" href=\"#380f006872968acf9\"><span class=\"fusion-toggle-icon-wrapper\" aria-hidden=\"true\"><i class=\"fa-fusion-box active-icon awb-icon-minus\" aria-hidden=\"true\"><\/i><i class=\"fa-fusion-box inactive-icon awb-icon-plus\" aria-hidden=\"true\"><\/i><\/span><span class=\"fusion-toggle-heading\">Normas de boas pr\u00e1ticas agr\u00edcolas<\/span><\/a><\/h2><\/div><div id=\"380f006872968acf9\" class=\"panel-collapse collapse \" araia-labelledby=\"toggle_380f006872968acf9\"><div class=\"panel-body toggle-content fusion-clearfix\">\n<p>O Programa de A\u00e7\u00e3o para as Zonas Vulner\u00e1veis de Portugal Continental foi aprovado pela&nbsp;<a class=\"pdf\" href=\"https:\/\/dre.pt\/application\/conteudo\/174783\" target=\"_blank\" rel=\"noopener\">Portaria n.\u00ba 259\/2012<\/a>, de 28 de agosto. O presente programa tem como objectivo reduzir a polui\u00e7\u00e3o das \u00e1guas causada ou induzida por nitratos de origem agr\u00edcola bem como impedir a propaga\u00e7\u00e3o desta polui\u00e7\u00e3o nas zonas vulner\u00e1veis.<\/p>\n<p>As Zonas Vulner\u00e1veis est\u00e3o caracterizadas no Anexo I da Portaria n.\u00ba 259\/2012, de 28 de agosto e identificadas na&nbsp;<a class=\"pdf\" href=\"https:\/\/dre.pt\/application\/conteudo\/611935\" target=\"_blank\" rel=\"noopener\">Portaria n.\u00ba 164\/2010<\/a>, de 16 de mar\u00e7o.<\/p>\n<p>Os referidos Programas de A\u00e7\u00e3o imp\u00f5e determinadas normas que t\u00eam de ser cumpridas e que passamos a transcrever:<\/p>\n<ol class=\"num\" type=\"1\">\n<li>Tendo em conta as necessidades das culturas durante o seu ciclo vegetativo e o risco de perdas do azoto por lixivia\u00e7\u00e3o, sobretudo no per\u00edodo Outono\/Inverno, e considerando, ainda, que n\u00e3o dever\u00e3o ser aplicados fertilizantes nas \u00e9pocas em que as culturas n\u00e3o est\u00e3o em crescimento activo, as \u00e9pocas em que n\u00e3o \u00e9 permitido aplicar \u00e0s terras determinados tipos de fertilizantes constam da tabela que se segue.<\/li>\n<\/ol>\n<div class=\"wp-block-image\"><img decoding=\"async\" class=\"wpa-warning wpa-image-missing-alt wp-image-70942 aligncenter\" src=\"https:\/\/www.ccdrc.pt\/wp-content\/uploads\/2025\/02\/boaspraticasquadro-1.png\" alt=\"\" width=\"796\" height=\"584\" data-warning=\"Missing alt text\" srcset=\"https:\/\/www.ccdrc.pt\/wp-content\/uploads\/2025\/02\/boaspraticasquadro-1-16x12.png 16w, https:\/\/www.ccdrc.pt\/wp-content\/uploads\/2025\/02\/boaspraticasquadro-1-200x147.png 200w, https:\/\/www.ccdrc.pt\/wp-content\/uploads\/2025\/02\/boaspraticasquadro-1-400x293.png 400w, https:\/\/www.ccdrc.pt\/wp-content\/uploads\/2025\/02\/boaspraticasquadro-1-500x367.png 500w, https:\/\/www.ccdrc.pt\/wp-content\/uploads\/2025\/02\/boaspraticasquadro-1-600x440.png 600w, https:\/\/www.ccdrc.pt\/wp-content\/uploads\/2025\/02\/boaspraticasquadro-1-700x514.png 700w, https:\/\/www.ccdrc.pt\/wp-content\/uploads\/2025\/02\/boaspraticasquadro-1-768x563.png 768w, https:\/\/www.ccdrc.pt\/wp-content\/uploads\/2025\/02\/boaspraticasquadro-1-800x587.png 800w, https:\/\/www.ccdrc.pt\/wp-content\/uploads\/2025\/02\/boaspraticasquadro-1.png 931w\" sizes=\"(max-width: 796px) 100vw, 796px\" \/><\/div>\n<p>\u00c9 proibida a aplica\u00e7\u00e3o de adubos qu\u00edmicos azotados na aduba\u00e7\u00e3o de fundo, \u00e0 excep\u00e7\u00e3o das situa\u00e7\u00f5es previstas no quadro anterior.<\/p>\n<p>Quando a aplica\u00e7\u00e3o de adubos qu\u00edmicos e\/ou compostos se realizar simultaneamente com a sementeira ou planta\u00e7\u00e3o, como na sementeira directa, mobiliza\u00e7\u00e3o na zona ou mobiliza\u00e7\u00e3o m\u00ednima, n\u00e3o se aplicam as restri\u00e7\u00f5es do quadro anterior.<\/p>\n<p>Dever\u00e1 ser evitada a aplica\u00e7\u00e3o de fertilizantes em per\u00edodos de fortes chuvas que originem a lavagem do azoto, sobretudo quando os solos est\u00e3o escassamente cobertos ou nus, n\u00e3o permitindo \u00e0s plantas absorver os nitratos fornecidos pelos fertilizantes.<\/p>\n<ol class=\"num\" start=\"2\" type=\"1\">\n<li>Nas terras ar\u00e1veis em pousio e n\u00e3o inclu\u00eddas em rota\u00e7\u00e3o, n\u00e3o \u00e9 permitida a aplica\u00e7\u00e3o de fertilizantes contendo azoto.<\/li>\n<li>\u00c9 proibida a aplica\u00e7\u00e3o de fertilizantes ap\u00f3s a colheita das culturas de Primavera-Ver\u00e3o se estas n\u00e3o precederem uma cultura de Outono-Inverno ou se o solo permanecer em pousio.<\/li>\n<li>A aplica\u00e7\u00e3o de fertilizantes e\/ou correctivos org\u00e2nicos, durante o ciclo vegetativo das culturas, \u00e9 proibida sempre que ocorram situa\u00e7\u00f5es de excesso de \u00e1gua no solo, devendo, neste caso, aguardar-se que o solo retome o seu estado de humidade caracter\u00edstico do per\u00edodo de saz\u00e3o, exceptuam-se os solos onde se pratique a cultura do arroz e ou do agri\u00e3o, quando cultivado em canteiros;<\/li>\n<li>A aplica\u00e7\u00e3o de fertilizantes azotados em terrenos declivosos dever\u00e1 ter em conta o risco de escorrimento superficiais, de modo a minorar o risco de eros\u00e3o e consequentemente as perdas de azoto e outros nutrientes nas \u00e1guas de escoamento. As limita\u00e7\u00f5es \u00e0s culturas e \u00e0s pr\u00e1ticas culturais agr\u00edcolas de acordo com o IQFP<sup class=\"notice\">*<\/sup>&nbsp;constam da tabela que se segue.<\/li>\n<\/ol>\n<div class=\"wp-block-image\"><img decoding=\"async\" class=\"wpa-warning wpa-image-missing-alt aligncenter wp-image-70943 size-full\" src=\"https:\/\/www.ccdrc.pt\/wp-content\/uploads\/2025\/02\/limitacoesculturatotal.png\" alt=\"\" width=\"796\" height=\"1135\" data-warning=\"Missing alt text\" srcset=\"https:\/\/www.ccdrc.pt\/wp-content\/uploads\/2025\/02\/limitacoesculturatotal-8x12.png 8w, https:\/\/www.ccdrc.pt\/wp-content\/uploads\/2025\/02\/limitacoesculturatotal-200x285.png 200w, https:\/\/www.ccdrc.pt\/wp-content\/uploads\/2025\/02\/limitacoesculturatotal-400x570.png 400w, https:\/\/www.ccdrc.pt\/wp-content\/uploads\/2025\/02\/limitacoesculturatotal-500x713.png 500w, https:\/\/www.ccdrc.pt\/wp-content\/uploads\/2025\/02\/limitacoesculturatotal-600x856.png 600w, https:\/\/www.ccdrc.pt\/wp-content\/uploads\/2025\/02\/limitacoesculturatotal-700x998.png 700w, https:\/\/www.ccdrc.pt\/wp-content\/uploads\/2025\/02\/limitacoesculturatotal-768x1095.png 768w, https:\/\/www.ccdrc.pt\/wp-content\/uploads\/2025\/02\/limitacoesculturatotal.png 796w\" sizes=\"(max-width: 796px) 100vw, 796px\" \/><\/div>\n<ol class=\"num\" start=\"6\" type=\"1\">\n<li>Quando o IQFP da parcela onde se realiza a valoriza\u00e7\u00e3o agr\u00edcola seja superior a 1, na aplica\u00e7\u00e3o de fertilizantes devem manter uma faixa de protec\u00e7\u00e3o m\u00ednima de 5 metros relativamente \u00e0 linha limite do leito do curso de \u00e1gua, n\u00e3o sujeita a valoriza\u00e7\u00e3o agr\u00edcola de efluentes pecu\u00e1rios, outras fertiliza\u00e7\u00f5es, mobiliza\u00e7\u00f5es do solo ou instala\u00e7\u00e3o de novas culturas, excepto pastagens permanentes, procurando assegurar ainda a manuten\u00e7\u00e3o de uma barreira vegetal\/rip\u00edcola e a cobertura vegetal na faixa de protec\u00e7\u00e3o, quando justific\u00e1vel;Esta faixa de protec\u00e7\u00e3o poder\u00e1 ser reduzida para metade, caso o IQFP da parcela seja igual ou inferior a 1 e sejam asseguradas as condi\u00e7\u00f5es previstas no par\u00e1grafo anterior.<\/li>\n<li>\u00c9 proibido aplica\u00e7\u00e3o de fertilizantes numa faixa de protec\u00e7\u00e3o de 5 metros, relativamente \u00e0s capta\u00e7\u00f5es de \u00e1gua subterr\u00e2nea, quando estas se destinam a uso exclusivo para rega.<\/li>\n<li>\u00c9 proibida a aplica\u00e7\u00e3o de fertilizantes a menos de 20 metros de uma fonte, po\u00e7o ou capta\u00e7\u00e3o de \u00e1gua quando esta se destine a outros usos, al\u00e9m da rega.<\/li>\n<li>N\u00e3o poder\u00e1 ser aplicada mais do que 170 Kg de azoto por hectare e por ano, fornecidos atrav\u00e9s de efluentes pecu\u00e1rios.<\/li>\n<li>Na constru\u00e7\u00e3o de infra-estruturas \u00e9 obrigat\u00f3rio a impermeabiliza\u00e7\u00e3o do pavimento e, a sua capacidade de armazenamento deve de ser calculada para um per\u00edodo m\u00ednimo de 120 dias, tanto para as nitreiras como para os reservat\u00f3rios de chorumes e ou \u00e1guas residuais.<\/li>\n<li>Os tanques de armazenamento de efluentes zoot\u00e9cnicos, destinados a fins agr\u00edcolas, dever\u00e3o ser constru\u00eddos com capacidade para o per\u00edodo mais prolongado em que n\u00e3o \u00e9 permitida a aplica\u00e7\u00e3o destes na terra. A capacidade do dep\u00f3sito de chorumes e ou estrumes das diferentes esp\u00e9cies pecu\u00e1rias existentes na explora\u00e7\u00e3o, bem como o adquirido e n\u00e3o aplicado imediatamente ap\u00f3s dedu\u00e7\u00e3o do que saiu da explora\u00e7\u00e3o, \u00e9 calculada de acordo com a seguinte f\u00f3rmula:<br \/>\n<em><strong>V = n x up x vd<\/strong><\/em>, em que:&nbsp;<em>V<\/em>&nbsp;= capacidade total de armazenamento de efluentes pecu\u00e1rios;<br \/>\n<em>n<\/em>&nbsp;= maior n\u00famero de dias que medeia entre duas aplica\u00e7\u00f5es<br \/>\nsucessivas, registado no plano de fertiliza\u00e7\u00e3o;<br \/>\n<em>up<\/em>&nbsp;= unidades de animais por esp\u00e9cie pecu\u00e1ria conforme definido no C\u00f3digo das Boas Pr\u00e1ticas Agr\u00edcolas<br \/>\n<em>vd<\/em>&nbsp;= volume ou peso di\u00e1rio de chorume e ou estrume por esp\u00e9cie, conforme definido no C\u00f3digo das Boas Pr\u00e1ticas Agr\u00edcolas;<\/li>\n<li>\u00c9 permitida a deposi\u00e7\u00e3o tempor\u00e1ria de&nbsp;<strong>estrumes<\/strong>&nbsp;no solo agr\u00edcola, em medas ou pilhas, com vista \u00e0 sua posterior distribui\u00e7\u00e3o e incorpora\u00e7\u00e3o no solo, para valoriza\u00e7\u00e3o agr\u00edcola, desde que a referida deposi\u00e7\u00e3o cumpra cumulativamente as seguintes condi\u00e7\u00f5es:\n<ul>\n<li>O local de deposi\u00e7\u00e3o do estrume esteja localizado a uma dist\u00e2ncia m\u00ednima de 15 metros contados da linha limite do leito dos cursos de \u00e1gua e de 25 metros contados dos locais onde existem capta\u00e7\u00f5es de \u00e1guas subterr\u00e2neas, sem preju\u00edzo da demais legisla\u00e7\u00e3o aplic\u00e1vel;<\/li>\n<li>A deposi\u00e7\u00e3o tempor\u00e1ria do estrume no solo, sem que haja distribui\u00e7\u00e3o e incorpora\u00e7\u00e3o no solo,&nbsp;<span class=\"u\">n\u00e3o exceda um per\u00edodo superior a 48 horas;<\/span><\/li>\n<li>Seja assegurada a protec\u00e7\u00e3o das \u00e1guas superficiais e das \u00e1guas subterr\u00e2neas face a eventuais escorr\u00eancias ou arrastamentos, nos casos em que ocorra pluviosidade.<\/li>\n<\/ul>\n<\/li>\n<li>O&nbsp;<strong>chorume<\/strong>&nbsp;ser\u00e1 aplicado ao solo com equipamento de injec\u00e7\u00e3o directa ou com recurso a equipamento que funcione a baixa press\u00e3o, a fim de reduzir as perdas de azoto por volatiliza\u00e7\u00e3o e a liberta\u00e7\u00e3o de maus cheiros, devendo a sua incorpora\u00e7\u00e3o no solo efectuar-se, tanto quanto poss\u00edvel, imediatamente ap\u00f3s a sua distribui\u00e7\u00e3o,&nbsp;<span class=\"u\">at\u00e9 um limite de quatro horas<\/span>.<br \/>\nExceptuam-se a aplica\u00e7\u00e3o em cobertura, bem como a aplica\u00e7\u00e3o em sementeira directa, em caso de n\u00e3o haver lugar a incorpora\u00e7\u00e3o por injec\u00e7\u00e3o, dever\u00e1 ser seguida de rega, a qual dever\u00e1 ser realizada de forma controlada para evitar arrastamentos.<\/li>\n<li>A incorpora\u00e7\u00e3o no solo de estrume e fertilizantes org\u00e2nicos distribu\u00eddos deve ser realizada de forma t\u00e3o r\u00e1pida quanto poss\u00edvel,&nbsp;<span class=\"u\">at\u00e9 um limite de vinte e quatro horas ap\u00f3s a sua aplica\u00e7\u00e3o<\/span>.<\/li>\n<li>A descarga de \u00e1guas residuais na \u00e1gua e no solo est\u00e1 sujeita a condi\u00e7\u00f5es espec\u00edficas, atendendo \u00e0s necessidades de preserva\u00e7\u00e3o do ambiente e da sa\u00fade p\u00fablica.<\/li>\n<li>A aplica\u00e7\u00e3o de lamas de depura\u00e7\u00e3o e de lamas de composi\u00e7\u00e3o similar, no solo para valoriza\u00e7\u00e3o agr\u00edcola, definidas ao abrigo do Decreto-Lei n.\u00ba 276\/2009, de 2 de Outubro, est\u00e1 sujeita a parecer favor\u00e1vel da CCDRC, IP.<\/li>\n<li>A aplica\u00e7\u00e3o de efluentes pecu\u00e1rios no solo n\u00e3o carece de t\u00edtulo de utiliza\u00e7\u00e3o, desde que esteja assegurado o cumprimento das normas t\u00e9cnicas aplic\u00e1veis \u00e0 valoriza\u00e7\u00e3o agr\u00edcola de efluentes, no \u00e2mbito do processo de licenciamento das explora\u00e7\u00f5es pecu\u00e1rias, de acordo com o Decreto-Lei n.\u00ba 214\/2008, de 10 de Novembro, regulamentado pela Portaria n.\u00ba 631\/2009, de 9 de Junho;<\/li>\n<li>Todos os titulares de explora\u00e7\u00f5es agr\u00edcolas total ou parcialmente integradas nas zonas vulner\u00e1veis, \u00e9 obrigat\u00f3rio proceder \u00e0 identifica\u00e7\u00e3o das parcelas em sistema de informa\u00e7\u00e3o parcelar (iSIP).<\/li>\n<\/ol>\n<p>Al\u00e9m destas normas, todos os agricultores que apresentem pedidos de ajuda directos ficam obrigados a cumprir as&nbsp;<strong>boas condi\u00e7\u00f5es agr\u00edcolas e ambientais (BCAA\u2019s)<\/strong>, no que diz respeito \u00e0 eros\u00e3o, estrutura e mat\u00e9ria org\u00e2nica do solo, controlo da vegeta\u00e7\u00e3o espont\u00e2nea, faixa de limpeza das parcelas, queimadas, res\u00edduos de origem agr\u00edcola e armazenamento dos fertilizantes e produtos fitofarmac\u00eauticos. Ficam tamb\u00e9m obrigados a respeitar as regras nos dom\u00ednios do ambiente (correcta utiliza\u00e7\u00e3o das lamas de depura\u00e7\u00e3o), registo e identifica\u00e7\u00e3o animal, no que diz respeito a uma correcta utiliza\u00e7\u00e3o das lamas de depura\u00e7\u00e3o e identifica\u00e7\u00e3o e registo animal.<\/p>\n<p>Os produtos fitofarmac\u00eauticos a utilizar dever\u00e3o ser apenas produtos homologados em Portugal, devendo cumprir estritamente as condi\u00e7\u00f5es constantes no r\u00f3tulo dos mesmos.<\/p>\n<\/div><\/div><\/div><\/div><\/div><div class=\"accordian fusion-accordian\" style=\"--awb-border-size:1px;--awb-icon-size:16px;--awb-content-font-size:var(--awb-typography4-font-size);--awb-icon-alignment:left;--awb-hover-color:var(--awb-color2);--awb-border-color:var(--awb-color3);--awb-background-color:var(--awb-color1);--awb-divider-color:var(--awb-color3);--awb-divider-hover-color:var(--awb-color3);--awb-icon-color:var(--awb-color1);--awb-title-color:var(--awb-color8);--awb-content-color:var(--awb-color8);--awb-icon-box-color:var(--awb-color8);--awb-toggle-hover-accent-color:var(--awb-color5);--awb-title-font-family:var(--awb-typography1-font-family);--awb-title-font-weight:var(--awb-typography1-font-weight);--awb-title-font-style:var(--awb-typography1-font-style);--awb-title-font-size:16px;--awb-content-font-family:var(--awb-typography4-font-family);--awb-content-font-weight:var(--awb-typography4-font-weight);--awb-content-font-style:var(--awb-typography4-font-style);\"><div class=\"panel-group fusion-toggle-icon-unboxed\" id=\"accordion-70903-9\"><div class=\"fusion-panel panel-default panel-05fe6d189e36c8007 fusion-toggle-has-divider\" style=\"--awb-title-color:var(--awb-color8);\"><div class=\"panel-heading\"><h2 class=\"panel-title toggle\" id=\"toggle_05fe6d189e36c8007\"><a aria-expanded=\"false\" aria-controls=\"05fe6d189e36c8007\" role=\"button\" data-toggle=\"collapse\" data-target=\"#05fe6d189e36c8007\" href=\"#05fe6d189e36c8007\"><span class=\"fusion-toggle-icon-wrapper\" aria-hidden=\"true\"><i class=\"fa-fusion-box active-icon awb-icon-minus\" aria-hidden=\"true\"><\/i><i class=\"fa-fusion-box inactive-icon awb-icon-plus\" aria-hidden=\"true\"><\/i><\/span><span class=\"fusion-toggle-heading\">Plano e balan\u00e7o de fertiliza\u00e7\u00e3o<\/span><\/a><\/h2><\/div><div id=\"05fe6d189e36c8007\" class=\"panel-collapse collapse \" araia-labelledby=\"toggle_05fe6d189e36c8007\"><div class=\"panel-body toggle-content fusion-clearfix\">\n<p>Cada cultura tem as suas necessidades nutritivas pr\u00f3prias, sendo mais ou menos exigente num ou noutro nutriente, retirando do solo quantidades diferentes de cada elemento, consoante o n\u00edvel e a finalidade da produ\u00e7\u00e3o.<br \/>\nDado o comportamento do azoto no solo, e a facilidade com que se perde nas \u00e1guas de escorrimento e percola\u00e7\u00e3o, sobretudo na forma de nitrato, ter\u00e1 que ser realizada uma gest\u00e3o correta dos fertilizantes.<\/p>\n<p>&nbsp;<img decoding=\"async\" src=\"https:\/\/www.drapc.gov.pt\/servicos\/desenvolvimento\/files\/zv02.jpg\" alt=\"Ilustra\u00e7\u00e3o de um ambiente agr\u00edcola\" \/>&nbsp;<\/p>\n<p>Para p\u00f4r em pr\u00e1tica o plano de fertiliza\u00e7\u00e3o, o Sr. Agricultor ter\u00e1 de:<\/p>\n<ul>\n<li>Efectuar&nbsp;<span class=\"u\">an\u00e1lises de solo e a an\u00e1lise foliar<\/span>&nbsp;(esta quando necess\u00e1ria), quanto ao teor de nutrientes, nomeadamente em nitratos, dever\u00e3o ser efectuadas anualmente \u00e0s culturas hort\u00edcolas ao ar livre, bienalmente \u00e0s culturas em estufa e quadrienalmente \u00e0s restantes culturas. Antes de qualquer cultura realizar uma an\u00e1lise ao solo. Tamb\u00e9m quadrienalmente deve efectuar&nbsp;<span class=\"u\">an\u00e1lises \u00e0 \u00e1gua de rega<\/span>&nbsp;quanto ao teor de nitratos.<\/li>\n<li>Recorrer a laborat\u00f3rios especializados que, em fun\u00e7\u00e3o da an\u00e1lise da terra, da \u00e1gua e ou da an\u00e1lise foliar, recomendar\u00e3o a fertiliza\u00e7\u00e3o mais adequada, incluindo a quantidade e forma de azoto a aplicar e a \u00e9poca e t\u00e9cnica de aplica\u00e7\u00e3o, tendo sempre em conta as quantidades m\u00e1ximas permitidas. Os boletins de an\u00e1lise e respectivos pareceres t\u00e9cnicos devem acompanhar a ficha de registo de fertiliza\u00e7\u00e3o.<\/li>\n<li>No c\u00e1lculo da quantidade de azoto a aplicar a qualquer cultura \u00e9 obrigat\u00f3rio entrar a quantidade veiculada na \u00e1gua de rega, nos fertilizantes org\u00e2nicos (estrumes, chorumes, lamas, etc.) e nos adubos.<\/li>\n<li>Em todas as explora\u00e7\u00f5es com mais de 2 hectares de SAU, ou com mais de 0,5 hectares de culturas horto-flor\u00edcolas, os agricultores s\u00e3o obrigados a manter um registo actualizado das fertiliza\u00e7\u00f5es por parcela ou grupos de parcelas homog\u00e9neas, preenchendo para o efeito a ficha constante deste caderno de campo.<\/li>\n<li>Exceptuam-se destes procedimentos a cultura ou culturas que ocupem, na explora\u00e7\u00e3o, uma \u00e1rea inferior a 1 hectares da SAU e ou inferior a 0,5 hectares. Para estas culturas, o registo das fertiliza\u00e7\u00f5es referir-se-\u00e1 ou \u00e0 cultura que ocupe maior \u00e1rea ou \u00e0 mais exigente em fertiliza\u00e7\u00e3o azotada no caso das culturas ocuparem \u00e1reas id\u00eanticas.<\/li>\n<\/ul>\n<div class=\"wp-block-image\"><img decoding=\"async\" class=\"wpa-warning wpa-image-missing-alt aligncenter wp-image-70946 size-thumbnail\" src=\"https:\/\/www.ccdrc.pt\/wp-content\/uploads\/2025\/02\/quantidadeazotototal-891x3000.png\" alt=\"\" width=\"891\" height=\"3000\" data-warning=\"Missing alt text\" \/><\/div>\n<\/div><\/div><\/div><\/div><\/div><div class=\"accordian fusion-accordian\" style=\"--awb-border-size:1px;--awb-icon-size:16px;--awb-content-font-size:var(--awb-typography4-font-size);--awb-icon-alignment:left;--awb-hover-color:var(--awb-color2);--awb-border-color:var(--awb-color3);--awb-background-color:var(--awb-color1);--awb-divider-color:var(--awb-color3);--awb-divider-hover-color:var(--awb-color3);--awb-icon-color:#155e87;--awb-title-color:var(--awb-color8);--awb-content-color:var(--awb-color8);--awb-icon-box-color:var(--awb-color8);--awb-toggle-hover-accent-color:var(--awb-color5);--awb-title-font-family:var(--awb-typography1-font-family);--awb-title-font-weight:var(--awb-typography1-font-weight);--awb-title-font-style:var(--awb-typography1-font-style);--awb-title-font-size:16px;--awb-content-font-family:var(--awb-typography4-font-family);--awb-content-font-weight:var(--awb-typography4-font-weight);--awb-content-font-style:var(--awb-typography4-font-style);\"><div class=\"panel-group fusion-toggle-icon-unboxed\" id=\"accordion-70903-10\"><div class=\"fusion-panel panel-default panel-3731e5b9404b20f7a fusion-toggle-has-divider\" style=\"--awb-title-color:var(--awb-color8);\"><div class=\"panel-heading\"><div class=\"panel-title toggle\" id=\"toggle_3731e5b9404b20f7a\"><a aria-expanded=\"false\" aria-controls=\"3731e5b9404b20f7a\" role=\"button\" data-toggle=\"collapse\" data-target=\"#3731e5b9404b20f7a\" href=\"#3731e5b9404b20f7a\"><span class=\"fusion-toggle-icon-wrapper\" aria-hidden=\"true\"><i class=\"fa-fusion-box active-icon awb-icon-minus\" aria-hidden=\"true\"><\/i><i class=\"fa-fusion-box inactive-icon awb-icon-plus\" aria-hidden=\"true\"><\/i><\/span><span class=\"fusion-toggle-heading\">Gest\u00e3o de Rega<\/span><\/a><\/div><\/div><div id=\"3731e5b9404b20f7a\" class=\"panel-collapse collapse \" araia-labelledby=\"toggle_3731e5b9404b20f7a\"><div class=\"panel-body toggle-content fusion-clearfix\">\n<p>Para um bom aproveitamento da \u00e1gua, a rega deve ser ajustada \u00e0s necessidades da cultura, de forma a minimizar as perdas por evapora\u00e7\u00e3o, por escorrimento superficial ou por infiltra\u00e7\u00e3o profunda, devendo-se evitar os estados extremos de humidade (d\u00e9fice ou encharcamento), podendo resultar em preju\u00edzo das plantas. A \u00e1gua \u00e9 o principal factor limitante para a produtividade das culturas.<\/p>\n<p>&nbsp;<img decoding=\"async\" src=\"https:\/\/www.drapc.gov.pt\/servicos\/desenvolvimento\/files\/zv05.jpg\" alt=\"Saber quando e quanto regar\" \/>&nbsp;<\/p>\n<p>Os nitratos (NO<sub>3<\/sub>-), s\u00e3o uma preocupa\u00e7\u00e3o agro-ambiental porque n\u00e3o ficam retidos \u00e0s part\u00edculas do solo. Contudo, s\u00f3 se movimentam no solo se houver \u00e1gua para os arrastar e se estiverem presentes em grandes quantidades no solo.<\/p>\n<p>Uma deficiente gest\u00e3o da rega pode aumentar os riscos de ocorr\u00eancia de polui\u00e7\u00e3o das \u00e1guas por nitratos, sobretudo quando s\u00e3o aplicadas quantidades excessivas de fertilizantes, ou ainda, pela mineraliza\u00e7\u00e3o da mat\u00e9ria org\u00e2nica existente no solo.<\/p>\n<p>Um sistema de rega mal dimensionado e funcionando a press\u00f5es inadequadas, provoca uma m\u00e1 distribui\u00e7\u00e3o da \u00e1gua no terreno, o que tornar\u00e1 pouco eficaz o aproveitamento do azoto pela cultura, facilitando a lixivia\u00e7\u00e3o dos nitratos.<\/p>\n<p>Quando se aplicam fertilizantes em cobertura nas culturas de Primavera\/Ver\u00e3o, poder\u00e3o ser necess\u00e1rias regas com pequenas dota\u00e7\u00f5es de \u00e1gua para garantir a humidade necess\u00e1ria \u00e0 absor\u00e7\u00e3o do azoto (NH<sub>4<\/sub>+ e NO<sub>3<\/sub>-).<\/p>\n<p>Se o azoto aplicado for eficientemente absorvido pela cultura, reduz-se muito o risco de contamina\u00e7\u00e3o dos len\u00e7\u00f3is fre\u00e1ticos e dos cursos de \u00e1gua.<\/p>\n<p>Nas \u00e1reas identificadas como de levada infiltra\u00e7\u00e3o (taxa de infiltra\u00e7\u00e3o b\u00e1sica superior a 4 cm\/h) \u00e9 exigida uma maior reparti\u00e7\u00e3o dos fertilizantes azotados durante o ciclo cultural e impedido o uso de m\u00e9todos de rega por alagamento.<\/p>\n<p>\u00c9 obrigat\u00f3rio o revestimento dos canais de rega ou o uso de tubagem estanque para evitar perdas de \u00e1gua durante o transporte.<\/p>\n<\/div><\/div><\/div><\/div><\/div><div class=\"accordian fusion-accordian\" style=\"--awb-border-size:1px;--awb-icon-size:16px;--awb-content-font-size:var(--awb-typography4-font-size);--awb-icon-alignment:left;--awb-hover-color:var(--awb-color2);--awb-border-color:var(--awb-color3);--awb-background-color:var(--awb-color1);--awb-divider-color:var(--awb-color3);--awb-divider-hover-color:var(--awb-color3);--awb-icon-color:#155e87;--awb-title-color:var(--awb-color8);--awb-content-color:var(--awb-color8);--awb-icon-box-color:var(--awb-color8);--awb-toggle-hover-accent-color:var(--awb-color5);--awb-title-font-family:var(--awb-typography1-font-family);--awb-title-font-weight:var(--awb-typography1-font-weight);--awb-title-font-style:var(--awb-typography1-font-style);--awb-title-font-size:16px;--awb-content-font-family:var(--awb-typography4-font-family);--awb-content-font-weight:var(--awb-typography4-font-weight);--awb-content-font-style:var(--awb-typography4-font-style);\"><div class=\"panel-group fusion-toggle-icon-unboxed\" id=\"accordion-70903-11\"><div class=\"fusion-panel panel-default panel-d11b1a6d3ed1faba5 fusion-toggle-has-divider\" style=\"--awb-title-color:var(--awb-color8);\"><div class=\"panel-heading\"><h2 class=\"panel-title toggle\" id=\"toggle_d11b1a6d3ed1faba5\"><a aria-expanded=\"false\" aria-controls=\"d11b1a6d3ed1faba5\" role=\"button\" data-toggle=\"collapse\" data-target=\"#d11b1a6d3ed1faba5\" href=\"#d11b1a6d3ed1faba5\"><span class=\"fusion-toggle-icon-wrapper\" aria-hidden=\"true\"><i class=\"fa-fusion-box active-icon awb-icon-minus\" aria-hidden=\"true\"><\/i><i class=\"fa-fusion-box inactive-icon awb-icon-plus\" aria-hidden=\"true\"><\/i><\/span><span class=\"fusion-toggle-heading\">Zonas Vulner\u00e1veis designadas<\/span><\/a><\/h2><\/div><div id=\"d11b1a6d3ed1faba5\" class=\"panel-collapse collapse \" araia-labelledby=\"toggle_d11b1a6d3ed1faba5\"><div class=\"panel-body toggle-content fusion-clearfix\">\n<p>Na Regi\u00e3o Agr\u00e1ria da Dire\u00e7\u00e3o Regional de Agricultura e Pescas do Centro estavam designadas duas zonas vulner\u00e1veis:<\/p>\n<ul>\n<li><span class=\"u\">Zona vulner\u00e1vel n.\u00ba 2 do aqu\u00edfero quatern\u00e1rio de Aveiro<\/span>, criada pela Portaria n.\u00ba 1100\/2004, de 3 de Setembro, com uma \u00e1rea de 4.527,89 ha;<\/li>\n<li><span class=\"u\">Zona vulner\u00e1vel n.\u00ba 4 de Mira, Vagos e Cantanhede<\/span>&nbsp;criada pela Portaria n.\u00ba 1100\/2004, de 3 de Setembro, com uma \u00e1rea de 2.402,89 ha.<\/li>\n<\/ul>\n<p><img decoding=\"async\" src=\"https:\/\/www.drapc.gov.pt\/servicos\/desenvolvimento\/files\/zv06.jpg\" alt=\"Mapa das zonas vulner\u00e1veis de Aveiro\" \/><\/p>\n<p>Para estas zonas foi estabelecido um Plano de A\u00e7\u00e3o atrav\u00e9s das Portarias n.\u00ba 557\/2003, de 14 de Julho e n.\u00ba 617\/2003, de 22 de Julho, respectivamente.<br \/>\nNo m\u00eas de Fevereiro de 2010, os Planos de A\u00e7\u00e3o para estas zonas foram alterados pela Portaria n.\u00ba 83\/2010, de 10 de Fevereiro.<br \/>\nNo m\u00eas de Mar\u00e7o de 2010, atrav\u00e9s da Portaria n.\u00ba 164\/2010 de 16 de Mar\u00e7o, s\u00e3o designadas as novas\/reformuladas zonas vulner\u00e1veis Nacionais.<\/p>\n<p>Sendo ent\u00e3o criadas as zonas:<\/p>\n<ul>\n<li><a href=\"https:\/\/www.ccdrc.pt\/wp-content\/uploads\/2025\/02\/zv_2.pdf\">Zona Vulner\u00e1vel n.\u00ba 2 Estarreja\u2013Murtosa<\/a>, com uma \u00e1rea de 8.138 ha.<\/li>\n<li><a href=\"https:\/\/www.ccdrc.pt\/wp-content\/uploads\/2025\/02\/zv_3.7z\">Zona Vulner\u00e1vel n.\u00ba 3 Litoral Centro<\/a>, com uma \u00e1rea de 23.646,88 ha.<\/li>\n<\/ul>\n<p><img decoding=\"async\" src=\"https:\/\/www.drapc.gov.pt\/servicos\/desenvolvimento\/files\/zv07.jpg\" alt=\"Zonas vulner\u00e1veis de Portugal\" \/>&nbsp;<\/p>\n<p>A portaria n.\u00ba 259\/12, de 28 de agosto, veio estabelecer um Programa de A\u00e7\u00e3o para as Zonas Vulner\u00e1veis em Portugal Continental.<\/p>\n<div class=\"wp-block-image\"><img decoding=\"async\" class=\"wpa-warning wpa-image-missing-alt alignnone wp-image-70948 size-full\" src=\"https:\/\/www.ccdrc.pt\/wp-content\/uploads\/2025\/02\/carateristicas.png\" alt=\"\" width=\"897\" height=\"1551\" data-warning=\"Missing alt text\" srcset=\"https:\/\/www.ccdrc.pt\/wp-content\/uploads\/2025\/02\/carateristicas-7x12.png 7w, https:\/\/www.ccdrc.pt\/wp-content\/uploads\/2025\/02\/carateristicas-200x346.png 200w, https:\/\/www.ccdrc.pt\/wp-content\/uploads\/2025\/02\/carateristicas-400x692.png 400w, https:\/\/www.ccdrc.pt\/wp-content\/uploads\/2025\/02\/carateristicas-500x865.png 500w, https:\/\/www.ccdrc.pt\/wp-content\/uploads\/2025\/02\/carateristicas-600x1037.png 600w, https:\/\/www.ccdrc.pt\/wp-content\/uploads\/2025\/02\/carateristicas-700x1210.png 700w, https:\/\/www.ccdrc.pt\/wp-content\/uploads\/2025\/02\/carateristicas-768x1328.png 768w, https:\/\/www.ccdrc.pt\/wp-content\/uploads\/2025\/02\/carateristicas-800x1383.png 800w, https:\/\/www.ccdrc.pt\/wp-content\/uploads\/2025\/02\/carateristicas-888x1536.png 888w, https:\/\/www.ccdrc.pt\/wp-content\/uploads\/2025\/02\/carateristicas.png 897w\" sizes=\"(max-width: 897px) 100vw, 897px\" \/><\/div>\n<\/div><\/div><\/div><\/div><\/div><div class=\"accordian fusion-accordian\" style=\"--awb-border-size:1px;--awb-icon-size:16px;--awb-content-font-size:var(--awb-typography4-font-size);--awb-icon-alignment:left;--awb-hover-color:var(--awb-color2);--awb-border-color:var(--awb-color3);--awb-background-color:var(--awb-color1);--awb-divider-color:var(--awb-color3);--awb-divider-hover-color:var(--awb-color3);--awb-icon-color:#155e87;--awb-title-color:var(--awb-color8);--awb-content-color:var(--awb-color8);--awb-icon-box-color:var(--awb-color8);--awb-toggle-hover-accent-color:#000000;--awb-toggle-active-accent-color:#000000;--awb-title-font-family:var(--awb-typography1-font-family);--awb-title-font-weight:var(--awb-typography1-font-weight);--awb-title-font-style:var(--awb-typography1-font-style);--awb-title-font-size:16px;--awb-content-font-family:var(--awb-typography4-font-family);--awb-content-font-weight:var(--awb-typography4-font-weight);--awb-content-font-style:var(--awb-typography4-font-style);\"><div class=\"panel-group fusion-toggle-icon-unboxed\" id=\"accordion-70903-12\"><div class=\"fusion-panel panel-default panel-82b49a5e84571f770 fusion-toggle-has-divider\" style=\"--awb-title-color:var(--awb-color8);\"><div class=\"panel-heading\"><h2 class=\"panel-title toggle\" id=\"toggle_82b49a5e84571f770\"><a aria-expanded=\"false\" aria-controls=\"82b49a5e84571f770\" role=\"button\" data-toggle=\"collapse\" data-target=\"#82b49a5e84571f770\" href=\"#82b49a5e84571f770\"><span class=\"fusion-toggle-icon-wrapper\" aria-hidden=\"true\"><i class=\"fa-fusion-box active-icon awb-icon-minus\" aria-hidden=\"true\"><\/i><i class=\"fa-fusion-box inactive-icon awb-icon-plus\" aria-hidden=\"true\"><\/i><\/span><span class=\"fusion-toggle-heading\">Legisla\u00e7\u00e3o<\/span><\/a><\/h2><\/div><div id=\"82b49a5e84571f770\" class=\"panel-collapse collapse \" araia-labelledby=\"toggle_82b49a5e84571f770\"><div class=\"panel-body toggle-content fusion-clearfix\">\n<div class=\"wp-block-image\"><img decoding=\"async\" class=\"wpa-warning wpa-image-missing-alt aligncenter wp-image-70950 size-full\" src=\"https:\/\/www.ccdrc.pt\/wp-content\/uploads\/2025\/02\/legislacao.png\" alt=\"\" width=\"868\" height=\"1398\" data-warning=\"Missing alt text\" srcset=\"https:\/\/www.ccdrc.pt\/wp-content\/uploads\/2025\/02\/legislacao-7x12.png 7w, https:\/\/www.ccdrc.pt\/wp-content\/uploads\/2025\/02\/legislacao-200x322.png 200w, https:\/\/www.ccdrc.pt\/wp-content\/uploads\/2025\/02\/legislacao-400x644.png 400w, https:\/\/www.ccdrc.pt\/wp-content\/uploads\/2025\/02\/legislacao-500x805.png 500w, https:\/\/www.ccdrc.pt\/wp-content\/uploads\/2025\/02\/legislacao-600x966.png 600w, https:\/\/www.ccdrc.pt\/wp-content\/uploads\/2025\/02\/legislacao-700x1127.png 700w, https:\/\/www.ccdrc.pt\/wp-content\/uploads\/2025\/02\/legislacao-768x1237.png 768w, https:\/\/www.ccdrc.pt\/wp-content\/uploads\/2025\/02\/legislacao-800x1288.png 800w, https:\/\/www.ccdrc.pt\/wp-content\/uploads\/2025\/02\/legislacao.png 868w\" sizes=\"(max-width: 868px) 100vw, 868px\" \/><\/div>\n<p><strong>Documentos legislativos para consulta<\/strong><\/p>\n<ul>\n<li><a href=\"https:\/\/www.ccdrc.pt\/wp-content\/uploads\/2025\/02\/directiva_676_91_cee.pdf\">Directiva n.\u00ba 91\/676\/CEE&nbsp;do Conselho<\/a>, de 12 de Dezembro<\/li>\n<li><a href=\"https:\/\/www.ccdrc.pt\/wp-content\/uploads\/2025\/02\/decreto_lei_235_97.pdf\">Decreto-Lei n.\u00ba 235\/97<\/a>, de 3 de Setembro<\/li>\n<li><a href=\"https:\/\/www.ccdrc.pt\/wp-content\/uploads\/2025\/02\/decreto_lei_68_99.pdf\">Decreto-Lei n.\u00ba 68\/99<\/a>, de 11 de Mar\u00e7o<\/li>\n<li><a href=\"https:\/\/www.ccdrc.pt\/wp-content\/uploads\/2025\/02\/portaria_1366_2007.pdf\">Portaria n.\u00ba 1366\/2007<\/a>, de 18 de Outubro<\/li>\n<li><a href=\"https:\/\/www.ccdrc.pt\/wp-content\/uploads\/2025\/02\/portaria_83_2010.pdf\">Portaria n.\u00ba 83\/2010<\/a>, de 10 de Fevereiro<\/li>\n<li><a href=\"https:\/\/www.ccdrc.pt\/wp-content\/uploads\/2025\/02\/portaria_259_2012.pdf\">Portaria n.\u00ba 259\/2012<\/a>, de 28 de Agosto<\/li>\n<li><a href=\"https:\/\/www.ccdrc.pt\/wp-content\/uploads\/2025\/02\/codigo_boas_praticas_agricolas.pdf\">C\u00f3digo de Boas Pr\u00e1ticas Agr\u00edcolas<\/a><\/li>\n<\/ul>\n<\/div><\/div><\/div><\/div><\/div><div class=\"accordian fusion-accordian\" style=\"--awb-border-size:1px;--awb-icon-size:16px;--awb-content-font-size:var(--awb-typography4-font-size);--awb-icon-alignment:left;--awb-hover-color:var(--awb-color2);--awb-border-color:var(--awb-color3);--awb-background-color:var(--awb-color1);--awb-divider-color:var(--awb-color3);--awb-divider-hover-color:var(--awb-color3);--awb-icon-color:#155e87;--awb-title-color:var(--awb-color8);--awb-content-color:var(--awb-color8);--awb-icon-box-color:var(--awb-color8);--awb-toggle-hover-accent-color:#000000;--awb-toggle-active-accent-color:#000000;--awb-title-font-family:var(--awb-typography1-font-family);--awb-title-font-weight:var(--awb-typography1-font-weight);--awb-title-font-style:var(--awb-typography1-font-style);--awb-title-font-size:16px;--awb-content-font-family:var(--awb-typography4-font-family);--awb-content-font-weight:var(--awb-typography4-font-weight);--awb-content-font-style:var(--awb-typography4-font-style);\"><div class=\"panel-group fusion-toggle-icon-unboxed\" id=\"accordion-70903-13\"><div class=\"fusion-panel panel-default panel-d0fa17ff395d65fe7 fusion-toggle-has-divider\" style=\"--awb-title-color:var(--awb-color8);\"><div class=\"panel-heading\"><h2 class=\"panel-title toggle\" id=\"toggle_d0fa17ff395d65fe7\"><a aria-expanded=\"false\" aria-controls=\"d0fa17ff395d65fe7\" role=\"button\" data-toggle=\"collapse\" data-target=\"#d0fa17ff395d65fe7\" href=\"#d0fa17ff395d65fe7\"><span class=\"fusion-toggle-icon-wrapper\" aria-hidden=\"true\"><i class=\"fa-fusion-box active-icon awb-icon-minus\" aria-hidden=\"true\"><\/i><i class=\"fa-fusion-box inactive-icon awb-icon-plus\" aria-hidden=\"true\"><\/i><\/span><span class=\"fusion-toggle-heading\">Atua\u00e7\u00e3o da CCDRC, IP nas Zonas Vulner\u00e1veis<\/span><\/a><\/h2><\/div><div id=\"d0fa17ff395d65fe7\" class=\"panel-collapse collapse \" araia-labelledby=\"toggle_d0fa17ff395d65fe7\"><div class=\"panel-body toggle-content fusion-clearfix\">\n<p><strong>Acompanhamento dos programas de a\u00e7\u00e3o das zonas vulner\u00e1veis de Aveiro e Mira<\/strong><\/p>\n<p class=\"stitle\">Dezembro 2010<\/p>\n<p>A CCDRC, IP tem vindo a desenvolver junto dos agricultores um apoio t\u00e9cnico por explora\u00e7\u00e3o agr\u00edcola, visando orientar os agricultores na melhor tomada de decis\u00e3o especialmente no c\u00e1lculo das aduba\u00e7\u00f5es efectuadas.<\/p>\n<p>Para esse facto desenvolveu um cronograma de actividades anuais, que todos os anos t\u00eam vindo a aumentar o n\u00famero de agricultores e \u00e1rea agr\u00edcola acompanhados.<\/p>\n<p>A recente publica\u00e7\u00e3o do Decreto-Lei n.\u00ba 83\/2010, de 10 de Fevereiro, com a publica\u00e7\u00e3o do novo Programa de A\u00e7\u00e3o para as Zonas Vulner\u00e1veis, e a publica\u00e7\u00e3o da Portaria n.\u00ba 164\/2010, de 16 de Mar\u00e7o, onde \u00e9 revogada as delimita\u00e7\u00f5es das zonas vulner\u00e1veis j\u00e1 existentes e delimita\u00e7\u00e3o de novas zonas vulner\u00e1veis, orientou a din\u00e2mica do grupo de trabalho para a execu\u00e7\u00e3o de uma nova estrat\u00e9gia de actua\u00e7\u00e3o.<\/p>\n<div class=\"wp-block-image\"><img decoding=\"async\" class=\"wpa-warning wpa-image-missing-alt aligncenter wp-image-70953 size-full\" src=\"https:\/\/www.ccdrc.pt\/wp-content\/uploads\/2025\/02\/quadr1.png\" alt=\"\" width=\"877\" height=\"257\" data-warning=\"Missing alt text\" srcset=\"https:\/\/www.ccdrc.pt\/wp-content\/uploads\/2025\/02\/quadr1-18x5.png 18w, https:\/\/www.ccdrc.pt\/wp-content\/uploads\/2025\/02\/quadr1-200x59.png 200w, https:\/\/www.ccdrc.pt\/wp-content\/uploads\/2025\/02\/quadr1-400x117.png 400w, https:\/\/www.ccdrc.pt\/wp-content\/uploads\/2025\/02\/quadr1-500x147.png 500w, https:\/\/www.ccdrc.pt\/wp-content\/uploads\/2025\/02\/quadr1-600x176.png 600w, https:\/\/www.ccdrc.pt\/wp-content\/uploads\/2025\/02\/quadr1-700x205.png 700w, https:\/\/www.ccdrc.pt\/wp-content\/uploads\/2025\/02\/quadr1-768x225.png 768w, https:\/\/www.ccdrc.pt\/wp-content\/uploads\/2025\/02\/quadr1-800x234.png 800w, https:\/\/www.ccdrc.pt\/wp-content\/uploads\/2025\/02\/quadr1.png 877w\" sizes=\"(max-width: 877px) 100vw, 877px\" \/><\/div>\n<p>Este ano de 2010 foi poss\u00edvel manterem e caracterizarem-se 39 explora\u00e7\u00f5es agr\u00edcolas (apesar de 3 explora\u00e7\u00f5es caracterizadas no ano 2008, este ano n\u00e3o integraram esta amostra) que no seu conjunto totalizam uma \u00e1rea de 548,26 ha, a acompanhar pela CCDRC, IP ainda que, nesta fase de implementa\u00e7\u00e3o dos programas de a\u00e7\u00e3o, objectivamente dirigidos \u00e0 monitoriza\u00e7\u00e3o apenas de uma \u00fanica parcela de cada explora\u00e7\u00e3o para os novos agricultores aderentes, e dirigidos a totalidade, ou quase, da explora\u00e7\u00e3o agr\u00edcola.<\/p>\n<div class=\"wp-block-image\"><img decoding=\"async\" class=\"wpa-warning wpa-image-missing-alt aligncenter wp-image-70954 size-full\" src=\"https:\/\/www.ccdrc.pt\/wp-content\/uploads\/2025\/02\/quadr2_3.png\" alt=\"\" width=\"876\" height=\"422\" data-warning=\"Missing alt text\" srcset=\"https:\/\/www.ccdrc.pt\/wp-content\/uploads\/2025\/02\/quadr2_3-18x9.png 18w, https:\/\/www.ccdrc.pt\/wp-content\/uploads\/2025\/02\/quadr2_3-200x96.png 200w, https:\/\/www.ccdrc.pt\/wp-content\/uploads\/2025\/02\/quadr2_3-400x193.png 400w, https:\/\/www.ccdrc.pt\/wp-content\/uploads\/2025\/02\/quadr2_3-500x241.png 500w, https:\/\/www.ccdrc.pt\/wp-content\/uploads\/2025\/02\/quadr2_3-600x289.png 600w, https:\/\/www.ccdrc.pt\/wp-content\/uploads\/2025\/02\/quadr2_3-700x337.png 700w, https:\/\/www.ccdrc.pt\/wp-content\/uploads\/2025\/02\/quadr2_3-768x370.png 768w, https:\/\/www.ccdrc.pt\/wp-content\/uploads\/2025\/02\/quadr2_3-800x385.png 800w, https:\/\/www.ccdrc.pt\/wp-content\/uploads\/2025\/02\/quadr2_3.png 876w\" sizes=\"(max-width: 876px) 100vw, 876px\" \/><\/div>\n<p>Este ano foram recolhidas e analisadas 22 amostras de terra. No entanto muitas explora\u00e7\u00f5es que se encontram na amostra acompanhada pela CCDRC, IP, com as novas regras n\u00e3o t\u00eam obrigatoriedade de fazer an\u00e1lises todos os anos, e como as tinham realizado no ano de 2009, este ano n\u00e3o houve necessidade de as repetir.<\/p>\n<div class=\"wp-block-image\"><img decoding=\"async\" class=\"wpa-warning wpa-image-missing-alt alignnone size-full wp-image-70955\" src=\"https:\/\/www.ccdrc.pt\/wp-content\/uploads\/2025\/02\/quadr4.png\" alt=\"\" width=\"877\" height=\"372\" data-warning=\"Missing alt text\" srcset=\"https:\/\/www.ccdrc.pt\/wp-content\/uploads\/2025\/02\/quadr4-18x8.png 18w, https:\/\/www.ccdrc.pt\/wp-content\/uploads\/2025\/02\/quadr4-200x85.png 200w, https:\/\/www.ccdrc.pt\/wp-content\/uploads\/2025\/02\/quadr4-400x170.png 400w, https:\/\/www.ccdrc.pt\/wp-content\/uploads\/2025\/02\/quadr4-500x212.png 500w, https:\/\/www.ccdrc.pt\/wp-content\/uploads\/2025\/02\/quadr4-600x255.png 600w, https:\/\/www.ccdrc.pt\/wp-content\/uploads\/2025\/02\/quadr4-700x297.png 700w, https:\/\/www.ccdrc.pt\/wp-content\/uploads\/2025\/02\/quadr4-768x326.png 768w, https:\/\/www.ccdrc.pt\/wp-content\/uploads\/2025\/02\/quadr4-800x339.png 800w, https:\/\/www.ccdrc.pt\/wp-content\/uploads\/2025\/02\/quadr4.png 877w\" sizes=\"(max-width: 877px) 100vw, 877px\" \/><\/div>\n<p>Pode-se ainda verificar que 86,41% das amostras de terra analisadas se encontram abaixo dos 100 mg NO3 \/Kg.<\/p>\n<p>Apesar de existir obrigatoriedade de an\u00e1lise de \u00e1gua de rega quadrienalmente, nas zonas vulner\u00e1veis da CCDRC, IP foram colhidas, georreferenciadas 90 amostras, e analisadas no Laborat\u00f3rio da Dire\u00e7\u00e3o Regional de Agricultura, localizado em Alcains, para assim ser poss\u00edvel obter a perspectiva de evolu\u00e7\u00e3o do teor de nitratos na \u00e1gua de rega.<\/p>\n<div class=\"wp-block-image\"><img decoding=\"async\" class=\"wpa-warning wpa-image-missing-alt alignnone size-full wp-image-70952\" src=\"https:\/\/www.ccdrc.pt\/wp-content\/uploads\/2025\/02\/graf1.png\" alt=\"\" width=\"656\" height=\"347\" data-warning=\"Missing alt text\" srcset=\"https:\/\/www.ccdrc.pt\/wp-content\/uploads\/2025\/02\/graf1-18x10.png 18w, https:\/\/www.ccdrc.pt\/wp-content\/uploads\/2025\/02\/graf1-200x106.png 200w, https:\/\/www.ccdrc.pt\/wp-content\/uploads\/2025\/02\/graf1-400x212.png 400w, https:\/\/www.ccdrc.pt\/wp-content\/uploads\/2025\/02\/graf1-500x264.png 500w, https:\/\/www.ccdrc.pt\/wp-content\/uploads\/2025\/02\/graf1-600x317.png 600w, https:\/\/www.ccdrc.pt\/wp-content\/uploads\/2025\/02\/graf1.png 656w\" sizes=\"(max-width: 656px) 100vw, 656px\" \/><\/div>\n<p>Pelos resultados obtidos foi poss\u00edvel verificar que nenhuma amostra de \u00e1gua ultrapassou o valor m\u00e1ximo recomendado (25 mg NO-3 \/l), no entanto o maior valor obtido atrav\u00e9s das analises de \u00e1gua foi de 16,9 mg NO-3 \/l.<\/p>\n<p>Foram realizadas durante os meses de Novembro e Dezembro, tr\u00eas col\u00f3quios subordinados ao tema de apresenta\u00e7\u00e3o do Programa de A\u00e7\u00e3o das Zonas Vulner\u00e1veis. Estes col\u00f3quios tiveram lugar no Bunheiro, Gafanha da Nazar\u00e9 e Mira. A ades\u00e3o por parte dos agricultores foi bastante significativa, contando com a participa\u00e7\u00e3o de 106, 18 e 63 agricultores respectivamente. Temos de real\u00e7ar que estes col\u00f3quios j\u00e1 abrangeram os agricultores localizados na Zona vulner\u00e1vel n.\u00ba 2 &#8211; Estarreja-Murtosa e Zona Vulner\u00e1vel n.\u00ba 3 &#8211; Litoral Centro e contaram com o apoio de institui\u00e7\u00f5es e empresas ligadas ao sector, nomeadamente a Cooperativa Agr\u00edcola de Estarreja, Proleite, Junta de Freguesia do Bunheiro, Lacticoop, Calcob e Cooperativa Agr\u00edcola da Tocha.<\/p>\n<p>Tamb\u00e9m existiu um contributo da equipa das zonas vulner\u00e1veis na georreferencia\u00e7\u00e3o das explora\u00e7\u00f5es acompanhadas.<\/p>\n<\/div><\/div><\/div><\/div><\/div><div class=\"accordian fusion-accordian\" style=\"--awb-border-size:1px;--awb-icon-size:16px;--awb-content-font-size:var(--awb-typography4-font-size);--awb-icon-alignment:left;--awb-hover-color:var(--awb-color2);--awb-border-color:var(--awb-color3);--awb-background-color:var(--awb-color1);--awb-divider-color:var(--awb-color3);--awb-divider-hover-color:var(--awb-color3);--awb-icon-color:#155e87;--awb-title-color:var(--awb-color8);--awb-content-color:var(--awb-color8);--awb-icon-box-color:var(--awb-color8);--awb-toggle-hover-accent-color:#000000;--awb-toggle-active-accent-color:#000000;--awb-title-font-family:var(--awb-typography1-font-family);--awb-title-font-weight:var(--awb-typography1-font-weight);--awb-title-font-style:var(--awb-typography1-font-style);--awb-title-font-size:16px;--awb-content-font-family:var(--awb-typography4-font-family);--awb-content-font-weight:var(--awb-typography4-font-weight);--awb-content-font-style:var(--awb-typography4-font-style);\"><div class=\"panel-group fusion-toggle-icon-unboxed\" id=\"accordion-70903-14\"><div class=\"fusion-panel panel-default panel-e08172f4d09d423de fusion-toggle-has-divider\" style=\"--awb-title-color:var(--awb-color8);\"><div class=\"panel-heading\"><h2 class=\"panel-title toggle\" id=\"toggle_e08172f4d09d423de\"><a aria-expanded=\"false\" aria-controls=\"e08172f4d09d423de\" role=\"button\" data-toggle=\"collapse\" data-target=\"#e08172f4d09d423de\" href=\"#e08172f4d09d423de\"><span class=\"fusion-toggle-icon-wrapper\" aria-hidden=\"true\"><i class=\"fa-fusion-box active-icon awb-icon-minus\" aria-hidden=\"true\"><\/i><i class=\"fa-fusion-box inactive-icon awb-icon-plus\" aria-hidden=\"true\"><\/i><\/span><span class=\"fusion-toggle-heading\">Mais informa\u00e7\u00e3o<\/span><\/a><\/h2><\/div><div id=\"e08172f4d09d423de\" class=\"panel-collapse collapse \" araia-labelledby=\"toggle_e08172f4d09d423de\"><div class=\"panel-body toggle-content fusion-clearfix\">\n<ul>\n<li><a href=\"https:\/\/www.ccdrc.pt\/wp-content\/uploads\/2025\/02\/manual_boas_praticas_zonas_vulneraveis.pdf\">Manual de Boas Pr\u00e1ticas para a Implementa\u00e7\u00e3o do Programa de A\u00e7\u00e3o em Zonas Vulner\u00e1veis de Portugal Continental&nbsp;<\/a>&#8211; edi\u00e7\u00e3o de 2021\/DGADR<\/li>\n<li><a href=\"https:\/\/www.ccdrc.pt\/wp-content\/uploads\/2025\/02\/zv_caderno_campo_drapc.pdf\">Caderno de Campo &#8211; Programa de A\u00e7\u00e3o da Zona Vulner\u00e1vel<\/a><\/li>\n<li><a href=\"https:\/\/www.ccdrc.pt\/wp-content\/uploads\/2025\/02\/folheto_boas_praticas_zv.pdf\">Folheto Boas Pr\u00e1ticas Agr\u00edcolas em Zonas Vulner\u00e1veis<\/a><\/li>\n<li><a href=\"https:\/\/www.ccdrc.pt\/wp-content\/uploads\/2025\/02\/pgep.doc\">Plano de Gest\u00e3o de Efluentes Pecu\u00e1rios<\/a><\/li>\n<li><a href=\"https:\/\/www.ccdrc.pt\/wp-content\/uploads\/2025\/02\/ficha_registo_fertilizacao.doc\">Ficha de registo de fertiliza\u00e7\u00e3o<\/a><\/li>\n<\/ul>\n<\/div><\/div><\/div><\/div><\/div><\/div><\/div><\/div><\/div><div class=\"fusion-fullwidth fullwidth-box fusion-builder-row-6 fusion-flex-container has-pattern-background has-mask-background nonhundred-percent-fullwidth non-hundred-percent-height-scrolling\" style=\"--awb-border-radius-top-left:0px;--awb-border-radius-top-right:0px;--awb-border-radius-bottom-right:0px;--awb-border-radius-bottom-left:0px;\" ><div class=\"fusion-builder-row fusion-row fusion-flex-align-items-flex-start\" style=\"max-width:1288px;margin-left: calc(-0% \/ 2 );margin-right: calc(-0% \/ 2 );\"><div class=\"fusion-layout-column fusion_builder_column fusion-builder-column-8 fusion_builder_column_1_1 1_1 fusion-flex-column\" style=\"--awb-bg-size:cover;--awb-width-large:100%;--awb-margin-top-large:0px;--awb-spacing-right-large:0%;--awb-margin-bottom-large:0px;--awb-spacing-left-large:0%;--awb-width-medium:100%;--awb-order-medium:0;--awb-spacing-right-medium:0%;--awb-spacing-left-medium:0%;--awb-width-small:100%;--awb-order-small:0;--awb-spacing-right-small:0%;--awb-spacing-left-small:0%;\"><div class=\"fusion-column-wrapper fusion-column-has-shadow fusion-flex-justify-content-flex-start fusion-content-layout-column\"><script>\n  window.onload = function() {\n    \/\/ Select the paragraph element\n    const pElement = document.querySelector('.fusion-text-2 p');\n\n    \/\/ Create a new h1 element\n    const h1Element = document.createElement('h1');\n\n    \/\/ Copy the inner HTML from the p to the h1\n    h1Element.innerHTML = pElement.innerHTML;\n\n    \/\/ Copy all the inline styles from the p to the h1\n    const style = window.getComputedStyle(pElement);\n    for (let i = 0; i < style.length; i++) {\n      h1Element.style.setProperty(style[i], style.getPropertyValue(style[i]));\n    }\n\n    \/\/ Replace the p element with the h1 element\n    pElement.parentNode.replaceChild(h1Element, pElement);\n  };\n<\/script><\/div><\/div><\/div><\/div><\/p>\n","protected":false},"excerpt":{"rendered":"","protected":false},"author":1451,"featured_media":0,"parent":70844,"menu_order":0,"comment_status":"closed","ping_status":"closed","template":"","meta":{"_acf_changed":false,"_eb_attr":"","inline_featured_image":false,"iawp_total_views":52,"footnotes":""},"class_list":["post-70903","page","type-page","status-publish","hentry"],"acf":[],"_links":{"self":[{"href":"https:\/\/www.ccdrc.pt\/pt\/wp-json\/wp\/v2\/pages\/70903","targetHints":{"allow":["GET"]}}],"collection":[{"href":"https:\/\/www.ccdrc.pt\/pt\/wp-json\/wp\/v2\/pages"}],"about":[{"href":"https:\/\/www.ccdrc.pt\/pt\/wp-json\/wp\/v2\/types\/page"}],"author":[{"embeddable":true,"href":"https:\/\/www.ccdrc.pt\/pt\/wp-json\/wp\/v2\/users\/1451"}],"replies":[{"embeddable":true,"href":"https:\/\/www.ccdrc.pt\/pt\/wp-json\/wp\/v2\/comments?post=70903"}],"version-history":[{"count":15,"href":"https:\/\/www.ccdrc.pt\/pt\/wp-json\/wp\/v2\/pages\/70903\/revisions"}],"predecessor-version":[{"id":80661,"href":"https:\/\/www.ccdrc.pt\/pt\/wp-json\/wp\/v2\/pages\/70903\/revisions\/80661"}],"up":[{"embeddable":true,"href":"https:\/\/www.ccdrc.pt\/pt\/wp-json\/wp\/v2\/pages\/70844"}],"wp:attachment":[{"href":"https:\/\/www.ccdrc.pt\/pt\/wp-json\/wp\/v2\/media?parent=70903"}],"curies":[{"name":"wp","href":"https:\/\/api.w.org\/{rel}","templated":true}]}}