{"id":34554,"date":"2023-08-10T08:45:12","date_gmt":"2023-08-10T08:45:12","guid":{"rendered":"http:\/\/www.ccdrc.pt\/?page_id=34554"},"modified":"2025-07-08T15:47:05","modified_gmt":"2025-07-08T15:47:05","slug":"residuos-regime-geral","status":"publish","type":"page","link":"https:\/\/www.ccdrc.pt\/pt\/areas-de-atuacao\/fiscalizacao\/areas-tematicas\/residuos-regime-geral\/","title":{"rendered":"Res\u00edduos Regime Geral"},"content":{"rendered":"<p><div class=\"fusion-fullwidth fullwidth-box fusion-builder-row-1 fusion-flex-container has-pattern-background has-mask-background breadcrumbs-container-div nonhundred-percent-fullwidth non-hundred-percent-height-scrolling fusion-sticky-container\" style=\"--awb-border-radius-top-left:0px;--awb-border-radius-top-right:0px;--awb-border-radius-bottom-right:0px;--awb-border-radius-bottom-left:0px;--awb-sticky-background-color:#ffffff !important;\" data-transition-offset=\"0\" data-sticky-offset=\"72px\" data-scroll-offset=\"0\" data-sticky-small-visibility=\"1\" data-sticky-medium-visibility=\"1\" data-sticky-large-visibility=\"1\" ><div class=\"fusion-builder-row fusion-row fusion-flex-align-items-flex-start\" style=\"max-width:1288px;margin-left: calc(-0% \/ 2 );margin-right: calc(-0% \/ 2 );\"><div class=\"fusion-layout-column fusion_builder_column fusion-builder-column-0 fusion_builder_column_1_1 1_1 fusion-flex-column mcbread\" style=\"--awb-bg-size:cover;--awb-width-large:100%;--awb-margin-top-large:0px;--awb-spacing-right-large:0%;--awb-margin-bottom-large:0px;--awb-spacing-left-large:0%;--awb-width-medium:100%;--awb-order-medium:0;--awb-spacing-right-medium:0%;--awb-spacing-left-medium:0%;--awb-width-small:100%;--awb-order-small:0;--awb-spacing-right-small:0%;--awb-spacing-left-small:0%;\"><div class=\"fusion-column-wrapper fusion-column-has-shadow fusion-flex-justify-content-flex-start fusion-content-layout-column\"><div class=\"fusion-breadcrumbs fusion-breadcrumbs-1\" id=\"bar-siteMap\"><span class=\"fusion-breadcrumb-item\"><a href=\"https:\/\/www.ccdrc.pt\/pt\" class=\"fusion-breadcrumb-link\"><span >Home<\/span><\/a><\/span><span class=\"fusion-breadcrumb-sep\">&amp;gt;<\/span><\/div>\n<style>\n\n.breadcrumbs-container-div.fusion-fullwidth.fullwidth-box.fusion-builder-row-8.fusion-flex-container.has-pattern-background.has-mask-background.breadcrumbs-container-div.nonhundred-percent-fullwidth.non-hundred-percent-height-scrolling {\n    max-width: 100% !important;\n    height: 72px !important;\n    border-bottom: 1px solid lightgray;\n    width: 100% !important;\n}\n.post-content > :nth-child(2) {\n  padding-top: 84px !important;\n}\n.fusion-fullwidth.fullwidth-box.fusion-builder-row-8.fusion-flex-container.has-pattern-background.has-mask-background.breadcrumbs-container-div.nonhundred-percent-fullwidth.non-hundred-percent-height-scrolling.fusion-sticky-container.fusion-sticky-transition.fusion-container-stuck{\n    margin-left: auto !important;\n    margin-right: auto !important;\n    max-width: 100% !important;\n    top: 72px;\n    width: 100% !important;\n}\n.fusion-fullwidth.fullwidth-box.fusion-builder-row-9.fusion-flex-container.has-pattern-background.has-mask-background.ssitemap.nonhundred-percent-fullwidth.non-hundred-percent-height-scrolling:has(.mcbread) {\n  max-width: 1288px !important;\n}\n.fusion-builder-row.fusion-row.fusion-flex-align-items-flex-start {\n    max-width: 1288px !important;\n    margin-left: calc(-0% \/ 2);\n    margin-right: calc(-0% \/ 2);\n}\n.fusion-column-wrapper.fusion-column-has-shadow.fusion-flex-justify-content-space-between.fusion-content-layout-row.fusion-flex-align-items-center {\n   display: none;\n}\n#main .fusion-builder-row.fusion-row.fusion-flex-align-items-flex-start{\nmax-width:1288px !important;\n}\n.fusion-fullwidth.fullwidth-box.fusion-builder-row-8.fusion-flex-container.has-pattern-background.has-mask-background.breadcrumbs-container-div.nonhundred-percent-fullwidth.non-hundred-percent-height-scrolling.fusion-sticky-container{\ndisplay:flex;\nalign-items:center;\n}\n.fusion-fullwidth.fullwidth-box.fusion-builder-row-9.fusion-flex-container.has-pattern-background.has-mask-background.ssitemap.nonhundred-percent-fullwidth.non-hundred-percent-height-scrolling{\npadding: 0px !important;\n}\n.fusion-fullwidth.fullwidth-box.fusion-builder-row-8.fusion-flex-container.has-pattern-background.has-mask-background.breadcrumbs-container-div.nonhundred-percent-fullwidth.non-hundred-percent-height-scrolling.fusion-sticky-container{\nmargin-top:12px;\n}\n.fusion-fullwidth.fullwidth-box.fusion-builder-row-8.fusion-flex-container.has-pattern-background.has-mask-background.breadcrumbs-container-div.nonhundred-percent-fullwidth.non-hundred-percent-height-scrolling.fusion-sticky-container.fusion-container-stuck.fusion-sticky-transition{\n    margin-left: -32px !important;\n    border-bottom: 1px solid lightgray;\n    margin-top:0px !important;\n}\n@media (min-width: 640px) and  (max-width:1024px){\n.fusion-fullwidth.fullwidth-box.fusion-builder-row-8.fusion-flex-container.has-pattern-background.has-mask-background.breadcrumbs-container-div.nonhundred-percent-fullwidth.non-hundred-percent-height-scrolling.fusion-sticky-container{\n    margin-top: 42px !important;\n}\n.fusion-fullwidth.fullwidth-box.fusion-builder-row-8.fusion-flex-container.has-pattern-background.has-mask-background.breadcrumbs-container-div.nonhundred-percent-fullwidth.non-hundred-percent-height-scrolling.fusion-sticky-container.fusion-container-stuck.fusion-sticky-transition {\n    padding-left: 32px !important;\n    border-bottom: 1px solid lightgray;\n    margin-top: 103px !important;\n    width:100% !important;\n}\n}\n@media (max-width: 640px) {\n.fusion-column-wrapper.fusion-column-has-shadow.fusion-flex-justify-content-space-between.fusion-content-layout-row.fusion-flex-align-items-center {\n   display: flex;\n}\n.fusion-fullwidth.fullwidth-box.fusion-builder-row-8.fusion-flex-container.has-pattern-background.has-mask-background.breadcrumbs-container-div.nonhundred-percent-fullwidth.non-hundred-percent-height-scrolling {\n    margin-top: 12px;\n    width: 100% !important;\n}\n#bar-siteMap{\ndisplay:flex;\nflex-direction: row;\njustify-content:start;\nalign-items:center;\n}\n.fusion-fullwidth.fullwidth-box.fusion-builder-row-8.fusion-flex-container.has-pattern-background.has-mask-background.breadcrumbs-container-div.nonhundred-percent-fullwidth.non-hundred-percent-height-scrolling.fusion-sticky-container.fusion-sticky-transition.fusion-container-stuck\n{\nmargin-right: -44px !important;\ntop: 132px !important;\nmargin-left:-16px !important;\nmargin-top:-6px !important;\n}\n.fusion-fullwidth.fullwidth-box.fusion-builder-row-8.fusion-flex-container.has-pattern-background.has-mask-background.breadcrumbs-container-div.nonhundred-percent-fullwidth.non-hundred-percent-height-scrolling.fusion-sticky-container.fusion-sticky-transition.fusion-container-stuck #bar-siteMap{\n padding-left: 20px;\n}\n}\n.breadcrumbs-separator-div{\nmin-width:100%;\nmax-width:100%;\nmargin: 0 -200px !important;\nborder-bottom:1px solid lightgray;\n}\n<\/style><\/div><\/div><\/div><div class=\"fusion-builder-row fusion-row fusion-flex-align-items-flex-start\" style=\"max-width:1288px;margin-left: calc(-0% \/ 2 );margin-right: calc(-0% \/ 2 );\"><\/div><\/div>\n<div class=\"fusion-fullwidth fullwidth-box fusion-builder-row-2 fusion-flex-container has-pattern-background has-mask-background container-site-max-width nonhundred-percent-fullwidth non-hundred-percent-height-scrolling fusion-no-small-visibility fusion-no-medium-visibility\" style=\"--awb-border-radius-top-left:0px;--awb-border-radius-top-right:0px;--awb-border-radius-bottom-right:0px;--awb-border-radius-bottom-left:0px;\" ><div class=\"fusion-builder-row fusion-row fusion-flex-align-items-flex-start\" style=\"max-width:1288px;margin-left: calc(-0% \/ 2 );margin-right: calc(-0% \/ 2 );\"><div class=\"fusion-layout-column fusion_builder_column fusion-builder-column-1 fusion_builder_column_1_4 1_4 fusion-flex-column container-menu-consultations\" style=\"--awb-bg-size:cover;--awb-width-large:25%;--awb-margin-top-large:64px;--awb-spacing-right-large:0%;--awb-margin-bottom-large:0px;--awb-spacing-left-large:0%;--awb-width-medium:25%;--awb-order-medium:0;--awb-spacing-right-medium:0%;--awb-spacing-left-medium:0%;--awb-width-small:100%;--awb-order-small:0;--awb-spacing-right-small:0%;--awb-spacing-left-small:0%;\"><div class=\"fusion-column-wrapper fusion-column-has-shadow fusion-flex-justify-content-flex-start fusion-content-layout-column\"><div class=\"fusion-builder-row fusion-builder-row-inner fusion-row fusion-flex-align-items-flex-start\" style=\"width:100% !important;max-width:100% !important;margin-left: calc(-0% \/ 2 );margin-right: calc(-0% \/ 2 );\"><div class=\"fusion-layout-column fusion_builder_column_inner fusion-builder-nested-column-0 fusion_builder_column_inner_1_1 1_1 fusion-flex-column menu-side-scrolling-full-page\" style=\"--awb-bg-size:cover;--awb-width-large:100%;--awb-margin-top-large:0px;--awb-spacing-right-large:0%;--awb-margin-bottom-large:0px;--awb-spacing-left-large:0%;--awb-width-medium:100%;--awb-order-medium:0;--awb-spacing-right-medium:0%;--awb-spacing-left-medium:0%;--awb-width-small:100%;--awb-order-small:0;--awb-spacing-right-small:0%;--awb-spacing-left-small:0%;\"><div class=\"fusion-column-wrapper fusion-column-has-shadow fusion-flex-justify-content-flex-start fusion-content-layout-column\"><div style=\"text-align:left;\"><a class=\"fusion-button button-flat fusion-button-default-size button-custom fusion-button-default button-1 fusion-button-default-span fusion-button-default-type btn-back-menu-side\" style=\"--button_accent_color:#007b88;--button_border_color:#007b88;--button_accent_hover_color:#007b88;--button_border_hover_color:#007b88;--button_gradient_angle:0deg;--button_gradient_end:0%;--button_gradient_top_color:#ffffff;--button_gradient_bottom_color:#ffffff;--button_gradient_top_color_hover:#ffffff;--button_gradient_bottom_color_hover:#ffffff;--button_font_size:14px;--button_line_height:29px;--button_typography-font-family:&quot;Noto Sans&quot;;--button_typography-font-style:normal;--button_typography-font-weight:400;\" target=\"_self\" href=\"http:\/\/www.ccdrc.pt\/pt\/areas-de-atuacao\/fiscalizacao\/\"><i class=\"fa-arrow-left fas button-icon-left\" aria-hidden=\"true\"><\/i><span class=\"fusion-button-text\">Fiscaliza\u00e7\u00e3o<\/span><\/a><\/div><div class=\"fusion-text fusion-text-1 fusion-text-no-margin\" style=\"--awb-font-size:16px;--awb-line-height:29px;--awb-text-color:#000000;--awb-margin-bottom:16px;--awb-text-font-family:&quot;Noto Sans&quot;;--awb-text-font-style:normal;--awb-text-font-weight:700;\"><p>\u00c1reas Tem\u00e1ticas<\/p>\n<\/div><nav class=\"awb-menu awb-menu_column awb-menu_em-hover mobile-mode-collapse-to-button awb-menu_icons-left awb-menu_dc-yes mobile-trigger-fullwidth-off awb-menu_mobile-toggle awb-menu_indent-left mobile-size-full-absolute loading mega-menu-loading awb-menu_desktop awb-menu_dropdown awb-menu_expand-right awb-menu_transition-fade fusion-no-small-visibility fusion-no-medium-visibility\" style=\"--awb-main-justify-content:flex-start;--awb-mobile-justify:flex-start;--awb-mobile-caret-left:auto;--awb-mobile-caret-right:0;--awb-fusion-font-family-typography:inherit;--awb-fusion-font-style-typography:normal;--awb-fusion-font-weight-typography:400;--awb-fusion-font-family-submenu-typography:inherit;--awb-fusion-font-style-submenu-typography:normal;--awb-fusion-font-weight-submenu-typography:400;--awb-fusion-font-family-mobile-typography:inherit;--awb-fusion-font-style-mobile-typography:normal;--awb-fusion-font-weight-mobile-typography:400;\" aria-label=\"Menu\" data-breakpoint=\"1024\" data-count=\"0\" data-transition-type=\"fade\" data-transition-time=\"300\" id=\"menu-area\"><button type=\"button\" class=\"awb-menu__m-toggle awb-menu__m-toggle_no-text\" aria-expanded=\"false\" aria-controls=\"menu-fiscalizacao-areas-tematicas-sidemenu\"><span class=\"awb-menu__m-toggle-inner\"><span class=\"collapsed-nav-text\"><span class=\"screen-reader-text\">Toggle Navigation<\/span><\/span><span class=\"awb-menu__m-collapse-icon awb-menu__m-collapse-icon_no-text\"><span class=\"awb-menu__m-collapse-icon-open awb-menu__m-collapse-icon-open_no-text fa-bars fas\"><\/span><span class=\"awb-menu__m-collapse-icon-close awb-menu__m-collapse-icon-close_no-text fa-times fas\"><\/span><\/span><\/span><\/button><ul id=\"menu-fiscalizacao-areas-tematicas-sidemenu\" class=\"fusion-menu awb-menu__main-ul awb-menu__main-ul_column\"><li  id=\"menu-item-34541\"  class=\"menu-item menu-item-type-post_type menu-item-object-page menu-item-34541 awb-menu__li awb-menu__main-li awb-menu__main-li_regular\"  data-item-id=\"34541\"><span class=\"awb-menu__main-background-default awb-menu__main-background-default_fade\"><\/span><span class=\"awb-menu__main-background-active awb-menu__main-background-active_fade\"><\/span><a  href=\"https:\/\/www.ccdrc.pt\/pt\/areas-de-atuacao\/fiscalizacao\/areas-tematicas\/\" class=\"awb-menu__main-a awb-menu__main-a_regular\"><span class=\"menu-text\">Avalia\u00e7\u00e3o de Impacte Ambiental<\/span><\/a><\/li><li  id=\"menu-item-34548\"  class=\"menu-item menu-item-type-post_type menu-item-object-page menu-item-34548 awb-menu__li awb-menu__main-li awb-menu__main-li_regular\"  data-item-id=\"34548\"><span class=\"awb-menu__main-background-default awb-menu__main-background-default_fade\"><\/span><span class=\"awb-menu__main-background-active awb-menu__main-background-active_fade\"><\/span><a  href=\"https:\/\/www.ccdrc.pt\/pt\/areas-de-atuacao\/fiscalizacao\/areas-tematicas\/registo-de-emissoes-e-transferencias-de-poluentes-prtr\/\" class=\"awb-menu__main-a awb-menu__main-a_regular\"><span class=\"menu-text\">Registo de Emiss\u00f5es e Transfer\u00eancias de Poluentes (PRTR)<\/span><\/a><\/li><li  id=\"menu-item-34553\"  class=\"menu-item menu-item-type-post_type menu-item-object-page menu-item-34553 awb-menu__li awb-menu__main-li awb-menu__main-li_regular\"  data-item-id=\"34553\"><span class=\"awb-menu__main-background-default awb-menu__main-background-default_fade\"><\/span><span class=\"awb-menu__main-background-active awb-menu__main-background-active_fade\"><\/span><a  href=\"https:\/\/www.ccdrc.pt\/pt\/areas-de-atuacao\/fiscalizacao\/areas-tematicas\/ruido\/\" class=\"awb-menu__main-a awb-menu__main-a_regular\"><span class=\"menu-text\">Ru\u00eddo<\/span><\/a><\/li><li  id=\"menu-item-34558\"  class=\"menu-item menu-item-type-post_type menu-item-object-page menu-item-34558 awb-menu__li awb-menu__main-li awb-menu__main-li_regular\"  data-item-id=\"34558\"><span class=\"awb-menu__main-background-default awb-menu__main-background-default_fade\"><\/span><span class=\"awb-menu__main-background-active awb-menu__main-background-active_fade\"><\/span><a  href=\"https:\/\/www.ccdrc.pt\/pt\/areas-de-atuacao\/fiscalizacao\/areas-tematicas\/residuos-regime-geral\/\" class=\"awb-menu__main-a awb-menu__main-a_regular\"><span class=\"menu-text\">Res\u00edduos Regime Geral<\/span><\/a><\/li><li  id=\"menu-item-34624\"  class=\"menu-item menu-item-type-post_type menu-item-object-page menu-item-34624 awb-menu__li awb-menu__main-li awb-menu__main-li_regular\"  data-item-id=\"34624\"><span class=\"awb-menu__main-background-default awb-menu__main-background-default_fade\"><\/span><span class=\"awb-menu__main-background-active awb-menu__main-background-active_fade\"><\/span><a  href=\"https:\/\/www.ccdrc.pt\/pt\/areas-de-atuacao\/fiscalizacao\/areas-tematicas\/residuos-fluxos-especificos\/\" class=\"awb-menu__main-a awb-menu__main-a_regular\"><span class=\"menu-text\">Res\u00edduos Fluxos Espec\u00edficos<\/span><\/a><\/li><li  id=\"menu-item-34659\"  class=\"menu-item menu-item-type-post_type menu-item-object-page menu-item-34659 awb-menu__li awb-menu__main-li awb-menu__main-li_regular\"  data-item-id=\"34659\"><span class=\"awb-menu__main-background-default awb-menu__main-background-default_fade\"><\/span><span class=\"awb-menu__main-background-active awb-menu__main-background-active_fade\"><\/span><a  href=\"https:\/\/www.ccdrc.pt\/pt\/areas-de-atuacao\/fiscalizacao\/areas-tematicas\/reserva-ecologica-nacional\/\" class=\"awb-menu__main-a awb-menu__main-a_regular\"><span class=\"menu-text\">Reserva Ecol\u00f3gica Nacional<\/span><\/a><\/li><li  id=\"menu-item-34662\"  class=\"menu-item menu-item-type-post_type menu-item-object-page menu-item-34662 awb-menu__li awb-menu__main-li awb-menu__main-li_regular\"  data-item-id=\"34662\"><span class=\"awb-menu__main-background-default awb-menu__main-background-default_fade\"><\/span><span class=\"awb-menu__main-background-active awb-menu__main-background-active_fade\"><\/span><a  href=\"https:\/\/www.ccdrc.pt\/pt\/areas-de-atuacao\/fiscalizacao\/areas-tematicas\/rede-natura-2000\/\" class=\"awb-menu__main-a awb-menu__main-a_regular\"><span class=\"menu-text\">Rede Natura 2000<\/span><\/a><\/li><li  id=\"menu-item-34665\"  class=\"menu-item menu-item-type-post_type menu-item-object-page menu-item-34665 awb-menu__li awb-menu__main-li awb-menu__main-li_regular\"  data-item-id=\"34665\"><span class=\"awb-menu__main-background-default awb-menu__main-background-default_fade\"><\/span><span class=\"awb-menu__main-background-active awb-menu__main-background-active_fade\"><\/span><a  href=\"https:\/\/www.ccdrc.pt\/pt\/areas-de-atuacao\/fiscalizacao\/areas-tematicas\/responsabilidade-ambiental\/\" class=\"awb-menu__main-a awb-menu__main-a_regular\"><span class=\"menu-text\">Responsabilidade Ambiental<\/span><\/a><\/li><li  id=\"menu-item-34670\"  class=\"menu-item menu-item-type-post_type menu-item-object-page menu-item-34670 awb-menu__li awb-menu__main-li awb-menu__main-li_regular\"  data-item-id=\"34670\"><span class=\"awb-menu__main-background-default awb-menu__main-background-default_fade\"><\/span><span class=\"awb-menu__main-background-active awb-menu__main-background-active_fade\"><\/span><a  href=\"https:\/\/www.ccdrc.pt\/pt\/areas-de-atuacao\/fiscalizacao\/areas-tematicas\/pedreiras\/\" class=\"awb-menu__main-a awb-menu__main-a_regular\"><span class=\"menu-text\">Pedreiras<\/span><\/a><\/li><li  id=\"menu-item-34678\"  class=\"menu-item menu-item-type-post_type menu-item-object-page menu-item-34678 awb-menu__li awb-menu__main-li awb-menu__main-li_regular\"  data-item-id=\"34678\"><span class=\"awb-menu__main-background-default awb-menu__main-background-default_fade\"><\/span><span class=\"awb-menu__main-background-active awb-menu__main-background-active_fade\"><\/span><a  href=\"https:\/\/www.ccdrc.pt\/pt\/areas-de-atuacao\/fiscalizacao\/areas-tematicas\/compostos-organicos-volateis\/\" class=\"awb-menu__main-a awb-menu__main-a_regular\"><span class=\"menu-text\">Compostos Org\u00e2nicos Vol\u00e1teis<\/span><\/a><\/li><\/ul><\/nav><\/div><\/div><\/div><\/div><\/div><div class=\"fusion-layout-column fusion_builder_column fusion-builder-column-2 fusion_builder_column_3_4 3_4 fusion-flex-column\" style=\"--awb-bg-size:cover;--awb-width-large:75%;--awb-margin-top-large:88px;--awb-spacing-right-large:0%;--awb-margin-bottom-large:0px;--awb-spacing-left-large:0%;--awb-width-medium:75%;--awb-order-medium:0;--awb-spacing-right-medium:0%;--awb-spacing-left-medium:0%;--awb-width-small:100%;--awb-order-small:0;--awb-spacing-right-small:0%;--awb-spacing-left-small:0%;\"><div class=\"fusion-column-wrapper fusion-column-has-shadow fusion-flex-justify-content-flex-start fusion-content-layout-column\"><div class=\"fusion-text fusion-text-2 fusion-text-no-margin\" style=\"--awb-font-size:20px;--awb-line-height:36px;--awb-text-color:#636262;--awb-margin-bottom:4px;--awb-text-font-family:&quot;Noto Sans&quot;;--awb-text-font-style:normal;--awb-text-font-weight:400;\"><p>\u00c1reas Tem\u00e1ticas<\/p>\n<\/div><div class=\"fusion-text fusion-text-3 fusion-text-no-margin\" style=\"--awb-font-size:32px;--awb-line-height:44px;--awb-text-color:#000000;--awb-margin-bottom:64px;--awb-text-font-family:&quot;Noto Sans&quot;;--awb-text-font-style:normal;--awb-text-font-weight:700;\"><h1 class=\"page-h1\">Res\u00edduos Regime Geral<\/h1>\n<\/div><span class='date-cm fusion-tb-published-date' style='font-size:13px !important; padding-bottom:4px !important; padding-top:4px !important;'>Publicado em: 09\/01\/2013 &bull;  Modificado em: 06\/12\/2023<\/span><div class=\"fusion-text fusion-text-4 content-article\"><div data-post-id=\"18064\" class=\"insert-page insert-page-18064 \"><div class=\"fusion-fullwidth fullwidth-box fusion-builder-row-2-1 fusion-flex-container nonhundred-percent-fullwidth non-hundred-percent-height-scrolling\" style=\"--awb-border-radius-top-left:0px;--awb-border-radius-top-right:0px;--awb-border-radius-bottom-right:0px;--awb-border-radius-bottom-left:0px;\" ><div class=\"fusion-builder-row fusion-row fusion-flex-align-items-flex-start\" style=\"width:100% !important;max-width:100% !important;margin-left: calc(-0% \/ 2 );margin-right: calc(-0% \/ 2 );\"><div class=\"fusion-layout-column fusion_builder_column fusion-builder-column-3 fusion_builder_column_1_1 1_1 fusion-flex-column\" style=\"--awb-bg-size:cover;--awb-width-large:100%;--awb-margin-top-large:0px;--awb-spacing-right-large:0%;--awb-margin-bottom-large:0px;--awb-spacing-left-large:0%;--awb-width-medium:100%;--awb-spacing-right-medium:0%;--awb-spacing-left-medium:0%;--awb-width-small:100%;--awb-spacing-right-small:0%;--awb-spacing-left-small:0%;\"><div class=\"fusion-column-wrapper fusion-flex-justify-content-flex-start fusion-content-layout-column\"><div class=\"fusion-text fusion-text-4\"><p class=\"MsoNormal\" style=\"margin-bottom: 12.75pt; text-align: justify; line-height: 13.5pt; background: none repeat scroll 0% 0% white;\"><strong><span style=\"font-family: Arial;\">Regime geral aplic\u00e1vel \u00e0 preven\u00e7\u00e3o, produ\u00e7\u00e3o e gest\u00e3o de res\u00edduos<\/span><\/strong><\/p>\n<p class=\"MsoNormal\" style=\"text-align: justify;\"><span style=\"font-family: Arial;\">O <\/span><a class=\"doclink\" href=\"http:\/\/www.ccdrc.pt\/wp-content\/uploads\/2013\/01\/dl_73_2011-9a0.pdf\"><span class=\"doclink\">Decreto-Lei n.\u00ba 73\/2011, de 17 de Junho<\/span><\/a><span style=\"font-family: Arial;\">, que estabelece a terceira altera\u00e7\u00e3o do <\/span><a class=\"doclink\" href=\"http:\/\/www.ccdrc.pt\/wp-content\/uploads\/2013\/01\/dl_178_2006-eb5.pdf\"><span class=\"doclink\">Decreto-Lei n.\u00ba 178\/2006, de 5 de Setembro<\/span><\/a><span style=\"font-family: Arial;\">, constitui o regime geral aplic\u00e1vel \u00e0 preven\u00e7\u00e3o, produ\u00e7\u00e3o e gest\u00e3o de res\u00edduos, transpondo para a ordem jur\u00eddica interna a Directiva n.\u00ba 2008\/98\/CE, do Parlamento Europeu e do Conselho, de 19 de Novembro<\/span><\/p>\n<p class=\"MsoNormal\" style=\"text-align: justify;\"><span style=\"font-family: Arial;\">O presente regime \u00e9 aplic\u00e1vel \u00e0s opera\u00e7\u00f5es de gest\u00e3o de res\u00edduos destinadas a prevenir ou reduzir a produ\u00e7\u00e3o de res\u00edduos, o seu car\u00e1cter nocivo e os impactes adversos decorrentes da sua produ\u00e7\u00e3o e gest\u00e3o, bem como a diminui\u00e7\u00e3o dos impactes associados \u00e0 utiliza\u00e7\u00e3o dos recursos, de forma a melhorar a efici\u00eancia da sua utiliza\u00e7\u00e3o e a protec\u00e7\u00e3o do ambiente e da sa\u00fade humana<\/span><\/p>\n<p class=\"MsoNormal\"><span style=\"font-family: Arial;\">Excluem-se do \u00e2mbito de aplica\u00e7\u00e3o do presente decreto-lei:<\/span><\/p>\n<p class=\"MsoNormal\" style=\"margin-left: 36pt; text-align: justify; text-indent: -18pt;\"><span style=\"font-family: Arial;\">a)<span style=\"font: 7pt 'Times New Roman';\">&nbsp;&nbsp;&nbsp;&nbsp; <\/span><\/span><span style=\"font-family: Arial;\">Os efluentes gasosos lan\u00e7ados na atmosfera, o di\u00f3xido de carbono captado e transportado para efeitos de armazenamento geol\u00f3gico e geologicamente armazenado, nos termos do regime jur\u00eddico relativo ao armazenamento geol\u00f3gico de di\u00f3xido de carbono, e o di\u00f3xido de carbono objecto de armazenamento geol\u00f3gico em quantidades totais inferiores a 100 000 t, destinado \u00e0 investiga\u00e7\u00e3o, desenvolvimento ou ensaio de novos produtos e processos;<\/span><\/p>\n<p class=\"MsoNormal\" style=\"margin-left: 36pt; text-align: justify; text-indent: -18pt;\"><span style=\"font-family: Arial;\">b)<span style=\"font: 7pt 'Times New Roman';\">&nbsp;&nbsp;&nbsp;&nbsp; <\/span><\/span><span style=\"font-family: Arial;\">A terra <em>(in situ)<\/em>, incluindo os solos contaminados n\u00e3o escavados e os edif\u00edcios com liga\u00e7\u00e3o permanente ao solo;<\/span><\/p>\n<p class=\"MsoNormal\" style=\"margin-left: 36pt; text-align: justify; text-indent: -18pt;\"><span style=\"font-family: Arial;\">c)<span style=\"font: 7pt 'Times New Roman';\">&nbsp;&nbsp;&nbsp;&nbsp;&nbsp; <\/span><\/span><span style=\"font-family: Arial;\">O solo n\u00e3o contaminado e outros materiais naturais resultantes de escava\u00e7\u00f5es no \u00e2mbito de actividades de constru\u00e7\u00e3o desde que os materiais em causa sejam utilizados para constru\u00e7\u00e3o no seu estado natural e no local em que foram escavados;<\/span><\/p>\n<p class=\"MsoNormal\" style=\"margin-left: 36pt; text-align: justify; text-indent: -18pt;\"><span style=\"font-family: Arial;\">d)<span style=\"font: 7pt 'Times New Roman';\">&nbsp;&nbsp;&nbsp;&nbsp; <\/span><\/span><span style=\"font-family: Arial;\">Os res\u00edduos radioactivos;<\/span><\/p>\n<p class=\"MsoNormal\" style=\"margin-left: 36pt; text-align: justify; text-indent: -18pt;\"><span style=\"font-family: Arial;\">e)<span style=\"font: 7pt 'Times New Roman';\">&nbsp;&nbsp;&nbsp;&nbsp; <\/span><\/span><span style=\"font-family: Arial;\">Os explosivos abatidos \u00e0 carga ou em fim de vida;<\/span><\/p>\n<p class=\"MsoNormal\" style=\"margin-left: 36pt; text-align: justify; text-indent: -18pt;\"><span style=\"font-family: Arial;\">f)<span style=\"font: 7pt 'Times New Roman';\">&nbsp;&nbsp;&nbsp;&nbsp;&nbsp;&nbsp; <\/span><\/span><span style=\"font-family: Arial;\">As mat\u00e9rias fecais n\u00e3o abrangidas nos subprodutos animais (al\u00ednea j), as palhas e outro material natural n\u00e3o perigoso de origem agr\u00edcola ou silv\u00edcola que seja utilizado na agricultura ou na silvicultura ou para a produ\u00e7\u00e3o de energia a partir dessa biomassa atrav\u00e9s de processos ou m\u00e9todos que n\u00e3o prejudiquem o ambiente nem ponham em perigo a sa\u00fade humana;<\/span><\/p>\n<p class=\"MsoNormal\" style=\"margin-left: 36pt; text-align: justify; text-indent: -18pt;\"><span style=\"font-family: Arial;\">g)<span style=\"font: 7pt 'Times New Roman';\">&nbsp;&nbsp;&nbsp;&nbsp; <\/span><\/span><span style=\"font-family: Arial;\">Os sedimentos deslocados no interior das \u00e1guas de superf\u00edcie para efeitos de gest\u00e3o das \u00e1guas e dos cursos de \u00e1gua, de preven\u00e7\u00e3o de inunda\u00e7\u00f5es ou de atenua\u00e7\u00e3o dos efeitos de inunda\u00e7\u00f5es e secas ou da recupera\u00e7\u00e3o de terras caso se demonstre a sua n\u00e3o perigosidade.<\/span><\/p>\n<p class=\"MsoNormal\" style=\"margin-left: 36pt; text-align: justify; text-indent: -18pt;\"><span style=\"font-family: Arial;\">h)<span style=\"font: 7pt 'Times New Roman';\">&nbsp;&nbsp;&nbsp;&nbsp; <\/span><\/span><span style=\"font-family: Arial;\">As \u00e1guas residuais;<\/span><\/p>\n<p class=\"MsoNormal\" style=\"margin-left: 36pt; text-align: justify; text-indent: -18pt;\"><span style=\"font-family: Arial;\">i)<span style=\"font: 7pt 'Times New Roman';\">&nbsp;&nbsp;&nbsp;&nbsp;&nbsp;&nbsp;&nbsp; <\/span><\/span><em><span style=\"font-family: Arial;\">b<\/span><\/em><span style=\"font-family: Arial;\">) Res\u00edduos resultantes da prospec\u00e7\u00e3o, extrac\u00e7\u00e3o, tratamento e armazenagem de recursos minerais, bem como da explora\u00e7\u00e3o de pedreiras, abrangidos pelo Decreto\u2013Lei n.\u00ba 10\/2010, de 4 de Fevereiro;<\/span><\/p>\n<p class=\"MsoNormal\" style=\"margin-left: 36pt; text-align: justify; text-indent: -18pt;\"><span style=\"font-family: Arial;\">j)<span style=\"font: 7pt 'Times New Roman';\">&nbsp;&nbsp;&nbsp;&nbsp;&nbsp;&nbsp;&nbsp; <\/span><\/span><span style=\"font-family: Arial;\">Os subprodutos animais, incluindo os produtos transformados abrangidos pelo Regulamento (CE) n.\u00ba 1069\/2009, do Parlamento Europeu e do Conselho, de 21 de Outubro, com excep\u00e7\u00e3o dos destinados \u00e0 incinera\u00e7\u00e3o, \u00e0 deposi\u00e7\u00e3o em aterros ou \u00e0 utiliza\u00e7\u00e3o numa unidade de biog\u00e1s ou de compostagem;<\/span><\/p>\n<p class=\"MsoNormal\" style=\"margin-left: 36pt; text-align: justify; text-indent: -18pt;\"><span style=\"font-family: Arial;\">k)<span style=\"font: 7pt 'Times New Roman';\">&nbsp;&nbsp;&nbsp;&nbsp;&nbsp; <\/span><\/span><span style=\"font-family: Arial;\">As carca\u00e7as de animais cuja morte n\u00e3o tenha resultado de abate, incluindo os animais mortos para erradica\u00e7\u00e3o de doen\u00e7as epizo\u00f3ticas, e que tenham sido eliminadas nos termos do Regulamento (CE) n.\u00ba 1069\/2009, do Parlamento Europeu e do Conselho, de 21 de Outubro.<\/span><\/p>\n<p class=\"MsoNormal\" style=\"text-align: justify;\"><span style=\"font-family: Arial;\">As altera\u00e7\u00f5es introduzidas pelo <\/span><span style=\"font-family: Arial;\">Decreto-Lei n.\u00ba 73\/2011, de 17 de Junho<\/span><span style=\"font-family: Arial;\"> ao regime geral da gest\u00e3o de res\u00edduos t\u00eam por objectivo, em linhas gerais:<\/span><\/p>\n<p style=\"margin-left: 36pt; text-align: justify; text-indent: -18pt;\"><span style=\"font-family: Arial;\">1.<span style=\"font: 7pt 'Times New Roman';\">&nbsp;&nbsp;&nbsp;&nbsp;&nbsp; <\/span><\/span><span style=\"font-family: Arial;\">O refor\u00e7o da preven\u00e7\u00e3o da produ\u00e7\u00e3o de res\u00edduos e fomentar a sua reutiliza\u00e7\u00e3o e reciclagem, promover o pleno aproveitamento do mercado organizado de res\u00edduos, como forma de consolidar a valoriza\u00e7\u00e3o dos res\u00edduos, com vantagens para os agentes econ\u00f3micos, bem como estimular o aproveitamento de res\u00edduos espec\u00edficos com elevado potencial de valoriza\u00e7\u00e3o;<\/span><\/p>\n<p style=\"margin-left: 36pt; text-align: justify; text-indent: -18pt;\"><span style=\"font-family: Arial;\">2.<span style=\"font: 7pt 'Times New Roman';\">&nbsp;&nbsp;&nbsp;&nbsp;&nbsp; <\/span><\/span><span style=\"font-family: Arial;\">Clarificar conceitos-chave como as defini\u00e7\u00f5es de res\u00edduo, preven\u00e7\u00e3o, reutiliza\u00e7\u00e3o, prepara\u00e7\u00e3o para a reutiliza\u00e7\u00e3o, tratamento e reciclagem, e a distin\u00e7\u00e3o entre os conceitos de valoriza\u00e7\u00e3o e elimina\u00e7\u00e3o de res\u00edduos, prev\u00ea-se a aprova\u00e7\u00e3o de programas de preven\u00e7\u00e3o e estabelecem-se metas de prepara\u00e7\u00e3o para reutiliza\u00e7\u00e3o, reciclagem e outras formas de valoriza\u00e7\u00e3o material de res\u00edduos, a cumprir at\u00e9 2020;<\/span><\/p>\n<p style=\"margin-left: 36pt; text-align: justify; text-indent: -18pt;\"><span style=\"font-family: Arial;\">3.<span style=\"font: 7pt 'Times New Roman';\">&nbsp;&nbsp;&nbsp;&nbsp;&nbsp; <\/span><\/span><span style=\"font-family: Arial;\">Estabelece um conjunto de <a title=\"Ver ficheiro em anexo\" href=\"http:\/\/www.ccdrc.pt\/wp-content\/uploads\/2010\/10\/residuos_geral_-_anexo-0f1.pdf\" target=\"_blank\" rel=\"noopener\">princ\u00edpios gerais<\/a> da maior import\u00e2ncia em mat\u00e9ria de gest\u00e3o de res\u00edduos. \u00c9 o que se verifica relativamente \u00e0 no\u00e7\u00e3o da auto-sufici\u00eancia e da proximidade, ao princ\u00edpio da preven\u00e7\u00e3o, \u00e0 preval\u00eancia da valoriza\u00e7\u00e3o dos res\u00edduos sobre a sua elimina\u00e7\u00e3o e, no \u00e2mbito daquela, ao estabelecimento de uma prefer\u00eancia tendencial pela reutiliza\u00e7\u00e3o sobre a reciclagem, e de uma prefer\u00eancia tendencial da reciclagem sobre a recupera\u00e7\u00e3o energ\u00e9tica.<\/span><\/p>\n<p style=\"margin-left: 36pt; text-align: justify; text-indent: -18pt;\"><span style=\"font-family: Arial;\">4.<span style=\"font: 7pt 'Times New Roman';\">&nbsp;&nbsp;&nbsp;&nbsp;&nbsp; <\/span><\/span><span style=\"font-family: Arial;\">Incentivar \u00e0 reciclagem que permita o cumprimento destas metas, e de preserva\u00e7\u00e3o dos recursos naturais, prevista a utiliza\u00e7\u00e3o de pelo menos 5% de materiais reciclados em empreitadas de obras p\u00fablicas;<\/span><\/p>\n<p style=\"margin-left: 36pt; text-align: justify; text-indent: -18pt;\"><span style=\"font-family: Arial;\">5.<span style=\"font: 7pt 'Times New Roman';\">&nbsp;&nbsp;&nbsp;&nbsp;&nbsp; <\/span><\/span><span style=\"font-family: Arial;\">A defini\u00e7\u00e3o de requisitos para que subst\u00e2ncias ou objectos resultantes de um processo produtivo possam ser considerados subprodutos e n\u00e3o res\u00edduos;<\/span><\/p>\n<p style=\"margin-left: 36pt; text-align: justify; text-indent: -18pt;\"><span style=\"font-family: Arial;\">6.<span style=\"font: 7pt 'Times New Roman';\">&nbsp;&nbsp;&nbsp;&nbsp;&nbsp; <\/span><\/span><span style=\"font-family: Arial;\">Estabelecer crit\u00e9rios para que determinados res\u00edduos deixem de ter o estatuto de res\u00edduo;<\/span><\/p>\n<p style=\"margin-left: 36pt; text-align: justify; text-indent: -18pt;\"><span style=\"font-family: Arial;\">7.<span style=\"font: 7pt 'Times New Roman';\">&nbsp;&nbsp;&nbsp;&nbsp;&nbsp; <\/span><\/span><span style=\"font-family: Arial;\">As opera\u00e7\u00f5es de gest\u00e3o de res\u00edduos ficam sujeitas a um procedimento administrativo c\u00e9lere de controlo pr\u00e9vio, que se conclui com a emiss\u00e3o de uma licen\u00e7a.<\/span><\/p>\n<p style=\"text-align: justify;\"><span style=\"font-family: Arial;\">O Decreto-Lei n.\u00ba 73\/2011, de 17 de Junho, procede ainda \u00e0 altera\u00e7\u00e3o dos seguintes diplomas: Decreto-Lei n.\u00ba 366-A\/97, de 20 de Dezembro, Decreto-Lei n.\u00ba 111\/2001, de 6 de Abril, Decreto-Lei n.\u00ba 153\/2003, de 11 de Julho, Decreto-Lei n.\u00ba 196\/2003, de 23 de Agosto, Decreto-Lei n.\u00ba 3\/2004, de 3 de Janeiro, Decreto-Lei n.\u00ba 190\/2004, de 17 de Agosto, Decreto-Lei n.\u00ba 46\/2008, de 12 de Mar\u00e7o e Decreto-Lei n.\u00ba 210\/2009, de 3 de Setembro.<\/span><\/p>\n<p><!--nextpage--><\/p>\n<p class=\"MsoNormal\" style=\"text-align: justify;\"><strong><span style=\"font-family: Arial;\">Legisla\u00e7\u00e3o <\/span><\/strong><\/p>\n<p><span style=\"font-family: Arial;\">&nbsp;<\/span><\/p>\n<ul style=\"margin-top: 0cm;\">\n<li class=\"MsoNormal\" style=\"text-align: justify;\"><a class=\"doclink\" href=\"http:\/\/www.ccdrc.pt\/wp-content\/uploads\/2013\/01\/dl_178_2006-eb5.pdf\"><span class=\"doclink\">Decreto-Lei n.\u00ba 178\/2006, de 5 de Setembro<\/span><\/a> <span style=\"font-family: Arial;\">&#8211; Aprova o regime geral da gest\u00e3o de res\u00edduos, transpondo para a ordem jur\u00eddica interna a <a title=\"Directiva n.\u00ba 2006\/12\/CE\" href=\"http:\/\/www.dre.pt\/util\/eurlex\/eurlex.asp?ano=2006&amp;id=306L0012\" target=\"_blank\" rel=\"noopener\">Directiva n.\u00ba 2006\/12\/CE<\/a>, do Parlamento Europeu e do Conselho, de 5 de Abril, e a <a title=\"Directiva n.\u00ba 91\/689\/CEE\" href=\"http:\/\/www.dre.pt\/util\/eurlex\/eurlex.asp?ano=1991&amp;id=391L0689\" target=\"_blank\" rel=\"noopener\">Directiva n.\u00ba 91\/689\/CEE<\/a>, do Conselho, de 12 de Dezembro;<\/span><span style=\"font-family: Arial;\"><br \/>\n<\/span><\/li>\n<\/ul>\n<ul style=\"margin-top: 0cm;\">\n<li class=\"MsoNormal\" style=\"text-align: justify;\"><a class=\"doclink\" href=\"http:\/\/www.ccdrc.pt\/wp-content\/uploads\/2013\/01\/dl_73_2011-9a0.pdf\"><span class=\"doclink\">Decreto-Lei n.\u00ba 73\/2011, de 17 de Junho<\/span><\/a> <span style=\"font-family: Arial;\">&#8211; que estabelece a terceira altera\u00e7\u00e3o do Decreto-Lei n.\u00ba 178\/2006, de 5 de Setembro, constitui o regime geral aplic\u00e1vel \u00e0 preven\u00e7\u00e3o, produ\u00e7\u00e3o e gest\u00e3o de res\u00edduos, transpondo para a ordem jur\u00eddica interna a Directiva n.\u00ba 2008\/98\/CE, do Parlamento Europeu e do Conselho, de 19 de Novembro<\/span><\/li>\n<\/ul>\n<ul style=\"margin-top: 0cm;\">\n<li class=\"MsoNormal\" style=\"text-align: justify;\"><a class=\"doclink\" href=\"http:\/\/www.ccdrc.pt\/wp-content\/uploads\/2013\/01\/port_209_2004-00c.pdf\"><span class=\"doclink\">Portaria n.\u00ba 209\/2004, de 3 de Mar\u00e7o <\/span><\/a><span style=\"font-family: Arial;\">&#8211; Lista Europeia de Res\u00edduos (LER). <\/span><\/li>\n<\/ul>\n<ul style=\"margin-top: 0cm;\">\n<li class=\"MsoNormal\" style=\"text-align: justify;\"><a class=\"doclink\" href=\"http:\/\/www.ccdrc.pt\/wp-content\/uploads\/2013\/01\/portaria_335_97-409.pdf\"><span class=\"doclink\">Portaria n.\u00ba 335\/97 de 16 de Maio<\/span><\/a> <span style=\"font-family: Arial;\">&#8211; Fixa as regras a que fica sujeito o transporte de res\u00edduos dentro do territ\u00f3rio nacional.<\/span><\/li>\n<\/ul>\n<p class=\"MsoNormal\" style=\"text-align: justify;\"><span style=\"font-family: Arial;\">&nbsp;<\/span><\/p>\n<p class=\"MsoNormal\" style=\"text-align: justify;\"><strong><span style=\"font-family: Arial;\">Saber Mais: <a href=\"http:\/\/www.apambiente.pt\/index.php?ref=16&amp;subref=84\">Ag\u00eancia Portuguesa do Ambiente<\/a><br \/>\n<\/span><\/strong><\/p>\n<p><!--nextpage--><br \/>\n<strong><span style=\"font-family: Arial;\">Fiscaliza\u00e7\u00e3o<\/span><\/strong><span style=\"font-family: Arial;\">&nbsp;<\/span><\/p>\n<p class=\"MsoNormal\" style=\"text-align: justify;\"><span style=\"font-family: Arial;\">A fiscaliza\u00e7\u00e3o do cumprimento do regime geral aplic\u00e1vel \u00e0 preven\u00e7\u00e3o, produ\u00e7\u00e3o e gest\u00e3o de res\u00edduos compete \u00e0s autoridades regionais dos res\u00edduos (ARR), <em>\u00e0 <\/em><em><span style=\"font-family: Arial; font-style: normal;\">Inspec\u00e7\u00e3<\/span><\/em><span class=\"st\"><em>o<\/em><\/span><em><span style=\"font-family: Arial; font-style: normal;\">-geral<\/span><\/em><span class=\"st\"> da Agricultura, Mar, <\/span><em><span style=\"font-family: Arial; font-style: normal;\">Ambiente<\/span><\/em><span class=\"st\"> e <\/span><em><span style=\"font-family: Arial; font-style: normal;\">Ordenamento do Territ\u00f3rio<\/span><\/em><em>,<\/em> aos munic\u00edpios e \u00e0s autoridades policiais.<\/span><\/p>\n<p class=\"MsoNormal\" style=\"text-align: justify;\"><span style=\"font-family: Arial;\">As autoridades regionais dos res\u00edduos (ARR) s\u00e3o os servi\u00e7os desconcentrados do minist\u00e9rio respons\u00e1vel pela \u00e1rea do ambiente, que asseguram a n\u00edvel regional o exerc\u00edcio das compet\u00eancias relativas \u00e0 gest\u00e3o de res\u00edduos numa rela\u00e7\u00e3o de proximidade com os operadores. A ARR \u00e9 a respectiva Comiss\u00e3o de Coordena\u00e7\u00e3o e Desenvolvimento Regional, territorialmente competente.<\/span><\/p>\n<p><!--nextpage--><\/p>\n<p class=\"MsoNormal\" style=\"text-align: justify;\"><strong><span style=\"font-family: Arial;\">San\u00e7\u00f5es (<\/span><\/strong><strong><span style=\"font-family: Arial;\">Contra-ordena\u00e7\u00f5es ambientais<strong><span style=\"font-family: Arial;\">)<\/span><\/strong><\/span><\/strong><\/p>\n<p class=\"MsoNormal\" style=\"text-align: justify;\"><strong><span style=\"font-family: Arial;\">Contra-ordena\u00e7\u00e3o ambiental muito grave<\/span><\/strong><\/p>\n<p class=\"MsoNormal\" style=\"text-align: justify;\"><span style=\"font-family: Arial;\">1 \u2014 Constitui <strong>contra-ordena\u00e7\u00e3o ambiental muito grave<\/strong>, pun\u00edvel nos termos da Lei n.\u00ba 50\/2006, de 29 de Agosto, alterada pela Lei n.\u00ba 89\/2009, de 31 de Agosto, e rectificada pela Declara\u00e7\u00e3o de Rectifica\u00e7\u00e3o n.\u00ba 70\/2009, de 1 de Outubro, a pr\u00e1tica dos seguintes actos:<\/span><\/p>\n<p class=\"MsoNormal\" style=\"text-align: justify;\"><em><span style=\"font-family: Arial;\">a<\/span><\/em><span style=\"font-family: Arial;\">) A viola\u00e7\u00e3o das <strong>proibi\u00e7\u00f5es<\/strong> previstas no n.\u00ba 3 do artigo 9.\u00ba;<\/span><\/p>\n<p class=\"MsoNormal\" style=\"margin: 0cm 49.95pt 0.0001pt 54pt; text-align: justify;\"><em><span style=\"font-size: 11pt; font-family: Arial;\">\u201cS\u00e3o igualmente proibidos o abandono de res\u00edduos, a incinera\u00e7\u00e3o de res\u00edduos no mar e a sua injec\u00e7\u00e3o no solo, a queima a c\u00e9u aberto nos termos do artigo 13.\u00ba do Decreto-Lei n.\u00ba 78\/2004, de 3 de Abril, bem como a descarga de res\u00edduos em locais n\u00e3o licenciados para realiza\u00e7\u00e3o de tratamento de res\u00edduos.\u201d<\/span><\/em><\/p>\n<p class=\"MsoNormal\" style=\"text-align: justify;\"><em><span style=\"font-family: Arial;\">b<\/span><\/em><span style=\"font-family: Arial;\">) A viola\u00e7\u00e3o da proibi\u00e7\u00e3o de proceder \u00e0 <strong>opera\u00e7\u00e3o de mistura<\/strong> incluindo a dilui\u00e7\u00e3o de res\u00edduos perigosos nos termos do n.\u00ba 2 do artigo 21.\u00ba -A;<\/span><\/p>\n<p class=\"MsoNormal\" style=\"margin: 0cm 49.95pt 0.0001pt 54pt; text-align: justify;\"><em><span style=\"font-size: 11pt; font-family: Arial;\">\u201cA opera\u00e7\u00e3o de mistura, incluindo a dilui\u00e7\u00e3o, de res\u00edduos perigosos com outras categorias de res\u00edduos perigosos ou com outros res\u00edduos, subst\u00e2ncias ou materiais \u00e9 proibida, salvo em casos devidamente autorizados\u201d<\/span><\/em><\/p>\n<p class=\"MsoNormal\" style=\"margin-left: 27pt;\"><span style=\"font-family: Arial;\">Nota: N\u00e3o se aplica a res\u00edduos urbanos recolhidos indiferenciadamente.<\/span><\/p>\n<p class=\"MsoNormal\" style=\"text-align: justify;\"><em><span style=\"font-family: Arial;\">c<\/span><\/em><span style=\"font-family: Arial;\">) A viola\u00e7\u00e3o da proibi\u00e7\u00e3o da <strong>mistura de \u00f3leos<\/strong> usados nos termos do n.\u00ba 4 do artigo 22.\u00ba -A;<\/span><\/p>\n<p class=\"MsoNormal\" style=\"margin: 0cm 49.95pt 0.0001pt 54pt; text-align: justify;\"><em><span style=\"font-size: 11pt; font-family: Arial;\">\u201cA opera\u00e7\u00e3o de mistura, incluindo a dilui\u00e7\u00e3o, de res\u00edduos perigosos com outras categorias de res\u00edduos perigosos ou com outros res\u00edduos, subst\u00e2ncias ou materiais \u00e9 proibida, salvo em casos devidamente autorizados\u201d<\/span><\/em><\/p>\n<p class=\"MsoNormal\" style=\"margin: 0cm 49.95pt 0.0001pt 54pt; text-align: justify;\"><span style=\"font-size: 11pt; font-family: Arial;\">&nbsp;<\/span><\/p>\n<p class=\"MsoNormal\" style=\"text-align: justify;\"><em><span style=\"font-family: Arial;\">d<\/span><\/em><span style=\"font-family: Arial;\">) O <strong>exerc\u00edcio n\u00e3o licenciado<\/strong> das actividades de tratamento de res\u00edduos em viola\u00e7\u00e3o do disposto no n.\u00ba 2 do artigo 9.\u00ba e no artigo 23.\u00ba;<\/span><\/p>\n<p class=\"MsoNormal\" style=\"margin: 0cm 49.95pt 0.0001pt 54pt; text-align: justify;\"><em><span style=\"font-size: 11pt; font-family: Arial;\">\u201c\u00c9 proibida a realiza\u00e7\u00e3o de opera\u00e7\u00f5es de tratamento de res\u00edduos n\u00e3o licenciadas nos termos do presente decreto-lei.\u201d<\/span><\/em><\/p>\n<p class=\"MsoNormal\" style=\"margin: 0cm 49.95pt 0.0001pt 54pt; text-align: justify;\"><span style=\"font-size: 11pt; font-family: Arial;\">&nbsp;<\/span><\/p>\n<p class=\"MsoNormal\" style=\"margin: 0cm 49.95pt 0.0001pt 54pt;\"><em><span style=\"font-size: 11pt; font-family: Arial;\">\u201cA actividade de tratamento de res\u00edduos est\u00e1 sujeita a licenciamento por raz\u00f5es de sa\u00fade p\u00fablica e de protec\u00e7\u00e3o do ambiente\u201d<\/span><\/em><\/p>\n<p class=\"MsoNormal\" style=\"text-align: justify;\"><em><span style=\"font-family: Arial;\">e<\/span><\/em><span style=\"font-family: Arial;\">) O incumprimento pelo operador de gest\u00e3o de res\u00edduos das <strong>medidas impostas<\/strong> pela entidade licenciadora nos termos do n.\u00ba 2 do artigo 34.\u00ba;<\/span><\/p>\n<p class=\"MsoNormal\" style=\"margin: 0cm 49.95pt 0.0001pt 54pt; text-align: justify;\"><em><span style=\"font-size: 11pt; font-family: Arial;\">\u201cA entidade licenciadora pode impor ao operador de gest\u00e3o de res\u00edduos, mediante decis\u00e3o fundamentada, a adop\u00e7\u00e3o das medidas que considere adequadas para minimizar ou compensar efeitos negativos n\u00e3o previstos para o ambiente ou para a sa\u00fade p\u00fablica ocorridos durante as opera\u00e7\u00f5es de gest\u00e3o de res\u00edduos\u201d<\/span><\/em><\/p>\n<p class=\"MsoNormal\" style=\"margin: 0cm 49.95pt 0.0001pt 54pt; text-align: justify;\"><span style=\"font-size: 11pt; font-family: Arial;\">&nbsp;<\/span><\/p>\n<p class=\"MsoNormal\" style=\"text-align: justify;\"><em><span style=\"font-family: Arial;\">f<\/span><\/em><span style=\"font-family: Arial;\">) A realiza\u00e7\u00e3o de opera\u00e7\u00f5es de gest\u00e3o de res\u00edduos com base em <strong>licen\u00e7a suspensa ou revogada<\/strong> pela entidade licenciadora nos termos do artigo 38.\u00ba;<\/span><\/p>\n<p>&nbsp;<\/p>\n<p class=\"MsoNormal\" style=\"margin: 0cm 49.95pt 0.0001pt 54pt; text-align: justify;\"><em><span style=\"font-size: 11pt; font-family: Arial;\">\u201c\u2026a entidade licenciadora pode suspender ou revogar a licen\u00e7a por si emitida.\u201d<\/span><\/em><\/p>\n<p class=\"MsoNormal\" style=\"text-align: justify;\"><em><span style=\"font-family: Arial;\">g<\/span><\/em><span style=\"font-family: Arial;\">) A gest\u00e3o de <strong>fluxos espec\u00edficos<\/strong> de res\u00edduos sem licen\u00e7a ou autoriza\u00e7\u00e3o nos termos do n.\u00ba 1 do artigo 44.\u00ba<\/span><\/p>\n<p class=\"MsoNormal\" style=\"margin: 0cm 49.95pt 0.0001pt 54pt; text-align: justify;\"><em><span style=\"font-size: 11pt; font-family: Arial;\">\u201cA gest\u00e3o de fluxos espec\u00edficos de res\u00edduos est\u00e1 sujeita a licen\u00e7a ou autoriza\u00e7\u00e3o nos termos da legisla\u00e7\u00e3o especial, aplicando-se as disposi\u00e7\u00f5es do presente decreto-lei a tudo o que n\u00e3o estiver nela previsto.\u201d<\/span><\/em><\/p>\n<p class=\"MsoNormal\" style=\"text-align: justify;\"><span style=\"font-family: Arial;\">&nbsp;<\/span><\/p>\n<p class=\"MsoNormal\" style=\"text-align: justify;\"><span style=\"font-family: Arial;\">\u00c0s <strong>contra-ordena\u00e7\u00f5es muito graves<\/strong> correspondem as seguintes coimas:<\/span><\/p>\n<p class=\"MsoNormal\" style=\"margin-left: 36pt; text-align: justify; text-indent: -18pt;\"><em><span style=\"font-family: TimesNewRomanPS-ItalicMT;\">a)<span style=\"font: 7pt 'Times New Roman';\">&nbsp;&nbsp;&nbsp;&nbsp;&nbsp; <\/span><\/span><\/em><span style=\"font-family: Arial;\">Se praticadas por pessoas singulares, de \u20ac 20 000 a \u20ac 30 000 em caso de neglig\u00eancia e de \u20ac 30 000 a \u20ac 37 500 em caso de dolo;<\/span><\/p>\n<p class=\"MsoNormal\" style=\"margin-left: 36pt; text-align: justify; text-indent: -18pt;\"><strong><em><span style=\"font-family: TimesNewRomanPS-ItalicMT;\">b)<span style=\"font: 7pt 'Times New Roman';\">&nbsp;&nbsp;&nbsp;&nbsp;&nbsp; <\/span><\/span><\/em><\/strong><span style=\"font-family: Arial;\">Se praticadas por pessoas colectivas, de \u20ac 38 500 a \u20ac 70 000 em caso de neglig\u00eancia e de \u20ac 200 000 a \u20ac 2 500 000 em caso de dolo.<\/span><\/p>\n<p class=\"MsoNormal\" style=\"text-align: justify;\"><strong><span style=\"font-family: Arial; font-weight: normal;\">&nbsp;<\/span><\/strong><\/p>\n<p class=\"MsoNormal\" style=\"text-align: justify;\"><strong><span style=\"font-family: Arial;\">Contra-ordena\u00e7\u00e3o ambiental grave<\/span><\/strong><\/p>\n<p class=\"MsoNormal\" style=\"text-align: justify;\"><span style=\"font-family: Arial;\">2 \u2014 Constitui <strong>contra-ordena\u00e7\u00e3o ambiental grave<\/strong>, pun\u00edvel nos termos da Lei n.\u00ba 50\/2006, de 29 de Agosto, alterada pela Lei n.\u00ba 89\/2009, de 31 de Agosto, e rectificada pela Declara\u00e7\u00e3o de Rectifica\u00e7\u00e3o n.\u00ba 70\/2009, de 1 de Outubro, a pr\u00e1tica dos seguintes actos:<\/span><\/p>\n<p class=\"MsoNormal\" style=\"text-align: justify;\"><em><span style=\"font-family: Arial;\">a<\/span><\/em><span style=\"font-family: Arial;\">) O incumprimento do <strong>dever de assegurar a gest\u00e3o de res\u00edduos<\/strong>, a quem, nos termos do previsto no art.\u00ba 5\u00ba, caiba essa responsabilidade;<\/span><\/p>\n<p class=\"MsoNormal\" style=\"margin: 0cm 49.95pt 0.0001pt 54pt; text-align: justify;\"><strong><em><span style=\"font-size: 11pt; font-family: Arial;\">\u201cPrinc\u00edpio da responsabilidade pela gest\u00e3o<\/span><\/em><\/strong><\/p>\n<p class=\"MsoNormal\" style=\"margin: 0cm 49.95pt 0.0001pt 54pt; text-align: justify;\"><strong><em><span style=\"font-size: 11pt; font-family: Arial;\">&nbsp;<\/span><\/em><\/strong><\/p>\n<p class=\"MsoNormal\" style=\"margin: 0cm 49.95pt 0.0001pt 54pt; text-align: justify;\"><em><span style=\"font-size: 11pt; font-family: Arial;\">1 \u2014 A responsabilidade pela gest\u00e3o dos res\u00edduos, incluindo os respectivos custos, cabe ao produtor inicial dos res\u00edduos, sem preju\u00edzo de poder ser imputada, na totalidade ou em parte, ao produtor do produto que deu origem aos res\u00edduos e partilhada pelos distribuidores desse produto se tal decorrer de legisla\u00e7\u00e3o espec\u00edfica aplic\u00e1vel.<\/span><\/em><\/p>\n<p class=\"MsoNormal\" style=\"margin: 0cm 49.95pt 0.0001pt 54pt; text-align: justify;\"><em><span style=\"font-size: 11pt; font-family: Arial;\">&nbsp;<\/span><\/em><\/p>\n<p class=\"MsoNormal\" style=\"margin: 0cm 49.95pt 0.0001pt 54pt; text-align: justify;\"><em><span style=\"font-size: 11pt; font-family: Arial;\">2 \u2014 Exceptuam-se do disposto no n\u00famero anterior os res\u00edduos urbanos cuja produ\u00e7\u00e3o di\u00e1ria n\u00e3o exceda 1100 l por produtor, caso em que a respectiva gest\u00e3o \u00e9 assegurada pelos munic\u00edpios.<\/span><\/em><\/p>\n<p class=\"MsoNormal\" style=\"margin: 0cm 49.95pt 0.0001pt 54pt; text-align: justify;\"><em><span style=\"font-size: 11pt; font-family: Arial;\">&nbsp;<\/span><\/em><\/p>\n<p class=\"MsoNormal\" style=\"margin: 0cm 49.95pt 0.0001pt 54pt; text-align: justify;\"><em><span style=\"font-size: 11pt; font-family: Arial;\">3 \u2014 Em caso de impossibilidade de determina\u00e7\u00e3o do produtor do res\u00edduo, a responsabilidade pela respectiva gest\u00e3o recai sobre o seu detentor.<\/span><\/em><\/p>\n<p class=\"MsoNormal\" style=\"margin: 0cm 49.95pt 0.0001pt 54pt; text-align: justify;\"><em><span style=\"font-size: 11pt; font-family: Arial;\">&nbsp;<\/span><\/em><\/p>\n<p class=\"MsoNormal\" style=\"margin: 0cm 49.95pt 0.0001pt 54pt; text-align: justify;\"><em><span style=\"font-size: 11pt; font-family: Arial;\">4 \u2014 Quando os res\u00edduos tenham proveni\u00eancia externa, a sua gest\u00e3o cabe ao respons\u00e1vel pela sua introdu\u00e7\u00e3o em territ\u00f3rio nacional, salvo nos casos expressamente definidos na legisla\u00e7\u00e3o referente \u00e0 transfer\u00eancia de res\u00edduos.<\/span><\/em><\/p>\n<p class=\"MsoNormal\" style=\"margin: 0cm 49.95pt 0.0001pt 54pt; text-align: justify;\"><em><span style=\"font-size: 11pt; font-family: Arial;\">&nbsp;<\/span><\/em><\/p>\n<p class=\"MsoNormal\" style=\"margin: 0cm 49.95pt 0.0001pt 54pt; text-align: justify;\"><em><span style=\"font-size: 11pt; font-family: Arial;\">5 \u2014 O produtor inicial dos res\u00edduos ou o detentor devem, em conformidade com os princ\u00edpios da hierarquia de gest\u00e3o de res\u00edduos e da protec\u00e7\u00e3o da sa\u00fade humana e do ambiente, assegurar o tratamento dos res\u00edduos, podendo para o efeito recorrer:<\/span><\/em><\/p>\n<p class=\"MsoNormal\" style=\"margin: 0cm 49.95pt 0.0001pt 54pt; text-align: justify;\"><em><span style=\"font-size: 11pt; font-family: Arial;\">a<\/span><\/em><em><span style=\"font-size: 11pt; font-family: Arial;\">) A um comerciante;<\/span><\/em><\/p>\n<p class=\"MsoNormal\" style=\"margin: 0cm 49.95pt 0.0001pt 54pt; text-align: justify;\"><em><span style=\"font-size: 11pt; font-family: Arial;\">b<\/span><\/em><em><span style=\"font-size: 11pt; font-family: Arial;\">) A uma entidade licenciada que execute opera\u00e7\u00f5es de recolha ou tratamento de res\u00edduos;<\/span><\/em><\/p>\n<p class=\"MsoNormal\" style=\"margin: 0cm 49.95pt 0.0001pt 54pt; text-align: justify;\"><em><span style=\"font-size: 11pt; font-family: Arial;\">c<\/span><\/em><em><span style=\"font-size: 11pt; font-family: Arial;\">) A uma entidade licenciada respons\u00e1vel por sistemas de gest\u00e3o de fluxos espec\u00edficos de res\u00edduos.<\/span><\/em><\/p>\n<p class=\"MsoNormal\" style=\"margin: 0cm 49.95pt 0.0001pt 54pt; text-align: justify;\"><em><span style=\"font-size: 11pt; font-family: Arial;\">&nbsp;<\/span><\/em><\/p>\n<p class=\"MsoNormal\" style=\"margin: 0cm 49.95pt 0.0001pt 54pt; text-align: justify;\"><em><span style=\"font-size: 11pt; font-family: Arial;\">6 \u2014 A responsabilidade pela gest\u00e3o dos res\u00edduos, conforme definido nos n.os 1 e 3 do presente artigo, extingue\u2013se pela transfer\u00eancia para uma das entidades referidas nas al\u00edneas b) e c) do n\u00famero anterior.<\/span><\/em><\/p>\n<p class=\"MsoNormal\" style=\"margin: 0cm 49.95pt 0.0001pt 54pt; text-align: justify;\"><em><span style=\"font-size: 11pt; font-family: Arial;\">&nbsp;<\/span><\/em><\/p>\n<p class=\"MsoNormal\" style=\"margin: 0cm 49.95pt 0.0001pt 54pt; text-align: justify;\"><em><span style=\"font-size: 11pt; font-family: Arial;\">7 \u2014 As pessoas singulares ou colectivas que procedem, a t\u00edtulo profissional, \u00e0 recolha ou transporte de res\u00edduos devem entregar os res\u00edduos recolhidos e transportados em operadores licenciados para o tratamento de res\u00edduos.\u201d<\/span><\/em><\/p>\n<p class=\"MsoNormal\" style=\"text-align: justify;\"><em><span style=\"font-family: Arial;\">b<\/span><\/em><span style=\"font-family: Arial;\">) A viola\u00e7\u00e3o, pelo produtor do produto, da obriga\u00e7\u00e3o de promover as altera\u00e7\u00f5es na <strong>concep\u00e7\u00e3o do produto<\/strong> nos termos dos n.os 2 e 3 do artigo 10.\u00ba -A;<\/span><\/p>\n<p class=\"MsoNormal\" style=\"margin: 0cm 76.95pt 0.0001pt 18pt; text-align: justify;\"><span style=\"font-family: Arial;\">&nbsp;<\/span><\/p>\n<p class=\"MsoNormal\" style=\"margin: 0cm 49.95pt 0.0001pt 54pt; text-align: justify;\"><em><span style=\"font-size: 11pt; font-family: Arial;\">\u201c2 \u2014 Para efeitos da aplica\u00e7\u00e3o do disposto no n\u00famero anterior, o produtor do produto pode ser obrigado a promover altera\u00e7\u00f5es na concep\u00e7\u00e3o do produto de modo a assegurar a aplica\u00e7\u00e3o do princ\u00edpio estabelecido no artigo 6.\u00ba e dando origem a menos res\u00edduos na sua produ\u00e7\u00e3o e posterior utiliza\u00e7\u00e3o, bem como a garantir que o tratamento dos produtos que tenham assumido a natureza de res\u00edduos se realize em conformidade com os princ\u00edpios estabelecidos nos artigos 6.\u00ba e 7.\u00ba<\/span><\/em><\/p>\n<p class=\"MsoNormal\" style=\"margin: 0cm 49.95pt 0.0001pt 54pt; text-align: justify;\"><em><span style=\"font-size: 11pt; font-family: Arial;\">&nbsp;<\/span><\/em><\/p>\n<p class=\"MsoNormal\" style=\"margin: 0cm 49.95pt 0.0001pt 54pt; text-align: justify;\"><em><span style=\"font-size: 11pt; font-family: Arial;\">3 \u2014 A aplica\u00e7\u00e3o do disposto nos n\u00fameros anteriores est\u00e1 dependente da exequibilidade t\u00e9cnica e da viabilidade econ\u00f3mica, dos impactes globais no ambiente, na sa\u00fade humana e sociais e do respeito pelo funcionamento adequado do mercado interno.\u201d<\/span><\/em><\/p>\n<p class=\"MsoNormal\" style=\"text-align: justify;\"><span style=\"font-family: Arial;\">&nbsp;<\/span><\/p>\n<p class=\"MsoNormal\" style=\"text-align: justify;\"><em><span style=\"font-family: Arial;\">c<\/span><\/em><span style=\"font-family: Arial;\">) A viola\u00e7\u00e3o das <strong>normas t\u00e9cnicas relativas \u00e0 gest\u00e3o de res\u00edduos<\/strong> previstas no artigo 20.\u00ba;<\/span><\/p>\n<p class=\"MsoNormal\" style=\"margin: 0cm 49.95pt 0.0001pt 54pt; text-align: justify;\"><em><span style=\"font-size: 11pt; font-family: Arial;\">1 \u2014 Podem ser estabelecidas normas t\u00e9cnicas relativas \u00e0 gest\u00e3o de res\u00edduos de modo a assegurar que os res\u00edduos s\u00e3o tratados em conformidade com o princ\u00edpio da protec\u00e7\u00e3o da sa\u00fade humana e do ambiente previsto no artigo 6.\u00ba<\/span><\/em><\/p>\n<p class=\"MsoNormal\" style=\"margin: 0cm 49.95pt 0.0001pt 54pt; text-align: justify;\"><em><span style=\"font-size: 11pt; font-family: Arial;\">\u2026<\/span><\/em><\/p>\n<p class=\"MsoNormal\" style=\"margin: 0cm 49.95pt 0.0001pt 54pt; text-align: justify;\"><em><span style=\"font-size: 11pt; font-family: Arial;\">4 \u2014 As normas t\u00e9cnicas s\u00e3o aprovadas por portaria do membro do Governo respons\u00e1vel pela \u00e1rea do ambiente, devendo as normas t\u00e9cnicas de maior relev\u00e2ncia para o sector dos res\u00edduos, identificadas por proposta da ANR, ser aprovadas no prazo de um ano a contar da data da entrada em vigor do presente decreto-lei.<\/span><\/em><\/p>\n<p class=\"MsoNormal\" style=\"text-align: justify; text-indent: 27pt;\"><span style=\"font-family: Arial;\">Nota: N\u00e3o existem normas t\u00e9cnicas aprovadas.<\/span><\/p>\n<p class=\"MsoNormal\" style=\"text-align: justify;\"><span style=\"font-family: Arial;\">&nbsp;<\/span><\/p>\n<p class=\"MsoNormal\" style=\"text-align: justify;\"><em><span style=\"font-family: Arial;\">d<\/span><\/em><span style=\"font-family: Arial;\">) A realiza\u00e7\u00e3o de opera\u00e7\u00f5es de gest\u00e3o de res\u00edduos em <strong>incumprimento das obriga\u00e7\u00f5es do respons\u00e1vel t\u00e9cnico<\/strong> constantes da portaria prevista no n.\u00ba 5 do artigo 20.\u00ba;<\/span><\/p>\n<p class=\"MsoNormal\" style=\"margin: 0cm 49.95pt 0.0001pt 54pt; text-align: justify;\"><em><span style=\"font-size: 11pt; font-family: Arial;\">\u201c5 \u2014 As opera\u00e7\u00f5es de tratamento de res\u00edduos s\u00e3o realizadas sob a direc\u00e7\u00e3o de um respons\u00e1vel t\u00e9cnico, cujas obriga\u00e7\u00f5es e habilita\u00e7\u00f5es profissionais s\u00e3o definidas por portaria do membro do Governo respons\u00e1vel pela \u00e1rea do ambiente.\u201d<\/span><\/em><\/p>\n<p class=\"MsoNormal\" style=\"margin: 0cm 76.95pt 0.0001pt 27pt; text-align: justify;\"><em><span style=\"font-family: Arial;\">&nbsp;<\/span><\/em><\/p>\n<p class=\"MsoNormal\" style=\"text-align: justify;\"><em><span style=\"font-family: Arial;\">e<\/span><\/em><span style=\"font-family: Arial;\">) A realiza\u00e7\u00e3o de <strong>opera\u00e7\u00f5es de gest\u00e3o de res\u00edduos<\/strong> em incumprimento das normas relativas \u00e0s <strong>habilita\u00e7\u00f5es profissionais<\/strong> do respons\u00e1vel t\u00e9cnico constantes da portaria prevista no n.\u00ba 5 do artigo 20.\u00ba;<\/span><\/p>\n<p class=\"MsoNormal\" style=\"text-align: justify;\"><em><span style=\"font-family: Arial;\">f<\/span><\/em><span style=\"font-family: Arial;\">) O <strong>transporte de res\u00edduos<\/strong> em viola\u00e7\u00e3o das normas t\u00e9cnicas previstas no n.\u00ba 2 do artigo 21.\u00ba;<\/span><\/p>\n<p class=\"MsoNormal\" style=\"margin: 0cm 49.95pt 0.0001pt 54pt; text-align: justify;\"><em><span style=\"font-size: 11pt; font-family: Arial;\">\u201c2 \u2014 As normas t\u00e9cnicas sobre o transporte de res\u00edduos em territ\u00f3rio nacional s\u00e3o aprovadas por portaria conjunta dos membros do Governo respons\u00e1veis pelas \u00e1reas do ambiente e dos transportes.\u201d<\/span><\/em><\/p>\n<p class=\"MsoNormal\" style=\"text-align: justify;\"><span style=\"font-family: Arial;\">Nota: N\u00e3o existem normas t\u00e9cnicas aprovadas. Aplica-se o constante na <u>Portaria n.\u00ba 335\/97, de 16 de Maio<\/u>.<\/span><\/p>\n<p class=\"MsoNormal\" style=\"text-align: justify;\"><span style=\"font-family: Arial;\">&nbsp;<\/span><\/p>\n<p class=\"MsoNormal\" style=\"text-align: justify;\"><em><span style=\"font-family: Arial;\">g<\/span><\/em><span style=\"font-family: Arial;\">) A <strong>produ\u00e7\u00e3o, a recolha e o transporte de res\u00edduos perigosos<\/strong> realizados em viola\u00e7\u00e3o do disposto no n.\u00ba 1 do artigo 21.\u00ba -A;<\/span><\/p>\n<p class=\"MsoNormal\" style=\"margin: 0cm 49.95pt 0.0001pt 54pt; text-align: justify;\"><em><span style=\"font-size: 11pt; font-family: Arial;\">\u201c1 \u2014 A produ\u00e7\u00e3o, a recolha e o transporte de res\u00edduos perigosos, bem como o seu armazenamento e tratamento, s\u00e3o realizados em condi\u00e7\u00f5es que assegurem a protec\u00e7\u00e3o do ambiente e da sa\u00fade nos termos do artigo 6.\u00ba, observando medidas de garantia da rastreabilidade desde a produ\u00e7\u00e3o at\u00e9 ao destino final.\u201d<\/span><\/em><\/p>\n<p class=\"MsoNormal\" style=\"margin: 0cm 49.95pt 0.0001pt 54pt; text-align: justify;\"><span style=\"font-size: 11pt; font-family: Arial;\">&nbsp;<\/span><\/p>\n<p class=\"MsoNormal\" style=\"margin: 0cm 49.95pt 0.0001pt 54pt; text-align: center;\" align=\"center\"><em><span style=\"font-size: 11pt; font-family: Arial;\">\u201cArtigo 6.\u00ba<\/span><\/em><\/p>\n<p class=\"MsoNormal\" style=\"margin: 0cm 49.95pt 0.0001pt 54pt; text-align: center;\" align=\"center\"><em><span style=\"font-size: 11pt; font-family: Arial;\">&nbsp;<\/span><\/em><\/p>\n<p class=\"MsoNormal\" style=\"margin: 0cm 49.95pt 0.0001pt 54pt; text-align: center;\" align=\"center\"><strong><em><span style=\"font-size: 11pt; font-family: Arial;\">Princ\u00edpio da protec\u00e7\u00e3o da sa\u00fade humana e do ambiente<\/span><\/em><\/strong><\/p>\n<p class=\"MsoNormal\" style=\"margin: 0cm 49.95pt 0.0001pt 54pt; text-align: center;\" align=\"center\"><strong><em><span style=\"font-size: 11pt; font-family: Arial;\">&nbsp;<\/span><\/em><\/strong><\/p>\n<p class=\"MsoNormal\" style=\"margin: 0cm 49.95pt 0.0001pt 54pt; text-align: justify;\"><em><span style=\"font-size: 11pt; font-family: Arial;\">Constitui objectivo priorit\u00e1rio da pol\u00edtica de gest\u00e3o de res\u00edduos evitar e reduzir os riscos para a sa\u00fade humana e para o ambiente, garantindo que a produ\u00e7\u00e3o, a recolha e transporte, o armazenamento preliminar e o tratamento de res\u00edduos sejam realizados recorrendo a processos ou m\u00e9todos que n\u00e3o sejam suscept\u00edveis de gerar efeitos adversos sobre o ambiente, nomeadamente polui\u00e7\u00e3o da \u00e1gua, do ar, do solo, afecta\u00e7\u00e3o da fauna ou da flora, ru\u00eddo ou odores ou danos em quaisquer locais de interesse e na paisagem.\u201d<\/span><\/em><\/p>\n<p class=\"MsoNormal\" style=\"margin: 0cm 49.95pt 0.0001pt 54pt; text-align: justify;\"><span style=\"font-size: 11pt; font-family: Arial;\">&nbsp;<\/span><\/p>\n<p class=\"MsoNormal\" style=\"text-align: justify;\"><em><span style=\"font-family: Arial;\">h<\/span><\/em><span style=\"font-family: Arial;\">) O incumprimento do dever de proceder \u00e0 <strong>separa\u00e7\u00e3o dos res\u00edduos perigosos<\/strong> nos termos do n.\u00ba 3 do artigo 21.\u00ba -A;<\/span><\/p>\n<p class=\"MsoNormal\" style=\"margin: 0cm 49.95pt 0.0001pt 54pt; text-align: justify;\"><em><span style=\"font-family: Arial;\">\u201c3 \u2014 Sem preju\u00edzo do disposto no cap\u00edtulo I do t\u00edtulo V do presente decreto-lei, caso tenha ocorrido mistura de res\u00edduos perigosos em desrespeito pelo disposto no n\u00famero anterior, deve proceder-se \u00e0 sua separa\u00e7\u00e3o, se tal for poss\u00edvel necess\u00e1rio e vi\u00e1vel t\u00e9cnica e economicamente, a fim de dar cumprimento ao disposto no princ\u00edpio da protec\u00e7\u00e3o da sa\u00fade humana e do ambiente previsto no artigo 6.\u00ba\u201d<\/span><\/em><\/p>\n<p class=\"MsoNormal\" style=\"text-align: justify;\"><span style=\"font-family: Arial;\">&nbsp;<\/span><\/p>\n<p class=\"MsoNormal\" style=\"text-align: justify;\"><em><span style=\"font-family: Arial;\">i<\/span><\/em><span style=\"font-family: Arial;\">) A viola\u00e7\u00e3o da <strong>obriga\u00e7\u00e3o de tratamento<\/strong> nos termos do n.\u00ba 3 do artigo 22.\u00ba -A;<\/span><\/p>\n<p class=\"MsoNormal\" style=\"margin: 0cm 49.95pt 0.0001pt 54pt; text-align: justify;\"><em><span style=\"font-size: 11pt; font-family: Arial;\">\u201c3 \u2014 Os \u00f3leos usados s\u00e3o recolhidos selectivamente, sempre que tecnicamente exequ\u00edvel, e tratados em conformidade com os princ\u00edpios da hierarquia de gest\u00e3o de res\u00edduos e da protec\u00e7\u00e3o da sa\u00fade humana e do ambiente.\u201d<\/span><\/em><\/p>\n<p class=\"MsoNormal\" style=\"text-align: justify;\"><em><span style=\"font-family: Arial;\">j<\/span><\/em><span style=\"font-family: Arial;\">) A viola\u00e7\u00e3o da <strong>obriga\u00e7\u00e3o de recolha selectiva<\/strong> nos termos do n.\u00ba 3 do artigo 22.\u00ba -A;<\/span><\/p>\n<p class=\"MsoNormal\" style=\"margin: 0cm 49.95pt 0.0001pt 54pt; text-align: justify;\"><em><span style=\"font-size: 11pt; font-family: Arial;\">\u201c3 \u2014 Os \u00f3leos usados s\u00e3o recolhidos selectivamente, sempre que tecnicamente exequ\u00edvel, e tratados em conformidade com os princ\u00edpios da hierarquia de gest\u00e3o de res\u00edduos e da protec\u00e7\u00e3o da sa\u00fade humana e do ambiente.\u201d<\/span><\/em><\/p>\n<p class=\"MsoNormal\" style=\"text-align: justify;\"><em><span style=\"font-family: Arial;\">l<\/span><\/em><span style=\"font-family: Arial;\">) A <strong>coloca\u00e7\u00e3o no mercado de composto<\/strong> em viola\u00e7\u00e3o dos requisitos e deveres previstos respectivamente nos n.<sup>os<\/sup> 1 e 2 do artigo 22.\u00ba -B;<\/span><\/p>\n<p class=\"MsoNormal\" style=\"margin: 0cm 49.95pt 0.0001pt 54pt; text-align: justify;\"><em><span style=\"font-size: 11pt; font-family: Arial;\">\u201c1 \u2014 O composto pode ser colocado no mercado como correctivo org\u00e2nico desde que sejam observados os requisitos constantes de portaria a aprovar pelos membros do Governo respons\u00e1veis pelas \u00e1reas do ambiente, da agricultura e da economia.<\/span><\/em><\/p>\n<p class=\"MsoNormal\" style=\"margin: 0cm 49.95pt 0.0001pt 54pt; text-align: justify;\"><em><span style=\"font-size: 11pt; font-family: Arial;\">&nbsp;<\/span><\/em><\/p>\n<p class=\"MsoNormal\" style=\"margin: 0cm 49.95pt 0.0001pt 54pt; text-align: justify;\"><em><span style=\"font-size: 11pt; font-family: Arial;\">2 \u2014 Para efeitos de coloca\u00e7\u00e3o no mercado, podem ser utilizados para a produ\u00e7\u00e3o de composto os res\u00edduos indicados na lista de res\u00edduos a definir na portaria referida no n\u00famero anterior.\u201d<\/span><\/em><\/p>\n<p class=\"MsoNormal\" style=\"text-align: justify;\"><span style=\"font-family: Arial;\">&nbsp;<\/span><\/p>\n<p class=\"MsoNormal\" style=\"text-align: justify;\"><em><span style=\"font-family: Arial;\">m<\/span><\/em><span style=\"font-family: Arial;\">) A <strong>coloca\u00e7\u00e3o de composto no mercado<\/strong> em incumprimento do disposto nos n.os 3 e 4 do artigo 22.\u00ba -B;<\/span><\/p>\n<p class=\"MsoNormal\" style=\"margin: 0cm 49.95pt 0.0001pt 54pt; text-align: justify;\"><em><span style=\"font-size: 11pt; font-family: Arial;\">\u201c3 \u2014 Para efeitos do disposto no n\u00famero anterior, o operador respons\u00e1vel pela coloca\u00e7\u00e3o do composto no mercado, antes de proceder a essa coloca\u00e7\u00e3o, deve certificar-se de que o composto cumpre os requisitos de qualidade estabelecidos na portaria referida no n.\u00ba 1 e as obriga\u00e7\u00f5es em mat\u00e9ria de marca\u00e7\u00e3o, rotulagem, embalagem, registo e documenta\u00e7\u00e3o constantes do Decreto-Lei n.\u00ba 190\/2004, de 17 de Agosto.<\/span><\/em><\/p>\n<p class=\"MsoNormal\" style=\"margin: 0cm 49.95pt 0.0001pt 54pt; text-align: justify;\"><em><span style=\"font-size: 11pt; font-family: Arial;\">4 \u2014 O operador respons\u00e1vel pela coloca\u00e7\u00e3o do composto no mercado deve elaborar e executar um plano de controlo de qualidade que observe os requisitos previstos na portaria referida no n.\u00ba 1.\u201d<\/span><\/em><\/p>\n<p class=\"MsoNormal\" style=\"text-align: justify;\"><span style=\"font-family: Arial;\">&nbsp;<\/span><\/p>\n<p class=\"MsoNormal\" style=\"text-align: justify;\"><em><span style=\"font-family: Arial;\">n<\/span><\/em><span style=\"font-family: Arial;\">) O exerc\u00edcio das actividades de tratamento de res\u00edduos em <strong>viola\u00e7\u00e3o das condi\u00e7\u00f5es impostas no alvar\u00e1 de licen\u00e7a<\/strong> nos termos do artigo 33.\u00ba;<\/span><\/p>\n<p class=\"MsoNormal\" style=\"margin: 0cm 49.95pt 0.0001pt 54pt; text-align: justify;\"><em><span style=\"font-size: 11pt; font-family: Arial;\">1 \u2014 Com o proferimento da decis\u00e3o final \u00e9 emitido e enviado ao operador o respectivo alvar\u00e1 de licen\u00e7a, do qual constam, nomeadamente:<\/span><\/em><\/p>\n<p class=\"MsoNormal\" style=\"margin: 0cm 49.95pt 0.0001pt 54pt; text-align: justify;\"><em><span style=\"font-size: 11pt; font-family: Arial;\">a<\/span><\/em><em><span style=\"font-size: 11pt; font-family: Arial;\">) A identifica\u00e7\u00e3o do titular da licen\u00e7a, incluindo o endere\u00e7o completo da instala\u00e7\u00e3o licenciada e a sua georreferencia\u00e7\u00e3o;<\/span><\/em><\/p>\n<p class=\"MsoNormal\" style=\"margin: 0cm 49.95pt 0.0001pt 54pt; text-align: justify;\"><em><span style=\"font-size: 11pt; font-family: Arial;\">b<\/span><\/em><em><span style=\"font-size: 11pt; font-family: Arial;\">) O tipo de opera\u00e7\u00e3o de gest\u00e3o de res\u00edduos para o qual o operador est\u00e1 licenciado, nomeadamente as normas t\u00e9cnicas aplic\u00e1veis e o m\u00e9todo de tratamento utiliz\u00e1vel;<\/span><\/em><\/p>\n<p class=\"MsoNormal\" style=\"margin: 0cm 49.95pt 0.0001pt 54pt; text-align: justify;\"><em><span style=\"font-size: 11pt; font-family: Arial;\">c<\/span><\/em><em><span style=\"font-size: 11pt; font-family: Arial;\">) Indica\u00e7\u00e3o exacta dos c\u00f3digos dos res\u00edduos abrangidos, de acordo com a LER, e das quantidades m\u00e1ximas, total e instant\u00e2nea, de res\u00edduos objecto da opera\u00e7\u00e3o de valoriza\u00e7\u00e3o ou elimina\u00e7\u00e3o, classificada de acordo com os anexos I e II ao presente decreto-lei;<\/span><\/em><\/p>\n<p class=\"MsoNormal\" style=\"margin: 0cm 49.95pt 0.0001pt 54pt; text-align: justify;\"><em><span style=\"font-size: 11pt; font-family: Arial;\">d<\/span><\/em><em><span style=\"font-size: 11pt; font-family: Arial;\">) As condi\u00e7\u00f5es a que fica submetida a opera\u00e7\u00e3o de gest\u00e3o de res\u00edduos, incluindo as precau\u00e7\u00f5es a tomar em mat\u00e9ria de seguran\u00e7a;<\/span><\/em><\/p>\n<p class=\"MsoNormal\" style=\"margin: 0cm 49.95pt 0.0001pt 54pt; text-align: justify;\"><em><span style=\"font-size: 11pt; font-family: Arial;\">e<\/span><\/em><em><span style=\"font-size: 11pt; font-family: Arial;\">) A identifica\u00e7\u00e3o do(s) respons\u00e1vel(eis) t\u00e9cnico(s) pela opera\u00e7\u00e3o de gest\u00e3o de res\u00edduos;<\/span><\/em><\/p>\n<p class=\"MsoNormal\" style=\"margin: 0cm 49.95pt 0.0001pt 54pt; text-align: justify;\"><em><span style=\"font-size: 11pt; font-family: Arial;\">f<\/span><\/em><em><span style=\"font-size: 11pt; font-family: Arial;\">) A identifica\u00e7\u00e3o das instala\u00e7\u00f5es e ou equipamentos licenciados, incluindo a indica\u00e7\u00e3o dos mesmos em pe\u00e7a desenhada e os requisitos t\u00e9cnicos relevantes;<\/span><\/em><\/p>\n<p class=\"MsoNormal\" style=\"margin: 0cm 49.95pt 0.0001pt 54pt; text-align: justify;\"><em><span style=\"font-size: 11pt; font-family: Arial;\">g<\/span><\/em><em><span style=\"font-size: 11pt; font-family: Arial;\">) O prazo de validade da licen\u00e7a;<\/span><\/em><\/p>\n<p class=\"MsoNormal\" style=\"margin: 0cm 49.95pt 0.0001pt 54pt; text-align: justify;\"><em><span style=\"font-size: 11pt; font-family: Arial;\">h<\/span><\/em><em><span style=\"font-size: 11pt; font-family: Arial;\">) As opera\u00e7\u00f5es de acompanhamento e controlo que forem necess\u00e1rias;<\/span><\/em><\/p>\n<p class=\"MsoNormal\" style=\"margin: 0cm 49.95pt 0.0001pt 54pt; text-align: justify;\"><em><span style=\"font-size: 11pt; font-family: Arial;\">i<\/span><\/em><em><span style=\"font-size: 11pt; font-family: Arial;\">) As disposi\u00e7\u00f5es que forem necess\u00e1rias em mat\u00e9ria de encerramento e de manuten\u00e7\u00e3o ap\u00f3s o encerramento;<\/span><\/em><\/p>\n<p class=\"MsoNormal\" style=\"margin: 0cm 49.95pt 0.0001pt 54pt; text-align: justify;\"><em><span style=\"font-size: 11pt; font-family: Arial;\">j<\/span><\/em><em><span style=\"font-size: 11pt; font-family: Arial;\">) A indica\u00e7\u00e3o da efici\u00eancia energ\u00e9tica quando esteja em causa uma opera\u00e7\u00e3o de incinera\u00e7\u00e3o ou de co-incinera\u00e7\u00e3o, com valoriza\u00e7\u00e3o energ\u00e9tica;<\/span><\/em><\/p>\n<p class=\"MsoNormal\" style=\"margin: 0cm 49.95pt 0.0001pt 54pt; text-align: justify;\"><em><span style=\"font-size: 11pt; font-family: Arial;\">l<\/span><\/em><em><span style=\"font-size: 11pt; font-family: Arial;\">) Consequ\u00eancias do n\u00e3o cumprimento das condi\u00e7\u00f5es da licen\u00e7a.\u201d<\/span><\/em><\/p>\n<p class=\"MsoNormal\" style=\"text-align: justify;\"><span style=\"font-family: Arial;\">&nbsp;<\/span><\/p>\n<p class=\"MsoNormal\" style=\"text-align: justify;\"><em><span style=\"font-family: Arial;\">o<\/span><\/em><span style=\"font-family: Arial;\">) A realiza\u00e7\u00e3o de opera\u00e7\u00f5es de gest\u00e3o de res\u00edduos com base em licen\u00e7a transmitida sem observ\u00e2ncia do <strong>procedimento de transmiss\u00e3o de licen\u00e7as<\/strong> previsto no artigo 37.\u00ba;<\/span><\/p>\n<p class=\"MsoNormal\" style=\"text-align: justify;\"><span style=\"font-family: Arial;\">&nbsp;<\/span><\/p>\n<p class=\"MsoNormal\" style=\"margin: 0cm 49.95pt 0.0001pt 54pt; text-align: center;\" align=\"center\"><em><span style=\"font-size: 11pt; font-family: Arial;\">\u201cArtigo 37.\u00ba<\/span><\/em><\/p>\n<p class=\"MsoNormal\" style=\"margin: 0cm 49.95pt 0.0001pt 54pt; text-align: center;\" align=\"center\"><em><span style=\"font-size: 11pt; font-family: Arial;\">&nbsp;<\/span><\/em><\/p>\n<p class=\"MsoNormal\" style=\"margin: 0cm 49.95pt 0.0001pt 54pt; text-align: center;\" align=\"center\"><strong><em><span style=\"font-size: 11pt; font-family: Arial;\">Transmiss\u00e3o da licen\u00e7a<\/span><\/em><\/strong><\/p>\n<p class=\"MsoNormal\" style=\"margin: 0cm 49.95pt 0.0001pt 54pt; text-align: center;\" align=\"center\"><em><span style=\"font-size: 11pt; font-family: Arial;\">&nbsp;<\/span><\/em><\/p>\n<p class=\"MsoNormal\" style=\"margin: 0cm 49.95pt 0.0001pt 54pt; text-align: justify;\"><em><span style=\"font-size: 11pt; font-family: Arial;\">1 \u2014 A licen\u00e7a de opera\u00e7\u00e3o de gest\u00e3o de res\u00edduos pode ser transmitida desde que o transmiss\u00e1rio realize a opera\u00e7\u00e3o de gest\u00e3o de res\u00edduos nos termos definidos no procedimento<\/span><\/em><\/p>\n<p class=\"MsoNormal\" style=\"margin: 0cm 49.95pt 0.0001pt 54pt; text-align: justify;\"><em><span style=\"font-size: 11pt; font-family: Arial;\">de licenciamento.<\/span><\/em><\/p>\n<p class=\"MsoNormal\" style=\"margin: 0cm 49.95pt 0.0001pt 54pt; text-align: justify;\"><em><span style=\"font-size: 11pt; font-family: Arial;\">2 \u2014 A transmiss\u00e3o da licen\u00e7a \u00e9 solicitada mediante apresenta\u00e7\u00e3o \u00e0 entidade licenciadora de requerimento conjunto instru\u00eddo de documento elaborado pelo transmiss\u00e1rio do qual constem:<\/span><\/em><\/p>\n<p class=\"MsoNormal\" style=\"margin: 0cm 49.95pt 0.0001pt 54pt; text-align: justify;\"><em><span style=\"font-size: 11pt; font-family: Arial;\">a<\/span><\/em><em><span style=\"font-size: 11pt; font-family: Arial;\">) A declara\u00e7\u00e3o de que a opera\u00e7\u00e3o ser\u00e1 realizada nos termos licenciados e de acordo com a legisla\u00e7\u00e3o e regulamenta\u00e7\u00e3o aplic\u00e1veis;<\/span><\/em><\/p>\n<p class=\"MsoNormal\" style=\"margin: 0cm 49.95pt 0.0001pt 54pt; text-align: justify;\"><em><span style=\"font-size: 11pt; font-family: Arial;\">b<\/span><\/em><em><span style=\"font-size: 11pt; font-family: Arial;\">) A identifica\u00e7\u00e3o do respons\u00e1vel t\u00e9cnico da opera\u00e7\u00e3o licenciada e das respectivas habilita\u00e7\u00f5es profissionais.<\/span><\/em><\/p>\n<p class=\"MsoNormal\" style=\"margin: 0cm 49.95pt 0.0001pt 54pt; text-align: justify;\"><em><span style=\"font-size: 11pt; font-family: Arial;\">3 \u2014 A entidade licenciadora decide o pedido de transmiss\u00e3o no prazo de 15 dias, equivalendo a falta de decis\u00e3o a deferimento t\u00e1cito.<\/span><\/em><\/p>\n<p class=\"MsoNormal\" style=\"margin: 0cm 49.95pt 0.0001pt 54pt; text-align: justify;\"><em><span style=\"font-size: 11pt; font-family: Arial;\">4 \u2014 A transmiss\u00e3o da licen\u00e7a \u00e9 averbada no respectivo alvar\u00e1.\u201d<\/span><\/em><\/p>\n<p class=\"MsoNormal\" style=\"text-align: justify;\"><span style=\"font-family: Arial;\">&nbsp;<\/span><\/p>\n<p class=\"MsoNormal\" style=\"text-align: justify;\"><em><span style=\"font-family: Arial;\">p<\/span><\/em><span style=\"font-family: Arial;\">) A <strong>cessa\u00e7\u00e3o da actividade de opera\u00e7\u00e3o de gest\u00e3o de res\u00edduos licenciada<\/strong> sem a aceita\u00e7\u00e3o por parte da entidade licenciadora de um pedido de ren\u00fancia da respectiva licen\u00e7a, nos termos previstos no artigo 40.\u00ba;<\/span><\/p>\n<p class=\"MsoNormal\" style=\"margin: 0cm 49.95pt 0.0001pt 54pt; text-align: center;\" align=\"center\"><em><span style=\"font-size: 11pt; font-family: Arial;\">\u201cArtigo 40.\u00ba<\/span><\/em><\/p>\n<p class=\"MsoNormal\" style=\"margin: 0cm 49.95pt 0.0001pt 54pt; text-align: center;\" align=\"center\"><em><span style=\"font-size: 11pt; font-family: Arial;\">&nbsp;<\/span><\/em><\/p>\n<p class=\"MsoNormal\" style=\"margin: 0cm 49.95pt 0.0001pt 54pt; text-align: center;\" align=\"center\"><strong><em><span style=\"font-size: 11pt; font-family: Arial;\">Cessa\u00e7\u00e3o da actividade<\/span><\/em><\/strong><\/p>\n<p class=\"MsoNormal\" style=\"margin: 0cm 49.95pt 0.0001pt 54pt; text-align: center;\" align=\"center\"><strong><em><span style=\"font-size: 11pt; font-family: Arial;\">&nbsp;<\/span><\/em><\/strong><\/p>\n<p class=\"MsoNormal\" style=\"margin: 0cm 49.95pt 0.0001pt 54pt; text-align: justify;\"><em><span style=\"font-size: 11pt; font-family: Arial;\">1 \u2014 A cessa\u00e7\u00e3o de actividade da opera\u00e7\u00e3o de gest\u00e3o de res\u00edduos licenciada depende da aceita\u00e7\u00e3o por parte da entidade licenciadora de um pedido de ren\u00fancia da respectiva licen\u00e7a.<\/span><\/em><\/p>\n<p class=\"MsoNormal\" style=\"margin: 0cm 49.95pt 0.0001pt 54pt; text-align: justify;\"><em><span style=\"font-size: 11pt; font-family: Arial;\">2 \u2014 O pedido de ren\u00fancia \u00e9 apresentado junto da entidade licenciadora instru\u00eddo com a documenta\u00e7\u00e3o que o operador entenda relevante para evidenciar que a cessa\u00e7\u00e3o de actividade n\u00e3o produzir\u00e1 qualquer passivo ambiental, podendo a entidade licenciadora no prazo de 30 dias solicitar ao operador a informa\u00e7\u00e3o que entenda relevante para a decis\u00e3o a produzir. \u2026\u201d<\/span><\/em><\/p>\n<p class=\"MsoNormal\" style=\"text-align: justify;\"><em><span style=\"font-family: Arial;\">&nbsp;<\/span><\/em><\/p>\n<p class=\"MsoNormal\" style=\"text-align: justify;\"><em><span style=\"font-family: Arial;\">q<\/span><\/em><span style=\"font-family: Arial;\">) A <strong>gest\u00e3o de fluxos espec\u00edficos<\/strong> de res\u00edduos em viola\u00e7\u00e3o das condi\u00e7\u00f5es estabelecidas na licen\u00e7a ou autoriza\u00e7\u00e3o nos termos do n.\u00ba 2 do artigo 44.\u00ba;<\/span><\/p>\n<p class=\"MsoNormal\" style=\"margin: 0cm 49.95pt 0.0001pt 54pt; text-align: center;\" align=\"center\"><span style=\"font-size: 11pt; font-family: Arial;\">\u201cArtigo 44.\u00ba<\/span><\/p>\n<p class=\"MsoNormal\" style=\"margin: 0cm 49.95pt 0.0001pt 54pt; text-align: center;\" align=\"center\"><span style=\"font-size: 11pt; font-family: Arial;\">&nbsp;<\/span><\/p>\n<p class=\"MsoNormal\" style=\"margin: 0cm 49.95pt 0.0001pt 54pt; text-align: center;\" align=\"center\"><strong><span style=\"font-size: 11pt; font-family: Arial;\">Sistemas de gest\u00e3o de fluxos espec\u00edficos de res\u00edduos<\/span><\/strong><\/p>\n<p class=\"MsoNormal\" style=\"margin: 0cm 49.95pt 0.0001pt 54pt; text-align: center;\" align=\"center\"><strong><span style=\"font-size: 11pt; font-family: Arial;\">&nbsp;<\/span><\/strong><\/p>\n<p class=\"MsoNormal\" style=\"margin: 0cm 49.95pt 0.0001pt 54pt; text-align: justify;\"><span style=\"font-size: 11pt; font-family: Arial;\">1 \u2014 A gest\u00e3o de fluxos espec\u00edficos de res\u00edduos est\u00e1 sujeita a licen\u00e7a ou autoriza\u00e7\u00e3o nos termos da legisla\u00e7\u00e3o especial, aplicando-se as disposi\u00e7\u00f5es do presente decreto-lei a tudo o que n\u00e3o estiver nela previsto.<\/span><\/p>\n<p class=\"MsoNormal\" style=\"margin: 0cm 49.95pt 0.0001pt 54pt; text-align: justify;\"><span style=\"font-size: 11pt; font-family: Arial;\">2 \u2014 A licen\u00e7a ou autoriza\u00e7\u00e3o previstas no n\u00famero anterior estabelecem as condi\u00e7\u00f5es da gest\u00e3o de fluxos. \u2026\u201d<\/span><\/p>\n<p class=\"MsoNormal\" style=\"text-align: justify;\"><span style=\"font-family: Arial;\">&nbsp;<\/span><\/p>\n<p class=\"MsoNormal\" style=\"text-align: justify;\"><em><span style=\"font-family: Arial;\">r<\/span><\/em><span style=\"font-family: Arial;\">) O incumprimento da obriga\u00e7\u00e3o de <strong>inscri\u00e7\u00e3o e registo de dados no SIRER<\/strong>, em viola\u00e7\u00e3o do disposto no artigo 48.\u00ba;<\/span><\/p>\n<p class=\"MsoNormal\" style=\"margin: 0cm 49.95pt 0.0001pt 54pt; text-align: center;\" align=\"center\"><em><span style=\"font-size: 11pt; font-family: Arial;\">\u201cArtigo 48.\u00ba<\/span><\/em><\/p>\n<p class=\"MsoNormal\" style=\"margin: 0cm 49.95pt 0.0001pt 54pt; text-align: center;\" align=\"center\"><em><span style=\"font-size: 11pt; font-family: Arial;\">&nbsp;<\/span><\/em><\/p>\n<p class=\"MsoNormal\" style=\"margin: 0cm 49.95pt 0.0001pt 54pt; text-align: center;\" align=\"center\"><strong><em><span style=\"font-size: 11pt; font-family: Arial;\">Obrigatoriedade de inscri\u00e7\u00e3o e de registo<\/span><\/em><\/strong><\/p>\n<p class=\"MsoNormal\" style=\"margin: 0cm 49.95pt 0.0001pt 54pt; text-align: center;\" align=\"center\"><strong><em><span style=\"font-size: 11pt; font-family: Arial;\">&nbsp;<\/span><\/em><\/strong><\/p>\n<p class=\"MsoNormal\" style=\"margin: 0cm 49.95pt 0.0001pt 54pt; text-align: justify;\"><em><span style=\"font-size: 11pt; font-family: Arial;\">1 \u2014 Est\u00e3o sujeitos a inscri\u00e7\u00e3o e a registo de dados no SIRER:<\/span><\/em><\/p>\n<p class=\"MsoNormal\" style=\"margin: 0cm 49.95pt 0.0001pt 54pt; text-align: justify;\"><em><span style=\"font-size: 11pt; font-family: Arial;\">a<\/span><\/em><em><span style=\"font-size: 11pt; font-family: Arial;\">) As pessoas singulares ou colectivas respons\u00e1veis por estabelecimentos que empreguem mais de 10 trabalhadores e que produzam res\u00edduos n\u00e3o urbanos;<\/span><\/em><\/p>\n<p class=\"MsoNormal\" style=\"margin: 0cm 49.95pt 0.0001pt 54pt; text-align: justify;\"><em><span style=\"font-size: 11pt; font-family: Arial;\">b<\/span><\/em><em><span style=\"font-size: 11pt; font-family: Arial;\">) As pessoas singulares ou colectivas respons\u00e1veis por estabelecimentos que produzam res\u00edduos perigosos;<\/span><\/em><\/p>\n<p class=\"MsoNormal\" style=\"margin: 0cm 49.95pt 0.0001pt 54pt; text-align: justify;\"><em><span style=\"font-size: 11pt; font-family: Arial;\">c<\/span><\/em><em><span style=\"font-size: 11pt; font-family: Arial;\">) As pessoas singulares ou colectivas que procedam ao tratamento de res\u00edduos a t\u00edtulo profissional;<\/span><\/em><\/p>\n<p class=\"MsoNormal\" style=\"margin: 0cm 49.95pt 0.0001pt 54pt; text-align: justify;\"><em><span style=\"font-size: 11pt; font-family: Arial;\">d<\/span><\/em><em><span style=\"font-size: 11pt; font-family: Arial;\">) As pessoas singulares ou colectivas que procedam \u00e0 recolha ou ao transporte de res\u00edduos a t\u00edtulo profissional;<\/span><\/em><\/p>\n<p class=\"MsoNormal\" style=\"margin: 0cm 49.95pt 0.0001pt 54pt; text-align: justify;\"><em><span style=\"font-size: 11pt; font-family: Arial;\">e<\/span><\/em><em><span style=\"font-size: 11pt; font-family: Arial;\">) As entidades respons\u00e1veis pelos sistemas de gest\u00e3o de res\u00edduos urbanos;<\/span><\/em><\/p>\n<p class=\"MsoNormal\" style=\"margin: 0cm 49.95pt 0.0001pt 54pt; text-align: justify;\"><em><span style=\"font-size: 11pt; font-family: Arial;\">f<\/span><\/em><em><span style=\"font-size: 11pt; font-family: Arial;\">) As entidades respons\u00e1veis pela gest\u00e3o de sistemas individuais ou integrados de fluxos espec\u00edficos de res\u00edduos;<\/span><\/em><\/p>\n<p class=\"MsoNormal\" style=\"margin: 0cm 49.95pt 0.0001pt 54pt; text-align: justify;\"><em><span style=\"font-size: 11pt; font-family: Arial;\">g<\/span><\/em><em><span style=\"font-size: 11pt; font-family: Arial;\">) Os operadores que actuam no mercado de res\u00edduos, designadamente, como corretores ou comerciantes;<\/span><\/em><\/p>\n<p class=\"MsoNormal\" style=\"margin: 0cm 49.95pt 0.0001pt 54pt; text-align: justify;\"><em><span style=\"font-size: 11pt; font-family: Arial;\">h<\/span><\/em><em><span style=\"font-size: 11pt; font-family: Arial;\">) Os produtores de produtos sujeitos \u00e0 obriga\u00e7\u00e3o de registo nos termos da legisla\u00e7\u00e3o relativa a fluxos espec\u00edficos.<\/span><\/em><\/p>\n<p class=\"MsoNormal\" style=\"margin: 0cm 49.95pt 0.0001pt 54pt; text-align: justify;\"><em><span style=\"font-size: 11pt; font-family: Arial;\">2 \u2014 Est\u00e3o ainda sujeitos a inscri\u00e7\u00e3o produtores de res\u00edduos que n\u00e3o se enquadrem no n\u00famero anterior mas que se encontrem obrigados ao registo electr\u00f3nico das guias de acompanhamento do transporte rodovi\u00e1rio de res\u00edduos.\u201d<\/span><\/em><\/p>\n<p class=\"MsoNormal\" style=\"margin: 0cm 49.95pt 0.0001pt 54pt; text-align: justify;\"><em><span style=\"font-size: 11pt; font-family: Arial;\">&nbsp;<\/span><\/em><\/p>\n<p class=\"MsoNormal\" style=\"text-align: justify;\"><em><span style=\"font-family: Arial;\">s<\/span><\/em><span style=\"font-family: Arial;\">) A viola\u00e7\u00e3o da <strong>obriga\u00e7\u00e3o de facultar informa\u00e7\u00f5es<\/strong> nos termos do n.\u00ba 2 do artigo 49.\u00ba -A e do n.\u00ba 4 do artigo 51.\u00ba -A;<\/span><\/p>\n<p class=\"MsoNormal\" style=\"margin: 0cm 49.95pt 0.0001pt 54pt; text-align: center;\" align=\"center\"><em><span style=\"font-size: 11pt; font-family: Arial;\">Artigo 49.\u00ba -A<\/span><\/em><\/p>\n<p class=\"MsoNormal\" style=\"margin: 0cm 49.95pt 0.0001pt 54pt; text-align: center;\" align=\"center\"><em><span style=\"font-size: 11pt; font-family: Arial;\">&nbsp;<\/span><\/em><\/p>\n<p class=\"MsoNormal\" style=\"margin: 0cm 49.95pt 0.0001pt 54pt; text-align: center;\" align=\"center\"><strong><em><span style=\"font-size: 11pt; font-family: Arial;\">Manuten\u00e7\u00e3o de registos<\/span><\/em><\/strong><\/p>\n<p class=\"MsoNormal\" style=\"margin: 0cm 49.95pt 0.0001pt 54pt; text-align: center;\" align=\"center\"><strong><em><span style=\"font-size: 11pt; font-family: Arial;\">&nbsp;<\/span><\/em><\/strong><\/p>\n<p class=\"MsoNormal\" style=\"margin: 0cm 49.95pt 0.0001pt 54pt; text-align: justify;\"><em><span style=\"font-size: 11pt; font-family: Arial;\">1 \u2014 As entidades sujeitas a registo nos termos do artigo 48.\u00ba devem manter um registo cronol\u00f3gico dos dados registados nos termos do artigo anterior por um per\u00edodo m\u00ednimo de tr\u00eas anos.<\/span><\/em><\/p>\n<p class=\"MsoNormal\" style=\"margin: 0cm 49.95pt 0.0001pt 54pt; text-align: justify;\"><em><span style=\"font-size: 11pt; font-family: Arial;\">2 \u2014 As informa\u00e7\u00f5es referidas no n\u00famero anterior devem ser facultadas \u00e0s autoridades competentes, sempre que solicitado.<\/span><\/em><\/p>\n<p class=\"MsoNormal\" style=\"margin: 0cm 49.95pt 0.0001pt 54pt; text-align: justify;\"><em><span style=\"font-size: 11pt; font-family: Arial;\">3 \u2014 Os documentos comprovativos da execu\u00e7\u00e3o das opera\u00e7\u00f5es de gest\u00e3o de res\u00edduos devem, quando solicitados, ser facultados \u00e0s autoridades competentes, bem como ao detentor anterior dos res\u00edduos.<\/span><\/em><\/p>\n<p class=\"MsoNormal\" style=\"text-align: justify;\"><span style=\"font-family: Arial;\">&nbsp;<\/span><\/p>\n<p class=\"MsoNormal\" style=\"text-align: justify;\"><em><span style=\"font-family: Arial;\">t<\/span><\/em><span style=\"font-family: Arial;\">) O n\u00e3o cumprimento da determina\u00e7\u00e3o de <strong>realiza\u00e7\u00e3o de auditorias<\/strong> nos termos do n.\u00ba 5 do artigo 51.\u00ba -A;<\/span><\/p>\n<p class=\"MsoNormal\" style=\"margin: 0cm 49.95pt 0.0001pt 54pt; text-align: justify;\"><em><span style=\"font-size: 11pt; font-family: Arial;\">\u201c5 \u2014 Em casos devidamente fundamentados, a ANR pode exigir, aos titulares de licen\u00e7a ou autoriza\u00e7\u00e3o para gest\u00e3o de fluxo espec\u00edfico, a realiza\u00e7\u00e3o de auditorias anuais efectuadas por entidades independentes.\u201d<\/span><\/em><\/p>\n<p class=\"MsoNormal\" style=\"text-align: justify;\"><em><span style=\"font-family: Arial;\">u<\/span><\/em><span style=\"font-family: Arial;\">) O incumprimento do dever de <strong>manuten\u00e7\u00e3o e de monitoriza\u00e7\u00e3o ambiental das lixeiras<\/strong> nos termos do n.\u00ba 1 do artigo 75.\u00ba -A;<\/span><\/p>\n<p class=\"MsoNormal\" style=\"margin: 0cm 49.95pt 0.0001pt 54pt; text-align: justify;\"><span style=\"font-size: 11pt; font-family: Arial;\">1 \u2014 A responsabilidade pela manuten\u00e7\u00e3o e pela monitoriza\u00e7\u00e3o ambiental das antigas lixeiras municipais encerradas cabe \u00e0s entidades gestoras respons\u00e1veis pelo tratamento de res\u00edduos urbanos da \u00e1rea onde essas antigas lixeiras se localizam.<\/span><\/p>\n<p class=\"MsoNormal\" style=\"margin: 0cm 49.95pt 0.0001pt 54pt; text-align: justify;\"><span style=\"font-size: 11pt; font-family: Arial;\">&nbsp;<\/span><\/p>\n<p class=\"MsoNormal\" style=\"text-align: justify;\"><em><span style=\"font-family: Arial;\">v<\/span><\/em><span style=\"font-family: Arial;\">) A <strong>manuten\u00e7\u00e3o e a monitoriza\u00e7\u00e3o ambiental das lixeiras<\/strong> em inobserv\u00e2ncia das normas t\u00e9cnicas nos termos no n.\u00ba 2 do artigo 75.\u00ba -A.<\/span><\/p>\n<p class=\"MsoNormal\" style=\"margin: 0cm 49.95pt 0.0001pt 54pt; text-align: justify;\"><em><span style=\"font-size: 11pt; font-family: Arial;\">\u201c2 \u2014 A manuten\u00e7\u00e3o e a monitoriza\u00e7\u00e3o ambiental referidas no n\u00famero anterior s\u00e3o efectuadas de acordo com um plano de manuten\u00e7\u00e3o e monitoriza\u00e7\u00e3o ambiental a estabelecer pela ANR em articula\u00e7\u00e3o com as ARR, as administra\u00e7\u00f5es das regi\u00f5es hidrogr\u00e1ficas e a IGAOT, o qual integra, designadamente, a identifica\u00e7\u00e3o das antigas lixeiras que seja necess\u00e1rio manter e monitorizar, os par\u00e2metros a controlar, a periodicidade do controlo e os requisitos de manuten\u00e7\u00e3o.\u201d<\/span><\/em><\/p>\n<p class=\"MsoNormal\" style=\"text-align: justify;\"><span style=\"font-family: Arial;\">&nbsp;<\/span><\/p>\n<p class=\"MsoNormal\" style=\"text-align: justify;\"><strong><span style=\"font-family: Arial;\">Contra-ordena\u00e7\u00e3o ambiental leve<\/span><\/strong><\/p>\n<p class=\"MsoNormal\" style=\"text-align: justify;\"><span style=\"font-family: Arial;\">3 \u2014 Constitui <strong>contra-ordena\u00e7\u00e3o ambiental leve<\/strong>, pun\u00edvel nos termos da Lei n.\u00ba 50\/2006, de 29 de Agosto, alterada pela Lei n.\u00ba 89\/2009, de 31 de Agosto, e rectificada pela Declara\u00e7\u00e3o de Rectifica\u00e7\u00e3o n.\u00ba 70\/2009, de 1 de Outubro, a pr\u00e1tica dos seguintes actos:<\/span><\/p>\n<p class=\"MsoNormal\" style=\"text-align: justify;\"><em><span style=\"font-family: Arial;\">a<\/span><\/em><span style=\"font-family: Arial;\">) A n\u00e3o <strong>separa\u00e7\u00e3o, na origem, dos res\u00edduos produzidos<\/strong>, de forma a promover preferencialmente a sua valoriza\u00e7\u00e3o, em viola\u00e7\u00e3o do disposto no n.\u00ba 4 do artigo 7.\u00ba;<\/span><\/p>\n<p class=\"MsoNormal\" style=\"margin: 0cm 49.95pt 0.0001pt 54pt; text-align: justify;\"><em><span style=\"font-size: 11pt; font-family: Arial;\">\u201c4 \u2014 Os produtores de res\u00edduos devem proceder \u00e0 separa\u00e7\u00e3o dos res\u00edduos na origem de forma a promover a sua valoriza\u00e7\u00e3o por fluxos e fileiras.\u201d<\/span><\/em><\/p>\n<p class=\"MsoNormal\" style=\"text-align: justify;\"><span style=\"font-family: Arial;\">&nbsp;<\/span><\/p>\n<p class=\"MsoNormal\" style=\"text-align: justify;\"><em><span style=\"font-family: Arial;\">b<\/span><\/em><span style=\"font-family: Arial;\">) O incumprimento do disposto no n.\u00ba 8 do artigo 7.\u00ba;<\/span><\/p>\n<p class=\"MsoNormal\" style=\"margin: 0cm 49.95pt 0.0001pt 54pt; text-align: justify;\"><em><span style=\"font-size: 11pt; font-family: Arial;\">\u201c8 \u2014 Com vista \u00e0 concretiza\u00e7\u00e3o das metas previstas no n.\u00ba 6, sempre que tecnicamente exequ\u00edvel, \u00e9 obrigat\u00f3ria a utiliza\u00e7\u00e3o de pelo menos 5 % de materiais reciclados ou que incorporem materiais reciclados relativamente \u00e0 quantidade total de mat\u00e9rias-primas usadas em obra, no \u00e2mbito da contrata\u00e7\u00e3o de empreitadas de constru\u00e7\u00e3o e de manuten\u00e7\u00e3o de infra-estruturas ao abrigo do C\u00f3digos dos Contratos P\u00fablicos, aprovado pelo Decreto\u2013Lei n.\u00ba 18\/2008, de 29 de Janeiro.\u201d<\/span><\/em><\/p>\n<p class=\"MsoNormal\" style=\"text-align: justify;\"><span style=\"font-family: Arial;\">&nbsp;<\/span><\/p>\n<p class=\"MsoNormal\" style=\"text-align: justify;\"><em><span style=\"font-family: Arial;\">c<\/span><\/em><span style=\"font-family: Arial;\">) O <strong>transporte de res\u00edduos<\/strong> em incumprimento da obriga\u00e7\u00e3o de registo na e-GAR prevista no n.\u00ba 1 do artigo 21.\u00ba;<\/span><\/p>\n<p class=\"MsoNormal\" style=\"margin: 0cm 49.95pt 0.0001pt 54pt; text-align: justify;\"><em><span style=\"font-size: 11pt; font-family: Arial;\">\u201c1 \u2014 O transporte de res\u00edduos est\u00e1 sujeito a registo electr\u00f3nico a efectuar pelos produtores, detentores, transportadores e destinat\u00e1rios dos res\u00edduos, atrav\u00e9s de uma guia de acompanhamento de res\u00edduos electr\u00f3nica (e-GAR) dispon\u00edvel no s\u00edtio da ANR na Internet.\u201d<\/span><\/em><\/p>\n<p class=\"MsoNormal\" style=\"text-align: justify;\"><span style=\"font-family: Arial;\">&nbsp;<\/span><\/p>\n<p class=\"MsoNormal\" style=\"text-align: justify;\"><em><span style=\"font-family: Arial;\">d<\/span><\/em><span style=\"font-family: Arial;\">) O <strong>transporte de res\u00edduos<\/strong> sem se fazer acompanhar da guia de acompanhamento de res\u00edduos prevista na Portaria n.\u00ba 335\/97, de 16 de Maio;<\/span><\/p>\n<p class=\"MsoNormal\" style=\"text-align: justify;\"><span style=\"font-family: Arial;\">&nbsp;<\/span><\/p>\n<p class=\"MsoNormal\" style=\"text-align: justify;\"><em><span style=\"font-family: Arial;\">e<\/span><\/em><span style=\"font-family: Arial;\">) O incumprimento da obriga\u00e7\u00e3o de <strong>registo de dados<\/strong> ou o registo de dados incorrecto ou insuficiente nos termos do artigo 49.\u00ba;<\/span><\/p>\n<p class=\"MsoNormal\" style=\"margin: 0cm 49.95pt 0.0001pt 54pt; text-align: center;\" align=\"center\"><em><span style=\"font-size: 11pt; font-family: Arial;\">\u201cArtigo 49.\u00ba<\/span><\/em><\/p>\n<p class=\"MsoNormal\" style=\"margin: 0cm 49.95pt 0.0001pt 54pt; text-align: center;\" align=\"center\"><em><span style=\"font-size: 11pt; font-family: Arial;\">&nbsp;<\/span><\/em><\/p>\n<p class=\"MsoNormal\" style=\"margin: 0cm 49.95pt 0.0001pt 54pt; text-align: center;\" align=\"center\"><strong><em><span style=\"font-size: 11pt; font-family: Arial;\">Informa\u00e7\u00e3o objecto de registo<\/span><\/em><\/strong><\/p>\n<p class=\"MsoNormal\" style=\"margin: 0cm 49.95pt 0.0001pt 54pt; text-align: center;\" align=\"center\"><strong><em><span style=\"font-size: 11pt; font-family: Arial;\">&nbsp;<\/span><\/em><\/strong><\/p>\n<p class=\"MsoNormal\" style=\"margin: 0cm 49.95pt 0.0001pt 54pt; text-align: justify;\"><em><span style=\"font-size: 11pt; font-family: Arial;\">1 \u2014 O SIRER agrega, nomeadamente, a seguinte informa\u00e7\u00e3o prestada pelas entidades sujeitas a registo:<\/span><\/em><\/p>\n<p class=\"MsoNormal\" style=\"margin: 0cm 49.95pt 0.0001pt 54pt; text-align: justify;\"><em><span style=\"font-size: 11pt; font-family: Arial;\">a<\/span><\/em><em><span style=\"font-size: 11pt; font-family: Arial;\">) Origens discriminadas dos res\u00edduos;<\/span><\/em><\/p>\n<p class=\"MsoNormal\" style=\"margin: 0cm 49.95pt 0.0001pt 54pt; text-align: justify;\"><em><span style=\"font-size: 11pt; font-family: Arial;\">b<\/span><\/em><em><span style=\"font-size: 11pt; font-family: Arial;\">) Quantidade, classifica\u00e7\u00e3o e destino discriminados dos res\u00edduos;<\/span><\/em><\/p>\n<p class=\"MsoNormal\" style=\"margin: 0cm 49.95pt 0.0001pt 54pt; text-align: justify;\"><em><span style=\"font-size: 11pt; font-family: Arial;\">c<\/span><\/em><em><span style=\"font-size: 11pt; font-family: Arial;\">) Identifica\u00e7\u00e3o das opera\u00e7\u00f5es efectuadas;<\/span><\/em><\/p>\n<p class=\"MsoNormal\" style=\"margin: 0cm 49.95pt 0.0001pt 54pt; text-align: justify;\"><em><span style=\"font-size: 11pt; font-family: Arial;\">d<\/span><\/em><em><span style=\"font-size: 11pt; font-family: Arial;\">) Identifica\u00e7\u00e3o dos transportadores.<\/span><\/em><\/p>\n<p class=\"MsoNormal\" style=\"margin: 0cm 49.95pt 0.0001pt 54pt; text-align: justify;\"><em><span style=\"font-size: 11pt; font-family: Arial;\">2 \u2014 Para efeitos de registo na plataforma, os produtores de produtos devem prestar, pelo menos, a seguinte informa\u00e7\u00e3o:<\/span><\/em><\/p>\n<p class=\"MsoNormal\" style=\"margin: 0cm 49.95pt 0.0001pt 54pt; text-align: justify;\"><em><span style=\"font-size: 11pt; font-family: Arial;\">a<\/span><\/em><em><span style=\"font-size: 11pt; font-family: Arial;\">) Identifica\u00e7\u00e3o do produtor e marcas comercializadas, se aplic\u00e1vel;<\/span><\/em><\/p>\n<p class=\"MsoNormal\" style=\"margin: 0cm 49.95pt 0.0001pt 54pt; text-align: justify;\"><em><span style=\"font-size: 11pt; font-family: Arial;\">b<\/span><\/em><em><span style=\"font-size: 11pt; font-family: Arial;\">) Identifica\u00e7\u00e3o do tipo de produto e quantidades colocadas no mercado anualmente;<\/span><\/em><\/p>\n<p class=\"MsoNormal\" style=\"margin: 0cm 49.95pt 0.0001pt 54pt; text-align: justify;\"><em><span style=\"font-size: 11pt; font-family: Arial;\">c<\/span><\/em><em><span style=\"font-size: 11pt; font-family: Arial;\">) Indica\u00e7\u00e3o do sistema de gest\u00e3o de res\u00edduos adoptado.\u201d<\/span><\/em><\/p>\n<p class=\"MsoNormal\" style=\"margin: 0cm 76.95pt 0.0001pt 27pt; text-align: justify;\"><span style=\"font-family: Arial;\">&nbsp;<\/span><\/p>\n<p class=\"MsoNormal\" style=\"text-align: justify;\"><em><span style=\"font-family: Arial;\">f<\/span><\/em><span style=\"font-family: Arial;\">) O incumprimento da <strong>obriga\u00e7\u00e3o de manuten\u00e7\u00e3o de registo de dados<\/strong> nos termos do n.\u00ba 1 do artigo 49.\u00ba -A;<\/span><\/p>\n<p class=\"MsoNormal\" style=\"margin: 0cm 49.95pt 0.0001pt 54pt; text-align: justify;\"><em><span style=\"font-size: 11pt; font-family: Arial;\">\u201c1 \u2014 As entidades sujeitas a registo nos termos do artigo 48.\u00ba devem manter um registo cronol\u00f3gico dos dados registados nos termos do artigo anterior por um per\u00edodo m\u00ednimo de tr\u00eas anos.\u201d<\/span><\/em><\/p>\n<p class=\"MsoNormal\" style=\"text-align: justify;\"><span style=\"font-family: Arial;\">&nbsp;<\/span><\/p>\n<p class=\"MsoNormal\" style=\"text-align: justify;\"><em><span style=\"font-family: Arial;\">g<\/span><\/em><span style=\"font-family: Arial;\">) O incumprimento dos <strong>prazos de inscri\u00e7\u00e3o e de registo<\/strong> nos termos do artigo 49.\u00ba -B.<\/span><\/p>\n<p class=\"MsoNormal\" style=\"margin: 0cm 49.95pt 0.0001pt 54pt; text-align: center;\" align=\"center\"><em><span style=\"font-size: 11pt; font-family: Arial;\">\u201cArtigo 49.\u00ba -B<\/span><\/em><\/p>\n<p class=\"MsoNormal\" style=\"margin: 0cm 49.95pt 0.0001pt 54pt; text-align: center;\" align=\"center\"><em><span style=\"font-size: 11pt; font-family: Arial;\">&nbsp;<\/span><\/em><\/p>\n<p class=\"MsoNormal\" style=\"margin: 0cm 49.95pt 0.0001pt 54pt; text-align: center;\" align=\"center\"><strong><em><span style=\"font-size: 11pt; font-family: Arial;\">Prazo de inscri\u00e7\u00e3o e de registo<\/span><\/em><\/strong><\/p>\n<p class=\"MsoNormal\" style=\"margin: 0cm 49.95pt 0.0001pt 54pt; text-align: center;\" align=\"center\"><strong><em><span style=\"font-size: 11pt; font-family: Arial;\">&nbsp;<\/span><\/em><\/strong><\/p>\n<p class=\"MsoNormal\" style=\"margin: 0cm 49.95pt 0.0001pt 54pt; text-align: justify;\"><em><span style=\"font-size: 11pt; font-family: Arial;\">1 \u2014 A inscri\u00e7\u00e3o no SIRER deve ser efectuada no prazo de um m\u00eas ap\u00f3s o in\u00edcio da actividade ou do funcionamento da instala\u00e7\u00e3o ou do estabelecimento.<\/span><\/em><\/p>\n<p class=\"MsoNormal\" style=\"margin: 0cm 49.95pt 0.0001pt 54pt; text-align: justify;\"><em><span style=\"font-size: 11pt; font-family: Arial;\">2 \u2014 O prazo para registo anual da informa\u00e7\u00e3o relativa aos res\u00edduos e aos produtos colocados no mercado termina no dia 31 de Mar\u00e7o do ano seguinte ao do ano a reportar.<\/span><\/em><\/p>\n<p class=\"MsoNormal\" style=\"margin: 0cm 49.95pt 0.0001pt 54pt; text-align: justify;\"><em><span style=\"font-size: 11pt; font-family: Arial;\">3 \u2014 Sem preju\u00edzo do disposto no n\u00famero anterior, as entidades respons\u00e1veis pelos CIRVER, pelas instala\u00e7\u00f5es de incinera\u00e7\u00e3o e co -incinera\u00e7\u00e3o de res\u00edduos ou pela deposi\u00e7\u00e3o de res\u00edduos em aterro, submetem, at\u00e9 ao termo do 1.\u00ba semestre do ano a reportar, a informa\u00e7\u00e3o necess\u00e1ria para efeitos de liquida\u00e7\u00e3o da taxa de gest\u00e3o de res\u00edduos.<\/span><\/em><\/p>\n<p class=\"MsoNormal\" style=\"margin: 0cm 49.95pt 0.0001pt 54pt; text-align: justify;\"><em><span style=\"font-size: 11pt; font-family: Arial;\">4 \u2014 O prazo para registo referido no n.\u00ba 2 n\u00e3o se aplica aos sistemas de gest\u00e3o de res\u00edduos urbanos, cuja informa\u00e7\u00e3o \u00e9 submetida mensalmente, at\u00e9 ao termo do m\u00eas seguinte a que respeitam os dados.\u201d<\/span><\/em><\/p>\n<p class=\"MsoNormal\" style=\"margin: 0cm 49.95pt 0.0001pt 54pt; text-align: justify;\"><em><span style=\"font-size: 11pt; font-family: Arial;\">&nbsp;<\/span><\/em><\/p>\n<p class=\"MsoNormal\" style=\"margin: 0cm 49.95pt 0.0001pt 54pt; text-align: justify;\"><em><span style=\"font-size: 11pt; font-family: Arial;\">&nbsp;<br \/>\n<\/span><\/em><\/p>\n<p><!--nextpage--><\/p>\n<p class=\"MsoNormal\" style=\"margin-right: 4.95pt;\"><strong><span style=\"font-family: Arial;\">San\u00e7\u00f5es acess\u00f3rias e apreens\u00e3o cautelar<\/span><\/strong><\/p>\n<p class=\"MsoNormal\" style=\"text-align: justify;\"><span style=\"font-family: Arial;\">Sempre que a gravidade da infrac\u00e7\u00e3o o justifique, pode a autoridade competente, simultaneamente com a coima, determinar a aplica\u00e7\u00e3o das san\u00e7\u00f5es acess\u00f3rias que se mostrem adequadas, nos termos previstos na Lei n.\u00ba 50\/2006, de 29 de Agosto, alterada pela Lei n.\u00ba 89\/2009, de 31 de Agosto, e rectificada pela Declara\u00e7\u00e3o de Rectifica\u00e7\u00e3o n.\u00ba 70\/2009, de 1 de Outubro, consoante o tipo de contra -ordena\u00e7\u00e3o aplic\u00e1vel.<\/span><\/p>\n<p><!--nextpage--><\/p>\n<p class=\"MsoNormal\" style=\"text-align: justify;\"><strong><span style=\"font-family: Arial;\">San\u00e7\u00f5es acess\u00f3rias<\/span><\/strong><\/p>\n<p class=\"MsoNormal\" style=\"text-align: justify;\"><span style=\"font-family: Arial;\">1 \u2014 Pela pr\u00e1tica de contra-ordena\u00e7\u00f5es ambientais graves e muito graves podem ser aplicadas ao infractor as seguintes san\u00e7\u00f5es acess\u00f3rias:<\/span><\/p>\n<p class=\"MsoNormal\" style=\"margin-left: 36pt; text-align: justify; text-indent: -18pt;\"><em><span style=\"font-family: Arial;\">a)<span style=\"font: 7pt 'Times New Roman';\">&nbsp;&nbsp;&nbsp;&nbsp; <\/span><\/span><\/em><span style=\"font-family: Arial;\">Apreens\u00e3o e perda a favor do Estado dos objectos pertencentes ao arguido, utilizados ou produzidos aquando da infrac\u00e7\u00e3o;<\/span><\/p>\n<p class=\"MsoNormal\" style=\"margin-left: 36pt; text-align: justify; text-indent: -18pt;\"><em><span style=\"font-family: Arial;\">b)<span style=\"font: 7pt 'Times New Roman';\">&nbsp;&nbsp;&nbsp;&nbsp; <\/span><\/span><\/em><span style=\"font-family: Arial;\">Interdi\u00e7\u00e3o do exerc\u00edcio de profiss\u00f5es ou actividades cujo exerc\u00edcio dependa de t\u00edtulo p\u00fablico ou de autoriza\u00e7\u00e3o ou homologa\u00e7\u00e3o de autoridade p\u00fablica;<\/span><\/p>\n<p class=\"MsoNormal\" style=\"margin-left: 36pt; text-align: justify; text-indent: -18pt;\"><em><span style=\"font-family: Arial;\">c)<span style=\"font: 7pt 'Times New Roman';\">&nbsp;&nbsp;&nbsp;&nbsp;&nbsp; <\/span><\/span><\/em><span style=\"font-family: Arial;\">Priva\u00e7\u00e3o do direito a benef\u00edcios ou subs\u00eddios outorgados por entidades ou servi\u00e7os p\u00fablicos nacionais ou comunit\u00e1rios;<\/span><\/p>\n<p class=\"MsoNormal\" style=\"margin-left: 36pt; text-align: justify; text-indent: -18pt;\"><em><span style=\"font-family: Arial;\">d)<span style=\"font: 7pt 'Times New Roman';\">&nbsp;&nbsp;&nbsp;&nbsp; <\/span><\/span><\/em><span style=\"font-family: Arial;\">Priva\u00e7\u00e3o do direito de participar em confer\u00eancias, feiras ou mercados nacionais ou internacionais com intuito de transaccionar ou dar publicidade aos seus produtos ou \u00e0s suas actividades;<\/span><\/p>\n<p class=\"MsoNormal\" style=\"margin-left: 36pt; text-align: justify; text-indent: -18pt;\"><em><span style=\"font-family: Arial;\">e)<span style=\"font: 7pt 'Times New Roman';\">&nbsp;&nbsp;&nbsp;&nbsp; <\/span><\/span><\/em><span style=\"font-family: Arial;\">Priva\u00e7\u00e3o do direito de participar em arremata\u00e7\u00f5es ou concursos p\u00fablicos que tenham por objecto a empreitada ou concess\u00e3o de obras p\u00fablicas, a aquisi\u00e7\u00e3o de bens e servi\u00e7os, a concess\u00e3o de servi\u00e7os p\u00fablicos e a atribui\u00e7\u00e3o de licen\u00e7as ou alvar\u00e1s;<\/span><\/p>\n<p class=\"MsoNormal\" style=\"margin-left: 36pt; text-align: justify; text-indent: -18pt;\"><em><span style=\"font-family: Arial;\">f)<span style=\"font: 7pt 'Times New Roman';\">&nbsp;&nbsp;&nbsp;&nbsp;&nbsp;&nbsp;&nbsp; <\/span><\/span><\/em><span style=\"font-family: Arial;\">Encerramento de estabelecimento cujo funcionamento esteja sujeito a autoriza\u00e7\u00e3o ou licen\u00e7a de autoridade administrativa;<\/span><\/p>\n<p class=\"MsoNormal\" style=\"margin-left: 36pt; text-align: justify; text-indent: -18pt;\"><em><span style=\"font-family: Arial;\">g)<span style=\"font: 7pt 'Times New Roman';\">&nbsp;&nbsp;&nbsp;&nbsp; <\/span><\/span><\/em><span style=\"font-family: Arial;\">Cessa\u00e7\u00e3o ou suspens\u00e3o de licen\u00e7as, alvar\u00e1s ou autoriza\u00e7\u00f5es relacionados com o exerc\u00edcio da respectiva actividade;<\/span><\/p>\n<p class=\"MsoNormal\" style=\"margin-left: 36pt; text-align: justify; text-indent: -18pt;\"><em><span style=\"font-family: Arial;\">h)<span style=\"font: 7pt 'Times New Roman';\">&nbsp;&nbsp;&nbsp;&nbsp; <\/span><\/span><\/em><span style=\"font-family: Arial;\">Perda de benef\u00edcios fiscais, de benef\u00edcios de cr\u00e9dito e de linhas de financiamento de cr\u00e9dito de que haja usufru\u00eddo;<\/span><\/p>\n<p class=\"MsoNormal\" style=\"margin-left: 36pt; text-align: justify; text-indent: -18pt;\"><em><span style=\"font-family: Arial;\">i)<span style=\"font: 7pt 'Times New Roman';\">&nbsp;&nbsp;&nbsp;&nbsp;&nbsp;&nbsp;&nbsp; <\/span><\/span><\/em><span style=\"font-family: Arial;\">Selagem de equipamentos destinados \u00e0 labora\u00e7\u00e3o;<\/span><\/p>\n<p class=\"MsoNormal\" style=\"margin-left: 36pt; text-align: justify; text-indent: -18pt;\"><em><span style=\"font-family: Arial;\">j)<span style=\"font: 7pt 'Times New Roman';\">&nbsp;&nbsp;&nbsp;&nbsp;&nbsp;&nbsp;&nbsp; <\/span><\/span><\/em><span style=\"font-family: Arial;\">Imposi\u00e7\u00e3o das medidas que se mostrem adequadas \u00e0 preven\u00e7\u00e3o de danos ambientais, \u00e0 reposi\u00e7\u00e3o da situa\u00e7\u00e3o anterior \u00e0 infrac\u00e7\u00e3o e \u00e0 minimiza\u00e7\u00e3o dos efeitos decorrentes da mesma;<\/span><\/p>\n<p class=\"MsoNormal\" style=\"margin-left: 36pt; text-align: justify; text-indent: -18pt;\"><em><span style=\"font-family: Arial;\">k)<span style=\"font: 7pt 'Times New Roman';\">&nbsp;&nbsp;&nbsp;&nbsp;&nbsp; <\/span><\/span><\/em><span style=\"font-family: Arial;\">Publicidade da condena\u00e7\u00e3o;<\/span><\/p>\n<p class=\"MsoNormal\" style=\"margin-left: 36pt; text-align: justify; text-indent: -18pt;\"><em><span style=\"font-family: Arial;\">l)<span style=\"font: 7pt 'Times New Roman';\">&nbsp;&nbsp;&nbsp;&nbsp;&nbsp;&nbsp;&nbsp; <\/span><\/span><\/em><span style=\"font-family: Arial;\">Apreens\u00e3o de animais.<\/span><\/p>\n<p class=\"MsoNormal\" style=\"text-align: justify;\"><span style=\"font-family: Arial;\">&nbsp;<\/span><\/p>\n<p class=\"MsoNormal\" style=\"text-align: justify;\"><span style=\"font-family: Arial;\">2 \u2014 No caso de ser aplicada a san\u00e7\u00e3o prevista nas al\u00edneas <em>c<\/em>) e <em>h<\/em>) do n\u00famero anterior, deve a autoridade administrativa comunicar de imediato \u00e0 entidade que atribui o benef\u00edcio ou subs\u00eddio com vista \u00e0 suspens\u00e3o das restantes parcelas dos mesmos.<\/span><\/p>\n<p class=\"MsoNormal\" style=\"text-align: justify;\"><span style=\"font-family: Arial;\">3 \u2014 No caso do recebimento pelo infractor da totalidade ou parte do benef\u00edcio ou subs\u00eddio, pode o mesmo ser condenado a devolv\u00ea-lo.<\/span><\/p>\n<p class=\"MsoNormal\" style=\"text-align: justify;\"><span style=\"font-family: Arial;\">4 \u2014 As san\u00e7\u00f5es referidas nas al\u00edneas <em>b<\/em>) a <em>j<\/em>) do n.\u00ba 1 t\u00eam a dura\u00e7\u00e3o m\u00e1xima de tr\u00eas anos, contados a partir da data da decis\u00e3o condenat\u00f3ria definitiva.<\/span><\/p>\n<p class=\"MsoNormal\" style=\"text-align: justify;\"><span style=\"font-family: Arial;\">5 \u2014 Quando se verifique obstru\u00e7\u00e3o \u00e0 execu\u00e7\u00e3o das medidas previstas nas al\u00edneas <em>f<\/em>)<em>, i<\/em>) e <em>j<\/em>) do n.\u00ba 1 do presente artigo, pode igualmente ser solicitada \u00e0s entidades competentes a notifica\u00e7\u00e3o dos distribuidores de energia el\u00e9ctrica para interromperem o fornecimento desta.<\/span><\/p>\n<p class=\"MsoNormal\" style=\"text-align: justify;\"><span style=\"font-family: Arial;\">6 \u2014 No caso de ser aplicada a san\u00e7\u00e3o prevista na al\u00ednea <em>m<\/em>) do n.\u00ba 1, deve a autoridade administrativa comunicar de imediato \u00e0 entidade licenciadora da respectiva actividade, para que esta a execute.<\/span><\/p>\n<p class=\"MsoNormal\" style=\"text-align: justify;\"><span style=\"font-family: Arial;\">&nbsp;<\/span><\/p>\n<p><!--nextpage--><\/p>\n<p class=\"MsoNormal\" style=\"text-align: justify;\"><strong><span style=\"font-family: Arial;\">Apreens\u00e3o cautelar<\/span><\/strong><\/p>\n<p class=\"MsoNormal\" style=\"text-align: justify;\"><span style=\"font-family: Arial;\">&nbsp;As entidades fiscalizadoras podem ainda, sempre que necess\u00e1rio, determinar a apreens\u00e3o provis\u00f3ria de bens e documentos, nos termos previstos no artigo 42.\u00ba da Lei n.\u00ba 50\/2006, de 29 de Agosto, alterada pela Lei n.\u00ba 89\/2009, de 31 de Agosto, e rectificada pela Declara\u00e7\u00e3o de Rectifica\u00e7\u00e3o n.\u00ba 70\/2009, de 1 de Outubro.<\/span><\/p>\n<p class=\"MsoNormal\" style=\"margin: 0cm 49.95pt 0.0001pt 54pt; text-align: center;\" align=\"center\"><em><span style=\"font-size: 11pt; font-family: Arial;\">\u201cArtigo 42.\u00ba<\/span><\/em><\/p>\n<p class=\"MsoNormal\" style=\"margin: 0cm 49.95pt 0.0001pt 54pt; text-align: center;\" align=\"center\"><em><span style=\"font-size: 11pt; font-family: Arial;\">&nbsp;<\/span><\/em><\/p>\n<p class=\"MsoNormal\" style=\"margin: 0cm 49.95pt 0.0001pt 54pt; text-align: center;\" align=\"center\"><strong><em><span style=\"font-size: 11pt; font-family: Arial;\">Apreens\u00e3o cautelar<\/span><\/em><\/strong><\/p>\n<p class=\"MsoNormal\" style=\"margin: 0cm 49.95pt 0.0001pt 54pt; text-align: center;\" align=\"center\"><strong><em><span style=\"font-size: 11pt; font-family: Arial;\">&nbsp;<\/span><\/em><\/strong><\/p>\n<p class=\"MsoNormal\" style=\"margin: 0cm 49.95pt 0.0001pt 54pt; text-align: justify;\"><em><span style=\"font-size: 11pt; font-family: Arial;\">1 \u2014 A lei pode determinar a apreens\u00e3o provis\u00f3ria pela autoridade administrativa, nos termos desta lei e do regime geral das contra -ordena\u00e7\u00f5es, nomeadamente dos seguintes bens e documentos:<\/span><\/em><\/p>\n<p class=\"MsoNormal\" style=\"margin: 0cm 49.95pt 0.0001pt 54pt; text-align: justify;\"><em><span style=\"font-size: 11pt; font-family: Arial;\">a<\/span><\/em><em><span style=\"font-size: 11pt; font-family: Arial;\">) Equipamentos destinados \u00e0 labora\u00e7\u00e3o;<\/span><\/em><\/p>\n<p class=\"MsoNormal\" style=\"margin: 0cm 49.95pt 0.0001pt 54pt; text-align: justify;\"><em><span style=\"font-size: 11pt; font-family: Arial;\">b<\/span><\/em><em><span style=\"font-size: 11pt; font-family: Arial;\">) Licen\u00e7as, certificados, autoriza\u00e7\u00f5es, aprova\u00e7\u00f5es, guias de substitui\u00e7\u00e3o e ou outros documentos equiparados;<\/span><\/em><\/p>\n<p class=\"MsoNormal\" style=\"margin: 0cm 49.95pt 0.0001pt 54pt; text-align: justify;\"><em><span style=\"font-size: 11pt; font-family: Arial;\">c<\/span><\/em><em><span style=\"font-size: 11pt; font-family: Arial;\">) Animais ou plantas de esp\u00e9cies protegidas, ilegalmente na posse de pessoas singulares ou colectivas.<\/span><\/em><\/p>\n<p class=\"MsoNormal\" style=\"margin: 0cm 49.95pt 0.0001pt 54pt; text-align: justify;\"><em><span style=\"font-size: 11pt; font-family: Arial;\">2 \u2014 No caso de apreens\u00e3o nos termos da al\u00ednea a) do n\u00famero anterior, pode o seu propriet\u00e1rio, ou quem o represente, ser designado fiel deposit\u00e1rio, com a obriga\u00e7\u00e3o de n\u00e3o utilizar os bens cautelarmente apreendidos, sob pena de crime de desobedi\u00eancia qualificada.\u201d<\/span><\/em><\/p>\n<p class=\"MsoNormal\" style=\"margin: 0cm 49.95pt 0.0001pt 54pt; text-align: justify;\"><em><span style=\"font-size: 11pt; font-family: Arial;\">&nbsp;<\/span><\/em><\/p>\n<p><!--nextpage--><\/p>\n<p class=\"MsoNormal\" style=\"margin-bottom: 12pt; text-align: justify;\"><strong><span style=\"font-family: Arial;\">Reposi\u00e7\u00e3o da situa\u00e7\u00e3o anterior<\/span><\/strong><\/p>\n<p class=\"MsoNormal\" style=\"text-align: justify;\"><span style=\"font-family: Arial;\">1\u2014O infractor est\u00e1 obrigado a remover as causas da infrac\u00e7\u00e3o e a reconstituir a situa\u00e7\u00e3o anterior \u00e0 pr\u00e1tica da mesma.<\/span><\/p>\n<p class=\"MsoNormal\" style=\"text-align: justify;\"><span style=\"font-family: Arial;\">2\u2014 Sempre que o dever de reposi\u00e7\u00e3o da situa\u00e7\u00e3o anterior n\u00e3o seja voluntariamente cumprido, as entidades competentes para a fiscaliza\u00e7\u00e3o actuam directamente por conta do infractor, sendo as despesas cobradas coercivamente atrav\u00e9s do processo previsto para as execu\u00e7\u00f5es fiscais.<\/span><\/p>\n<p class=\"MsoNormal\" style=\"margin-right: 4.95pt; text-align: justify;\"><strong><em><span style=\"font-size: 11pt; font-family: Arial; font-weight: normal;\">&nbsp;<\/span><\/em><\/strong><\/p>\n<p><!--nextpage--><strong><em><span style=\"font-size: 11pt; font-family: Arial; font-weight: normal;\">&nbsp;<\/span><\/em><\/strong><\/p>\n<p class=\"MsoNormal\" style=\"text-align: justify;\"><strong><span style=\"font-family: Arial;\">Instru\u00e7\u00e3o de processos e aplica\u00e7\u00e3o de san\u00e7\u00f5es<\/span><\/strong><\/p>\n<p class=\"MsoNormal\" style=\"text-align: justify;\"><strong><span style=\"font-family: Arial;\">&nbsp;<\/span><\/strong><\/p>\n<p class=\"MsoNormal\" style=\"text-align: justify;\"><span style=\"font-family: Arial;\">1 \u2014 Compete \u00e0s entidades fiscalizadoras, exceptuadas as autoridades policiais, instruir os processos relativos \u00e0s contra-ordena\u00e7\u00f5es referidas nos artigos anteriores e decidir da aplica\u00e7\u00e3o da coima e san\u00e7\u00f5es acess\u00f3rias.<\/span><\/p>\n<p class=\"MsoNormal\" style=\"text-align: justify;\"><span style=\"font-family: Arial;\">&nbsp;2 \u2014 Quando a entidade autuante n\u00e3o tenha compet\u00eancia para instruir o processo, o mesmo \u00e9 instru\u00eddo e decidido pela ARR (CCDR) territorialmente competente face ao local da pr\u00e1tica da infrac\u00e7\u00e3o.<\/span><\/p>\n<p><!--nextpage--><\/p>\n<p style=\"text-align: justify;\"><strong><span style=\"font-family: Arial;\">&nbsp;<\/span><\/strong><\/p>\n<p style=\"text-align: justify;\"><strong><span style=\"font-family: Arial;\">Avisos<\/span><\/strong><\/p>\n<p class=\"MsoNormal\" style=\"margin-left: 36pt; text-align: justify; text-indent: -35.25pt;\"><span style=\"font-family: Arial;\">1.<span style=\"font: 7pt 'Times New Roman';\">&nbsp;&nbsp;&nbsp;&nbsp;&nbsp;&nbsp;&nbsp;&nbsp;&nbsp;&nbsp;&nbsp; <\/span><\/span><span style=\"font-family: Arial;\">A <strong>responsabilidade da gest\u00e3o dos res\u00edduos<\/strong> \u00e9 do respectivo produtor, que dever\u00e1 evitar e reduzir a sua produ\u00e7\u00e3o, o seu car\u00e1cter nocivo, promover a reutiliza\u00e7\u00e3o de bens e s\u00f3 quando tal n\u00e3o for poss\u00edvel proceder \u00e0 sua reciclagem ou ainda a outras formas de valoriza\u00e7\u00e3o. A elimina\u00e7\u00e3o definitiva de res\u00edduos, nomeadamente a sua deposi\u00e7\u00e3o em aterro, constitui a \u00faltima op\u00e7\u00e3o de gest\u00e3o.<\/span><\/p>\n<p class=\"MsoNormal\" style=\"margin-left: 36pt; text-align: justify;\"><span style=\"font-family: Arial;\">&nbsp;<\/span><\/p>\n<p class=\"MsoNormal\" style=\"margin-left: 36pt; text-align: justify; text-indent: -35.25pt;\"><span style=\"font-family: Arial;\">2.<span style=\"font: 7pt 'Times New Roman';\">&nbsp;&nbsp;&nbsp;&nbsp;&nbsp;&nbsp;&nbsp;&nbsp;&nbsp;&nbsp;&nbsp;&nbsp;&nbsp;&nbsp;&nbsp;&nbsp; <\/span><\/span><span style=\"font-family: Arial;\">Os produtores de res\u00edduos devem proceder \u00e0 <strong>separa\u00e7\u00e3o dos res\u00edduos na origem<\/strong> de forma a promover a sua valoriza\u00e7\u00e3o por fluxos e fileiras. Assegure-se que os res\u00edduos produzidos na sua actividade se encontram devidamente separados, acondicionados, classificados por c\u00f3digo LER, e protegidos das intemp\u00e9ries, por forma evitar escorr\u00eancias e infiltra\u00e7\u00f5es do solo ou na \u00e1gua. Os res\u00edduos em estado l\u00edquido devem ser armazenados em local dotado de bacia de conten\u00e7\u00e3o de derrames. Evite a armazenagem prolongada e de grandes quantidades. Encaminhe com regularidade os res\u00edduos para operador de gest\u00e3o de res\u00edduos devidamente licenciado.<\/span><\/p>\n<p class=\"MsoNormal\" style=\"margin-left: 54pt; text-indent: -18pt;\"><strong><span style=\"font-family: Arial;\">Operadores de gest\u00e3o de res\u00edduos<\/span><\/strong><span style=\"font-family: Arial;\">: <a href=\"http:\/\/www.apambiente.pt\/politicasambiente\/Residuos\/gestaoresiduos\/SILOGR\/Paginas\/default.aspx\">SILOGR<\/a><\/span><\/p>\n<p class=\"MsoNormal\" style=\"margin-left: 36pt; text-align: justify;\"><span style=\"font-family: Arial;\">&nbsp;<\/span><\/p>\n<p class=\"MsoNormal\" style=\"margin-left: 36pt; text-align: justify; text-indent: -35.25pt;\"><span style=\"font-family: Arial;\">3.<span style=\"font: 7pt 'Times New Roman';\">&nbsp;&nbsp;&nbsp;&nbsp;&nbsp;&nbsp;&nbsp;&nbsp;&nbsp;&nbsp;&nbsp;&nbsp;&nbsp;&nbsp;&nbsp;&nbsp; <\/span><\/span><strong><span style=\"font-family: Arial;\">\u00c9 proibida<\/span><\/strong><span style=\"font-family: Arial;\"> a realiza\u00e7\u00e3o de opera\u00e7\u00f5es de tratamento (armazenagem, valoriza\u00e7\u00e3o e elimina\u00e7\u00e3o, incluindo a prepara\u00e7\u00e3o pr\u00e9via \u00e0 valoriza\u00e7\u00e3o ou elimina\u00e7\u00e3o) de res\u00edduos n\u00e3o licenciadas.<\/span><\/p>\n<p>&nbsp;<\/p>\n<p class=\"MsoNormal\" style=\"margin-left: 36pt; text-align: justify; text-indent: -35.25pt;\"><span style=\"font-family: Arial;\">4.<span style=\"font: 7pt 'Times New Roman';\">&nbsp;&nbsp;&nbsp;&nbsp;&nbsp;&nbsp;&nbsp;&nbsp;&nbsp;&nbsp;&nbsp;&nbsp;&nbsp;&nbsp;&nbsp;&nbsp; <\/span><\/span><strong><span style=\"font-family: Arial;\">S\u00e3o proibidos<\/span><\/strong><span style=\"font-family: Arial;\"> o abandono de res\u00edduos, a incinera\u00e7\u00e3o de res\u00edduos no mar e a sua injec\u00e7\u00e3o no solo, a queima a c\u00e9u aberto, bem como a descarga de res\u00edduos em locais n\u00e3o licenciados para realiza\u00e7\u00e3o de tratamento de res\u00edduos.<\/span><\/p>\n<p class=\"MsoNormal\" style=\"text-align: justify;\"><span style=\"font-family: Arial;\">&nbsp;<\/span><\/p>\n<p class=\"MsoNormal\" style=\"margin-left: 36pt; text-align: justify; text-indent: -35.25pt;\"><span style=\"font-family: Arial;\">5.<span style=\"font: 7pt 'Times New Roman';\">&nbsp;&nbsp;&nbsp;&nbsp;&nbsp;&nbsp;&nbsp;&nbsp;&nbsp;&nbsp;&nbsp;&nbsp;&nbsp;&nbsp;&nbsp;&nbsp; <\/span><\/span><span style=\"font-family: Arial;\">A <strong><span style=\"font-family: Arial;\">queima de res\u00edduos a c\u00e9u aberto<\/span><\/strong> \u00e9 proibida.<\/span><\/p>\n<p class=\"MsoNormal\" style=\"margin-left: 36pt; text-align: justify;\"><span style=\"font-family: Arial;\">&nbsp;<\/span><\/p>\n<p class=\"MsoNormal\" style=\"margin-left: 36pt; text-align: justify; text-indent: -35.25pt;\"><span style=\"font-family: Arial;\">6.<span style=\"font: 7pt 'Times New Roman';\">&nbsp;&nbsp;&nbsp;&nbsp;&nbsp;&nbsp;&nbsp;&nbsp;&nbsp;&nbsp;&nbsp;&nbsp;&nbsp;&nbsp;&nbsp;&nbsp; <\/span><\/span><span style=\"font-family: Arial;\">A <strong>armazenagem de res\u00edduos no pr\u00f3prio local de produ\u00e7\u00e3o<\/strong> por mais de um ano est\u00e1 sujeita a licenciamento simplificado.<\/span><\/p>\n<p class=\"MsoNormal\" style=\"margin-left: 36pt; text-align: justify;\"><span style=\"font-family: Arial;\">&nbsp;<\/span><\/p>\n<p class=\"MsoNormal\" style=\"margin-left: 36pt; text-align: justify; text-indent: -35.25pt;\"><span style=\"font-family: Arial;\">7.<span style=\"font: 7pt 'Times New Roman';\">&nbsp;&nbsp;&nbsp;&nbsp;&nbsp;&nbsp;&nbsp;&nbsp;&nbsp;&nbsp;&nbsp;&nbsp;&nbsp;&nbsp;&nbsp;&nbsp; <\/span><\/span><span style=\"font-family: Arial;\">Os operadores de gest\u00e3o de res\u00edduos antes de solicitar as respectivas <strong><span style=\"font-family: Arial;\">licen\u00e7as <\/span><\/strong>devem previamente junto da C\u00e2mara Municipal ou da CCDR territorialmente competente, se certificar da viabilidade da actividade e do licenciamento das constru\u00e7\u00f5es necess\u00e1rias executar, com os instrumentos de gest\u00e3o do territ\u00f3rio (IGT), nomeadamente com: Plano Director Municipal, Reserva Ecol\u00f3gica Nacional, Reserva Agr\u00edcola Nacional, Rede Natura 2000, e se aplic\u00e1vel com Plano de urbaniza\u00e7\u00e3o ou Plano de Pormenor, e com outras servid\u00f5es administrativas. Os estabelecimentos de gest\u00e3o de res\u00edduos em viola\u00e7\u00e3o dos IGT, podem ser encerrados no imediato e ser reposta a situa\u00e7\u00e3o pr\u00e9 existente. <\/span><\/p>\n<p class=\"MsoNormal\" style=\"margin-left: 36pt; text-align: justify;\"><span style=\"font-family: Arial;\">&nbsp;<\/span><\/p>\n<p class=\"MsoNormal\" style=\"margin-left: 36pt; text-align: justify; text-indent: -35.25pt;\"><span style=\"font-family: Arial;\">8.<span style=\"font: 7pt 'Times New Roman';\">&nbsp;&nbsp;&nbsp;&nbsp;&nbsp;&nbsp;&nbsp;&nbsp;&nbsp;&nbsp;&nbsp;&nbsp;&nbsp;&nbsp;&nbsp;&nbsp; <\/span><\/span><span style=\"font-family: Arial;\">Os <strong>res\u00edduos produzidos<\/strong> devem ser todos quantificados classificados de acordo com a Lista Europeia de Res\u00edduos (LER) e objecto obrigat\u00f3rio de registo no Sistema Integrado de Registo Electr\u00f3nico de Res\u00edduos (<a title=\"SIRER\" href=\"http:\/\/sirapa.apambiente.pt\/SIRAPA_Ext_Org\/Principal.aspx\" target=\"_blank\" rel=\"noopener\"><strong><span style=\"font-family: Arial;\">SIRER<\/span><\/strong><\/a>), que agrega toda a informa\u00e7\u00e3o relativa aos res\u00edduos produzidos e importados para o territ\u00f3rio nacional e a entidades que operam no sector dos res\u00edduos.<\/span><\/p>\n<p class=\"MsoNormal\" style=\"margin-left: 36pt; text-align: justify;\"><span style=\"font-family: Arial;\">&nbsp;<\/span><\/p>\n<p class=\"MsoNormal\" style=\"margin-left: 36pt; text-align: justify; text-indent: -35.25pt;\"><span style=\"font-family: Arial;\">9.<span style=\"font: 7pt 'Times New Roman';\">&nbsp;&nbsp;&nbsp;&nbsp;&nbsp;&nbsp;&nbsp;&nbsp;&nbsp;&nbsp;&nbsp;&nbsp;&nbsp;&nbsp;&nbsp;&nbsp; <\/span><\/span><span style=\"font-family: Arial;\">Sempre que pretendam proceder ao <strong>transporte de res\u00edduos<\/strong> em territ\u00f3rio nacional, o produtor ou o detentor dos res\u00edduos devem garantir que os mesmos sejam transportados de acordo com as prescri\u00e7\u00f5es estabelecidas na Portaria n.\u00ba 335\/97, de 16 de Maio, bem como assegurar que o seu destinat\u00e1rio est\u00e1 autorizado a receb\u00ea-los.<\/span><\/p>\n<p class=\"MsoNormal\" style=\"text-align: justify;\"><span style=\"font-family: Arial;\">&nbsp;<\/span><\/p>\n<p class=\"MsoNormal\" style=\"margin-left: 36pt; text-align: justify; text-indent: -35.25pt;\"><span style=\"font-family: Arial;\">10.<span style=\"font: 7pt 'Times New Roman';\">&nbsp;&nbsp;&nbsp;&nbsp;&nbsp;&nbsp;&nbsp;&nbsp;&nbsp;&nbsp;&nbsp; <\/span><\/span><span style=\"font-family: Arial;\">Sempre que pretendam proceder ao <strong>transporte de res\u00edduos para fora do pa\u00eds<\/strong> deve contactar a Ag\u00eancia Portuguesa do Ambiente, e obter informa\u00e7\u00f5es sobre o procedimento.<\/span><\/p>\n<p class=\"MsoNormal\" style=\"margin-left: 36pt; text-align: justify;\"><span style=\"font-family: Arial;\">&nbsp;<\/span><\/p>\n<p class=\"MsoNormal\" style=\"margin-left: 36pt; text-align: justify; text-indent: -35.25pt;\"><span style=\"font-family: Arial;\">11.<span style=\"font: 7pt 'Times New Roman';\">&nbsp;&nbsp;&nbsp;&nbsp;&nbsp;&nbsp;&nbsp;&nbsp;&nbsp;&nbsp;&nbsp; <\/span><\/span><span style=\"font-family: Arial;\">O produtor e o detentor devem assegurar que cada <strong>transporte de res\u00edduos dentro do territ\u00f3rio nacional<\/strong> \u00e9 acompanhado das competentes Guias de Acompanhamento de Res\u00edduos (Modelo n\u00ba. 1428 da INCM), devidamente preenchidas com o tipo de res\u00edduos (c\u00f3digo LER), quantidades, identifica\u00e7\u00e3o clara do transportador e do destinat\u00e1rio. Exija sempre a devolu\u00e7\u00e3o da c\u00f3pia da guia devidamente assinada pelo destinat\u00e1rio. Arquive as guias no local de produ\u00e7\u00e3o.<\/span><\/p>\n<p class=\"MsoNormal\" style=\"margin-left: 36pt; text-align: justify;\"><span style=\"font-family: Arial;\">&nbsp;<\/span><\/p>\n<p class=\"MsoNormal\" style=\"margin-left: 36pt; text-align: justify; text-indent: -35.25pt;\"><span style=\"font-family: Arial;\">12.<span style=\"font: 7pt 'Times New Roman';\">&nbsp;&nbsp;&nbsp;&nbsp;&nbsp;&nbsp;&nbsp;&nbsp;&nbsp;&nbsp;&nbsp; <\/span><\/span><span style=\"font-family: Arial;\">O <strong>transporte de res\u00edduos<\/strong> pode ser efectuado pelo produtor, pelo valorizador e\/ou eliminador licenciado, pelas entidades respons\u00e1veis pela gest\u00e3o dos res\u00edduos hospitalares e dos res\u00edduos urbanos e pelas empresas licenciadas para o transporte rodovi\u00e1rio de mercadorias por conta de outrem nos termos do D.L. n.\u00ba 38\/99, de 6 de Fevereiro.<\/span><\/p>\n<p class=\"MsoNormal\" style=\"margin-left: 36pt; text-align: justify;\"><span style=\"font-family: Arial;\">&nbsp;<\/span><\/p>\n<p class=\"MsoNormal\" style=\"margin-left: 36pt; text-align: justify; text-indent: -35.25pt;\"><span style=\"font-family: Arial;\">13.<span style=\"font: 7pt 'Times New Roman';\">&nbsp;&nbsp;&nbsp;&nbsp;&nbsp;&nbsp;&nbsp;&nbsp;&nbsp;&nbsp;&nbsp; <\/span><\/span><span style=\"font-family: Arial;\">O <strong><span style=\"font-family: Arial;\">transporte <\/span><\/strong><strong><span style=\"font-family: Arial; font-weight: normal;\">de<\/span><\/strong> mat\u00e9rias fecais, palhas e outro material natural n\u00e3o perigoso de origem agr\u00edcola ou silv\u00edcola que sejam utilizados na agricultura ou na silvicultura ou para a produ\u00e7\u00e3o de energia a partir dessa biomassa n\u00e3o est\u00e1 sujeito ao estabelecido na Portaria n.\u00ba 335\/97, de 16 de Maio, pelo que n\u00e3o \u00e9 necess\u00e1rio ser acompanhado com Guias de Acompanhamento de Res\u00edduos (Modelo n\u00ba. 1428 da INCM).<\/span><\/p>\n<p class=\"MsoNormal\" style=\"margin-left: 36pt; text-align: justify;\"><span style=\"font-family: Arial;\">&nbsp;<\/span><\/p>\n<p class=\"MsoNormal\" style=\"margin-left: 36pt; text-align: justify; text-indent: -35.25pt;\"><span style=\"font-family: Arial;\">14.<span style=\"font: 7pt 'Times New Roman';\">&nbsp;&nbsp;&nbsp;&nbsp;&nbsp;&nbsp;&nbsp;&nbsp;&nbsp;&nbsp;&nbsp; <\/span><\/span><span style=\"font-family: Arial;\">O <strong>transporte de RSU<\/strong> est\u00e1 isento de guias de acompanhamento, com excep\u00e7\u00e3o dos resultantes de triagem e destinados a opera\u00e7\u00f5es de valoriza\u00e7\u00e3o.<\/span><\/p>\n<p class=\"MsoNormal\" style=\"margin-left: 36pt; text-align: justify;\"><span style=\"font-family: Arial;\">&nbsp;<\/span><\/p>\n<p class=\"MsoNormal\" style=\"margin-left: 36pt; text-align: justify; text-indent: -35.25pt;\"><span style=\"font-family: Arial;\">15.<span style=\"font: 7pt 'Times New Roman';\">&nbsp;&nbsp;&nbsp;&nbsp;&nbsp;&nbsp;&nbsp;&nbsp;&nbsp;&nbsp;&nbsp; <\/span><\/span><span style=\"font-family: Arial;\">Os <strong>operadores de gest\u00e3o de res\u00edduos <\/strong>licenciados devem ter especial aten\u00e7\u00e3o ao cumprimento de todas as condi\u00e7\u00f5es constantes na licen\u00e7a.<\/span><\/p>\n<p class=\"MsoNormal\" style=\"margin-left: 36pt; text-align: justify;\"><span style=\"font-family: Arial;\">&nbsp;<\/span><\/p>\n<p class=\"MsoNormal\" style=\"margin-left: 36pt; text-align: justify; text-indent: -35.25pt;\"><span style=\"font-family: Arial;\">16.<span style=\"font: 7pt 'Times New Roman';\">&nbsp;&nbsp;&nbsp;&nbsp;&nbsp;&nbsp;&nbsp;&nbsp;&nbsp;&nbsp;&nbsp; <\/span><\/span><span style=\"font-family: Arial;\">Os <strong>operadores de gest\u00e3o de res\u00edduos<\/strong> devem garantir que as instala\u00e7\u00f5es est\u00e3o de acordo com o projecto apresentado e aprovado. <\/span><\/p>\n<p class=\"MsoNormal\" style=\"margin-left: 36pt; text-align: justify;\"><span style=\"font-family: Arial;\">&nbsp;<\/span><\/p>\n<p class=\"MsoNormal\" style=\"margin-left: 36pt; text-align: justify; text-indent: -35.25pt;\"><span style=\"font-family: Arial;\">17.<span style=\"font: 7pt 'Times New Roman';\">&nbsp;&nbsp;&nbsp;&nbsp;&nbsp;&nbsp;&nbsp;&nbsp;&nbsp;&nbsp;&nbsp; <\/span><\/span><span style=\"font-family: Arial;\">Carecem de <strong>altera\u00e7\u00e3o do alvar\u00e1 de licen\u00e7a<\/strong> as altera\u00e7\u00f5es de opera\u00e7\u00f5es de gest\u00e3o de res\u00edduos em que se verifique a modifica\u00e7\u00e3o do:<\/span><\/p>\n<p class=\"MsoNormal\" style=\"text-align: justify;\"><span style=\"font-family: Arial;\">&nbsp;<\/span><\/p>\n<p class=\"MsoNormal\" style=\"margin-left: 45pt; text-align: justify; text-indent: -0.6pt;\"><span style=\"font-family: Arial;\">a)&nbsp;&nbsp;&nbsp;&nbsp; tipo de opera\u00e7\u00e3o realizada,<\/span><\/p>\n<p class=\"MsoNormal\" style=\"margin-left: 45pt; text-align: justify; text-indent: -0.6pt;\"><span style=\"font-family: Arial;\">b)&nbsp;&nbsp;&nbsp;&nbsp; tipo de res\u00edduo objecto de gest\u00e3o,<\/span><\/p>\n<p class=\"MsoNormal\" style=\"margin-left: 45pt; text-align: justify; text-indent: -0.6pt;\"><span style=\"font-family: Arial;\">c)&nbsp;&nbsp;&nbsp;&nbsp;&nbsp; a quantidade de res\u00edduos tratados ou a \u00e1rea de instala\u00e7\u00e3o<\/span><\/p>\n<p class=\"MsoNormal\" style=\"text-align: justify;\"><span style=\"font-family: Arial;\">&nbsp;<\/span><\/p>\n<p class=\"MsoNormal\" style=\"margin-left: 36pt; text-align: justify; text-indent: -35.25pt;\"><span style=\"font-family: Arial;\">18.<span style=\"font: 7pt 'Times New Roman';\">&nbsp;&nbsp;&nbsp;&nbsp;&nbsp;&nbsp;&nbsp;&nbsp;&nbsp;&nbsp;&nbsp; <\/span><\/span><span style=\"font-family: Arial;\">Carece de <strong>novo pedido de licen\u00e7a<\/strong>, a decidir pela entidade licenciadora, sempre que das altera\u00e7\u00f5es introduzidas no tratamento licenciado resulte o exerc\u00edcio de uma opera\u00e7\u00e3o substancialmente diferente da originalmente licenciada, nomeadamente quando se verifique<\/span><\/p>\n<p class=\"MsoNormal\" style=\"text-align: justify;\"><span style=\"font-family: Arial;\">&nbsp;<\/span><\/p>\n<p class=\"MsoNormal\" style=\"margin-left: 63pt; text-align: justify; text-indent: -18pt;\"><span style=\"font-family: Arial;\">a)<span style=\"font: 7pt 'Times New Roman';\">&nbsp;&nbsp;&nbsp;&nbsp; <\/span><\/span><span style=\"font-family: Arial;\">Seja modificado o tipo de opera\u00e7\u00e3o realizada;<\/span><\/p>\n<p class=\"MsoNormal\" style=\"margin-left: 63pt; text-align: justify; text-indent: -18pt;\"><span style=\"font-family: Arial;\">b)<span style=\"font: 7pt 'Times New Roman';\">&nbsp;&nbsp;&nbsp;&nbsp; <\/span><\/span><span style=\"font-family: Arial;\">Seja modificado o tipo de res\u00edduo a tratar e que implique uma altera\u00e7\u00e3o do processo de tratamento;<\/span><\/p>\n<p class=\"MsoNormal\" style=\"margin-left: 63pt; text-align: justify; text-indent: -18pt;\"><span style=\"font-family: Arial;\">c)<span style=\"font: 7pt 'Times New Roman';\">&nbsp;&nbsp;&nbsp;&nbsp;&nbsp; <\/span><\/span><span style=\"font-family: Arial;\">O aumento da \u00e1rea ocupada pela instala\u00e7\u00e3o exceda em mais de 20 % a \u00e1rea ocupada \u00e0 data de emiss\u00e3o da licen\u00e7a; ou ainda<\/span><\/p>\n<p class=\"MsoNormal\" style=\"margin-left: 63pt; text-align: justify; text-indent: -18pt;\"><span style=\"font-family: Arial;\">d)<span style=\"font: 7pt 'Times New Roman';\">&nbsp;&nbsp;&nbsp;&nbsp; <\/span><\/span><span style=\"font-family: Arial;\">Se verifique um aumento superior a 20 % da quantidade de res\u00edduos geridos.<\/span><\/p>\n<p class=\"MsoNormal\" style=\"text-align: justify;\"><span style=\"font-family: Arial;\">&nbsp;<\/span><\/p>\n<p class=\"MsoNormal\" style=\"margin-left: 36pt; text-align: justify; text-indent: -35.25pt;\"><span style=\"font-family: Arial;\">19.<span style=\"font: 7pt 'Times New Roman';\">&nbsp;&nbsp;&nbsp;&nbsp;&nbsp;&nbsp;&nbsp;&nbsp;&nbsp;&nbsp;&nbsp; <\/span><\/span><span style=\"font-family: Arial;\">A <strong>licen\u00e7a caduca<\/strong> caso n\u00e3o seja iniciada a opera\u00e7\u00e3o de gest\u00e3o de res\u00edduos <strong><span style=\"font-family: Arial;\">no prazo de um ano<\/span><\/strong> a contar da data da sua emiss\u00e3o, devendo nesse caso ser solicitada a sua renova\u00e7\u00e3o.<\/span><\/p>\n<p class=\"MsoNormal\" style=\"margin-left: 36pt; text-align: justify;\"><span style=\"font-family: Arial;\">&nbsp;<\/span><\/p>\n<p class=\"MsoNormal\" style=\"margin-left: 36pt; text-align: justify; text-indent: -35.25pt;\"><span style=\"font-family: Arial;\">20.<span style=\"font: 7pt 'Times New Roman';\">&nbsp;&nbsp;&nbsp;&nbsp;&nbsp;&nbsp;&nbsp;&nbsp;&nbsp;&nbsp;&nbsp; <\/span><\/span><span style=\"font-family: Arial;\">A <strong>cessa\u00e7\u00e3o de actividade<\/strong> da opera\u00e7\u00e3o de gest\u00e3o de res\u00edduos licenciada depende da aceita\u00e7\u00e3o por parte da entidade licenciadora de um pedido de ren\u00fancia da respectiva licen\u00e7a. Se vai cessar a actividade deve notificar tal facto \u00e0 entidade licenciadora.<\/span><\/p>\n<p class=\"MsoNormal\" style=\"margin-left: 36pt; text-align: justify;\"><span style=\"font-family: Arial;\">&nbsp;<\/span><\/p>\n<p class=\"MsoNormal\" style=\"margin-left: 36pt; text-align: justify; text-indent: -35.25pt;\"><span style=\"font-family: Arial;\">21.<span style=\"font: 7pt 'Times New Roman';\">&nbsp;&nbsp;&nbsp;&nbsp;&nbsp;&nbsp;&nbsp;&nbsp;&nbsp;&nbsp;&nbsp; <\/span><\/span><span style=\"font-family: Arial;\">A <strong>gest\u00e3o dos res\u00edduos urbanos<\/strong> cuja produ\u00e7\u00e3o di\u00e1ria n\u00e3o exceda 1100 l por produtor, \u00e9 assegurada pelos munic\u00edpios.<\/span><\/p>\n<p class=\"MsoNormal\" style=\"margin-left: 36pt; text-align: justify;\"><span style=\"font-family: Arial;\">&nbsp;<\/span><\/p>\n<p class=\"MsoNormal\" style=\"margin-left: 36pt; text-align: justify; text-indent: -35.25pt;\"><span style=\"font-family: Arial;\">22.<span style=\"font: 7pt 'Times New Roman';\">&nbsp;&nbsp;&nbsp;&nbsp;&nbsp;&nbsp;&nbsp;&nbsp;&nbsp;&nbsp;&nbsp; <\/span><\/span><span style=\"font-family: Arial;\">No caso do <strong>abandono de res\u00edduos<\/strong> e em caso de impossibilidade de determina\u00e7\u00e3o do produtor do res\u00edduo, a responsabilidade pela respectiva gest\u00e3o recai sobre o seu detentor. N\u00e3o permita a descarga de res\u00edduos nas suas propriedades. Se algu\u00e9m o fizer denuncie a situa\u00e7\u00e3o de imediato \u00e0s autoridades policiais ou \u00e0 CCDR territorialmente competente.<\/span><\/p>\n<p class=\"MsoNormal\" style=\"margin-left: 36pt; text-align: justify;\"><span style=\"font-family: Arial;\">&nbsp;<\/span><\/p>\n<p class=\"MsoNormal\" style=\"margin-left: 36pt; text-align: justify; text-indent: -35.25pt;\"><span style=\"font-family: Arial;\">23.<span style=\"font: 7pt 'Times New Roman';\">&nbsp;&nbsp;&nbsp;&nbsp;&nbsp;&nbsp;&nbsp;&nbsp;&nbsp;&nbsp;&nbsp; <\/span><\/span><span style=\"font-family: Arial;\">As opera\u00e7\u00f5es de gest\u00e3o de res\u00edduos s\u00e3o realizadas sob a direc\u00e7\u00e3o de um <strong><span style=\"font-family: Arial;\">respons\u00e1vel t\u00e9cnico<\/span><\/strong>, o qual deve deter as habilita\u00e7\u00f5es profissionais adequadas para o efeito.<\/span><\/p>\n<p class=\"MsoNormal\" style=\"margin-left: 36pt; text-align: justify;\"><span style=\"font-family: Arial;\">&nbsp;<\/span><\/p>\n<p class=\"MsoNormal\" style=\"margin-left: 36pt; text-align: justify; text-indent: -35.25pt;\"><span style=\"font-family: Arial;\">24.<span style=\"font: 7pt 'Times New Roman';\">&nbsp;&nbsp;&nbsp;&nbsp;&nbsp;&nbsp;&nbsp;&nbsp;&nbsp;&nbsp;&nbsp; <\/span><\/span><strong><span style=\"font-family: Arial;\">N\u00e3o est\u00e3o sujeitas a licenciamento<\/span><\/strong><span style=\"font-family: Arial;\"> as opera\u00e7\u00f5es de recolha e de transporte de res\u00edduos, bem como a de armazenagem de res\u00edduos que seja efectuada no pr\u00f3prio local de produ\u00e7\u00e3o por per\u00edodo n\u00e3o superior a um ano. <\/span><\/p>\n<p class=\"MsoNormal\" style=\"text-align: justify;\"><span style=\"font-family: Arial;\">&nbsp;<\/span><\/p>\n<p class=\"MsoNormal\" style=\"margin-left: 36pt; text-align: justify; text-indent: -35.25pt;\"><span style=\"font-family: Arial;\">25.<span style=\"font: 7pt 'Times New Roman';\">&nbsp;&nbsp;&nbsp;&nbsp;&nbsp;&nbsp;&nbsp;&nbsp;&nbsp;&nbsp;&nbsp; <\/span><\/span><span style=\"font-family: Arial;\">Est\u00e3o <strong>isentas de licenciamento<\/strong> as seguintes opera\u00e7\u00f5es de tratamento:<\/span><\/p>\n<p class=\"MsoNormal\" style=\"text-align: justify;\"><span style=\"font-family: Arial;\">&nbsp;<\/span><\/p>\n<p class=\"MsoNormal\" style=\"margin-left: 54pt; text-align: justify; text-indent: -18pt;\"><em><span style=\"font-family: Arial;\">a<\/span><\/em><span style=\"font-family: Arial;\">) &nbsp; Valoriza\u00e7\u00e3o energ\u00e9tica de res\u00edduos vegetais fibrosos provenientes da produ\u00e7\u00e3o de pasta virgem e de papel, se forem co-incinerados no local de produ\u00e7\u00e3o;<\/span><\/p>\n<p class=\"MsoNormal\" style=\"margin-left: 54pt; text-align: justify; text-indent: -18pt;\"><em><span style=\"font-family: Arial;\">b<\/span><\/em><span style=\"font-family: Arial;\">) &nbsp; Valoriza\u00e7\u00e3o energ\u00e9tica de res\u00edduos de madeira e corti\u00e7a, com excep\u00e7\u00e3o daqueles que possam conter compostos org\u00e2nicos halogenados ou metais pesados resultantes de tratamento com conservantes ou revestimento, incluindo, em especial, os provenientes de obras de constru\u00e7\u00e3o e demoli\u00e7\u00e3o;<\/span><\/p>\n<p class=\"MsoNormal\" style=\"margin-left: 54pt; text-align: justify; text-indent: -18pt;\"><em><span style=\"font-family: Arial;\">c<\/span><\/em><span style=\"font-family: Arial;\">) &nbsp; Valoriza\u00e7\u00e3o energ\u00e9tica da frac\u00e7\u00e3o dos biorres\u00edduos provenientes de espa\u00e7os verdes;<\/span><\/p>\n<p class=\"MsoNormal\" style=\"margin-left: 54pt; text-align: justify; text-indent: -18pt;\"><em><span style=\"font-family: Arial;\">d<\/span><\/em><span style=\"font-family: Arial;\">) &nbsp; Valoriza\u00e7\u00e3o energ\u00e9tica da frac\u00e7\u00e3o dos biorres\u00edduos de origem vegetal provenientes da ind\u00fastria de transforma\u00e7\u00e3o de produtos alimentares;<\/span><\/p>\n<p class=\"MsoNormal\" style=\"margin-left: 54pt; text-align: justify; text-indent: -18pt;\"><em><span style=\"font-family: Arial;\">e<\/span><\/em><span style=\"font-family: Arial;\">) &nbsp; Valoriza\u00e7\u00e3o n\u00e3o energ\u00e9tica de res\u00edduos n\u00e3o perigosos, quando efectuada pelo produtor dos res\u00edduos resultantes da sua pr\u00f3pria actividade, no local de produ\u00e7\u00e3o ou em local an\u00e1logo ao local de produ\u00e7\u00e3o pertencente \u00e0 mesma entidade;<\/span><\/p>\n<p class=\"MsoNormal\" style=\"margin-left: 54pt; text-align: justify; text-indent: -18pt;\"><em><span style=\"font-family: Arial;\">f<\/span><\/em><span style=\"font-family: Arial;\">) &nbsp;&nbsp; Valoriza\u00e7\u00e3o n\u00e3o energ\u00e9tica de res\u00edduos perigosos, quando efectuada pelo produtor dos res\u00edduos, desde que abrangida por normas t\u00e9cnicas previstas nos n.<sup>os<\/sup> 2 e 3 do artigo 20.\u00ba do Decreto-Lei n.\u00ba 178\/2006, de 5 de Setembro alterado pelo Decreto-Lei n.\u00ba 73\/2011, de 17 de Junho.<\/span><\/p>\n<p class=\"MsoNormal\" style=\"margin-left: 54pt; text-align: justify; text-indent: -18pt;\"><span style=\"font-family: Arial;\">&nbsp;<\/span><\/p>\n<\/div><\/div><\/div><\/div><\/div>\n<\/div>\n<\/div><\/div><\/div><\/div><\/div><div class=\"fusion-fullwidth fullwidth-box fusion-builder-row-3 fusion-flex-container has-pattern-background has-mask-background nonhundred-percent-fullwidth non-hundred-percent-height-scrolling fusion-no-small-visibility fusion-no-medium-visibility\" style=\"--awb-border-radius-top-left:0px;--awb-border-radius-top-right:0px;--awb-border-radius-bottom-right:0px;--awb-border-radius-bottom-left:0px;--awb-margin-bottom:100px;\" id=\"to-stop-fixed-menu-desktop\" ><div class=\"fusion-builder-row fusion-row fusion-flex-align-items-flex-start\" style=\"max-width:1288px;margin-left: calc(-0% \/ 2 );margin-right: calc(-0% \/ 2 );\"><div class=\"fusion-layout-column fusion_builder_column fusion-builder-column-4 fusion_builder_column_1_1 1_1 fusion-flex-column\" style=\"--awb-bg-size:cover;--awb-width-large:100%;--awb-margin-top-large:0px;--awb-spacing-right-large:0%;--awb-margin-bottom-large:0px;--awb-spacing-left-large:0%;--awb-width-medium:100%;--awb-order-medium:0;--awb-spacing-right-medium:0%;--awb-spacing-left-medium:0%;--awb-width-small:100%;--awb-order-small:0;--awb-spacing-right-small:0%;--awb-spacing-left-small:0%;\"><div class=\"fusion-column-wrapper fusion-column-has-shadow fusion-flex-justify-content-flex-start fusion-content-layout-column\"><\/div><\/div><\/div><\/div><div class=\"fusion-fullwidth fullwidth-box fusion-builder-row-4 fusion-flex-container has-pattern-background has-mask-background have-parent-siteMap nonhundred-percent-fullwidth non-hundred-percent-height-scrolling fusion-no-large-visibility\" style=\"--awb-border-radius-top-left:0px;--awb-border-radius-top-right:0px;--awb-border-radius-bottom-right:0px;--awb-border-radius-bottom-left:0px;\" id=\"container-menu-area-noDesktop\" ><div class=\"fusion-builder-row fusion-row fusion-flex-align-items-flex-start\" style=\"max-width:1288px;margin-left: calc(-0% \/ 2 );margin-right: calc(-0% \/ 2 );\"><div class=\"fusion-layout-column fusion_builder_column fusion-builder-column-5 fusion_builder_column_1_1 1_1 fusion-flex-column container-menu-consultations\" style=\"--awb-bg-size:cover;--awb-width-large:100%;--awb-margin-top-large:0px;--awb-spacing-right-large:0%;--awb-margin-bottom-large:0px;--awb-spacing-left-large:0%;--awb-width-medium:100%;--awb-order-medium:0;--awb-spacing-right-medium:0%;--awb-spacing-left-medium:0%;--awb-width-small:100%;--awb-order-small:0;--awb-spacing-right-small:0%;--awb-spacing-left-small:0%;\"><div class=\"fusion-column-wrapper fusion-column-has-shadow fusion-flex-justify-content-flex-start fusion-content-layout-column\"><nav class=\"awb-menu awb-menu_column awb-menu_em-hover mobile-mode-collapse-to-button awb-menu_icons-left awb-menu_dc-yes mobile-trigger-fullwidth-on awb-menu_mobile-toggle awb-menu_indent-left awb-menu_mt-fullwidth mobile-size-full-absolute loading mega-menu-loading awb-menu_desktop awb-menu_dropdown awb-menu_expand-right awb-menu_transition-fade fusion-no-small-visibility fusion-no-large-visibility menu-area-tablet\" style=\"--awb-font-size:18px;--awb-line-height:30px;--awb-transition-time:100;--awb-color:#000000;--awb-active-color:#000000;--awb-submenu-font-size:18px;--awb-submenu-line-height:30px;--awb-main-justify-content:flex-start;--awb-mobile-color:#000000;--awb-trigger-padding-top:26px;--awb-trigger-padding-right:0px;--awb-trigger-padding-bottom:22px;--awb-trigger-padding-left:0px;--awb-mobile-trigger-color:#000000;--awb-mobile-trigger-background-color:#f5f5f5;--awb-mobile-justify:flex-start;--awb-mobile-caret-left:auto;--awb-mobile-caret-right:0;--awb-fusion-font-family-typography:inherit;--awb-fusion-font-style-typography:normal;--awb-fusion-font-weight-typography:400;--awb-fusion-font-family-submenu-typography:inherit;--awb-fusion-font-style-submenu-typography:normal;--awb-fusion-font-weight-submenu-typography:400;--awb-fusion-font-family-mobile-typography:inherit;--awb-fusion-font-style-mobile-typography:normal;--awb-fusion-font-weight-mobile-typography:400;\" aria-label=\"Menu\" data-breakpoint=\"1024\" data-count=\"1\" data-transition-type=\"fade\" data-transition-time=\"100\"><button type=\"button\" class=\"awb-menu__m-toggle\" aria-expanded=\"false\" aria-controls=\"menu-fiscalizacao-areas-tematicas-sidemenu\"><span class=\"awb-menu__m-toggle-inner\"><span class=\"collapsed-nav-text\">\u00c1reas Tem\u00e1ticas<\/span><span class=\"awb-menu__m-collapse-icon\"><span class=\"awb-menu__m-collapse-icon-open fa-angle-down fas\"><\/span><span class=\"awb-menu__m-collapse-icon-close fa-times fas\"><\/span><\/span><\/span><\/button><ul id=\"menu-fiscalizacao-areas-tematicas-sidemenu-1\" class=\"fusion-menu awb-menu__main-ul awb-menu__main-ul_column\"><li   class=\"menu-item menu-item-type-post_type menu-item-object-page menu-item-34541 awb-menu__li awb-menu__main-li awb-menu__main-li_regular\"  data-item-id=\"34541\"><span class=\"awb-menu__main-background-default awb-menu__main-background-default_fade\"><\/span><span class=\"awb-menu__main-background-active awb-menu__main-background-active_fade\"><\/span><a  href=\"https:\/\/www.ccdrc.pt\/pt\/areas-de-atuacao\/fiscalizacao\/areas-tematicas\/\" class=\"awb-menu__main-a awb-menu__main-a_regular\"><span class=\"menu-text\">Avalia\u00e7\u00e3o de Impacte Ambiental<\/span><\/a><\/li><li   class=\"menu-item menu-item-type-post_type menu-item-object-page menu-item-34548 awb-menu__li awb-menu__main-li awb-menu__main-li_regular\"  data-item-id=\"34548\"><span class=\"awb-menu__main-background-default awb-menu__main-background-default_fade\"><\/span><span class=\"awb-menu__main-background-active awb-menu__main-background-active_fade\"><\/span><a  href=\"https:\/\/www.ccdrc.pt\/pt\/areas-de-atuacao\/fiscalizacao\/areas-tematicas\/registo-de-emissoes-e-transferencias-de-poluentes-prtr\/\" class=\"awb-menu__main-a awb-menu__main-a_regular\"><span class=\"menu-text\">Registo de Emiss\u00f5es e Transfer\u00eancias de Poluentes (PRTR)<\/span><\/a><\/li><li   class=\"menu-item menu-item-type-post_type menu-item-object-page menu-item-34553 awb-menu__li awb-menu__main-li awb-menu__main-li_regular\"  data-item-id=\"34553\"><span class=\"awb-menu__main-background-default awb-menu__main-background-default_fade\"><\/span><span class=\"awb-menu__main-background-active awb-menu__main-background-active_fade\"><\/span><a  href=\"https:\/\/www.ccdrc.pt\/pt\/areas-de-atuacao\/fiscalizacao\/areas-tematicas\/ruido\/\" class=\"awb-menu__main-a awb-menu__main-a_regular\"><span class=\"menu-text\">Ru\u00eddo<\/span><\/a><\/li><li   class=\"menu-item menu-item-type-post_type menu-item-object-page menu-item-34558 awb-menu__li awb-menu__main-li awb-menu__main-li_regular\"  data-item-id=\"34558\"><span class=\"awb-menu__main-background-default awb-menu__main-background-default_fade\"><\/span><span class=\"awb-menu__main-background-active awb-menu__main-background-active_fade\"><\/span><a  href=\"https:\/\/www.ccdrc.pt\/pt\/areas-de-atuacao\/fiscalizacao\/areas-tematicas\/residuos-regime-geral\/\" class=\"awb-menu__main-a awb-menu__main-a_regular\"><span class=\"menu-text\">Res\u00edduos Regime Geral<\/span><\/a><\/li><li   class=\"menu-item menu-item-type-post_type menu-item-object-page menu-item-34624 awb-menu__li awb-menu__main-li awb-menu__main-li_regular\"  data-item-id=\"34624\"><span class=\"awb-menu__main-background-default awb-menu__main-background-default_fade\"><\/span><span class=\"awb-menu__main-background-active awb-menu__main-background-active_fade\"><\/span><a  href=\"https:\/\/www.ccdrc.pt\/pt\/areas-de-atuacao\/fiscalizacao\/areas-tematicas\/residuos-fluxos-especificos\/\" class=\"awb-menu__main-a awb-menu__main-a_regular\"><span class=\"menu-text\">Res\u00edduos Fluxos Espec\u00edficos<\/span><\/a><\/li><li   class=\"menu-item menu-item-type-post_type menu-item-object-page menu-item-34659 awb-menu__li awb-menu__main-li awb-menu__main-li_regular\"  data-item-id=\"34659\"><span class=\"awb-menu__main-background-default awb-menu__main-background-default_fade\"><\/span><span class=\"awb-menu__main-background-active awb-menu__main-background-active_fade\"><\/span><a  href=\"https:\/\/www.ccdrc.pt\/pt\/areas-de-atuacao\/fiscalizacao\/areas-tematicas\/reserva-ecologica-nacional\/\" class=\"awb-menu__main-a awb-menu__main-a_regular\"><span class=\"menu-text\">Reserva Ecol\u00f3gica Nacional<\/span><\/a><\/li><li   class=\"menu-item menu-item-type-post_type menu-item-object-page menu-item-34662 awb-menu__li awb-menu__main-li awb-menu__main-li_regular\"  data-item-id=\"34662\"><span class=\"awb-menu__main-background-default awb-menu__main-background-default_fade\"><\/span><span class=\"awb-menu__main-background-active awb-menu__main-background-active_fade\"><\/span><a  href=\"https:\/\/www.ccdrc.pt\/pt\/areas-de-atuacao\/fiscalizacao\/areas-tematicas\/rede-natura-2000\/\" class=\"awb-menu__main-a awb-menu__main-a_regular\"><span class=\"menu-text\">Rede Natura 2000<\/span><\/a><\/li><li   class=\"menu-item menu-item-type-post_type menu-item-object-page menu-item-34665 awb-menu__li awb-menu__main-li awb-menu__main-li_regular\"  data-item-id=\"34665\"><span class=\"awb-menu__main-background-default awb-menu__main-background-default_fade\"><\/span><span class=\"awb-menu__main-background-active awb-menu__main-background-active_fade\"><\/span><a  href=\"https:\/\/www.ccdrc.pt\/pt\/areas-de-atuacao\/fiscalizacao\/areas-tematicas\/responsabilidade-ambiental\/\" class=\"awb-menu__main-a awb-menu__main-a_regular\"><span class=\"menu-text\">Responsabilidade Ambiental<\/span><\/a><\/li><li   class=\"menu-item menu-item-type-post_type menu-item-object-page menu-item-34670 awb-menu__li awb-menu__main-li awb-menu__main-li_regular\"  data-item-id=\"34670\"><span class=\"awb-menu__main-background-default awb-menu__main-background-default_fade\"><\/span><span class=\"awb-menu__main-background-active awb-menu__main-background-active_fade\"><\/span><a  href=\"https:\/\/www.ccdrc.pt\/pt\/areas-de-atuacao\/fiscalizacao\/areas-tematicas\/pedreiras\/\" class=\"awb-menu__main-a awb-menu__main-a_regular\"><span class=\"menu-text\">Pedreiras<\/span><\/a><\/li><li   class=\"menu-item menu-item-type-post_type menu-item-object-page menu-item-34678 awb-menu__li awb-menu__main-li awb-menu__main-li_regular\"  data-item-id=\"34678\"><span class=\"awb-menu__main-background-default awb-menu__main-background-default_fade\"><\/span><span class=\"awb-menu__main-background-active awb-menu__main-background-active_fade\"><\/span><a  href=\"https:\/\/www.ccdrc.pt\/pt\/areas-de-atuacao\/fiscalizacao\/areas-tematicas\/compostos-organicos-volateis\/\" class=\"awb-menu__main-a awb-menu__main-a_regular\"><span class=\"menu-text\">Compostos Org\u00e2nicos Vol\u00e1teis<\/span><\/a><\/li><\/ul><\/nav><nav class=\"awb-menu awb-menu_column awb-menu_em-hover mobile-mode-collapse-to-button awb-menu_icons-left awb-menu_dc-yes mobile-trigger-fullwidth-on awb-menu_mobile-toggle awb-menu_indent-left awb-menu_mt-fullwidth mobile-size-full-absolute loading mega-menu-loading awb-menu_desktop awb-menu_dropdown awb-menu_expand-right awb-menu_transition-fade fusion-no-medium-visibility fusion-no-large-visibility menu-area-mobile\" style=\"--awb-line-height:29px;--awb-transition-time:100;--awb-color:#000000;--awb-active-color:#000000;--awb-submenu-font-size:16px;--awb-submenu-line-height:20px;--awb-main-justify-content:flex-start;--awb-mobile-color:#000000;--awb-trigger-padding-top:17px;--awb-trigger-padding-right:0px;--awb-trigger-padding-bottom:17px;--awb-trigger-padding-left:0px;--awb-mobile-trigger-color:#000000;--awb-mobile-trigger-background-color:#f5f5f5;--awb-mobile-justify:flex-start;--awb-mobile-caret-left:auto;--awb-mobile-caret-right:0;--awb-fusion-font-family-typography:inherit;--awb-fusion-font-style-typography:normal;--awb-fusion-font-weight-typography:400;--awb-fusion-font-family-submenu-typography:inherit;--awb-fusion-font-style-submenu-typography:normal;--awb-fusion-font-weight-submenu-typography:400;--awb-fusion-font-family-mobile-typography:inherit;--awb-fusion-font-style-mobile-typography:normal;--awb-fusion-font-weight-mobile-typography:400;\" aria-label=\"Menu\" data-breakpoint=\"1024\" data-count=\"2\" data-transition-type=\"fade\" data-transition-time=\"100\"><button type=\"button\" class=\"awb-menu__m-toggle\" aria-expanded=\"false\" aria-controls=\"menu-fiscalizacao-areas-tematicas-sidemenu\"><span class=\"awb-menu__m-toggle-inner\"><span class=\"collapsed-nav-text\">\u00c1reas Tem\u00e1ticas<\/span><span class=\"awb-menu__m-collapse-icon\"><span class=\"awb-menu__m-collapse-icon-open fa-angle-down fas\"><\/span><span class=\"awb-menu__m-collapse-icon-close fa-times fas\"><\/span><\/span><\/span><\/button><ul id=\"menu-fiscalizacao-areas-tematicas-sidemenu-2\" class=\"fusion-menu awb-menu__main-ul awb-menu__main-ul_column\"><li   class=\"menu-item menu-item-type-post_type menu-item-object-page menu-item-34541 awb-menu__li awb-menu__main-li awb-menu__main-li_regular\"  data-item-id=\"34541\"><span class=\"awb-menu__main-background-default awb-menu__main-background-default_fade\"><\/span><span class=\"awb-menu__main-background-active awb-menu__main-background-active_fade\"><\/span><a  href=\"https:\/\/www.ccdrc.pt\/pt\/areas-de-atuacao\/fiscalizacao\/areas-tematicas\/\" class=\"awb-menu__main-a awb-menu__main-a_regular\"><span class=\"menu-text\">Avalia\u00e7\u00e3o de Impacte Ambiental<\/span><\/a><\/li><li   class=\"menu-item menu-item-type-post_type menu-item-object-page menu-item-34548 awb-menu__li awb-menu__main-li awb-menu__main-li_regular\"  data-item-id=\"34548\"><span class=\"awb-menu__main-background-default awb-menu__main-background-default_fade\"><\/span><span class=\"awb-menu__main-background-active awb-menu__main-background-active_fade\"><\/span><a  href=\"https:\/\/www.ccdrc.pt\/pt\/areas-de-atuacao\/fiscalizacao\/areas-tematicas\/registo-de-emissoes-e-transferencias-de-poluentes-prtr\/\" class=\"awb-menu__main-a awb-menu__main-a_regular\"><span class=\"menu-text\">Registo de Emiss\u00f5es e Transfer\u00eancias de Poluentes (PRTR)<\/span><\/a><\/li><li   class=\"menu-item menu-item-type-post_type menu-item-object-page menu-item-34553 awb-menu__li awb-menu__main-li awb-menu__main-li_regular\"  data-item-id=\"34553\"><span class=\"awb-menu__main-background-default awb-menu__main-background-default_fade\"><\/span><span class=\"awb-menu__main-background-active awb-menu__main-background-active_fade\"><\/span><a  href=\"https:\/\/www.ccdrc.pt\/pt\/areas-de-atuacao\/fiscalizacao\/areas-tematicas\/ruido\/\" class=\"awb-menu__main-a awb-menu__main-a_regular\"><span class=\"menu-text\">Ru\u00eddo<\/span><\/a><\/li><li   class=\"menu-item menu-item-type-post_type menu-item-object-page menu-item-34558 awb-menu__li awb-menu__main-li awb-menu__main-li_regular\"  data-item-id=\"34558\"><span class=\"awb-menu__main-background-default awb-menu__main-background-default_fade\"><\/span><span class=\"awb-menu__main-background-active awb-menu__main-background-active_fade\"><\/span><a  href=\"https:\/\/www.ccdrc.pt\/pt\/areas-de-atuacao\/fiscalizacao\/areas-tematicas\/residuos-regime-geral\/\" class=\"awb-menu__main-a awb-menu__main-a_regular\"><span class=\"menu-text\">Res\u00edduos Regime Geral<\/span><\/a><\/li><li   class=\"menu-item menu-item-type-post_type menu-item-object-page menu-item-34624 awb-menu__li awb-menu__main-li awb-menu__main-li_regular\"  data-item-id=\"34624\"><span class=\"awb-menu__main-background-default awb-menu__main-background-default_fade\"><\/span><span class=\"awb-menu__main-background-active awb-menu__main-background-active_fade\"><\/span><a  href=\"https:\/\/www.ccdrc.pt\/pt\/areas-de-atuacao\/fiscalizacao\/areas-tematicas\/residuos-fluxos-especificos\/\" class=\"awb-menu__main-a awb-menu__main-a_regular\"><span class=\"menu-text\">Res\u00edduos Fluxos Espec\u00edficos<\/span><\/a><\/li><li   class=\"menu-item menu-item-type-post_type menu-item-object-page menu-item-34659 awb-menu__li awb-menu__main-li awb-menu__main-li_regular\"  data-item-id=\"34659\"><span class=\"awb-menu__main-background-default awb-menu__main-background-default_fade\"><\/span><span class=\"awb-menu__main-background-active awb-menu__main-background-active_fade\"><\/span><a  href=\"https:\/\/www.ccdrc.pt\/pt\/areas-de-atuacao\/fiscalizacao\/areas-tematicas\/reserva-ecologica-nacional\/\" class=\"awb-menu__main-a awb-menu__main-a_regular\"><span class=\"menu-text\">Reserva Ecol\u00f3gica Nacional<\/span><\/a><\/li><li   class=\"menu-item menu-item-type-post_type menu-item-object-page menu-item-34662 awb-menu__li awb-menu__main-li awb-menu__main-li_regular\"  data-item-id=\"34662\"><span class=\"awb-menu__main-background-default awb-menu__main-background-default_fade\"><\/span><span class=\"awb-menu__main-background-active awb-menu__main-background-active_fade\"><\/span><a  href=\"https:\/\/www.ccdrc.pt\/pt\/areas-de-atuacao\/fiscalizacao\/areas-tematicas\/rede-natura-2000\/\" class=\"awb-menu__main-a awb-menu__main-a_regular\"><span class=\"menu-text\">Rede Natura 2000<\/span><\/a><\/li><li   class=\"menu-item menu-item-type-post_type menu-item-object-page menu-item-34665 awb-menu__li awb-menu__main-li awb-menu__main-li_regular\"  data-item-id=\"34665\"><span class=\"awb-menu__main-background-default awb-menu__main-background-default_fade\"><\/span><span class=\"awb-menu__main-background-active awb-menu__main-background-active_fade\"><\/span><a  href=\"https:\/\/www.ccdrc.pt\/pt\/areas-de-atuacao\/fiscalizacao\/areas-tematicas\/responsabilidade-ambiental\/\" class=\"awb-menu__main-a awb-menu__main-a_regular\"><span class=\"menu-text\">Responsabilidade Ambiental<\/span><\/a><\/li><li   class=\"menu-item menu-item-type-post_type menu-item-object-page menu-item-34670 awb-menu__li awb-menu__main-li awb-menu__main-li_regular\"  data-item-id=\"34670\"><span class=\"awb-menu__main-background-default awb-menu__main-background-default_fade\"><\/span><span class=\"awb-menu__main-background-active awb-menu__main-background-active_fade\"><\/span><a  href=\"https:\/\/www.ccdrc.pt\/pt\/areas-de-atuacao\/fiscalizacao\/areas-tematicas\/pedreiras\/\" class=\"awb-menu__main-a awb-menu__main-a_regular\"><span class=\"menu-text\">Pedreiras<\/span><\/a><\/li><li   class=\"menu-item menu-item-type-post_type menu-item-object-page menu-item-34678 awb-menu__li awb-menu__main-li awb-menu__main-li_regular\"  data-item-id=\"34678\"><span class=\"awb-menu__main-background-default awb-menu__main-background-default_fade\"><\/span><span class=\"awb-menu__main-background-active awb-menu__main-background-active_fade\"><\/span><a  href=\"https:\/\/www.ccdrc.pt\/pt\/areas-de-atuacao\/fiscalizacao\/areas-tematicas\/compostos-organicos-volateis\/\" class=\"awb-menu__main-a awb-menu__main-a_regular\"><span class=\"menu-text\">Compostos Org\u00e2nicos Vol\u00e1teis<\/span><\/a><\/li><\/ul><\/nav><\/div><\/div><\/div><\/div><div class=\"fusion-fullwidth fullwidth-box fusion-builder-row-5 fusion-flex-container has-pattern-background has-mask-background nonhundred-percent-fullwidth non-hundred-percent-height-scrolling fusion-no-large-visibility\" style=\"--awb-border-radius-top-left:0px;--awb-border-radius-top-right:0px;--awb-border-radius-bottom-right:0px;--awb-border-radius-bottom-left:0px;\" ><div class=\"fusion-builder-row fusion-row fusion-flex-align-items-flex-start\" style=\"max-width:1288px;margin-left: calc(-0% \/ 2 );margin-right: calc(-0% \/ 2 );\"><div class=\"fusion-layout-column fusion_builder_column fusion-builder-column-6 fusion_builder_column_1_1 1_1 fusion-flex-column find-word\" style=\"--awb-bg-size:cover;--awb-width-large:100%;--awb-margin-top-large:0px;--awb-spacing-right-large:0%;--awb-margin-bottom-large:0px;--awb-spacing-left-large:0%;--awb-width-medium:100%;--awb-order-medium:0;--awb-margin-top-medium:64px;--awb-spacing-right-medium:0%;--awb-margin-bottom-medium:60px;--awb-spacing-left-medium:0%;--awb-width-small:100%;--awb-order-small:0;--awb-margin-top-small:48px;--awb-spacing-right-small:0%;--awb-margin-bottom-small:10px;--awb-spacing-left-small:0%;\"><div class=\"fusion-column-wrapper fusion-column-has-shadow fusion-flex-justify-content-flex-start fusion-content-layout-column\"><div style=\"text-align:left;\"><a class=\"fusion-button button-flat fusion-button-default-size button-custom fusion-button-default button-2 fusion-button-default-span fusion-button-default-type btn-back-menu-side\" style=\"--button_accent_color:#007b88;--button_border_color:#007b88;--button_accent_hover_color:#007b88;--button_border_hover_color:#007b88;--button_gradient_angle:0deg;--button_gradient_end:0%;--button_gradient_top_color:#ffffff;--button_gradient_bottom_color:#ffffff;--button_gradient_top_color_hover:#ffffff;--button_gradient_bottom_color_hover:#ffffff;--button_font_size:16px;--button_line_height:36px;--button_typography-font-family:&quot;Noto Sans&quot;;--button_typography-font-style:normal;--button_typography-font-weight:400;\" target=\"_self\" href=\"http:\/\/www.ccdrc.pt\/pt\/areas-de-atuacao\/fiscalizacao\/\"><i class=\"fa-arrow-left fas button-icon-left\" aria-hidden=\"true\"><\/i><span class=\"fusion-button-text\">Fiscaliza\u00e7\u00e3o<\/span><\/a><\/div><div class=\"fusion-text fusion-text-6 fusion-no-small-visibility fusion-no-large-visibility fusion-text-no-margin\" style=\"--awb-font-size:20px;--awb-line-height:36px;--awb-text-color:#777777;--awb-margin-bottom:4px;--awb-text-font-family:&quot;Noto Sans&quot;;--awb-text-font-style:normal;--awb-text-font-weight:400;\"><p>\u00c1reas Tem\u00e1ticas<\/p>\n<\/div><div class=\"fusion-text fusion-text-7 fusion-no-medium-visibility fusion-no-large-visibility fusion-text-no-margin\" style=\"--awb-font-size:18px;--awb-line-height:30px;--awb-text-color:#777777;--awb-margin-bottom:8px;\"><p>\u00c1reas Tem\u00e1ticas<\/p>\n<\/div><div class=\"fusion-text fusion-text-8 fusion-no-small-visibility fusion-no-large-visibility fusion-text-no-margin\" style=\"--awb-font-size:32px;--awb-line-height:44px;--awb-margin-bottom:64px;--awb-text-font-family:&quot;Noto Sans&quot;;--awb-text-font-style:normal;--awb-text-font-weight:700;\"><p>Res\u00edduos Regime Geral<\/p>\n<\/div><div class=\"fusion-text fusion-text-9 fusion-no-medium-visibility fusion-no-large-visibility fusion-text-no-margin\" style=\"--awb-font-size:24px;--awb-line-height:33px;--awb-text-color:#000000;--awb-margin-bottom:64px;--awb-text-font-family:&quot;Noto Sans&quot;;--awb-text-font-style:normal;--awb-text-font-weight:700;\"><p>Res\u00edduos Regime Geral<\/p>\n<\/div><div class=\"fusion-text fusion-text-10 content-article\"><div data-post-id=\"18064\" class=\"insert-page insert-page-18064 \"><div class=\"fusion-fullwidth fullwidth-box fusion-builder-row-5-1 fusion-flex-container nonhundred-percent-fullwidth non-hundred-percent-height-scrolling\" style=\"--awb-border-radius-top-left:0px;--awb-border-radius-top-right:0px;--awb-border-radius-bottom-right:0px;--awb-border-radius-bottom-left:0px;\" ><div class=\"fusion-builder-row fusion-row fusion-flex-align-items-flex-start\" style=\"width:100% !important;max-width:100% !important;margin-left: calc(-0% \/ 2 );margin-right: calc(-0% \/ 2 );\"><div class=\"fusion-layout-column fusion_builder_column fusion-builder-column-7 fusion_builder_column_1_1 1_1 fusion-flex-column\" style=\"--awb-bg-size:cover;--awb-width-large:100%;--awb-margin-top-large:0px;--awb-spacing-right-large:0%;--awb-margin-bottom-large:0px;--awb-spacing-left-large:0%;--awb-width-medium:100%;--awb-spacing-right-medium:0%;--awb-spacing-left-medium:0%;--awb-width-small:100%;--awb-spacing-right-small:0%;--awb-spacing-left-small:0%;\"><div class=\"fusion-column-wrapper fusion-flex-justify-content-flex-start fusion-content-layout-column\"><div class=\"fusion-text fusion-text-10\"><p class=\"MsoNormal\" style=\"margin-bottom: 12.75pt; text-align: justify; line-height: 13.5pt; background: none repeat scroll 0% 0% white;\"><strong><span style=\"font-family: Arial;\">Regime geral aplic\u00e1vel \u00e0 preven\u00e7\u00e3o, produ\u00e7\u00e3o e gest\u00e3o de res\u00edduos<\/span><\/strong><\/p>\n<p class=\"MsoNormal\" style=\"text-align: justify;\"><span style=\"font-family: Arial;\">O <\/span><a class=\"doclink\" href=\"http:\/\/www.ccdrc.pt\/wp-content\/uploads\/2013\/01\/dl_73_2011-9a0.pdf\"><span class=\"doclink\">Decreto-Lei n.\u00ba 73\/2011, de 17 de Junho<\/span><\/a><span style=\"font-family: Arial;\">, que estabelece a terceira altera\u00e7\u00e3o do <\/span><a class=\"doclink\" href=\"http:\/\/www.ccdrc.pt\/wp-content\/uploads\/2013\/01\/dl_178_2006-eb5.pdf\"><span class=\"doclink\">Decreto-Lei n.\u00ba 178\/2006, de 5 de Setembro<\/span><\/a><span style=\"font-family: Arial;\">, constitui o regime geral aplic\u00e1vel \u00e0 preven\u00e7\u00e3o, produ\u00e7\u00e3o e gest\u00e3o de res\u00edduos, transpondo para a ordem jur\u00eddica interna a Directiva n.\u00ba 2008\/98\/CE, do Parlamento Europeu e do Conselho, de 19 de Novembro<\/span><\/p>\n<p class=\"MsoNormal\" style=\"text-align: justify;\"><span style=\"font-family: Arial;\">O presente regime \u00e9 aplic\u00e1vel \u00e0s opera\u00e7\u00f5es de gest\u00e3o de res\u00edduos destinadas a prevenir ou reduzir a produ\u00e7\u00e3o de res\u00edduos, o seu car\u00e1cter nocivo e os impactes adversos decorrentes da sua produ\u00e7\u00e3o e gest\u00e3o, bem como a diminui\u00e7\u00e3o dos impactes associados \u00e0 utiliza\u00e7\u00e3o dos recursos, de forma a melhorar a efici\u00eancia da sua utiliza\u00e7\u00e3o e a protec\u00e7\u00e3o do ambiente e da sa\u00fade humana<\/span><\/p>\n<p class=\"MsoNormal\"><span style=\"font-family: Arial;\">Excluem-se do \u00e2mbito de aplica\u00e7\u00e3o do presente decreto-lei:<\/span><\/p>\n<p class=\"MsoNormal\" style=\"margin-left: 36pt; text-align: justify; text-indent: -18pt;\"><span style=\"font-family: Arial;\">a)<span style=\"font: 7pt 'Times New Roman';\">&nbsp;&nbsp;&nbsp;&nbsp; <\/span><\/span><span style=\"font-family: Arial;\">Os efluentes gasosos lan\u00e7ados na atmosfera, o di\u00f3xido de carbono captado e transportado para efeitos de armazenamento geol\u00f3gico e geologicamente armazenado, nos termos do regime jur\u00eddico relativo ao armazenamento geol\u00f3gico de di\u00f3xido de carbono, e o di\u00f3xido de carbono objecto de armazenamento geol\u00f3gico em quantidades totais inferiores a 100 000 t, destinado \u00e0 investiga\u00e7\u00e3o, desenvolvimento ou ensaio de novos produtos e processos;<\/span><\/p>\n<p class=\"MsoNormal\" style=\"margin-left: 36pt; text-align: justify; text-indent: -18pt;\"><span style=\"font-family: Arial;\">b)<span style=\"font: 7pt 'Times New Roman';\">&nbsp;&nbsp;&nbsp;&nbsp; <\/span><\/span><span style=\"font-family: Arial;\">A terra <em>(in situ)<\/em>, incluindo os solos contaminados n\u00e3o escavados e os edif\u00edcios com liga\u00e7\u00e3o permanente ao solo;<\/span><\/p>\n<p class=\"MsoNormal\" style=\"margin-left: 36pt; text-align: justify; text-indent: -18pt;\"><span style=\"font-family: Arial;\">c)<span style=\"font: 7pt 'Times New Roman';\">&nbsp;&nbsp;&nbsp;&nbsp;&nbsp; <\/span><\/span><span style=\"font-family: Arial;\">O solo n\u00e3o contaminado e outros materiais naturais resultantes de escava\u00e7\u00f5es no \u00e2mbito de actividades de constru\u00e7\u00e3o desde que os materiais em causa sejam utilizados para constru\u00e7\u00e3o no seu estado natural e no local em que foram escavados;<\/span><\/p>\n<p class=\"MsoNormal\" style=\"margin-left: 36pt; text-align: justify; text-indent: -18pt;\"><span style=\"font-family: Arial;\">d)<span style=\"font: 7pt 'Times New Roman';\">&nbsp;&nbsp;&nbsp;&nbsp; <\/span><\/span><span style=\"font-family: Arial;\">Os res\u00edduos radioactivos;<\/span><\/p>\n<p class=\"MsoNormal\" style=\"margin-left: 36pt; text-align: justify; text-indent: -18pt;\"><span style=\"font-family: Arial;\">e)<span style=\"font: 7pt 'Times New Roman';\">&nbsp;&nbsp;&nbsp;&nbsp; <\/span><\/span><span style=\"font-family: Arial;\">Os explosivos abatidos \u00e0 carga ou em fim de vida;<\/span><\/p>\n<p class=\"MsoNormal\" style=\"margin-left: 36pt; text-align: justify; text-indent: -18pt;\"><span style=\"font-family: Arial;\">f)<span style=\"font: 7pt 'Times New Roman';\">&nbsp;&nbsp;&nbsp;&nbsp;&nbsp;&nbsp; <\/span><\/span><span style=\"font-family: Arial;\">As mat\u00e9rias fecais n\u00e3o abrangidas nos subprodutos animais (al\u00ednea j), as palhas e outro material natural n\u00e3o perigoso de origem agr\u00edcola ou silv\u00edcola que seja utilizado na agricultura ou na silvicultura ou para a produ\u00e7\u00e3o de energia a partir dessa biomassa atrav\u00e9s de processos ou m\u00e9todos que n\u00e3o prejudiquem o ambiente nem ponham em perigo a sa\u00fade humana;<\/span><\/p>\n<p class=\"MsoNormal\" style=\"margin-left: 36pt; text-align: justify; text-indent: -18pt;\"><span style=\"font-family: Arial;\">g)<span style=\"font: 7pt 'Times New Roman';\">&nbsp;&nbsp;&nbsp;&nbsp; <\/span><\/span><span style=\"font-family: Arial;\">Os sedimentos deslocados no interior das \u00e1guas de superf\u00edcie para efeitos de gest\u00e3o das \u00e1guas e dos cursos de \u00e1gua, de preven\u00e7\u00e3o de inunda\u00e7\u00f5es ou de atenua\u00e7\u00e3o dos efeitos de inunda\u00e7\u00f5es e secas ou da recupera\u00e7\u00e3o de terras caso se demonstre a sua n\u00e3o perigosidade.<\/span><\/p>\n<p class=\"MsoNormal\" style=\"margin-left: 36pt; text-align: justify; text-indent: -18pt;\"><span style=\"font-family: Arial;\">h)<span style=\"font: 7pt 'Times New Roman';\">&nbsp;&nbsp;&nbsp;&nbsp; <\/span><\/span><span style=\"font-family: Arial;\">As \u00e1guas residuais;<\/span><\/p>\n<p class=\"MsoNormal\" style=\"margin-left: 36pt; text-align: justify; text-indent: -18pt;\"><span style=\"font-family: Arial;\">i)<span style=\"font: 7pt 'Times New Roman';\">&nbsp;&nbsp;&nbsp;&nbsp;&nbsp;&nbsp;&nbsp; <\/span><\/span><em><span style=\"font-family: Arial;\">b<\/span><\/em><span style=\"font-family: Arial;\">) Res\u00edduos resultantes da prospec\u00e7\u00e3o, extrac\u00e7\u00e3o, tratamento e armazenagem de recursos minerais, bem como da explora\u00e7\u00e3o de pedreiras, abrangidos pelo Decreto\u2013Lei n.\u00ba 10\/2010, de 4 de Fevereiro;<\/span><\/p>\n<p class=\"MsoNormal\" style=\"margin-left: 36pt; text-align: justify; text-indent: -18pt;\"><span style=\"font-family: Arial;\">j)<span style=\"font: 7pt 'Times New Roman';\">&nbsp;&nbsp;&nbsp;&nbsp;&nbsp;&nbsp;&nbsp; <\/span><\/span><span style=\"font-family: Arial;\">Os subprodutos animais, incluindo os produtos transformados abrangidos pelo Regulamento (CE) n.\u00ba 1069\/2009, do Parlamento Europeu e do Conselho, de 21 de Outubro, com excep\u00e7\u00e3o dos destinados \u00e0 incinera\u00e7\u00e3o, \u00e0 deposi\u00e7\u00e3o em aterros ou \u00e0 utiliza\u00e7\u00e3o numa unidade de biog\u00e1s ou de compostagem;<\/span><\/p>\n<p class=\"MsoNormal\" style=\"margin-left: 36pt; text-align: justify; text-indent: -18pt;\"><span style=\"font-family: Arial;\">k)<span style=\"font: 7pt 'Times New Roman';\">&nbsp;&nbsp;&nbsp;&nbsp;&nbsp; <\/span><\/span><span style=\"font-family: Arial;\">As carca\u00e7as de animais cuja morte n\u00e3o tenha resultado de abate, incluindo os animais mortos para erradica\u00e7\u00e3o de doen\u00e7as epizo\u00f3ticas, e que tenham sido eliminadas nos termos do Regulamento (CE) n.\u00ba 1069\/2009, do Parlamento Europeu e do Conselho, de 21 de Outubro.<\/span><\/p>\n<p class=\"MsoNormal\" style=\"text-align: justify;\"><span style=\"font-family: Arial;\">As altera\u00e7\u00f5es introduzidas pelo <\/span><span style=\"font-family: Arial;\">Decreto-Lei n.\u00ba 73\/2011, de 17 de Junho<\/span><span style=\"font-family: Arial;\"> ao regime geral da gest\u00e3o de res\u00edduos t\u00eam por objectivo, em linhas gerais:<\/span><\/p>\n<p style=\"margin-left: 36pt; text-align: justify; text-indent: -18pt;\"><span style=\"font-family: Arial;\">1.<span style=\"font: 7pt 'Times New Roman';\">&nbsp;&nbsp;&nbsp;&nbsp;&nbsp; <\/span><\/span><span style=\"font-family: Arial;\">O refor\u00e7o da preven\u00e7\u00e3o da produ\u00e7\u00e3o de res\u00edduos e fomentar a sua reutiliza\u00e7\u00e3o e reciclagem, promover o pleno aproveitamento do mercado organizado de res\u00edduos, como forma de consolidar a valoriza\u00e7\u00e3o dos res\u00edduos, com vantagens para os agentes econ\u00f3micos, bem como estimular o aproveitamento de res\u00edduos espec\u00edficos com elevado potencial de valoriza\u00e7\u00e3o;<\/span><\/p>\n<p style=\"margin-left: 36pt; text-align: justify; text-indent: -18pt;\"><span style=\"font-family: Arial;\">2.<span style=\"font: 7pt 'Times New Roman';\">&nbsp;&nbsp;&nbsp;&nbsp;&nbsp; <\/span><\/span><span style=\"font-family: Arial;\">Clarificar conceitos-chave como as defini\u00e7\u00f5es de res\u00edduo, preven\u00e7\u00e3o, reutiliza\u00e7\u00e3o, prepara\u00e7\u00e3o para a reutiliza\u00e7\u00e3o, tratamento e reciclagem, e a distin\u00e7\u00e3o entre os conceitos de valoriza\u00e7\u00e3o e elimina\u00e7\u00e3o de res\u00edduos, prev\u00ea-se a aprova\u00e7\u00e3o de programas de preven\u00e7\u00e3o e estabelecem-se metas de prepara\u00e7\u00e3o para reutiliza\u00e7\u00e3o, reciclagem e outras formas de valoriza\u00e7\u00e3o material de res\u00edduos, a cumprir at\u00e9 2020;<\/span><\/p>\n<p style=\"margin-left: 36pt; text-align: justify; text-indent: -18pt;\"><span style=\"font-family: Arial;\">3.<span style=\"font: 7pt 'Times New Roman';\">&nbsp;&nbsp;&nbsp;&nbsp;&nbsp; <\/span><\/span><span style=\"font-family: Arial;\">Estabelece um conjunto de <a title=\"Ver ficheiro em anexo\" href=\"http:\/\/www.ccdrc.pt\/wp-content\/uploads\/2010\/10\/residuos_geral_-_anexo-0f1.pdf\" target=\"_blank\" rel=\"noopener\">princ\u00edpios gerais<\/a> da maior import\u00e2ncia em mat\u00e9ria de gest\u00e3o de res\u00edduos. \u00c9 o que se verifica relativamente \u00e0 no\u00e7\u00e3o da auto-sufici\u00eancia e da proximidade, ao princ\u00edpio da preven\u00e7\u00e3o, \u00e0 preval\u00eancia da valoriza\u00e7\u00e3o dos res\u00edduos sobre a sua elimina\u00e7\u00e3o e, no \u00e2mbito daquela, ao estabelecimento de uma prefer\u00eancia tendencial pela reutiliza\u00e7\u00e3o sobre a reciclagem, e de uma prefer\u00eancia tendencial da reciclagem sobre a recupera\u00e7\u00e3o energ\u00e9tica.<\/span><\/p>\n<p style=\"margin-left: 36pt; text-align: justify; text-indent: -18pt;\"><span style=\"font-family: Arial;\">4.<span style=\"font: 7pt 'Times New Roman';\">&nbsp;&nbsp;&nbsp;&nbsp;&nbsp; <\/span><\/span><span style=\"font-family: Arial;\">Incentivar \u00e0 reciclagem que permita o cumprimento destas metas, e de preserva\u00e7\u00e3o dos recursos naturais, prevista a utiliza\u00e7\u00e3o de pelo menos 5% de materiais reciclados em empreitadas de obras p\u00fablicas;<\/span><\/p>\n<p style=\"margin-left: 36pt; text-align: justify; text-indent: -18pt;\"><span style=\"font-family: Arial;\">5.<span style=\"font: 7pt 'Times New Roman';\">&nbsp;&nbsp;&nbsp;&nbsp;&nbsp; <\/span><\/span><span style=\"font-family: Arial;\">A defini\u00e7\u00e3o de requisitos para que subst\u00e2ncias ou objectos resultantes de um processo produtivo possam ser considerados subprodutos e n\u00e3o res\u00edduos;<\/span><\/p>\n<p style=\"margin-left: 36pt; text-align: justify; text-indent: -18pt;\"><span style=\"font-family: Arial;\">6.<span style=\"font: 7pt 'Times New Roman';\">&nbsp;&nbsp;&nbsp;&nbsp;&nbsp; <\/span><\/span><span style=\"font-family: Arial;\">Estabelecer crit\u00e9rios para que determinados res\u00edduos deixem de ter o estatuto de res\u00edduo;<\/span><\/p>\n<p style=\"margin-left: 36pt; text-align: justify; text-indent: -18pt;\"><span style=\"font-family: Arial;\">7.<span style=\"font: 7pt 'Times New Roman';\">&nbsp;&nbsp;&nbsp;&nbsp;&nbsp; <\/span><\/span><span style=\"font-family: Arial;\">As opera\u00e7\u00f5es de gest\u00e3o de res\u00edduos ficam sujeitas a um procedimento administrativo c\u00e9lere de controlo pr\u00e9vio, que se conclui com a emiss\u00e3o de uma licen\u00e7a.<\/span><\/p>\n<p style=\"text-align: justify;\"><span style=\"font-family: Arial;\">O Decreto-Lei n.\u00ba 73\/2011, de 17 de Junho, procede ainda \u00e0 altera\u00e7\u00e3o dos seguintes diplomas: Decreto-Lei n.\u00ba 366-A\/97, de 20 de Dezembro, Decreto-Lei n.\u00ba 111\/2001, de 6 de Abril, Decreto-Lei n.\u00ba 153\/2003, de 11 de Julho, Decreto-Lei n.\u00ba 196\/2003, de 23 de Agosto, Decreto-Lei n.\u00ba 3\/2004, de 3 de Janeiro, Decreto-Lei n.\u00ba 190\/2004, de 17 de Agosto, Decreto-Lei n.\u00ba 46\/2008, de 12 de Mar\u00e7o e Decreto-Lei n.\u00ba 210\/2009, de 3 de Setembro.<\/span><\/p>\n<p><!--nextpage--><\/p>\n<p class=\"MsoNormal\" style=\"text-align: justify;\"><strong><span style=\"font-family: Arial;\">Legisla\u00e7\u00e3o <\/span><\/strong><\/p>\n<p><span style=\"font-family: Arial;\">&nbsp;<\/span><\/p>\n<ul style=\"margin-top: 0cm;\">\n<li class=\"MsoNormal\" style=\"text-align: justify;\"><a class=\"doclink\" href=\"http:\/\/www.ccdrc.pt\/wp-content\/uploads\/2013\/01\/dl_178_2006-eb5.pdf\"><span class=\"doclink\">Decreto-Lei n.\u00ba 178\/2006, de 5 de Setembro<\/span><\/a> <span style=\"font-family: Arial;\">&#8211; Aprova o regime geral da gest\u00e3o de res\u00edduos, transpondo para a ordem jur\u00eddica interna a <a title=\"Directiva n.\u00ba 2006\/12\/CE\" href=\"http:\/\/www.dre.pt\/util\/eurlex\/eurlex.asp?ano=2006&amp;id=306L0012\" target=\"_blank\" rel=\"noopener\">Directiva n.\u00ba 2006\/12\/CE<\/a>, do Parlamento Europeu e do Conselho, de 5 de Abril, e a <a title=\"Directiva n.\u00ba 91\/689\/CEE\" href=\"http:\/\/www.dre.pt\/util\/eurlex\/eurlex.asp?ano=1991&amp;id=391L0689\" target=\"_blank\" rel=\"noopener\">Directiva n.\u00ba 91\/689\/CEE<\/a>, do Conselho, de 12 de Dezembro;<\/span><span style=\"font-family: Arial;\"><br \/>\n<\/span><\/li>\n<\/ul>\n<ul style=\"margin-top: 0cm;\">\n<li class=\"MsoNormal\" style=\"text-align: justify;\"><a class=\"doclink\" href=\"http:\/\/www.ccdrc.pt\/wp-content\/uploads\/2013\/01\/dl_73_2011-9a0.pdf\"><span class=\"doclink\">Decreto-Lei n.\u00ba 73\/2011, de 17 de Junho<\/span><\/a> <span style=\"font-family: Arial;\">&#8211; que estabelece a terceira altera\u00e7\u00e3o do Decreto-Lei n.\u00ba 178\/2006, de 5 de Setembro, constitui o regime geral aplic\u00e1vel \u00e0 preven\u00e7\u00e3o, produ\u00e7\u00e3o e gest\u00e3o de res\u00edduos, transpondo para a ordem jur\u00eddica interna a Directiva n.\u00ba 2008\/98\/CE, do Parlamento Europeu e do Conselho, de 19 de Novembro<\/span><\/li>\n<\/ul>\n<ul style=\"margin-top: 0cm;\">\n<li class=\"MsoNormal\" style=\"text-align: justify;\"><a class=\"doclink\" href=\"http:\/\/www.ccdrc.pt\/wp-content\/uploads\/2013\/01\/port_209_2004-00c.pdf\"><span class=\"doclink\">Portaria n.\u00ba 209\/2004, de 3 de Mar\u00e7o <\/span><\/a><span style=\"font-family: Arial;\">&#8211; Lista Europeia de Res\u00edduos (LER). <\/span><\/li>\n<\/ul>\n<ul style=\"margin-top: 0cm;\">\n<li class=\"MsoNormal\" style=\"text-align: justify;\"><a class=\"doclink\" href=\"http:\/\/www.ccdrc.pt\/wp-content\/uploads\/2013\/01\/portaria_335_97-409.pdf\"><span class=\"doclink\">Portaria n.\u00ba 335\/97 de 16 de Maio<\/span><\/a> <span style=\"font-family: Arial;\">&#8211; Fixa as regras a que fica sujeito o transporte de res\u00edduos dentro do territ\u00f3rio nacional.<\/span><\/li>\n<\/ul>\n<p class=\"MsoNormal\" style=\"text-align: justify;\"><span style=\"font-family: Arial;\">&nbsp;<\/span><\/p>\n<p class=\"MsoNormal\" style=\"text-align: justify;\"><strong><span style=\"font-family: Arial;\">Saber Mais: <a href=\"http:\/\/www.apambiente.pt\/index.php?ref=16&amp;subref=84\">Ag\u00eancia Portuguesa do Ambiente<\/a><br \/>\n<\/span><\/strong><\/p>\n<p><!--nextpage--><br \/>\n<strong><span style=\"font-family: Arial;\">Fiscaliza\u00e7\u00e3o<\/span><\/strong><span style=\"font-family: Arial;\">&nbsp;<\/span><\/p>\n<p class=\"MsoNormal\" style=\"text-align: justify;\"><span style=\"font-family: Arial;\">A fiscaliza\u00e7\u00e3o do cumprimento do regime geral aplic\u00e1vel \u00e0 preven\u00e7\u00e3o, produ\u00e7\u00e3o e gest\u00e3o de res\u00edduos compete \u00e0s autoridades regionais dos res\u00edduos (ARR), <em>\u00e0 <\/em><em><span style=\"font-family: Arial; font-style: normal;\">Inspec\u00e7\u00e3<\/span><\/em><span class=\"st\"><em>o<\/em><\/span><em><span style=\"font-family: Arial; font-style: normal;\">-geral<\/span><\/em><span class=\"st\"> da Agricultura, Mar, <\/span><em><span style=\"font-family: Arial; font-style: normal;\">Ambiente<\/span><\/em><span class=\"st\"> e <\/span><em><span style=\"font-family: Arial; font-style: normal;\">Ordenamento do Territ\u00f3rio<\/span><\/em><em>,<\/em> aos munic\u00edpios e \u00e0s autoridades policiais.<\/span><\/p>\n<p class=\"MsoNormal\" style=\"text-align: justify;\"><span style=\"font-family: Arial;\">As autoridades regionais dos res\u00edduos (ARR) s\u00e3o os servi\u00e7os desconcentrados do minist\u00e9rio respons\u00e1vel pela \u00e1rea do ambiente, que asseguram a n\u00edvel regional o exerc\u00edcio das compet\u00eancias relativas \u00e0 gest\u00e3o de res\u00edduos numa rela\u00e7\u00e3o de proximidade com os operadores. A ARR \u00e9 a respectiva Comiss\u00e3o de Coordena\u00e7\u00e3o e Desenvolvimento Regional, territorialmente competente.<\/span><\/p>\n<p><!--nextpage--><\/p>\n<p class=\"MsoNormal\" style=\"text-align: justify;\"><strong><span style=\"font-family: Arial;\">San\u00e7\u00f5es (<\/span><\/strong><strong><span style=\"font-family: Arial;\">Contra-ordena\u00e7\u00f5es ambientais<strong><span style=\"font-family: Arial;\">)<\/span><\/strong><\/span><\/strong><\/p>\n<p class=\"MsoNormal\" style=\"text-align: justify;\"><strong><span style=\"font-family: Arial;\">Contra-ordena\u00e7\u00e3o ambiental muito grave<\/span><\/strong><\/p>\n<p class=\"MsoNormal\" style=\"text-align: justify;\"><span style=\"font-family: Arial;\">1 \u2014 Constitui <strong>contra-ordena\u00e7\u00e3o ambiental muito grave<\/strong>, pun\u00edvel nos termos da Lei n.\u00ba 50\/2006, de 29 de Agosto, alterada pela Lei n.\u00ba 89\/2009, de 31 de Agosto, e rectificada pela Declara\u00e7\u00e3o de Rectifica\u00e7\u00e3o n.\u00ba 70\/2009, de 1 de Outubro, a pr\u00e1tica dos seguintes actos:<\/span><\/p>\n<p class=\"MsoNormal\" style=\"text-align: justify;\"><em><span style=\"font-family: Arial;\">a<\/span><\/em><span style=\"font-family: Arial;\">) A viola\u00e7\u00e3o das <strong>proibi\u00e7\u00f5es<\/strong> previstas no n.\u00ba 3 do artigo 9.\u00ba;<\/span><\/p>\n<p class=\"MsoNormal\" style=\"margin: 0cm 49.95pt 0.0001pt 54pt; text-align: justify;\"><em><span style=\"font-size: 11pt; font-family: Arial;\">\u201cS\u00e3o igualmente proibidos o abandono de res\u00edduos, a incinera\u00e7\u00e3o de res\u00edduos no mar e a sua injec\u00e7\u00e3o no solo, a queima a c\u00e9u aberto nos termos do artigo 13.\u00ba do Decreto-Lei n.\u00ba 78\/2004, de 3 de Abril, bem como a descarga de res\u00edduos em locais n\u00e3o licenciados para realiza\u00e7\u00e3o de tratamento de res\u00edduos.\u201d<\/span><\/em><\/p>\n<p class=\"MsoNormal\" style=\"text-align: justify;\"><em><span style=\"font-family: Arial;\">b<\/span><\/em><span style=\"font-family: Arial;\">) A viola\u00e7\u00e3o da proibi\u00e7\u00e3o de proceder \u00e0 <strong>opera\u00e7\u00e3o de mistura<\/strong> incluindo a dilui\u00e7\u00e3o de res\u00edduos perigosos nos termos do n.\u00ba 2 do artigo 21.\u00ba -A;<\/span><\/p>\n<p class=\"MsoNormal\" style=\"margin: 0cm 49.95pt 0.0001pt 54pt; text-align: justify;\"><em><span style=\"font-size: 11pt; font-family: Arial;\">\u201cA opera\u00e7\u00e3o de mistura, incluindo a dilui\u00e7\u00e3o, de res\u00edduos perigosos com outras categorias de res\u00edduos perigosos ou com outros res\u00edduos, subst\u00e2ncias ou materiais \u00e9 proibida, salvo em casos devidamente autorizados\u201d<\/span><\/em><\/p>\n<p class=\"MsoNormal\" style=\"margin-left: 27pt;\"><span style=\"font-family: Arial;\">Nota: N\u00e3o se aplica a res\u00edduos urbanos recolhidos indiferenciadamente.<\/span><\/p>\n<p class=\"MsoNormal\" style=\"text-align: justify;\"><em><span style=\"font-family: Arial;\">c<\/span><\/em><span style=\"font-family: Arial;\">) A viola\u00e7\u00e3o da proibi\u00e7\u00e3o da <strong>mistura de \u00f3leos<\/strong> usados nos termos do n.\u00ba 4 do artigo 22.\u00ba -A;<\/span><\/p>\n<p class=\"MsoNormal\" style=\"margin: 0cm 49.95pt 0.0001pt 54pt; text-align: justify;\"><em><span style=\"font-size: 11pt; font-family: Arial;\">\u201cA opera\u00e7\u00e3o de mistura, incluindo a dilui\u00e7\u00e3o, de res\u00edduos perigosos com outras categorias de res\u00edduos perigosos ou com outros res\u00edduos, subst\u00e2ncias ou materiais \u00e9 proibida, salvo em casos devidamente autorizados\u201d<\/span><\/em><\/p>\n<p class=\"MsoNormal\" style=\"margin: 0cm 49.95pt 0.0001pt 54pt; text-align: justify;\"><span style=\"font-size: 11pt; font-family: Arial;\">&nbsp;<\/span><\/p>\n<p class=\"MsoNormal\" style=\"text-align: justify;\"><em><span style=\"font-family: Arial;\">d<\/span><\/em><span style=\"font-family: Arial;\">) O <strong>exerc\u00edcio n\u00e3o licenciado<\/strong> das actividades de tratamento de res\u00edduos em viola\u00e7\u00e3o do disposto no n.\u00ba 2 do artigo 9.\u00ba e no artigo 23.\u00ba;<\/span><\/p>\n<p class=\"MsoNormal\" style=\"margin: 0cm 49.95pt 0.0001pt 54pt; text-align: justify;\"><em><span style=\"font-size: 11pt; font-family: Arial;\">\u201c\u00c9 proibida a realiza\u00e7\u00e3o de opera\u00e7\u00f5es de tratamento de res\u00edduos n\u00e3o licenciadas nos termos do presente decreto-lei.\u201d<\/span><\/em><\/p>\n<p class=\"MsoNormal\" style=\"margin: 0cm 49.95pt 0.0001pt 54pt; text-align: justify;\"><span style=\"font-size: 11pt; font-family: Arial;\">&nbsp;<\/span><\/p>\n<p class=\"MsoNormal\" style=\"margin: 0cm 49.95pt 0.0001pt 54pt;\"><em><span style=\"font-size: 11pt; font-family: Arial;\">\u201cA actividade de tratamento de res\u00edduos est\u00e1 sujeita a licenciamento por raz\u00f5es de sa\u00fade p\u00fablica e de protec\u00e7\u00e3o do ambiente\u201d<\/span><\/em><\/p>\n<p class=\"MsoNormal\" style=\"text-align: justify;\"><em><span style=\"font-family: Arial;\">e<\/span><\/em><span style=\"font-family: Arial;\">) O incumprimento pelo operador de gest\u00e3o de res\u00edduos das <strong>medidas impostas<\/strong> pela entidade licenciadora nos termos do n.\u00ba 2 do artigo 34.\u00ba;<\/span><\/p>\n<p class=\"MsoNormal\" style=\"margin: 0cm 49.95pt 0.0001pt 54pt; text-align: justify;\"><em><span style=\"font-size: 11pt; font-family: Arial;\">\u201cA entidade licenciadora pode impor ao operador de gest\u00e3o de res\u00edduos, mediante decis\u00e3o fundamentada, a adop\u00e7\u00e3o das medidas que considere adequadas para minimizar ou compensar efeitos negativos n\u00e3o previstos para o ambiente ou para a sa\u00fade p\u00fablica ocorridos durante as opera\u00e7\u00f5es de gest\u00e3o de res\u00edduos\u201d<\/span><\/em><\/p>\n<p class=\"MsoNormal\" style=\"margin: 0cm 49.95pt 0.0001pt 54pt; text-align: justify;\"><span style=\"font-size: 11pt; font-family: Arial;\">&nbsp;<\/span><\/p>\n<p class=\"MsoNormal\" style=\"text-align: justify;\"><em><span style=\"font-family: Arial;\">f<\/span><\/em><span style=\"font-family: Arial;\">) A realiza\u00e7\u00e3o de opera\u00e7\u00f5es de gest\u00e3o de res\u00edduos com base em <strong>licen\u00e7a suspensa ou revogada<\/strong> pela entidade licenciadora nos termos do artigo 38.\u00ba;<\/span><\/p>\n<p>&nbsp;<\/p>\n<p class=\"MsoNormal\" style=\"margin: 0cm 49.95pt 0.0001pt 54pt; text-align: justify;\"><em><span style=\"font-size: 11pt; font-family: Arial;\">\u201c\u2026a entidade licenciadora pode suspender ou revogar a licen\u00e7a por si emitida.\u201d<\/span><\/em><\/p>\n<p class=\"MsoNormal\" style=\"text-align: justify;\"><em><span style=\"font-family: Arial;\">g<\/span><\/em><span style=\"font-family: Arial;\">) A gest\u00e3o de <strong>fluxos espec\u00edficos<\/strong> de res\u00edduos sem licen\u00e7a ou autoriza\u00e7\u00e3o nos termos do n.\u00ba 1 do artigo 44.\u00ba<\/span><\/p>\n<p class=\"MsoNormal\" style=\"margin: 0cm 49.95pt 0.0001pt 54pt; text-align: justify;\"><em><span style=\"font-size: 11pt; font-family: Arial;\">\u201cA gest\u00e3o de fluxos espec\u00edficos de res\u00edduos est\u00e1 sujeita a licen\u00e7a ou autoriza\u00e7\u00e3o nos termos da legisla\u00e7\u00e3o especial, aplicando-se as disposi\u00e7\u00f5es do presente decreto-lei a tudo o que n\u00e3o estiver nela previsto.\u201d<\/span><\/em><\/p>\n<p class=\"MsoNormal\" style=\"text-align: justify;\"><span style=\"font-family: Arial;\">&nbsp;<\/span><\/p>\n<p class=\"MsoNormal\" style=\"text-align: justify;\"><span style=\"font-family: Arial;\">\u00c0s <strong>contra-ordena\u00e7\u00f5es muito graves<\/strong> correspondem as seguintes coimas:<\/span><\/p>\n<p class=\"MsoNormal\" style=\"margin-left: 36pt; text-align: justify; text-indent: -18pt;\"><em><span style=\"font-family: TimesNewRomanPS-ItalicMT;\">a)<span style=\"font: 7pt 'Times New Roman';\">&nbsp;&nbsp;&nbsp;&nbsp;&nbsp; <\/span><\/span><\/em><span style=\"font-family: Arial;\">Se praticadas por pessoas singulares, de \u20ac 20 000 a \u20ac 30 000 em caso de neglig\u00eancia e de \u20ac 30 000 a \u20ac 37 500 em caso de dolo;<\/span><\/p>\n<p class=\"MsoNormal\" style=\"margin-left: 36pt; text-align: justify; text-indent: -18pt;\"><strong><em><span style=\"font-family: TimesNewRomanPS-ItalicMT;\">b)<span style=\"font: 7pt 'Times New Roman';\">&nbsp;&nbsp;&nbsp;&nbsp;&nbsp; <\/span><\/span><\/em><\/strong><span style=\"font-family: Arial;\">Se praticadas por pessoas colectivas, de \u20ac 38 500 a \u20ac 70 000 em caso de neglig\u00eancia e de \u20ac 200 000 a \u20ac 2 500 000 em caso de dolo.<\/span><\/p>\n<p class=\"MsoNormal\" style=\"text-align: justify;\"><strong><span style=\"font-family: Arial; font-weight: normal;\">&nbsp;<\/span><\/strong><\/p>\n<p class=\"MsoNormal\" style=\"text-align: justify;\"><strong><span style=\"font-family: Arial;\">Contra-ordena\u00e7\u00e3o ambiental grave<\/span><\/strong><\/p>\n<p class=\"MsoNormal\" style=\"text-align: justify;\"><span style=\"font-family: Arial;\">2 \u2014 Constitui <strong>contra-ordena\u00e7\u00e3o ambiental grave<\/strong>, pun\u00edvel nos termos da Lei n.\u00ba 50\/2006, de 29 de Agosto, alterada pela Lei n.\u00ba 89\/2009, de 31 de Agosto, e rectificada pela Declara\u00e7\u00e3o de Rectifica\u00e7\u00e3o n.\u00ba 70\/2009, de 1 de Outubro, a pr\u00e1tica dos seguintes actos:<\/span><\/p>\n<p class=\"MsoNormal\" style=\"text-align: justify;\"><em><span style=\"font-family: Arial;\">a<\/span><\/em><span style=\"font-family: Arial;\">) O incumprimento do <strong>dever de assegurar a gest\u00e3o de res\u00edduos<\/strong>, a quem, nos termos do previsto no art.\u00ba 5\u00ba, caiba essa responsabilidade;<\/span><\/p>\n<p class=\"MsoNormal\" style=\"margin: 0cm 49.95pt 0.0001pt 54pt; text-align: justify;\"><strong><em><span style=\"font-size: 11pt; font-family: Arial;\">\u201cPrinc\u00edpio da responsabilidade pela gest\u00e3o<\/span><\/em><\/strong><\/p>\n<p class=\"MsoNormal\" style=\"margin: 0cm 49.95pt 0.0001pt 54pt; text-align: justify;\"><strong><em><span style=\"font-size: 11pt; font-family: Arial;\">&nbsp;<\/span><\/em><\/strong><\/p>\n<p class=\"MsoNormal\" style=\"margin: 0cm 49.95pt 0.0001pt 54pt; text-align: justify;\"><em><span style=\"font-size: 11pt; font-family: Arial;\">1 \u2014 A responsabilidade pela gest\u00e3o dos res\u00edduos, incluindo os respectivos custos, cabe ao produtor inicial dos res\u00edduos, sem preju\u00edzo de poder ser imputada, na totalidade ou em parte, ao produtor do produto que deu origem aos res\u00edduos e partilhada pelos distribuidores desse produto se tal decorrer de legisla\u00e7\u00e3o espec\u00edfica aplic\u00e1vel.<\/span><\/em><\/p>\n<p class=\"MsoNormal\" style=\"margin: 0cm 49.95pt 0.0001pt 54pt; text-align: justify;\"><em><span style=\"font-size: 11pt; font-family: Arial;\">&nbsp;<\/span><\/em><\/p>\n<p class=\"MsoNormal\" style=\"margin: 0cm 49.95pt 0.0001pt 54pt; text-align: justify;\"><em><span style=\"font-size: 11pt; font-family: Arial;\">2 \u2014 Exceptuam-se do disposto no n\u00famero anterior os res\u00edduos urbanos cuja produ\u00e7\u00e3o di\u00e1ria n\u00e3o exceda 1100 l por produtor, caso em que a respectiva gest\u00e3o \u00e9 assegurada pelos munic\u00edpios.<\/span><\/em><\/p>\n<p class=\"MsoNormal\" style=\"margin: 0cm 49.95pt 0.0001pt 54pt; text-align: justify;\"><em><span style=\"font-size: 11pt; font-family: Arial;\">&nbsp;<\/span><\/em><\/p>\n<p class=\"MsoNormal\" style=\"margin: 0cm 49.95pt 0.0001pt 54pt; text-align: justify;\"><em><span style=\"font-size: 11pt; font-family: Arial;\">3 \u2014 Em caso de impossibilidade de determina\u00e7\u00e3o do produtor do res\u00edduo, a responsabilidade pela respectiva gest\u00e3o recai sobre o seu detentor.<\/span><\/em><\/p>\n<p class=\"MsoNormal\" style=\"margin: 0cm 49.95pt 0.0001pt 54pt; text-align: justify;\"><em><span style=\"font-size: 11pt; font-family: Arial;\">&nbsp;<\/span><\/em><\/p>\n<p class=\"MsoNormal\" style=\"margin: 0cm 49.95pt 0.0001pt 54pt; text-align: justify;\"><em><span style=\"font-size: 11pt; font-family: Arial;\">4 \u2014 Quando os res\u00edduos tenham proveni\u00eancia externa, a sua gest\u00e3o cabe ao respons\u00e1vel pela sua introdu\u00e7\u00e3o em territ\u00f3rio nacional, salvo nos casos expressamente definidos na legisla\u00e7\u00e3o referente \u00e0 transfer\u00eancia de res\u00edduos.<\/span><\/em><\/p>\n<p class=\"MsoNormal\" style=\"margin: 0cm 49.95pt 0.0001pt 54pt; text-align: justify;\"><em><span style=\"font-size: 11pt; font-family: Arial;\">&nbsp;<\/span><\/em><\/p>\n<p class=\"MsoNormal\" style=\"margin: 0cm 49.95pt 0.0001pt 54pt; text-align: justify;\"><em><span style=\"font-size: 11pt; font-family: Arial;\">5 \u2014 O produtor inicial dos res\u00edduos ou o detentor devem, em conformidade com os princ\u00edpios da hierarquia de gest\u00e3o de res\u00edduos e da protec\u00e7\u00e3o da sa\u00fade humana e do ambiente, assegurar o tratamento dos res\u00edduos, podendo para o efeito recorrer:<\/span><\/em><\/p>\n<p class=\"MsoNormal\" style=\"margin: 0cm 49.95pt 0.0001pt 54pt; text-align: justify;\"><em><span style=\"font-size: 11pt; font-family: Arial;\">a<\/span><\/em><em><span style=\"font-size: 11pt; font-family: Arial;\">) A um comerciante;<\/span><\/em><\/p>\n<p class=\"MsoNormal\" style=\"margin: 0cm 49.95pt 0.0001pt 54pt; text-align: justify;\"><em><span style=\"font-size: 11pt; font-family: Arial;\">b<\/span><\/em><em><span style=\"font-size: 11pt; font-family: Arial;\">) A uma entidade licenciada que execute opera\u00e7\u00f5es de recolha ou tratamento de res\u00edduos;<\/span><\/em><\/p>\n<p class=\"MsoNormal\" style=\"margin: 0cm 49.95pt 0.0001pt 54pt; text-align: justify;\"><em><span style=\"font-size: 11pt; font-family: Arial;\">c<\/span><\/em><em><span style=\"font-size: 11pt; font-family: Arial;\">) A uma entidade licenciada respons\u00e1vel por sistemas de gest\u00e3o de fluxos espec\u00edficos de res\u00edduos.<\/span><\/em><\/p>\n<p class=\"MsoNormal\" style=\"margin: 0cm 49.95pt 0.0001pt 54pt; text-align: justify;\"><em><span style=\"font-size: 11pt; font-family: Arial;\">&nbsp;<\/span><\/em><\/p>\n<p class=\"MsoNormal\" style=\"margin: 0cm 49.95pt 0.0001pt 54pt; text-align: justify;\"><em><span style=\"font-size: 11pt; font-family: Arial;\">6 \u2014 A responsabilidade pela gest\u00e3o dos res\u00edduos, conforme definido nos n.os 1 e 3 do presente artigo, extingue\u2013se pela transfer\u00eancia para uma das entidades referidas nas al\u00edneas b) e c) do n\u00famero anterior.<\/span><\/em><\/p>\n<p class=\"MsoNormal\" style=\"margin: 0cm 49.95pt 0.0001pt 54pt; text-align: justify;\"><em><span style=\"font-size: 11pt; font-family: Arial;\">&nbsp;<\/span><\/em><\/p>\n<p class=\"MsoNormal\" style=\"margin: 0cm 49.95pt 0.0001pt 54pt; text-align: justify;\"><em><span style=\"font-size: 11pt; font-family: Arial;\">7 \u2014 As pessoas singulares ou colectivas que procedem, a t\u00edtulo profissional, \u00e0 recolha ou transporte de res\u00edduos devem entregar os res\u00edduos recolhidos e transportados em operadores licenciados para o tratamento de res\u00edduos.\u201d<\/span><\/em><\/p>\n<p class=\"MsoNormal\" style=\"text-align: justify;\"><em><span style=\"font-family: Arial;\">b<\/span><\/em><span style=\"font-family: Arial;\">) A viola\u00e7\u00e3o, pelo produtor do produto, da obriga\u00e7\u00e3o de promover as altera\u00e7\u00f5es na <strong>concep\u00e7\u00e3o do produto<\/strong> nos termos dos n.os 2 e 3 do artigo 10.\u00ba -A;<\/span><\/p>\n<p class=\"MsoNormal\" style=\"margin: 0cm 76.95pt 0.0001pt 18pt; text-align: justify;\"><span style=\"font-family: Arial;\">&nbsp;<\/span><\/p>\n<p class=\"MsoNormal\" style=\"margin: 0cm 49.95pt 0.0001pt 54pt; text-align: justify;\"><em><span style=\"font-size: 11pt; font-family: Arial;\">\u201c2 \u2014 Para efeitos da aplica\u00e7\u00e3o do disposto no n\u00famero anterior, o produtor do produto pode ser obrigado a promover altera\u00e7\u00f5es na concep\u00e7\u00e3o do produto de modo a assegurar a aplica\u00e7\u00e3o do princ\u00edpio estabelecido no artigo 6.\u00ba e dando origem a menos res\u00edduos na sua produ\u00e7\u00e3o e posterior utiliza\u00e7\u00e3o, bem como a garantir que o tratamento dos produtos que tenham assumido a natureza de res\u00edduos se realize em conformidade com os princ\u00edpios estabelecidos nos artigos 6.\u00ba e 7.\u00ba<\/span><\/em><\/p>\n<p class=\"MsoNormal\" style=\"margin: 0cm 49.95pt 0.0001pt 54pt; text-align: justify;\"><em><span style=\"font-size: 11pt; font-family: Arial;\">&nbsp;<\/span><\/em><\/p>\n<p class=\"MsoNormal\" style=\"margin: 0cm 49.95pt 0.0001pt 54pt; text-align: justify;\"><em><span style=\"font-size: 11pt; font-family: Arial;\">3 \u2014 A aplica\u00e7\u00e3o do disposto nos n\u00fameros anteriores est\u00e1 dependente da exequibilidade t\u00e9cnica e da viabilidade econ\u00f3mica, dos impactes globais no ambiente, na sa\u00fade humana e sociais e do respeito pelo funcionamento adequado do mercado interno.\u201d<\/span><\/em><\/p>\n<p class=\"MsoNormal\" style=\"text-align: justify;\"><span style=\"font-family: Arial;\">&nbsp;<\/span><\/p>\n<p class=\"MsoNormal\" style=\"text-align: justify;\"><em><span style=\"font-family: Arial;\">c<\/span><\/em><span style=\"font-family: Arial;\">) A viola\u00e7\u00e3o das <strong>normas t\u00e9cnicas relativas \u00e0 gest\u00e3o de res\u00edduos<\/strong> previstas no artigo 20.\u00ba;<\/span><\/p>\n<p class=\"MsoNormal\" style=\"margin: 0cm 49.95pt 0.0001pt 54pt; text-align: justify;\"><em><span style=\"font-size: 11pt; font-family: Arial;\">1 \u2014 Podem ser estabelecidas normas t\u00e9cnicas relativas \u00e0 gest\u00e3o de res\u00edduos de modo a assegurar que os res\u00edduos s\u00e3o tratados em conformidade com o princ\u00edpio da protec\u00e7\u00e3o da sa\u00fade humana e do ambiente previsto no artigo 6.\u00ba<\/span><\/em><\/p>\n<p class=\"MsoNormal\" style=\"margin: 0cm 49.95pt 0.0001pt 54pt; text-align: justify;\"><em><span style=\"font-size: 11pt; font-family: Arial;\">\u2026<\/span><\/em><\/p>\n<p class=\"MsoNormal\" style=\"margin: 0cm 49.95pt 0.0001pt 54pt; text-align: justify;\"><em><span style=\"font-size: 11pt; font-family: Arial;\">4 \u2014 As normas t\u00e9cnicas s\u00e3o aprovadas por portaria do membro do Governo respons\u00e1vel pela \u00e1rea do ambiente, devendo as normas t\u00e9cnicas de maior relev\u00e2ncia para o sector dos res\u00edduos, identificadas por proposta da ANR, ser aprovadas no prazo de um ano a contar da data da entrada em vigor do presente decreto-lei.<\/span><\/em><\/p>\n<p class=\"MsoNormal\" style=\"text-align: justify; text-indent: 27pt;\"><span style=\"font-family: Arial;\">Nota: N\u00e3o existem normas t\u00e9cnicas aprovadas.<\/span><\/p>\n<p class=\"MsoNormal\" style=\"text-align: justify;\"><span style=\"font-family: Arial;\">&nbsp;<\/span><\/p>\n<p class=\"MsoNormal\" style=\"text-align: justify;\"><em><span style=\"font-family: Arial;\">d<\/span><\/em><span style=\"font-family: Arial;\">) A realiza\u00e7\u00e3o de opera\u00e7\u00f5es de gest\u00e3o de res\u00edduos em <strong>incumprimento das obriga\u00e7\u00f5es do respons\u00e1vel t\u00e9cnico<\/strong> constantes da portaria prevista no n.\u00ba 5 do artigo 20.\u00ba;<\/span><\/p>\n<p class=\"MsoNormal\" style=\"margin: 0cm 49.95pt 0.0001pt 54pt; text-align: justify;\"><em><span style=\"font-size: 11pt; font-family: Arial;\">\u201c5 \u2014 As opera\u00e7\u00f5es de tratamento de res\u00edduos s\u00e3o realizadas sob a direc\u00e7\u00e3o de um respons\u00e1vel t\u00e9cnico, cujas obriga\u00e7\u00f5es e habilita\u00e7\u00f5es profissionais s\u00e3o definidas por portaria do membro do Governo respons\u00e1vel pela \u00e1rea do ambiente.\u201d<\/span><\/em><\/p>\n<p class=\"MsoNormal\" style=\"margin: 0cm 76.95pt 0.0001pt 27pt; text-align: justify;\"><em><span style=\"font-family: Arial;\">&nbsp;<\/span><\/em><\/p>\n<p class=\"MsoNormal\" style=\"text-align: justify;\"><em><span style=\"font-family: Arial;\">e<\/span><\/em><span style=\"font-family: Arial;\">) A realiza\u00e7\u00e3o de <strong>opera\u00e7\u00f5es de gest\u00e3o de res\u00edduos<\/strong> em incumprimento das normas relativas \u00e0s <strong>habilita\u00e7\u00f5es profissionais<\/strong> do respons\u00e1vel t\u00e9cnico constantes da portaria prevista no n.\u00ba 5 do artigo 20.\u00ba;<\/span><\/p>\n<p class=\"MsoNormal\" style=\"text-align: justify;\"><em><span style=\"font-family: Arial;\">f<\/span><\/em><span style=\"font-family: Arial;\">) O <strong>transporte de res\u00edduos<\/strong> em viola\u00e7\u00e3o das normas t\u00e9cnicas previstas no n.\u00ba 2 do artigo 21.\u00ba;<\/span><\/p>\n<p class=\"MsoNormal\" style=\"margin: 0cm 49.95pt 0.0001pt 54pt; text-align: justify;\"><em><span style=\"font-size: 11pt; font-family: Arial;\">\u201c2 \u2014 As normas t\u00e9cnicas sobre o transporte de res\u00edduos em territ\u00f3rio nacional s\u00e3o aprovadas por portaria conjunta dos membros do Governo respons\u00e1veis pelas \u00e1reas do ambiente e dos transportes.\u201d<\/span><\/em><\/p>\n<p class=\"MsoNormal\" style=\"text-align: justify;\"><span style=\"font-family: Arial;\">Nota: N\u00e3o existem normas t\u00e9cnicas aprovadas. Aplica-se o constante na <u>Portaria n.\u00ba 335\/97, de 16 de Maio<\/u>.<\/span><\/p>\n<p class=\"MsoNormal\" style=\"text-align: justify;\"><span style=\"font-family: Arial;\">&nbsp;<\/span><\/p>\n<p class=\"MsoNormal\" style=\"text-align: justify;\"><em><span style=\"font-family: Arial;\">g<\/span><\/em><span style=\"font-family: Arial;\">) A <strong>produ\u00e7\u00e3o, a recolha e o transporte de res\u00edduos perigosos<\/strong> realizados em viola\u00e7\u00e3o do disposto no n.\u00ba 1 do artigo 21.\u00ba -A;<\/span><\/p>\n<p class=\"MsoNormal\" style=\"margin: 0cm 49.95pt 0.0001pt 54pt; text-align: justify;\"><em><span style=\"font-size: 11pt; font-family: Arial;\">\u201c1 \u2014 A produ\u00e7\u00e3o, a recolha e o transporte de res\u00edduos perigosos, bem como o seu armazenamento e tratamento, s\u00e3o realizados em condi\u00e7\u00f5es que assegurem a protec\u00e7\u00e3o do ambiente e da sa\u00fade nos termos do artigo 6.\u00ba, observando medidas de garantia da rastreabilidade desde a produ\u00e7\u00e3o at\u00e9 ao destino final.\u201d<\/span><\/em><\/p>\n<p class=\"MsoNormal\" style=\"margin: 0cm 49.95pt 0.0001pt 54pt; text-align: justify;\"><span style=\"font-size: 11pt; font-family: Arial;\">&nbsp;<\/span><\/p>\n<p class=\"MsoNormal\" style=\"margin: 0cm 49.95pt 0.0001pt 54pt; text-align: center;\" align=\"center\"><em><span style=\"font-size: 11pt; font-family: Arial;\">\u201cArtigo 6.\u00ba<\/span><\/em><\/p>\n<p class=\"MsoNormal\" style=\"margin: 0cm 49.95pt 0.0001pt 54pt; text-align: center;\" align=\"center\"><em><span style=\"font-size: 11pt; font-family: Arial;\">&nbsp;<\/span><\/em><\/p>\n<p class=\"MsoNormal\" style=\"margin: 0cm 49.95pt 0.0001pt 54pt; text-align: center;\" align=\"center\"><strong><em><span style=\"font-size: 11pt; font-family: Arial;\">Princ\u00edpio da protec\u00e7\u00e3o da sa\u00fade humana e do ambiente<\/span><\/em><\/strong><\/p>\n<p class=\"MsoNormal\" style=\"margin: 0cm 49.95pt 0.0001pt 54pt; text-align: center;\" align=\"center\"><strong><em><span style=\"font-size: 11pt; font-family: Arial;\">&nbsp;<\/span><\/em><\/strong><\/p>\n<p class=\"MsoNormal\" style=\"margin: 0cm 49.95pt 0.0001pt 54pt; text-align: justify;\"><em><span style=\"font-size: 11pt; font-family: Arial;\">Constitui objectivo priorit\u00e1rio da pol\u00edtica de gest\u00e3o de res\u00edduos evitar e reduzir os riscos para a sa\u00fade humana e para o ambiente, garantindo que a produ\u00e7\u00e3o, a recolha e transporte, o armazenamento preliminar e o tratamento de res\u00edduos sejam realizados recorrendo a processos ou m\u00e9todos que n\u00e3o sejam suscept\u00edveis de gerar efeitos adversos sobre o ambiente, nomeadamente polui\u00e7\u00e3o da \u00e1gua, do ar, do solo, afecta\u00e7\u00e3o da fauna ou da flora, ru\u00eddo ou odores ou danos em quaisquer locais de interesse e na paisagem.\u201d<\/span><\/em><\/p>\n<p class=\"MsoNormal\" style=\"margin: 0cm 49.95pt 0.0001pt 54pt; text-align: justify;\"><span style=\"font-size: 11pt; font-family: Arial;\">&nbsp;<\/span><\/p>\n<p class=\"MsoNormal\" style=\"text-align: justify;\"><em><span style=\"font-family: Arial;\">h<\/span><\/em><span style=\"font-family: Arial;\">) O incumprimento do dever de proceder \u00e0 <strong>separa\u00e7\u00e3o dos res\u00edduos perigosos<\/strong> nos termos do n.\u00ba 3 do artigo 21.\u00ba -A;<\/span><\/p>\n<p class=\"MsoNormal\" style=\"margin: 0cm 49.95pt 0.0001pt 54pt; text-align: justify;\"><em><span style=\"font-family: Arial;\">\u201c3 \u2014 Sem preju\u00edzo do disposto no cap\u00edtulo I do t\u00edtulo V do presente decreto-lei, caso tenha ocorrido mistura de res\u00edduos perigosos em desrespeito pelo disposto no n\u00famero anterior, deve proceder-se \u00e0 sua separa\u00e7\u00e3o, se tal for poss\u00edvel necess\u00e1rio e vi\u00e1vel t\u00e9cnica e economicamente, a fim de dar cumprimento ao disposto no princ\u00edpio da protec\u00e7\u00e3o da sa\u00fade humana e do ambiente previsto no artigo 6.\u00ba\u201d<\/span><\/em><\/p>\n<p class=\"MsoNormal\" style=\"text-align: justify;\"><span style=\"font-family: Arial;\">&nbsp;<\/span><\/p>\n<p class=\"MsoNormal\" style=\"text-align: justify;\"><em><span style=\"font-family: Arial;\">i<\/span><\/em><span style=\"font-family: Arial;\">) A viola\u00e7\u00e3o da <strong>obriga\u00e7\u00e3o de tratamento<\/strong> nos termos do n.\u00ba 3 do artigo 22.\u00ba -A;<\/span><\/p>\n<p class=\"MsoNormal\" style=\"margin: 0cm 49.95pt 0.0001pt 54pt; text-align: justify;\"><em><span style=\"font-size: 11pt; font-family: Arial;\">\u201c3 \u2014 Os \u00f3leos usados s\u00e3o recolhidos selectivamente, sempre que tecnicamente exequ\u00edvel, e tratados em conformidade com os princ\u00edpios da hierarquia de gest\u00e3o de res\u00edduos e da protec\u00e7\u00e3o da sa\u00fade humana e do ambiente.\u201d<\/span><\/em><\/p>\n<p class=\"MsoNormal\" style=\"text-align: justify;\"><em><span style=\"font-family: Arial;\">j<\/span><\/em><span style=\"font-family: Arial;\">) A viola\u00e7\u00e3o da <strong>obriga\u00e7\u00e3o de recolha selectiva<\/strong> nos termos do n.\u00ba 3 do artigo 22.\u00ba -A;<\/span><\/p>\n<p class=\"MsoNormal\" style=\"margin: 0cm 49.95pt 0.0001pt 54pt; text-align: justify;\"><em><span style=\"font-size: 11pt; font-family: Arial;\">\u201c3 \u2014 Os \u00f3leos usados s\u00e3o recolhidos selectivamente, sempre que tecnicamente exequ\u00edvel, e tratados em conformidade com os princ\u00edpios da hierarquia de gest\u00e3o de res\u00edduos e da protec\u00e7\u00e3o da sa\u00fade humana e do ambiente.\u201d<\/span><\/em><\/p>\n<p class=\"MsoNormal\" style=\"text-align: justify;\"><em><span style=\"font-family: Arial;\">l<\/span><\/em><span style=\"font-family: Arial;\">) A <strong>coloca\u00e7\u00e3o no mercado de composto<\/strong> em viola\u00e7\u00e3o dos requisitos e deveres previstos respectivamente nos n.<sup>os<\/sup> 1 e 2 do artigo 22.\u00ba -B;<\/span><\/p>\n<p class=\"MsoNormal\" style=\"margin: 0cm 49.95pt 0.0001pt 54pt; text-align: justify;\"><em><span style=\"font-size: 11pt; font-family: Arial;\">\u201c1 \u2014 O composto pode ser colocado no mercado como correctivo org\u00e2nico desde que sejam observados os requisitos constantes de portaria a aprovar pelos membros do Governo respons\u00e1veis pelas \u00e1reas do ambiente, da agricultura e da economia.<\/span><\/em><\/p>\n<p class=\"MsoNormal\" style=\"margin: 0cm 49.95pt 0.0001pt 54pt; text-align: justify;\"><em><span style=\"font-size: 11pt; font-family: Arial;\">&nbsp;<\/span><\/em><\/p>\n<p class=\"MsoNormal\" style=\"margin: 0cm 49.95pt 0.0001pt 54pt; text-align: justify;\"><em><span style=\"font-size: 11pt; font-family: Arial;\">2 \u2014 Para efeitos de coloca\u00e7\u00e3o no mercado, podem ser utilizados para a produ\u00e7\u00e3o de composto os res\u00edduos indicados na lista de res\u00edduos a definir na portaria referida no n\u00famero anterior.\u201d<\/span><\/em><\/p>\n<p class=\"MsoNormal\" style=\"text-align: justify;\"><span style=\"font-family: Arial;\">&nbsp;<\/span><\/p>\n<p class=\"MsoNormal\" style=\"text-align: justify;\"><em><span style=\"font-family: Arial;\">m<\/span><\/em><span style=\"font-family: Arial;\">) A <strong>coloca\u00e7\u00e3o de composto no mercado<\/strong> em incumprimento do disposto nos n.os 3 e 4 do artigo 22.\u00ba -B;<\/span><\/p>\n<p class=\"MsoNormal\" style=\"margin: 0cm 49.95pt 0.0001pt 54pt; text-align: justify;\"><em><span style=\"font-size: 11pt; font-family: Arial;\">\u201c3 \u2014 Para efeitos do disposto no n\u00famero anterior, o operador respons\u00e1vel pela coloca\u00e7\u00e3o do composto no mercado, antes de proceder a essa coloca\u00e7\u00e3o, deve certificar-se de que o composto cumpre os requisitos de qualidade estabelecidos na portaria referida no n.\u00ba 1 e as obriga\u00e7\u00f5es em mat\u00e9ria de marca\u00e7\u00e3o, rotulagem, embalagem, registo e documenta\u00e7\u00e3o constantes do Decreto-Lei n.\u00ba 190\/2004, de 17 de Agosto.<\/span><\/em><\/p>\n<p class=\"MsoNormal\" style=\"margin: 0cm 49.95pt 0.0001pt 54pt; text-align: justify;\"><em><span style=\"font-size: 11pt; font-family: Arial;\">4 \u2014 O operador respons\u00e1vel pela coloca\u00e7\u00e3o do composto no mercado deve elaborar e executar um plano de controlo de qualidade que observe os requisitos previstos na portaria referida no n.\u00ba 1.\u201d<\/span><\/em><\/p>\n<p class=\"MsoNormal\" style=\"text-align: justify;\"><span style=\"font-family: Arial;\">&nbsp;<\/span><\/p>\n<p class=\"MsoNormal\" style=\"text-align: justify;\"><em><span style=\"font-family: Arial;\">n<\/span><\/em><span style=\"font-family: Arial;\">) O exerc\u00edcio das actividades de tratamento de res\u00edduos em <strong>viola\u00e7\u00e3o das condi\u00e7\u00f5es impostas no alvar\u00e1 de licen\u00e7a<\/strong> nos termos do artigo 33.\u00ba;<\/span><\/p>\n<p class=\"MsoNormal\" style=\"margin: 0cm 49.95pt 0.0001pt 54pt; text-align: justify;\"><em><span style=\"font-size: 11pt; font-family: Arial;\">1 \u2014 Com o proferimento da decis\u00e3o final \u00e9 emitido e enviado ao operador o respectivo alvar\u00e1 de licen\u00e7a, do qual constam, nomeadamente:<\/span><\/em><\/p>\n<p class=\"MsoNormal\" style=\"margin: 0cm 49.95pt 0.0001pt 54pt; text-align: justify;\"><em><span style=\"font-size: 11pt; font-family: Arial;\">a<\/span><\/em><em><span style=\"font-size: 11pt; font-family: Arial;\">) A identifica\u00e7\u00e3o do titular da licen\u00e7a, incluindo o endere\u00e7o completo da instala\u00e7\u00e3o licenciada e a sua georreferencia\u00e7\u00e3o;<\/span><\/em><\/p>\n<p class=\"MsoNormal\" style=\"margin: 0cm 49.95pt 0.0001pt 54pt; text-align: justify;\"><em><span style=\"font-size: 11pt; font-family: Arial;\">b<\/span><\/em><em><span style=\"font-size: 11pt; font-family: Arial;\">) O tipo de opera\u00e7\u00e3o de gest\u00e3o de res\u00edduos para o qual o operador est\u00e1 licenciado, nomeadamente as normas t\u00e9cnicas aplic\u00e1veis e o m\u00e9todo de tratamento utiliz\u00e1vel;<\/span><\/em><\/p>\n<p class=\"MsoNormal\" style=\"margin: 0cm 49.95pt 0.0001pt 54pt; text-align: justify;\"><em><span style=\"font-size: 11pt; font-family: Arial;\">c<\/span><\/em><em><span style=\"font-size: 11pt; font-family: Arial;\">) Indica\u00e7\u00e3o exacta dos c\u00f3digos dos res\u00edduos abrangidos, de acordo com a LER, e das quantidades m\u00e1ximas, total e instant\u00e2nea, de res\u00edduos objecto da opera\u00e7\u00e3o de valoriza\u00e7\u00e3o ou elimina\u00e7\u00e3o, classificada de acordo com os anexos I e II ao presente decreto-lei;<\/span><\/em><\/p>\n<p class=\"MsoNormal\" style=\"margin: 0cm 49.95pt 0.0001pt 54pt; text-align: justify;\"><em><span style=\"font-size: 11pt; font-family: Arial;\">d<\/span><\/em><em><span style=\"font-size: 11pt; font-family: Arial;\">) As condi\u00e7\u00f5es a que fica submetida a opera\u00e7\u00e3o de gest\u00e3o de res\u00edduos, incluindo as precau\u00e7\u00f5es a tomar em mat\u00e9ria de seguran\u00e7a;<\/span><\/em><\/p>\n<p class=\"MsoNormal\" style=\"margin: 0cm 49.95pt 0.0001pt 54pt; text-align: justify;\"><em><span style=\"font-size: 11pt; font-family: Arial;\">e<\/span><\/em><em><span style=\"font-size: 11pt; font-family: Arial;\">) A identifica\u00e7\u00e3o do(s) respons\u00e1vel(eis) t\u00e9cnico(s) pela opera\u00e7\u00e3o de gest\u00e3o de res\u00edduos;<\/span><\/em><\/p>\n<p class=\"MsoNormal\" style=\"margin: 0cm 49.95pt 0.0001pt 54pt; text-align: justify;\"><em><span style=\"font-size: 11pt; font-family: Arial;\">f<\/span><\/em><em><span style=\"font-size: 11pt; font-family: Arial;\">) A identifica\u00e7\u00e3o das instala\u00e7\u00f5es e ou equipamentos licenciados, incluindo a indica\u00e7\u00e3o dos mesmos em pe\u00e7a desenhada e os requisitos t\u00e9cnicos relevantes;<\/span><\/em><\/p>\n<p class=\"MsoNormal\" style=\"margin: 0cm 49.95pt 0.0001pt 54pt; text-align: justify;\"><em><span style=\"font-size: 11pt; font-family: Arial;\">g<\/span><\/em><em><span style=\"font-size: 11pt; font-family: Arial;\">) O prazo de validade da licen\u00e7a;<\/span><\/em><\/p>\n<p class=\"MsoNormal\" style=\"margin: 0cm 49.95pt 0.0001pt 54pt; text-align: justify;\"><em><span style=\"font-size: 11pt; font-family: Arial;\">h<\/span><\/em><em><span style=\"font-size: 11pt; font-family: Arial;\">) As opera\u00e7\u00f5es de acompanhamento e controlo que forem necess\u00e1rias;<\/span><\/em><\/p>\n<p class=\"MsoNormal\" style=\"margin: 0cm 49.95pt 0.0001pt 54pt; text-align: justify;\"><em><span style=\"font-size: 11pt; font-family: Arial;\">i<\/span><\/em><em><span style=\"font-size: 11pt; font-family: Arial;\">) As disposi\u00e7\u00f5es que forem necess\u00e1rias em mat\u00e9ria de encerramento e de manuten\u00e7\u00e3o ap\u00f3s o encerramento;<\/span><\/em><\/p>\n<p class=\"MsoNormal\" style=\"margin: 0cm 49.95pt 0.0001pt 54pt; text-align: justify;\"><em><span style=\"font-size: 11pt; font-family: Arial;\">j<\/span><\/em><em><span style=\"font-size: 11pt; font-family: Arial;\">) A indica\u00e7\u00e3o da efici\u00eancia energ\u00e9tica quando esteja em causa uma opera\u00e7\u00e3o de incinera\u00e7\u00e3o ou de co-incinera\u00e7\u00e3o, com valoriza\u00e7\u00e3o energ\u00e9tica;<\/span><\/em><\/p>\n<p class=\"MsoNormal\" style=\"margin: 0cm 49.95pt 0.0001pt 54pt; text-align: justify;\"><em><span style=\"font-size: 11pt; font-family: Arial;\">l<\/span><\/em><em><span style=\"font-size: 11pt; font-family: Arial;\">) Consequ\u00eancias do n\u00e3o cumprimento das condi\u00e7\u00f5es da licen\u00e7a.\u201d<\/span><\/em><\/p>\n<p class=\"MsoNormal\" style=\"text-align: justify;\"><span style=\"font-family: Arial;\">&nbsp;<\/span><\/p>\n<p class=\"MsoNormal\" style=\"text-align: justify;\"><em><span style=\"font-family: Arial;\">o<\/span><\/em><span style=\"font-family: Arial;\">) A realiza\u00e7\u00e3o de opera\u00e7\u00f5es de gest\u00e3o de res\u00edduos com base em licen\u00e7a transmitida sem observ\u00e2ncia do <strong>procedimento de transmiss\u00e3o de licen\u00e7as<\/strong> previsto no artigo 37.\u00ba;<\/span><\/p>\n<p class=\"MsoNormal\" style=\"text-align: justify;\"><span style=\"font-family: Arial;\">&nbsp;<\/span><\/p>\n<p class=\"MsoNormal\" style=\"margin: 0cm 49.95pt 0.0001pt 54pt; text-align: center;\" align=\"center\"><em><span style=\"font-size: 11pt; font-family: Arial;\">\u201cArtigo 37.\u00ba<\/span><\/em><\/p>\n<p class=\"MsoNormal\" style=\"margin: 0cm 49.95pt 0.0001pt 54pt; text-align: center;\" align=\"center\"><em><span style=\"font-size: 11pt; font-family: Arial;\">&nbsp;<\/span><\/em><\/p>\n<p class=\"MsoNormal\" style=\"margin: 0cm 49.95pt 0.0001pt 54pt; text-align: center;\" align=\"center\"><strong><em><span style=\"font-size: 11pt; font-family: Arial;\">Transmiss\u00e3o da licen\u00e7a<\/span><\/em><\/strong><\/p>\n<p class=\"MsoNormal\" style=\"margin: 0cm 49.95pt 0.0001pt 54pt; text-align: center;\" align=\"center\"><em><span style=\"font-size: 11pt; font-family: Arial;\">&nbsp;<\/span><\/em><\/p>\n<p class=\"MsoNormal\" style=\"margin: 0cm 49.95pt 0.0001pt 54pt; text-align: justify;\"><em><span style=\"font-size: 11pt; font-family: Arial;\">1 \u2014 A licen\u00e7a de opera\u00e7\u00e3o de gest\u00e3o de res\u00edduos pode ser transmitida desde que o transmiss\u00e1rio realize a opera\u00e7\u00e3o de gest\u00e3o de res\u00edduos nos termos definidos no procedimento<\/span><\/em><\/p>\n<p class=\"MsoNormal\" style=\"margin: 0cm 49.95pt 0.0001pt 54pt; text-align: justify;\"><em><span style=\"font-size: 11pt; font-family: Arial;\">de licenciamento.<\/span><\/em><\/p>\n<p class=\"MsoNormal\" style=\"margin: 0cm 49.95pt 0.0001pt 54pt; text-align: justify;\"><em><span style=\"font-size: 11pt; font-family: Arial;\">2 \u2014 A transmiss\u00e3o da licen\u00e7a \u00e9 solicitada mediante apresenta\u00e7\u00e3o \u00e0 entidade licenciadora de requerimento conjunto instru\u00eddo de documento elaborado pelo transmiss\u00e1rio do qual constem:<\/span><\/em><\/p>\n<p class=\"MsoNormal\" style=\"margin: 0cm 49.95pt 0.0001pt 54pt; text-align: justify;\"><em><span style=\"font-size: 11pt; font-family: Arial;\">a<\/span><\/em><em><span style=\"font-size: 11pt; font-family: Arial;\">) A declara\u00e7\u00e3o de que a opera\u00e7\u00e3o ser\u00e1 realizada nos termos licenciados e de acordo com a legisla\u00e7\u00e3o e regulamenta\u00e7\u00e3o aplic\u00e1veis;<\/span><\/em><\/p>\n<p class=\"MsoNormal\" style=\"margin: 0cm 49.95pt 0.0001pt 54pt; text-align: justify;\"><em><span style=\"font-size: 11pt; font-family: Arial;\">b<\/span><\/em><em><span style=\"font-size: 11pt; font-family: Arial;\">) A identifica\u00e7\u00e3o do respons\u00e1vel t\u00e9cnico da opera\u00e7\u00e3o licenciada e das respectivas habilita\u00e7\u00f5es profissionais.<\/span><\/em><\/p>\n<p class=\"MsoNormal\" style=\"margin: 0cm 49.95pt 0.0001pt 54pt; text-align: justify;\"><em><span style=\"font-size: 11pt; font-family: Arial;\">3 \u2014 A entidade licenciadora decide o pedido de transmiss\u00e3o no prazo de 15 dias, equivalendo a falta de decis\u00e3o a deferimento t\u00e1cito.<\/span><\/em><\/p>\n<p class=\"MsoNormal\" style=\"margin: 0cm 49.95pt 0.0001pt 54pt; text-align: justify;\"><em><span style=\"font-size: 11pt; font-family: Arial;\">4 \u2014 A transmiss\u00e3o da licen\u00e7a \u00e9 averbada no respectivo alvar\u00e1.\u201d<\/span><\/em><\/p>\n<p class=\"MsoNormal\" style=\"text-align: justify;\"><span style=\"font-family: Arial;\">&nbsp;<\/span><\/p>\n<p class=\"MsoNormal\" style=\"text-align: justify;\"><em><span style=\"font-family: Arial;\">p<\/span><\/em><span style=\"font-family: Arial;\">) A <strong>cessa\u00e7\u00e3o da actividade de opera\u00e7\u00e3o de gest\u00e3o de res\u00edduos licenciada<\/strong> sem a aceita\u00e7\u00e3o por parte da entidade licenciadora de um pedido de ren\u00fancia da respectiva licen\u00e7a, nos termos previstos no artigo 40.\u00ba;<\/span><\/p>\n<p class=\"MsoNormal\" style=\"margin: 0cm 49.95pt 0.0001pt 54pt; text-align: center;\" align=\"center\"><em><span style=\"font-size: 11pt; font-family: Arial;\">\u201cArtigo 40.\u00ba<\/span><\/em><\/p>\n<p class=\"MsoNormal\" style=\"margin: 0cm 49.95pt 0.0001pt 54pt; text-align: center;\" align=\"center\"><em><span style=\"font-size: 11pt; font-family: Arial;\">&nbsp;<\/span><\/em><\/p>\n<p class=\"MsoNormal\" style=\"margin: 0cm 49.95pt 0.0001pt 54pt; text-align: center;\" align=\"center\"><strong><em><span style=\"font-size: 11pt; font-family: Arial;\">Cessa\u00e7\u00e3o da actividade<\/span><\/em><\/strong><\/p>\n<p class=\"MsoNormal\" style=\"margin: 0cm 49.95pt 0.0001pt 54pt; text-align: center;\" align=\"center\"><strong><em><span style=\"font-size: 11pt; font-family: Arial;\">&nbsp;<\/span><\/em><\/strong><\/p>\n<p class=\"MsoNormal\" style=\"margin: 0cm 49.95pt 0.0001pt 54pt; text-align: justify;\"><em><span style=\"font-size: 11pt; font-family: Arial;\">1 \u2014 A cessa\u00e7\u00e3o de actividade da opera\u00e7\u00e3o de gest\u00e3o de res\u00edduos licenciada depende da aceita\u00e7\u00e3o por parte da entidade licenciadora de um pedido de ren\u00fancia da respectiva licen\u00e7a.<\/span><\/em><\/p>\n<p class=\"MsoNormal\" style=\"margin: 0cm 49.95pt 0.0001pt 54pt; text-align: justify;\"><em><span style=\"font-size: 11pt; font-family: Arial;\">2 \u2014 O pedido de ren\u00fancia \u00e9 apresentado junto da entidade licenciadora instru\u00eddo com a documenta\u00e7\u00e3o que o operador entenda relevante para evidenciar que a cessa\u00e7\u00e3o de actividade n\u00e3o produzir\u00e1 qualquer passivo ambiental, podendo a entidade licenciadora no prazo de 30 dias solicitar ao operador a informa\u00e7\u00e3o que entenda relevante para a decis\u00e3o a produzir. \u2026\u201d<\/span><\/em><\/p>\n<p class=\"MsoNormal\" style=\"text-align: justify;\"><em><span style=\"font-family: Arial;\">&nbsp;<\/span><\/em><\/p>\n<p class=\"MsoNormal\" style=\"text-align: justify;\"><em><span style=\"font-family: Arial;\">q<\/span><\/em><span style=\"font-family: Arial;\">) A <strong>gest\u00e3o de fluxos espec\u00edficos<\/strong> de res\u00edduos em viola\u00e7\u00e3o das condi\u00e7\u00f5es estabelecidas na licen\u00e7a ou autoriza\u00e7\u00e3o nos termos do n.\u00ba 2 do artigo 44.\u00ba;<\/span><\/p>\n<p class=\"MsoNormal\" style=\"margin: 0cm 49.95pt 0.0001pt 54pt; text-align: center;\" align=\"center\"><span style=\"font-size: 11pt; font-family: Arial;\">\u201cArtigo 44.\u00ba<\/span><\/p>\n<p class=\"MsoNormal\" style=\"margin: 0cm 49.95pt 0.0001pt 54pt; text-align: center;\" align=\"center\"><span style=\"font-size: 11pt; font-family: Arial;\">&nbsp;<\/span><\/p>\n<p class=\"MsoNormal\" style=\"margin: 0cm 49.95pt 0.0001pt 54pt; text-align: center;\" align=\"center\"><strong><span style=\"font-size: 11pt; font-family: Arial;\">Sistemas de gest\u00e3o de fluxos espec\u00edficos de res\u00edduos<\/span><\/strong><\/p>\n<p class=\"MsoNormal\" style=\"margin: 0cm 49.95pt 0.0001pt 54pt; text-align: center;\" align=\"center\"><strong><span style=\"font-size: 11pt; font-family: Arial;\">&nbsp;<\/span><\/strong><\/p>\n<p class=\"MsoNormal\" style=\"margin: 0cm 49.95pt 0.0001pt 54pt; text-align: justify;\"><span style=\"font-size: 11pt; font-family: Arial;\">1 \u2014 A gest\u00e3o de fluxos espec\u00edficos de res\u00edduos est\u00e1 sujeita a licen\u00e7a ou autoriza\u00e7\u00e3o nos termos da legisla\u00e7\u00e3o especial, aplicando-se as disposi\u00e7\u00f5es do presente decreto-lei a tudo o que n\u00e3o estiver nela previsto.<\/span><\/p>\n<p class=\"MsoNormal\" style=\"margin: 0cm 49.95pt 0.0001pt 54pt; text-align: justify;\"><span style=\"font-size: 11pt; font-family: Arial;\">2 \u2014 A licen\u00e7a ou autoriza\u00e7\u00e3o previstas no n\u00famero anterior estabelecem as condi\u00e7\u00f5es da gest\u00e3o de fluxos. \u2026\u201d<\/span><\/p>\n<p class=\"MsoNormal\" style=\"text-align: justify;\"><span style=\"font-family: Arial;\">&nbsp;<\/span><\/p>\n<p class=\"MsoNormal\" style=\"text-align: justify;\"><em><span style=\"font-family: Arial;\">r<\/span><\/em><span style=\"font-family: Arial;\">) O incumprimento da obriga\u00e7\u00e3o de <strong>inscri\u00e7\u00e3o e registo de dados no SIRER<\/strong>, em viola\u00e7\u00e3o do disposto no artigo 48.\u00ba;<\/span><\/p>\n<p class=\"MsoNormal\" style=\"margin: 0cm 49.95pt 0.0001pt 54pt; text-align: center;\" align=\"center\"><em><span style=\"font-size: 11pt; font-family: Arial;\">\u201cArtigo 48.\u00ba<\/span><\/em><\/p>\n<p class=\"MsoNormal\" style=\"margin: 0cm 49.95pt 0.0001pt 54pt; text-align: center;\" align=\"center\"><em><span style=\"font-size: 11pt; font-family: Arial;\">&nbsp;<\/span><\/em><\/p>\n<p class=\"MsoNormal\" style=\"margin: 0cm 49.95pt 0.0001pt 54pt; text-align: center;\" align=\"center\"><strong><em><span style=\"font-size: 11pt; font-family: Arial;\">Obrigatoriedade de inscri\u00e7\u00e3o e de registo<\/span><\/em><\/strong><\/p>\n<p class=\"MsoNormal\" style=\"margin: 0cm 49.95pt 0.0001pt 54pt; text-align: center;\" align=\"center\"><strong><em><span style=\"font-size: 11pt; font-family: Arial;\">&nbsp;<\/span><\/em><\/strong><\/p>\n<p class=\"MsoNormal\" style=\"margin: 0cm 49.95pt 0.0001pt 54pt; text-align: justify;\"><em><span style=\"font-size: 11pt; font-family: Arial;\">1 \u2014 Est\u00e3o sujeitos a inscri\u00e7\u00e3o e a registo de dados no SIRER:<\/span><\/em><\/p>\n<p class=\"MsoNormal\" style=\"margin: 0cm 49.95pt 0.0001pt 54pt; text-align: justify;\"><em><span style=\"font-size: 11pt; font-family: Arial;\">a<\/span><\/em><em><span style=\"font-size: 11pt; font-family: Arial;\">) As pessoas singulares ou colectivas respons\u00e1veis por estabelecimentos que empreguem mais de 10 trabalhadores e que produzam res\u00edduos n\u00e3o urbanos;<\/span><\/em><\/p>\n<p class=\"MsoNormal\" style=\"margin: 0cm 49.95pt 0.0001pt 54pt; text-align: justify;\"><em><span style=\"font-size: 11pt; font-family: Arial;\">b<\/span><\/em><em><span style=\"font-size: 11pt; font-family: Arial;\">) As pessoas singulares ou colectivas respons\u00e1veis por estabelecimentos que produzam res\u00edduos perigosos;<\/span><\/em><\/p>\n<p class=\"MsoNormal\" style=\"margin: 0cm 49.95pt 0.0001pt 54pt; text-align: justify;\"><em><span style=\"font-size: 11pt; font-family: Arial;\">c<\/span><\/em><em><span style=\"font-size: 11pt; font-family: Arial;\">) As pessoas singulares ou colectivas que procedam ao tratamento de res\u00edduos a t\u00edtulo profissional;<\/span><\/em><\/p>\n<p class=\"MsoNormal\" style=\"margin: 0cm 49.95pt 0.0001pt 54pt; text-align: justify;\"><em><span style=\"font-size: 11pt; font-family: Arial;\">d<\/span><\/em><em><span style=\"font-size: 11pt; font-family: Arial;\">) As pessoas singulares ou colectivas que procedam \u00e0 recolha ou ao transporte de res\u00edduos a t\u00edtulo profissional;<\/span><\/em><\/p>\n<p class=\"MsoNormal\" style=\"margin: 0cm 49.95pt 0.0001pt 54pt; text-align: justify;\"><em><span style=\"font-size: 11pt; font-family: Arial;\">e<\/span><\/em><em><span style=\"font-size: 11pt; font-family: Arial;\">) As entidades respons\u00e1veis pelos sistemas de gest\u00e3o de res\u00edduos urbanos;<\/span><\/em><\/p>\n<p class=\"MsoNormal\" style=\"margin: 0cm 49.95pt 0.0001pt 54pt; text-align: justify;\"><em><span style=\"font-size: 11pt; font-family: Arial;\">f<\/span><\/em><em><span style=\"font-size: 11pt; font-family: Arial;\">) As entidades respons\u00e1veis pela gest\u00e3o de sistemas individuais ou integrados de fluxos espec\u00edficos de res\u00edduos;<\/span><\/em><\/p>\n<p class=\"MsoNormal\" style=\"margin: 0cm 49.95pt 0.0001pt 54pt; text-align: justify;\"><em><span style=\"font-size: 11pt; font-family: Arial;\">g<\/span><\/em><em><span style=\"font-size: 11pt; font-family: Arial;\">) Os operadores que actuam no mercado de res\u00edduos, designadamente, como corretores ou comerciantes;<\/span><\/em><\/p>\n<p class=\"MsoNormal\" style=\"margin: 0cm 49.95pt 0.0001pt 54pt; text-align: justify;\"><em><span style=\"font-size: 11pt; font-family: Arial;\">h<\/span><\/em><em><span style=\"font-size: 11pt; font-family: Arial;\">) Os produtores de produtos sujeitos \u00e0 obriga\u00e7\u00e3o de registo nos termos da legisla\u00e7\u00e3o relativa a fluxos espec\u00edficos.<\/span><\/em><\/p>\n<p class=\"MsoNormal\" style=\"margin: 0cm 49.95pt 0.0001pt 54pt; text-align: justify;\"><em><span style=\"font-size: 11pt; font-family: Arial;\">2 \u2014 Est\u00e3o ainda sujeitos a inscri\u00e7\u00e3o produtores de res\u00edduos que n\u00e3o se enquadrem no n\u00famero anterior mas que se encontrem obrigados ao registo electr\u00f3nico das guias de acompanhamento do transporte rodovi\u00e1rio de res\u00edduos.\u201d<\/span><\/em><\/p>\n<p class=\"MsoNormal\" style=\"margin: 0cm 49.95pt 0.0001pt 54pt; text-align: justify;\"><em><span style=\"font-size: 11pt; font-family: Arial;\">&nbsp;<\/span><\/em><\/p>\n<p class=\"MsoNormal\" style=\"text-align: justify;\"><em><span style=\"font-family: Arial;\">s<\/span><\/em><span style=\"font-family: Arial;\">) A viola\u00e7\u00e3o da <strong>obriga\u00e7\u00e3o de facultar informa\u00e7\u00f5es<\/strong> nos termos do n.\u00ba 2 do artigo 49.\u00ba -A e do n.\u00ba 4 do artigo 51.\u00ba -A;<\/span><\/p>\n<p class=\"MsoNormal\" style=\"margin: 0cm 49.95pt 0.0001pt 54pt; text-align: center;\" align=\"center\"><em><span style=\"font-size: 11pt; font-family: Arial;\">Artigo 49.\u00ba -A<\/span><\/em><\/p>\n<p class=\"MsoNormal\" style=\"margin: 0cm 49.95pt 0.0001pt 54pt; text-align: center;\" align=\"center\"><em><span style=\"font-size: 11pt; font-family: Arial;\">&nbsp;<\/span><\/em><\/p>\n<p class=\"MsoNormal\" style=\"margin: 0cm 49.95pt 0.0001pt 54pt; text-align: center;\" align=\"center\"><strong><em><span style=\"font-size: 11pt; font-family: Arial;\">Manuten\u00e7\u00e3o de registos<\/span><\/em><\/strong><\/p>\n<p class=\"MsoNormal\" style=\"margin: 0cm 49.95pt 0.0001pt 54pt; text-align: center;\" align=\"center\"><strong><em><span style=\"font-size: 11pt; font-family: Arial;\">&nbsp;<\/span><\/em><\/strong><\/p>\n<p class=\"MsoNormal\" style=\"margin: 0cm 49.95pt 0.0001pt 54pt; text-align: justify;\"><em><span style=\"font-size: 11pt; font-family: Arial;\">1 \u2014 As entidades sujeitas a registo nos termos do artigo 48.\u00ba devem manter um registo cronol\u00f3gico dos dados registados nos termos do artigo anterior por um per\u00edodo m\u00ednimo de tr\u00eas anos.<\/span><\/em><\/p>\n<p class=\"MsoNormal\" style=\"margin: 0cm 49.95pt 0.0001pt 54pt; text-align: justify;\"><em><span style=\"font-size: 11pt; font-family: Arial;\">2 \u2014 As informa\u00e7\u00f5es referidas no n\u00famero anterior devem ser facultadas \u00e0s autoridades competentes, sempre que solicitado.<\/span><\/em><\/p>\n<p class=\"MsoNormal\" style=\"margin: 0cm 49.95pt 0.0001pt 54pt; text-align: justify;\"><em><span style=\"font-size: 11pt; font-family: Arial;\">3 \u2014 Os documentos comprovativos da execu\u00e7\u00e3o das opera\u00e7\u00f5es de gest\u00e3o de res\u00edduos devem, quando solicitados, ser facultados \u00e0s autoridades competentes, bem como ao detentor anterior dos res\u00edduos.<\/span><\/em><\/p>\n<p class=\"MsoNormal\" style=\"text-align: justify;\"><span style=\"font-family: Arial;\">&nbsp;<\/span><\/p>\n<p class=\"MsoNormal\" style=\"text-align: justify;\"><em><span style=\"font-family: Arial;\">t<\/span><\/em><span style=\"font-family: Arial;\">) O n\u00e3o cumprimento da determina\u00e7\u00e3o de <strong>realiza\u00e7\u00e3o de auditorias<\/strong> nos termos do n.\u00ba 5 do artigo 51.\u00ba -A;<\/span><\/p>\n<p class=\"MsoNormal\" style=\"margin: 0cm 49.95pt 0.0001pt 54pt; text-align: justify;\"><em><span style=\"font-size: 11pt; font-family: Arial;\">\u201c5 \u2014 Em casos devidamente fundamentados, a ANR pode exigir, aos titulares de licen\u00e7a ou autoriza\u00e7\u00e3o para gest\u00e3o de fluxo espec\u00edfico, a realiza\u00e7\u00e3o de auditorias anuais efectuadas por entidades independentes.\u201d<\/span><\/em><\/p>\n<p class=\"MsoNormal\" style=\"text-align: justify;\"><em><span style=\"font-family: Arial;\">u<\/span><\/em><span style=\"font-family: Arial;\">) O incumprimento do dever de <strong>manuten\u00e7\u00e3o e de monitoriza\u00e7\u00e3o ambiental das lixeiras<\/strong> nos termos do n.\u00ba 1 do artigo 75.\u00ba -A;<\/span><\/p>\n<p class=\"MsoNormal\" style=\"margin: 0cm 49.95pt 0.0001pt 54pt; text-align: justify;\"><span style=\"font-size: 11pt; font-family: Arial;\">1 \u2014 A responsabilidade pela manuten\u00e7\u00e3o e pela monitoriza\u00e7\u00e3o ambiental das antigas lixeiras municipais encerradas cabe \u00e0s entidades gestoras respons\u00e1veis pelo tratamento de res\u00edduos urbanos da \u00e1rea onde essas antigas lixeiras se localizam.<\/span><\/p>\n<p class=\"MsoNormal\" style=\"margin: 0cm 49.95pt 0.0001pt 54pt; text-align: justify;\"><span style=\"font-size: 11pt; font-family: Arial;\">&nbsp;<\/span><\/p>\n<p class=\"MsoNormal\" style=\"text-align: justify;\"><em><span style=\"font-family: Arial;\">v<\/span><\/em><span style=\"font-family: Arial;\">) A <strong>manuten\u00e7\u00e3o e a monitoriza\u00e7\u00e3o ambiental das lixeiras<\/strong> em inobserv\u00e2ncia das normas t\u00e9cnicas nos termos no n.\u00ba 2 do artigo 75.\u00ba -A.<\/span><\/p>\n<p class=\"MsoNormal\" style=\"margin: 0cm 49.95pt 0.0001pt 54pt; text-align: justify;\"><em><span style=\"font-size: 11pt; font-family: Arial;\">\u201c2 \u2014 A manuten\u00e7\u00e3o e a monitoriza\u00e7\u00e3o ambiental referidas no n\u00famero anterior s\u00e3o efectuadas de acordo com um plano de manuten\u00e7\u00e3o e monitoriza\u00e7\u00e3o ambiental a estabelecer pela ANR em articula\u00e7\u00e3o com as ARR, as administra\u00e7\u00f5es das regi\u00f5es hidrogr\u00e1ficas e a IGAOT, o qual integra, designadamente, a identifica\u00e7\u00e3o das antigas lixeiras que seja necess\u00e1rio manter e monitorizar, os par\u00e2metros a controlar, a periodicidade do controlo e os requisitos de manuten\u00e7\u00e3o.\u201d<\/span><\/em><\/p>\n<p class=\"MsoNormal\" style=\"text-align: justify;\"><span style=\"font-family: Arial;\">&nbsp;<\/span><\/p>\n<p class=\"MsoNormal\" style=\"text-align: justify;\"><strong><span style=\"font-family: Arial;\">Contra-ordena\u00e7\u00e3o ambiental leve<\/span><\/strong><\/p>\n<p class=\"MsoNormal\" style=\"text-align: justify;\"><span style=\"font-family: Arial;\">3 \u2014 Constitui <strong>contra-ordena\u00e7\u00e3o ambiental leve<\/strong>, pun\u00edvel nos termos da Lei n.\u00ba 50\/2006, de 29 de Agosto, alterada pela Lei n.\u00ba 89\/2009, de 31 de Agosto, e rectificada pela Declara\u00e7\u00e3o de Rectifica\u00e7\u00e3o n.\u00ba 70\/2009, de 1 de Outubro, a pr\u00e1tica dos seguintes actos:<\/span><\/p>\n<p class=\"MsoNormal\" style=\"text-align: justify;\"><em><span style=\"font-family: Arial;\">a<\/span><\/em><span style=\"font-family: Arial;\">) A n\u00e3o <strong>separa\u00e7\u00e3o, na origem, dos res\u00edduos produzidos<\/strong>, de forma a promover preferencialmente a sua valoriza\u00e7\u00e3o, em viola\u00e7\u00e3o do disposto no n.\u00ba 4 do artigo 7.\u00ba;<\/span><\/p>\n<p class=\"MsoNormal\" style=\"margin: 0cm 49.95pt 0.0001pt 54pt; text-align: justify;\"><em><span style=\"font-size: 11pt; font-family: Arial;\">\u201c4 \u2014 Os produtores de res\u00edduos devem proceder \u00e0 separa\u00e7\u00e3o dos res\u00edduos na origem de forma a promover a sua valoriza\u00e7\u00e3o por fluxos e fileiras.\u201d<\/span><\/em><\/p>\n<p class=\"MsoNormal\" style=\"text-align: justify;\"><span style=\"font-family: Arial;\">&nbsp;<\/span><\/p>\n<p class=\"MsoNormal\" style=\"text-align: justify;\"><em><span style=\"font-family: Arial;\">b<\/span><\/em><span style=\"font-family: Arial;\">) O incumprimento do disposto no n.\u00ba 8 do artigo 7.\u00ba;<\/span><\/p>\n<p class=\"MsoNormal\" style=\"margin: 0cm 49.95pt 0.0001pt 54pt; text-align: justify;\"><em><span style=\"font-size: 11pt; font-family: Arial;\">\u201c8 \u2014 Com vista \u00e0 concretiza\u00e7\u00e3o das metas previstas no n.\u00ba 6, sempre que tecnicamente exequ\u00edvel, \u00e9 obrigat\u00f3ria a utiliza\u00e7\u00e3o de pelo menos 5 % de materiais reciclados ou que incorporem materiais reciclados relativamente \u00e0 quantidade total de mat\u00e9rias-primas usadas em obra, no \u00e2mbito da contrata\u00e7\u00e3o de empreitadas de constru\u00e7\u00e3o e de manuten\u00e7\u00e3o de infra-estruturas ao abrigo do C\u00f3digos dos Contratos P\u00fablicos, aprovado pelo Decreto\u2013Lei n.\u00ba 18\/2008, de 29 de Janeiro.\u201d<\/span><\/em><\/p>\n<p class=\"MsoNormal\" style=\"text-align: justify;\"><span style=\"font-family: Arial;\">&nbsp;<\/span><\/p>\n<p class=\"MsoNormal\" style=\"text-align: justify;\"><em><span style=\"font-family: Arial;\">c<\/span><\/em><span style=\"font-family: Arial;\">) O <strong>transporte de res\u00edduos<\/strong> em incumprimento da obriga\u00e7\u00e3o de registo na e-GAR prevista no n.\u00ba 1 do artigo 21.\u00ba;<\/span><\/p>\n<p class=\"MsoNormal\" style=\"margin: 0cm 49.95pt 0.0001pt 54pt; text-align: justify;\"><em><span style=\"font-size: 11pt; font-family: Arial;\">\u201c1 \u2014 O transporte de res\u00edduos est\u00e1 sujeito a registo electr\u00f3nico a efectuar pelos produtores, detentores, transportadores e destinat\u00e1rios dos res\u00edduos, atrav\u00e9s de uma guia de acompanhamento de res\u00edduos electr\u00f3nica (e-GAR) dispon\u00edvel no s\u00edtio da ANR na Internet.\u201d<\/span><\/em><\/p>\n<p class=\"MsoNormal\" style=\"text-align: justify;\"><span style=\"font-family: Arial;\">&nbsp;<\/span><\/p>\n<p class=\"MsoNormal\" style=\"text-align: justify;\"><em><span style=\"font-family: Arial;\">d<\/span><\/em><span style=\"font-family: Arial;\">) O <strong>transporte de res\u00edduos<\/strong> sem se fazer acompanhar da guia de acompanhamento de res\u00edduos prevista na Portaria n.\u00ba 335\/97, de 16 de Maio;<\/span><\/p>\n<p class=\"MsoNormal\" style=\"text-align: justify;\"><span style=\"font-family: Arial;\">&nbsp;<\/span><\/p>\n<p class=\"MsoNormal\" style=\"text-align: justify;\"><em><span style=\"font-family: Arial;\">e<\/span><\/em><span style=\"font-family: Arial;\">) O incumprimento da obriga\u00e7\u00e3o de <strong>registo de dados<\/strong> ou o registo de dados incorrecto ou insuficiente nos termos do artigo 49.\u00ba;<\/span><\/p>\n<p class=\"MsoNormal\" style=\"margin: 0cm 49.95pt 0.0001pt 54pt; text-align: center;\" align=\"center\"><em><span style=\"font-size: 11pt; font-family: Arial;\">\u201cArtigo 49.\u00ba<\/span><\/em><\/p>\n<p class=\"MsoNormal\" style=\"margin: 0cm 49.95pt 0.0001pt 54pt; text-align: center;\" align=\"center\"><em><span style=\"font-size: 11pt; font-family: Arial;\">&nbsp;<\/span><\/em><\/p>\n<p class=\"MsoNormal\" style=\"margin: 0cm 49.95pt 0.0001pt 54pt; text-align: center;\" align=\"center\"><strong><em><span style=\"font-size: 11pt; font-family: Arial;\">Informa\u00e7\u00e3o objecto de registo<\/span><\/em><\/strong><\/p>\n<p class=\"MsoNormal\" style=\"margin: 0cm 49.95pt 0.0001pt 54pt; text-align: center;\" align=\"center\"><strong><em><span style=\"font-size: 11pt; font-family: Arial;\">&nbsp;<\/span><\/em><\/strong><\/p>\n<p class=\"MsoNormal\" style=\"margin: 0cm 49.95pt 0.0001pt 54pt; text-align: justify;\"><em><span style=\"font-size: 11pt; font-family: Arial;\">1 \u2014 O SIRER agrega, nomeadamente, a seguinte informa\u00e7\u00e3o prestada pelas entidades sujeitas a registo:<\/span><\/em><\/p>\n<p class=\"MsoNormal\" style=\"margin: 0cm 49.95pt 0.0001pt 54pt; text-align: justify;\"><em><span style=\"font-size: 11pt; font-family: Arial;\">a<\/span><\/em><em><span style=\"font-size: 11pt; font-family: Arial;\">) Origens discriminadas dos res\u00edduos;<\/span><\/em><\/p>\n<p class=\"MsoNormal\" style=\"margin: 0cm 49.95pt 0.0001pt 54pt; text-align: justify;\"><em><span style=\"font-size: 11pt; font-family: Arial;\">b<\/span><\/em><em><span style=\"font-size: 11pt; font-family: Arial;\">) Quantidade, classifica\u00e7\u00e3o e destino discriminados dos res\u00edduos;<\/span><\/em><\/p>\n<p class=\"MsoNormal\" style=\"margin: 0cm 49.95pt 0.0001pt 54pt; text-align: justify;\"><em><span style=\"font-size: 11pt; font-family: Arial;\">c<\/span><\/em><em><span style=\"font-size: 11pt; font-family: Arial;\">) Identifica\u00e7\u00e3o das opera\u00e7\u00f5es efectuadas;<\/span><\/em><\/p>\n<p class=\"MsoNormal\" style=\"margin: 0cm 49.95pt 0.0001pt 54pt; text-align: justify;\"><em><span style=\"font-size: 11pt; font-family: Arial;\">d<\/span><\/em><em><span style=\"font-size: 11pt; font-family: Arial;\">) Identifica\u00e7\u00e3o dos transportadores.<\/span><\/em><\/p>\n<p class=\"MsoNormal\" style=\"margin: 0cm 49.95pt 0.0001pt 54pt; text-align: justify;\"><em><span style=\"font-size: 11pt; font-family: Arial;\">2 \u2014 Para efeitos de registo na plataforma, os produtores de produtos devem prestar, pelo menos, a seguinte informa\u00e7\u00e3o:<\/span><\/em><\/p>\n<p class=\"MsoNormal\" style=\"margin: 0cm 49.95pt 0.0001pt 54pt; text-align: justify;\"><em><span style=\"font-size: 11pt; font-family: Arial;\">a<\/span><\/em><em><span style=\"font-size: 11pt; font-family: Arial;\">) Identifica\u00e7\u00e3o do produtor e marcas comercializadas, se aplic\u00e1vel;<\/span><\/em><\/p>\n<p class=\"MsoNormal\" style=\"margin: 0cm 49.95pt 0.0001pt 54pt; text-align: justify;\"><em><span style=\"font-size: 11pt; font-family: Arial;\">b<\/span><\/em><em><span style=\"font-size: 11pt; font-family: Arial;\">) Identifica\u00e7\u00e3o do tipo de produto e quantidades colocadas no mercado anualmente;<\/span><\/em><\/p>\n<p class=\"MsoNormal\" style=\"margin: 0cm 49.95pt 0.0001pt 54pt; text-align: justify;\"><em><span style=\"font-size: 11pt; font-family: Arial;\">c<\/span><\/em><em><span style=\"font-size: 11pt; font-family: Arial;\">) Indica\u00e7\u00e3o do sistema de gest\u00e3o de res\u00edduos adoptado.\u201d<\/span><\/em><\/p>\n<p class=\"MsoNormal\" style=\"margin: 0cm 76.95pt 0.0001pt 27pt; text-align: justify;\"><span style=\"font-family: Arial;\">&nbsp;<\/span><\/p>\n<p class=\"MsoNormal\" style=\"text-align: justify;\"><em><span style=\"font-family: Arial;\">f<\/span><\/em><span style=\"font-family: Arial;\">) O incumprimento da <strong>obriga\u00e7\u00e3o de manuten\u00e7\u00e3o de registo de dados<\/strong> nos termos do n.\u00ba 1 do artigo 49.\u00ba -A;<\/span><\/p>\n<p class=\"MsoNormal\" style=\"margin: 0cm 49.95pt 0.0001pt 54pt; text-align: justify;\"><em><span style=\"font-size: 11pt; font-family: Arial;\">\u201c1 \u2014 As entidades sujeitas a registo nos termos do artigo 48.\u00ba devem manter um registo cronol\u00f3gico dos dados registados nos termos do artigo anterior por um per\u00edodo m\u00ednimo de tr\u00eas anos.\u201d<\/span><\/em><\/p>\n<p class=\"MsoNormal\" style=\"text-align: justify;\"><span style=\"font-family: Arial;\">&nbsp;<\/span><\/p>\n<p class=\"MsoNormal\" style=\"text-align: justify;\"><em><span style=\"font-family: Arial;\">g<\/span><\/em><span style=\"font-family: Arial;\">) O incumprimento dos <strong>prazos de inscri\u00e7\u00e3o e de registo<\/strong> nos termos do artigo 49.\u00ba -B.<\/span><\/p>\n<p class=\"MsoNormal\" style=\"margin: 0cm 49.95pt 0.0001pt 54pt; text-align: center;\" align=\"center\"><em><span style=\"font-size: 11pt; font-family: Arial;\">\u201cArtigo 49.\u00ba -B<\/span><\/em><\/p>\n<p class=\"MsoNormal\" style=\"margin: 0cm 49.95pt 0.0001pt 54pt; text-align: center;\" align=\"center\"><em><span style=\"font-size: 11pt; font-family: Arial;\">&nbsp;<\/span><\/em><\/p>\n<p class=\"MsoNormal\" style=\"margin: 0cm 49.95pt 0.0001pt 54pt; text-align: center;\" align=\"center\"><strong><em><span style=\"font-size: 11pt; font-family: Arial;\">Prazo de inscri\u00e7\u00e3o e de registo<\/span><\/em><\/strong><\/p>\n<p class=\"MsoNormal\" style=\"margin: 0cm 49.95pt 0.0001pt 54pt; text-align: center;\" align=\"center\"><strong><em><span style=\"font-size: 11pt; font-family: Arial;\">&nbsp;<\/span><\/em><\/strong><\/p>\n<p class=\"MsoNormal\" style=\"margin: 0cm 49.95pt 0.0001pt 54pt; text-align: justify;\"><em><span style=\"font-size: 11pt; font-family: Arial;\">1 \u2014 A inscri\u00e7\u00e3o no SIRER deve ser efectuada no prazo de um m\u00eas ap\u00f3s o in\u00edcio da actividade ou do funcionamento da instala\u00e7\u00e3o ou do estabelecimento.<\/span><\/em><\/p>\n<p class=\"MsoNormal\" style=\"margin: 0cm 49.95pt 0.0001pt 54pt; text-align: justify;\"><em><span style=\"font-size: 11pt; font-family: Arial;\">2 \u2014 O prazo para registo anual da informa\u00e7\u00e3o relativa aos res\u00edduos e aos produtos colocados no mercado termina no dia 31 de Mar\u00e7o do ano seguinte ao do ano a reportar.<\/span><\/em><\/p>\n<p class=\"MsoNormal\" style=\"margin: 0cm 49.95pt 0.0001pt 54pt; text-align: justify;\"><em><span style=\"font-size: 11pt; font-family: Arial;\">3 \u2014 Sem preju\u00edzo do disposto no n\u00famero anterior, as entidades respons\u00e1veis pelos CIRVER, pelas instala\u00e7\u00f5es de incinera\u00e7\u00e3o e co -incinera\u00e7\u00e3o de res\u00edduos ou pela deposi\u00e7\u00e3o de res\u00edduos em aterro, submetem, at\u00e9 ao termo do 1.\u00ba semestre do ano a reportar, a informa\u00e7\u00e3o necess\u00e1ria para efeitos de liquida\u00e7\u00e3o da taxa de gest\u00e3o de res\u00edduos.<\/span><\/em><\/p>\n<p class=\"MsoNormal\" style=\"margin: 0cm 49.95pt 0.0001pt 54pt; text-align: justify;\"><em><span style=\"font-size: 11pt; font-family: Arial;\">4 \u2014 O prazo para registo referido no n.\u00ba 2 n\u00e3o se aplica aos sistemas de gest\u00e3o de res\u00edduos urbanos, cuja informa\u00e7\u00e3o \u00e9 submetida mensalmente, at\u00e9 ao termo do m\u00eas seguinte a que respeitam os dados.\u201d<\/span><\/em><\/p>\n<p class=\"MsoNormal\" style=\"margin: 0cm 49.95pt 0.0001pt 54pt; text-align: justify;\"><em><span style=\"font-size: 11pt; font-family: Arial;\">&nbsp;<\/span><\/em><\/p>\n<p class=\"MsoNormal\" style=\"margin: 0cm 49.95pt 0.0001pt 54pt; text-align: justify;\"><em><span style=\"font-size: 11pt; font-family: Arial;\">&nbsp;<br \/>\n<\/span><\/em><\/p>\n<p><!--nextpage--><\/p>\n<p class=\"MsoNormal\" style=\"margin-right: 4.95pt;\"><strong><span style=\"font-family: Arial;\">San\u00e7\u00f5es acess\u00f3rias e apreens\u00e3o cautelar<\/span><\/strong><\/p>\n<p class=\"MsoNormal\" style=\"text-align: justify;\"><span style=\"font-family: Arial;\">Sempre que a gravidade da infrac\u00e7\u00e3o o justifique, pode a autoridade competente, simultaneamente com a coima, determinar a aplica\u00e7\u00e3o das san\u00e7\u00f5es acess\u00f3rias que se mostrem adequadas, nos termos previstos na Lei n.\u00ba 50\/2006, de 29 de Agosto, alterada pela Lei n.\u00ba 89\/2009, de 31 de Agosto, e rectificada pela Declara\u00e7\u00e3o de Rectifica\u00e7\u00e3o n.\u00ba 70\/2009, de 1 de Outubro, consoante o tipo de contra -ordena\u00e7\u00e3o aplic\u00e1vel.<\/span><\/p>\n<p><!--nextpage--><\/p>\n<p class=\"MsoNormal\" style=\"text-align: justify;\"><strong><span style=\"font-family: Arial;\">San\u00e7\u00f5es acess\u00f3rias<\/span><\/strong><\/p>\n<p class=\"MsoNormal\" style=\"text-align: justify;\"><span style=\"font-family: Arial;\">1 \u2014 Pela pr\u00e1tica de contra-ordena\u00e7\u00f5es ambientais graves e muito graves podem ser aplicadas ao infractor as seguintes san\u00e7\u00f5es acess\u00f3rias:<\/span><\/p>\n<p class=\"MsoNormal\" style=\"margin-left: 36pt; text-align: justify; text-indent: -18pt;\"><em><span style=\"font-family: Arial;\">a)<span style=\"font: 7pt 'Times New Roman';\">&nbsp;&nbsp;&nbsp;&nbsp; <\/span><\/span><\/em><span style=\"font-family: Arial;\">Apreens\u00e3o e perda a favor do Estado dos objectos pertencentes ao arguido, utilizados ou produzidos aquando da infrac\u00e7\u00e3o;<\/span><\/p>\n<p class=\"MsoNormal\" style=\"margin-left: 36pt; text-align: justify; text-indent: -18pt;\"><em><span style=\"font-family: Arial;\">b)<span style=\"font: 7pt 'Times New Roman';\">&nbsp;&nbsp;&nbsp;&nbsp; <\/span><\/span><\/em><span style=\"font-family: Arial;\">Interdi\u00e7\u00e3o do exerc\u00edcio de profiss\u00f5es ou actividades cujo exerc\u00edcio dependa de t\u00edtulo p\u00fablico ou de autoriza\u00e7\u00e3o ou homologa\u00e7\u00e3o de autoridade p\u00fablica;<\/span><\/p>\n<p class=\"MsoNormal\" style=\"margin-left: 36pt; text-align: justify; text-indent: -18pt;\"><em><span style=\"font-family: Arial;\">c)<span style=\"font: 7pt 'Times New Roman';\">&nbsp;&nbsp;&nbsp;&nbsp;&nbsp; <\/span><\/span><\/em><span style=\"font-family: Arial;\">Priva\u00e7\u00e3o do direito a benef\u00edcios ou subs\u00eddios outorgados por entidades ou servi\u00e7os p\u00fablicos nacionais ou comunit\u00e1rios;<\/span><\/p>\n<p class=\"MsoNormal\" style=\"margin-left: 36pt; text-align: justify; text-indent: -18pt;\"><em><span style=\"font-family: Arial;\">d)<span style=\"font: 7pt 'Times New Roman';\">&nbsp;&nbsp;&nbsp;&nbsp; <\/span><\/span><\/em><span style=\"font-family: Arial;\">Priva\u00e7\u00e3o do direito de participar em confer\u00eancias, feiras ou mercados nacionais ou internacionais com intuito de transaccionar ou dar publicidade aos seus produtos ou \u00e0s suas actividades;<\/span><\/p>\n<p class=\"MsoNormal\" style=\"margin-left: 36pt; text-align: justify; text-indent: -18pt;\"><em><span style=\"font-family: Arial;\">e)<span style=\"font: 7pt 'Times New Roman';\">&nbsp;&nbsp;&nbsp;&nbsp; <\/span><\/span><\/em><span style=\"font-family: Arial;\">Priva\u00e7\u00e3o do direito de participar em arremata\u00e7\u00f5es ou concursos p\u00fablicos que tenham por objecto a empreitada ou concess\u00e3o de obras p\u00fablicas, a aquisi\u00e7\u00e3o de bens e servi\u00e7os, a concess\u00e3o de servi\u00e7os p\u00fablicos e a atribui\u00e7\u00e3o de licen\u00e7as ou alvar\u00e1s;<\/span><\/p>\n<p class=\"MsoNormal\" style=\"margin-left: 36pt; text-align: justify; text-indent: -18pt;\"><em><span style=\"font-family: Arial;\">f)<span style=\"font: 7pt 'Times New Roman';\">&nbsp;&nbsp;&nbsp;&nbsp;&nbsp;&nbsp;&nbsp; <\/span><\/span><\/em><span style=\"font-family: Arial;\">Encerramento de estabelecimento cujo funcionamento esteja sujeito a autoriza\u00e7\u00e3o ou licen\u00e7a de autoridade administrativa;<\/span><\/p>\n<p class=\"MsoNormal\" style=\"margin-left: 36pt; text-align: justify; text-indent: -18pt;\"><em><span style=\"font-family: Arial;\">g)<span style=\"font: 7pt 'Times New Roman';\">&nbsp;&nbsp;&nbsp;&nbsp; <\/span><\/span><\/em><span style=\"font-family: Arial;\">Cessa\u00e7\u00e3o ou suspens\u00e3o de licen\u00e7as, alvar\u00e1s ou autoriza\u00e7\u00f5es relacionados com o exerc\u00edcio da respectiva actividade;<\/span><\/p>\n<p class=\"MsoNormal\" style=\"margin-left: 36pt; text-align: justify; text-indent: -18pt;\"><em><span style=\"font-family: Arial;\">h)<span style=\"font: 7pt 'Times New Roman';\">&nbsp;&nbsp;&nbsp;&nbsp; <\/span><\/span><\/em><span style=\"font-family: Arial;\">Perda de benef\u00edcios fiscais, de benef\u00edcios de cr\u00e9dito e de linhas de financiamento de cr\u00e9dito de que haja usufru\u00eddo;<\/span><\/p>\n<p class=\"MsoNormal\" style=\"margin-left: 36pt; text-align: justify; text-indent: -18pt;\"><em><span style=\"font-family: Arial;\">i)<span style=\"font: 7pt 'Times New Roman';\">&nbsp;&nbsp;&nbsp;&nbsp;&nbsp;&nbsp;&nbsp; <\/span><\/span><\/em><span style=\"font-family: Arial;\">Selagem de equipamentos destinados \u00e0 labora\u00e7\u00e3o;<\/span><\/p>\n<p class=\"MsoNormal\" style=\"margin-left: 36pt; text-align: justify; text-indent: -18pt;\"><em><span style=\"font-family: Arial;\">j)<span style=\"font: 7pt 'Times New Roman';\">&nbsp;&nbsp;&nbsp;&nbsp;&nbsp;&nbsp;&nbsp; <\/span><\/span><\/em><span style=\"font-family: Arial;\">Imposi\u00e7\u00e3o das medidas que se mostrem adequadas \u00e0 preven\u00e7\u00e3o de danos ambientais, \u00e0 reposi\u00e7\u00e3o da situa\u00e7\u00e3o anterior \u00e0 infrac\u00e7\u00e3o e \u00e0 minimiza\u00e7\u00e3o dos efeitos decorrentes da mesma;<\/span><\/p>\n<p class=\"MsoNormal\" style=\"margin-left: 36pt; text-align: justify; text-indent: -18pt;\"><em><span style=\"font-family: Arial;\">k)<span style=\"font: 7pt 'Times New Roman';\">&nbsp;&nbsp;&nbsp;&nbsp;&nbsp; <\/span><\/span><\/em><span style=\"font-family: Arial;\">Publicidade da condena\u00e7\u00e3o;<\/span><\/p>\n<p class=\"MsoNormal\" style=\"margin-left: 36pt; text-align: justify; text-indent: -18pt;\"><em><span style=\"font-family: Arial;\">l)<span style=\"font: 7pt 'Times New Roman';\">&nbsp;&nbsp;&nbsp;&nbsp;&nbsp;&nbsp;&nbsp; <\/span><\/span><\/em><span style=\"font-family: Arial;\">Apreens\u00e3o de animais.<\/span><\/p>\n<p class=\"MsoNormal\" style=\"text-align: justify;\"><span style=\"font-family: Arial;\">&nbsp;<\/span><\/p>\n<p class=\"MsoNormal\" style=\"text-align: justify;\"><span style=\"font-family: Arial;\">2 \u2014 No caso de ser aplicada a san\u00e7\u00e3o prevista nas al\u00edneas <em>c<\/em>) e <em>h<\/em>) do n\u00famero anterior, deve a autoridade administrativa comunicar de imediato \u00e0 entidade que atribui o benef\u00edcio ou subs\u00eddio com vista \u00e0 suspens\u00e3o das restantes parcelas dos mesmos.<\/span><\/p>\n<p class=\"MsoNormal\" style=\"text-align: justify;\"><span style=\"font-family: Arial;\">3 \u2014 No caso do recebimento pelo infractor da totalidade ou parte do benef\u00edcio ou subs\u00eddio, pode o mesmo ser condenado a devolv\u00ea-lo.<\/span><\/p>\n<p class=\"MsoNormal\" style=\"text-align: justify;\"><span style=\"font-family: Arial;\">4 \u2014 As san\u00e7\u00f5es referidas nas al\u00edneas <em>b<\/em>) a <em>j<\/em>) do n.\u00ba 1 t\u00eam a dura\u00e7\u00e3o m\u00e1xima de tr\u00eas anos, contados a partir da data da decis\u00e3o condenat\u00f3ria definitiva.<\/span><\/p>\n<p class=\"MsoNormal\" style=\"text-align: justify;\"><span style=\"font-family: Arial;\">5 \u2014 Quando se verifique obstru\u00e7\u00e3o \u00e0 execu\u00e7\u00e3o das medidas previstas nas al\u00edneas <em>f<\/em>)<em>, i<\/em>) e <em>j<\/em>) do n.\u00ba 1 do presente artigo, pode igualmente ser solicitada \u00e0s entidades competentes a notifica\u00e7\u00e3o dos distribuidores de energia el\u00e9ctrica para interromperem o fornecimento desta.<\/span><\/p>\n<p class=\"MsoNormal\" style=\"text-align: justify;\"><span style=\"font-family: Arial;\">6 \u2014 No caso de ser aplicada a san\u00e7\u00e3o prevista na al\u00ednea <em>m<\/em>) do n.\u00ba 1, deve a autoridade administrativa comunicar de imediato \u00e0 entidade licenciadora da respectiva actividade, para que esta a execute.<\/span><\/p>\n<p class=\"MsoNormal\" style=\"text-align: justify;\"><span style=\"font-family: Arial;\">&nbsp;<\/span><\/p>\n<p><!--nextpage--><\/p>\n<p class=\"MsoNormal\" style=\"text-align: justify;\"><strong><span style=\"font-family: Arial;\">Apreens\u00e3o cautelar<\/span><\/strong><\/p>\n<p class=\"MsoNormal\" style=\"text-align: justify;\"><span style=\"font-family: Arial;\">&nbsp;As entidades fiscalizadoras podem ainda, sempre que necess\u00e1rio, determinar a apreens\u00e3o provis\u00f3ria de bens e documentos, nos termos previstos no artigo 42.\u00ba da Lei n.\u00ba 50\/2006, de 29 de Agosto, alterada pela Lei n.\u00ba 89\/2009, de 31 de Agosto, e rectificada pela Declara\u00e7\u00e3o de Rectifica\u00e7\u00e3o n.\u00ba 70\/2009, de 1 de Outubro.<\/span><\/p>\n<p class=\"MsoNormal\" style=\"margin: 0cm 49.95pt 0.0001pt 54pt; text-align: center;\" align=\"center\"><em><span style=\"font-size: 11pt; font-family: Arial;\">\u201cArtigo 42.\u00ba<\/span><\/em><\/p>\n<p class=\"MsoNormal\" style=\"margin: 0cm 49.95pt 0.0001pt 54pt; text-align: center;\" align=\"center\"><em><span style=\"font-size: 11pt; font-family: Arial;\">&nbsp;<\/span><\/em><\/p>\n<p class=\"MsoNormal\" style=\"margin: 0cm 49.95pt 0.0001pt 54pt; text-align: center;\" align=\"center\"><strong><em><span style=\"font-size: 11pt; font-family: Arial;\">Apreens\u00e3o cautelar<\/span><\/em><\/strong><\/p>\n<p class=\"MsoNormal\" style=\"margin: 0cm 49.95pt 0.0001pt 54pt; text-align: center;\" align=\"center\"><strong><em><span style=\"font-size: 11pt; font-family: Arial;\">&nbsp;<\/span><\/em><\/strong><\/p>\n<p class=\"MsoNormal\" style=\"margin: 0cm 49.95pt 0.0001pt 54pt; text-align: justify;\"><em><span style=\"font-size: 11pt; font-family: Arial;\">1 \u2014 A lei pode determinar a apreens\u00e3o provis\u00f3ria pela autoridade administrativa, nos termos desta lei e do regime geral das contra -ordena\u00e7\u00f5es, nomeadamente dos seguintes bens e documentos:<\/span><\/em><\/p>\n<p class=\"MsoNormal\" style=\"margin: 0cm 49.95pt 0.0001pt 54pt; text-align: justify;\"><em><span style=\"font-size: 11pt; font-family: Arial;\">a<\/span><\/em><em><span style=\"font-size: 11pt; font-family: Arial;\">) Equipamentos destinados \u00e0 labora\u00e7\u00e3o;<\/span><\/em><\/p>\n<p class=\"MsoNormal\" style=\"margin: 0cm 49.95pt 0.0001pt 54pt; text-align: justify;\"><em><span style=\"font-size: 11pt; font-family: Arial;\">b<\/span><\/em><em><span style=\"font-size: 11pt; font-family: Arial;\">) Licen\u00e7as, certificados, autoriza\u00e7\u00f5es, aprova\u00e7\u00f5es, guias de substitui\u00e7\u00e3o e ou outros documentos equiparados;<\/span><\/em><\/p>\n<p class=\"MsoNormal\" style=\"margin: 0cm 49.95pt 0.0001pt 54pt; text-align: justify;\"><em><span style=\"font-size: 11pt; font-family: Arial;\">c<\/span><\/em><em><span style=\"font-size: 11pt; font-family: Arial;\">) Animais ou plantas de esp\u00e9cies protegidas, ilegalmente na posse de pessoas singulares ou colectivas.<\/span><\/em><\/p>\n<p class=\"MsoNormal\" style=\"margin: 0cm 49.95pt 0.0001pt 54pt; text-align: justify;\"><em><span style=\"font-size: 11pt; font-family: Arial;\">2 \u2014 No caso de apreens\u00e3o nos termos da al\u00ednea a) do n\u00famero anterior, pode o seu propriet\u00e1rio, ou quem o represente, ser designado fiel deposit\u00e1rio, com a obriga\u00e7\u00e3o de n\u00e3o utilizar os bens cautelarmente apreendidos, sob pena de crime de desobedi\u00eancia qualificada.\u201d<\/span><\/em><\/p>\n<p class=\"MsoNormal\" style=\"margin: 0cm 49.95pt 0.0001pt 54pt; text-align: justify;\"><em><span style=\"font-size: 11pt; font-family: Arial;\">&nbsp;<\/span><\/em><\/p>\n<p><!--nextpage--><\/p>\n<p class=\"MsoNormal\" style=\"margin-bottom: 12pt; text-align: justify;\"><strong><span style=\"font-family: Arial;\">Reposi\u00e7\u00e3o da situa\u00e7\u00e3o anterior<\/span><\/strong><\/p>\n<p class=\"MsoNormal\" style=\"text-align: justify;\"><span style=\"font-family: Arial;\">1\u2014O infractor est\u00e1 obrigado a remover as causas da infrac\u00e7\u00e3o e a reconstituir a situa\u00e7\u00e3o anterior \u00e0 pr\u00e1tica da mesma.<\/span><\/p>\n<p class=\"MsoNormal\" style=\"text-align: justify;\"><span style=\"font-family: Arial;\">2\u2014 Sempre que o dever de reposi\u00e7\u00e3o da situa\u00e7\u00e3o anterior n\u00e3o seja voluntariamente cumprido, as entidades competentes para a fiscaliza\u00e7\u00e3o actuam directamente por conta do infractor, sendo as despesas cobradas coercivamente atrav\u00e9s do processo previsto para as execu\u00e7\u00f5es fiscais.<\/span><\/p>\n<p class=\"MsoNormal\" style=\"margin-right: 4.95pt; text-align: justify;\"><strong><em><span style=\"font-size: 11pt; font-family: Arial; font-weight: normal;\">&nbsp;<\/span><\/em><\/strong><\/p>\n<p><!--nextpage--><strong><em><span style=\"font-size: 11pt; font-family: Arial; font-weight: normal;\">&nbsp;<\/span><\/em><\/strong><\/p>\n<p class=\"MsoNormal\" style=\"text-align: justify;\"><strong><span style=\"font-family: Arial;\">Instru\u00e7\u00e3o de processos e aplica\u00e7\u00e3o de san\u00e7\u00f5es<\/span><\/strong><\/p>\n<p class=\"MsoNormal\" style=\"text-align: justify;\"><strong><span style=\"font-family: Arial;\">&nbsp;<\/span><\/strong><\/p>\n<p class=\"MsoNormal\" style=\"text-align: justify;\"><span style=\"font-family: Arial;\">1 \u2014 Compete \u00e0s entidades fiscalizadoras, exceptuadas as autoridades policiais, instruir os processos relativos \u00e0s contra-ordena\u00e7\u00f5es referidas nos artigos anteriores e decidir da aplica\u00e7\u00e3o da coima e san\u00e7\u00f5es acess\u00f3rias.<\/span><\/p>\n<p class=\"MsoNormal\" style=\"text-align: justify;\"><span style=\"font-family: Arial;\">&nbsp;2 \u2014 Quando a entidade autuante n\u00e3o tenha compet\u00eancia para instruir o processo, o mesmo \u00e9 instru\u00eddo e decidido pela ARR (CCDR) territorialmente competente face ao local da pr\u00e1tica da infrac\u00e7\u00e3o.<\/span><\/p>\n<p><!--nextpage--><\/p>\n<p style=\"text-align: justify;\"><strong><span style=\"font-family: Arial;\">&nbsp;<\/span><\/strong><\/p>\n<p style=\"text-align: justify;\"><strong><span style=\"font-family: Arial;\">Avisos<\/span><\/strong><\/p>\n<p class=\"MsoNormal\" style=\"margin-left: 36pt; text-align: justify; text-indent: -35.25pt;\"><span style=\"font-family: Arial;\">1.<span style=\"font: 7pt 'Times New Roman';\">&nbsp;&nbsp;&nbsp;&nbsp;&nbsp;&nbsp;&nbsp;&nbsp;&nbsp;&nbsp;&nbsp; <\/span><\/span><span style=\"font-family: Arial;\">A <strong>responsabilidade da gest\u00e3o dos res\u00edduos<\/strong> \u00e9 do respectivo produtor, que dever\u00e1 evitar e reduzir a sua produ\u00e7\u00e3o, o seu car\u00e1cter nocivo, promover a reutiliza\u00e7\u00e3o de bens e s\u00f3 quando tal n\u00e3o for poss\u00edvel proceder \u00e0 sua reciclagem ou ainda a outras formas de valoriza\u00e7\u00e3o. A elimina\u00e7\u00e3o definitiva de res\u00edduos, nomeadamente a sua deposi\u00e7\u00e3o em aterro, constitui a \u00faltima op\u00e7\u00e3o de gest\u00e3o.<\/span><\/p>\n<p class=\"MsoNormal\" style=\"margin-left: 36pt; text-align: justify;\"><span style=\"font-family: Arial;\">&nbsp;<\/span><\/p>\n<p class=\"MsoNormal\" style=\"margin-left: 36pt; text-align: justify; text-indent: -35.25pt;\"><span style=\"font-family: Arial;\">2.<span style=\"font: 7pt 'Times New Roman';\">&nbsp;&nbsp;&nbsp;&nbsp;&nbsp;&nbsp;&nbsp;&nbsp;&nbsp;&nbsp;&nbsp;&nbsp;&nbsp;&nbsp;&nbsp;&nbsp; <\/span><\/span><span style=\"font-family: Arial;\">Os produtores de res\u00edduos devem proceder \u00e0 <strong>separa\u00e7\u00e3o dos res\u00edduos na origem<\/strong> de forma a promover a sua valoriza\u00e7\u00e3o por fluxos e fileiras. Assegure-se que os res\u00edduos produzidos na sua actividade se encontram devidamente separados, acondicionados, classificados por c\u00f3digo LER, e protegidos das intemp\u00e9ries, por forma evitar escorr\u00eancias e infiltra\u00e7\u00f5es do solo ou na \u00e1gua. Os res\u00edduos em estado l\u00edquido devem ser armazenados em local dotado de bacia de conten\u00e7\u00e3o de derrames. Evite a armazenagem prolongada e de grandes quantidades. Encaminhe com regularidade os res\u00edduos para operador de gest\u00e3o de res\u00edduos devidamente licenciado.<\/span><\/p>\n<p class=\"MsoNormal\" style=\"margin-left: 54pt; text-indent: -18pt;\"><strong><span style=\"font-family: Arial;\">Operadores de gest\u00e3o de res\u00edduos<\/span><\/strong><span style=\"font-family: Arial;\">: <a href=\"http:\/\/www.apambiente.pt\/politicasambiente\/Residuos\/gestaoresiduos\/SILOGR\/Paginas\/default.aspx\">SILOGR<\/a><\/span><\/p>\n<p class=\"MsoNormal\" style=\"margin-left: 36pt; text-align: justify;\"><span style=\"font-family: Arial;\">&nbsp;<\/span><\/p>\n<p class=\"MsoNormal\" style=\"margin-left: 36pt; text-align: justify; text-indent: -35.25pt;\"><span style=\"font-family: Arial;\">3.<span style=\"font: 7pt 'Times New Roman';\">&nbsp;&nbsp;&nbsp;&nbsp;&nbsp;&nbsp;&nbsp;&nbsp;&nbsp;&nbsp;&nbsp;&nbsp;&nbsp;&nbsp;&nbsp;&nbsp; <\/span><\/span><strong><span style=\"font-family: Arial;\">\u00c9 proibida<\/span><\/strong><span style=\"font-family: Arial;\"> a realiza\u00e7\u00e3o de opera\u00e7\u00f5es de tratamento (armazenagem, valoriza\u00e7\u00e3o e elimina\u00e7\u00e3o, incluindo a prepara\u00e7\u00e3o pr\u00e9via \u00e0 valoriza\u00e7\u00e3o ou elimina\u00e7\u00e3o) de res\u00edduos n\u00e3o licenciadas.<\/span><\/p>\n<p>&nbsp;<\/p>\n<p class=\"MsoNormal\" style=\"margin-left: 36pt; text-align: justify; text-indent: -35.25pt;\"><span style=\"font-family: Arial;\">4.<span style=\"font: 7pt 'Times New Roman';\">&nbsp;&nbsp;&nbsp;&nbsp;&nbsp;&nbsp;&nbsp;&nbsp;&nbsp;&nbsp;&nbsp;&nbsp;&nbsp;&nbsp;&nbsp;&nbsp; <\/span><\/span><strong><span style=\"font-family: Arial;\">S\u00e3o proibidos<\/span><\/strong><span style=\"font-family: Arial;\"> o abandono de res\u00edduos, a incinera\u00e7\u00e3o de res\u00edduos no mar e a sua injec\u00e7\u00e3o no solo, a queima a c\u00e9u aberto, bem como a descarga de res\u00edduos em locais n\u00e3o licenciados para realiza\u00e7\u00e3o de tratamento de res\u00edduos.<\/span><\/p>\n<p class=\"MsoNormal\" style=\"text-align: justify;\"><span style=\"font-family: Arial;\">&nbsp;<\/span><\/p>\n<p class=\"MsoNormal\" style=\"margin-left: 36pt; text-align: justify; text-indent: -35.25pt;\"><span style=\"font-family: Arial;\">5.<span style=\"font: 7pt 'Times New Roman';\">&nbsp;&nbsp;&nbsp;&nbsp;&nbsp;&nbsp;&nbsp;&nbsp;&nbsp;&nbsp;&nbsp;&nbsp;&nbsp;&nbsp;&nbsp;&nbsp; <\/span><\/span><span style=\"font-family: Arial;\">A <strong><span style=\"font-family: Arial;\">queima de res\u00edduos a c\u00e9u aberto<\/span><\/strong> \u00e9 proibida.<\/span><\/p>\n<p class=\"MsoNormal\" style=\"margin-left: 36pt; text-align: justify;\"><span style=\"font-family: Arial;\">&nbsp;<\/span><\/p>\n<p class=\"MsoNormal\" style=\"margin-left: 36pt; text-align: justify; text-indent: -35.25pt;\"><span style=\"font-family: Arial;\">6.<span style=\"font: 7pt 'Times New Roman';\">&nbsp;&nbsp;&nbsp;&nbsp;&nbsp;&nbsp;&nbsp;&nbsp;&nbsp;&nbsp;&nbsp;&nbsp;&nbsp;&nbsp;&nbsp;&nbsp; <\/span><\/span><span style=\"font-family: Arial;\">A <strong>armazenagem de res\u00edduos no pr\u00f3prio local de produ\u00e7\u00e3o<\/strong> por mais de um ano est\u00e1 sujeita a licenciamento simplificado.<\/span><\/p>\n<p class=\"MsoNormal\" style=\"margin-left: 36pt; text-align: justify;\"><span style=\"font-family: Arial;\">&nbsp;<\/span><\/p>\n<p class=\"MsoNormal\" style=\"margin-left: 36pt; text-align: justify; text-indent: -35.25pt;\"><span style=\"font-family: Arial;\">7.<span style=\"font: 7pt 'Times New Roman';\">&nbsp;&nbsp;&nbsp;&nbsp;&nbsp;&nbsp;&nbsp;&nbsp;&nbsp;&nbsp;&nbsp;&nbsp;&nbsp;&nbsp;&nbsp;&nbsp; <\/span><\/span><span style=\"font-family: Arial;\">Os operadores de gest\u00e3o de res\u00edduos antes de solicitar as respectivas <strong><span style=\"font-family: Arial;\">licen\u00e7as <\/span><\/strong>devem previamente junto da C\u00e2mara Municipal ou da CCDR territorialmente competente, se certificar da viabilidade da actividade e do licenciamento das constru\u00e7\u00f5es necess\u00e1rias executar, com os instrumentos de gest\u00e3o do territ\u00f3rio (IGT), nomeadamente com: Plano Director Municipal, Reserva Ecol\u00f3gica Nacional, Reserva Agr\u00edcola Nacional, Rede Natura 2000, e se aplic\u00e1vel com Plano de urbaniza\u00e7\u00e3o ou Plano de Pormenor, e com outras servid\u00f5es administrativas. Os estabelecimentos de gest\u00e3o de res\u00edduos em viola\u00e7\u00e3o dos IGT, podem ser encerrados no imediato e ser reposta a situa\u00e7\u00e3o pr\u00e9 existente. <\/span><\/p>\n<p class=\"MsoNormal\" style=\"margin-left: 36pt; text-align: justify;\"><span style=\"font-family: Arial;\">&nbsp;<\/span><\/p>\n<p class=\"MsoNormal\" style=\"margin-left: 36pt; text-align: justify; text-indent: -35.25pt;\"><span style=\"font-family: Arial;\">8.<span style=\"font: 7pt 'Times New Roman';\">&nbsp;&nbsp;&nbsp;&nbsp;&nbsp;&nbsp;&nbsp;&nbsp;&nbsp;&nbsp;&nbsp;&nbsp;&nbsp;&nbsp;&nbsp;&nbsp; <\/span><\/span><span style=\"font-family: Arial;\">Os <strong>res\u00edduos produzidos<\/strong> devem ser todos quantificados classificados de acordo com a Lista Europeia de Res\u00edduos (LER) e objecto obrigat\u00f3rio de registo no Sistema Integrado de Registo Electr\u00f3nico de Res\u00edduos (<a title=\"SIRER\" href=\"http:\/\/sirapa.apambiente.pt\/SIRAPA_Ext_Org\/Principal.aspx\" target=\"_blank\" rel=\"noopener\"><strong><span style=\"font-family: Arial;\">SIRER<\/span><\/strong><\/a>), que agrega toda a informa\u00e7\u00e3o relativa aos res\u00edduos produzidos e importados para o territ\u00f3rio nacional e a entidades que operam no sector dos res\u00edduos.<\/span><\/p>\n<p class=\"MsoNormal\" style=\"margin-left: 36pt; text-align: justify;\"><span style=\"font-family: Arial;\">&nbsp;<\/span><\/p>\n<p class=\"MsoNormal\" style=\"margin-left: 36pt; text-align: justify; text-indent: -35.25pt;\"><span style=\"font-family: Arial;\">9.<span style=\"font: 7pt 'Times New Roman';\">&nbsp;&nbsp;&nbsp;&nbsp;&nbsp;&nbsp;&nbsp;&nbsp;&nbsp;&nbsp;&nbsp;&nbsp;&nbsp;&nbsp;&nbsp;&nbsp; <\/span><\/span><span style=\"font-family: Arial;\">Sempre que pretendam proceder ao <strong>transporte de res\u00edduos<\/strong> em territ\u00f3rio nacional, o produtor ou o detentor dos res\u00edduos devem garantir que os mesmos sejam transportados de acordo com as prescri\u00e7\u00f5es estabelecidas na Portaria n.\u00ba 335\/97, de 16 de Maio, bem como assegurar que o seu destinat\u00e1rio est\u00e1 autorizado a receb\u00ea-los.<\/span><\/p>\n<p class=\"MsoNormal\" style=\"text-align: justify;\"><span style=\"font-family: Arial;\">&nbsp;<\/span><\/p>\n<p class=\"MsoNormal\" style=\"margin-left: 36pt; text-align: justify; text-indent: -35.25pt;\"><span style=\"font-family: Arial;\">10.<span style=\"font: 7pt 'Times New Roman';\">&nbsp;&nbsp;&nbsp;&nbsp;&nbsp;&nbsp;&nbsp;&nbsp;&nbsp;&nbsp;&nbsp; <\/span><\/span><span style=\"font-family: Arial;\">Sempre que pretendam proceder ao <strong>transporte de res\u00edduos para fora do pa\u00eds<\/strong> deve contactar a Ag\u00eancia Portuguesa do Ambiente, e obter informa\u00e7\u00f5es sobre o procedimento.<\/span><\/p>\n<p class=\"MsoNormal\" style=\"margin-left: 36pt; text-align: justify;\"><span style=\"font-family: Arial;\">&nbsp;<\/span><\/p>\n<p class=\"MsoNormal\" style=\"margin-left: 36pt; text-align: justify; text-indent: -35.25pt;\"><span style=\"font-family: Arial;\">11.<span style=\"font: 7pt 'Times New Roman';\">&nbsp;&nbsp;&nbsp;&nbsp;&nbsp;&nbsp;&nbsp;&nbsp;&nbsp;&nbsp;&nbsp; <\/span><\/span><span style=\"font-family: Arial;\">O produtor e o detentor devem assegurar que cada <strong>transporte de res\u00edduos dentro do territ\u00f3rio nacional<\/strong> \u00e9 acompanhado das competentes Guias de Acompanhamento de Res\u00edduos (Modelo n\u00ba. 1428 da INCM), devidamente preenchidas com o tipo de res\u00edduos (c\u00f3digo LER), quantidades, identifica\u00e7\u00e3o clara do transportador e do destinat\u00e1rio. Exija sempre a devolu\u00e7\u00e3o da c\u00f3pia da guia devidamente assinada pelo destinat\u00e1rio. Arquive as guias no local de produ\u00e7\u00e3o.<\/span><\/p>\n<p class=\"MsoNormal\" style=\"margin-left: 36pt; text-align: justify;\"><span style=\"font-family: Arial;\">&nbsp;<\/span><\/p>\n<p class=\"MsoNormal\" style=\"margin-left: 36pt; text-align: justify; text-indent: -35.25pt;\"><span style=\"font-family: Arial;\">12.<span style=\"font: 7pt 'Times New Roman';\">&nbsp;&nbsp;&nbsp;&nbsp;&nbsp;&nbsp;&nbsp;&nbsp;&nbsp;&nbsp;&nbsp; <\/span><\/span><span style=\"font-family: Arial;\">O <strong>transporte de res\u00edduos<\/strong> pode ser efectuado pelo produtor, pelo valorizador e\/ou eliminador licenciado, pelas entidades respons\u00e1veis pela gest\u00e3o dos res\u00edduos hospitalares e dos res\u00edduos urbanos e pelas empresas licenciadas para o transporte rodovi\u00e1rio de mercadorias por conta de outrem nos termos do D.L. n.\u00ba 38\/99, de 6 de Fevereiro.<\/span><\/p>\n<p class=\"MsoNormal\" style=\"margin-left: 36pt; text-align: justify;\"><span style=\"font-family: Arial;\">&nbsp;<\/span><\/p>\n<p class=\"MsoNormal\" style=\"margin-left: 36pt; text-align: justify; text-indent: -35.25pt;\"><span style=\"font-family: Arial;\">13.<span style=\"font: 7pt 'Times New Roman';\">&nbsp;&nbsp;&nbsp;&nbsp;&nbsp;&nbsp;&nbsp;&nbsp;&nbsp;&nbsp;&nbsp; <\/span><\/span><span style=\"font-family: Arial;\">O <strong><span style=\"font-family: Arial;\">transporte <\/span><\/strong><strong><span style=\"font-family: Arial; font-weight: normal;\">de<\/span><\/strong> mat\u00e9rias fecais, palhas e outro material natural n\u00e3o perigoso de origem agr\u00edcola ou silv\u00edcola que sejam utilizados na agricultura ou na silvicultura ou para a produ\u00e7\u00e3o de energia a partir dessa biomassa n\u00e3o est\u00e1 sujeito ao estabelecido na Portaria n.\u00ba 335\/97, de 16 de Maio, pelo que n\u00e3o \u00e9 necess\u00e1rio ser acompanhado com Guias de Acompanhamento de Res\u00edduos (Modelo n\u00ba. 1428 da INCM).<\/span><\/p>\n<p class=\"MsoNormal\" style=\"margin-left: 36pt; text-align: justify;\"><span style=\"font-family: Arial;\">&nbsp;<\/span><\/p>\n<p class=\"MsoNormal\" style=\"margin-left: 36pt; text-align: justify; text-indent: -35.25pt;\"><span style=\"font-family: Arial;\">14.<span style=\"font: 7pt 'Times New Roman';\">&nbsp;&nbsp;&nbsp;&nbsp;&nbsp;&nbsp;&nbsp;&nbsp;&nbsp;&nbsp;&nbsp; <\/span><\/span><span style=\"font-family: Arial;\">O <strong>transporte de RSU<\/strong> est\u00e1 isento de guias de acompanhamento, com excep\u00e7\u00e3o dos resultantes de triagem e destinados a opera\u00e7\u00f5es de valoriza\u00e7\u00e3o.<\/span><\/p>\n<p class=\"MsoNormal\" style=\"margin-left: 36pt; text-align: justify;\"><span style=\"font-family: Arial;\">&nbsp;<\/span><\/p>\n<p class=\"MsoNormal\" style=\"margin-left: 36pt; text-align: justify; text-indent: -35.25pt;\"><span style=\"font-family: Arial;\">15.<span style=\"font: 7pt 'Times New Roman';\">&nbsp;&nbsp;&nbsp;&nbsp;&nbsp;&nbsp;&nbsp;&nbsp;&nbsp;&nbsp;&nbsp; <\/span><\/span><span style=\"font-family: Arial;\">Os <strong>operadores de gest\u00e3o de res\u00edduos <\/strong>licenciados devem ter especial aten\u00e7\u00e3o ao cumprimento de todas as condi\u00e7\u00f5es constantes na licen\u00e7a.<\/span><\/p>\n<p class=\"MsoNormal\" style=\"margin-left: 36pt; text-align: justify;\"><span style=\"font-family: Arial;\">&nbsp;<\/span><\/p>\n<p class=\"MsoNormal\" style=\"margin-left: 36pt; text-align: justify; text-indent: -35.25pt;\"><span style=\"font-family: Arial;\">16.<span style=\"font: 7pt 'Times New Roman';\">&nbsp;&nbsp;&nbsp;&nbsp;&nbsp;&nbsp;&nbsp;&nbsp;&nbsp;&nbsp;&nbsp; <\/span><\/span><span style=\"font-family: Arial;\">Os <strong>operadores de gest\u00e3o de res\u00edduos<\/strong> devem garantir que as instala\u00e7\u00f5es est\u00e3o de acordo com o projecto apresentado e aprovado. <\/span><\/p>\n<p class=\"MsoNormal\" style=\"margin-left: 36pt; text-align: justify;\"><span style=\"font-family: Arial;\">&nbsp;<\/span><\/p>\n<p class=\"MsoNormal\" style=\"margin-left: 36pt; text-align: justify; text-indent: -35.25pt;\"><span style=\"font-family: Arial;\">17.<span style=\"font: 7pt 'Times New Roman';\">&nbsp;&nbsp;&nbsp;&nbsp;&nbsp;&nbsp;&nbsp;&nbsp;&nbsp;&nbsp;&nbsp; <\/span><\/span><span style=\"font-family: Arial;\">Carecem de <strong>altera\u00e7\u00e3o do alvar\u00e1 de licen\u00e7a<\/strong> as altera\u00e7\u00f5es de opera\u00e7\u00f5es de gest\u00e3o de res\u00edduos em que se verifique a modifica\u00e7\u00e3o do:<\/span><\/p>\n<p class=\"MsoNormal\" style=\"text-align: justify;\"><span style=\"font-family: Arial;\">&nbsp;<\/span><\/p>\n<p class=\"MsoNormal\" style=\"margin-left: 45pt; text-align: justify; text-indent: -0.6pt;\"><span style=\"font-family: Arial;\">a)&nbsp;&nbsp;&nbsp;&nbsp; tipo de opera\u00e7\u00e3o realizada,<\/span><\/p>\n<p class=\"MsoNormal\" style=\"margin-left: 45pt; text-align: justify; text-indent: -0.6pt;\"><span style=\"font-family: Arial;\">b)&nbsp;&nbsp;&nbsp;&nbsp; tipo de res\u00edduo objecto de gest\u00e3o,<\/span><\/p>\n<p class=\"MsoNormal\" style=\"margin-left: 45pt; text-align: justify; text-indent: -0.6pt;\"><span style=\"font-family: Arial;\">c)&nbsp;&nbsp;&nbsp;&nbsp;&nbsp; a quantidade de res\u00edduos tratados ou a \u00e1rea de instala\u00e7\u00e3o<\/span><\/p>\n<p class=\"MsoNormal\" style=\"text-align: justify;\"><span style=\"font-family: Arial;\">&nbsp;<\/span><\/p>\n<p class=\"MsoNormal\" style=\"margin-left: 36pt; text-align: justify; text-indent: -35.25pt;\"><span style=\"font-family: Arial;\">18.<span style=\"font: 7pt 'Times New Roman';\">&nbsp;&nbsp;&nbsp;&nbsp;&nbsp;&nbsp;&nbsp;&nbsp;&nbsp;&nbsp;&nbsp; <\/span><\/span><span style=\"font-family: Arial;\">Carece de <strong>novo pedido de licen\u00e7a<\/strong>, a decidir pela entidade licenciadora, sempre que das altera\u00e7\u00f5es introduzidas no tratamento licenciado resulte o exerc\u00edcio de uma opera\u00e7\u00e3o substancialmente diferente da originalmente licenciada, nomeadamente quando se verifique<\/span><\/p>\n<p class=\"MsoNormal\" style=\"text-align: justify;\"><span style=\"font-family: Arial;\">&nbsp;<\/span><\/p>\n<p class=\"MsoNormal\" style=\"margin-left: 63pt; text-align: justify; text-indent: -18pt;\"><span style=\"font-family: Arial;\">a)<span style=\"font: 7pt 'Times New Roman';\">&nbsp;&nbsp;&nbsp;&nbsp; <\/span><\/span><span style=\"font-family: Arial;\">Seja modificado o tipo de opera\u00e7\u00e3o realizada;<\/span><\/p>\n<p class=\"MsoNormal\" style=\"margin-left: 63pt; text-align: justify; text-indent: -18pt;\"><span style=\"font-family: Arial;\">b)<span style=\"font: 7pt 'Times New Roman';\">&nbsp;&nbsp;&nbsp;&nbsp; <\/span><\/span><span style=\"font-family: Arial;\">Seja modificado o tipo de res\u00edduo a tratar e que implique uma altera\u00e7\u00e3o do processo de tratamento;<\/span><\/p>\n<p class=\"MsoNormal\" style=\"margin-left: 63pt; text-align: justify; text-indent: -18pt;\"><span style=\"font-family: Arial;\">c)<span style=\"font: 7pt 'Times New Roman';\">&nbsp;&nbsp;&nbsp;&nbsp;&nbsp; <\/span><\/span><span style=\"font-family: Arial;\">O aumento da \u00e1rea ocupada pela instala\u00e7\u00e3o exceda em mais de 20 % a \u00e1rea ocupada \u00e0 data de emiss\u00e3o da licen\u00e7a; ou ainda<\/span><\/p>\n<p class=\"MsoNormal\" style=\"margin-left: 63pt; text-align: justify; text-indent: -18pt;\"><span style=\"font-family: Arial;\">d)<span style=\"font: 7pt 'Times New Roman';\">&nbsp;&nbsp;&nbsp;&nbsp; <\/span><\/span><span style=\"font-family: Arial;\">Se verifique um aumento superior a 20 % da quantidade de res\u00edduos geridos.<\/span><\/p>\n<p class=\"MsoNormal\" style=\"text-align: justify;\"><span style=\"font-family: Arial;\">&nbsp;<\/span><\/p>\n<p class=\"MsoNormal\" style=\"margin-left: 36pt; text-align: justify; text-indent: -35.25pt;\"><span style=\"font-family: Arial;\">19.<span style=\"font: 7pt 'Times New Roman';\">&nbsp;&nbsp;&nbsp;&nbsp;&nbsp;&nbsp;&nbsp;&nbsp;&nbsp;&nbsp;&nbsp; <\/span><\/span><span style=\"font-family: Arial;\">A <strong>licen\u00e7a caduca<\/strong> caso n\u00e3o seja iniciada a opera\u00e7\u00e3o de gest\u00e3o de res\u00edduos <strong><span style=\"font-family: Arial;\">no prazo de um ano<\/span><\/strong> a contar da data da sua emiss\u00e3o, devendo nesse caso ser solicitada a sua renova\u00e7\u00e3o.<\/span><\/p>\n<p class=\"MsoNormal\" style=\"margin-left: 36pt; text-align: justify;\"><span style=\"font-family: Arial;\">&nbsp;<\/span><\/p>\n<p class=\"MsoNormal\" style=\"margin-left: 36pt; text-align: justify; text-indent: -35.25pt;\"><span style=\"font-family: Arial;\">20.<span style=\"font: 7pt 'Times New Roman';\">&nbsp;&nbsp;&nbsp;&nbsp;&nbsp;&nbsp;&nbsp;&nbsp;&nbsp;&nbsp;&nbsp; <\/span><\/span><span style=\"font-family: Arial;\">A <strong>cessa\u00e7\u00e3o de actividade<\/strong> da opera\u00e7\u00e3o de gest\u00e3o de res\u00edduos licenciada depende da aceita\u00e7\u00e3o por parte da entidade licenciadora de um pedido de ren\u00fancia da respectiva licen\u00e7a. Se vai cessar a actividade deve notificar tal facto \u00e0 entidade licenciadora.<\/span><\/p>\n<p class=\"MsoNormal\" style=\"margin-left: 36pt; text-align: justify;\"><span style=\"font-family: Arial;\">&nbsp;<\/span><\/p>\n<p class=\"MsoNormal\" style=\"margin-left: 36pt; text-align: justify; text-indent: -35.25pt;\"><span style=\"font-family: Arial;\">21.<span style=\"font: 7pt 'Times New Roman';\">&nbsp;&nbsp;&nbsp;&nbsp;&nbsp;&nbsp;&nbsp;&nbsp;&nbsp;&nbsp;&nbsp; <\/span><\/span><span style=\"font-family: Arial;\">A <strong>gest\u00e3o dos res\u00edduos urbanos<\/strong> cuja produ\u00e7\u00e3o di\u00e1ria n\u00e3o exceda 1100 l por produtor, \u00e9 assegurada pelos munic\u00edpios.<\/span><\/p>\n<p class=\"MsoNormal\" style=\"margin-left: 36pt; text-align: justify;\"><span style=\"font-family: Arial;\">&nbsp;<\/span><\/p>\n<p class=\"MsoNormal\" style=\"margin-left: 36pt; text-align: justify; text-indent: -35.25pt;\"><span style=\"font-family: Arial;\">22.<span style=\"font: 7pt 'Times New Roman';\">&nbsp;&nbsp;&nbsp;&nbsp;&nbsp;&nbsp;&nbsp;&nbsp;&nbsp;&nbsp;&nbsp; <\/span><\/span><span style=\"font-family: Arial;\">No caso do <strong>abandono de res\u00edduos<\/strong> e em caso de impossibilidade de determina\u00e7\u00e3o do produtor do res\u00edduo, a responsabilidade pela respectiva gest\u00e3o recai sobre o seu detentor. N\u00e3o permita a descarga de res\u00edduos nas suas propriedades. Se algu\u00e9m o fizer denuncie a situa\u00e7\u00e3o de imediato \u00e0s autoridades policiais ou \u00e0 CCDR territorialmente competente.<\/span><\/p>\n<p class=\"MsoNormal\" style=\"margin-left: 36pt; text-align: justify;\"><span style=\"font-family: Arial;\">&nbsp;<\/span><\/p>\n<p class=\"MsoNormal\" style=\"margin-left: 36pt; text-align: justify; text-indent: -35.25pt;\"><span style=\"font-family: Arial;\">23.<span style=\"font: 7pt 'Times New Roman';\">&nbsp;&nbsp;&nbsp;&nbsp;&nbsp;&nbsp;&nbsp;&nbsp;&nbsp;&nbsp;&nbsp; <\/span><\/span><span style=\"font-family: Arial;\">As opera\u00e7\u00f5es de gest\u00e3o de res\u00edduos s\u00e3o realizadas sob a direc\u00e7\u00e3o de um <strong><span style=\"font-family: Arial;\">respons\u00e1vel t\u00e9cnico<\/span><\/strong>, o qual deve deter as habilita\u00e7\u00f5es profissionais adequadas para o efeito.<\/span><\/p>\n<p class=\"MsoNormal\" style=\"margin-left: 36pt; text-align: justify;\"><span style=\"font-family: Arial;\">&nbsp;<\/span><\/p>\n<p class=\"MsoNormal\" style=\"margin-left: 36pt; text-align: justify; text-indent: -35.25pt;\"><span style=\"font-family: Arial;\">24.<span style=\"font: 7pt 'Times New Roman';\">&nbsp;&nbsp;&nbsp;&nbsp;&nbsp;&nbsp;&nbsp;&nbsp;&nbsp;&nbsp;&nbsp; <\/span><\/span><strong><span style=\"font-family: Arial;\">N\u00e3o est\u00e3o sujeitas a licenciamento<\/span><\/strong><span style=\"font-family: Arial;\"> as opera\u00e7\u00f5es de recolha e de transporte de res\u00edduos, bem como a de armazenagem de res\u00edduos que seja efectuada no pr\u00f3prio local de produ\u00e7\u00e3o por per\u00edodo n\u00e3o superior a um ano. <\/span><\/p>\n<p class=\"MsoNormal\" style=\"text-align: justify;\"><span style=\"font-family: Arial;\">&nbsp;<\/span><\/p>\n<p class=\"MsoNormal\" style=\"margin-left: 36pt; text-align: justify; text-indent: -35.25pt;\"><span style=\"font-family: Arial;\">25.<span style=\"font: 7pt 'Times New Roman';\">&nbsp;&nbsp;&nbsp;&nbsp;&nbsp;&nbsp;&nbsp;&nbsp;&nbsp;&nbsp;&nbsp; <\/span><\/span><span style=\"font-family: Arial;\">Est\u00e3o <strong>isentas de licenciamento<\/strong> as seguintes opera\u00e7\u00f5es de tratamento:<\/span><\/p>\n<p class=\"MsoNormal\" style=\"text-align: justify;\"><span style=\"font-family: Arial;\">&nbsp;<\/span><\/p>\n<p class=\"MsoNormal\" style=\"margin-left: 54pt; text-align: justify; text-indent: -18pt;\"><em><span style=\"font-family: Arial;\">a<\/span><\/em><span style=\"font-family: Arial;\">) &nbsp; Valoriza\u00e7\u00e3o energ\u00e9tica de res\u00edduos vegetais fibrosos provenientes da produ\u00e7\u00e3o de pasta virgem e de papel, se forem co-incinerados no local de produ\u00e7\u00e3o;<\/span><\/p>\n<p class=\"MsoNormal\" style=\"margin-left: 54pt; text-align: justify; text-indent: -18pt;\"><em><span style=\"font-family: Arial;\">b<\/span><\/em><span style=\"font-family: Arial;\">) &nbsp; Valoriza\u00e7\u00e3o energ\u00e9tica de res\u00edduos de madeira e corti\u00e7a, com excep\u00e7\u00e3o daqueles que possam conter compostos org\u00e2nicos halogenados ou metais pesados resultantes de tratamento com conservantes ou revestimento, incluindo, em especial, os provenientes de obras de constru\u00e7\u00e3o e demoli\u00e7\u00e3o;<\/span><\/p>\n<p class=\"MsoNormal\" style=\"margin-left: 54pt; text-align: justify; text-indent: -18pt;\"><em><span style=\"font-family: Arial;\">c<\/span><\/em><span style=\"font-family: Arial;\">) &nbsp; Valoriza\u00e7\u00e3o energ\u00e9tica da frac\u00e7\u00e3o dos biorres\u00edduos provenientes de espa\u00e7os verdes;<\/span><\/p>\n<p class=\"MsoNormal\" style=\"margin-left: 54pt; text-align: justify; text-indent: -18pt;\"><em><span style=\"font-family: Arial;\">d<\/span><\/em><span style=\"font-family: Arial;\">) &nbsp; Valoriza\u00e7\u00e3o energ\u00e9tica da frac\u00e7\u00e3o dos biorres\u00edduos de origem vegetal provenientes da ind\u00fastria de transforma\u00e7\u00e3o de produtos alimentares;<\/span><\/p>\n<p class=\"MsoNormal\" style=\"margin-left: 54pt; text-align: justify; text-indent: -18pt;\"><em><span style=\"font-family: Arial;\">e<\/span><\/em><span style=\"font-family: Arial;\">) &nbsp; Valoriza\u00e7\u00e3o n\u00e3o energ\u00e9tica de res\u00edduos n\u00e3o perigosos, quando efectuada pelo produtor dos res\u00edduos resultantes da sua pr\u00f3pria actividade, no local de produ\u00e7\u00e3o ou em local an\u00e1logo ao local de produ\u00e7\u00e3o pertencente \u00e0 mesma entidade;<\/span><\/p>\n<p class=\"MsoNormal\" style=\"margin-left: 54pt; text-align: justify; text-indent: -18pt;\"><em><span style=\"font-family: Arial;\">f<\/span><\/em><span style=\"font-family: Arial;\">) &nbsp;&nbsp; Valoriza\u00e7\u00e3o n\u00e3o energ\u00e9tica de res\u00edduos perigosos, quando efectuada pelo produtor dos res\u00edduos, desde que abrangida por normas t\u00e9cnicas previstas nos n.<sup>os<\/sup> 2 e 3 do artigo 20.\u00ba do Decreto-Lei n.\u00ba 178\/2006, de 5 de Setembro alterado pelo Decreto-Lei n.\u00ba 73\/2011, de 17 de Junho.<\/span><\/p>\n<p class=\"MsoNormal\" style=\"margin-left: 54pt; text-align: justify; text-indent: -18pt;\"><span style=\"font-family: Arial;\">&nbsp;<\/span><\/p>\n<\/div><\/div><\/div><\/div><\/div>\n<\/div>\n<\/div><\/div><\/div><\/div><\/div><\/p>\n","protected":false},"excerpt":{"rendered":"","protected":false},"author":1,"featured_media":0,"parent":34539,"menu_order":0,"comment_status":"closed","ping_status":"closed","template":"","meta":{"_acf_changed":false,"_eb_attr":"","inline_featured_image":false,"iawp_total_views":170,"footnotes":""},"class_list":["post-34554","page","type-page","status-publish","hentry"],"acf":[],"_links":{"self":[{"href":"https:\/\/www.ccdrc.pt\/pt\/wp-json\/wp\/v2\/pages\/34554","targetHints":{"allow":["GET"]}}],"collection":[{"href":"https:\/\/www.ccdrc.pt\/pt\/wp-json\/wp\/v2\/pages"}],"about":[{"href":"https:\/\/www.ccdrc.pt\/pt\/wp-json\/wp\/v2\/types\/page"}],"author":[{"embeddable":true,"href":"https:\/\/www.ccdrc.pt\/pt\/wp-json\/wp\/v2\/users\/1"}],"replies":[{"embeddable":true,"href":"https:\/\/www.ccdrc.pt\/pt\/wp-json\/wp\/v2\/comments?post=34554"}],"version-history":[{"count":8,"href":"https:\/\/www.ccdrc.pt\/pt\/wp-json\/wp\/v2\/pages\/34554\/revisions"}],"predecessor-version":[{"id":80471,"href":"https:\/\/www.ccdrc.pt\/pt\/wp-json\/wp\/v2\/pages\/34554\/revisions\/80471"}],"up":[{"embeddable":true,"href":"https:\/\/www.ccdrc.pt\/pt\/wp-json\/wp\/v2\/pages\/34539"}],"wp:attachment":[{"href":"https:\/\/www.ccdrc.pt\/pt\/wp-json\/wp\/v2\/media?parent=34554"}],"curies":[{"name":"wp","href":"https:\/\/api.w.org\/{rel}","templated":true}]}}