{"id":33108,"date":"2023-08-07T15:49:03","date_gmt":"2023-08-07T15:49:03","guid":{"rendered":"http:\/\/www.ccdrc.pt\/pt\/?page_id=33108"},"modified":"2025-07-08T14:00:31","modified_gmt":"2025-07-08T14:00:31","slug":"cooperacao-territorial-europeia-2007-2013","status":"publish","type":"page","link":"https:\/\/www.ccdrc.pt\/pt\/areas-de-atuacao\/desenvolvimento-regional\/cooperacao-territorial\/programas-de-cooperacao-territorial\/cooperacao-territorial-europeia-2007-2013\/","title":{"rendered":"Coopera\u00e7\u00e3o Territorial Europeia 2007-2013"},"content":{"rendered":"<p><div class=\"fusion-fullwidth fullwidth-box fusion-builder-row-1 fusion-flex-container has-pattern-background has-mask-background breadcrumbs-container-div nonhundred-percent-fullwidth non-hundred-percent-height-scrolling fusion-sticky-container\" style=\"--awb-border-radius-top-left:0px;--awb-border-radius-top-right:0px;--awb-border-radius-bottom-right:0px;--awb-border-radius-bottom-left:0px;--awb-sticky-background-color:#ffffff !important;\" data-transition-offset=\"0\" data-sticky-offset=\"72px\" data-scroll-offset=\"0\" data-sticky-small-visibility=\"1\" data-sticky-medium-visibility=\"1\" data-sticky-large-visibility=\"1\" ><div class=\"fusion-builder-row fusion-row fusion-flex-align-items-flex-start\" style=\"max-width:1288px;margin-left: calc(-0% \/ 2 );margin-right: calc(-0% \/ 2 );\"><div class=\"fusion-layout-column fusion_builder_column fusion-builder-column-0 fusion_builder_column_1_1 1_1 fusion-flex-column mcbread\" style=\"--awb-bg-size:cover;--awb-width-large:100%;--awb-margin-top-large:0px;--awb-spacing-right-large:0%;--awb-margin-bottom-large:0px;--awb-spacing-left-large:0%;--awb-width-medium:100%;--awb-order-medium:0;--awb-spacing-right-medium:0%;--awb-spacing-left-medium:0%;--awb-width-small:100%;--awb-order-small:0;--awb-spacing-right-small:0%;--awb-spacing-left-small:0%;\"><div class=\"fusion-column-wrapper fusion-column-has-shadow fusion-flex-justify-content-flex-start fusion-content-layout-column\"><div class=\"fusion-breadcrumbs fusion-breadcrumbs-1\" id=\"bar-siteMap\"><span class=\"fusion-breadcrumb-item\"><a href=\"https:\/\/www.ccdrc.pt\/pt\" class=\"fusion-breadcrumb-link\"><span >Home<\/span><\/a><\/span><span class=\"fusion-breadcrumb-sep\">&amp;gt;<\/span><\/div>\n<style>\n\n.breadcrumbs-container-div.fusion-fullwidth.fullwidth-box.fusion-builder-row-8.fusion-flex-container.has-pattern-background.has-mask-background.breadcrumbs-container-div.nonhundred-percent-fullwidth.non-hundred-percent-height-scrolling {\n    max-width: 100% !important;\n    height: 72px !important;\n    border-bottom: 1px solid lightgray;\n    width: 100% !important;\n}\n.post-content > :nth-child(2) {\n  padding-top: 84px !important;\n}\n.fusion-fullwidth.fullwidth-box.fusion-builder-row-8.fusion-flex-container.has-pattern-background.has-mask-background.breadcrumbs-container-div.nonhundred-percent-fullwidth.non-hundred-percent-height-scrolling.fusion-sticky-container.fusion-sticky-transition.fusion-container-stuck{\n    margin-left: auto !important;\n    margin-right: auto !important;\n    max-width: 100% !important;\n    top: 72px;\n    width: 100% !important;\n}\n.fusion-fullwidth.fullwidth-box.fusion-builder-row-9.fusion-flex-container.has-pattern-background.has-mask-background.ssitemap.nonhundred-percent-fullwidth.non-hundred-percent-height-scrolling:has(.mcbread) {\n  max-width: 1288px !important;\n}\n.fusion-builder-row.fusion-row.fusion-flex-align-items-flex-start {\n    max-width: 1288px !important;\n    margin-left: calc(-0% \/ 2);\n    margin-right: calc(-0% \/ 2);\n}\n.fusion-column-wrapper.fusion-column-has-shadow.fusion-flex-justify-content-space-between.fusion-content-layout-row.fusion-flex-align-items-center {\n   display: none;\n}\n#main .fusion-builder-row.fusion-row.fusion-flex-align-items-flex-start{\nmax-width:1288px !important;\n}\n.fusion-fullwidth.fullwidth-box.fusion-builder-row-8.fusion-flex-container.has-pattern-background.has-mask-background.breadcrumbs-container-div.nonhundred-percent-fullwidth.non-hundred-percent-height-scrolling.fusion-sticky-container{\ndisplay:flex;\nalign-items:center;\n}\n.fusion-fullwidth.fullwidth-box.fusion-builder-row-9.fusion-flex-container.has-pattern-background.has-mask-background.ssitemap.nonhundred-percent-fullwidth.non-hundred-percent-height-scrolling{\npadding: 0px !important;\n}\n.fusion-fullwidth.fullwidth-box.fusion-builder-row-8.fusion-flex-container.has-pattern-background.has-mask-background.breadcrumbs-container-div.nonhundred-percent-fullwidth.non-hundred-percent-height-scrolling.fusion-sticky-container{\nmargin-top:12px;\n}\n.fusion-fullwidth.fullwidth-box.fusion-builder-row-8.fusion-flex-container.has-pattern-background.has-mask-background.breadcrumbs-container-div.nonhundred-percent-fullwidth.non-hundred-percent-height-scrolling.fusion-sticky-container.fusion-container-stuck.fusion-sticky-transition{\n    margin-left: -32px !important;\n    border-bottom: 1px solid lightgray;\n    margin-top:0px !important;\n}\n@media (min-width: 640px) and  (max-width:1024px){\n.fusion-fullwidth.fullwidth-box.fusion-builder-row-8.fusion-flex-container.has-pattern-background.has-mask-background.breadcrumbs-container-div.nonhundred-percent-fullwidth.non-hundred-percent-height-scrolling.fusion-sticky-container{\n    margin-top: 42px !important;\n}\n.fusion-fullwidth.fullwidth-box.fusion-builder-row-8.fusion-flex-container.has-pattern-background.has-mask-background.breadcrumbs-container-div.nonhundred-percent-fullwidth.non-hundred-percent-height-scrolling.fusion-sticky-container.fusion-container-stuck.fusion-sticky-transition {\n    padding-left: 32px !important;\n    border-bottom: 1px solid lightgray;\n    margin-top: 103px !important;\n    width:100% !important;\n}\n}\n@media (max-width: 640px) {\n.fusion-column-wrapper.fusion-column-has-shadow.fusion-flex-justify-content-space-between.fusion-content-layout-row.fusion-flex-align-items-center {\n   display: flex;\n}\n.fusion-fullwidth.fullwidth-box.fusion-builder-row-8.fusion-flex-container.has-pattern-background.has-mask-background.breadcrumbs-container-div.nonhundred-percent-fullwidth.non-hundred-percent-height-scrolling {\n    margin-top: 12px;\n    width: 100% !important;\n}\n#bar-siteMap{\ndisplay:flex;\nflex-direction: row;\njustify-content:start;\nalign-items:center;\n}\n.fusion-fullwidth.fullwidth-box.fusion-builder-row-8.fusion-flex-container.has-pattern-background.has-mask-background.breadcrumbs-container-div.nonhundred-percent-fullwidth.non-hundred-percent-height-scrolling.fusion-sticky-container.fusion-sticky-transition.fusion-container-stuck\n{\nmargin-right: -44px !important;\ntop: 132px !important;\nmargin-left:-16px !important;\nmargin-top:-6px !important;\n}\n.fusion-fullwidth.fullwidth-box.fusion-builder-row-8.fusion-flex-container.has-pattern-background.has-mask-background.breadcrumbs-container-div.nonhundred-percent-fullwidth.non-hundred-percent-height-scrolling.fusion-sticky-container.fusion-sticky-transition.fusion-container-stuck #bar-siteMap{\n padding-left: 20px;\n}\n}\n.breadcrumbs-separator-div{\nmin-width:100%;\nmax-width:100%;\nmargin: 0 -200px !important;\nborder-bottom:1px solid lightgray;\n}\n<\/style><\/div><\/div><\/div><div class=\"fusion-builder-row fusion-row fusion-flex-align-items-flex-start\" style=\"max-width:1288px;margin-left: calc(-0% \/ 2 );margin-right: calc(-0% \/ 2 );\"><\/div><\/div>\n<div class=\"fusion-fullwidth fullwidth-box fusion-builder-row-2 fusion-flex-container has-pattern-background has-mask-background container-site-max-width nonhundred-percent-fullwidth non-hundred-percent-height-scrolling fusion-no-small-visibility fusion-no-medium-visibility\" style=\"--awb-border-radius-top-left:0px;--awb-border-radius-top-right:0px;--awb-border-radius-bottom-right:0px;--awb-border-radius-bottom-left:0px;\" ><div class=\"fusion-builder-row fusion-row fusion-flex-align-items-flex-start\" style=\"max-width:1288px;margin-left: calc(-0% \/ 2 );margin-right: calc(-0% \/ 2 );\"><div class=\"fusion-layout-column fusion_builder_column fusion-builder-column-1 fusion_builder_column_1_4 1_4 fusion-flex-column container-menu-consultations\" style=\"--awb-bg-size:cover;--awb-width-large:25%;--awb-margin-top-large:64px;--awb-spacing-right-large:0%;--awb-margin-bottom-large:0px;--awb-spacing-left-large:0%;--awb-width-medium:25%;--awb-order-medium:0;--awb-spacing-right-medium:0%;--awb-spacing-left-medium:0%;--awb-width-small:100%;--awb-order-small:0;--awb-spacing-right-small:0%;--awb-spacing-left-small:0%;\"><div class=\"fusion-column-wrapper fusion-column-has-shadow fusion-flex-justify-content-flex-start fusion-content-layout-column\"><div class=\"fusion-builder-row fusion-builder-row-inner fusion-row fusion-flex-align-items-flex-start\" style=\"width:100% !important;max-width:100% !important;margin-left: calc(-0% \/ 2 );margin-right: calc(-0% \/ 2 );\"><div class=\"fusion-layout-column fusion_builder_column_inner fusion-builder-nested-column-0 fusion_builder_column_inner_1_1 1_1 fusion-flex-column menu-side-scrolling-full-page\" style=\"--awb-bg-size:cover;--awb-width-large:100%;--awb-margin-top-large:0px;--awb-spacing-right-large:0%;--awb-margin-bottom-large:0px;--awb-spacing-left-large:0%;--awb-width-medium:100%;--awb-order-medium:0;--awb-spacing-right-medium:0%;--awb-spacing-left-medium:0%;--awb-width-small:100%;--awb-order-small:0;--awb-spacing-right-small:0%;--awb-spacing-left-small:0%;\"><div class=\"fusion-column-wrapper fusion-column-has-shadow fusion-flex-justify-content-flex-start fusion-content-layout-column\"><div style=\"text-align:left;\"><a class=\"fusion-button button-flat fusion-button-default-size button-custom fusion-button-default button-1 fusion-button-default-span fusion-button-default-type btn-back-menu-side\" style=\"--button_accent_color:#007b88;--button_border_color:#007b88;--button_accent_hover_color:#007b88;--button_border_hover_color:#007b88;--button_gradient_angle:0deg;--button_gradient_end:0%;--button_gradient_top_color:#ffffff;--button_gradient_bottom_color:#ffffff;--button_gradient_top_color_hover:#ffffff;--button_gradient_bottom_color_hover:#ffffff;--button_font_size:14px;--button_line_height:29px;--button_typography-font-family:&quot;Noto Sans&quot;;--button_typography-font-style:normal;--button_typography-font-weight:400;\" target=\"_self\" href=\"http:\/\/www.ccdrc.pt\/pt\/areas-de-atuacao\/desenvolvimento-regional\/\"><i class=\"fa-arrow-left fas button-icon-left\" aria-hidden=\"true\"><\/i><span class=\"fusion-button-text\">Desenvolvimento Regional<\/span><\/a><\/div><div class=\"fusion-text fusion-text-1 fusion-text-no-margin\" style=\"--awb-font-size:16px;--awb-line-height:29px;--awb-text-color:#000000;--awb-margin-right:60px;--awb-margin-bottom:16px;--awb-text-font-family:&quot;Noto Sans&quot;;--awb-text-font-style:normal;--awb-text-font-weight:700;\"><p>Coopera\u00e7\u00e3o Territorial<\/p>\n<\/div><nav class=\"awb-menu awb-menu_column awb-menu_em-hover mobile-mode-collapse-to-button awb-menu_icons-left awb-menu_dc-yes mobile-trigger-fullwidth-off awb-menu_mobile-toggle awb-menu_indent-left mobile-size-full-absolute loading mega-menu-loading awb-menu_desktop awb-menu_dropdown awb-menu_expand-right awb-menu_transition-fade fusion-no-small-visibility fusion-no-medium-visibility\" style=\"--awb-main-justify-content:flex-start;--awb-mobile-justify:flex-start;--awb-mobile-caret-left:auto;--awb-mobile-caret-right:0;--awb-fusion-font-family-typography:inherit;--awb-fusion-font-style-typography:normal;--awb-fusion-font-weight-typography:400;--awb-fusion-font-family-submenu-typography:inherit;--awb-fusion-font-style-submenu-typography:normal;--awb-fusion-font-weight-submenu-typography:400;--awb-fusion-font-family-mobile-typography:inherit;--awb-fusion-font-style-mobile-typography:normal;--awb-fusion-font-weight-mobile-typography:400;\" aria-label=\"Menu\" data-breakpoint=\"1024\" data-count=\"0\" data-transition-type=\"fade\" data-transition-time=\"300\" id=\"menu-area\"><button type=\"button\" class=\"awb-menu__m-toggle awb-menu__m-toggle_no-text\" aria-expanded=\"false\" aria-controls=\"menu-territorial-cooperation\"><span class=\"awb-menu__m-toggle-inner\"><span class=\"collapsed-nav-text\"><span class=\"screen-reader-text\">Toggle Navigation<\/span><\/span><span class=\"awb-menu__m-collapse-icon awb-menu__m-collapse-icon_no-text\"><span class=\"awb-menu__m-collapse-icon-open awb-menu__m-collapse-icon-open_no-text fa-bars fas\"><\/span><span class=\"awb-menu__m-collapse-icon-close awb-menu__m-collapse-icon-close_no-text fa-times fas\"><\/span><\/span><\/span><\/button><ul id=\"menu-territorial-cooperation\" class=\"fusion-menu awb-menu__main-ul awb-menu__main-ul_column\"><li  id=\"menu-item-33024\"  class=\"menu-item menu-item-type-post_type menu-item-object-page menu-item-33024 awb-menu__li awb-menu__main-li awb-menu__main-li_regular\"  data-item-id=\"33024\"><span class=\"awb-menu__main-background-default awb-menu__main-background-default_fade\"><\/span><span class=\"awb-menu__main-background-active awb-menu__main-background-active_fade\"><\/span><a  href=\"https:\/\/www.ccdrc.pt\/pt\/areas-de-atuacao\/desenvolvimento-regional\/cooperacao-territorial\/\" class=\"awb-menu__main-a awb-menu__main-a_regular\"><span class=\"menu-text\">In\u00edcio<\/span><\/a><\/li><li  id=\"menu-item-33023\"  class=\"menu-item menu-item-type-post_type menu-item-object-page menu-item-33023 awb-menu__li awb-menu__main-li awb-menu__main-li_regular\"  data-item-id=\"33023\"><span class=\"awb-menu__main-background-default awb-menu__main-background-default_fade\"><\/span><span class=\"awb-menu__main-background-active awb-menu__main-background-active_fade\"><\/span><a  href=\"https:\/\/www.ccdrc.pt\/pt\/areas-de-atuacao\/desenvolvimento-regional\/cooperacao-territorial\/redes-e-parcerias-internacionais\/\" class=\"awb-menu__main-a awb-menu__main-a_regular\"><span class=\"menu-text\">Redes e parcerias internacionais<\/span><\/a><\/li><li  id=\"menu-item-33031\"  class=\"submenu menu-item menu-item-type-post_type menu-item-object-page menu-item-33031 awb-menu__li awb-menu__main-li awb-menu__main-li_regular\"  data-classes=\"submenu\" data-item-id=\"33031\"><span class=\"awb-menu__main-background-default awb-menu__main-background-default_fade\"><\/span><span class=\"awb-menu__main-background-active awb-menu__main-background-active_fade\"><\/span><a  href=\"https:\/\/www.ccdrc.pt\/pt\/areas-de-atuacao\/desenvolvimento-regional\/cooperacao-territorial\/redes-e-parcerias-internacionais\/cencyl-comunidade-de-trabalho-regiao-centro-castilla-y-leon\/\" class=\"awb-menu__main-a awb-menu__main-a_regular\"><span class=\"menu-text\">CenCyL: Comunidade de Trabalho Regi\u00e3o Centro \u2013 Castilla y Le\u00f3n<\/span><\/a><\/li><li  id=\"menu-item-33056\"  class=\"submenu menu-item menu-item-type-post_type menu-item-object-page menu-item-33056 awb-menu__li awb-menu__main-li awb-menu__main-li_regular\"  data-classes=\"submenu\" data-item-id=\"33056\"><span class=\"awb-menu__main-background-default awb-menu__main-background-default_fade\"><\/span><span class=\"awb-menu__main-background-active awb-menu__main-background-active_fade\"><\/span><a  href=\"https:\/\/www.ccdrc.pt\/pt\/areas-de-atuacao\/desenvolvimento-regional\/cooperacao-territorial\/redes-e-parcerias-internacionais\/git\/\" class=\"awb-menu__main-a awb-menu__main-a_regular\"><span class=\"menu-text\">GIT<\/span><\/a><\/li><li  id=\"menu-item-33061\"  class=\"submenu menu-item menu-item-type-post_type menu-item-object-page menu-item-33061 awb-menu__li awb-menu__main-li awb-menu__main-li_regular\"  data-classes=\"submenu\" data-item-id=\"33061\"><span class=\"awb-menu__main-background-default awb-menu__main-background-default_fade\"><\/span><span class=\"awb-menu__main-background-active awb-menu__main-background-active_fade\"><\/span><a  href=\"https:\/\/www.ccdrc.pt\/pt\/areas-de-atuacao\/desenvolvimento-regional\/cooperacao-territorial\/redes-e-parcerias-internacionais\/eurorregiao-alentejo-centro-extremadura-euroace\/\" class=\"awb-menu__main-a awb-menu__main-a_regular\"><span class=\"menu-text\">EUROACE: Eurorregi\u00e3o Alentejo-Centro-Extremadura<\/span><\/a><\/li><li  id=\"menu-item-33066\"  class=\"submenu menu-item menu-item-type-post_type menu-item-object-page menu-item-33066 awb-menu__li awb-menu__main-li awb-menu__main-li_regular\"  data-classes=\"submenu\" data-item-id=\"33066\"><span class=\"awb-menu__main-background-default awb-menu__main-background-default_fade\"><\/span><span class=\"awb-menu__main-background-active awb-menu__main-background-active_fade\"><\/span><a  href=\"https:\/\/www.ccdrc.pt\/pt\/areas-de-atuacao\/desenvolvimento-regional\/cooperacao-territorial\/redes-e-parcerias-internacionais\/conferencia-das-regioes-perifericas-maritimas-crpm\/\" class=\"awb-menu__main-a awb-menu__main-a_regular\"><span class=\"menu-text\">CRPM: Confer\u00eancia das Regi\u00f5es Perif\u00e9ricas Mar\u00edtimas<\/span><\/a><\/li><li  id=\"menu-item-33072\"  class=\"submenu menu-item menu-item-type-post_type menu-item-object-page menu-item-33072 awb-menu__li awb-menu__main-li awb-menu__main-li_regular\"  data-classes=\"submenu\" data-item-id=\"33072\"><span class=\"awb-menu__main-background-default awb-menu__main-background-default_fade\"><\/span><span class=\"awb-menu__main-background-active awb-menu__main-background-active_fade\"><\/span><a  href=\"https:\/\/www.ccdrc.pt\/pt\/areas-de-atuacao\/desenvolvimento-regional\/cooperacao-territorial\/redes-e-parcerias-internacionais\/comissao-arco-atlantico\/\" class=\"awb-menu__main-a awb-menu__main-a_regular\"><span class=\"menu-text\">CAA: Comiss\u00e3o Arco Atl\u00e2ntico<\/span><\/a><\/li><li  id=\"menu-item-33077\"  class=\"submenu menu-item menu-item-type-post_type menu-item-object-page menu-item-33077 awb-menu__li awb-menu__main-li awb-menu__main-li_regular\"  data-classes=\"submenu\" data-item-id=\"33077\"><span class=\"awb-menu__main-background-default awb-menu__main-background-default_fade\"><\/span><span class=\"awb-menu__main-background-active awb-menu__main-background-active_fade\"><\/span><a  href=\"https:\/\/www.ccdrc.pt\/pt\/areas-de-atuacao\/desenvolvimento-regional\/cooperacao-territorial\/redes-e-parcerias-internacionais\/resoe-macro-regiao-do-sudoeste-europeu\/\" class=\"awb-menu__main-a awb-menu__main-a_regular\"><span class=\"menu-text\">RESOE-Macro Regi\u00e3o do Sudoeste Europeu<\/span><\/a><\/li><li  id=\"menu-item-33086\"  class=\"submenu menu-item menu-item-type-post_type menu-item-object-page menu-item-33086 awb-menu__li awb-menu__main-li awb-menu__main-li_regular\"  data-classes=\"submenu\" data-item-id=\"33086\"><span class=\"awb-menu__main-background-default awb-menu__main-background-default_fade\"><\/span><span class=\"awb-menu__main-background-active awb-menu__main-background-active_fade\"><\/span><a  href=\"https:\/\/www.ccdrc.pt\/pt\/areas-de-atuacao\/desenvolvimento-regional\/cooperacao-territorial\/redes-e-parcerias-internacionais\/open-days\/\" class=\"awb-menu__main-a awb-menu__main-a_regular\"><span class=\"menu-text\">OPEN DAYS<\/span><\/a><\/li><li  id=\"menu-item-33022\"  class=\"menu-item menu-item-type-post_type menu-item-object-page menu-item-33022 awb-menu__li awb-menu__main-li awb-menu__main-li_regular\"  data-item-id=\"33022\"><span class=\"awb-menu__main-background-default awb-menu__main-background-default_fade\"><\/span><span class=\"awb-menu__main-background-active awb-menu__main-background-active_fade\"><\/span><a  href=\"https:\/\/www.ccdrc.pt\/pt\/areas-de-atuacao\/desenvolvimento-regional\/cooperacao-territorial\/programas-de-cooperacao-territorial\/\" class=\"awb-menu__main-a awb-menu__main-a_regular\"><span class=\"menu-text\">Programas de Coopera\u00e7\u00e3o Territorial<\/span><\/a><\/li><li  id=\"menu-item-33107\"  class=\"submenu menu-item menu-item-type-post_type menu-item-object-page menu-item-33107 awb-menu__li awb-menu__main-li awb-menu__main-li_regular\"  data-classes=\"submenu\" data-item-id=\"33107\"><span class=\"awb-menu__main-background-default awb-menu__main-background-default_fade\"><\/span><span class=\"awb-menu__main-background-active awb-menu__main-background-active_fade\"><\/span><a  href=\"https:\/\/www.ccdrc.pt\/pt\/areas-de-atuacao\/desenvolvimento-regional\/cooperacao-territorial\/programas-de-cooperacao-territorial\/iniciativa-comunitaria-interreg-iii-2000-2006\/\" class=\"awb-menu__main-a awb-menu__main-a_regular\"><span class=\"menu-text\">Iniciativa Comunit\u00e1ria INTERREG III (2000-2006)<\/span><\/a><\/li><li  id=\"menu-item-33118\"  class=\"submenu menu-item menu-item-type-post_type menu-item-object-page menu-item-33118 awb-menu__li awb-menu__main-li awb-menu__main-li_regular\"  data-classes=\"submenu\" data-item-id=\"33118\"><span class=\"awb-menu__main-background-default awb-menu__main-background-default_fade\"><\/span><span class=\"awb-menu__main-background-active awb-menu__main-background-active_fade\"><\/span><a  href=\"https:\/\/www.ccdrc.pt\/pt\/areas-de-atuacao\/desenvolvimento-regional\/cooperacao-territorial\/programas-de-cooperacao-territorial\/interreg-iiia-programa-de-cooperacao-transfronteirica-portugal-espanha\/\" class=\"awb-menu__main-a awb-menu__main-a_regular\"><span class=\"menu-text\">INTERREG IIIA \u2013 Programa de Coopera\u00e7\u00e3o Transfronteiri\u00e7a Portugal\/Espanha<\/span><\/a><\/li><li  id=\"menu-item-33110\"  class=\"submenu menu-item menu-item-type-post_type menu-item-object-page menu-item-33110 awb-menu__li awb-menu__main-li awb-menu__main-li_regular\"  data-classes=\"submenu\" data-item-id=\"33110\"><span class=\"awb-menu__main-background-default awb-menu__main-background-default_fade\"><\/span><span class=\"awb-menu__main-background-active awb-menu__main-background-active_fade\"><\/span><a  href=\"https:\/\/www.ccdrc.pt\/pt\/areas-de-atuacao\/desenvolvimento-regional\/cooperacao-territorial\/programas-de-cooperacao-territorial\/cooperacao-territorial-europeia-2007-2013\/\" class=\"awb-menu__main-a awb-menu__main-a_regular\"><span class=\"menu-text\">Coopera\u00e7\u00e3o Territorial Europeia 2007-2013<\/span><\/a><\/li><li  id=\"menu-item-33162\"  class=\"submenu menu-item menu-item-type-post_type menu-item-object-page menu-item-33162 awb-menu__li awb-menu__main-li awb-menu__main-li_regular\"  data-classes=\"submenu\" data-item-id=\"33162\"><span class=\"awb-menu__main-background-default awb-menu__main-background-default_fade\"><\/span><span class=\"awb-menu__main-background-active awb-menu__main-background-active_fade\"><\/span><a  href=\"https:\/\/www.ccdrc.pt\/pt\/areas-de-atuacao\/desenvolvimento-regional\/cooperacao-territorial\/programas-de-cooperacao-territorial\/poctep-programa-de-cooperacao-transfronteirica-portugal-espanha\/\" class=\"awb-menu__main-a awb-menu__main-a_regular\"><span class=\"menu-text\">POCTEP: Programa de Coopera\u00e7\u00e3o Transfronteiri\u00e7a Portugal\/Espanha<\/span><\/a><\/li><li  id=\"menu-item-33175\"  class=\"submenu menu-item menu-item-type-post_type menu-item-object-page menu-item-33175 awb-menu__li awb-menu__main-li awb-menu__main-li_regular\"  data-classes=\"submenu\" data-item-id=\"33175\"><span class=\"awb-menu__main-background-default awb-menu__main-background-default_fade\"><\/span><span class=\"awb-menu__main-background-active awb-menu__main-background-active_fade\"><\/span><a  href=\"https:\/\/www.ccdrc.pt\/pt\/areas-de-atuacao\/desenvolvimento-regional\/cooperacao-territorial\/programas-de-cooperacao-territorial\/sudoe-programa-de-cooperacao-transnacional-sudoeste-europeu\/\" class=\"awb-menu__main-a awb-menu__main-a_regular\"><span class=\"menu-text\">SUDOE: Programa de Coopera\u00e7\u00e3o Transnacional Sudoeste Europeu<\/span><\/a><\/li><li  id=\"menu-item-33180\"  class=\"submenu menu-item menu-item-type-post_type menu-item-object-page menu-item-33180 awb-menu__li awb-menu__main-li awb-menu__main-li_regular\"  data-classes=\"submenu\" data-item-id=\"33180\"><span class=\"awb-menu__main-background-default awb-menu__main-background-default_fade\"><\/span><span class=\"awb-menu__main-background-active awb-menu__main-background-active_fade\"><\/span><a  href=\"https:\/\/www.ccdrc.pt\/pt\/areas-de-atuacao\/desenvolvimento-regional\/cooperacao-territorial\/programas-de-cooperacao-territorial\/poctea-programa-de-cooperacao-transnacional-espaco-atlantico\/\" class=\"awb-menu__main-a awb-menu__main-a_regular\"><span class=\"menu-text\">POCTEA: Programa de Coopera\u00e7\u00e3o Transnacional Espa\u00e7o Atl\u00e2ntico<\/span><\/a><\/li><li  id=\"menu-item-33185\"  class=\"submenu menu-item menu-item-type-post_type menu-item-object-page menu-item-33185 awb-menu__li awb-menu__main-li awb-menu__main-li_regular\"  data-classes=\"submenu\" data-item-id=\"33185\"><span class=\"awb-menu__main-background-default awb-menu__main-background-default_fade\"><\/span><span class=\"awb-menu__main-background-active awb-menu__main-background-active_fade\"><\/span><a  href=\"https:\/\/www.ccdrc.pt\/pt\/areas-de-atuacao\/desenvolvimento-regional\/cooperacao-territorial\/programas-de-cooperacao-territorial\/interreg-iv-c\/\" class=\"awb-menu__main-a awb-menu__main-a_regular\"><span class=\"menu-text\">INTERREG IV C<\/span><\/a><\/li><li  id=\"menu-item-34232\"  class=\"submenu menu-item menu-item-type-post_type menu-item-object-page menu-item-34232 awb-menu__li awb-menu__main-li awb-menu__main-li_regular\"  data-classes=\"submenu\" data-item-id=\"34232\"><span class=\"awb-menu__main-background-default awb-menu__main-background-default_fade\"><\/span><span class=\"awb-menu__main-background-active awb-menu__main-background-active_fade\"><\/span><a  href=\"https:\/\/www.ccdrc.pt\/pt\/areas-de-atuacao\/desenvolvimento-regional\/cooperacao-territorial\/programas-de-cooperacao-territorial\/espon\/\" class=\"awb-menu__main-a awb-menu__main-a_regular\"><span class=\"menu-text\">ESPON<\/span><\/a><\/li><li  id=\"menu-item-34235\"  class=\"submenu menu-item menu-item-type-post_type menu-item-object-page menu-item-34235 awb-menu__li awb-menu__main-li awb-menu__main-li_regular\"  data-classes=\"submenu\" data-item-id=\"34235\"><span class=\"awb-menu__main-background-default awb-menu__main-background-default_fade\"><\/span><span class=\"awb-menu__main-background-active awb-menu__main-background-active_fade\"><\/span><a  href=\"https:\/\/www.ccdrc.pt\/pt\/areas-de-atuacao\/desenvolvimento-regional\/cooperacao-territorial\/programas-de-cooperacao-territorial\/interact\/\" class=\"awb-menu__main-a awb-menu__main-a_regular\"><span class=\"menu-text\">INTERACT<\/span><\/a><\/li><li  id=\"menu-item-34240\"  class=\"submenu menu-item menu-item-type-post_type menu-item-object-page menu-item-34240 awb-menu__li awb-menu__main-li awb-menu__main-li_regular\"  data-classes=\"submenu\" data-item-id=\"34240\"><span class=\"awb-menu__main-background-default awb-menu__main-background-default_fade\"><\/span><span class=\"awb-menu__main-background-active awb-menu__main-background-active_fade\"><\/span><a  href=\"https:\/\/www.ccdrc.pt\/pt\/areas-de-atuacao\/desenvolvimento-regional\/cooperacao-territorial\/programas-de-cooperacao-territorial\/urbact\/\" class=\"awb-menu__main-a awb-menu__main-a_regular\"><span class=\"menu-text\">URBACT<\/span><\/a><\/li><li  id=\"menu-item-33021\"  class=\"menu-item menu-item-type-post_type menu-item-object-page menu-item-33021 awb-menu__li awb-menu__main-li awb-menu__main-li_regular\"  data-item-id=\"33021\"><span class=\"awb-menu__main-background-default awb-menu__main-background-default_fade\"><\/span><span class=\"awb-menu__main-background-active awb-menu__main-background-active_fade\"><\/span><a  href=\"https:\/\/www.ccdrc.pt\/pt\/areas-de-atuacao\/desenvolvimento-regional\/cooperacao-territorial\/projectos-de-cooperacao-e-promocao\/\" class=\"awb-menu__main-a awb-menu__main-a_regular\"><span class=\"menu-text\">Projectos de Coopera\u00e7\u00e3o e Promo\u00e7\u00e3o<\/span><\/a><\/li><li  id=\"menu-item-34247\"  class=\"submenu menu-item menu-item-type-post_type menu-item-object-page menu-item-34247 awb-menu__li awb-menu__main-li awb-menu__main-li_regular\"  data-classes=\"submenu\" data-item-id=\"34247\"><span class=\"awb-menu__main-background-default awb-menu__main-background-default_fade\"><\/span><span class=\"awb-menu__main-background-active awb-menu__main-background-active_fade\"><\/span><a  href=\"https:\/\/www.ccdrc.pt\/pt\/areas-de-atuacao\/desenvolvimento-regional\/cooperacao-territorial\/projectos-de-cooperacao-e-promocao\/inter-reg-centro\/\" class=\"awb-menu__main-a awb-menu__main-a_regular\"><span class=\"menu-text\">Inter-Reg Centro<\/span><\/a><\/li><\/ul><\/nav><\/div><\/div><\/div><\/div><\/div><div class=\"fusion-layout-column fusion_builder_column fusion-builder-column-2 fusion_builder_column_3_4 3_4 fusion-flex-column\" style=\"--awb-bg-size:cover;--awb-width-large:75%;--awb-margin-top-large:88px;--awb-spacing-right-large:0%;--awb-margin-bottom-large:0px;--awb-spacing-left-large:0%;--awb-width-medium:75%;--awb-order-medium:0;--awb-spacing-right-medium:0%;--awb-spacing-left-medium:0%;--awb-width-small:100%;--awb-order-small:0;--awb-spacing-right-small:0%;--awb-spacing-left-small:0%;\"><div class=\"fusion-column-wrapper fusion-column-has-shadow fusion-flex-justify-content-flex-start fusion-content-layout-column\"><div class=\"fusion-text fusion-text-2 fusion-text-no-margin\" style=\"--awb-font-size:20px;--awb-line-height:36px;--awb-text-color:#595959;--awb-margin-bottom:4px;--awb-text-font-family:&quot;Noto Sans&quot;;--awb-text-font-style:normal;--awb-text-font-weight:400;\"><p>Programas de Coopera\u00e7\u00e3o Territorial<\/p>\n<\/div><div class=\"fusion-text fusion-text-3 fusion-text-no-margin\" style=\"--awb-font-size:32px;--awb-line-height:44px;--awb-text-color:#000000;--awb-margin-bottom:64px;--awb-text-font-family:&quot;Noto Sans&quot;;--awb-text-font-style:normal;--awb-text-font-weight:700;\"><h1 class=\"page-h1\">Coopera\u00e7\u00e3o Territorial Europeia 2007-2013<\/h1>\n<\/div><div class=\"fusion-text fusion-text-4 content-article\"><div data-post-id=\"15587\" class=\"insert-page insert-page-15587 \"><div class=\"fusion-fullwidth fullwidth-box fusion-builder-row-2-1 fusion-flex-container nonhundred-percent-fullwidth non-hundred-percent-height-scrolling\" style=\"--awb-border-radius-top-left:0px;--awb-border-radius-top-right:0px;--awb-border-radius-bottom-right:0px;--awb-border-radius-bottom-left:0px;\" ><div class=\"fusion-builder-row fusion-row fusion-flex-align-items-flex-start\" style=\"width:100% !important;max-width:100% !important;margin-left: calc(-0% \/ 2 );margin-right: calc(-0% \/ 2 );\"><div class=\"fusion-layout-column fusion_builder_column fusion-builder-column-3 fusion_builder_column_1_1 1_1 fusion-flex-column\" style=\"--awb-bg-size:cover;--awb-width-large:100%;--awb-margin-top-large:0px;--awb-spacing-right-large:0%;--awb-margin-bottom-large:0px;--awb-spacing-left-large:0%;--awb-width-medium:100%;--awb-spacing-right-medium:0%;--awb-spacing-left-medium:0%;--awb-width-small:100%;--awb-spacing-right-small:0%;--awb-spacing-left-small:0%;\"><div class=\"fusion-column-wrapper fusion-flex-justify-content-flex-start fusion-content-layout-column\"><div class=\"fusion-text fusion-text-4\"><p style=\"text-align: justify;\">A consagra\u00e7\u00e3o da Coopera\u00e7\u00e3o Territorial como um dos objectivos centrais da pol\u00edtica de coes\u00e3o europeia ficou expressa nos regulamentos relativos aos Fundos Estruturais, em particular o REG (CE) 1083\/2006, de 11 de Julho (disposi\u00e7\u00f5es gerais) e o REG (CE) 1080\/2006, de 5 de Julho (disposi\u00e7\u00f5es relativas ao FEDER).<\/p>\n<p style=\"text-align: justify;\">Ficaram tamb\u00e9m consagradas as tr\u00eas vertentes de coopera\u00e7\u00e3o (transfronteiri\u00e7a, transnacional e interregional) e os programas que envolvem a Regi\u00e3o Centro:<\/p>\n<p style=\"text-align: justify;\"><strong>Coopera\u00e7\u00e3o transfronteiri\u00e7a:<\/strong> desenvolvimento de actividades econ\u00f3micas, sociais e ambientais atrav\u00e9s de estrat\u00e9gias conjuntas nos territ\u00f3rios de fronteira da Uni\u00e3o Europeia.<\/p>\n<div style=\"text-align: justify;\">\n<ul>\n<li><a class=\"external_link\" href=\"http:\/\/www.ccdrc.pt\/pt\/areas-de-atuacao\/desenvolvimento-regional\/cooperacao-territorial\/programas-de-cooperacao-territorial\/poctep-programa-de-cooperacao-transfronteirica-portugal-espanha\/\">POCTEP &#8211; Programa de Coopera\u00e7\u00e3o Transfronteiri\u00e7a Portugal\/Espanha 2007-2013<\/a><\/li>\n<\/ul>\n<\/div>\n<p style=\"text-align: justify;\"><strong>Coopera\u00e7\u00e3o transnacional: <\/strong>integra\u00e7\u00e3o territorial em grandes grupos de regi\u00f5es europeias para alcan\u00e7ar um desenvolvimento sustent\u00e1vel, harmonioso e equilibrado na Uni\u00e3o Europeia.<\/p>\n<div style=\"text-align: justify;\">\n<ul>\n<li><a class=\"external_link\" href=\"http:\/\/www.ccdrc.pt\/pt\/areas-de-atuacao\/desenvolvimento-regional\/cooperacao-territorial\/programas-de-cooperacao-territorial\/sudoe-programa-de-cooperacao-transnacional-sudoeste-europeu\/\">SUDOE &#8211; Programa de Coopera\u00e7\u00e3o Transnacional Sudoeste Europeu 2007-2013<\/a><\/li>\n<li><a class=\"external_link\" href=\"http:\/\/www.ccdrc.pt\/pt\/areas-de-atuacao\/desenvolvimento-regional\/cooperacao-territorial\/programas-de-cooperacao-territorial\/poctea-programa-de-cooperacao-transnacional-espaco-atlantico\/\">POCTEA &#8211; Programa de Coopera\u00e7\u00e3o Transnacional Espa\u00e7o Atl\u00e2ntico 2007-2013<\/a><\/li>\n<\/ul>\n<\/div>\n<p style=\"text-align: justify;\"><strong>Coopera\u00e7\u00e3o interregional: <\/strong>promo\u00e7\u00e3o da efici\u00eancia da pol\u00edtica regional atrav\u00e9s da coopera\u00e7\u00e3o, da cria\u00e7\u00e3o de redes e da troca de experi\u00eancias entre entidades regionais e locais, em todo o espa\u00e7o da Uni\u00e3o Europeia.<\/p>\n<div style=\"text-align: justify;\">\n<ul>\n<li style=\"text-align: left;\"><a class=\"external_link\" href=\"http:\/\/www.ccdrc.pt\/pt\/areas-de-atuacao\/desenvolvimento-regional\/cooperacao-territorial\/programas-de-cooperacao-territorial\/interreg-iv-c\/\">INTERREG IV C<\/a><\/li>\n<li style=\"text-align: left;\"><a class=\"external_link\" href=\"http:\/\/www.ccdrc.pt\/pt\/areas-de-atuacao\/desenvolvimento-regional\/cooperacao-territorial\/programas-de-cooperacao-territorial\/espon\/\">ESPON<\/a> (dedicado \u00e0 realiza\u00e7\u00e3o de estudos nos dom\u00ednios do ordenamento do territ\u00f3rio e do seu desenvolvimento coeso e sustentado)<\/li>\n<li style=\"text-align: left;\"><a class=\"external_link\" href=\"http:\/\/www.ccdrc.pt\/pt\/areas-de-atuacao\/desenvolvimento-regional\/cooperacao-territorial\/programas-de-cooperacao-territorial\/interact\/\">INTERACT<\/a> (dedicado \u00e0s quest\u00f5es da boa governa\u00e7\u00e3o dos programas de coopera\u00e7\u00e3o territorial)<\/li>\n<li style=\"text-align: left;\"><a class=\"external_link\" href=\"http:\/\/www.ccdrc.pt\/pt\/areas-de-atuacao\/desenvolvimento-regional\/cooperacao-territorial\/programas-de-cooperacao-territorial\/urbact\/\">URBACT<\/a> (para a promo\u00e7\u00e3o de interc\u00e2mbios entre cidades sobre o tema do desenvolvimento urbano integrado)<\/li>\n<\/ul>\n<\/div>\n<\/div><\/div><\/div><\/div><\/div>\n<\/div>\n<\/div><\/div><\/div><\/div><\/div><div class=\"fusion-fullwidth fullwidth-box fusion-builder-row-3 fusion-flex-container has-pattern-background has-mask-background nonhundred-percent-fullwidth non-hundred-percent-height-scrolling fusion-no-small-visibility fusion-no-medium-visibility\" style=\"--awb-border-radius-top-left:0px;--awb-border-radius-top-right:0px;--awb-border-radius-bottom-right:0px;--awb-border-radius-bottom-left:0px;--awb-margin-bottom:140px;\" id=\"to-stop-fixed-menu-desktop\" ><div class=\"fusion-builder-row fusion-row fusion-flex-align-items-flex-start\" style=\"max-width:1288px;margin-left: calc(-0% \/ 2 );margin-right: calc(-0% \/ 2 );\"><div class=\"fusion-layout-column fusion_builder_column fusion-builder-column-4 fusion_builder_column_1_1 1_1 fusion-flex-column\" style=\"--awb-bg-size:cover;--awb-width-large:100%;--awb-margin-top-large:0px;--awb-spacing-right-large:0%;--awb-margin-bottom-large:0px;--awb-spacing-left-large:0%;--awb-width-medium:100%;--awb-order-medium:0;--awb-spacing-right-medium:0%;--awb-spacing-left-medium:0%;--awb-width-small:100%;--awb-order-small:0;--awb-spacing-right-small:0%;--awb-spacing-left-small:0%;\"><div class=\"fusion-column-wrapper fusion-column-has-shadow fusion-flex-justify-content-flex-start fusion-content-layout-column\"><\/div><\/div><\/div><\/div><div class=\"fusion-fullwidth fullwidth-box fusion-builder-row-4 fusion-flex-container has-pattern-background has-mask-background have-parent-siteMap nonhundred-percent-fullwidth non-hundred-percent-height-scrolling fusion-no-large-visibility\" style=\"--awb-border-radius-top-left:0px;--awb-border-radius-top-right:0px;--awb-border-radius-bottom-right:0px;--awb-border-radius-bottom-left:0px;\" id=\"container-menu-area-noDesktop\" ><div class=\"fusion-builder-row fusion-row fusion-flex-align-items-flex-start\" style=\"max-width:1288px;margin-left: calc(-0% \/ 2 );margin-right: calc(-0% \/ 2 );\"><div class=\"fusion-layout-column fusion_builder_column fusion-builder-column-5 fusion_builder_column_1_1 1_1 fusion-flex-column container-menu-consultations\" style=\"--awb-bg-size:cover;--awb-width-large:100%;--awb-margin-top-large:0px;--awb-spacing-right-large:0%;--awb-margin-bottom-large:0px;--awb-spacing-left-large:0%;--awb-width-medium:100%;--awb-order-medium:0;--awb-spacing-right-medium:0%;--awb-spacing-left-medium:0%;--awb-width-small:100%;--awb-order-small:0;--awb-spacing-right-small:0%;--awb-spacing-left-small:0%;\"><div class=\"fusion-column-wrapper fusion-column-has-shadow fusion-flex-justify-content-flex-start fusion-content-layout-column\"><nav class=\"awb-menu awb-menu_column awb-menu_em-hover mobile-mode-collapse-to-button awb-menu_icons-left awb-menu_dc-yes mobile-trigger-fullwidth-on awb-menu_mobile-toggle awb-menu_indent-left awb-menu_mt-fullwidth mobile-size-full-absolute loading mega-menu-loading awb-menu_desktop awb-menu_dropdown awb-menu_expand-right awb-menu_transition-fade fusion-no-small-visibility fusion-no-large-visibility menu-area-tablet\" style=\"--awb-font-size:18px;--awb-line-height:30px;--awb-transition-time:100;--awb-color:#000000;--awb-active-color:#000000;--awb-submenu-font-size:18px;--awb-submenu-line-height:30px;--awb-main-justify-content:flex-start;--awb-mobile-color:#000000;--awb-trigger-padding-top:26px;--awb-trigger-padding-right:0px;--awb-trigger-padding-bottom:22px;--awb-trigger-padding-left:0px;--awb-mobile-trigger-color:#000000;--awb-mobile-trigger-background-color:#f5f5f5;--awb-mobile-justify:flex-start;--awb-mobile-caret-left:auto;--awb-mobile-caret-right:0;--awb-fusion-font-family-typography:inherit;--awb-fusion-font-style-typography:normal;--awb-fusion-font-weight-typography:400;--awb-fusion-font-family-submenu-typography:inherit;--awb-fusion-font-style-submenu-typography:normal;--awb-fusion-font-weight-submenu-typography:400;--awb-fusion-font-family-mobile-typography:inherit;--awb-fusion-font-style-mobile-typography:normal;--awb-fusion-font-weight-mobile-typography:400;\" aria-label=\"Menu\" data-breakpoint=\"1024\" data-count=\"1\" data-transition-type=\"fade\" data-transition-time=\"100\"><button type=\"button\" class=\"awb-menu__m-toggle\" aria-expanded=\"false\" aria-controls=\"menu-territorial-cooperation\"><span class=\"awb-menu__m-toggle-inner\"><span class=\"collapsed-nav-text\">Coopera\u00e7\u00e3o Territorial<\/span><span class=\"awb-menu__m-collapse-icon\"><span class=\"awb-menu__m-collapse-icon-open fa-angle-down fas\"><\/span><span class=\"awb-menu__m-collapse-icon-close fa-times fas\"><\/span><\/span><\/span><\/button><ul id=\"menu-territorial-cooperation-1\" class=\"fusion-menu awb-menu__main-ul awb-menu__main-ul_column\"><li   class=\"menu-item menu-item-type-post_type menu-item-object-page menu-item-33024 awb-menu__li awb-menu__main-li awb-menu__main-li_regular\"  data-item-id=\"33024\"><span class=\"awb-menu__main-background-default awb-menu__main-background-default_fade\"><\/span><span class=\"awb-menu__main-background-active awb-menu__main-background-active_fade\"><\/span><a  href=\"https:\/\/www.ccdrc.pt\/pt\/areas-de-atuacao\/desenvolvimento-regional\/cooperacao-territorial\/\" class=\"awb-menu__main-a awb-menu__main-a_regular\"><span class=\"menu-text\">In\u00edcio<\/span><\/a><\/li><li   class=\"menu-item menu-item-type-post_type menu-item-object-page menu-item-33023 awb-menu__li awb-menu__main-li awb-menu__main-li_regular\"  data-item-id=\"33023\"><span class=\"awb-menu__main-background-default awb-menu__main-background-default_fade\"><\/span><span class=\"awb-menu__main-background-active awb-menu__main-background-active_fade\"><\/span><a  href=\"https:\/\/www.ccdrc.pt\/pt\/areas-de-atuacao\/desenvolvimento-regional\/cooperacao-territorial\/redes-e-parcerias-internacionais\/\" class=\"awb-menu__main-a awb-menu__main-a_regular\"><span class=\"menu-text\">Redes e parcerias internacionais<\/span><\/a><\/li><li   class=\"submenu menu-item menu-item-type-post_type menu-item-object-page menu-item-33031 awb-menu__li awb-menu__main-li awb-menu__main-li_regular\"  data-classes=\"submenu\" data-item-id=\"33031\"><span class=\"awb-menu__main-background-default awb-menu__main-background-default_fade\"><\/span><span class=\"awb-menu__main-background-active awb-menu__main-background-active_fade\"><\/span><a  href=\"https:\/\/www.ccdrc.pt\/pt\/areas-de-atuacao\/desenvolvimento-regional\/cooperacao-territorial\/redes-e-parcerias-internacionais\/cencyl-comunidade-de-trabalho-regiao-centro-castilla-y-leon\/\" class=\"awb-menu__main-a awb-menu__main-a_regular\"><span class=\"menu-text\">CenCyL: Comunidade de Trabalho Regi\u00e3o Centro \u2013 Castilla y Le\u00f3n<\/span><\/a><\/li><li   class=\"submenu menu-item menu-item-type-post_type menu-item-object-page menu-item-33056 awb-menu__li awb-menu__main-li awb-menu__main-li_regular\"  data-classes=\"submenu\" data-item-id=\"33056\"><span class=\"awb-menu__main-background-default awb-menu__main-background-default_fade\"><\/span><span class=\"awb-menu__main-background-active awb-menu__main-background-active_fade\"><\/span><a  href=\"https:\/\/www.ccdrc.pt\/pt\/areas-de-atuacao\/desenvolvimento-regional\/cooperacao-territorial\/redes-e-parcerias-internacionais\/git\/\" class=\"awb-menu__main-a awb-menu__main-a_regular\"><span class=\"menu-text\">GIT<\/span><\/a><\/li><li   class=\"submenu menu-item menu-item-type-post_type menu-item-object-page menu-item-33061 awb-menu__li awb-menu__main-li awb-menu__main-li_regular\"  data-classes=\"submenu\" data-item-id=\"33061\"><span class=\"awb-menu__main-background-default awb-menu__main-background-default_fade\"><\/span><span class=\"awb-menu__main-background-active awb-menu__main-background-active_fade\"><\/span><a  href=\"https:\/\/www.ccdrc.pt\/pt\/areas-de-atuacao\/desenvolvimento-regional\/cooperacao-territorial\/redes-e-parcerias-internacionais\/eurorregiao-alentejo-centro-extremadura-euroace\/\" class=\"awb-menu__main-a awb-menu__main-a_regular\"><span class=\"menu-text\">EUROACE: Eurorregi\u00e3o Alentejo-Centro-Extremadura<\/span><\/a><\/li><li   class=\"submenu menu-item menu-item-type-post_type menu-item-object-page menu-item-33066 awb-menu__li awb-menu__main-li awb-menu__main-li_regular\"  data-classes=\"submenu\" data-item-id=\"33066\"><span class=\"awb-menu__main-background-default awb-menu__main-background-default_fade\"><\/span><span class=\"awb-menu__main-background-active awb-menu__main-background-active_fade\"><\/span><a  href=\"https:\/\/www.ccdrc.pt\/pt\/areas-de-atuacao\/desenvolvimento-regional\/cooperacao-territorial\/redes-e-parcerias-internacionais\/conferencia-das-regioes-perifericas-maritimas-crpm\/\" class=\"awb-menu__main-a awb-menu__main-a_regular\"><span class=\"menu-text\">CRPM: Confer\u00eancia das Regi\u00f5es Perif\u00e9ricas Mar\u00edtimas<\/span><\/a><\/li><li   class=\"submenu menu-item menu-item-type-post_type menu-item-object-page menu-item-33072 awb-menu__li awb-menu__main-li awb-menu__main-li_regular\"  data-classes=\"submenu\" data-item-id=\"33072\"><span class=\"awb-menu__main-background-default awb-menu__main-background-default_fade\"><\/span><span class=\"awb-menu__main-background-active awb-menu__main-background-active_fade\"><\/span><a  href=\"https:\/\/www.ccdrc.pt\/pt\/areas-de-atuacao\/desenvolvimento-regional\/cooperacao-territorial\/redes-e-parcerias-internacionais\/comissao-arco-atlantico\/\" class=\"awb-menu__main-a awb-menu__main-a_regular\"><span class=\"menu-text\">CAA: Comiss\u00e3o Arco Atl\u00e2ntico<\/span><\/a><\/li><li   class=\"submenu menu-item menu-item-type-post_type menu-item-object-page menu-item-33077 awb-menu__li awb-menu__main-li awb-menu__main-li_regular\"  data-classes=\"submenu\" data-item-id=\"33077\"><span class=\"awb-menu__main-background-default awb-menu__main-background-default_fade\"><\/span><span class=\"awb-menu__main-background-active awb-menu__main-background-active_fade\"><\/span><a  href=\"https:\/\/www.ccdrc.pt\/pt\/areas-de-atuacao\/desenvolvimento-regional\/cooperacao-territorial\/redes-e-parcerias-internacionais\/resoe-macro-regiao-do-sudoeste-europeu\/\" class=\"awb-menu__main-a awb-menu__main-a_regular\"><span class=\"menu-text\">RESOE-Macro Regi\u00e3o do Sudoeste Europeu<\/span><\/a><\/li><li   class=\"submenu menu-item menu-item-type-post_type menu-item-object-page menu-item-33086 awb-menu__li awb-menu__main-li awb-menu__main-li_regular\"  data-classes=\"submenu\" data-item-id=\"33086\"><span class=\"awb-menu__main-background-default awb-menu__main-background-default_fade\"><\/span><span class=\"awb-menu__main-background-active awb-menu__main-background-active_fade\"><\/span><a  href=\"https:\/\/www.ccdrc.pt\/pt\/areas-de-atuacao\/desenvolvimento-regional\/cooperacao-territorial\/redes-e-parcerias-internacionais\/open-days\/\" class=\"awb-menu__main-a awb-menu__main-a_regular\"><span class=\"menu-text\">OPEN DAYS<\/span><\/a><\/li><li   class=\"menu-item menu-item-type-post_type menu-item-object-page menu-item-33022 awb-menu__li awb-menu__main-li awb-menu__main-li_regular\"  data-item-id=\"33022\"><span class=\"awb-menu__main-background-default awb-menu__main-background-default_fade\"><\/span><span class=\"awb-menu__main-background-active awb-menu__main-background-active_fade\"><\/span><a  href=\"https:\/\/www.ccdrc.pt\/pt\/areas-de-atuacao\/desenvolvimento-regional\/cooperacao-territorial\/programas-de-cooperacao-territorial\/\" class=\"awb-menu__main-a awb-menu__main-a_regular\"><span class=\"menu-text\">Programas de Coopera\u00e7\u00e3o Territorial<\/span><\/a><\/li><li   class=\"submenu menu-item menu-item-type-post_type menu-item-object-page menu-item-33107 awb-menu__li awb-menu__main-li awb-menu__main-li_regular\"  data-classes=\"submenu\" data-item-id=\"33107\"><span class=\"awb-menu__main-background-default awb-menu__main-background-default_fade\"><\/span><span class=\"awb-menu__main-background-active awb-menu__main-background-active_fade\"><\/span><a  href=\"https:\/\/www.ccdrc.pt\/pt\/areas-de-atuacao\/desenvolvimento-regional\/cooperacao-territorial\/programas-de-cooperacao-territorial\/iniciativa-comunitaria-interreg-iii-2000-2006\/\" class=\"awb-menu__main-a awb-menu__main-a_regular\"><span class=\"menu-text\">Iniciativa Comunit\u00e1ria INTERREG III (2000-2006)<\/span><\/a><\/li><li   class=\"submenu menu-item menu-item-type-post_type menu-item-object-page menu-item-33118 awb-menu__li awb-menu__main-li awb-menu__main-li_regular\"  data-classes=\"submenu\" data-item-id=\"33118\"><span class=\"awb-menu__main-background-default awb-menu__main-background-default_fade\"><\/span><span class=\"awb-menu__main-background-active awb-menu__main-background-active_fade\"><\/span><a  href=\"https:\/\/www.ccdrc.pt\/pt\/areas-de-atuacao\/desenvolvimento-regional\/cooperacao-territorial\/programas-de-cooperacao-territorial\/interreg-iiia-programa-de-cooperacao-transfronteirica-portugal-espanha\/\" class=\"awb-menu__main-a awb-menu__main-a_regular\"><span class=\"menu-text\">INTERREG IIIA \u2013 Programa de Coopera\u00e7\u00e3o Transfronteiri\u00e7a Portugal\/Espanha<\/span><\/a><\/li><li   class=\"submenu menu-item menu-item-type-post_type menu-item-object-page menu-item-33110 awb-menu__li awb-menu__main-li awb-menu__main-li_regular\"  data-classes=\"submenu\" data-item-id=\"33110\"><span class=\"awb-menu__main-background-default awb-menu__main-background-default_fade\"><\/span><span class=\"awb-menu__main-background-active awb-menu__main-background-active_fade\"><\/span><a  href=\"https:\/\/www.ccdrc.pt\/pt\/areas-de-atuacao\/desenvolvimento-regional\/cooperacao-territorial\/programas-de-cooperacao-territorial\/cooperacao-territorial-europeia-2007-2013\/\" class=\"awb-menu__main-a awb-menu__main-a_regular\"><span class=\"menu-text\">Coopera\u00e7\u00e3o Territorial Europeia 2007-2013<\/span><\/a><\/li><li   class=\"submenu menu-item menu-item-type-post_type menu-item-object-page menu-item-33162 awb-menu__li awb-menu__main-li awb-menu__main-li_regular\"  data-classes=\"submenu\" data-item-id=\"33162\"><span class=\"awb-menu__main-background-default awb-menu__main-background-default_fade\"><\/span><span class=\"awb-menu__main-background-active awb-menu__main-background-active_fade\"><\/span><a  href=\"https:\/\/www.ccdrc.pt\/pt\/areas-de-atuacao\/desenvolvimento-regional\/cooperacao-territorial\/programas-de-cooperacao-territorial\/poctep-programa-de-cooperacao-transfronteirica-portugal-espanha\/\" class=\"awb-menu__main-a awb-menu__main-a_regular\"><span class=\"menu-text\">POCTEP: Programa de Coopera\u00e7\u00e3o Transfronteiri\u00e7a Portugal\/Espanha<\/span><\/a><\/li><li   class=\"submenu menu-item menu-item-type-post_type menu-item-object-page menu-item-33175 awb-menu__li awb-menu__main-li awb-menu__main-li_regular\"  data-classes=\"submenu\" data-item-id=\"33175\"><span class=\"awb-menu__main-background-default awb-menu__main-background-default_fade\"><\/span><span class=\"awb-menu__main-background-active awb-menu__main-background-active_fade\"><\/span><a  href=\"https:\/\/www.ccdrc.pt\/pt\/areas-de-atuacao\/desenvolvimento-regional\/cooperacao-territorial\/programas-de-cooperacao-territorial\/sudoe-programa-de-cooperacao-transnacional-sudoeste-europeu\/\" class=\"awb-menu__main-a awb-menu__main-a_regular\"><span class=\"menu-text\">SUDOE: Programa de Coopera\u00e7\u00e3o Transnacional Sudoeste Europeu<\/span><\/a><\/li><li   class=\"submenu menu-item menu-item-type-post_type menu-item-object-page menu-item-33180 awb-menu__li awb-menu__main-li awb-menu__main-li_regular\"  data-classes=\"submenu\" data-item-id=\"33180\"><span class=\"awb-menu__main-background-default awb-menu__main-background-default_fade\"><\/span><span class=\"awb-menu__main-background-active awb-menu__main-background-active_fade\"><\/span><a  href=\"https:\/\/www.ccdrc.pt\/pt\/areas-de-atuacao\/desenvolvimento-regional\/cooperacao-territorial\/programas-de-cooperacao-territorial\/poctea-programa-de-cooperacao-transnacional-espaco-atlantico\/\" class=\"awb-menu__main-a awb-menu__main-a_regular\"><span class=\"menu-text\">POCTEA: Programa de Coopera\u00e7\u00e3o Transnacional Espa\u00e7o Atl\u00e2ntico<\/span><\/a><\/li><li   class=\"submenu menu-item menu-item-type-post_type menu-item-object-page menu-item-33185 awb-menu__li awb-menu__main-li awb-menu__main-li_regular\"  data-classes=\"submenu\" data-item-id=\"33185\"><span class=\"awb-menu__main-background-default awb-menu__main-background-default_fade\"><\/span><span class=\"awb-menu__main-background-active awb-menu__main-background-active_fade\"><\/span><a  href=\"https:\/\/www.ccdrc.pt\/pt\/areas-de-atuacao\/desenvolvimento-regional\/cooperacao-territorial\/programas-de-cooperacao-territorial\/interreg-iv-c\/\" class=\"awb-menu__main-a awb-menu__main-a_regular\"><span class=\"menu-text\">INTERREG IV C<\/span><\/a><\/li><li   class=\"submenu menu-item menu-item-type-post_type menu-item-object-page menu-item-34232 awb-menu__li awb-menu__main-li awb-menu__main-li_regular\"  data-classes=\"submenu\" data-item-id=\"34232\"><span class=\"awb-menu__main-background-default awb-menu__main-background-default_fade\"><\/span><span class=\"awb-menu__main-background-active awb-menu__main-background-active_fade\"><\/span><a  href=\"https:\/\/www.ccdrc.pt\/pt\/areas-de-atuacao\/desenvolvimento-regional\/cooperacao-territorial\/programas-de-cooperacao-territorial\/espon\/\" class=\"awb-menu__main-a awb-menu__main-a_regular\"><span class=\"menu-text\">ESPON<\/span><\/a><\/li><li   class=\"submenu menu-item menu-item-type-post_type menu-item-object-page menu-item-34235 awb-menu__li awb-menu__main-li awb-menu__main-li_regular\"  data-classes=\"submenu\" data-item-id=\"34235\"><span class=\"awb-menu__main-background-default awb-menu__main-background-default_fade\"><\/span><span class=\"awb-menu__main-background-active awb-menu__main-background-active_fade\"><\/span><a  href=\"https:\/\/www.ccdrc.pt\/pt\/areas-de-atuacao\/desenvolvimento-regional\/cooperacao-territorial\/programas-de-cooperacao-territorial\/interact\/\" class=\"awb-menu__main-a awb-menu__main-a_regular\"><span class=\"menu-text\">INTERACT<\/span><\/a><\/li><li   class=\"submenu menu-item menu-item-type-post_type menu-item-object-page menu-item-34240 awb-menu__li awb-menu__main-li awb-menu__main-li_regular\"  data-classes=\"submenu\" data-item-id=\"34240\"><span class=\"awb-menu__main-background-default awb-menu__main-background-default_fade\"><\/span><span class=\"awb-menu__main-background-active awb-menu__main-background-active_fade\"><\/span><a  href=\"https:\/\/www.ccdrc.pt\/pt\/areas-de-atuacao\/desenvolvimento-regional\/cooperacao-territorial\/programas-de-cooperacao-territorial\/urbact\/\" class=\"awb-menu__main-a awb-menu__main-a_regular\"><span class=\"menu-text\">URBACT<\/span><\/a><\/li><li   class=\"menu-item menu-item-type-post_type menu-item-object-page menu-item-33021 awb-menu__li awb-menu__main-li awb-menu__main-li_regular\"  data-item-id=\"33021\"><span class=\"awb-menu__main-background-default awb-menu__main-background-default_fade\"><\/span><span class=\"awb-menu__main-background-active awb-menu__main-background-active_fade\"><\/span><a  href=\"https:\/\/www.ccdrc.pt\/pt\/areas-de-atuacao\/desenvolvimento-regional\/cooperacao-territorial\/projectos-de-cooperacao-e-promocao\/\" class=\"awb-menu__main-a awb-menu__main-a_regular\"><span class=\"menu-text\">Projectos de Coopera\u00e7\u00e3o e Promo\u00e7\u00e3o<\/span><\/a><\/li><li   class=\"submenu menu-item menu-item-type-post_type menu-item-object-page menu-item-34247 awb-menu__li awb-menu__main-li awb-menu__main-li_regular\"  data-classes=\"submenu\" data-item-id=\"34247\"><span class=\"awb-menu__main-background-default awb-menu__main-background-default_fade\"><\/span><span class=\"awb-menu__main-background-active awb-menu__main-background-active_fade\"><\/span><a  href=\"https:\/\/www.ccdrc.pt\/pt\/areas-de-atuacao\/desenvolvimento-regional\/cooperacao-territorial\/projectos-de-cooperacao-e-promocao\/inter-reg-centro\/\" class=\"awb-menu__main-a awb-menu__main-a_regular\"><span class=\"menu-text\">Inter-Reg Centro<\/span><\/a><\/li><\/ul><\/nav><nav class=\"awb-menu awb-menu_column awb-menu_em-hover mobile-mode-collapse-to-button awb-menu_icons-left awb-menu_dc-yes mobile-trigger-fullwidth-on awb-menu_mobile-toggle awb-menu_indent-left awb-menu_mt-fullwidth mobile-size-full-absolute loading mega-menu-loading awb-menu_desktop awb-menu_dropdown awb-menu_expand-right awb-menu_transition-fade fusion-no-medium-visibility fusion-no-large-visibility menu-area-mobile\" style=\"--awb-line-height:29px;--awb-transition-time:100;--awb-color:#000000;--awb-active-color:#000000;--awb-submenu-font-size:16px;--awb-submenu-line-height:20px;--awb-main-justify-content:flex-start;--awb-mobile-color:#000000;--awb-trigger-padding-top:17px;--awb-trigger-padding-right:0px;--awb-trigger-padding-bottom:17px;--awb-trigger-padding-left:0px;--awb-mobile-trigger-color:#000000;--awb-mobile-trigger-background-color:#f5f5f5;--awb-mobile-justify:flex-start;--awb-mobile-caret-left:auto;--awb-mobile-caret-right:0;--awb-fusion-font-family-typography:inherit;--awb-fusion-font-style-typography:normal;--awb-fusion-font-weight-typography:400;--awb-fusion-font-family-submenu-typography:inherit;--awb-fusion-font-style-submenu-typography:normal;--awb-fusion-font-weight-submenu-typography:400;--awb-fusion-font-family-mobile-typography:inherit;--awb-fusion-font-style-mobile-typography:normal;--awb-fusion-font-weight-mobile-typography:400;\" aria-label=\"Menu\" data-breakpoint=\"1024\" data-count=\"2\" data-transition-type=\"fade\" data-transition-time=\"100\"><button type=\"button\" class=\"awb-menu__m-toggle\" aria-expanded=\"false\" aria-controls=\"menu-territorial-cooperation\"><span class=\"awb-menu__m-toggle-inner\"><span class=\"collapsed-nav-text\">Coopera\u00e7\u00e3o Territorial<\/span><span class=\"awb-menu__m-collapse-icon\"><span class=\"awb-menu__m-collapse-icon-open fa-angle-down fas\"><\/span><span class=\"awb-menu__m-collapse-icon-close fa-times fas\"><\/span><\/span><\/span><\/button><ul id=\"menu-territorial-cooperation-2\" class=\"fusion-menu awb-menu__main-ul awb-menu__main-ul_column\"><li   class=\"menu-item menu-item-type-post_type menu-item-object-page menu-item-33024 awb-menu__li awb-menu__main-li awb-menu__main-li_regular\"  data-item-id=\"33024\"><span class=\"awb-menu__main-background-default awb-menu__main-background-default_fade\"><\/span><span class=\"awb-menu__main-background-active awb-menu__main-background-active_fade\"><\/span><a  href=\"https:\/\/www.ccdrc.pt\/pt\/areas-de-atuacao\/desenvolvimento-regional\/cooperacao-territorial\/\" class=\"awb-menu__main-a awb-menu__main-a_regular\"><span class=\"menu-text\">In\u00edcio<\/span><\/a><\/li><li   class=\"menu-item menu-item-type-post_type menu-item-object-page menu-item-33023 awb-menu__li awb-menu__main-li awb-menu__main-li_regular\"  data-item-id=\"33023\"><span class=\"awb-menu__main-background-default awb-menu__main-background-default_fade\"><\/span><span class=\"awb-menu__main-background-active awb-menu__main-background-active_fade\"><\/span><a  href=\"https:\/\/www.ccdrc.pt\/pt\/areas-de-atuacao\/desenvolvimento-regional\/cooperacao-territorial\/redes-e-parcerias-internacionais\/\" class=\"awb-menu__main-a awb-menu__main-a_regular\"><span class=\"menu-text\">Redes e parcerias internacionais<\/span><\/a><\/li><li   class=\"submenu menu-item menu-item-type-post_type menu-item-object-page menu-item-33031 awb-menu__li awb-menu__main-li awb-menu__main-li_regular\"  data-classes=\"submenu\" data-item-id=\"33031\"><span class=\"awb-menu__main-background-default awb-menu__main-background-default_fade\"><\/span><span class=\"awb-menu__main-background-active awb-menu__main-background-active_fade\"><\/span><a  href=\"https:\/\/www.ccdrc.pt\/pt\/areas-de-atuacao\/desenvolvimento-regional\/cooperacao-territorial\/redes-e-parcerias-internacionais\/cencyl-comunidade-de-trabalho-regiao-centro-castilla-y-leon\/\" class=\"awb-menu__main-a awb-menu__main-a_regular\"><span class=\"menu-text\">CenCyL: Comunidade de Trabalho Regi\u00e3o Centro \u2013 Castilla y Le\u00f3n<\/span><\/a><\/li><li   class=\"submenu menu-item menu-item-type-post_type menu-item-object-page menu-item-33056 awb-menu__li awb-menu__main-li awb-menu__main-li_regular\"  data-classes=\"submenu\" data-item-id=\"33056\"><span class=\"awb-menu__main-background-default awb-menu__main-background-default_fade\"><\/span><span class=\"awb-menu__main-background-active awb-menu__main-background-active_fade\"><\/span><a  href=\"https:\/\/www.ccdrc.pt\/pt\/areas-de-atuacao\/desenvolvimento-regional\/cooperacao-territorial\/redes-e-parcerias-internacionais\/git\/\" class=\"awb-menu__main-a awb-menu__main-a_regular\"><span class=\"menu-text\">GIT<\/span><\/a><\/li><li   class=\"submenu menu-item menu-item-type-post_type menu-item-object-page menu-item-33061 awb-menu__li awb-menu__main-li awb-menu__main-li_regular\"  data-classes=\"submenu\" data-item-id=\"33061\"><span class=\"awb-menu__main-background-default awb-menu__main-background-default_fade\"><\/span><span class=\"awb-menu__main-background-active awb-menu__main-background-active_fade\"><\/span><a  href=\"https:\/\/www.ccdrc.pt\/pt\/areas-de-atuacao\/desenvolvimento-regional\/cooperacao-territorial\/redes-e-parcerias-internacionais\/eurorregiao-alentejo-centro-extremadura-euroace\/\" class=\"awb-menu__main-a awb-menu__main-a_regular\"><span class=\"menu-text\">EUROACE: Eurorregi\u00e3o Alentejo-Centro-Extremadura<\/span><\/a><\/li><li   class=\"submenu menu-item menu-item-type-post_type menu-item-object-page menu-item-33066 awb-menu__li awb-menu__main-li awb-menu__main-li_regular\"  data-classes=\"submenu\" data-item-id=\"33066\"><span class=\"awb-menu__main-background-default awb-menu__main-background-default_fade\"><\/span><span class=\"awb-menu__main-background-active awb-menu__main-background-active_fade\"><\/span><a  href=\"https:\/\/www.ccdrc.pt\/pt\/areas-de-atuacao\/desenvolvimento-regional\/cooperacao-territorial\/redes-e-parcerias-internacionais\/conferencia-das-regioes-perifericas-maritimas-crpm\/\" class=\"awb-menu__main-a awb-menu__main-a_regular\"><span class=\"menu-text\">CRPM: Confer\u00eancia das Regi\u00f5es Perif\u00e9ricas Mar\u00edtimas<\/span><\/a><\/li><li   class=\"submenu menu-item menu-item-type-post_type menu-item-object-page menu-item-33072 awb-menu__li awb-menu__main-li awb-menu__main-li_regular\"  data-classes=\"submenu\" data-item-id=\"33072\"><span class=\"awb-menu__main-background-default awb-menu__main-background-default_fade\"><\/span><span class=\"awb-menu__main-background-active awb-menu__main-background-active_fade\"><\/span><a  href=\"https:\/\/www.ccdrc.pt\/pt\/areas-de-atuacao\/desenvolvimento-regional\/cooperacao-territorial\/redes-e-parcerias-internacionais\/comissao-arco-atlantico\/\" class=\"awb-menu__main-a awb-menu__main-a_regular\"><span class=\"menu-text\">CAA: Comiss\u00e3o Arco Atl\u00e2ntico<\/span><\/a><\/li><li   class=\"submenu menu-item menu-item-type-post_type menu-item-object-page menu-item-33077 awb-menu__li awb-menu__main-li awb-menu__main-li_regular\"  data-classes=\"submenu\" data-item-id=\"33077\"><span class=\"awb-menu__main-background-default awb-menu__main-background-default_fade\"><\/span><span class=\"awb-menu__main-background-active awb-menu__main-background-active_fade\"><\/span><a  href=\"https:\/\/www.ccdrc.pt\/pt\/areas-de-atuacao\/desenvolvimento-regional\/cooperacao-territorial\/redes-e-parcerias-internacionais\/resoe-macro-regiao-do-sudoeste-europeu\/\" class=\"awb-menu__main-a awb-menu__main-a_regular\"><span class=\"menu-text\">RESOE-Macro Regi\u00e3o do Sudoeste Europeu<\/span><\/a><\/li><li   class=\"submenu menu-item menu-item-type-post_type menu-item-object-page menu-item-33086 awb-menu__li awb-menu__main-li awb-menu__main-li_regular\"  data-classes=\"submenu\" data-item-id=\"33086\"><span class=\"awb-menu__main-background-default awb-menu__main-background-default_fade\"><\/span><span class=\"awb-menu__main-background-active awb-menu__main-background-active_fade\"><\/span><a  href=\"https:\/\/www.ccdrc.pt\/pt\/areas-de-atuacao\/desenvolvimento-regional\/cooperacao-territorial\/redes-e-parcerias-internacionais\/open-days\/\" class=\"awb-menu__main-a awb-menu__main-a_regular\"><span class=\"menu-text\">OPEN DAYS<\/span><\/a><\/li><li   class=\"menu-item menu-item-type-post_type menu-item-object-page menu-item-33022 awb-menu__li awb-menu__main-li awb-menu__main-li_regular\"  data-item-id=\"33022\"><span class=\"awb-menu__main-background-default awb-menu__main-background-default_fade\"><\/span><span class=\"awb-menu__main-background-active awb-menu__main-background-active_fade\"><\/span><a  href=\"https:\/\/www.ccdrc.pt\/pt\/areas-de-atuacao\/desenvolvimento-regional\/cooperacao-territorial\/programas-de-cooperacao-territorial\/\" class=\"awb-menu__main-a awb-menu__main-a_regular\"><span class=\"menu-text\">Programas de Coopera\u00e7\u00e3o Territorial<\/span><\/a><\/li><li   class=\"submenu menu-item menu-item-type-post_type menu-item-object-page menu-item-33107 awb-menu__li awb-menu__main-li awb-menu__main-li_regular\"  data-classes=\"submenu\" data-item-id=\"33107\"><span class=\"awb-menu__main-background-default awb-menu__main-background-default_fade\"><\/span><span class=\"awb-menu__main-background-active awb-menu__main-background-active_fade\"><\/span><a  href=\"https:\/\/www.ccdrc.pt\/pt\/areas-de-atuacao\/desenvolvimento-regional\/cooperacao-territorial\/programas-de-cooperacao-territorial\/iniciativa-comunitaria-interreg-iii-2000-2006\/\" class=\"awb-menu__main-a awb-menu__main-a_regular\"><span class=\"menu-text\">Iniciativa Comunit\u00e1ria INTERREG III (2000-2006)<\/span><\/a><\/li><li   class=\"submenu menu-item menu-item-type-post_type menu-item-object-page menu-item-33118 awb-menu__li awb-menu__main-li awb-menu__main-li_regular\"  data-classes=\"submenu\" data-item-id=\"33118\"><span class=\"awb-menu__main-background-default awb-menu__main-background-default_fade\"><\/span><span class=\"awb-menu__main-background-active awb-menu__main-background-active_fade\"><\/span><a  href=\"https:\/\/www.ccdrc.pt\/pt\/areas-de-atuacao\/desenvolvimento-regional\/cooperacao-territorial\/programas-de-cooperacao-territorial\/interreg-iiia-programa-de-cooperacao-transfronteirica-portugal-espanha\/\" class=\"awb-menu__main-a awb-menu__main-a_regular\"><span class=\"menu-text\">INTERREG IIIA \u2013 Programa de Coopera\u00e7\u00e3o Transfronteiri\u00e7a Portugal\/Espanha<\/span><\/a><\/li><li   class=\"submenu menu-item menu-item-type-post_type menu-item-object-page menu-item-33110 awb-menu__li awb-menu__main-li awb-menu__main-li_regular\"  data-classes=\"submenu\" data-item-id=\"33110\"><span class=\"awb-menu__main-background-default awb-menu__main-background-default_fade\"><\/span><span class=\"awb-menu__main-background-active awb-menu__main-background-active_fade\"><\/span><a  href=\"https:\/\/www.ccdrc.pt\/pt\/areas-de-atuacao\/desenvolvimento-regional\/cooperacao-territorial\/programas-de-cooperacao-territorial\/cooperacao-territorial-europeia-2007-2013\/\" class=\"awb-menu__main-a awb-menu__main-a_regular\"><span class=\"menu-text\">Coopera\u00e7\u00e3o Territorial Europeia 2007-2013<\/span><\/a><\/li><li   class=\"submenu menu-item menu-item-type-post_type menu-item-object-page menu-item-33162 awb-menu__li awb-menu__main-li awb-menu__main-li_regular\"  data-classes=\"submenu\" data-item-id=\"33162\"><span class=\"awb-menu__main-background-default awb-menu__main-background-default_fade\"><\/span><span class=\"awb-menu__main-background-active awb-menu__main-background-active_fade\"><\/span><a  href=\"https:\/\/www.ccdrc.pt\/pt\/areas-de-atuacao\/desenvolvimento-regional\/cooperacao-territorial\/programas-de-cooperacao-territorial\/poctep-programa-de-cooperacao-transfronteirica-portugal-espanha\/\" class=\"awb-menu__main-a awb-menu__main-a_regular\"><span class=\"menu-text\">POCTEP: Programa de Coopera\u00e7\u00e3o Transfronteiri\u00e7a Portugal\/Espanha<\/span><\/a><\/li><li   class=\"submenu menu-item menu-item-type-post_type menu-item-object-page menu-item-33175 awb-menu__li awb-menu__main-li awb-menu__main-li_regular\"  data-classes=\"submenu\" data-item-id=\"33175\"><span class=\"awb-menu__main-background-default awb-menu__main-background-default_fade\"><\/span><span class=\"awb-menu__main-background-active awb-menu__main-background-active_fade\"><\/span><a  href=\"https:\/\/www.ccdrc.pt\/pt\/areas-de-atuacao\/desenvolvimento-regional\/cooperacao-territorial\/programas-de-cooperacao-territorial\/sudoe-programa-de-cooperacao-transnacional-sudoeste-europeu\/\" class=\"awb-menu__main-a awb-menu__main-a_regular\"><span class=\"menu-text\">SUDOE: Programa de Coopera\u00e7\u00e3o Transnacional Sudoeste Europeu<\/span><\/a><\/li><li   class=\"submenu menu-item menu-item-type-post_type menu-item-object-page menu-item-33180 awb-menu__li awb-menu__main-li awb-menu__main-li_regular\"  data-classes=\"submenu\" data-item-id=\"33180\"><span class=\"awb-menu__main-background-default awb-menu__main-background-default_fade\"><\/span><span class=\"awb-menu__main-background-active awb-menu__main-background-active_fade\"><\/span><a  href=\"https:\/\/www.ccdrc.pt\/pt\/areas-de-atuacao\/desenvolvimento-regional\/cooperacao-territorial\/programas-de-cooperacao-territorial\/poctea-programa-de-cooperacao-transnacional-espaco-atlantico\/\" class=\"awb-menu__main-a awb-menu__main-a_regular\"><span class=\"menu-text\">POCTEA: Programa de Coopera\u00e7\u00e3o Transnacional Espa\u00e7o Atl\u00e2ntico<\/span><\/a><\/li><li   class=\"submenu menu-item menu-item-type-post_type menu-item-object-page menu-item-33185 awb-menu__li awb-menu__main-li awb-menu__main-li_regular\"  data-classes=\"submenu\" data-item-id=\"33185\"><span class=\"awb-menu__main-background-default awb-menu__main-background-default_fade\"><\/span><span class=\"awb-menu__main-background-active awb-menu__main-background-active_fade\"><\/span><a  href=\"https:\/\/www.ccdrc.pt\/pt\/areas-de-atuacao\/desenvolvimento-regional\/cooperacao-territorial\/programas-de-cooperacao-territorial\/interreg-iv-c\/\" class=\"awb-menu__main-a awb-menu__main-a_regular\"><span class=\"menu-text\">INTERREG IV C<\/span><\/a><\/li><li   class=\"submenu menu-item menu-item-type-post_type menu-item-object-page menu-item-34232 awb-menu__li awb-menu__main-li awb-menu__main-li_regular\"  data-classes=\"submenu\" data-item-id=\"34232\"><span class=\"awb-menu__main-background-default awb-menu__main-background-default_fade\"><\/span><span class=\"awb-menu__main-background-active awb-menu__main-background-active_fade\"><\/span><a  href=\"https:\/\/www.ccdrc.pt\/pt\/areas-de-atuacao\/desenvolvimento-regional\/cooperacao-territorial\/programas-de-cooperacao-territorial\/espon\/\" class=\"awb-menu__main-a awb-menu__main-a_regular\"><span class=\"menu-text\">ESPON<\/span><\/a><\/li><li   class=\"submenu menu-item menu-item-type-post_type menu-item-object-page menu-item-34235 awb-menu__li awb-menu__main-li awb-menu__main-li_regular\"  data-classes=\"submenu\" data-item-id=\"34235\"><span class=\"awb-menu__main-background-default awb-menu__main-background-default_fade\"><\/span><span class=\"awb-menu__main-background-active awb-menu__main-background-active_fade\"><\/span><a  href=\"https:\/\/www.ccdrc.pt\/pt\/areas-de-atuacao\/desenvolvimento-regional\/cooperacao-territorial\/programas-de-cooperacao-territorial\/interact\/\" class=\"awb-menu__main-a awb-menu__main-a_regular\"><span class=\"menu-text\">INTERACT<\/span><\/a><\/li><li   class=\"submenu menu-item menu-item-type-post_type menu-item-object-page menu-item-34240 awb-menu__li awb-menu__main-li awb-menu__main-li_regular\"  data-classes=\"submenu\" data-item-id=\"34240\"><span class=\"awb-menu__main-background-default awb-menu__main-background-default_fade\"><\/span><span class=\"awb-menu__main-background-active awb-menu__main-background-active_fade\"><\/span><a  href=\"https:\/\/www.ccdrc.pt\/pt\/areas-de-atuacao\/desenvolvimento-regional\/cooperacao-territorial\/programas-de-cooperacao-territorial\/urbact\/\" class=\"awb-menu__main-a awb-menu__main-a_regular\"><span class=\"menu-text\">URBACT<\/span><\/a><\/li><li   class=\"menu-item menu-item-type-post_type menu-item-object-page menu-item-33021 awb-menu__li awb-menu__main-li awb-menu__main-li_regular\"  data-item-id=\"33021\"><span class=\"awb-menu__main-background-default awb-menu__main-background-default_fade\"><\/span><span class=\"awb-menu__main-background-active awb-menu__main-background-active_fade\"><\/span><a  href=\"https:\/\/www.ccdrc.pt\/pt\/areas-de-atuacao\/desenvolvimento-regional\/cooperacao-territorial\/projectos-de-cooperacao-e-promocao\/\" class=\"awb-menu__main-a awb-menu__main-a_regular\"><span class=\"menu-text\">Projectos de Coopera\u00e7\u00e3o e Promo\u00e7\u00e3o<\/span><\/a><\/li><li   class=\"submenu menu-item menu-item-type-post_type menu-item-object-page menu-item-34247 awb-menu__li awb-menu__main-li awb-menu__main-li_regular\"  data-classes=\"submenu\" data-item-id=\"34247\"><span class=\"awb-menu__main-background-default awb-menu__main-background-default_fade\"><\/span><span class=\"awb-menu__main-background-active awb-menu__main-background-active_fade\"><\/span><a  href=\"https:\/\/www.ccdrc.pt\/pt\/areas-de-atuacao\/desenvolvimento-regional\/cooperacao-territorial\/projectos-de-cooperacao-e-promocao\/inter-reg-centro\/\" class=\"awb-menu__main-a awb-menu__main-a_regular\"><span class=\"menu-text\">Inter-Reg Centro<\/span><\/a><\/li><\/ul><\/nav><\/div><\/div><\/div><\/div><div class=\"fusion-fullwidth fullwidth-box fusion-builder-row-5 fusion-flex-container has-pattern-background has-mask-background nonhundred-percent-fullwidth non-hundred-percent-height-scrolling fusion-no-large-visibility\" style=\"--awb-border-radius-top-left:0px;--awb-border-radius-top-right:0px;--awb-border-radius-bottom-right:0px;--awb-border-radius-bottom-left:0px;\" ><div class=\"fusion-builder-row fusion-row fusion-flex-align-items-flex-start\" style=\"max-width:1288px;margin-left: calc(-0% \/ 2 );margin-right: calc(-0% \/ 2 );\"><div class=\"fusion-layout-column fusion_builder_column fusion-builder-column-6 fusion_builder_column_1_1 1_1 fusion-flex-column\" style=\"--awb-bg-size:cover;--awb-width-large:100%;--awb-margin-top-large:0px;--awb-spacing-right-large:0%;--awb-margin-bottom-large:0px;--awb-spacing-left-large:0%;--awb-width-medium:100%;--awb-order-medium:0;--awb-margin-top-medium:64px;--awb-spacing-right-medium:0%;--awb-margin-bottom-medium:100px;--awb-spacing-left-medium:0%;--awb-width-small:100%;--awb-order-small:0;--awb-margin-top-small:48px;--awb-spacing-right-small:0%;--awb-margin-bottom-small:50px;--awb-spacing-left-small:0%;\"><div class=\"fusion-column-wrapper fusion-column-has-shadow fusion-flex-justify-content-flex-start fusion-content-layout-column\"><div style=\"text-align:left;\"><a class=\"fusion-button button-flat fusion-button-default-size button-custom fusion-button-default button-2 fusion-button-default-span fusion-button-default-type btn-back-menu-side\" style=\"--button_accent_color:#007b88;--button_border_color:#007b88;--button_accent_hover_color:#007b88;--button_border_hover_color:#007b88;--button_gradient_angle:0deg;--button_gradient_end:0%;--button_gradient_top_color:#ffffff;--button_gradient_bottom_color:#ffffff;--button_gradient_top_color_hover:#ffffff;--button_gradient_bottom_color_hover:#ffffff;--button_font_size:16px;--button_line_height:36px;--button_typography-font-family:&quot;Noto Sans&quot;;--button_typography-font-style:normal;--button_typography-font-weight:400;\" target=\"_self\" href=\"http:\/\/www.ccdrc.pt\/pt\/areas-de-atuacao\/desenvolvimento-regional\/\"><i class=\"fa-arrow-left fas button-icon-left\" aria-hidden=\"true\"><\/i><span class=\"fusion-button-text\">Desenvolvimento Regional<\/span><\/a><\/div><div class=\"fusion-text fusion-text-6 fusion-no-small-visibility fusion-no-large-visibility fusion-text-no-margin\" style=\"--awb-font-size:20px;--awb-line-height:36px;--awb-text-color:#777777;--awb-margin-bottom:4px;--awb-text-font-family:&quot;Noto Sans&quot;;--awb-text-font-style:normal;--awb-text-font-weight:400;\"><p>Programas de Coopera\u00e7\u00e3o Territorial<\/p>\n<\/div><div class=\"fusion-text fusion-text-7 fusion-no-medium-visibility fusion-no-large-visibility fusion-text-no-margin\" style=\"--awb-font-size:18px;--awb-line-height:30px;--awb-text-color:#777777;--awb-margin-bottom:8px;--awb-text-font-family:&quot;Noto Sans&quot;;--awb-text-font-style:normal;--awb-text-font-weight:400;\"><p>Programas de Coopera\u00e7\u00e3o Territorial<\/p>\n<\/div><div class=\"fusion-text fusion-text-8 fusion-no-small-visibility fusion-no-large-visibility fusion-text-no-margin\" style=\"--awb-font-size:32px;--awb-line-height:44px;--awb-text-color:#000000;--awb-margin-bottom:64px;--awb-text-font-family:&quot;Noto Sans&quot;;--awb-text-font-style:normal;--awb-text-font-weight:700;\"><p>Coopera\u00e7\u00e3o Territorial Europeia 2007-2013<\/p>\n<\/div><div class=\"fusion-text fusion-text-9 fusion-no-medium-visibility fusion-no-large-visibility fusion-text-no-margin\" style=\"--awb-font-size:24px;--awb-line-height:33px;--awb-text-color:#000000;--awb-margin-bottom:64px;--awb-text-font-family:&quot;Noto Sans&quot;;--awb-text-font-style:normal;--awb-text-font-weight:700;\"><p>Coopera\u00e7\u00e3o Territorial Europeia 2007-2013<\/p>\n<\/div><div class=\"fusion-text fusion-text-10 content-article\"><div data-post-id=\"15587\" class=\"insert-page insert-page-15587 \"><div class=\"fusion-fullwidth fullwidth-box fusion-builder-row-5-1 fusion-flex-container nonhundred-percent-fullwidth non-hundred-percent-height-scrolling\" style=\"--awb-border-radius-top-left:0px;--awb-border-radius-top-right:0px;--awb-border-radius-bottom-right:0px;--awb-border-radius-bottom-left:0px;\" ><div class=\"fusion-builder-row fusion-row fusion-flex-align-items-flex-start\" style=\"width:100% !important;max-width:100% !important;margin-left: calc(-0% \/ 2 );margin-right: calc(-0% \/ 2 );\"><div class=\"fusion-layout-column fusion_builder_column fusion-builder-column-7 fusion_builder_column_1_1 1_1 fusion-flex-column\" style=\"--awb-bg-size:cover;--awb-width-large:100%;--awb-margin-top-large:0px;--awb-spacing-right-large:0%;--awb-margin-bottom-large:0px;--awb-spacing-left-large:0%;--awb-width-medium:100%;--awb-spacing-right-medium:0%;--awb-spacing-left-medium:0%;--awb-width-small:100%;--awb-spacing-right-small:0%;--awb-spacing-left-small:0%;\"><div class=\"fusion-column-wrapper fusion-flex-justify-content-flex-start fusion-content-layout-column\"><div class=\"fusion-text fusion-text-10\"><p style=\"text-align: justify;\">A consagra\u00e7\u00e3o da Coopera\u00e7\u00e3o Territorial como um dos objectivos centrais da pol\u00edtica de coes\u00e3o europeia ficou expressa nos regulamentos relativos aos Fundos Estruturais, em particular o REG (CE) 1083\/2006, de 11 de Julho (disposi\u00e7\u00f5es gerais) e o REG (CE) 1080\/2006, de 5 de Julho (disposi\u00e7\u00f5es relativas ao FEDER).<\/p>\n<p style=\"text-align: justify;\">Ficaram tamb\u00e9m consagradas as tr\u00eas vertentes de coopera\u00e7\u00e3o (transfronteiri\u00e7a, transnacional e interregional) e os programas que envolvem a Regi\u00e3o Centro:<\/p>\n<p style=\"text-align: justify;\"><strong>Coopera\u00e7\u00e3o transfronteiri\u00e7a:<\/strong> desenvolvimento de actividades econ\u00f3micas, sociais e ambientais atrav\u00e9s de estrat\u00e9gias conjuntas nos territ\u00f3rios de fronteira da Uni\u00e3o Europeia.<\/p>\n<div style=\"text-align: justify;\">\n<ul>\n<li><a class=\"external_link\" href=\"http:\/\/www.ccdrc.pt\/pt\/areas-de-atuacao\/desenvolvimento-regional\/cooperacao-territorial\/programas-de-cooperacao-territorial\/poctep-programa-de-cooperacao-transfronteirica-portugal-espanha\/\">POCTEP &#8211; Programa de Coopera\u00e7\u00e3o Transfronteiri\u00e7a Portugal\/Espanha 2007-2013<\/a><\/li>\n<\/ul>\n<\/div>\n<p style=\"text-align: justify;\"><strong>Coopera\u00e7\u00e3o transnacional: <\/strong>integra\u00e7\u00e3o territorial em grandes grupos de regi\u00f5es europeias para alcan\u00e7ar um desenvolvimento sustent\u00e1vel, harmonioso e equilibrado na Uni\u00e3o Europeia.<\/p>\n<div style=\"text-align: justify;\">\n<ul>\n<li><a class=\"external_link\" href=\"http:\/\/www.ccdrc.pt\/pt\/areas-de-atuacao\/desenvolvimento-regional\/cooperacao-territorial\/programas-de-cooperacao-territorial\/sudoe-programa-de-cooperacao-transnacional-sudoeste-europeu\/\">SUDOE &#8211; Programa de Coopera\u00e7\u00e3o Transnacional Sudoeste Europeu 2007-2013<\/a><\/li>\n<li><a class=\"external_link\" href=\"http:\/\/www.ccdrc.pt\/pt\/areas-de-atuacao\/desenvolvimento-regional\/cooperacao-territorial\/programas-de-cooperacao-territorial\/poctea-programa-de-cooperacao-transnacional-espaco-atlantico\/\">POCTEA &#8211; Programa de Coopera\u00e7\u00e3o Transnacional Espa\u00e7o Atl\u00e2ntico 2007-2013<\/a><\/li>\n<\/ul>\n<\/div>\n<p style=\"text-align: justify;\"><strong>Coopera\u00e7\u00e3o interregional: <\/strong>promo\u00e7\u00e3o da efici\u00eancia da pol\u00edtica regional atrav\u00e9s da coopera\u00e7\u00e3o, da cria\u00e7\u00e3o de redes e da troca de experi\u00eancias entre entidades regionais e locais, em todo o espa\u00e7o da Uni\u00e3o Europeia.<\/p>\n<div style=\"text-align: justify;\">\n<ul>\n<li style=\"text-align: left;\"><a class=\"external_link\" href=\"http:\/\/www.ccdrc.pt\/pt\/areas-de-atuacao\/desenvolvimento-regional\/cooperacao-territorial\/programas-de-cooperacao-territorial\/interreg-iv-c\/\">INTERREG IV C<\/a><\/li>\n<li style=\"text-align: left;\"><a class=\"external_link\" href=\"http:\/\/www.ccdrc.pt\/pt\/areas-de-atuacao\/desenvolvimento-regional\/cooperacao-territorial\/programas-de-cooperacao-territorial\/espon\/\">ESPON<\/a> (dedicado \u00e0 realiza\u00e7\u00e3o de estudos nos dom\u00ednios do ordenamento do territ\u00f3rio e do seu desenvolvimento coeso e sustentado)<\/li>\n<li style=\"text-align: left;\"><a class=\"external_link\" href=\"http:\/\/www.ccdrc.pt\/pt\/areas-de-atuacao\/desenvolvimento-regional\/cooperacao-territorial\/programas-de-cooperacao-territorial\/interact\/\">INTERACT<\/a> (dedicado \u00e0s quest\u00f5es da boa governa\u00e7\u00e3o dos programas de coopera\u00e7\u00e3o territorial)<\/li>\n<li style=\"text-align: left;\"><a class=\"external_link\" href=\"http:\/\/www.ccdrc.pt\/pt\/areas-de-atuacao\/desenvolvimento-regional\/cooperacao-territorial\/programas-de-cooperacao-territorial\/urbact\/\">URBACT<\/a> (para a promo\u00e7\u00e3o de interc\u00e2mbios entre cidades sobre o tema do desenvolvimento urbano integrado)<\/li>\n<\/ul>\n<\/div>\n<\/div><\/div><\/div><\/div><\/div>\n<\/div>\n<\/div><\/div><\/div><\/div><\/div><div class=\"fusion-fullwidth fullwidth-box fusion-builder-row-6 fusion-flex-container has-pattern-background has-mask-background nonhundred-percent-fullwidth non-hundred-percent-height-scrolling\" style=\"--awb-border-radius-top-left:0px;--awb-border-radius-top-right:0px;--awb-border-radius-bottom-right:0px;--awb-border-radius-bottom-left:0px;\" ><div class=\"fusion-builder-row fusion-row fusion-flex-align-items-flex-start\" style=\"max-width:1288px;margin-left: calc(-0% \/ 2 );margin-right: calc(-0% \/ 2 );\"><div class=\"fusion-layout-column fusion_builder_column fusion-builder-column-8 fusion_builder_column_1_1 1_1 fusion-flex-column\" style=\"--awb-bg-size:cover;--awb-width-large:100%;--awb-margin-top-large:0px;--awb-spacing-right-large:0%;--awb-margin-bottom-large:0px;--awb-spacing-left-large:0%;--awb-width-medium:100%;--awb-order-medium:0;--awb-spacing-right-medium:0%;--awb-spacing-left-medium:0%;--awb-width-small:100%;--awb-order-small:0;--awb-spacing-right-small:0%;--awb-spacing-left-small:0%;\"><div class=\"fusion-column-wrapper fusion-column-has-shadow fusion-flex-justify-content-flex-start fusion-content-layout-column\"><script>\n  window.onload = function() {\n    \/\/ Select the paragraph element\n    const pElement = document.querySelector('.fusion-text-2 p');\n\n    \/\/ Create a new h1 element\n    const h1Element = document.createElement('h1');\n\n    \/\/ Copy the inner HTML from the p to the h1\n    h1Element.innerHTML = pElement.innerHTML;\n\n    \/\/ Copy all the inline styles from the p to the h1\n    const style = window.getComputedStyle(pElement);\n    for (let i = 0; i < style.length; i++) {\n      h1Element.style.setProperty(style[i], style.getPropertyValue(style[i]));\n    }\n\n    \/\/ Replace the p element with the h1 element\n    pElement.parentNode.replaceChild(h1Element, pElement);\n  };\n<\/script><\/div><\/div><\/div><\/div><\/p>\n","protected":false},"excerpt":{"rendered":"","protected":false},"author":3,"featured_media":0,"parent":33015,"menu_order":0,"comment_status":"closed","ping_status":"closed","template":"","meta":{"_acf_changed":false,"_eb_attr":"","inline_featured_image":false,"iawp_total_views":1,"footnotes":""},"class_list":["post-33108","page","type-page","status-publish","hentry"],"acf":[],"_links":{"self":[{"href":"https:\/\/www.ccdrc.pt\/pt\/wp-json\/wp\/v2\/pages\/33108","targetHints":{"allow":["GET"]}}],"collection":[{"href":"https:\/\/www.ccdrc.pt\/pt\/wp-json\/wp\/v2\/pages"}],"about":[{"href":"https:\/\/www.ccdrc.pt\/pt\/wp-json\/wp\/v2\/types\/page"}],"author":[{"embeddable":true,"href":"https:\/\/www.ccdrc.pt\/pt\/wp-json\/wp\/v2\/users\/3"}],"replies":[{"embeddable":true,"href":"https:\/\/www.ccdrc.pt\/pt\/wp-json\/wp\/v2\/comments?post=33108"}],"version-history":[{"count":5,"href":"https:\/\/www.ccdrc.pt\/pt\/wp-json\/wp\/v2\/pages\/33108\/revisions"}],"predecessor-version":[{"id":80342,"href":"https:\/\/www.ccdrc.pt\/pt\/wp-json\/wp\/v2\/pages\/33108\/revisions\/80342"}],"up":[{"embeddable":true,"href":"https:\/\/www.ccdrc.pt\/pt\/wp-json\/wp\/v2\/pages\/33015"}],"wp:attachment":[{"href":"https:\/\/www.ccdrc.pt\/pt\/wp-json\/wp\/v2\/media?parent=33108"}],"curies":[{"name":"wp","href":"https:\/\/api.w.org\/{rel}","templated":true}]}}