{"id":70274,"date":"2025-01-16T16:39:23","date_gmt":"2025-01-16T16:39:23","guid":{"rendered":"https:\/\/www.ccdrc.pt\/?page_id=70274"},"modified":"2026-08-28T10:12:03","modified_gmt":"2026-08-28T10:12:03","slug":"patrimonio-rural","status":"publish","type":"page","link":"https:\/\/www.ccdrc.pt\/en\/areas-de-atuacao\/desenvolvimento-rural-e-agroalimentar\/dieta-mediterranica\/patrimonio-rural\/","title":{"rendered":"Patrim\u00f3nio Rural"},"content":{"rendered":"<p><div class=\"fusion-fullwidth fullwidth-box fusion-builder-row-1 fusion-flex-container has-pattern-background has-mask-background container-site-max-width nonhundred-percent-fullwidth non-hundred-percent-height-scrolling fusion-no-small-visibility fusion-no-medium-visibility\" style=\"--awb-border-radius-top-left:0px;--awb-border-radius-top-right:0px;--awb-border-radius-bottom-right:0px;--awb-border-radius-bottom-left:0px;\" ><div class=\"fusion-builder-row fusion-row fusion-flex-align-items-flex-start\" style=\"max-width:1288px;margin-left: calc(-0% \/ 2 );margin-right: calc(-0% \/ 2 );\"><div class=\"fusion-layout-column fusion_builder_column fusion-builder-column-0 fusion_builder_column_1_4 1_4 fusion-flex-column container-menu-consultations\" style=\"--awb-bg-size:cover;--awb-width-large:25%;--awb-margin-top-large:64px;--awb-spacing-right-large:0%;--awb-margin-bottom-large:0px;--awb-spacing-left-large:0%;--awb-width-medium:25%;--awb-order-medium:0;--awb-spacing-right-medium:0%;--awb-spacing-left-medium:0%;--awb-width-small:100%;--awb-order-small:0;--awb-spacing-right-small:0%;--awb-spacing-left-small:0%;\"><div class=\"fusion-column-wrapper fusion-column-has-shadow fusion-flex-justify-content-flex-start fusion-content-layout-column\"><div class=\"fusion-builder-row fusion-builder-row-inner fusion-row fusion-flex-align-items-flex-start\" style=\"width:100% !important;max-width:100% !important;margin-left: calc(-0% \/ 2 );margin-right: calc(-0% \/ 2 );\"><div class=\"fusion-layout-column fusion_builder_column_inner fusion-builder-nested-column-0 fusion_builder_column_inner_1_1 1_1 fusion-flex-column menu-side-scrolling-full-page\" style=\"--awb-bg-size:cover;--awb-width-large:100%;--awb-margin-top-large:0px;--awb-spacing-right-large:0%;--awb-margin-bottom-large:0px;--awb-spacing-left-large:0%;--awb-width-medium:100%;--awb-order-medium:0;--awb-spacing-right-medium:0%;--awb-spacing-left-medium:0%;--awb-width-small:100%;--awb-order-small:0;--awb-spacing-right-small:0%;--awb-spacing-left-small:0%;\"><div class=\"fusion-column-wrapper fusion-column-has-shadow fusion-flex-justify-content-flex-start fusion-content-layout-column\"><div style=\"text-align:left;\"><a class=\"fusion-button button-flat fusion-button-default-size button-custom fusion-button-default button-1 fusion-button-default-span fusion-button-default-type btn-back-menu-side\" style=\"--button_accent_color:#007b88;--button_border_color:#007b88;--button_accent_hover_color:#007b88;--button_border_hover_color:#007b88;--button_gradient_angle:0deg;--button_gradient_end:0%;--button_gradient_top_color:#ffffff;--button_gradient_bottom_color:#ffffff;--button_gradient_top_color_hover:#ffffff;--button_gradient_bottom_color_hover:#ffffff;--button_font_size:14px;--button_line_height:29px;--button_typography-font-family:&quot;Noto Sans&quot;;--button_typography-font-style:normal;--button_typography-font-weight:400;\" target=\"_self\" href=\"https:\/\/www.ccdrc.pt\/areas-de-atuacao\/desenvolvimento-rural-e-agroalimentar\/\"><i class=\"fa-arrow-left fas button-icon-left\" aria-hidden=\"true\"><\/i><span class=\"fusion-button-text\">Desenvolvimento Rural e Agroalimentar<\/span><\/a><\/div><div class=\"fusion-text fusion-text-1 fusion-text-no-margin\" style=\"--awb-font-size:16px;--awb-line-height:29px;--awb-text-color:#000000;--awb-margin-right:60px;--awb-margin-bottom:-39px;--awb-text-font-family:&quot;Noto Sans&quot;;--awb-text-font-style:normal;--awb-text-font-weight:700;\"><p>Dieta Mediterr\u00e2nica<\/p>\n<p>&nbsp;<\/p>\n<\/div><nav class=\"awb-menu awb-menu_column awb-menu_em-hover mobile-mode-collapse-to-button awb-menu_icons-left awb-menu_dc-yes mobile-trigger-fullwidth-off awb-menu_mobile-toggle awb-menu_indent-left mobile-size-full-absolute loading mega-menu-loading awb-menu_desktop awb-menu_dropdown awb-menu_expand-right awb-menu_transition-fade fusion-no-small-visibility fusion-no-medium-visibility\" style=\"--awb-main-justify-content:flex-start;--awb-mobile-justify:flex-start;--awb-mobile-caret-left:auto;--awb-mobile-caret-right:0;--awb-fusion-font-family-typography:inherit;--awb-fusion-font-style-typography:normal;--awb-fusion-font-weight-typography:400;--awb-fusion-font-family-submenu-typography:inherit;--awb-fusion-font-style-submenu-typography:normal;--awb-fusion-font-weight-submenu-typography:400;--awb-fusion-font-family-mobile-typography:inherit;--awb-fusion-font-style-mobile-typography:normal;--awb-fusion-font-weight-mobile-typography:400;\" aria-label=\"Menu\" data-breakpoint=\"1024\" data-count=\"0\" data-transition-type=\"fade\" data-transition-time=\"300\" id=\"menu-area\"><button type=\"button\" class=\"awb-menu__m-toggle awb-menu__m-toggle_no-text\" aria-expanded=\"false\" aria-controls=\"menu-dieta-mediterranica\"><span class=\"awb-menu__m-toggle-inner\"><span class=\"collapsed-nav-text\"><span class=\"screen-reader-text\">Toggle Navigation<\/span><\/span><span class=\"awb-menu__m-collapse-icon awb-menu__m-collapse-icon_no-text\"><span class=\"awb-menu__m-collapse-icon-open awb-menu__m-collapse-icon-open_no-text fa-bars fas\"><\/span><span class=\"awb-menu__m-collapse-icon-close awb-menu__m-collapse-icon-close_no-text fa-times fas\"><\/span><\/span><\/span><\/button><ul id=\"menu-dieta-mediterranica\" class=\"fusion-menu awb-menu__main-ul awb-menu__main-ul_column\"><li  id=\"menu-item-74012\"  class=\"menu-item menu-item-type-post_type menu-item-object-page menu-item-74012 awb-menu__li awb-menu__main-li awb-menu__main-li_regular\"  data-item-id=\"74012\"><span class=\"awb-menu__main-background-default awb-menu__main-background-default_fade\"><\/span><span class=\"awb-menu__main-background-active awb-menu__main-background-active_fade\"><\/span><a  href=\"https:\/\/www.ccdrc.pt\/en\/areas-de-atuacao\/desenvolvimento-rural-e-agroalimentar\/dieta-mediterranica\/\" class=\"awb-menu__main-a awb-menu__main-a_regular\"><span class=\"menu-text\">In\u00edcio<\/span><\/a><\/li><li  id=\"menu-item-74013\"  class=\"menu-item menu-item-type-post_type menu-item-object-page menu-item-74013 awb-menu__li awb-menu__main-li awb-menu__main-li_regular\"  data-item-id=\"74013\"><span class=\"awb-menu__main-background-default awb-menu__main-background-default_fade\"><\/span><span class=\"awb-menu__main-background-active awb-menu__main-background-active_fade\"><\/span><a  href=\"https:\/\/www.ccdrc.pt\/en\/areas-de-atuacao\/desenvolvimento-rural-e-agroalimentar\/dieta-mediterranica\/patrimonio-imaterial-da-unesco\/\" class=\"awb-menu__main-a awb-menu__main-a_regular\"><span class=\"menu-text\">Patrim\u00f3nio Imaterial da Unesco<\/span><\/a><\/li><li  id=\"menu-item-74014\"  class=\"menu-item menu-item-type-post_type menu-item-object-page menu-item-74014 awb-menu__li awb-menu__main-li awb-menu__main-li_regular\"  data-item-id=\"74014\"><span class=\"awb-menu__main-background-default awb-menu__main-background-default_fade\"><\/span><span class=\"awb-menu__main-background-active awb-menu__main-background-active_fade\"><\/span><a  href=\"https:\/\/www.ccdrc.pt\/en\/areas-de-atuacao\/desenvolvimento-rural-e-agroalimentar\/dieta-mediterranica\/principios-da-dieta-mediterranica\/\" class=\"awb-menu__main-a awb-menu__main-a_regular\"><span class=\"menu-text\">Princ\u00edpios da Dieta Mediterr\u00e2nica<\/span><\/a><\/li><li  id=\"menu-item-74015\"  class=\"menu-item menu-item-type-post_type menu-item-object-page menu-item-74015 awb-menu__li awb-menu__main-li awb-menu__main-li_regular\"  data-item-id=\"74015\"><span class=\"awb-menu__main-background-default awb-menu__main-background-default_fade\"><\/span><span class=\"awb-menu__main-background-active awb-menu__main-background-active_fade\"><\/span><a  href=\"https:\/\/www.ccdrc.pt\/en\/areas-de-atuacao\/desenvolvimento-rural-e-agroalimentar\/dieta-mediterranica\/a-dieta-mediterranica-no-centro\/\" class=\"awb-menu__main-a awb-menu__main-a_regular\"><span class=\"menu-text\">A Dieta Mediterr\u00e2nica no Centro<\/span><\/a><\/li><li  id=\"menu-item-74016\"  class=\"menu-item menu-item-type-post_type menu-item-object-page menu-item-74016 awb-menu__li awb-menu__main-li awb-menu__main-li_regular\"  data-item-id=\"74016\"><span class=\"awb-menu__main-background-default awb-menu__main-background-default_fade\"><\/span><span class=\"awb-menu__main-background-active awb-menu__main-background-active_fade\"><\/span><a  href=\"https:\/\/www.ccdrc.pt\/en\/areas-de-atuacao\/desenvolvimento-rural-e-agroalimentar\/dieta-mediterranica\/patrimonio-rural\/\" class=\"awb-menu__main-a awb-menu__main-a_regular\"><span class=\"menu-text\">Patrim\u00f3nio Rural<\/span><\/a><\/li><\/ul><\/nav><\/div><\/div><\/div><\/div><\/div><div class=\"fusion-layout-column fusion_builder_column fusion-builder-column-1 fusion_builder_column_3_4 3_4 fusion-flex-column\" style=\"--awb-bg-size:cover;--awb-width-large:75%;--awb-margin-top-large:88px;--awb-spacing-right-large:0%;--awb-margin-bottom-large:0px;--awb-spacing-left-large:0%;--awb-width-medium:75%;--awb-order-medium:0;--awb-spacing-right-medium:0%;--awb-spacing-left-medium:0%;--awb-width-small:100%;--awb-order-small:0;--awb-spacing-right-small:0%;--awb-spacing-left-small:0%;\"><div class=\"fusion-column-wrapper fusion-column-has-shadow fusion-flex-justify-content-flex-start fusion-content-layout-column\"><div class=\"fusion-text fusion-text-2 fusion-text-no-margin\" style=\"--awb-font-size:20px;--awb-line-height:36px;--awb-text-color:#595959;--awb-margin-bottom:4px;--awb-text-font-family:&quot;Noto Sans&quot;;--awb-text-font-style:normal;--awb-text-font-weight:400;\"><p>Dieta Mediterr\u00e2nica<\/p>\n<\/div><div class=\"fusion-text fusion-text-3 fusion-text-no-margin\" style=\"--awb-font-size:32px;--awb-line-height:44px;--awb-text-color:#000000;--awb-margin-bottom:64px;--awb-text-font-family:&quot;Noto Sans&quot;;--awb-text-font-style:normal;--awb-text-font-weight:700;\"><h1 class=\"page-h1\">Patrim\u00f3nio Rural<\/h1>\n<\/div><div class=\"fusion-text fusion-text-4 content-article\"><div data-post-id=\"70236\" class=\"insert-page insert-page-70236 \"><div class=\"fusion-fullwidth fullwidth-box fusion-builder-row-1-1 fusion-flex-container nonhundred-percent-fullwidth non-hundred-percent-height-scrolling\" style=\"--awb-border-radius-top-left:0px;--awb-border-radius-top-right:0px;--awb-border-radius-bottom-right:0px;--awb-border-radius-bottom-left:0px;\" ><div class=\"fusion-builder-row fusion-row fusion-flex-align-items-flex-start\" style=\"width:100% !important;max-width:100% !important;margin-left: calc(-0% \/ 2 );margin-right: calc(-0% \/ 2 );\"><div class=\"fusion-layout-column fusion_builder_column fusion-builder-column-2 fusion_builder_column_1_1 1_1 fusion-flex-column\" style=\"--awb-bg-size:cover;--awb-width-large:100%;--awb-margin-top-large:0px;--awb-spacing-right-large:0%;--awb-margin-bottom-large:0px;--awb-spacing-left-large:0%;--awb-width-medium:100%;--awb-spacing-right-medium:0%;--awb-spacing-left-medium:0%;--awb-width-small:100%;--awb-spacing-right-small:0%;--awb-spacing-left-small:0%;\"><div class=\"fusion-column-wrapper fusion-flex-justify-content-flex-start fusion-content-layout-column\"><div class=\"fusion-text fusion-text-4\"><p>Constitu\u00eddo ao mesmo tempo por elementos materiais e imateriais, o mundo rural possui um patrim\u00f3nio cultural, edificado, natural e paisag\u00edstico de infinita riqueza. Este patrim\u00f3nio, que urge preservar, funciona igualmente como motor de desenvolvimento do territ\u00f3rio em que se situa.<\/p>\n<p>Reconhecer o valor do passado, proteger e valorizar o patrim\u00f3nio rural, torn\u00e1-lo conhecido, acess\u00edvel e interativo com as popula\u00e7\u00f5es rurais \u00e9 uma tarefa indispens\u00e1vel \u00e0 manuten\u00e7\u00e3o dos equil\u00edbrios ecol\u00f3gicos, \u00e0 preserva\u00e7\u00e3o da autoestima e do desenvolvimento econ\u00f3mico, social e cultural.<\/p>\n<p>Esta tarefa incumbe, n\u00e3o s\u00f3 \u00e0s institui\u00e7\u00f5es oficiais e entidades privadas ligadas ao setor, mas tamb\u00e9m \u00e0s popula\u00e7\u00f5es que dever\u00e3o ter orgulho no patrim\u00f3nio existente no seu territ\u00f3rio.<\/p>\n<p>&nbsp;<\/p>\n<p><strong>Liga\u00e7\u00f5es \u00fateis<\/strong><\/p>\n<p><a href=\"https:\/\/www.dgadr.gov.pt\/images\/docs\/div_meiorural\/i010464.pdf\" target=\"_blank\" rel=\"noopener\">Dire\u00e7\u00e3o-Geral de Agricultura e Desenvolvimento Rural (DGADR)<\/a><\/p>\n<p>&nbsp;<\/p>\n<p>&nbsp;<\/p>\n<\/div><\/div><\/div><\/div><\/div>\n<\/div>\n<\/div><div class=\"fusion-image-carousel fusion-image-carousel-auto fusion-image-carousel-1\" style=\"margin-right:50px;\"><div class=\"awb-carousel awb-swiper awb-swiper-carousel\" data-autoplay=\"yes\" data-columns=\"4\" data-itemmargin=\"20\" data-itemwidth=\"180\" data-touchscroll=\"no\" data-imagesize=\"auto\" style=\"--awb-columns:4;--awb-column-spacing:20px;--awb-caption-title-color:#ffffff;--awb-caption-title-size:14px;--awb-caption-title-line-height:1.24em;--awb-caption-title-letter-spacing:0.0015em;--awb-caption-text-color:#ffffff;--awb-caption-text-size:10px;--awb-caption-text-transform:capitalize;--awb-caption-text-line-height:1.3em;--awb-caption-text-letter-spacing:0.0015em;--awb-caption-border-color:#cdf271;--awb-caption-overlay-color:#000000;--awb-caption-background-color:#155e87;--awb-caption-title-font-family:-apple-system, BlinkMacSystemFont, &#039;Segoe UI&#039;, Roboto, Oxygen-Sans, Ubuntu, Cantarell, &#039;Helvetica Neue&#039; ,sans-serif;--awb-caption-title-font-style:normal;--awb-caption-title-font-weight:700;--awb-caption-text-font-family:-apple-system, BlinkMacSystemFont, &#039;Segoe UI&#039;, Roboto, Oxygen-Sans, Ubuntu, Cantarell, &#039;Helvetica Neue&#039; ,sans-serif;--awb-caption-text-font-style:normal;--awb-caption-text-font-weight:400;\"><div class=\"swiper-wrapper fusion-flex-align-items-flex-start\"><div class=\"swiper-slide\"><div class=\"fusion-carousel-item-wrapper\"><div class=\"fusion-image-wrapper awb-imageframe-style awb-imageframe-style-dany\"><a href=\"https:\/\/www.ccdrc.pt\/tropecos-de-cortica-um-saber-do-patrimonio-rural-da-regiao-centro\/\" target=\"_self\"><img decoding=\"async\" width=\"500\" height=\"500\" src=\"https:\/\/www.ccdrc.pt\/wp-content\/uploads\/2026\/08\/tropecos_300x300.jpg\" class=\"attachment-full size-full\" alt=\"Imagem de tropecos 300\" srcset=\"https:\/\/www.ccdrc.pt\/wp-content\/uploads\/2026\/08\/tropecos_300x300-12x12.jpg 12w, https:\/\/www.ccdrc.pt\/wp-content\/uploads\/2026\/08\/tropecos_300x300-66x66.jpg 66w, https:\/\/www.ccdrc.pt\/wp-content\/uploads\/2026\/08\/tropecos_300x300-200x200.jpg 200w, https:\/\/www.ccdrc.pt\/wp-content\/uploads\/2026\/08\/tropecos_300x300-400x400.jpg 400w, https:\/\/www.ccdrc.pt\/wp-content\/uploads\/2026\/08\/tropecos_300x300.jpg 500w\" sizes=\"(max-width: 500px) 100vw, 500px\" \/><div class=\"awb-imageframe-caption-container\"><div class=\"awb-imageframe-caption\"><h3 class=\"awb-imageframe-caption-title\">Trope\u00e7os de corti\u00e7a<\/h3><p class=\"awb-imageframe-caption-text\">Saiba mais<\/p><\/div><\/div><\/a><\/div><\/div><\/div><\/div><\/div><\/div><div class=\"fusion-image-carousel fusion-image-carousel-auto fusion-image-carousel-2\" style=\"margin-right:50px;\"><div class=\"awb-carousel awb-swiper awb-swiper-carousel\" data-autoplay=\"yes\" data-columns=\"4\" data-itemmargin=\"20\" data-itemwidth=\"180\" data-touchscroll=\"no\" data-imagesize=\"auto\" style=\"--awb-columns:4;--awb-column-spacing:20px;--awb-caption-title-color:#ffffff;--awb-caption-title-size:14px;--awb-caption-title-line-height:1.24em;--awb-caption-title-letter-spacing:0.0015em;--awb-caption-text-color:#ffffff;--awb-caption-text-size:10px;--awb-caption-text-transform:capitalize;--awb-caption-text-line-height:1.3em;--awb-caption-text-letter-spacing:0.0015em;--awb-caption-border-color:#cdf271;--awb-caption-overlay-color:#000000;--awb-caption-background-color:#155e87;--awb-caption-title-font-family:-apple-system, BlinkMacSystemFont, &#039;Segoe UI&#039;, Roboto, Oxygen-Sans, Ubuntu, Cantarell, &#039;Helvetica Neue&#039; ,sans-serif;--awb-caption-title-font-style:normal;--awb-caption-title-font-weight:700;--awb-caption-text-font-family:-apple-system, BlinkMacSystemFont, &#039;Segoe UI&#039;, Roboto, Oxygen-Sans, Ubuntu, Cantarell, &#039;Helvetica Neue&#039; ,sans-serif;--awb-caption-text-font-style:normal;--awb-caption-text-font-weight:400;\"><div class=\"swiper-wrapper fusion-flex-align-items-flex-start\"><div class=\"swiper-slide\"><div class=\"fusion-carousel-item-wrapper\"><div class=\"fusion-image-wrapper awb-imageframe-style awb-imageframe-style-dany\"><a href=\"https:\/\/www.ccdrc.pt\/desfolhada-do-milho-memoria-agricultura-e-patrimonio-rural-no-centro-de-portugal\/\" target=\"_self\"><img decoding=\"async\" width=\"300\" height=\"300\" src=\"https:\/\/www.ccdrc.pt\/wp-content\/uploads\/2026\/08\/milho-desfolhada_300x300.jpg\" class=\"attachment-full size-full\" alt=\"Imagem de milho-desfolhada 300\" srcset=\"https:\/\/www.ccdrc.pt\/wp-content\/uploads\/2026\/08\/milho-desfolhada_300x300-200x200.jpg 200w, https:\/\/www.ccdrc.pt\/wp-content\/uploads\/2026\/08\/milho-desfolhada_300x300.jpg 300w\" sizes=\"(min-width: 2200px) 100vw, (min-width: 856px) 307px, (min-width: 784px) 409px, (min-width: 712px) 614px, (min-width: 640px) 712px, \" \/><div class=\"awb-imageframe-caption-container\"><div class=\"awb-imageframe-caption\"><h3 class=\"awb-imageframe-caption-title\">Desfolhada do Milho<\/h3><p class=\"awb-imageframe-caption-text\">Saiba mais<\/p><\/div><\/div><\/a><\/div><\/div><\/div><div class=\"swiper-slide\"><div class=\"fusion-carousel-item-wrapper\"><div class=\"fusion-image-wrapper awb-imageframe-style awb-imageframe-style-dany\"><a href=\"https:\/\/www.ccdrc.pt\/a-demolha-do-tremoco-na-gandara-um-saber-tradicional-com-fundamento-cientifico\/\" target=\"_self\"><img decoding=\"async\" width=\"300\" height=\"300\" src=\"https:\/\/www.ccdrc.pt\/wp-content\/uploads\/2026\/07\/tremocos_300x300.jpg\" class=\"attachment-full size-full\" alt=\"Imagem de tremocos 300\" srcset=\"https:\/\/www.ccdrc.pt\/wp-content\/uploads\/2026\/07\/tremocos_300x300-200x200.jpg 200w, https:\/\/www.ccdrc.pt\/wp-content\/uploads\/2026\/07\/tremocos_300x300.jpg 300w\" sizes=\"(min-width: 2200px) 100vw, (min-width: 856px) 307px, (min-width: 784px) 409px, (min-width: 712px) 614px, (min-width: 640px) 712px, \" \/><div class=\"awb-imageframe-caption-container\"><div class=\"awb-imageframe-caption\"><h3 class=\"awb-imageframe-caption-title\">Demolha do tremo\u00e7o na G\u00e2ndara<\/h3><p class=\"awb-imageframe-caption-text\">Saiba mais<\/p><\/div><\/div><\/a><\/div><\/div><\/div><div class=\"swiper-slide\"><div class=\"fusion-carousel-item-wrapper\"><div class=\"fusion-image-wrapper awb-imageframe-style awb-imageframe-style-dany\"><a href=\"https:\/\/www.ccdrc.pt\/socalcos-e-muros-de-pedra-seca-identidades-da-paisagem-no-centro-de-portugal\/\" target=\"_self\"><img decoding=\"async\" width=\"300\" height=\"300\" src=\"https:\/\/www.ccdrc.pt\/wp-content\/uploads\/2026\/08\/terras-de-sico_muros-de-pedra-seca300.300.jpg\" class=\"attachment-full size-full\" alt=\"Imagem de terras-de-sico muros-de-pedra-seca300\" srcset=\"https:\/\/www.ccdrc.pt\/wp-content\/uploads\/2026\/08\/terras-de-sico_muros-de-pedra-seca300.300-200x200.jpg 200w, https:\/\/www.ccdrc.pt\/wp-content\/uploads\/2026\/08\/terras-de-sico_muros-de-pedra-seca300.300.jpg 300w\" sizes=\"(min-width: 2200px) 100vw, (min-width: 856px) 307px, (min-width: 784px) 409px, (min-width: 712px) 614px, (min-width: 640px) 712px, \" \/><div class=\"awb-imageframe-caption-container\"><div class=\"awb-imageframe-caption\"><h3 class=\"awb-imageframe-caption-title\">Socalcos e Muros de Pedra Seca<\/h3><p class=\"awb-imageframe-caption-text\">Saiba mais<\/p><\/div><\/div><\/a><\/div><\/div><\/div><div class=\"swiper-slide\"><div class=\"fusion-carousel-item-wrapper\"><div class=\"fusion-image-wrapper awb-imageframe-style awb-imageframe-style-dany\"><a href=\"https:\/\/www.ccdrc.pt\/casas-de-lavoura-e-solares-beiroes-patrimonio-rural-da-regiao-centro-de-portugal\/\" target=\"_self\"><img decoding=\"async\" width=\"300\" height=\"300\" src=\"https:\/\/www.ccdrc.pt\/wp-content\/uploads\/2026\/08\/Casa-de-Santa-Eulalia300x300.jpg\" class=\"attachment-full size-full\" alt=\"Imagem de Casa-de-Santa-Eulalia300\" srcset=\"https:\/\/www.ccdrc.pt\/wp-content\/uploads\/2026\/08\/Casa-de-Santa-Eulalia300x300-200x200.jpg 200w, https:\/\/www.ccdrc.pt\/wp-content\/uploads\/2026\/08\/Casa-de-Santa-Eulalia300x300.jpg 300w\" sizes=\"(min-width: 2200px) 100vw, (min-width: 856px) 307px, (min-width: 784px) 409px, (min-width: 712px) 614px, (min-width: 640px) 712px, \" \/><div class=\"awb-imageframe-caption-container\"><div class=\"awb-imageframe-caption\"><h3 class=\"awb-imageframe-caption-title\">Casas de lavoura e Solares beir\u00f5es<\/h3><p class=\"awb-imageframe-caption-text\">Saiba mais<\/p><\/div><\/div><\/a><\/div><\/div><\/div><\/div><\/div><\/div><div class=\"fusion-image-carousel fusion-image-carousel-auto fusion-image-carousel-3\" style=\"margin-right:50px;\"><div class=\"awb-carousel awb-swiper awb-swiper-carousel\" data-autoplay=\"yes\" data-columns=\"4\" data-itemmargin=\"20\" data-itemwidth=\"180\" data-touchscroll=\"no\" data-imagesize=\"auto\" style=\"--awb-columns:4;--awb-column-spacing:20px;--awb-caption-title-color:#ffffff;--awb-caption-title-size:14px;--awb-caption-title-line-height:1.24em;--awb-caption-title-letter-spacing:0.0015em;--awb-caption-text-color:#ffffff;--awb-caption-text-size:10px;--awb-caption-text-transform:capitalize;--awb-caption-text-line-height:1.3em;--awb-caption-text-letter-spacing:0.0015em;--awb-caption-border-color:#cdf271;--awb-caption-overlay-color:#000000;--awb-caption-background-color:#155e87;--awb-caption-title-font-family:-apple-system, BlinkMacSystemFont, &#039;Segoe UI&#039;, Roboto, Oxygen-Sans, Ubuntu, Cantarell, &#039;Helvetica Neue&#039; ,sans-serif;--awb-caption-title-font-style:normal;--awb-caption-title-font-weight:700;--awb-caption-text-font-family:-apple-system, BlinkMacSystemFont, &#039;Segoe UI&#039;, Roboto, Oxygen-Sans, Ubuntu, Cantarell, &#039;Helvetica Neue&#039; ,sans-serif;--awb-caption-text-font-style:normal;--awb-caption-text-font-weight:400;\"><div class=\"swiper-wrapper fusion-flex-align-items-flex-start\"><div class=\"swiper-slide\"><div class=\"fusion-carousel-item-wrapper\"><div class=\"fusion-image-wrapper awb-imageframe-style awb-imageframe-style-dany\"><a href=\"https:\/\/www.ccdrc.pt\/eiras-para-secagem-e-malha-dos-cereais-na-regiao-centro\/\" target=\"_self\"><img decoding=\"async\" width=\"300\" height=\"300\" src=\"https:\/\/www.ccdrc.pt\/wp-content\/uploads\/2026\/07\/Eira300x300.jpg\" class=\"attachment-full size-full\" alt=\"Imagem de Eira300\" srcset=\"https:\/\/www.ccdrc.pt\/wp-content\/uploads\/2026\/07\/Eira300x300-200x200.jpg 200w, https:\/\/www.ccdrc.pt\/wp-content\/uploads\/2026\/07\/Eira300x300.jpg 300w\" sizes=\"(min-width: 2200px) 100vw, (min-width: 856px) 307px, (min-width: 784px) 409px, (min-width: 712px) 614px, (min-width: 640px) 712px, \" \/><div class=\"awb-imageframe-caption-container\"><div class=\"awb-imageframe-caption\"><h3 class=\"awb-imageframe-caption-title\">Eiras<\/h3><p class=\"awb-imageframe-caption-text\">Saiba mais<\/p><\/div><\/div><\/a><\/div><\/div><\/div><div class=\"swiper-slide\"><div class=\"fusion-carousel-item-wrapper\"><div class=\"fusion-image-wrapper awb-imageframe-style awb-imageframe-style-dany\"><a href=\"https:\/\/www.ccdrc.pt\/as-marinhas-de-arroz-de-estarreja-patrimonio-vivo-entre-a-natureza-e-a-tradicao\/\" target=\"_self\"><img decoding=\"async\" width=\"300\" height=\"300\" src=\"https:\/\/www.ccdrc.pt\/wp-content\/uploads\/2026\/07\/Baixo-Vouga-Lagunar_300x300.jpg\" class=\"attachment-full size-full\" alt=\"Imagem de Baixo-Vouga-Lagunar 300\" srcset=\"https:\/\/www.ccdrc.pt\/wp-content\/uploads\/2026\/07\/Baixo-Vouga-Lagunar_300x300-200x200.jpg 200w, https:\/\/www.ccdrc.pt\/wp-content\/uploads\/2026\/07\/Baixo-Vouga-Lagunar_300x300.jpg 300w\" sizes=\"(min-width: 2200px) 100vw, (min-width: 856px) 307px, (min-width: 784px) 409px, (min-width: 712px) 614px, (min-width: 640px) 712px, \" \/><div class=\"awb-imageframe-caption-container\"><div class=\"awb-imageframe-caption\"><h3 class=\"awb-imageframe-caption-title\">Marinhas de Arroz de Estarreja<\/h3><p class=\"awb-imageframe-caption-text\">Saiba mais<\/p><\/div><\/div><\/a><\/div><\/div><\/div><div class=\"swiper-slide\"><div class=\"fusion-carousel-item-wrapper\"><div class=\"fusion-image-wrapper awb-imageframe-style awb-imageframe-style-dany\"><a href=\"https:\/\/www.ccdrc.pt\/a-atividade-moageira-de-albergaria-a-velha\/\" target=\"_self\"><img decoding=\"async\" width=\"300\" height=\"300\" src=\"https:\/\/www.ccdrc.pt\/wp-content\/uploads\/2026\/07\/moinho-atividade-moageira-albergaria_300x300.jpg\" class=\"attachment-full size-full\" alt=\"Imagem de moinho-atividade-moageira-albergaria 300\" srcset=\"https:\/\/www.ccdrc.pt\/wp-content\/uploads\/2026\/07\/moinho-atividade-moageira-albergaria_300x300-200x200.jpg 200w, https:\/\/www.ccdrc.pt\/wp-content\/uploads\/2026\/07\/moinho-atividade-moageira-albergaria_300x300.jpg 300w\" sizes=\"(min-width: 2200px) 100vw, (min-width: 856px) 307px, (min-width: 784px) 409px, (min-width: 712px) 614px, (min-width: 640px) 712px, \" \/><div class=\"awb-imageframe-caption-container\"><div class=\"awb-imageframe-caption\"><h3 class=\"awb-imageframe-caption-title\">Atividade moageira<\/h3><p class=\"awb-imageframe-caption-text\">Saiba mais<\/p><\/div><\/div><\/a><\/div><\/div><\/div><div class=\"swiper-slide\"><div class=\"fusion-carousel-item-wrapper\"><div class=\"fusion-image-wrapper awb-imageframe-style awb-imageframe-style-dany\"><a href=\"https:\/\/www.ccdrc.pt\/rota-da-transumancia-na-serra-da-estrela-patrimonio-vivo-e-identidade-serrana\/\" target=\"_self\"><img decoding=\"async\" width=\"300\" height=\"300\" src=\"https:\/\/www.ccdrc.pt\/wp-content\/uploads\/2026\/07\/Transumancia_fora.jpg\" class=\"attachment-full size-full\" alt=\"Imagem de Transumancia \" srcset=\"https:\/\/www.ccdrc.pt\/wp-content\/uploads\/2026\/07\/Transumancia_fora-200x200.jpg 200w, https:\/\/www.ccdrc.pt\/wp-content\/uploads\/2026\/07\/Transumancia_fora.jpg 300w\" sizes=\"(min-width: 2200px) 100vw, (min-width: 856px) 307px, (min-width: 784px) 409px, (min-width: 712px) 614px, (min-width: 640px) 712px, \" \/><div class=\"awb-imageframe-caption-container\"><div class=\"awb-imageframe-caption\"><h3 class=\"awb-imageframe-caption-title\">Rota da Transum\u00e2ncia<\/h3><p class=\"awb-imageframe-caption-text\">Saiba mais<\/p><\/div><\/div><\/a><\/div><\/div><\/div><\/div><\/div><\/div><div class=\"fusion-image-carousel fusion-image-carousel-auto fusion-image-carousel-4\" style=\"margin-right:50px;\"><div class=\"awb-carousel awb-swiper awb-swiper-carousel\" data-autoplay=\"yes\" data-columns=\"4\" data-itemmargin=\"20\" data-itemwidth=\"180\" data-touchscroll=\"no\" data-imagesize=\"auto\" style=\"--awb-columns:4;--awb-column-spacing:20px;--awb-caption-title-color:#ffffff;--awb-caption-title-size:14px;--awb-caption-title-line-height:1.24em;--awb-caption-title-letter-spacing:0.0015em;--awb-caption-text-color:#ffffff;--awb-caption-text-size:10px;--awb-caption-text-transform:capitalize;--awb-caption-text-line-height:1.3em;--awb-caption-text-letter-spacing:0.0015em;--awb-caption-border-color:#cdf271;--awb-caption-overlay-color:#000000;--awb-caption-background-color:#155e87;--awb-caption-title-font-family:-apple-system, BlinkMacSystemFont, &#039;Segoe UI&#039;, Roboto, Oxygen-Sans, Ubuntu, Cantarell, &#039;Helvetica Neue&#039; ,sans-serif;--awb-caption-title-font-style:normal;--awb-caption-title-font-weight:700;--awb-caption-text-font-family:-apple-system, BlinkMacSystemFont, &#039;Segoe UI&#039;, Roboto, Oxygen-Sans, Ubuntu, Cantarell, &#039;Helvetica Neue&#039; ,sans-serif;--awb-caption-text-font-style:normal;--awb-caption-text-font-weight:400;\"><div class=\"swiper-wrapper fusion-flex-align-items-flex-start\"><div class=\"swiper-slide\"><div class=\"fusion-carousel-item-wrapper\"><div class=\"fusion-image-wrapper awb-imageframe-style awb-imageframe-style-dany\"><a href=\"https:\/\/www.ccdrc.pt\/os-palheiros-da-costa-nova-expressao-do-patrimonio-rural-e-maritimo-da-regiao-centro\/\" target=\"_self\"><img decoding=\"async\" width=\"300\" height=\"300\" src=\"https:\/\/www.ccdrc.pt\/wp-content\/uploads\/2025\/01\/300x300Palheiros-da-Costa-Novadentro.jpg\" class=\"attachment-full size-full\" alt=\"Imagem de 300x300Palheiros-da-Costa-Novade\" srcset=\"https:\/\/www.ccdrc.pt\/wp-content\/uploads\/2025\/01\/300x300Palheiros-da-Costa-Novadentro-200x200.jpg 200w, https:\/\/www.ccdrc.pt\/wp-content\/uploads\/2025\/01\/300x300Palheiros-da-Costa-Novadentro.jpg 300w\" sizes=\"(min-width: 2200px) 100vw, (min-width: 856px) 307px, (min-width: 784px) 409px, (min-width: 712px) 614px, (min-width: 640px) 712px, \" \/><div class=\"awb-imageframe-caption-container\"><div class=\"awb-imageframe-caption\"><h3 class=\"awb-imageframe-caption-title\">Palheiros da Costa Nova<\/h3><p class=\"awb-imageframe-caption-text\">Saiba mais<\/p><\/div><\/div><\/a><\/div><\/div><\/div><div class=\"swiper-slide\"><div class=\"fusion-carousel-item-wrapper\"><div class=\"fusion-image-wrapper awb-imageframe-style awb-imageframe-style-dany\"><a href=\"https:\/\/www.ccdrc.pt\/a-arte-xavega-na-regiao-centro-tradicao-patrimonio-e-experiencia-viva\/\" target=\"_self\"><img decoding=\"async\" width=\"300\" height=\"300\" src=\"https:\/\/www.ccdrc.pt\/wp-content\/uploads\/2026\/05\/arte-chavega_fora.jpg\" class=\"attachment-full size-full\" alt=\"Imagem de arte-chavega \" srcset=\"https:\/\/www.ccdrc.pt\/wp-content\/uploads\/2026\/05\/arte-chavega_fora-200x200.jpg 200w, https:\/\/www.ccdrc.pt\/wp-content\/uploads\/2026\/05\/arte-chavega_fora.jpg 300w\" sizes=\"(min-width: 2200px) 100vw, (min-width: 856px) 307px, (min-width: 784px) 409px, (min-width: 712px) 614px, (min-width: 640px) 712px, \" \/><div class=\"awb-imageframe-caption-container\"><div class=\"awb-imageframe-caption\"><h3 class=\"awb-imageframe-caption-title\">Arte Ch\u00e1vega<\/h3><p class=\"awb-imageframe-caption-text\">Saiba mais<\/p><\/div><\/div><\/a><\/div><\/div><\/div><div class=\"swiper-slide\"><div class=\"fusion-carousel-item-wrapper\"><div class=\"fusion-image-wrapper awb-imageframe-style awb-imageframe-style-dany\"><a href=\"https:\/\/www.ccdrc.pt\/cestaria-de-nandufe-um-patrimonio-do-mundo-rural\/\" target=\"_self\"><img decoding=\"async\" width=\"300\" height=\"300\" src=\"https:\/\/www.ccdrc.pt\/wp-content\/uploads\/2026\/04\/Cesta-Amieira-e-Canastra-de-Nandufe_fora.png\" class=\"attachment-full size-full\" alt=\"Imagem de Cesta-Amieira-e-Canastra-de-Nandufe \" srcset=\"https:\/\/www.ccdrc.pt\/wp-content\/uploads\/2026\/04\/Cesta-Amieira-e-Canastra-de-Nandufe_fora-200x200.png 200w, https:\/\/www.ccdrc.pt\/wp-content\/uploads\/2026\/04\/Cesta-Amieira-e-Canastra-de-Nandufe_fora.png 300w\" sizes=\"(min-width: 2200px) 100vw, (min-width: 856px) 307px, (min-width: 784px) 409px, (min-width: 712px) 614px, (min-width: 640px) 712px, \" \/><div class=\"awb-imageframe-caption-container\"><div class=\"awb-imageframe-caption\"><h3 class=\"awb-imageframe-caption-title\">Cestaria de Nandufe<\/h3><p class=\"awb-imageframe-caption-text\">Saiba mais<\/p><\/div><\/div><\/a><\/div><\/div><\/div><div class=\"swiper-slide\"><div class=\"fusion-carousel-item-wrapper\"><div class=\"fusion-image-wrapper awb-imageframe-style awb-imageframe-style-dany\"><a href=\"https:\/\/www.ccdrc.pt\/aldeias-do-xisto-valorizacao-do-patrimonio-rural-na-regiao-centro\/\" target=\"_self\"><img decoding=\"async\" width=\"300\" height=\"300\" src=\"https:\/\/www.ccdrc.pt\/wp-content\/uploads\/2026\/04\/AldeiasDoXisto_fora.jpg\" class=\"attachment-full size-full\" alt=\"Imagem de AldeiasDoXisto \" srcset=\"https:\/\/www.ccdrc.pt\/wp-content\/uploads\/2026\/04\/AldeiasDoXisto_fora-200x200.jpg 200w, https:\/\/www.ccdrc.pt\/wp-content\/uploads\/2026\/04\/AldeiasDoXisto_fora.jpg 300w\" sizes=\"(min-width: 2200px) 100vw, (min-width: 856px) 307px, (min-width: 784px) 409px, (min-width: 712px) 614px, (min-width: 640px) 712px, \" \/><div class=\"awb-imageframe-caption-container\"><div class=\"awb-imageframe-caption\"><h3 class=\"awb-imageframe-caption-title\">Aldeias de Xisto<\/h3><p class=\"awb-imageframe-caption-text\">Saiba mais<\/p><\/div><\/div><\/a><\/div><\/div><\/div><\/div><\/div><\/div><div class=\"fusion-image-carousel fusion-image-carousel-auto fusion-image-carousel-5\" style=\"margin-right:50px;\"><div class=\"awb-carousel awb-swiper awb-swiper-carousel\" data-autoplay=\"yes\" data-columns=\"4\" data-itemmargin=\"20\" data-itemwidth=\"180\" data-touchscroll=\"no\" data-imagesize=\"auto\" style=\"--awb-columns:4;--awb-column-spacing:20px;--awb-caption-title-color:#ffffff;--awb-caption-title-size:14px;--awb-caption-title-line-height:1.24em;--awb-caption-title-letter-spacing:0.0015em;--awb-caption-text-color:#ffffff;--awb-caption-text-size:10px;--awb-caption-text-transform:capitalize;--awb-caption-text-line-height:1.3em;--awb-caption-text-letter-spacing:0.0015em;--awb-caption-border-color:#cdf271;--awb-caption-overlay-color:#000000;--awb-caption-background-color:#155e87;--awb-caption-title-font-family:-apple-system, BlinkMacSystemFont, &#039;Segoe UI&#039;, Roboto, Oxygen-Sans, Ubuntu, Cantarell, &#039;Helvetica Neue&#039; ,sans-serif;--awb-caption-title-font-style:normal;--awb-caption-title-font-weight:700;--awb-caption-text-font-family:-apple-system, BlinkMacSystemFont, &#039;Segoe UI&#039;, Roboto, Oxygen-Sans, Ubuntu, Cantarell, &#039;Helvetica Neue&#039; ,sans-serif;--awb-caption-text-font-style:normal;--awb-caption-text-font-weight:400;\"><div class=\"swiper-wrapper fusion-flex-align-items-flex-start\"><div class=\"swiper-slide\"><div class=\"fusion-carousel-item-wrapper\"><div class=\"fusion-image-wrapper awb-imageframe-style awb-imageframe-style-dany\"><a href=\"https:\/\/www.ccdrc.pt\/espigueiros-na-regiao-centro-de-portugal\/\" target=\"_self\"><img decoding=\"async\" width=\"300\" height=\"300\" src=\"https:\/\/www.ccdrc.pt\/wp-content\/uploads\/2026\/04\/espigueiro_fora.jpg\" class=\"attachment-full size-full\" alt=\"Imagem de espigueiro \" srcset=\"https:\/\/www.ccdrc.pt\/wp-content\/uploads\/2026\/04\/espigueiro_fora-200x200.jpg 200w, https:\/\/www.ccdrc.pt\/wp-content\/uploads\/2026\/04\/espigueiro_fora.jpg 300w\" sizes=\"(min-width: 2200px) 100vw, (min-width: 856px) 307px, (min-width: 784px) 409px, (min-width: 712px) 614px, (min-width: 640px) 712px, \" \/><div class=\"awb-imageframe-caption-container\"><div class=\"awb-imageframe-caption\"><h3 class=\"awb-imageframe-caption-title\">Espigueiros<\/h3><p class=\"awb-imageframe-caption-text\">Saiba mais<\/p><\/div><\/div><\/a><\/div><\/div><\/div><div class=\"swiper-slide\"><div class=\"fusion-carousel-item-wrapper\"><div class=\"fusion-image-wrapper awb-imageframe-style awb-imageframe-style-dany\"><a href=\"https:\/\/www.ccdrc.pt\/pt\/fornos-comunitarios-definicao-e-contexto-historico\/\" target=\"_self\"><img decoding=\"async\" width=\"300\" height=\"300\" src=\"https:\/\/www.ccdrc.pt\/wp-content\/uploads\/2026\/02\/forno1_fora.jpg\" class=\"attachment-full size-full\" alt=\"Imagem de forno1 \" srcset=\"https:\/\/www.ccdrc.pt\/wp-content\/uploads\/2026\/02\/forno1_fora-200x200.jpg 200w, https:\/\/www.ccdrc.pt\/wp-content\/uploads\/2026\/02\/forno1_fora.jpg 300w\" sizes=\"(min-width: 2200px) 100vw, (min-width: 856px) 307px, (min-width: 784px) 409px, (min-width: 712px) 614px, (min-width: 640px) 712px, \" \/><div class=\"awb-imageframe-caption-container\"><div class=\"awb-imageframe-caption\"><h3 class=\"awb-imageframe-caption-title\">Fornos Comunit\u00e1rios: defini\u00e7\u00e3o e contexto hist\u00f3rico<\/h3><p class=\"awb-imageframe-caption-text\">Saiba mais<\/p><\/div><\/div><\/a><\/div><\/div><\/div><div class=\"swiper-slide\"><div class=\"fusion-carousel-item-wrapper\"><div class=\"fusion-image-wrapper awb-imageframe-style awb-imageframe-style-dany\"><a href=\"https:\/\/www.ccdrc.pt\/o-lagar-de-varas-de-parada-carregal-do-sal\/\" target=\"_self\"><img decoding=\"async\" width=\"300\" height=\"300\" src=\"https:\/\/www.ccdrc.pt\/wp-content\/uploads\/2025\/12\/lagar_fora.jpg\" class=\"attachment-full size-full\" alt=\"Imagem de lagar \" srcset=\"https:\/\/www.ccdrc.pt\/wp-content\/uploads\/2025\/12\/lagar_fora-200x200.jpg 200w, https:\/\/www.ccdrc.pt\/wp-content\/uploads\/2025\/12\/lagar_fora.jpg 300w\" sizes=\"(min-width: 2200px) 100vw, (min-width: 856px) 307px, (min-width: 784px) 409px, (min-width: 712px) 614px, (min-width: 640px) 712px, \" \/><div class=\"awb-imageframe-caption-container\"><div class=\"awb-imageframe-caption\"><h3 class=\"awb-imageframe-caption-title\">O Lagar de Varas de Parada | Carregal do Sal<\/h3><p class=\"awb-imageframe-caption-text\">Saiba mais<\/p><\/div><\/div><\/a><\/div><\/div><\/div><div class=\"swiper-slide\"><div class=\"fusion-carousel-item-wrapper\"><div class=\"fusion-image-wrapper awb-imageframe-style awb-imageframe-style-dany\"><a href=\"https:\/\/www.ccdrc.pt\/pt\/penacova-moinhos-de-vento-e-azenhas\/\" target=\"_self\"><img decoding=\"async\" width=\"300\" height=\"300\" src=\"https:\/\/www.ccdrc.pt\/wp-content\/uploads\/2025\/12\/moinho_fora-1.jpg\" class=\"attachment-full size-full\" alt=\"Imagem de moinho fo\" srcset=\"https:\/\/www.ccdrc.pt\/wp-content\/uploads\/2025\/12\/moinho_fora-1-200x200.jpg 200w, https:\/\/www.ccdrc.pt\/wp-content\/uploads\/2025\/12\/moinho_fora-1.jpg 300w\" sizes=\"(min-width: 2200px) 100vw, (min-width: 856px) 307px, (min-width: 784px) 409px, (min-width: 712px) 614px, (min-width: 640px) 712px, \" \/><div class=\"awb-imageframe-caption-container\"><div class=\"awb-imageframe-caption\"><h3 class=\"awb-imageframe-caption-title\">Penacova: moinhos de vento e azenhas<\/h3><p class=\"awb-imageframe-caption-text\">Saiba mais<\/p><\/div><\/div><\/a><\/div><\/div><\/div><\/div><\/div><\/div><\/div><\/div><\/div><\/div><div class=\"fusion-fullwidth fullwidth-box fusion-builder-row-2 fusion-flex-container has-pattern-background has-mask-background nonhundred-percent-fullwidth non-hundred-percent-height-scrolling fusion-no-small-visibility fusion-no-medium-visibility\" style=\"--awb-border-radius-top-left:0px;--awb-border-radius-top-right:0px;--awb-border-radius-bottom-right:0px;--awb-border-radius-bottom-left:0px;--awb-margin-bottom:140px;\" id=\"to-stop-fixed-menu-desktop\" ><div class=\"fusion-builder-row fusion-row fusion-flex-align-items-flex-start\" style=\"max-width:1288px;margin-left: calc(-0% \/ 2 );margin-right: calc(-0% \/ 2 );\"><div class=\"fusion-layout-column fusion_builder_column fusion-builder-column-3 fusion_builder_column_1_1 1_1 fusion-flex-column\" style=\"--awb-bg-size:cover;--awb-width-large:100%;--awb-margin-top-large:0px;--awb-spacing-right-large:0%;--awb-margin-bottom-large:0px;--awb-spacing-left-large:0%;--awb-width-medium:100%;--awb-order-medium:0;--awb-spacing-right-medium:0%;--awb-spacing-left-medium:0%;--awb-width-small:100%;--awb-order-small:0;--awb-spacing-right-small:0%;--awb-spacing-left-small:0%;\"><div class=\"fusion-column-wrapper fusion-column-has-shadow fusion-flex-justify-content-flex-start fusion-content-layout-column\"><\/div><\/div><\/div><\/div><div class=\"fusion-fullwidth fullwidth-box fusion-builder-row-3 fusion-flex-container has-pattern-background has-mask-background have-parent-siteMap nonhundred-percent-fullwidth non-hundred-percent-height-scrolling fusion-no-large-visibility\" style=\"--awb-border-radius-top-left:0px;--awb-border-radius-top-right:0px;--awb-border-radius-bottom-right:0px;--awb-border-radius-bottom-left:0px;\" id=\"container-menu-area-noDesktop\" ><div class=\"fusion-builder-row fusion-row fusion-flex-align-items-flex-start\" style=\"max-width:1288px;margin-left: calc(-0% \/ 2 );margin-right: calc(-0% \/ 2 );\"><div class=\"fusion-layout-column fusion_builder_column fusion-builder-column-4 fusion_builder_column_1_1 1_1 fusion-flex-column container-menu-consultations\" style=\"--awb-bg-size:cover;--awb-width-large:100%;--awb-margin-top-large:0px;--awb-spacing-right-large:0%;--awb-margin-bottom-large:0px;--awb-spacing-left-large:0%;--awb-width-medium:100%;--awb-order-medium:0;--awb-spacing-right-medium:0%;--awb-spacing-left-medium:0%;--awb-width-small:100%;--awb-order-small:0;--awb-spacing-right-small:0%;--awb-spacing-left-small:0%;\"><div class=\"fusion-column-wrapper fusion-column-has-shadow fusion-flex-justify-content-flex-start fusion-content-layout-column\"><nav class=\"awb-menu awb-menu_column awb-menu_em-hover mobile-mode-collapse-to-button awb-menu_icons-left awb-menu_dc-yes mobile-trigger-fullwidth-on awb-menu_mobile-toggle awb-menu_indent-left awb-menu_mt-fullwidth mobile-size-full-absolute loading mega-menu-loading awb-menu_desktop awb-menu_dropdown awb-menu_expand-right awb-menu_transition-fade fusion-no-small-visibility fusion-no-large-visibility menu-area-tablet\" style=\"--awb-font-size:18px;--awb-line-height:30px;--awb-transition-time:100;--awb-color:#000000;--awb-active-color:#000000;--awb-submenu-font-size:18px;--awb-submenu-line-height:30px;--awb-main-justify-content:flex-start;--awb-mobile-color:#000000;--awb-trigger-padding-top:26px;--awb-trigger-padding-right:0px;--awb-trigger-padding-bottom:22px;--awb-trigger-padding-left:0px;--awb-mobile-trigger-color:#000000;--awb-mobile-trigger-background-color:#f5f5f5;--awb-mobile-justify:flex-start;--awb-mobile-caret-left:auto;--awb-mobile-caret-right:0;--awb-fusion-font-family-typography:inherit;--awb-fusion-font-style-typography:normal;--awb-fusion-font-weight-typography:400;--awb-fusion-font-family-submenu-typography:inherit;--awb-fusion-font-style-submenu-typography:normal;--awb-fusion-font-weight-submenu-typography:400;--awb-fusion-font-family-mobile-typography:inherit;--awb-fusion-font-style-mobile-typography:normal;--awb-fusion-font-weight-mobile-typography:400;\" aria-label=\"Menu\" data-breakpoint=\"1024\" data-count=\"1\" data-transition-type=\"fade\" data-transition-time=\"100\"><button type=\"button\" class=\"awb-menu__m-toggle\" aria-expanded=\"false\" aria-controls=\"menu-dieta-mediterranica\"><span class=\"awb-menu__m-toggle-inner\"><span class=\"collapsed-nav-text\">Dieta Mediterr\u00e2nica<\/span><span class=\"awb-menu__m-collapse-icon\"><span class=\"awb-menu__m-collapse-icon-open fa-angle-down fas\"><\/span><span class=\"awb-menu__m-collapse-icon-close fa-times fas\"><\/span><\/span><\/span><\/button><ul id=\"menu-dieta-mediterranica-1\" class=\"fusion-menu awb-menu__main-ul awb-menu__main-ul_column\"><li   class=\"menu-item menu-item-type-post_type menu-item-object-page menu-item-74012 awb-menu__li awb-menu__main-li awb-menu__main-li_regular\"  data-item-id=\"74012\"><span class=\"awb-menu__main-background-default awb-menu__main-background-default_fade\"><\/span><span class=\"awb-menu__main-background-active awb-menu__main-background-active_fade\"><\/span><a  href=\"https:\/\/www.ccdrc.pt\/en\/areas-de-atuacao\/desenvolvimento-rural-e-agroalimentar\/dieta-mediterranica\/\" class=\"awb-menu__main-a awb-menu__main-a_regular\"><span class=\"menu-text\">In\u00edcio<\/span><\/a><\/li><li   class=\"menu-item menu-item-type-post_type menu-item-object-page menu-item-74013 awb-menu__li awb-menu__main-li awb-menu__main-li_regular\"  data-item-id=\"74013\"><span class=\"awb-menu__main-background-default awb-menu__main-background-default_fade\"><\/span><span class=\"awb-menu__main-background-active awb-menu__main-background-active_fade\"><\/span><a  href=\"https:\/\/www.ccdrc.pt\/en\/areas-de-atuacao\/desenvolvimento-rural-e-agroalimentar\/dieta-mediterranica\/patrimonio-imaterial-da-unesco\/\" class=\"awb-menu__main-a awb-menu__main-a_regular\"><span class=\"menu-text\">Patrim\u00f3nio Imaterial da Unesco<\/span><\/a><\/li><li   class=\"menu-item menu-item-type-post_type menu-item-object-page menu-item-74014 awb-menu__li awb-menu__main-li awb-menu__main-li_regular\"  data-item-id=\"74014\"><span class=\"awb-menu__main-background-default awb-menu__main-background-default_fade\"><\/span><span class=\"awb-menu__main-background-active awb-menu__main-background-active_fade\"><\/span><a  href=\"https:\/\/www.ccdrc.pt\/en\/areas-de-atuacao\/desenvolvimento-rural-e-agroalimentar\/dieta-mediterranica\/principios-da-dieta-mediterranica\/\" class=\"awb-menu__main-a awb-menu__main-a_regular\"><span class=\"menu-text\">Princ\u00edpios da Dieta Mediterr\u00e2nica<\/span><\/a><\/li><li   class=\"menu-item menu-item-type-post_type menu-item-object-page menu-item-74015 awb-menu__li awb-menu__main-li awb-menu__main-li_regular\"  data-item-id=\"74015\"><span class=\"awb-menu__main-background-default awb-menu__main-background-default_fade\"><\/span><span class=\"awb-menu__main-background-active awb-menu__main-background-active_fade\"><\/span><a  href=\"https:\/\/www.ccdrc.pt\/en\/areas-de-atuacao\/desenvolvimento-rural-e-agroalimentar\/dieta-mediterranica\/a-dieta-mediterranica-no-centro\/\" class=\"awb-menu__main-a awb-menu__main-a_regular\"><span class=\"menu-text\">A Dieta Mediterr\u00e2nica no Centro<\/span><\/a><\/li><li   class=\"menu-item menu-item-type-post_type menu-item-object-page menu-item-74016 awb-menu__li awb-menu__main-li awb-menu__main-li_regular\"  data-item-id=\"74016\"><span class=\"awb-menu__main-background-default awb-menu__main-background-default_fade\"><\/span><span class=\"awb-menu__main-background-active awb-menu__main-background-active_fade\"><\/span><a  href=\"https:\/\/www.ccdrc.pt\/en\/areas-de-atuacao\/desenvolvimento-rural-e-agroalimentar\/dieta-mediterranica\/patrimonio-rural\/\" class=\"awb-menu__main-a awb-menu__main-a_regular\"><span class=\"menu-text\">Patrim\u00f3nio Rural<\/span><\/a><\/li><\/ul><\/nav><nav class=\"awb-menu awb-menu_column awb-menu_em-hover mobile-mode-collapse-to-button awb-menu_icons-left awb-menu_dc-yes mobile-trigger-fullwidth-on awb-menu_mobile-toggle awb-menu_indent-left awb-menu_mt-fullwidth mobile-size-full-absolute loading mega-menu-loading awb-menu_desktop awb-menu_dropdown awb-menu_expand-right awb-menu_transition-fade fusion-no-medium-visibility fusion-no-large-visibility menu-area-mobile\" style=\"--awb-line-height:29px;--awb-transition-time:100;--awb-color:#000000;--awb-active-color:#000000;--awb-submenu-font-size:16px;--awb-submenu-line-height:20px;--awb-main-justify-content:flex-start;--awb-mobile-color:#000000;--awb-trigger-padding-top:17px;--awb-trigger-padding-right:0px;--awb-trigger-padding-bottom:17px;--awb-trigger-padding-left:0px;--awb-mobile-trigger-color:#000000;--awb-mobile-trigger-background-color:#f5f5f5;--awb-mobile-justify:flex-start;--awb-mobile-caret-left:auto;--awb-mobile-caret-right:0;--awb-fusion-font-family-typography:inherit;--awb-fusion-font-style-typography:normal;--awb-fusion-font-weight-typography:400;--awb-fusion-font-family-submenu-typography:inherit;--awb-fusion-font-style-submenu-typography:normal;--awb-fusion-font-weight-submenu-typography:400;--awb-fusion-font-family-mobile-typography:inherit;--awb-fusion-font-style-mobile-typography:normal;--awb-fusion-font-weight-mobile-typography:400;\" aria-label=\"Menu\" data-breakpoint=\"1024\" data-count=\"2\" data-transition-type=\"fade\" data-transition-time=\"100\"><button type=\"button\" class=\"awb-menu__m-toggle\" aria-expanded=\"false\" aria-controls=\"menu-dieta-mediterranica\"><span class=\"awb-menu__m-toggle-inner\"><span class=\"collapsed-nav-text\">Dieta Mediterr\u00e2nica<\/span><span class=\"awb-menu__m-collapse-icon\"><span class=\"awb-menu__m-collapse-icon-open fa-angle-down fas\"><\/span><span class=\"awb-menu__m-collapse-icon-close fa-times fas\"><\/span><\/span><\/span><\/button><ul id=\"menu-dieta-mediterranica-2\" class=\"fusion-menu awb-menu__main-ul awb-menu__main-ul_column\"><li   class=\"menu-item menu-item-type-post_type menu-item-object-page menu-item-74012 awb-menu__li awb-menu__main-li awb-menu__main-li_regular\"  data-item-id=\"74012\"><span class=\"awb-menu__main-background-default awb-menu__main-background-default_fade\"><\/span><span class=\"awb-menu__main-background-active awb-menu__main-background-active_fade\"><\/span><a  href=\"https:\/\/www.ccdrc.pt\/en\/areas-de-atuacao\/desenvolvimento-rural-e-agroalimentar\/dieta-mediterranica\/\" class=\"awb-menu__main-a awb-menu__main-a_regular\"><span class=\"menu-text\">In\u00edcio<\/span><\/a><\/li><li   class=\"menu-item menu-item-type-post_type menu-item-object-page menu-item-74013 awb-menu__li awb-menu__main-li awb-menu__main-li_regular\"  data-item-id=\"74013\"><span class=\"awb-menu__main-background-default awb-menu__main-background-default_fade\"><\/span><span class=\"awb-menu__main-background-active awb-menu__main-background-active_fade\"><\/span><a  href=\"https:\/\/www.ccdrc.pt\/en\/areas-de-atuacao\/desenvolvimento-rural-e-agroalimentar\/dieta-mediterranica\/patrimonio-imaterial-da-unesco\/\" class=\"awb-menu__main-a awb-menu__main-a_regular\"><span class=\"menu-text\">Patrim\u00f3nio Imaterial da Unesco<\/span><\/a><\/li><li   class=\"menu-item menu-item-type-post_type menu-item-object-page menu-item-74014 awb-menu__li awb-menu__main-li awb-menu__main-li_regular\"  data-item-id=\"74014\"><span class=\"awb-menu__main-background-default awb-menu__main-background-default_fade\"><\/span><span class=\"awb-menu__main-background-active awb-menu__main-background-active_fade\"><\/span><a  href=\"https:\/\/www.ccdrc.pt\/en\/areas-de-atuacao\/desenvolvimento-rural-e-agroalimentar\/dieta-mediterranica\/principios-da-dieta-mediterranica\/\" class=\"awb-menu__main-a awb-menu__main-a_regular\"><span class=\"menu-text\">Princ\u00edpios da Dieta Mediterr\u00e2nica<\/span><\/a><\/li><li   class=\"menu-item menu-item-type-post_type menu-item-object-page menu-item-74015 awb-menu__li awb-menu__main-li awb-menu__main-li_regular\"  data-item-id=\"74015\"><span class=\"awb-menu__main-background-default awb-menu__main-background-default_fade\"><\/span><span class=\"awb-menu__main-background-active awb-menu__main-background-active_fade\"><\/span><a  href=\"https:\/\/www.ccdrc.pt\/en\/areas-de-atuacao\/desenvolvimento-rural-e-agroalimentar\/dieta-mediterranica\/a-dieta-mediterranica-no-centro\/\" class=\"awb-menu__main-a awb-menu__main-a_regular\"><span class=\"menu-text\">A Dieta Mediterr\u00e2nica no Centro<\/span><\/a><\/li><li   class=\"menu-item menu-item-type-post_type menu-item-object-page menu-item-74016 awb-menu__li awb-menu__main-li awb-menu__main-li_regular\"  data-item-id=\"74016\"><span class=\"awb-menu__main-background-default awb-menu__main-background-default_fade\"><\/span><span class=\"awb-menu__main-background-active awb-menu__main-background-active_fade\"><\/span><a  href=\"https:\/\/www.ccdrc.pt\/en\/areas-de-atuacao\/desenvolvimento-rural-e-agroalimentar\/dieta-mediterranica\/patrimonio-rural\/\" class=\"awb-menu__main-a awb-menu__main-a_regular\"><span class=\"menu-text\">Patrim\u00f3nio Rural<\/span><\/a><\/li><\/ul><\/nav><\/div><\/div><\/div><\/div><div class=\"fusion-fullwidth fullwidth-box fusion-builder-row-4 fusion-flex-container has-pattern-background has-mask-background nonhundred-percent-fullwidth non-hundred-percent-height-scrolling fusion-no-large-visibility\" style=\"--awb-border-radius-top-left:0px;--awb-border-radius-top-right:0px;--awb-border-radius-bottom-right:0px;--awb-border-radius-bottom-left:0px;\" ><div class=\"fusion-builder-row fusion-row fusion-flex-align-items-flex-start\" style=\"max-width:1288px;margin-left: calc(-0% \/ 2 );margin-right: calc(-0% \/ 2 );\"><div class=\"fusion-layout-column fusion_builder_column fusion-builder-column-5 fusion_builder_column_1_1 1_1 fusion-flex-column\" style=\"--awb-bg-size:cover;--awb-width-large:100%;--awb-margin-top-large:0px;--awb-spacing-right-large:0%;--awb-margin-bottom-large:0px;--awb-spacing-left-large:0%;--awb-width-medium:100%;--awb-order-medium:0;--awb-margin-top-medium:64px;--awb-spacing-right-medium:0%;--awb-margin-bottom-medium:100px;--awb-spacing-left-medium:0%;--awb-width-small:100%;--awb-order-small:0;--awb-margin-top-small:48px;--awb-spacing-right-small:0%;--awb-margin-bottom-small:50px;--awb-spacing-left-small:0%;\"><div class=\"fusion-column-wrapper fusion-column-has-shadow fusion-flex-justify-content-flex-start fusion-content-layout-column\"><div style=\"text-align:left;\"><a class=\"fusion-button button-flat fusion-button-default-size button-custom fusion-button-default button-2 fusion-button-default-span fusion-button-default-type btn-back-menu-side\" style=\"--button_accent_color:#007b88;--button_border_color:#007b88;--button_accent_hover_color:#007b88;--button_border_hover_color:#007b88;--button_gradient_angle:0deg;--button_gradient_end:0%;--button_gradient_top_color:#ffffff;--button_gradient_bottom_color:#ffffff;--button_gradient_top_color_hover:#ffffff;--button_gradient_bottom_color_hover:#ffffff;--button_font_size:16px;--button_line_height:36px;--button_typography-font-family:&quot;Noto Sans&quot;;--button_typography-font-style:normal;--button_typography-font-weight:400;\" target=\"_self\" href=\"https:\/\/www.ccdrc.pt\/areas-de-atuacao\/desenvolvimento-rural-e-agroalimentar\/\"><i class=\"fa-arrow-left fas button-icon-left\" aria-hidden=\"true\"><\/i><span class=\"fusion-button-text\">Desenvolvimento Rural e Agroalimentar<\/span><\/a><\/div><div class=\"fusion-text fusion-text-6 fusion-no-small-visibility fusion-no-large-visibility fusion-text-no-margin\" style=\"--awb-font-size:32px;--awb-line-height:44px;--awb-text-color:#000000;--awb-margin-bottom:64px;--awb-text-font-family:&quot;Noto Sans&quot;;--awb-text-font-style:normal;--awb-text-font-weight:700;\"><p>Dieta Mediterr\u00e2nica<\/p>\n<\/div><div class=\"fusion-text fusion-text-7 fusion-no-medium-visibility fusion-no-large-visibility fusion-text-no-margin\" style=\"--awb-font-size:24px;--awb-line-height:33px;--awb-text-color:#000000;--awb-margin-bottom:64px;--awb-text-font-family:&quot;Noto Sans&quot;;--awb-text-font-style:normal;--awb-text-font-weight:700;\"><p>Patrim\u00f3nio Rural<\/p>\n<\/div><div class=\"fusion-text fusion-text-8 fusion-no-large-visibility content-article\"><div data-post-id=\"70236\" class=\"insert-page insert-page-70236 \"><div class=\"fusion-fullwidth fullwidth-box fusion-builder-row-4-1 fusion-flex-container nonhundred-percent-fullwidth non-hundred-percent-height-scrolling\" style=\"--awb-border-radius-top-left:0px;--awb-border-radius-top-right:0px;--awb-border-radius-bottom-right:0px;--awb-border-radius-bottom-left:0px;\" ><div class=\"fusion-builder-row fusion-row fusion-flex-align-items-flex-start\" style=\"width:100% !important;max-width:100% !important;margin-left: calc(-0% \/ 2 );margin-right: calc(-0% \/ 2 );\"><div class=\"fusion-layout-column fusion_builder_column fusion-builder-column-6 fusion_builder_column_1_1 1_1 fusion-flex-column\" style=\"--awb-bg-size:cover;--awb-width-large:100%;--awb-margin-top-large:0px;--awb-spacing-right-large:0%;--awb-margin-bottom-large:0px;--awb-spacing-left-large:0%;--awb-width-medium:100%;--awb-spacing-right-medium:0%;--awb-spacing-left-medium:0%;--awb-width-small:100%;--awb-spacing-right-small:0%;--awb-spacing-left-small:0%;\"><div class=\"fusion-column-wrapper fusion-flex-justify-content-flex-start fusion-content-layout-column\"><div class=\"fusion-text fusion-text-8\"><p>Constitu\u00eddo ao mesmo tempo por elementos materiais e imateriais, o mundo rural possui um patrim\u00f3nio cultural, edificado, natural e paisag\u00edstico de infinita riqueza. Este patrim\u00f3nio, que urge preservar, funciona igualmente como motor de desenvolvimento do territ\u00f3rio em que se situa.<\/p>\n<p>Reconhecer o valor do passado, proteger e valorizar o patrim\u00f3nio rural, torn\u00e1-lo conhecido, acess\u00edvel e interativo com as popula\u00e7\u00f5es rurais \u00e9 uma tarefa indispens\u00e1vel \u00e0 manuten\u00e7\u00e3o dos equil\u00edbrios ecol\u00f3gicos, \u00e0 preserva\u00e7\u00e3o da autoestima e do desenvolvimento econ\u00f3mico, social e cultural.<\/p>\n<p>Esta tarefa incumbe, n\u00e3o s\u00f3 \u00e0s institui\u00e7\u00f5es oficiais e entidades privadas ligadas ao setor, mas tamb\u00e9m \u00e0s popula\u00e7\u00f5es que dever\u00e3o ter orgulho no patrim\u00f3nio existente no seu territ\u00f3rio.<\/p>\n<p>&nbsp;<\/p>\n<p><strong>Liga\u00e7\u00f5es \u00fateis<\/strong><\/p>\n<p><a href=\"https:\/\/www.dgadr.gov.pt\/images\/docs\/div_meiorural\/i010464.pdf\" target=\"_blank\" rel=\"noopener\">Dire\u00e7\u00e3o-Geral de Agricultura e Desenvolvimento Rural (DGADR)<\/a><\/p>\n<p>&nbsp;<\/p>\n<p>&nbsp;<\/p>\n<\/div><\/div><\/div><\/div><\/div>\n<\/div>\n<\/div><div class=\"fusion-image-carousel fusion-image-carousel-auto fusion-image-carousel-6 fusion-no-medium-visibility fusion-no-large-visibility\" style=\"margin-right:50px;\"><div class=\"awb-carousel awb-swiper awb-swiper-carousel\" data-autoplay=\"yes\" data-columns=\"4\" data-itemmargin=\"20\" data-itemwidth=\"180\" data-touchscroll=\"no\" data-imagesize=\"auto\" style=\"--awb-columns:4;--awb-column-spacing:20px;--awb-caption-title-color:#ffffff;--awb-caption-title-size:14px;--awb-caption-title-line-height:1.24em;--awb-caption-title-letter-spacing:0.0015em;--awb-caption-text-color:#ffffff;--awb-caption-text-size:10px;--awb-caption-text-transform:capitalize;--awb-caption-text-line-height:1.3em;--awb-caption-text-letter-spacing:0.0015em;--awb-caption-border-color:#cdf271;--awb-caption-overlay-color:#000000;--awb-caption-background-color:#155e87;--awb-caption-title-font-family:-apple-system, BlinkMacSystemFont, &#039;Segoe UI&#039;, Roboto, Oxygen-Sans, Ubuntu, Cantarell, &#039;Helvetica Neue&#039; ,sans-serif;--awb-caption-title-font-style:normal;--awb-caption-title-font-weight:700;--awb-caption-text-font-family:-apple-system, BlinkMacSystemFont, &#039;Segoe UI&#039;, Roboto, Oxygen-Sans, Ubuntu, Cantarell, &#039;Helvetica Neue&#039; ,sans-serif;--awb-caption-text-font-style:normal;--awb-caption-text-font-weight:400;\"><div class=\"swiper-wrapper fusion-flex-align-items-flex-start\"><div class=\"swiper-slide\"><div class=\"fusion-carousel-item-wrapper\"><div class=\"fusion-image-wrapper awb-imageframe-style awb-imageframe-style-dany\"><a href=\"https:\/\/www.ccdrc.pt\/desfolhada-do-milho-memoria-agricultura-e-patrimonio-rural-no-centro-de-portugal\/\" target=\"_self\"><img decoding=\"async\" width=\"300\" height=\"300\" src=\"https:\/\/www.ccdrc.pt\/wp-content\/uploads\/2026\/08\/milho-desfolhada_300x300.jpg\" class=\"attachment-full size-full\" alt=\"Imagem de milho-desfolhada 300\" srcset=\"https:\/\/www.ccdrc.pt\/wp-content\/uploads\/2026\/08\/milho-desfolhada_300x300-200x200.jpg 200w, https:\/\/www.ccdrc.pt\/wp-content\/uploads\/2026\/08\/milho-desfolhada_300x300.jpg 300w\" sizes=\"(min-width: 2200px) 100vw, (min-width: 856px) 307px, (min-width: 784px) 409px, (min-width: 712px) 614px, (min-width: 640px) 712px, \" \/><div class=\"awb-imageframe-caption-container\"><div class=\"awb-imageframe-caption\"><h3 class=\"awb-imageframe-caption-title\">Desfolhada do Milho<\/h3><p class=\"awb-imageframe-caption-text\">Saiba mais<\/p><\/div><\/div><\/a><\/div><\/div><\/div><div class=\"swiper-slide\"><div class=\"fusion-carousel-item-wrapper\"><div class=\"fusion-image-wrapper awb-imageframe-style awb-imageframe-style-dany\"><a href=\"https:\/\/www.ccdrc.pt\/a-demolha-do-tremoco-na-gandara-um-saber-tradicional-com-fundamento-cientifico\/\" target=\"_self\"><img decoding=\"async\" width=\"300\" height=\"300\" src=\"https:\/\/www.ccdrc.pt\/wp-content\/uploads\/2026\/07\/tremocos_300x300.jpg\" class=\"attachment-full size-full\" alt=\"Imagem de tremocos 300\" srcset=\"https:\/\/www.ccdrc.pt\/wp-content\/uploads\/2026\/07\/tremocos_300x300-200x200.jpg 200w, https:\/\/www.ccdrc.pt\/wp-content\/uploads\/2026\/07\/tremocos_300x300.jpg 300w\" sizes=\"(min-width: 2200px) 100vw, (min-width: 856px) 307px, (min-width: 784px) 409px, (min-width: 712px) 614px, (min-width: 640px) 712px, \" \/><div class=\"awb-imageframe-caption-container\"><div class=\"awb-imageframe-caption\"><h3 class=\"awb-imageframe-caption-title\">Demolha do tremo\u00e7o na G\u00e2ndara<\/h3><p class=\"awb-imageframe-caption-text\">Saiba mais<\/p><\/div><\/div><\/a><\/div><\/div><\/div><div class=\"swiper-slide\"><div class=\"fusion-carousel-item-wrapper\"><div class=\"fusion-image-wrapper awb-imageframe-style awb-imageframe-style-dany\"><a href=\"https:\/\/www.ccdrc.pt\/socalcos-e-muros-de-pedra-seca-identidades-da-paisagem-no-centro-de-portugal\/\" target=\"_self\"><img decoding=\"async\" width=\"300\" height=\"300\" src=\"https:\/\/www.ccdrc.pt\/wp-content\/uploads\/2026\/08\/terras-de-sico_muros-de-pedra-seca300.300.jpg\" class=\"attachment-full size-full\" alt=\"Imagem de terras-de-sico muros-de-pedra-seca300\" srcset=\"https:\/\/www.ccdrc.pt\/wp-content\/uploads\/2026\/08\/terras-de-sico_muros-de-pedra-seca300.300-200x200.jpg 200w, https:\/\/www.ccdrc.pt\/wp-content\/uploads\/2026\/08\/terras-de-sico_muros-de-pedra-seca300.300.jpg 300w\" sizes=\"(min-width: 2200px) 100vw, (min-width: 856px) 307px, (min-width: 784px) 409px, (min-width: 712px) 614px, (min-width: 640px) 712px, \" \/><div class=\"awb-imageframe-caption-container\"><div class=\"awb-imageframe-caption\"><h3 class=\"awb-imageframe-caption-title\">Socalcos e Muros de pedra Seca<\/h3><p class=\"awb-imageframe-caption-text\">Saiba mais<\/p><\/div><\/div><\/a><\/div><\/div><\/div><div class=\"swiper-slide\"><div class=\"fusion-carousel-item-wrapper\"><div class=\"fusion-image-wrapper awb-imageframe-style awb-imageframe-style-dany\"><a href=\"https:\/\/www.ccdrc.pt\/casas-de-lavoura-e-solares-beiroes-patrimonio-rural-da-regiao-centro-de-portugal\/\" target=\"_self\"><img decoding=\"async\" width=\"300\" height=\"300\" src=\"https:\/\/www.ccdrc.pt\/wp-content\/uploads\/2026\/08\/Casa-de-Santa-Eulalia300x300.jpg\" class=\"attachment-full size-full\" alt=\"Imagem de Casa-de-Santa-Eulalia300\" srcset=\"https:\/\/www.ccdrc.pt\/wp-content\/uploads\/2026\/08\/Casa-de-Santa-Eulalia300x300-200x200.jpg 200w, https:\/\/www.ccdrc.pt\/wp-content\/uploads\/2026\/08\/Casa-de-Santa-Eulalia300x300.jpg 300w\" sizes=\"(min-width: 2200px) 100vw, (min-width: 856px) 307px, (min-width: 784px) 409px, (min-width: 712px) 614px, (min-width: 640px) 712px, \" \/><div class=\"awb-imageframe-caption-container\"><div class=\"awb-imageframe-caption\"><h3 class=\"awb-imageframe-caption-title\">Casas de lavoura e Solares beir\u00f5es<\/h3><p class=\"awb-imageframe-caption-text\">Saiba mais<\/p><\/div><\/div><\/a><\/div><\/div><\/div><\/div><\/div><\/div><div class=\"fusion-image-carousel fusion-image-carousel-auto fusion-image-carousel-7 fusion-no-medium-visibility fusion-no-large-visibility\" style=\"margin-right:50px;\"><div class=\"awb-carousel awb-swiper awb-swiper-carousel\" data-autoplay=\"yes\" data-columns=\"4\" data-itemmargin=\"20\" data-itemwidth=\"180\" data-touchscroll=\"no\" data-imagesize=\"auto\" style=\"--awb-columns:4;--awb-column-spacing:20px;--awb-caption-title-color:#ffffff;--awb-caption-title-size:14px;--awb-caption-title-line-height:1.24em;--awb-caption-title-letter-spacing:0.0015em;--awb-caption-text-color:#ffffff;--awb-caption-text-size:10px;--awb-caption-text-transform:capitalize;--awb-caption-text-line-height:1.3em;--awb-caption-text-letter-spacing:0.0015em;--awb-caption-border-color:#cdf271;--awb-caption-overlay-color:#000000;--awb-caption-background-color:#155e87;--awb-caption-title-font-family:-apple-system, BlinkMacSystemFont, &#039;Segoe UI&#039;, Roboto, Oxygen-Sans, Ubuntu, Cantarell, &#039;Helvetica Neue&#039; ,sans-serif;--awb-caption-title-font-style:normal;--awb-caption-title-font-weight:700;--awb-caption-text-font-family:-apple-system, BlinkMacSystemFont, &#039;Segoe UI&#039;, Roboto, Oxygen-Sans, Ubuntu, Cantarell, &#039;Helvetica Neue&#039; ,sans-serif;--awb-caption-text-font-style:normal;--awb-caption-text-font-weight:400;\"><div class=\"swiper-wrapper fusion-flex-align-items-flex-start\"><div class=\"swiper-slide\"><div class=\"fusion-carousel-item-wrapper\"><div class=\"fusion-image-wrapper awb-imageframe-style awb-imageframe-style-dany\"><a href=\"https:\/\/www.ccdrc.pt\/eiras-para-secagem-e-malha-dos-cereais-na-regiao-centro\/\" target=\"_self\"><img decoding=\"async\" width=\"300\" height=\"300\" src=\"https:\/\/www.ccdrc.pt\/wp-content\/uploads\/2026\/07\/Eira300x300.jpg\" class=\"attachment-full size-full\" alt=\"Imagem de Eira300\" srcset=\"https:\/\/www.ccdrc.pt\/wp-content\/uploads\/2026\/07\/Eira300x300-200x200.jpg 200w, https:\/\/www.ccdrc.pt\/wp-content\/uploads\/2026\/07\/Eira300x300.jpg 300w\" sizes=\"(min-width: 2200px) 100vw, (min-width: 856px) 307px, (min-width: 784px) 409px, (min-width: 712px) 614px, (min-width: 640px) 712px, \" \/><div class=\"awb-imageframe-caption-container\"><div class=\"awb-imageframe-caption\"><h3 class=\"awb-imageframe-caption-title\">Eiras<\/h3><p class=\"awb-imageframe-caption-text\">Saiba mais<\/p><\/div><\/div><\/a><\/div><\/div><\/div><div class=\"swiper-slide\"><div class=\"fusion-carousel-item-wrapper\"><div class=\"fusion-image-wrapper awb-imageframe-style awb-imageframe-style-dany\"><a href=\"https:\/\/www.ccdrc.pt\/as-marinhas-de-arroz-de-estarreja-patrimonio-vivo-entre-a-natureza-e-a-tradicao\/\" target=\"_self\"><img decoding=\"async\" width=\"300\" height=\"300\" src=\"https:\/\/www.ccdrc.pt\/wp-content\/uploads\/2026\/07\/Baixo-Vouga-Lagunar_300x300.jpg\" class=\"attachment-full size-full\" alt=\"Imagem de Baixo-Vouga-Lagunar 300\" srcset=\"https:\/\/www.ccdrc.pt\/wp-content\/uploads\/2026\/07\/Baixo-Vouga-Lagunar_300x300-200x200.jpg 200w, https:\/\/www.ccdrc.pt\/wp-content\/uploads\/2026\/07\/Baixo-Vouga-Lagunar_300x300.jpg 300w\" sizes=\"(min-width: 2200px) 100vw, (min-width: 856px) 307px, (min-width: 784px) 409px, (min-width: 712px) 614px, (min-width: 640px) 712px, \" \/><div class=\"awb-imageframe-caption-container\"><div class=\"awb-imageframe-caption\"><h3 class=\"awb-imageframe-caption-title\">Marinhas de Arroz de Estarreja<\/h3><p class=\"awb-imageframe-caption-text\">Saiba mais<\/p><\/div><\/div><\/a><\/div><\/div><\/div><div class=\"swiper-slide\"><div class=\"fusion-carousel-item-wrapper\"><div class=\"fusion-image-wrapper awb-imageframe-style awb-imageframe-style-dany\"><a href=\"https:\/\/www.ccdrc.pt\/a-atividade-moageira-de-albergaria-a-velha\/\" target=\"_self\"><img decoding=\"async\" width=\"300\" height=\"300\" src=\"https:\/\/www.ccdrc.pt\/wp-content\/uploads\/2026\/07\/moinho-atividade-moageira-albergaria_300x300.jpg\" class=\"attachment-full size-full\" alt=\"Imagem de moinho-atividade-moageira-albergaria 300\" srcset=\"https:\/\/www.ccdrc.pt\/wp-content\/uploads\/2026\/07\/moinho-atividade-moageira-albergaria_300x300-200x200.jpg 200w, https:\/\/www.ccdrc.pt\/wp-content\/uploads\/2026\/07\/moinho-atividade-moageira-albergaria_300x300.jpg 300w\" sizes=\"(min-width: 2200px) 100vw, (min-width: 856px) 307px, (min-width: 784px) 409px, (min-width: 712px) 614px, (min-width: 640px) 712px, \" \/><div class=\"awb-imageframe-caption-container\"><div class=\"awb-imageframe-caption\"><h3 class=\"awb-imageframe-caption-title\">Atividade moageira<\/h3><p class=\"awb-imageframe-caption-text\">Saiba mais<\/p><\/div><\/div><\/a><\/div><\/div><\/div><div class=\"swiper-slide\"><div class=\"fusion-carousel-item-wrapper\"><div class=\"fusion-image-wrapper awb-imageframe-style awb-imageframe-style-dany\"><a href=\"https:\/\/www.ccdrc.pt\/rota-da-transumancia-na-serra-da-estrela-patrimonio-vivo-e-identidade-serrana\/\" target=\"_self\"><img decoding=\"async\" width=\"300\" height=\"300\" src=\"https:\/\/www.ccdrc.pt\/wp-content\/uploads\/2026\/07\/Transumancia_fora.jpg\" class=\"attachment-full size-full\" alt=\"Imagem de Transumancia \" srcset=\"https:\/\/www.ccdrc.pt\/wp-content\/uploads\/2026\/07\/Transumancia_fora-200x200.jpg 200w, https:\/\/www.ccdrc.pt\/wp-content\/uploads\/2026\/07\/Transumancia_fora.jpg 300w\" sizes=\"(min-width: 2200px) 100vw, (min-width: 856px) 307px, (min-width: 784px) 409px, (min-width: 712px) 614px, (min-width: 640px) 712px, \" \/><div class=\"awb-imageframe-caption-container\"><div class=\"awb-imageframe-caption\"><h3 class=\"awb-imageframe-caption-title\">Rota da Transum\u00e2ncia<\/h3><p class=\"awb-imageframe-caption-text\">Saiba mais<\/p><\/div><\/div><\/a><\/div><\/div><\/div><\/div><\/div><\/div><div class=\"fusion-image-carousel fusion-image-carousel-auto fusion-image-carousel-8 fusion-no-medium-visibility fusion-no-large-visibility\" style=\"margin-right:50px;\"><div class=\"awb-carousel awb-swiper awb-swiper-carousel\" data-autoplay=\"yes\" data-columns=\"4\" data-itemmargin=\"20\" data-itemwidth=\"180\" data-touchscroll=\"no\" data-imagesize=\"auto\" style=\"--awb-columns:4;--awb-column-spacing:20px;--awb-caption-title-color:#ffffff;--awb-caption-title-size:14px;--awb-caption-title-line-height:1.24em;--awb-caption-title-letter-spacing:0.0015em;--awb-caption-text-color:#ffffff;--awb-caption-text-size:10px;--awb-caption-text-transform:capitalize;--awb-caption-text-line-height:1.3em;--awb-caption-text-letter-spacing:0.0015em;--awb-caption-border-color:#cdf271;--awb-caption-overlay-color:#000000;--awb-caption-background-color:#155e87;--awb-caption-title-font-family:-apple-system, BlinkMacSystemFont, &#039;Segoe UI&#039;, Roboto, Oxygen-Sans, Ubuntu, Cantarell, &#039;Helvetica Neue&#039; ,sans-serif;--awb-caption-title-font-style:normal;--awb-caption-title-font-weight:700;--awb-caption-text-font-family:-apple-system, BlinkMacSystemFont, &#039;Segoe UI&#039;, Roboto, Oxygen-Sans, Ubuntu, Cantarell, &#039;Helvetica Neue&#039; ,sans-serif;--awb-caption-text-font-style:normal;--awb-caption-text-font-weight:400;\"><div class=\"swiper-wrapper fusion-flex-align-items-flex-start\"><div class=\"swiper-slide\"><div class=\"fusion-carousel-item-wrapper\"><div class=\"fusion-image-wrapper awb-imageframe-style awb-imageframe-style-dany\"><a href=\"https:\/\/www.ccdrc.pt\/os-palheiros-da-costa-nova-expressao-do-patrimonio-rural-e-maritimo-da-regiao-centro\/\" target=\"_self\"><img decoding=\"async\" width=\"300\" height=\"300\" src=\"https:\/\/www.ccdrc.pt\/wp-content\/uploads\/2025\/01\/300x300Palheiros-da-Costa-Novadentro.jpg\" class=\"attachment-full size-full\" alt=\"Imagem de 300x300Palheiros-da-Costa-Novade\" srcset=\"https:\/\/www.ccdrc.pt\/wp-content\/uploads\/2025\/01\/300x300Palheiros-da-Costa-Novadentro-200x200.jpg 200w, https:\/\/www.ccdrc.pt\/wp-content\/uploads\/2025\/01\/300x300Palheiros-da-Costa-Novadentro.jpg 300w\" sizes=\"(min-width: 2200px) 100vw, (min-width: 856px) 307px, (min-width: 784px) 409px, (min-width: 712px) 614px, (min-width: 640px) 712px, \" \/><div class=\"awb-imageframe-caption-container\"><div class=\"awb-imageframe-caption\"><h3 class=\"awb-imageframe-caption-title\">Palheiros da Costa Nova<\/h3><p class=\"awb-imageframe-caption-text\">Saiba mais<\/p><\/div><\/div><\/a><\/div><\/div><\/div><div class=\"swiper-slide\"><div class=\"fusion-carousel-item-wrapper\"><div class=\"fusion-image-wrapper awb-imageframe-style awb-imageframe-style-dany\"><a href=\"https:\/\/www.ccdrc.pt\/a-arte-xavega-na-regiao-centro-tradicao-patrimonio-e-experiencia-viva\/\" target=\"_self\"><img decoding=\"async\" width=\"300\" height=\"300\" src=\"https:\/\/www.ccdrc.pt\/wp-content\/uploads\/2026\/05\/arte-chavega_fora.jpg\" class=\"attachment-full size-full\" alt=\"Imagem de arte-chavega \" srcset=\"https:\/\/www.ccdrc.pt\/wp-content\/uploads\/2026\/05\/arte-chavega_fora-200x200.jpg 200w, https:\/\/www.ccdrc.pt\/wp-content\/uploads\/2026\/05\/arte-chavega_fora.jpg 300w\" sizes=\"(min-width: 2200px) 100vw, (min-width: 856px) 307px, (min-width: 784px) 409px, (min-width: 712px) 614px, (min-width: 640px) 712px, \" \/><div class=\"awb-imageframe-caption-container\"><div class=\"awb-imageframe-caption\"><h3 class=\"awb-imageframe-caption-title\">Arte Ch\u00e1vega<\/h3><p class=\"awb-imageframe-caption-text\">Saiba mais<\/p><\/div><\/div><\/a><\/div><\/div><\/div><div class=\"swiper-slide\"><div class=\"fusion-carousel-item-wrapper\"><div class=\"fusion-image-wrapper awb-imageframe-style awb-imageframe-style-dany\"><a href=\"https:\/\/www.ccdrc.pt\/cestaria-de-nandufe-um-patrimonio-do-mundo-rural\/\" target=\"_self\"><img decoding=\"async\" width=\"300\" height=\"300\" src=\"https:\/\/www.ccdrc.pt\/wp-content\/uploads\/2026\/04\/Cesta-Amieira-e-Canastra-de-Nandufe_fora.png\" class=\"attachment-full size-full\" alt=\"Imagem de Cesta-Amieira-e-Canastra-de-Nandufe \" srcset=\"https:\/\/www.ccdrc.pt\/wp-content\/uploads\/2026\/04\/Cesta-Amieira-e-Canastra-de-Nandufe_fora-200x200.png 200w, https:\/\/www.ccdrc.pt\/wp-content\/uploads\/2026\/04\/Cesta-Amieira-e-Canastra-de-Nandufe_fora.png 300w\" sizes=\"(min-width: 2200px) 100vw, (min-width: 856px) 307px, (min-width: 784px) 409px, (min-width: 712px) 614px, (min-width: 640px) 712px, \" \/><div class=\"awb-imageframe-caption-container\"><div class=\"awb-imageframe-caption\"><h3 class=\"awb-imageframe-caption-title\">Cestaria de Nandufe<\/h3><p class=\"awb-imageframe-caption-text\">Saiba mais<\/p><\/div><\/div><\/a><\/div><\/div><\/div><div class=\"swiper-slide\"><div class=\"fusion-carousel-item-wrapper\"><div class=\"fusion-image-wrapper awb-imageframe-style awb-imageframe-style-dany\"><a href=\"https:\/\/www.ccdrc.pt\/aldeias-do-xisto-valorizacao-do-patrimonio-rural-na-regiao-centro\/\" target=\"_self\"><img decoding=\"async\" width=\"300\" height=\"300\" src=\"https:\/\/www.ccdrc.pt\/wp-content\/uploads\/2026\/04\/AldeiasDoXisto_fora.jpg\" class=\"attachment-full size-full\" alt=\"Imagem de AldeiasDoXisto \" srcset=\"https:\/\/www.ccdrc.pt\/wp-content\/uploads\/2026\/04\/AldeiasDoXisto_fora-200x200.jpg 200w, https:\/\/www.ccdrc.pt\/wp-content\/uploads\/2026\/04\/AldeiasDoXisto_fora.jpg 300w\" sizes=\"(min-width: 2200px) 100vw, (min-width: 856px) 307px, (min-width: 784px) 409px, (min-width: 712px) 614px, (min-width: 640px) 712px, \" \/><div class=\"awb-imageframe-caption-container\"><div class=\"awb-imageframe-caption\"><h3 class=\"awb-imageframe-caption-title\">Aldeias de Xisto<\/h3><p class=\"awb-imageframe-caption-text\">Saiba mais<\/p><\/div><\/div><\/a><\/div><\/div><\/div><\/div><\/div><\/div><div class=\"fusion-image-carousel fusion-image-carousel-auto fusion-image-carousel-9 fusion-no-medium-visibility fusion-no-large-visibility\" style=\"margin-right:50px;\"><div class=\"awb-carousel awb-swiper awb-swiper-carousel\" data-autoplay=\"yes\" data-columns=\"4\" data-itemmargin=\"20\" data-itemwidth=\"180\" data-touchscroll=\"no\" data-imagesize=\"auto\" style=\"--awb-columns:4;--awb-column-spacing:20px;--awb-caption-title-color:#ffffff;--awb-caption-title-size:14px;--awb-caption-title-line-height:1.24em;--awb-caption-title-letter-spacing:0.0015em;--awb-caption-text-color:#ffffff;--awb-caption-text-size:10px;--awb-caption-text-transform:capitalize;--awb-caption-text-line-height:1.3em;--awb-caption-text-letter-spacing:0.0015em;--awb-caption-border-color:#cdf271;--awb-caption-overlay-color:#000000;--awb-caption-background-color:#155e87;--awb-caption-title-font-family:-apple-system, BlinkMacSystemFont, &#039;Segoe UI&#039;, Roboto, Oxygen-Sans, Ubuntu, Cantarell, &#039;Helvetica Neue&#039; ,sans-serif;--awb-caption-title-font-style:normal;--awb-caption-title-font-weight:700;--awb-caption-text-font-family:-apple-system, BlinkMacSystemFont, &#039;Segoe UI&#039;, Roboto, Oxygen-Sans, Ubuntu, Cantarell, &#039;Helvetica Neue&#039; ,sans-serif;--awb-caption-text-font-style:normal;--awb-caption-text-font-weight:400;\"><div class=\"swiper-wrapper fusion-flex-align-items-flex-start\"><div class=\"swiper-slide\"><div class=\"fusion-carousel-item-wrapper\"><div class=\"fusion-image-wrapper awb-imageframe-style awb-imageframe-style-dany\"><a href=\"https:\/\/www.ccdrc.pt\/espigueiros-na-regiao-centro-de-portugal\/\" target=\"_self\"><img decoding=\"async\" width=\"300\" height=\"300\" src=\"https:\/\/www.ccdrc.pt\/wp-content\/uploads\/2026\/04\/espigueiro_fora.jpg\" class=\"attachment-full size-full\" alt=\"Imagem de espigueiro \" srcset=\"https:\/\/www.ccdrc.pt\/wp-content\/uploads\/2026\/04\/espigueiro_fora-200x200.jpg 200w, https:\/\/www.ccdrc.pt\/wp-content\/uploads\/2026\/04\/espigueiro_fora.jpg 300w\" sizes=\"(min-width: 2200px) 100vw, (min-width: 856px) 307px, (min-width: 784px) 409px, (min-width: 712px) 614px, (min-width: 640px) 712px, \" \/><div class=\"awb-imageframe-caption-container\"><div class=\"awb-imageframe-caption\"><h3 class=\"awb-imageframe-caption-title\">Espigueiros<\/h3><p class=\"awb-imageframe-caption-text\">Saiba mais<\/p><\/div><\/div><\/a><\/div><\/div><\/div><div class=\"swiper-slide\"><div class=\"fusion-carousel-item-wrapper\"><div class=\"fusion-image-wrapper awb-imageframe-style awb-imageframe-style-dany\"><a href=\"https:\/\/www.ccdrc.pt\/pt\/fornos-comunitarios-definicao-e-contexto-historico\/\" target=\"_self\"><img decoding=\"async\" width=\"300\" height=\"300\" src=\"https:\/\/www.ccdrc.pt\/wp-content\/uploads\/2026\/02\/forno1_fora.jpg\" class=\"attachment-full size-full\" alt=\"Imagem de forno1 \" srcset=\"https:\/\/www.ccdrc.pt\/wp-content\/uploads\/2026\/02\/forno1_fora-200x200.jpg 200w, https:\/\/www.ccdrc.pt\/wp-content\/uploads\/2026\/02\/forno1_fora.jpg 300w\" sizes=\"(min-width: 2200px) 100vw, (min-width: 856px) 307px, (min-width: 784px) 409px, (min-width: 712px) 614px, (min-width: 640px) 712px, \" \/><div class=\"awb-imageframe-caption-container\"><div class=\"awb-imageframe-caption\"><h3 class=\"awb-imageframe-caption-title\">Fornos Comunit\u00e1rios: defini\u00e7\u00e3o e contexto hist\u00f3rico<\/h3><p class=\"awb-imageframe-caption-text\">Saiba mais<\/p><\/div><\/div><\/a><\/div><\/div><\/div><div class=\"swiper-slide\"><div class=\"fusion-carousel-item-wrapper\"><div class=\"fusion-image-wrapper awb-imageframe-style awb-imageframe-style-dany\"><a href=\"https:\/\/www.ccdrc.pt\/o-lagar-de-varas-de-parada-carregal-do-sal\/\" target=\"_self\"><img decoding=\"async\" width=\"300\" height=\"300\" src=\"https:\/\/www.ccdrc.pt\/wp-content\/uploads\/2025\/12\/lagar_fora.jpg\" class=\"attachment-full size-full\" alt=\"Imagem de lagar \" srcset=\"https:\/\/www.ccdrc.pt\/wp-content\/uploads\/2025\/12\/lagar_fora-200x200.jpg 200w, https:\/\/www.ccdrc.pt\/wp-content\/uploads\/2025\/12\/lagar_fora.jpg 300w\" sizes=\"(min-width: 2200px) 100vw, (min-width: 856px) 307px, (min-width: 784px) 409px, (min-width: 712px) 614px, (min-width: 640px) 712px, \" \/><div class=\"awb-imageframe-caption-container\"><div class=\"awb-imageframe-caption\"><h3 class=\"awb-imageframe-caption-title\">O Lagar de Varas de Parada | Carregal do Sal<\/h3><p class=\"awb-imageframe-caption-text\">Saiba mais<\/p><\/div><\/div><\/a><\/div><\/div><\/div><div class=\"swiper-slide\"><div class=\"fusion-carousel-item-wrapper\"><div class=\"fusion-image-wrapper awb-imageframe-style awb-imageframe-style-dany\"><a href=\"https:\/\/www.ccdrc.pt\/pt\/penacova-moinhos-de-vento-e-azenhas\/\" target=\"_self\"><img decoding=\"async\" width=\"300\" height=\"300\" src=\"https:\/\/www.ccdrc.pt\/wp-content\/uploads\/2025\/12\/moinho_fora-1.jpg\" class=\"attachment-full size-full\" alt=\"Imagem de moinho fo\" srcset=\"https:\/\/www.ccdrc.pt\/wp-content\/uploads\/2025\/12\/moinho_fora-1-200x200.jpg 200w, https:\/\/www.ccdrc.pt\/wp-content\/uploads\/2025\/12\/moinho_fora-1.jpg 300w\" sizes=\"(min-width: 2200px) 100vw, (min-width: 856px) 307px, (min-width: 784px) 409px, (min-width: 712px) 614px, (min-width: 640px) 712px, \" \/><div class=\"awb-imageframe-caption-container\"><div class=\"awb-imageframe-caption\"><h3 class=\"awb-imageframe-caption-title\">Penacova: moinhos de vento e azenhas<\/h3><p class=\"awb-imageframe-caption-text\">Saiba mais<\/p><\/div><\/div><\/a><\/div><\/div><\/div><\/div><\/div><\/div><\/div><\/div><\/div><\/div><div class=\"fusion-fullwidth fullwidth-box fusion-builder-row-5 fusion-flex-container has-pattern-background has-mask-background nonhundred-percent-fullwidth non-hundred-percent-height-scrolling\" style=\"--awb-border-radius-top-left:0px;--awb-border-radius-top-right:0px;--awb-border-radius-bottom-right:0px;--awb-border-radius-bottom-left:0px;\" ><div class=\"fusion-builder-row fusion-row fusion-flex-align-items-flex-start\" style=\"max-width:1288px;margin-left: calc(-0% \/ 2 );margin-right: calc(-0% \/ 2 );\"><div class=\"fusion-layout-column fusion_builder_column fusion-builder-column-7 fusion_builder_column_1_1 1_1 fusion-flex-column\" style=\"--awb-bg-size:cover;--awb-width-large:100%;--awb-margin-top-large:0px;--awb-spacing-right-large:0%;--awb-margin-bottom-large:0px;--awb-spacing-left-large:0%;--awb-width-medium:100%;--awb-order-medium:0;--awb-spacing-right-medium:0%;--awb-spacing-left-medium:0%;--awb-width-small:100%;--awb-order-small:0;--awb-spacing-right-small:0%;--awb-spacing-left-small:0%;\"><div class=\"fusion-column-wrapper fusion-column-has-shadow fusion-flex-justify-content-flex-start fusion-content-layout-column\"><script>\n  window.onload = function() {\n    \/\/ Select the paragraph element\n    const pElement = document.querySelector('.fusion-text-2 p');\n\n    \/\/ Create a new h1 element\n    const h1Element = document.createElement('h1');\n\n    \/\/ Copy the inner HTML from the p to the h1\n    h1Element.innerHTML = pElement.innerHTML;\n\n    \/\/ Copy all the inline styles from the p to the h1\n    const style = window.getComputedStyle(pElement);\n    for (let i = 0; i < style.length; i++) {\n      h1Element.style.setProperty(style[i], style.getPropertyValue(style[i]));\n    }\n\n    \/\/ Replace the p element with the h1 element\n    pElement.parentNode.replaceChild(h1Element, pElement);\n  };\n<\/script><\/div><\/div><\/div><\/div><\/p>\n","protected":false},"excerpt":{"rendered":"","protected":false},"author":1451,"featured_media":0,"parent":70238,"menu_order":0,"comment_status":"closed","ping_status":"closed","template":"","meta":{"_acf_changed":false,"_eb_attr":"","inline_featured_image":false,"iawp_total_views":151,"footnotes":""},"class_list":["post-70274","page","type-page","status-publish","hentry"],"acf":[],"_links":{"self":[{"href":"https:\/\/www.ccdrc.pt\/en\/wp-json\/wp\/v2\/pages\/70274","targetHints":{"allow":["GET"]}}],"collection":[{"href":"https:\/\/www.ccdrc.pt\/en\/wp-json\/wp\/v2\/pages"}],"about":[{"href":"https:\/\/www.ccdrc.pt\/en\/wp-json\/wp\/v2\/types\/page"}],"author":[{"embeddable":true,"href":"https:\/\/www.ccdrc.pt\/en\/wp-json\/wp\/v2\/users\/1451"}],"replies":[{"embeddable":true,"href":"https:\/\/www.ccdrc.pt\/en\/wp-json\/wp\/v2\/comments?post=70274"}],"version-history":[{"count":52,"href":"https:\/\/www.ccdrc.pt\/en\/wp-json\/wp\/v2\/pages\/70274\/revisions"}],"predecessor-version":[{"id":92767,"href":"https:\/\/www.ccdrc.pt\/en\/wp-json\/wp\/v2\/pages\/70274\/revisions\/92767"}],"up":[{"embeddable":true,"href":"https:\/\/www.ccdrc.pt\/en\/wp-json\/wp\/v2\/pages\/70238"}],"wp:attachment":[{"href":"https:\/\/www.ccdrc.pt\/en\/wp-json\/wp\/v2\/media?parent=70274"}],"curies":[{"name":"wp","href":"https:\/\/api.w.org\/{rel}","templated":true}]}}