{"id":40559,"date":"2023-10-23T11:37:10","date_gmt":"2023-10-23T11:37:10","guid":{"rendered":"http:\/\/www.ccdrc.pt\/?page_id=40559"},"modified":"2026-01-08T09:36:15","modified_gmt":"2026-01-08T09:36:15","slug":"fundos-europeus","status":"publish","type":"page","link":"https:\/\/www.ccdrc.pt\/en\/areas-de-atuacao\/fundos-europeus\/","title":{"rendered":"European Funds"},"content":{"rendered":"<p><div class=\"fusion-fullwidth fullwidth-box fusion-builder-row-1 fusion-flex-container has-pattern-background has-mask-background breadcrumbs-container-div nonhundred-percent-fullwidth non-hundred-percent-height-scrolling fusion-sticky-container fusion-absolute-container fusion-absolute-position-small fusion-absolute-position-medium fusion-absolute-position-large\" style=\"--awb-border-radius-top-left:0px;--awb-border-radius-top-right:0px;--awb-border-radius-bottom-right:0px;--awb-border-radius-bottom-left:0px;--awb-margin-top-small:-44px;--awb-sticky-background-color:#ffffff !important;\" data-transition-offset=\"0\" data-sticky-offset=\"72px\" data-scroll-offset=\"0\" data-sticky-small-visibility=\"1\" data-sticky-medium-visibility=\"1\" data-sticky-large-visibility=\"1\" ><div class=\"fusion-builder-row fusion-row fusion-flex-align-items-flex-start\" style=\"max-width:1288px;margin-left: calc(-0% \/ 2 );margin-right: calc(-0% \/ 2 );\"><div class=\"fusion-layout-column fusion_builder_column fusion-builder-column-0 fusion_builder_column_1_1 1_1 fusion-flex-column mcbread\" style=\"--awb-bg-size:cover;--awb-width-large:100%;--awb-margin-top-large:0px;--awb-spacing-right-large:0%;--awb-margin-bottom-large:0px;--awb-spacing-left-large:0%;--awb-width-medium:100%;--awb-order-medium:0;--awb-spacing-right-medium:0%;--awb-spacing-left-medium:0%;--awb-width-small:100%;--awb-order-small:0;--awb-spacing-right-small:0%;--awb-spacing-left-small:0%;\"><div class=\"fusion-column-wrapper fusion-column-has-shadow fusion-flex-justify-content-flex-start fusion-content-layout-column\"><div class=\"fusion-breadcrumbs fusion-breadcrumbs-1\" id=\"bar-siteMap\"><span class=\"fusion-breadcrumb-item\"><a href=\"https:\/\/www.ccdrc.pt\/en\" class=\"fusion-breadcrumb-link\"><span >Home<\/span><\/a><\/span><span class=\"fusion-breadcrumb-sep\">&amp;gt;<\/span><\/div>\n<style>\n\n.breadcrumbs-container-div.fusion-fullwidth.fullwidth-box.fusion-builder-row-8.fusion-flex-container.has-pattern-background.has-mask-background.breadcrumbs-container-div.nonhundred-percent-fullwidth.non-hundred-percent-height-scrolling {\n    max-width: 100% !important;\n    height: 72px !important;\n    border-bottom: 1px solid lightgray;\n    width: 100% !important;\n}\n.post-content > :nth-child(2) {\n  padding-top: 84px !important;\n}\n.fusion-fullwidth.fullwidth-box.fusion-builder-row-8.fusion-flex-container.has-pattern-background.has-mask-background.breadcrumbs-container-div.nonhundred-percent-fullwidth.non-hundred-percent-height-scrolling.fusion-sticky-container.fusion-sticky-transition.fusion-container-stuck{\n    margin-left: auto !important;\n    margin-right: auto !important;\n    max-width: 100% !important;\n    top: 72px;\n    width: 100% !important;\n}\n.fusion-fullwidth.fullwidth-box.fusion-builder-row-9.fusion-flex-container.has-pattern-background.has-mask-background.ssitemap.nonhundred-percent-fullwidth.non-hundred-percent-height-scrolling:has(.mcbread) {\n  max-width: 1288px !important;\n}\n.fusion-builder-row.fusion-row.fusion-flex-align-items-flex-start {\n    max-width: 1288px !important;\n    margin-left: calc(-0% \/ 2);\n    margin-right: calc(-0% \/ 2);\n}\n.fusion-column-wrapper.fusion-column-has-shadow.fusion-flex-justify-content-space-between.fusion-content-layout-row.fusion-flex-align-items-center {\n   display: none;\n}\n#main .fusion-builder-row.fusion-row.fusion-flex-align-items-flex-start{\nmax-width:1288px !important;\n}\n.fusion-fullwidth.fullwidth-box.fusion-builder-row-8.fusion-flex-container.has-pattern-background.has-mask-background.breadcrumbs-container-div.nonhundred-percent-fullwidth.non-hundred-percent-height-scrolling.fusion-sticky-container{\ndisplay:flex;\nalign-items:center;\n}\n.fusion-fullwidth.fullwidth-box.fusion-builder-row-9.fusion-flex-container.has-pattern-background.has-mask-background.ssitemap.nonhundred-percent-fullwidth.non-hundred-percent-height-scrolling{\npadding: 0px !important;\n}\n.fusion-fullwidth.fullwidth-box.fusion-builder-row-8.fusion-flex-container.has-pattern-background.has-mask-background.breadcrumbs-container-div.nonhundred-percent-fullwidth.non-hundred-percent-height-scrolling.fusion-sticky-container{\nmargin-top:12px;\n}\n.fusion-fullwidth.fullwidth-box.fusion-builder-row-8.fusion-flex-container.has-pattern-background.has-mask-background.breadcrumbs-container-div.nonhundred-percent-fullwidth.non-hundred-percent-height-scrolling.fusion-sticky-container.fusion-container-stuck.fusion-sticky-transition{\n    margin-left: -32px !important;\n    border-bottom: 1px solid lightgray;\n    margin-top:0px !important;\n}\n@media (min-width: 640px) and  (max-width:1024px){\n.fusion-fullwidth.fullwidth-box.fusion-builder-row-8.fusion-flex-container.has-pattern-background.has-mask-background.breadcrumbs-container-div.nonhundred-percent-fullwidth.non-hundred-percent-height-scrolling.fusion-sticky-container{\n    margin-top: 42px !important;\n}\n.fusion-fullwidth.fullwidth-box.fusion-builder-row-8.fusion-flex-container.has-pattern-background.has-mask-background.breadcrumbs-container-div.nonhundred-percent-fullwidth.non-hundred-percent-height-scrolling.fusion-sticky-container.fusion-container-stuck.fusion-sticky-transition {\n    padding-left: 32px !important;\n    border-bottom: 1px solid lightgray;\n    margin-top: 103px !important;\n    width:100% !important;\n}\n}\n@media (max-width: 640px) {\n.fusion-column-wrapper.fusion-column-has-shadow.fusion-flex-justify-content-space-between.fusion-content-layout-row.fusion-flex-align-items-center {\n   display: flex;\n}\n.fusion-fullwidth.fullwidth-box.fusion-builder-row-8.fusion-flex-container.has-pattern-background.has-mask-background.breadcrumbs-container-div.nonhundred-percent-fullwidth.non-hundred-percent-height-scrolling {\n    margin-top: 12px;\n    width: 100% !important;\n}\n#bar-siteMap{\ndisplay:flex;\nflex-direction: row;\njustify-content:start;\nalign-items:center;\n}\n.fusion-fullwidth.fullwidth-box.fusion-builder-row-8.fusion-flex-container.has-pattern-background.has-mask-background.breadcrumbs-container-div.nonhundred-percent-fullwidth.non-hundred-percent-height-scrolling.fusion-sticky-container.fusion-sticky-transition.fusion-container-stuck\n{\nmargin-right: -44px !important;\ntop: 132px !important;\nmargin-left:-16px !important;\nmargin-top:-6px !important;\n}\n.fusion-fullwidth.fullwidth-box.fusion-builder-row-8.fusion-flex-container.has-pattern-background.has-mask-background.breadcrumbs-container-div.nonhundred-percent-fullwidth.non-hundred-percent-height-scrolling.fusion-sticky-container.fusion-sticky-transition.fusion-container-stuck #bar-siteMap{\n padding-left: 20px;\n}\n}\n.breadcrumbs-separator-div{\nmin-width:100%;\nmax-width:100%;\nmargin: 0 -200px !important;\nborder-bottom:1px solid lightgray;\n}\n<\/style><\/div><\/div><\/div><\/div>\n<div class=\"fusion-fullwidth fullwidth-box fusion-builder-row-2 fusion-flex-container has-pattern-background has-mask-background container-site-max-width nonhundred-percent-fullwidth non-hundred-percent-height-scrolling fusion-no-small-visibility fusion-no-medium-visibility\" style=\"--awb-border-radius-top-left:0px;--awb-border-radius-top-right:0px;--awb-border-radius-bottom-right:0px;--awb-border-radius-bottom-left:0px;\" ><div class=\"fusion-builder-row fusion-row fusion-flex-align-items-flex-start\" style=\"max-width:1288px;margin-left: calc(-0% \/ 2 );margin-right: calc(-0% \/ 2 );\"><div class=\"fusion-layout-column fusion_builder_column fusion-builder-column-1 fusion_builder_column_1_4 1_4 fusion-flex-column container-menu-consultations\" style=\"--awb-bg-size:cover;--awb-width-large:25%;--awb-margin-top-large:64px;--awb-spacing-right-large:0%;--awb-margin-bottom-large:0px;--awb-spacing-left-large:0%;--awb-width-medium:25%;--awb-order-medium:0;--awb-spacing-right-medium:0%;--awb-spacing-left-medium:0%;--awb-width-small:100%;--awb-order-small:0;--awb-spacing-right-small:0%;--awb-spacing-left-small:0%;\"><div class=\"fusion-column-wrapper fusion-column-has-shadow fusion-flex-justify-content-flex-start fusion-content-layout-column\"><div class=\"fusion-builder-row fusion-builder-row-inner fusion-row fusion-flex-align-items-flex-start\" style=\"width:100% !important;max-width:100% !important;margin-left: calc(-0% \/ 2 );margin-right: calc(-0% \/ 2 );\"><div class=\"fusion-layout-column fusion_builder_column_inner fusion-builder-nested-column-0 fusion_builder_column_inner_1_1 1_1 fusion-flex-column menu-side-scrolling-full-page\" style=\"--awb-bg-size:cover;--awb-width-large:100%;--awb-margin-top-large:0px;--awb-spacing-right-large:0%;--awb-margin-bottom-large:0px;--awb-spacing-left-large:0%;--awb-width-medium:100%;--awb-order-medium:0;--awb-spacing-right-medium:0%;--awb-spacing-left-medium:0%;--awb-width-small:100%;--awb-order-small:0;--awb-spacing-right-small:0%;--awb-spacing-left-small:0%;\"><div class=\"fusion-column-wrapper fusion-column-has-shadow fusion-flex-justify-content-flex-start fusion-content-layout-column\"><div class=\"fusion-text fusion-text-1 fusion-text-no-margin\" style=\"--awb-font-size:16px;--awb-line-height:29px;--awb-text-color:#000000;--awb-margin-bottom:16px;--awb-text-font-family:&quot;Noto Sans&quot;;--awb-text-font-style:normal;--awb-text-font-weight:700;\"><p><strong>Fundos Europeus<\/strong><\/p>\n<\/div><nav class=\"awb-menu awb-menu_column awb-menu_em-hover mobile-mode-collapse-to-button awb-menu_icons-left awb-menu_dc-yes mobile-trigger-fullwidth-off awb-menu_mobile-toggle awb-menu_indent-left mobile-size-full-absolute loading mega-menu-loading awb-menu_desktop awb-menu_dropdown awb-menu_expand-right awb-menu_transition-fade fusion-no-small-visibility fusion-no-medium-visibility scrollbar\" style=\"--awb-main-justify-content:flex-start;--awb-mobile-justify:flex-start;--awb-mobile-caret-left:auto;--awb-mobile-caret-right:0;--awb-fusion-font-family-typography:inherit;--awb-fusion-font-style-typography:normal;--awb-fusion-font-weight-typography:400;--awb-fusion-font-family-submenu-typography:inherit;--awb-fusion-font-style-submenu-typography:normal;--awb-fusion-font-weight-submenu-typography:400;--awb-fusion-font-family-mobile-typography:inherit;--awb-fusion-font-style-mobile-typography:normal;--awb-fusion-font-weight-mobile-typography:400;\" aria-label=\"Menu\" data-breakpoint=\"1024\" data-count=\"0\" data-transition-type=\"fade\" data-transition-time=\"300\" id=\"menu-area\"><button type=\"button\" class=\"awb-menu__m-toggle\" aria-expanded=\"false\" aria-controls=\"menu-fundos-europeus\"><span class=\"awb-menu__m-toggle-inner\"><span class=\"collapsed-nav-text\">Fundos Europeus<\/span><span class=\"awb-menu__m-collapse-icon\"><span class=\"awb-menu__m-collapse-icon-open fa-bars fas\"><\/span><span class=\"awb-menu__m-collapse-icon-close fa-times fas\"><\/span><\/span><\/span><\/button><ul id=\"menu-fundos-europeus\" class=\"fusion-menu awb-menu__main-ul awb-menu__main-ul_column\"><li  id=\"menu-item-41997\"  class=\"menu-item menu-item-type-post_type menu-item-object-page menu-item-41997 awb-menu__li awb-menu__main-li awb-menu__main-li_regular\"  data-item-id=\"41997\"><span class=\"awb-menu__main-background-default awb-menu__main-background-default_fade\"><\/span><span class=\"awb-menu__main-background-active awb-menu__main-background-active_fade\"><\/span><a  href=\"https:\/\/www.ccdrc.pt\/en\/areas-de-atuacao\/fundos-europeus\/\" class=\"awb-menu__main-a awb-menu__main-a_regular\"><span class=\"menu-text\">In\u00edcio<\/span><\/a><\/li><li  id=\"menu-item-41266\"  class=\"menu-item menu-item-type-custom menu-item-object-custom menu-item-41266 awb-menu__li awb-menu__main-li awb-menu__main-li_regular\"  data-item-id=\"41266\"><span class=\"awb-menu__main-background-default awb-menu__main-background-default_fade\"><\/span><span class=\"awb-menu__main-background-active awb-menu__main-background-active_fade\"><\/span><a  target=\"_blank\" rel=\"noopener noreferrer\" href=\"http:\/\/centro.portugal2020.pt\" class=\"awb-menu__main-a awb-menu__main-a_regular\"><span class=\"menu-text\">Centro 2020<\/span><\/a><\/li><li  id=\"menu-item-41663\"  class=\"menu-item menu-item-type-custom menu-item-object-custom menu-item-41663 awb-menu__li awb-menu__main-li awb-menu__main-li_regular\"  data-item-id=\"41663\"><span class=\"awb-menu__main-background-default awb-menu__main-background-default_fade\"><\/span><span class=\"awb-menu__main-background-active awb-menu__main-background-active_fade\"><\/span><a  target=\"_blank\" rel=\"noopener noreferrer\" href=\"https:\/\/centro2030.pt\/\" class=\"awb-menu__main-a awb-menu__main-a_regular\"><span class=\"menu-text\">Centro 2030<\/span><\/a><\/li><li  id=\"menu-item-41992\"  class=\"menu-item menu-item-type-post_type menu-item-object-page menu-item-41992 awb-menu__li awb-menu__main-li awb-menu__main-li_regular\"  data-item-id=\"41992\"><span class=\"awb-menu__main-background-default awb-menu__main-background-default_fade\"><\/span><span class=\"awb-menu__main-background-active awb-menu__main-background-active_fade\"><\/span><a  href=\"https:\/\/www.ccdrc.pt\/en\/areas-de-atuacao\/fundos-europeus\/plano-de-recuperacao-e-resiliencia\/\" class=\"awb-menu__main-a awb-menu__main-a_regular\"><span class=\"menu-text\">PRR<\/span><\/a><\/li><li  id=\"menu-item-42777\"  class=\"menu-item menu-item-type-post_type menu-item-object-page menu-item-42777 awb-menu__li awb-menu__main-li awb-menu__main-li_regular\"  data-item-id=\"42777\"><span class=\"awb-menu__main-background-default awb-menu__main-background-default_fade\"><\/span><span class=\"awb-menu__main-background-active awb-menu__main-background-active_fade\"><\/span><a  href=\"https:\/\/www.ccdrc.pt\/en\/areas-de-atuacao\/fundos-europeus\/perguntas-frequentes\/\" class=\"awb-menu__main-a awb-menu__main-a_regular\"><span class=\"menu-text\">Perguntas Frequentes<\/span><\/a><\/li><\/ul><\/nav><\/div><\/div><\/div><\/div><\/div><div class=\"fusion-layout-column fusion_builder_column fusion-builder-column-2 fusion_builder_column_3_4 3_4 fusion-flex-column\" style=\"--awb-bg-size:cover;--awb-width-large:75%;--awb-margin-top-large:64px;--awb-spacing-right-large:0%;--awb-margin-bottom-large:0px;--awb-spacing-left-large:0%;--awb-width-medium:75%;--awb-order-medium:0;--awb-spacing-right-medium:0%;--awb-spacing-left-medium:0%;--awb-width-small:100%;--awb-order-small:0;--awb-spacing-right-small:0%;--awb-spacing-left-small:0%;\"><div class=\"fusion-column-wrapper fusion-column-has-shadow fusion-flex-justify-content-flex-start fusion-content-layout-column\"><div class=\"fusion-builder-row fusion-builder-row-inner fusion-row fusion-flex-align-items-flex-start\" style=\"width:100% !important;max-width:100% !important;margin-left: calc(-0% \/ 2 );margin-right: calc(-0% \/ 2 );\"><div class=\"fusion-layout-column fusion_builder_column_inner fusion-builder-nested-column-1 fusion_builder_column_inner_1_1 1_1 fusion-flex-column container-img-title-area\" style=\"--awb-overflow:hidden;--awb-bg-image:url(&#039;https:\/\/www.ccdrc.pt\/wp-content\/uploads\/2014\/07\/euro12-a16.jpg&#039;);--awb-bg-position:center center;--awb-bg-blend:multiply;--awb-bg-size:cover;--awb-box-shadow:0px 8px 32px 0px rgba(0,0,0,0.16);;--awb-border-radius:16px 16px 16px 16px;--awb-width-large:100%;--awb-margin-top-large:0px;--awb-spacing-right-large:0%;--awb-margin-bottom-large:88px;--awb-spacing-left-large:0%;--awb-width-medium:100%;--awb-order-medium:0;--awb-spacing-right-medium:0%;--awb-spacing-left-medium:0%;--awb-width-small:100%;--awb-order-small:0;--awb-spacing-right-small:0%;--awb-spacing-left-small:0%;\"><div class=\"fusion-column-wrapper fusion-column-has-shadow fusion-flex-justify-content-flex-start fusion-content-layout-row fusion-flex-align-items-flex-end fusion-content-nowrap\" data-bg-url=\"https:\/\/www.ccdrc.pt\/wp-content\/uploads\/2014\/07\/euro12-a16.jpg\"><div class=\"fusion-text fusion-text-2\" id=\"img-title-area\"><h1 style=\"line-height: 1 !important; font-size: 44px; font-weight: 700 !important; margin-top: 0px !important; margin-bottom: 0px !important; padding-top: 0px !important; padding-bottom: 0px !important; color: #ffffff;\">Fundos Europeus<\/h1>\n<\/div><\/div><\/div><\/div><div class=\"fusion-builder-row fusion-builder-row-inner fusion-row fusion-flex-align-items-flex-start\" style=\"width:100% !important;max-width:100% !important;margin-left: calc(-0% \/ 2 );margin-right: calc(-0% \/ 2 );\"><div class=\"fusion-layout-column fusion_builder_column_inner fusion-builder-nested-column-2 fusion_builder_column_inner_1_1 1_1 fusion-flex-column fusion-flex-align-self-flex-start\" style=\"--awb-bg-size:cover;--awb-width-large:100%;--awb-margin-top-large:0px;--awb-spacing-right-large:0%;--awb-margin-bottom-large:0px;--awb-spacing-left-large:0%;--awb-width-medium:100%;--awb-order-medium:0;--awb-spacing-right-medium:0%;--awb-spacing-left-medium:0%;--awb-width-small:100%;--awb-order-small:0;--awb-spacing-right-small:0%;--awb-spacing-left-small:0%;\"><div class=\"fusion-column-wrapper fusion-column-has-shadow fusion-flex-justify-content-flex-start fusion-content-layout-column\"><div class=\"fusion-text fusion-text-3 fusion-text-no-margin\" style=\"--awb-font-size:24px;--awb-line-height:33px;--awb-text-color:#000000;--awb-margin-bottom:0px;--awb-text-font-family:&quot;Noto Sans&quot;;--awb-text-font-style:normal;--awb-text-font-weight:700;\"><p> Sobre esta \u00e1rea <\/p>\n<\/div><div class=\"fusion-text fusion-text-4\" style=\"--awb-font-size:16px;--awb-line-height:26px;--awb-text-color:#000000;--awb-margin-top:16px;\"><p>A CCDR Centro tem como miss\u00e3o assegurar o planeamento e a gest\u00e3o da pol\u00edtica de coes\u00e3o no \u00e2mbito dos programas regionais, e dos programas de coopera\u00e7\u00e3o territorial europeia, enquadrados nos ciclos de programa\u00e7\u00e3o das pol\u00edticas da Uni\u00e3o Europeia, tendo em vista o desenvolvimento econ\u00f3mico, social e cultural dos territ\u00f3rios que constituem as respetivas circunscri\u00e7\u00f5es e apoiar tecnicamente as autarquias locais e as suas associa\u00e7\u00f5es.<\/p>\n<p>O Programa Regional do Centro 2021-2027 (Centro 2030) \u00e9 um instrumento do Portugal 2030 com aplica\u00e7\u00e3o exclusiva \u00e0 Regi\u00e3o Centro.<\/p>\n<\/div><\/div><\/div><\/div><div class=\"fusion-builder-row fusion-builder-row-inner fusion-row fusion-flex-align-items-flex-start\" style=\"width:100% !important;max-width:100% !important;margin-left: calc(-0% \/ 2 );margin-right: calc(-0% \/ 2 );\"><div class=\"fusion-layout-column fusion_builder_column_inner fusion-builder-nested-column-3 fusion_builder_column_inner_1_1 1_1 fusion-flex-column\" style=\"--awb-bg-size:cover;--awb-width-large:100%;--awb-margin-top-large:120px;--awb-spacing-right-large:0%;--awb-margin-bottom-large:10px;--awb-spacing-left-large:0%;--awb-width-medium:100%;--awb-order-medium:0;--awb-spacing-right-medium:0%;--awb-spacing-left-medium:0%;--awb-width-small:100%;--awb-order-small:0;--awb-spacing-right-small:0%;--awb-spacing-left-small:0%;\"><div class=\"fusion-column-wrapper fusion-column-has-shadow fusion-flex-justify-content-space-between fusion-content-layout-row fusion-flex-align-items-center\"><div class=\"fusion-text fusion-text-5 fusion-text-no-margin\" style=\"--awb-font-size:24px;--awb-line-height:36px;--awb-text-color:#000000;--awb-margin-top:11px;--awb-margin-bottom:11px;--awb-text-font-family:&quot;Noto Sans&quot;;--awb-text-font-style:normal;--awb-text-font-weight:700;\"><p>Ultimas not\u00edcias<\/p>\n<\/div><div ><a class=\"fusion-button button-flat fusion-button-default-size button-default fusion-button-default button-1 fusion-button-default-span fusion-button-default-type btn-tertiary\" target=\"_self\" href=\"https:\/\/www.ccdrc.pt\/pt\/comunicacao\/comunicacao\/fundos-europeus\/\"><span class=\"fusion-button-text\">Ver todas as not\u00edcias<\/span><i class=\"fa-arrow-right fas button-icon-right\" aria-hidden=\"true\"><\/i><\/a><\/div><\/div><\/div><\/div><div class=\"fusion-builder-row fusion-builder-row-inner fusion-row fusion-flex-align-items-flex-start\" style=\"width:100% !important;max-width:100% !important;margin-left: calc(-0% \/ 2 );margin-right: calc(-0% \/ 2 );\"><div class=\"fusion-layout-column fusion_builder_column_inner fusion-builder-nested-column-4 fusion_builder_column_inner_1_1 1_1 fusion-flex-column\" style=\"--awb-bg-size:cover;--awb-width-large:100%;--awb-margin-top-large:0px;--awb-spacing-right-large:0%;--awb-margin-bottom-large:0px;--awb-spacing-left-large:0%;--awb-width-medium:100%;--awb-order-medium:0;--awb-spacing-right-medium:0%;--awb-spacing-left-medium:0%;--awb-width-small:100%;--awb-order-small:0;--awb-spacing-right-small:0%;--awb-spacing-left-small:0%;\"><div class=\"fusion-column-wrapper fusion-column-has-shadow fusion-flex-justify-content-flex-start fusion-content-layout-column\"><div class=\"fusion-recent-posts fusion-recent-posts-1 avada-container layout-default layout-columns-3 fusion-recent-posts-left cards-news\" style=\"--awb-margin-top:0px;--awb-margin-bottom:0px;--h4_typography-font-family:&quot;Noto Sans&quot;;--h4_typography-font-weight:700;--h4_typography-font-style:normal;--h4_typography-font-size:16px;--h4_typography-line-height:24px;\"><section class=\"fusion-columns columns fusion-columns-3 columns-3\"><article class=\"post fusion-column column col col-lg-4 col-md-4 col-sm-4\"><div class=\"fusion-flexslider fusion-flexslider-loading flexslider flexslider-hover-type-none\"><ul class=\"slides\"><li><a href=\"https:\/\/www.ccdrc.pt\/en\/ponto-de-situacao-do-programa-centro-2030-apresentado-ao-comite-de-acompanhamento\/\" aria-label=\"Ponto de situa\u00e7\u00e3o do Programa Centro 2030 apresentado ao Comit\u00e9 de Acompanhamento\" class=\"hover-type-none\"><img decoding=\"async\" width=\"700\" height=\"441\" src=\"https:\/\/www.ccdrc.pt\/wp-content\/uploads\/2026\/04\/site-ccdrc-700x441.jpg\" class=\"attachment-recent-posts size-recent-posts\" alt=\"Imagem de site-ccdrc-sc\" srcset=\"https:\/\/www.ccdrc.pt\/wp-content\/uploads\/2026\/04\/site-ccdrc-320x202.jpg 320w, https:\/\/www.ccdrc.pt\/wp-content\/uploads\/2026\/04\/site-ccdrc-700x441.jpg 700w\" sizes=\"(max-width: 700px) 100vw, 700px\" \/><\/a><\/li><\/ul><\/div><div class=\"recent-posts-content\"><span class=\"vcard\" style=\"display: none;\"><span class=\"fn\"><a href=\"https:\/\/www.ccdrc.pt\/en\/author\/raquel-aido\/\" title=\"Posts by Raquel Aido\" rel=\"author\">Raquel Aido<\/a><\/span><\/span><span class=\"updated\" style=\"display:none;\">2026-04-22T13:42:25+00:00<\/span><h4 class=\"entry-title\"><a href=\"https:\/\/www.ccdrc.pt\/en\/ponto-de-situacao-do-programa-centro-2030-apresentado-ao-comite-de-acompanhamento\/\">Ponto de situa\u00e7\u00e3o do Programa Centro 2030 apresentado ao Comit\u00e9 de Acompanhamento<\/a><\/h4><p class=\"meta\"><span class=\"vcard\" style=\"display: none;\"><span class=\"fn\"><a href=\"https:\/\/www.ccdrc.pt\/en\/author\/raquel-aido\/\" title=\"Posts by Raquel Aido\" rel=\"author\">Raquel Aido<\/a><\/span><\/span><span class=\"updated\" style=\"display:none;\">2026-04-22T13:42:25+00:00<\/span><a href=\"https:\/\/www.ccdrc.pt\/en\/category\/fundos-europeus\/\" rel=\"category tag\">Fundos Europeus<\/a>, <a href=\"https:\/\/www.ccdrc.pt\/en\/category\/informacao\/\" rel=\"category tag\">Informa\u00e7\u00e3o<\/a><span class=\"fusion-inline-sep\">|<\/span><\/p><\/div><\/article><article class=\"post fusion-column column col col-lg-4 col-md-4 col-sm-4\"><div class=\"fusion-flexslider fusion-flexslider-loading flexslider flexslider-hover-type-none\"><ul class=\"slides\"><li><a href=\"https:\/\/www.ccdrc.pt\/en\/premios-regiostars-2026-tem-candidaturas-abertas-ate-22-de-maio\/\" aria-label=\"Pr\u00e9mios REGIOSTARS 2026 t\u00eam candidaturas abertas at\u00e9 22 de maio\" class=\"hover-type-none\"><img decoding=\"async\" width=\"700\" height=\"338\" src=\"https:\/\/www.ccdrc.pt\/wp-content\/uploads\/2026\/02\/CCDRC_regiostars_banner2026.png\" class=\"attachment-recent-posts size-recent-posts\" alt=\"Imagem de CCDRC regiostars banner\" srcset=\"https:\/\/www.ccdrc.pt\/wp-content\/uploads\/2026\/02\/CCDRC_regiostars_banner2026-18x9.png 18w, https:\/\/www.ccdrc.pt\/wp-content\/uploads\/2026\/02\/CCDRC_regiostars_banner2026-200x97.png 200w, https:\/\/www.ccdrc.pt\/wp-content\/uploads\/2026\/02\/CCDRC_regiostars_banner2026-400x193.png 400w, https:\/\/www.ccdrc.pt\/wp-content\/uploads\/2026\/02\/CCDRC_regiostars_banner2026-500x241.png 500w, https:\/\/www.ccdrc.pt\/wp-content\/uploads\/2026\/02\/CCDRC_regiostars_banner2026-600x290.png 600w, https:\/\/www.ccdrc.pt\/wp-content\/uploads\/2026\/02\/CCDRC_regiostars_banner2026.png 700w\" sizes=\"(max-width: 700px) 100vw, 700px\" \/><\/a><\/li><\/ul><\/div><div class=\"recent-posts-content\"><span class=\"vcard\" style=\"display: none;\"><span class=\"fn\"><a href=\"https:\/\/www.ccdrc.pt\/en\/author\/mp0268\/\" title=\"Posts by Madalena Pimentel\" rel=\"author\">Madalena Pimentel<\/a><\/span><\/span><span class=\"updated\" style=\"display:none;\">2026-02-24T16:08:47+00:00<\/span><h4 class=\"entry-title\"><a href=\"https:\/\/www.ccdrc.pt\/en\/premios-regiostars-2026-tem-candidaturas-abertas-ate-22-de-maio\/\">Pr\u00e9mios REGIOSTARS 2026 t\u00eam candidaturas abertas at\u00e9 22 de maio<\/a><\/h4><p class=\"meta\"><span class=\"vcard\" style=\"display: none;\"><span class=\"fn\"><a href=\"https:\/\/www.ccdrc.pt\/en\/author\/mp0268\/\" title=\"Posts by Madalena Pimentel\" rel=\"author\">Madalena Pimentel<\/a><\/span><\/span><span class=\"updated\" style=\"display:none;\">2026-02-24T16:08:47+00:00<\/span><a href=\"https:\/\/www.ccdrc.pt\/en\/category\/fundos-europeus\/\" rel=\"category tag\">Fundos Europeus<\/a><span class=\"fusion-inline-sep\">|<\/span><\/p><\/div><\/article><article class=\"post fusion-column column col col-lg-4 col-md-4 col-sm-4\"><div class=\"fusion-flexslider fusion-flexslider-loading flexslider flexslider-hover-type-none\"><ul class=\"slides\"><li><a href=\"https:\/\/www.ccdrc.pt\/en\/wp-admin-post-phppost86317actionedit\/\" aria-label=\"Centro 2030 lan\u00e7a concurso de 4 milh\u00f5es para apoiar micro e pequenas empresas do Pinhal Interior\" class=\"hover-type-none\"><img decoding=\"async\" width=\"700\" height=\"338\" src=\"https:\/\/www.ccdrc.pt\/wp-content\/uploads\/2026\/02\/Pinhal_Interior_AberturaConcurso_SiteCCDRC.jpg\" class=\"attachment-recent-posts size-recent-posts\" alt=\"Imagem de Pinhal Interior AberturaConcurso SiteC\" srcset=\"https:\/\/www.ccdrc.pt\/wp-content\/uploads\/2026\/02\/Pinhal_Interior_AberturaConcurso_SiteCCDRC-18x9.jpg 18w, https:\/\/www.ccdrc.pt\/wp-content\/uploads\/2026\/02\/Pinhal_Interior_AberturaConcurso_SiteCCDRC-200x97.jpg 200w, https:\/\/www.ccdrc.pt\/wp-content\/uploads\/2026\/02\/Pinhal_Interior_AberturaConcurso_SiteCCDRC-400x193.jpg 400w, https:\/\/www.ccdrc.pt\/wp-content\/uploads\/2026\/02\/Pinhal_Interior_AberturaConcurso_SiteCCDRC-500x241.jpg 500w, https:\/\/www.ccdrc.pt\/wp-content\/uploads\/2026\/02\/Pinhal_Interior_AberturaConcurso_SiteCCDRC-600x290.jpg 600w, https:\/\/www.ccdrc.pt\/wp-content\/uploads\/2026\/02\/Pinhal_Interior_AberturaConcurso_SiteCCDRC.jpg 700w\" sizes=\"(max-width: 700px) 100vw, 700px\" \/><\/a><\/li><\/ul><\/div><div class=\"recent-posts-content\"><span class=\"vcard\" style=\"display: none;\"><span class=\"fn\"><a href=\"https:\/\/www.ccdrc.pt\/en\/author\/mm5235\/\" title=\"Posts by Maria Jos\u00e9 Malheiro\" rel=\"author\">Maria Jos\u00e9 Malheiro<\/a><\/span><\/span><span class=\"updated\" style=\"display:none;\">2026-02-02T15:03:42+00:00<\/span><h4 class=\"entry-title\"><a href=\"https:\/\/www.ccdrc.pt\/en\/wp-admin-post-phppost86317actionedit\/\">Centro 2030 lan\u00e7a concurso de 4 milh\u00f5es para apoiar micro e pequenas empresas do Pinhal Interior<\/a><\/h4><p class=\"meta\"><span class=\"vcard\" style=\"display: none;\"><span class=\"fn\"><a href=\"https:\/\/www.ccdrc.pt\/en\/author\/mm5235\/\" title=\"Posts by Maria Jos\u00e9 Malheiro\" rel=\"author\">Maria Jos\u00e9 Malheiro<\/a><\/span><\/span><span class=\"updated\" style=\"display:none;\">2026-02-02T15:03:42+00:00<\/span><a href=\"https:\/\/www.ccdrc.pt\/en\/category\/fundos-europeus\/\" rel=\"category tag\">Fundos Europeus<\/a><span class=\"fusion-inline-sep\">|<\/span><\/p><\/div><\/article><\/section><\/div><\/div><\/div><\/div><div class=\"fusion-builder-row fusion-builder-row-inner fusion-row fusion-flex-align-items-flex-start\" style=\"width:100% !important;max-width:100% !important;margin-left: calc(-0% \/ 2 );margin-right: calc(-0% \/ 2 );\"><div class=\"fusion-layout-column fusion_builder_column_inner fusion-builder-nested-column-5 fusion_builder_column_inner_1_1 1_1 fusion-flex-column\" style=\"--awb-bg-size:cover;--awb-width-large:100%;--awb-margin-top-large:120px;--awb-spacing-right-large:0%;--awb-margin-bottom-large:0px;--awb-spacing-left-large:0%;--awb-width-medium:100%;--awb-order-medium:0;--awb-spacing-right-medium:0%;--awb-spacing-left-medium:0%;--awb-width-small:100%;--awb-order-small:0;--awb-spacing-right-small:0%;--awb-spacing-left-small:0%;\"><div class=\"fusion-column-wrapper fusion-column-has-shadow fusion-flex-justify-content-flex-start fusion-content-layout-column\"><div class=\"fusion-text fusion-text-6 fusion-text-no-margin\" style=\"--awb-font-size:24px;--awb-line-height:36px;--awb-text-color:#000000;--awb-margin-bottom:29px;--awb-text-font-family:&quot;Noto Sans&quot;;--awb-text-font-style:normal;--awb-text-font-weight:700;\"><p> Acessos R\u00e1pidos <\/p>\n<\/div><\/div><\/div><\/div><div class=\"fusion-builder-row fusion-builder-row-inner fusion-row fusion-flex-align-items-flex-start\" style=\"width:100% !important;max-width:100% !important;margin-left: calc(-0% \/ 2 );margin-right: calc(-0% \/ 2 );\"><div class=\"fusion-layout-column fusion_builder_column_inner fusion-builder-nested-column-6 fusion_builder_column_inner_1_1 1_1 fusion-flex-column\" style=\"--awb-bg-size:cover;--awb-width-large:100%;--awb-margin-top-large:0px;--awb-spacing-right-large:0%;--awb-margin-bottom-large:0px;--awb-spacing-left-large:0%;--awb-width-medium:100%;--awb-order-medium:0;--awb-spacing-right-medium:0%;--awb-spacing-left-medium:0%;--awb-width-small:100%;--awb-order-small:0;--awb-spacing-right-small:0%;--awb-spacing-left-small:0%;\" id=\"container-quick-access\"><div class=\"fusion-column-wrapper fusion-column-has-shadow fusion-flex-justify-content-flex-start fusion-content-layout-row fusion-flex-align-items-center\"><div class='card-quick-access'><a class='' href='https:\/\/portugal2030.pt\/' target='_blank'><img src='https:\/\/www.ccdrc.pt\/wp-content\/uploads\/2024\/05\/pt2030_siteccdrc.png'\/><span><svg width='18' height='18' viewBox='0 0 18 18' fill='none' xmlns='http:\/\/www.w3.org\/2000\/svg'>\n<path d='M11.0834 0.666504C10.5072 0.666504 10.0417 1.132 10.0417 1.70817C10.0417 2.28434 10.5072 2.74984 11.0834 2.74984H13.7754L7.22268 9.30583C6.81578 9.71273 6.81578 10.3735 7.22268 10.7804C7.62958 11.1873 8.29039 11.1873 8.69729 10.7804L15.25 4.22445V6.9165C15.25 7.49268 15.7155 7.95817 16.2917 7.95817C16.8679 7.95817 17.3334 7.49268 17.3334 6.9165V1.70817C17.3334 1.132 16.8679 0.666504 16.2917 0.666504H11.0834ZM3.27085 1.70817C1.83205 1.70817 0.666687 2.87354 0.666687 4.31234V14.729C0.666687 16.1678 1.83205 17.3332 3.27085 17.3332H13.6875C15.1263 17.3332 16.2917 16.1678 16.2917 14.729V11.0832C16.2917 10.507 15.8262 10.0415 15.25 10.0415C14.6738 10.0415 14.2084 10.507 14.2084 11.0832V14.729C14.2084 15.0155 13.974 15.2498 13.6875 15.2498H3.27085C2.9844 15.2498 2.75002 15.0155 2.75002 14.729V4.31234C2.75002 4.02588 2.9844 3.7915 3.27085 3.7915H6.91669C7.49286 3.7915 7.95835 3.32601 7.95835 2.74984C7.95835 2.17367 7.49286 1.70817 6.91669 1.70817H3.27085Z' fill='#007B88'\/><\/svg>Portugal 2030<\/span><\/a><\/div><div class='card-quick-access'><a class='' href='https:\/\/centro2030.pt\/' target=''><img src='https:\/\/www.ccdrc.pt\/wp-content\/uploads\/2023\/10\/acessosRapidos-Centro2030.jpg'\/><span><svg width='18' height='18' viewBox='0 0 18 18' fill='none' xmlns='http:\/\/www.w3.org\/2000\/svg'>\n<path d='M11.0834 0.666504C10.5072 0.666504 10.0417 1.132 10.0417 1.70817C10.0417 2.28434 10.5072 2.74984 11.0834 2.74984H13.7754L7.22268 9.30583C6.81578 9.71273 6.81578 10.3735 7.22268 10.7804C7.62958 11.1873 8.29039 11.1873 8.69729 10.7804L15.25 4.22445V6.9165C15.25 7.49268 15.7155 7.95817 16.2917 7.95817C16.8679 7.95817 17.3334 7.49268 17.3334 6.9165V1.70817C17.3334 1.132 16.8679 0.666504 16.2917 0.666504H11.0834ZM3.27085 1.70817C1.83205 1.70817 0.666687 2.87354 0.666687 4.31234V14.729C0.666687 16.1678 1.83205 17.3332 3.27085 17.3332H13.6875C15.1263 17.3332 16.2917 16.1678 16.2917 14.729V11.0832C16.2917 10.507 15.8262 10.0415 15.25 10.0415C14.6738 10.0415 14.2084 10.507 14.2084 11.0832V14.729C14.2084 15.0155 13.974 15.2498 13.6875 15.2498H3.27085C2.9844 15.2498 2.75002 15.0155 2.75002 14.729V4.31234C2.75002 4.02588 2.9844 3.7915 3.27085 3.7915H6.91669C7.49286 3.7915 7.95835 3.32601 7.95835 2.74984C7.95835 2.17367 7.49286 1.70817 6.91669 1.70817H3.27085Z' fill='#007B88'\/><\/svg>centro2030<\/span><\/a><\/div><div class='card-quick-access'><a class='' href='http:\/\/centro.portugal2020.pt\/' target=''><img src='https:\/\/www.ccdrc.pt\/wp-content\/uploads\/2023\/10\/acessosRapidos-Centro2020.jpg'\/><span><svg width='18' height='18' viewBox='0 0 18 18' fill='none' xmlns='http:\/\/www.w3.org\/2000\/svg'>\n<path d='M11.0834 0.666504C10.5072 0.666504 10.0417 1.132 10.0417 1.70817C10.0417 2.28434 10.5072 2.74984 11.0834 2.74984H13.7754L7.22268 9.30583C6.81578 9.71273 6.81578 10.3735 7.22268 10.7804C7.62958 11.1873 8.29039 11.1873 8.69729 10.7804L15.25 4.22445V6.9165C15.25 7.49268 15.7155 7.95817 16.2917 7.95817C16.8679 7.95817 17.3334 7.49268 17.3334 6.9165V1.70817C17.3334 1.132 16.8679 0.666504 16.2917 0.666504H11.0834ZM3.27085 1.70817C1.83205 1.70817 0.666687 2.87354 0.666687 4.31234V14.729C0.666687 16.1678 1.83205 17.3332 3.27085 17.3332H13.6875C15.1263 17.3332 16.2917 16.1678 16.2917 14.729V11.0832C16.2917 10.507 15.8262 10.0415 15.25 10.0415C14.6738 10.0415 14.2084 10.507 14.2084 11.0832V14.729C14.2084 15.0155 13.974 15.2498 13.6875 15.2498H3.27085C2.9844 15.2498 2.75002 15.0155 2.75002 14.729V4.31234C2.75002 4.02588 2.9844 3.7915 3.27085 3.7915H6.91669C7.49286 3.7915 7.95835 3.32601 7.95835 2.74984C7.95835 2.17367 7.49286 1.70817 6.91669 1.70817H3.27085Z' fill='#007B88'\/><\/svg>centro2020<\/span><\/a><\/div><div class='card-quick-access'><a class='' href='https:\/\/www.ccdrc.pt\/areas-de-atuacao\/fundos-europeus\/plano-de-recuperacao-e-resiliencia\/' target=''><img src='https:\/\/www.ccdrc.pt\/wp-content\/uploads\/2023\/10\/acessos-rapidos-PRR.jpg'\/><span><svg width='18' height='18' viewBox='0 0 18 18' fill='none' xmlns='http:\/\/www.w3.org\/2000\/svg'>\n<path d='M11.0834 0.666504C10.5072 0.666504 10.0417 1.132 10.0417 1.70817C10.0417 2.28434 10.5072 2.74984 11.0834 2.74984H13.7754L7.22268 9.30583C6.81578 9.71273 6.81578 10.3735 7.22268 10.7804C7.62958 11.1873 8.29039 11.1873 8.69729 10.7804L15.25 4.22445V6.9165C15.25 7.49268 15.7155 7.95817 16.2917 7.95817C16.8679 7.95817 17.3334 7.49268 17.3334 6.9165V1.70817C17.3334 1.132 16.8679 0.666504 16.2917 0.666504H11.0834ZM3.27085 1.70817C1.83205 1.70817 0.666687 2.87354 0.666687 4.31234V14.729C0.666687 16.1678 1.83205 17.3332 3.27085 17.3332H13.6875C15.1263 17.3332 16.2917 16.1678 16.2917 14.729V11.0832C16.2917 10.507 15.8262 10.0415 15.25 10.0415C14.6738 10.0415 14.2084 10.507 14.2084 11.0832V14.729C14.2084 15.0155 13.974 15.2498 13.6875 15.2498H3.27085C2.9844 15.2498 2.75002 15.0155 2.75002 14.729V4.31234C2.75002 4.02588 2.9844 3.7915 3.27085 3.7915H6.91669C7.49286 3.7915 7.95835 3.32601 7.95835 2.74984C7.95835 2.17367 7.49286 1.70817 6.91669 1.70817H3.27085Z' fill='#007B88'\/><\/svg>PRR<\/span><\/a><\/div><div class='card-quick-access'><a class='' href='https:\/\/portugal2020.pt\/' target='_blank'><img src='https:\/\/www.ccdrc.pt\/wp-content\/uploads\/2023\/08\/portugal2020.png'\/><span><svg width='18' height='18' viewBox='0 0 18 18' fill='none' xmlns='http:\/\/www.w3.org\/2000\/svg'>\n<path d='M11.0834 0.666504C10.5072 0.666504 10.0417 1.132 10.0417 1.70817C10.0417 2.28434 10.5072 2.74984 11.0834 2.74984H13.7754L7.22268 9.30583C6.81578 9.71273 6.81578 10.3735 7.22268 10.7804C7.62958 11.1873 8.29039 11.1873 8.69729 10.7804L15.25 4.22445V6.9165C15.25 7.49268 15.7155 7.95817 16.2917 7.95817C16.8679 7.95817 17.3334 7.49268 17.3334 6.9165V1.70817C17.3334 1.132 16.8679 0.666504 16.2917 0.666504H11.0834ZM3.27085 1.70817C1.83205 1.70817 0.666687 2.87354 0.666687 4.31234V14.729C0.666687 16.1678 1.83205 17.3332 3.27085 17.3332H13.6875C15.1263 17.3332 16.2917 16.1678 16.2917 14.729V11.0832C16.2917 10.507 15.8262 10.0415 15.25 10.0415C14.6738 10.0415 14.2084 10.507 14.2084 11.0832V14.729C14.2084 15.0155 13.974 15.2498 13.6875 15.2498H3.27085C2.9844 15.2498 2.75002 15.0155 2.75002 14.729V4.31234C2.75002 4.02588 2.9844 3.7915 3.27085 3.7915H6.91669C7.49286 3.7915 7.95835 3.32601 7.95835 2.74984C7.95835 2.17367 7.49286 1.70817 6.91669 1.70817H3.27085Z' fill='#007B88'\/><\/svg>Portugal 2020<\/span><\/a><\/div><\/div><\/div><\/div><div class=\"fusion-builder-row fusion-builder-row-inner fusion-row fusion-flex-align-items-flex-start\" style=\"width:100% !important;max-width:100% !important;margin-left: calc(-0% \/ 2 );margin-right: calc(-0% \/ 2 );\"><div class=\"fusion-layout-column fusion_builder_column_inner fusion-builder-nested-column-7 fusion_builder_column_inner_1_1 1_1 fusion-flex-column\" style=\"--awb-bg-size:cover;--awb-width-large:100%;--awb-margin-top-large:68px;--awb-spacing-right-large:0%;--awb-margin-bottom-large:0px;--awb-spacing-left-large:0%;--awb-width-medium:100%;--awb-order-medium:0;--awb-spacing-right-medium:0%;--awb-spacing-left-medium:0%;--awb-width-small:100%;--awb-order-small:0;--awb-spacing-right-small:0%;--awb-spacing-left-small:0%;\"><div class=\"fusion-column-wrapper fusion-column-has-shadow fusion-flex-justify-content-flex-start fusion-content-layout-column\"><div class=\"fusion-text fusion-text-7 fusion-text-no-margin\" style=\"--awb-font-size:24px;--awb-line-height:32.69px;--awb-text-color:#000000;--awb-margin-bottom:16px;--awb-text-font-family:&quot;Noto Sans&quot;;--awb-text-font-style:normal;--awb-text-font-weight:700;\"><p style=\"text-align: justify;\">Os mais visitados<\/p>\n<\/div><div class=\"fusion-text fusion-text-8\"><div class=\"mostvisitedTitlesWrapper\"><div class=\"mostvisitedTitles\"><a href = 'https:\/\/www.ccdrc.pt\/en\/centro-2030-abre-concurso-para-apoiar-a-criacao-de-novas-empresas-associadas-ao-conhecimento\/'><span>Centro 2030 abre concurso para apoiar a cria\u00e7\u00e3o de novas empresas associadas ao conhecimento<\/span><svg width='14' height='12' viewBox='0 0 14 12' fill='none' xmlns='http:\/\/www.w3.org\/2000\/svg'><path d='M13.707 6.70597C14.0977 6.3155 14.0977 5.68137 13.707 5.2909L8.70674 0.292854C8.31609 -0.0976181 7.68168 -0.0976181 7.29103 0.292854C6.90038 0.683327 6.90038 1.31745 7.29103 1.70793L10.5881 5.00039H1.00006C0.4469 5.00039 0 5.44709 0 6C0 6.55291 0.4469 6.99961 1.00006 6.99961H10.585L7.29416 10.2921C6.90351 10.6825 6.90351 11.3167 7.29416 11.7071C7.6848 12.0976 8.31921 12.0976 8.70986 11.7071L13.7101 6.7091L13.707 6.70597Z' fill='#007B88'\/><\/svg><\/a><\/div><div class=\"mostvisitedTitles\"><a href = 'https:\/\/www.ccdrc.pt\/en\/centro-2030-abre-concurso-para-apoiar-a-arte-e-a-cultura-como-meios-de-inclusao-social\/'><span>Centro 2030 abre concurso para apoiar a arte e a cultura como meios de inclus\u00e3o social<\/span><svg width='14' height='12' viewBox='0 0 14 12' fill='none' xmlns='http:\/\/www.w3.org\/2000\/svg'><path d='M13.707 6.70597C14.0977 6.3155 14.0977 5.68137 13.707 5.2909L8.70674 0.292854C8.31609 -0.0976181 7.68168 -0.0976181 7.29103 0.292854C6.90038 0.683327 6.90038 1.31745 7.29103 1.70793L10.5881 5.00039H1.00006C0.4469 5.00039 0 5.44709 0 6C0 6.55291 0.4469 6.99961 1.00006 6.99961H10.585L7.29416 10.2921C6.90351 10.6825 6.90351 11.3167 7.29416 11.7071C7.6848 12.0976 8.31921 12.0976 8.70986 11.7071L13.7101 6.7091L13.707 6.70597Z' fill='#007B88'\/><\/svg><\/a><\/div><div class=\"mostvisitedTitles\"><a href = 'https:\/\/www.ccdrc.pt\/en\/aprovado-o-modelo-de-governacao-do-portugal-2030\/'><span>Aprovado o Modelo de Governa\u00e7\u00e3o do Portugal 2030<\/span><svg width='14' height='12' viewBox='0 0 14 12' fill='none' xmlns='http:\/\/www.w3.org\/2000\/svg'><path d='M13.707 6.70597C14.0977 6.3155 14.0977 5.68137 13.707 5.2909L8.70674 0.292854C8.31609 -0.0976181 7.68168 -0.0976181 7.29103 0.292854C6.90038 0.683327 6.90038 1.31745 7.29103 1.70793L10.5881 5.00039H1.00006C0.4469 5.00039 0 5.44709 0 6C0 6.55291 0.4469 6.99961 1.00006 6.99961H10.585L7.29416 10.2921C6.90351 10.6825 6.90351 11.3167 7.29416 11.7071C7.6848 12.0976 8.31921 12.0976 8.70986 11.7071L13.7101 6.7091L13.707 6.70597Z' fill='#007B88'\/><\/svg><\/a><\/div><div class=\"mostvisitedTitles\"><a href = 'https:\/\/www.ccdrc.pt\/en\/webinar-de-esclarecimentos-sobre-a-6-a-convocatoria-para-o-poctep-2021-2027\/'><span>Webinar de esclarecimentos sobre a 6.\u00aa convocat\u00f3ria para o POCTEP 2021-2027<\/span><svg width='14' height='12' viewBox='0 0 14 12' fill='none' xmlns='http:\/\/www.w3.org\/2000\/svg'><path d='M13.707 6.70597C14.0977 6.3155 14.0977 5.68137 13.707 5.2909L8.70674 0.292854C8.31609 -0.0976181 7.68168 -0.0976181 7.29103 0.292854C6.90038 0.683327 6.90038 1.31745 7.29103 1.70793L10.5881 5.00039H1.00006C0.4469 5.00039 0 5.44709 0 6C0 6.55291 0.4469 6.99961 1.00006 6.99961H10.585L7.29416 10.2921C6.90351 10.6825 6.90351 11.3167 7.29416 11.7071C7.6848 12.0976 8.31921 12.0976 8.70986 11.7071L13.7101 6.7091L13.707 6.70597Z' fill='#007B88'\/><\/svg><\/a><\/div><div class=\"mostvisitedTitles\"><a href = 'https:\/\/www.ccdrc.pt\/en\/10-milhoes-de-euros-para-apoiar-investimentos-das-empresas-na-economia-circular\/'><span>10 Milh\u00f5es de euros para apoiar investimentos das empresas na economia circular<\/span><svg width='14' height='12' viewBox='0 0 14 12' fill='none' xmlns='http:\/\/www.w3.org\/2000\/svg'><path d='M13.707 6.70597C14.0977 6.3155 14.0977 5.68137 13.707 5.2909L8.70674 0.292854C8.31609 -0.0976181 7.68168 -0.0976181 7.29103 0.292854C6.90038 0.683327 6.90038 1.31745 7.29103 1.70793L10.5881 5.00039H1.00006C0.4469 5.00039 0 5.44709 0 6C0 6.55291 0.4469 6.99961 1.00006 6.99961H10.585L7.29416 10.2921C6.90351 10.6825 6.90351 11.3167 7.29416 11.7071C7.6848 12.0976 8.31921 12.0976 8.70986 11.7071L13.7101 6.7091L13.707 6.70597Z' fill='#007B88'\/><\/svg><\/a><\/div><\/div>\n<\/div><\/div><\/div><\/div><\/div><\/div><\/div><\/div><div class=\"fusion-fullwidth fullwidth-box fusion-builder-row-3 fusion-flex-container has-pattern-background has-mask-background nonhundred-percent-fullwidth non-hundred-percent-height-scrolling fusion-no-small-visibility fusion-no-medium-visibility\" style=\"--awb-border-radius-top-left:0px;--awb-border-radius-top-right:0px;--awb-border-radius-bottom-right:0px;--awb-border-radius-bottom-left:0px;--awb-margin-bottom:160px;\" id=\"to-stop-fixed-menu-desktop\" ><div class=\"fusion-builder-row fusion-row fusion-flex-align-items-flex-start\" style=\"max-width:1288px;margin-left: calc(-0% \/ 2 );margin-right: calc(-0% \/ 2 );\"><div class=\"fusion-layout-column fusion_builder_column fusion-builder-column-3 fusion_builder_column_1_1 1_1 fusion-flex-column\" style=\"--awb-bg-size:cover;--awb-width-large:100%;--awb-margin-top-large:0px;--awb-spacing-right-large:0%;--awb-margin-bottom-large:0px;--awb-spacing-left-large:0%;--awb-width-medium:100%;--awb-order-medium:0;--awb-spacing-right-medium:0%;--awb-spacing-left-medium:0%;--awb-width-small:100%;--awb-order-small:0;--awb-spacing-right-small:0%;--awb-spacing-left-small:0%;\"><div class=\"fusion-column-wrapper fusion-column-has-shadow fusion-flex-justify-content-flex-start fusion-content-layout-column\"><\/div><\/div><\/div><\/div><div class=\"fusion-fullwidth fullwidth-box fusion-builder-row-4 fusion-flex-container has-pattern-background has-mask-background container-faqs nonhundred-percent-fullwidth non-hundred-percent-height-scrolling fusion-no-small-visibility fusion-no-medium-visibility\" style=\"--awb-border-radius-top-left:0px;--awb-border-radius-top-right:0px;--awb-border-radius-bottom-right:0px;--awb-border-radius-bottom-left:0px;--awb-padding-top:160px;--awb-padding-bottom:160px;--awb-background-color:#f5f5f5;\" ><div class=\"fusion-builder-row fusion-row fusion-flex-align-items-flex-start\" style=\"max-width:1288px;margin-left: calc(-0% \/ 2 );margin-right: calc(-0% \/ 2 );\"><div class=\"fusion-layout-column fusion_builder_column fusion-builder-column-4 fusion_builder_column_1_1 1_1 fusion-flex-column container-site-max-width\" style=\"--awb-bg-size:cover;--awb-width-large:100%;--awb-margin-top-large:0px;--awb-spacing-right-large:0%;--awb-margin-bottom-large:0px;--awb-spacing-left-large:0%;--awb-width-medium:100%;--awb-order-medium:0;--awb-spacing-right-medium:0%;--awb-spacing-left-medium:0%;--awb-width-small:100%;--awb-order-small:0;--awb-spacing-right-small:0%;--awb-spacing-left-small:0%;\"><div class=\"fusion-column-wrapper fusion-column-has-shadow fusion-flex-justify-content-flex-start fusion-content-layout-column\"><div class=\"fusion-builder-row fusion-builder-row-inner fusion-row fusion-flex-align-items-flex-start\" style=\"width:100% !important;max-width:100% !important;margin-left: calc(-0% \/ 2 );margin-right: calc(-0% \/ 2 );\"><div class=\"fusion-layout-column fusion_builder_column_inner fusion-builder-nested-column-8 fusion_builder_column_inner_1_4 1_4 fusion-flex-column faqs-container-left\" style=\"--awb-bg-size:cover;--awb-width-large:25%;--awb-margin-top-large:0px;--awb-spacing-right-large:0%;--awb-margin-bottom-large:0px;--awb-spacing-left-large:0%;--awb-width-medium:25%;--awb-order-medium:0;--awb-spacing-right-medium:0%;--awb-spacing-left-medium:0%;--awb-width-small:100%;--awb-order-small:0;--awb-spacing-right-small:0%;--awb-spacing-left-small:0%;\"><div class=\"fusion-column-wrapper fusion-column-has-shadow fusion-flex-justify-content-flex-start fusion-content-layout-column\"><\/div><\/div><div class=\"fusion-layout-column fusion_builder_column_inner fusion-builder-nested-column-9 fusion_builder_column_inner_3_4 3_4 fusion-flex-column faqs-container-right\" style=\"--awb-bg-size:cover;--awb-width-large:75%;--awb-margin-top-large:0px;--awb-spacing-right-large:0%;--awb-margin-bottom-large:0px;--awb-spacing-left-large:0%;--awb-width-medium:75%;--awb-order-medium:0;--awb-spacing-right-medium:0%;--awb-spacing-left-medium:0%;--awb-width-small:100%;--awb-order-small:0;--awb-spacing-right-small:0%;--awb-spacing-left-small:0%;\"><div class=\"fusion-column-wrapper fusion-column-has-shadow fusion-flex-justify-content-flex-start fusion-content-layout-column\"><div class=\"fusion-text fusion-text-9 fusion-text-no-margin\" style=\"--awb-font-size:24px;--awb-line-height:36px;--awb-text-color:#000000;--awb-margin-bottom:16px;--awb-text-font-family:&quot;Noto Sans&quot;;--awb-text-font-style:normal;--awb-text-font-weight:700;\"><p>Perguntas Frequentes<\/p>\n<\/div><style type=\"text\/css\">#accordian-1 .fusion-panel:hover,#accordian-1 .fusion-panel.hover{ background-color: var(--awb-color2) } #accordian-1 .fusion-panel { border-color:var(--awb-color3); border-width:1px; background-color:var(--awb-color1); }.fusion-accordian #accordian-1 .panel-title a .fa-fusion-box:before{ font-size: 20px;}.fusion-accordian #accordian-1 .panel-title a .fa-fusion-box{ color: #007b88;}.fusion-accordian #accordian-1.fusion-toggle-icon-right .fusion-toggle-heading{ margin-right: 38px;}.fusion-accordian  #accordian-1 .panel-title a{font-size:16px;line-height:26px;font-family:\"Noto Sans\";font-style:normal;font-weight:400;}.fusion-accordian  #accordian-1 .panel-title a:not(:hover){color:#000000;}.fusion-accordian  #accordian-1 .toggle-content{color:#000000;font-family:\"Noto Sans\";font-style:normal;font-weight:400;}.fusion-accordian #accordian-1 .panel-title a:hover,.fusion-accordian #accordian-1 .panel-title a.hover { color: var(--awb-color4);}.fusion-faq-shortcode .fusion-accordian #accordian-1 .fusion-toggle-boxed-mode:hover .panel-title a { color: var(--awb-color4);}.fusion-accordian #accordian-1.fusion-toggle-icon-unboxed .panel-title a:hover .fa-fusion-box,.fusion-accordian #accordian-1.fusion-toggle-icon-unboxed .panel-title a.hover .fa-fusion-box { color: var(--awb-color4); }<\/style><div class=\"fusion-faq-shortcode white-toggles\" style=\"\"><div class=\"fusion-faqs-wrapper\"><div class=\"accordian fusion-accordian\"><div class=\"panel-group  fusion-toggle-icon-right fusion-toggle-icon-unboxed\" id=\"accordian-1\"><div class=\"fusion-panel fusion-toggle-no-divider fusion-toggle-boxed-mode panel-default fusion-faq-post fusion-faq-post-42759 fundos-europeus-perguntas-frequentes \"><span class=\"entry-title rich-snippet-hidden\">PT2030 &#8211; O que \u00e9 o Portugal 2030 e como funciona?<\/span><span class=\"vcard rich-snippet-hidden\"><span class=\"fn\"><a href=\"https:\/\/www.ccdrc.pt\/en\/author\/gestor\/\" title=\"Posts by gestor\" rel=\"author\">gestor<\/a><\/span><\/span><span class=\"updated rich-snippet-hidden\">2023-11-23T12:23:03+00:00<\/span><div class=\"panel-heading\"><h2 id=\"faq_1-42759\" class=\"panel-title toggle\"><a data-toggle=\"collapse\" class=\"collapsed\" data-target=\"#collapse-1-42759\" href=\"#collapse-1-42759\" aria-expanded=\"false\"><div class=\"fusion-toggle-icon-wrapper\"><div class=\"fusion-toggle-icon-wrapper-main\"><div class=\"fusion-toggle-icon-wrapper-sub\"><i class=\"fa-fusion-box active-icon awb-icon-minus\" aria-hidden=\"true\"><\/i><i class=\"fa-fusion-box inactive-icon awb-icon-plus\" aria-hidden=\"true\"><\/i><\/div><\/div><\/div><div class=\"fusion-toggle-heading\">PT2030 &#8211; O que \u00e9 o Portugal 2030 e como funciona?<\/div><\/a><\/h2><\/div><div id=\"collapse-1-42759\" aria-labelledby=\"faq_1-42759\" class=\"panel-collapse collapse\"><div class=\"panel-body toggle-content post-content\"><div class=\"fusion-fullwidth fullwidth-box fusion-builder-row-4-1 fusion-flex-container has-pattern-background has-mask-background nonhundred-percent-fullwidth non-hundred-percent-height-scrolling\" style=\"--awb-border-radius-top-left:0px;--awb-border-radius-top-right:0px;--awb-border-radius-bottom-right:0px;--awb-border-radius-bottom-left:0px;\" ><div class=\"fusion-builder-row fusion-row fusion-flex-align-items-flex-start\" style=\"width:100% !important;max-width:100% !important;margin-left: calc(-0% \/ 2 );margin-right: calc(-0% \/ 2 );\"><div class=\"fusion-layout-column fusion_builder_column fusion-builder-column-5 fusion_builder_column_1_1 1_1 fusion-flex-column\" style=\"--awb-bg-size:cover;--awb-width-large:100%;--awb-margin-top-large:0px;--awb-spacing-right-large:0%;--awb-margin-bottom-large:0px;--awb-spacing-left-large:0%;--awb-width-medium:100%;--awb-order-medium:0;--awb-spacing-right-medium:0%;--awb-spacing-left-medium:0%;--awb-width-small:100%;--awb-order-small:0;--awb-spacing-right-small:0%;--awb-spacing-left-small:0%;\"><div class=\"fusion-column-wrapper fusion-column-has-shadow fusion-flex-justify-content-flex-start fusion-content-layout-column\"><div class=\"fusion-text fusion-text-10\"><p>O Portugal 2030 p\u00f5e em pr\u00e1tica o&nbsp;Acordo de Parceria entre Portugal e a Comiss\u00e3o Europeia&nbsp;para aplicar 23 mil milh\u00f5es de euros dos Fundos Europeus no desenvolvimento da economia portuguesa, entre 2021 e 2027.<\/p>\n<p><strong>O Portugal 2030 ser\u00e1 implementado atrav\u00e9s de 12 Programas<br \/>\n<\/strong>Estes programas definem como ser\u00e3o gastos os valores atribu\u00eddos pelos Fundos Europeus, de acordo com as prioridades e objetivos estrat\u00e9gicos do Portugal 2030.<\/p>\n<p>S\u00e3o as autoridades de gest\u00e3o de cada programa que ficam respons\u00e1veis por distribuir os fundos a cargo do programa que coordenam. \u00c9 a elas que cabe abrir candidaturas a apoios e avali\u00e1-las, para que os financiamentos possam chegar aos projetos. Tamb\u00e9m ficam respons\u00e1veis por acompanhar a implementa\u00e7\u00e3o dos projetos.<\/p>\n<p><strong>Que projetos podem ser apoiados pelo Portugal 2030<br \/>\n<\/strong>Estes apoios podem financiar projetos de empresas, particulares, autarquias, organismos p\u00fablicos e de outras organiza\u00e7\u00f5es \u2013 os tipos de entidade que podem concorrer a cada apoio s\u00e3o definidos no Aviso de abertura das candidaturas.<\/p>\n<p>Os projetos apoiados devem contribuir para atingir os&nbsp;<strong>objetivos estrat\u00e9gicos<\/strong>&nbsp;definidos para o Portugal 2030.<\/p>\n<p><strong>O Portugal 2030 dar\u00e1 apoios para promover em Portugal a<\/strong>:<\/p>\n<ul>\n<li>qualifica\u00e7\u00e3o e a capacita\u00e7\u00e3o dos recursos humanos<\/li>\n<li>inclus\u00e3o social<\/li>\n<li>inova\u00e7\u00e3o e transforma\u00e7\u00e3o digital<\/li>\n<li>transi\u00e7\u00e3o clim\u00e1tica e a sustentabilidade<\/li>\n<\/ul>\n<p>Todos os financiamentos devem contribuir tamb\u00e9m para a coes\u00e3o territorial e a evolu\u00e7\u00e3o demogr\u00e1fica.<\/p>\n<\/div><\/div><\/div><\/div><\/div>\n<\/div><\/div><\/div><div class=\"fusion-panel fusion-toggle-no-divider fusion-toggle-boxed-mode panel-default fusion-faq-post fusion-faq-post-42771 fundos-europeus-perguntas-frequentes \"><span class=\"entry-title rich-snippet-hidden\">PT2030 &#8211; Quais s\u00e3o os Programas do Portugal 2030?<\/span><span class=\"vcard rich-snippet-hidden\"><span class=\"fn\"><a href=\"https:\/\/www.ccdrc.pt\/en\/author\/admin\/\" title=\"Posts by admin\" rel=\"author\">admin<\/a><\/span><\/span><span class=\"updated rich-snippet-hidden\">2023-11-23T12:23:23+00:00<\/span><div class=\"panel-heading\"><h2 id=\"faq_1-42771\" class=\"panel-title toggle\"><a data-toggle=\"collapse\" class=\"collapsed\" data-target=\"#collapse-1-42771\" href=\"#collapse-1-42771\" aria-expanded=\"false\"><div class=\"fusion-toggle-icon-wrapper\"><div class=\"fusion-toggle-icon-wrapper-main\"><div class=\"fusion-toggle-icon-wrapper-sub\"><i class=\"fa-fusion-box active-icon awb-icon-minus\" aria-hidden=\"true\"><\/i><i class=\"fa-fusion-box inactive-icon awb-icon-plus\" aria-hidden=\"true\"><\/i><\/div><\/div><\/div><div class=\"fusion-toggle-heading\">PT2030 &#8211; Quais s\u00e3o os Programas do Portugal 2030?<\/div><\/a><\/h2><\/div><div id=\"collapse-1-42771\" aria-labelledby=\"faq_1-42771\" class=\"panel-collapse collapse\"><div class=\"panel-body toggle-content post-content\"><div class=\"fusion-fullwidth fullwidth-box fusion-builder-row-4-2 fusion-flex-container has-pattern-background has-mask-background nonhundred-percent-fullwidth non-hundred-percent-height-scrolling\" style=\"--awb-border-radius-top-left:0px;--awb-border-radius-top-right:0px;--awb-border-radius-bottom-right:0px;--awb-border-radius-bottom-left:0px;\" ><div class=\"fusion-builder-row fusion-row fusion-flex-align-items-flex-start\" style=\"width:100% !important;max-width:100% !important;margin-left: calc(-0% \/ 2 );margin-right: calc(-0% \/ 2 );\"><div class=\"fusion-layout-column fusion_builder_column fusion-builder-column-6 fusion_builder_column_1_1 1_1 fusion-flex-column\" style=\"--awb-bg-size:cover;--awb-width-large:100%;--awb-margin-top-large:0px;--awb-spacing-right-large:0%;--awb-margin-bottom-large:0px;--awb-spacing-left-large:0%;--awb-width-medium:100%;--awb-order-medium:0;--awb-spacing-right-medium:0%;--awb-spacing-left-medium:0%;--awb-width-small:100%;--awb-order-small:0;--awb-spacing-right-small:0%;--awb-spacing-left-small:0%;\"><div class=\"fusion-column-wrapper fusion-column-has-shadow fusion-flex-justify-content-flex-start fusion-content-layout-column\"><div class=\"fusion-text fusion-text-11\"><p><strong>O Portugal 2030 ser\u00e1 implementado atrav\u00e9s de 12 Programas&nbsp;<\/strong><\/p>\n<p>Os Programas est\u00e3o organizados da seguinte forma:<\/p>\n<ul>\n<li>Quatro Programas Tem\u00e1ticos:\n<ul>\n<li>Demografia, qualifica\u00e7\u00f5es e inclus\u00e3o<\/li>\n<li>Inova\u00e7\u00e3o e transi\u00e7\u00e3o digital<\/li>\n<li>A\u00e7\u00e3o clim\u00e1tica e sustentabilidade<\/li>\n<li>Mar<\/li>\n<\/ul>\n<\/li>\n<li>Cinco Programas Regionais, correspondentes \u00e0s NUTS II do Continente:\n<ul>\n<li>Norte<\/li>\n<li>Centro<\/li>\n<li>Lisboa<\/li>\n<li>Alentejo<\/li>\n<li>Algarve<\/li>\n<\/ul>\n<\/li>\n<li>Dois Programas das Regi\u00f5es Aut\u00f3nomas:\n<ul>\n<li>A\u00e7ores<\/li>\n<li>Madeira<\/li>\n<\/ul>\n<\/li>\n<li>Um Programa Operacional de Assist\u00eancia T\u00e9cnica.<\/li>\n<\/ul>\n<p>Al\u00e9m destes 12 Programas, Portugal participa em outros Programas de&nbsp;Coopera\u00e7\u00e3o Territorial Europeia&nbsp;(INTERREG), para apoiar a coopera\u00e7\u00e3o entre parceiros de diferentes Estados-Membros.<\/p>\n<ul>\n<li>A estrutura\u00e7\u00e3o dos&nbsp;<strong>Programas Tem\u00e1ticos<\/strong>&nbsp;foi feita em fun\u00e7\u00e3o da \u00e1rea de interven\u00e7\u00e3o dos projetos a apoiar. Por exemplo, educa\u00e7\u00e3o e forma\u00e7\u00e3o profissional, digitaliza\u00e7\u00e3o das empresas, transportes, altera\u00e7\u00f5es clim\u00e1ticas.<\/li>\n<li>Os&nbsp;<strong>Programas Regionais<\/strong>&nbsp;est\u00e3o estruturados em torno de apoios necess\u00e1rios ao desenvolvimento da regi\u00e3o do pa\u00eds \u00e0 qual est\u00e3o ligados. Por exemplo, h\u00e1 programas que s\u00f3 v\u00e3o criar apoios para projetos em Lisboa e outros para projetos na Madeira.<\/li>\n<li>O&nbsp;<strong>Programa de Assist\u00eancia T\u00e9cnica<\/strong>&nbsp;vem apoiar a capacita\u00e7\u00e3o das entidades que coordenam e gerem os fundos, para que estas possam planear, programar, monitorizar, avaliar, controlar e comunicar a aplica\u00e7\u00e3o dos fundos.<\/li>\n<\/ul>\n<\/div><\/div><\/div><\/div><\/div>\n<\/div><\/div><\/div><div class=\"fusion-panel fusion-toggle-no-divider fusion-toggle-boxed-mode panel-default fusion-faq-post fusion-faq-post-42774 fundos-europeus-perguntas-frequentes \"><span class=\"entry-title rich-snippet-hidden\">PRR &#8211; O que \u00e9 o Plano de Recupera\u00e7\u00e3o e Resili\u00eancia (PRR)?<\/span><span class=\"vcard rich-snippet-hidden\"><span class=\"fn\"><a href=\"https:\/\/www.ccdrc.pt\/en\/author\/admin\/\" title=\"Posts by admin\" rel=\"author\">admin<\/a><\/span><\/span><span class=\"updated rich-snippet-hidden\">2023-11-23T12:24:30+00:00<\/span><div class=\"panel-heading\"><h2 id=\"faq_1-42774\" class=\"panel-title toggle\"><a data-toggle=\"collapse\" class=\"collapsed\" data-target=\"#collapse-1-42774\" href=\"#collapse-1-42774\" aria-expanded=\"false\"><div class=\"fusion-toggle-icon-wrapper\"><div class=\"fusion-toggle-icon-wrapper-main\"><div class=\"fusion-toggle-icon-wrapper-sub\"><i class=\"fa-fusion-box active-icon awb-icon-minus\" aria-hidden=\"true\"><\/i><i class=\"fa-fusion-box inactive-icon awb-icon-plus\" aria-hidden=\"true\"><\/i><\/div><\/div><\/div><div class=\"fusion-toggle-heading\">PRR &#8211; O que \u00e9 o Plano de Recupera\u00e7\u00e3o e Resili\u00eancia (PRR)?<\/div><\/a><\/h2><\/div><div id=\"collapse-1-42774\" aria-labelledby=\"faq_1-42774\" class=\"panel-collapse collapse\"><div class=\"panel-body toggle-content post-content\"><div class=\"fusion-fullwidth fullwidth-box fusion-builder-row-4-3 fusion-flex-container has-pattern-background has-mask-background nonhundred-percent-fullwidth non-hundred-percent-height-scrolling\" style=\"--awb-border-radius-top-left:0px;--awb-border-radius-top-right:0px;--awb-border-radius-bottom-right:0px;--awb-border-radius-bottom-left:0px;\" ><div class=\"fusion-builder-row fusion-row fusion-flex-align-items-flex-start\" style=\"width:100% !important;max-width:100% !important;margin-left: calc(-0% \/ 2 );margin-right: calc(-0% \/ 2 );\"><div class=\"fusion-layout-column fusion_builder_column fusion-builder-column-7 fusion_builder_column_1_1 1_1 fusion-flex-column\" style=\"--awb-bg-size:cover;--awb-width-large:100%;--awb-margin-top-large:0px;--awb-spacing-right-large:0%;--awb-margin-bottom-large:0px;--awb-spacing-left-large:0%;--awb-width-medium:100%;--awb-order-medium:0;--awb-spacing-right-medium:0%;--awb-spacing-left-medium:0%;--awb-width-small:100%;--awb-order-small:0;--awb-spacing-right-small:0%;--awb-spacing-left-small:0%;\"><div class=\"fusion-column-wrapper fusion-column-has-shadow fusion-flex-justify-content-flex-start fusion-content-layout-column\"><div class=\"fusion-text fusion-text-12\"><p>O PRR \u00e9 um Programa integrado no pacote extraordin\u00e1rio de financiamento aprovado pela Comiss\u00e3o Europeia para dotar os pa\u00edses da zona euro de instrumentos destinados \u00e0 recupera\u00e7\u00e3o econ\u00f3mica e social, o&nbsp; Next Generation EU. O PRR \u00e9 o instrumento nacional do Mecanismo de Recupera\u00e7\u00e3o e Resili\u00eancia aprovado pela CE. Pelo seu car\u00e1cter extraordin\u00e1rio, o Plano de Recupera\u00e7\u00e3o e Resili\u00eancia \u00e9 uma \u201csupervitamina\u201d destinada a acelerar a recupera\u00e7\u00e3o econ\u00f3mica e social e promover uma transforma\u00e7\u00e3o resiliente e justa, colocando Portugal no caminho da dupla transi\u00e7\u00e3o, verde e digital. O PRR re\u00fane uma vis\u00e3o estrat\u00e9gica, reformas e investimentos estruturantes a implementar at\u00e9 2026. Foi organizado em 3 dimens\u00f5es estrat\u00e9gicas, Resili\u00eancia, Transi\u00e7\u00e3o Clim\u00e1tica e Transi\u00e7\u00e3o Digital, que agrupam 20 componentes, 83 investimentos e promovem&nbsp; 37 reformas.<\/p>\n<\/div><\/div><\/div><\/div><\/div>\n<\/div><\/div><\/div><\/div><\/div><\/div><\/div><div ><a class=\"fusion-button button-flat fusion-button-default-size button-default fusion-button-default button-2 fusion-button-default-span fusion-button-default-type btn-primary\" style=\"--button_margin-top:24px;\" target=\"_self\" href=\"http:\/\/www.ccdrc.pt\/areas-de-atuacao\/fundos-europeus\/perguntas-frequentes\/\"><span class=\"fusion-button-text\">Ver todas as perguntas frequentes<\/span><i class=\"fa-arrow-right fas button-icon-right\" aria-hidden=\"true\"><\/i><\/a><\/div><\/div><\/div><\/div><\/div><\/div><\/div><\/div><div class=\"fusion-fullwidth fullwidth-box fusion-builder-row-5 fusion-flex-container has-pattern-background has-mask-background have-parent-siteMap nonhundred-percent-fullwidth non-hundred-percent-height-scrolling fusion-no-large-visibility\" style=\"--awb-border-radius-top-left:0px;--awb-border-radius-top-right:0px;--awb-border-radius-bottom-right:0px;--awb-border-radius-bottom-left:0px;\" id=\"container-menu-area-noDesktop\" ><div class=\"fusion-builder-row fusion-row fusion-flex-align-items-flex-start\" style=\"max-width:1288px;margin-left: calc(-0% \/ 2 );margin-right: calc(-0% \/ 2 );\"><div class=\"fusion-layout-column fusion_builder_column fusion-builder-column-8 fusion_builder_column_1_1 1_1 fusion-flex-column container-menu-consultations\" style=\"--awb-bg-size:cover;--awb-width-large:100%;--awb-margin-top-large:0px;--awb-spacing-right-large:0%;--awb-margin-bottom-large:0px;--awb-spacing-left-large:0%;--awb-width-medium:100%;--awb-order-medium:0;--awb-spacing-right-medium:0%;--awb-spacing-left-medium:0%;--awb-width-small:100%;--awb-order-small:0;--awb-spacing-right-small:0%;--awb-spacing-left-small:0%;\"><div class=\"fusion-column-wrapper fusion-column-has-shadow fusion-flex-justify-content-flex-start fusion-content-layout-column\"><nav class=\"awb-menu awb-menu_column awb-menu_em-hover mobile-mode-collapse-to-button awb-menu_icons-left awb-menu_dc-yes mobile-trigger-fullwidth-on awb-menu_mobile-toggle awb-menu_indent-left awb-menu_mt-fullwidth mobile-size-full-absolute loading mega-menu-loading awb-menu_desktop awb-menu_dropdown awb-menu_expand-right awb-menu_transition-fade fusion-no-small-visibility fusion-no-large-visibility menu-area-tablet\" style=\"--awb-font-size:18px;--awb-line-height:30px;--awb-transition-time:100;--awb-color:#000000;--awb-active-color:#000000;--awb-submenu-font-size:18px;--awb-submenu-line-height:30px;--awb-main-justify-content:flex-start;--awb-mobile-color:#000000;--awb-trigger-padding-top:26px;--awb-trigger-padding-right:0px;--awb-trigger-padding-bottom:22px;--awb-trigger-padding-left:0px;--awb-mobile-trigger-color:#000000;--awb-mobile-trigger-background-color:#f5f5f5;--awb-mobile-justify:flex-start;--awb-mobile-caret-left:auto;--awb-mobile-caret-right:0;--awb-fusion-font-family-typography:inherit;--awb-fusion-font-style-typography:normal;--awb-fusion-font-weight-typography:400;--awb-fusion-font-family-submenu-typography:inherit;--awb-fusion-font-style-submenu-typography:normal;--awb-fusion-font-weight-submenu-typography:400;--awb-fusion-font-family-mobile-typography:inherit;--awb-fusion-font-style-mobile-typography:normal;--awb-fusion-font-weight-mobile-typography:400;\" aria-label=\"Menu\" data-breakpoint=\"1024\" data-count=\"1\" data-transition-type=\"fade\" data-transition-time=\"100\"><button type=\"button\" class=\"awb-menu__m-toggle\" aria-expanded=\"false\" aria-controls=\"menu-fundos-europeus\"><span class=\"awb-menu__m-toggle-inner\"><span class=\"collapsed-nav-text\">Fundos Europeus<\/span><span class=\"awb-menu__m-collapse-icon\"><span class=\"awb-menu__m-collapse-icon-open fa-angle-down fas\"><\/span><span class=\"awb-menu__m-collapse-icon-close fa-times fas\"><\/span><\/span><\/span><\/button><ul id=\"menu-fundos-europeus-1\" class=\"fusion-menu awb-menu__main-ul awb-menu__main-ul_column\"><li   class=\"menu-item menu-item-type-post_type menu-item-object-page menu-item-41997 awb-menu__li awb-menu__main-li awb-menu__main-li_regular\"  data-item-id=\"41997\"><span class=\"awb-menu__main-background-default awb-menu__main-background-default_fade\"><\/span><span class=\"awb-menu__main-background-active awb-menu__main-background-active_fade\"><\/span><a  href=\"https:\/\/www.ccdrc.pt\/en\/areas-de-atuacao\/fundos-europeus\/\" class=\"awb-menu__main-a awb-menu__main-a_regular\"><span class=\"menu-text\">In\u00edcio<\/span><\/a><\/li><li   class=\"menu-item menu-item-type-custom menu-item-object-custom menu-item-41266 awb-menu__li awb-menu__main-li awb-menu__main-li_regular\"  data-item-id=\"41266\"><span class=\"awb-menu__main-background-default awb-menu__main-background-default_fade\"><\/span><span class=\"awb-menu__main-background-active awb-menu__main-background-active_fade\"><\/span><a  target=\"_blank\" rel=\"noopener noreferrer\" href=\"http:\/\/centro.portugal2020.pt\" class=\"awb-menu__main-a awb-menu__main-a_regular\"><span class=\"menu-text\">Centro 2020<\/span><\/a><\/li><li   class=\"menu-item menu-item-type-custom menu-item-object-custom menu-item-41663 awb-menu__li awb-menu__main-li awb-menu__main-li_regular\"  data-item-id=\"41663\"><span class=\"awb-menu__main-background-default awb-menu__main-background-default_fade\"><\/span><span class=\"awb-menu__main-background-active awb-menu__main-background-active_fade\"><\/span><a  target=\"_blank\" rel=\"noopener noreferrer\" href=\"https:\/\/centro2030.pt\/\" class=\"awb-menu__main-a awb-menu__main-a_regular\"><span class=\"menu-text\">Centro 2030<\/span><\/a><\/li><li   class=\"menu-item menu-item-type-post_type menu-item-object-page menu-item-41992 awb-menu__li awb-menu__main-li awb-menu__main-li_regular\"  data-item-id=\"41992\"><span class=\"awb-menu__main-background-default awb-menu__main-background-default_fade\"><\/span><span class=\"awb-menu__main-background-active awb-menu__main-background-active_fade\"><\/span><a  href=\"https:\/\/www.ccdrc.pt\/en\/areas-de-atuacao\/fundos-europeus\/plano-de-recuperacao-e-resiliencia\/\" class=\"awb-menu__main-a awb-menu__main-a_regular\"><span class=\"menu-text\">PRR<\/span><\/a><\/li><li   class=\"menu-item menu-item-type-post_type menu-item-object-page menu-item-42777 awb-menu__li awb-menu__main-li awb-menu__main-li_regular\"  data-item-id=\"42777\"><span class=\"awb-menu__main-background-default awb-menu__main-background-default_fade\"><\/span><span class=\"awb-menu__main-background-active awb-menu__main-background-active_fade\"><\/span><a  href=\"https:\/\/www.ccdrc.pt\/en\/areas-de-atuacao\/fundos-europeus\/perguntas-frequentes\/\" class=\"awb-menu__main-a awb-menu__main-a_regular\"><span class=\"menu-text\">Perguntas Frequentes<\/span><\/a><\/li><\/ul><\/nav><nav class=\"awb-menu awb-menu_column awb-menu_em-hover mobile-mode-collapse-to-button awb-menu_icons-left awb-menu_dc-yes mobile-trigger-fullwidth-on awb-menu_mobile-toggle awb-menu_indent-left awb-menu_mt-fullwidth mobile-size-full-absolute loading mega-menu-loading awb-menu_desktop awb-menu_dropdown awb-menu_expand-right awb-menu_transition-fade fusion-no-medium-visibility fusion-no-large-visibility menu-area-mobile\" style=\"--awb-line-height:29px;--awb-transition-time:100;--awb-color:#000000;--awb-active-color:#000000;--awb-submenu-font-size:16px;--awb-submenu-line-height:20px;--awb-main-justify-content:flex-start;--awb-mobile-color:#000000;--awb-trigger-padding-top:17px;--awb-trigger-padding-right:0px;--awb-trigger-padding-bottom:17px;--awb-trigger-padding-left:0px;--awb-mobile-trigger-color:#000000;--awb-mobile-trigger-background-color:#f5f5f5;--awb-mobile-justify:flex-start;--awb-mobile-caret-left:auto;--awb-mobile-caret-right:0;--awb-fusion-font-family-typography:inherit;--awb-fusion-font-style-typography:normal;--awb-fusion-font-weight-typography:400;--awb-fusion-font-family-submenu-typography:inherit;--awb-fusion-font-style-submenu-typography:normal;--awb-fusion-font-weight-submenu-typography:400;--awb-fusion-font-family-mobile-typography:inherit;--awb-fusion-font-style-mobile-typography:normal;--awb-fusion-font-weight-mobile-typography:400;\" aria-label=\"Menu\" data-breakpoint=\"1024\" data-count=\"2\" data-transition-type=\"fade\" data-transition-time=\"100\"><button type=\"button\" class=\"awb-menu__m-toggle\" aria-expanded=\"false\" aria-controls=\"menu-fundos-europeus\"><span class=\"awb-menu__m-toggle-inner\"><span class=\"collapsed-nav-text\">Fundos Europeus<\/span><span class=\"awb-menu__m-collapse-icon\"><span class=\"awb-menu__m-collapse-icon-open fa-angle-down fas\"><\/span><span class=\"awb-menu__m-collapse-icon-close fa-times fas\"><\/span><\/span><\/span><\/button><ul id=\"menu-fundos-europeus-2\" class=\"fusion-menu awb-menu__main-ul awb-menu__main-ul_column\"><li   class=\"menu-item menu-item-type-post_type menu-item-object-page menu-item-41997 awb-menu__li awb-menu__main-li awb-menu__main-li_regular\"  data-item-id=\"41997\"><span class=\"awb-menu__main-background-default awb-menu__main-background-default_fade\"><\/span><span class=\"awb-menu__main-background-active awb-menu__main-background-active_fade\"><\/span><a  href=\"https:\/\/www.ccdrc.pt\/en\/areas-de-atuacao\/fundos-europeus\/\" class=\"awb-menu__main-a awb-menu__main-a_regular\"><span class=\"menu-text\">In\u00edcio<\/span><\/a><\/li><li   class=\"menu-item menu-item-type-custom menu-item-object-custom menu-item-41266 awb-menu__li awb-menu__main-li awb-menu__main-li_regular\"  data-item-id=\"41266\"><span class=\"awb-menu__main-background-default awb-menu__main-background-default_fade\"><\/span><span class=\"awb-menu__main-background-active awb-menu__main-background-active_fade\"><\/span><a  target=\"_blank\" rel=\"noopener noreferrer\" href=\"http:\/\/centro.portugal2020.pt\" class=\"awb-menu__main-a awb-menu__main-a_regular\"><span class=\"menu-text\">Centro 2020<\/span><\/a><\/li><li   class=\"menu-item menu-item-type-custom menu-item-object-custom menu-item-41663 awb-menu__li awb-menu__main-li awb-menu__main-li_regular\"  data-item-id=\"41663\"><span class=\"awb-menu__main-background-default awb-menu__main-background-default_fade\"><\/span><span class=\"awb-menu__main-background-active awb-menu__main-background-active_fade\"><\/span><a  target=\"_blank\" rel=\"noopener noreferrer\" href=\"https:\/\/centro2030.pt\/\" class=\"awb-menu__main-a awb-menu__main-a_regular\"><span class=\"menu-text\">Centro 2030<\/span><\/a><\/li><li   class=\"menu-item menu-item-type-post_type menu-item-object-page menu-item-41992 awb-menu__li awb-menu__main-li awb-menu__main-li_regular\"  data-item-id=\"41992\"><span class=\"awb-menu__main-background-default awb-menu__main-background-default_fade\"><\/span><span class=\"awb-menu__main-background-active awb-menu__main-background-active_fade\"><\/span><a  href=\"https:\/\/www.ccdrc.pt\/en\/areas-de-atuacao\/fundos-europeus\/plano-de-recuperacao-e-resiliencia\/\" class=\"awb-menu__main-a awb-menu__main-a_regular\"><span class=\"menu-text\">PRR<\/span><\/a><\/li><li   class=\"menu-item menu-item-type-post_type menu-item-object-page menu-item-42777 awb-menu__li awb-menu__main-li awb-menu__main-li_regular\"  data-item-id=\"42777\"><span class=\"awb-menu__main-background-default awb-menu__main-background-default_fade\"><\/span><span class=\"awb-menu__main-background-active awb-menu__main-background-active_fade\"><\/span><a  href=\"https:\/\/www.ccdrc.pt\/en\/areas-de-atuacao\/fundos-europeus\/perguntas-frequentes\/\" class=\"awb-menu__main-a awb-menu__main-a_regular\"><span class=\"menu-text\">Perguntas Frequentes<\/span><\/a><\/li><\/ul><\/nav><\/div><\/div><\/div><\/div><div class=\"fusion-fullwidth fullwidth-box fusion-builder-row-6 fusion-flex-container has-pattern-background has-mask-background nonhundred-percent-fullwidth non-hundred-percent-height-scrolling fusion-no-large-visibility\" style=\"--awb-border-radius-top-left:0px;--awb-border-radius-top-right:0px;--awb-border-radius-bottom-right:0px;--awb-border-radius-bottom-left:0px;\" ><div class=\"fusion-builder-row fusion-row fusion-flex-align-items-flex-start\" style=\"max-width:1288px;margin-left: calc(-0% \/ 2 );margin-right: calc(-0% \/ 2 );\"><div class=\"fusion-layout-column fusion_builder_column fusion-builder-column-9 fusion_builder_column_1_1 1_1 fusion-flex-column\" style=\"--awb-bg-size:cover;--awb-width-large:100%;--awb-margin-top-large:64px;--awb-spacing-right-large:0%;--awb-margin-bottom-large:0px;--awb-spacing-left-large:0%;--awb-width-medium:100%;--awb-order-medium:0;--awb-margin-top-medium:64px;--awb-spacing-right-medium:0%;--awb-margin-bottom-medium:0px;--awb-spacing-left-medium:0%;--awb-width-small:100%;--awb-order-small:0;--awb-margin-top-small:32px;--awb-spacing-right-small:0%;--awb-margin-bottom-small:0px;--awb-spacing-left-small:0%;\"><div class=\"fusion-column-wrapper fusion-column-has-shadow fusion-flex-justify-content-flex-start fusion-content-layout-column\"><div class=\"fusion-builder-row fusion-builder-row-inner fusion-row fusion-flex-align-items-flex-start\" style=\"width:100% !important;max-width:100% !important;margin-left: calc(-0% \/ 2 );margin-right: calc(-0% \/ 2 );\"><div class=\"fusion-layout-column fusion_builder_column_inner fusion-builder-nested-column-10 fusion_builder_column_inner_1_1 1_1 fusion-flex-column container-img-title-area\" style=\"--awb-overflow:hidden;--awb-bg-image:url(&#039;http:\/\/www.ccdrc.pt\/wp-content\/uploads\/2023\/10\/european-union-flag-blue-background-3000x1055.jpg&#039;);--awb-bg-position:center center;--awb-bg-blend:multiply;--awb-bg-size:cover;--awb-box-shadow:0px 8px 32px 0px rgba(0,0,0,0.16);;--awb-border-radius:16px 16px 16px 16px;--awb-width-large:100%;--awb-margin-top-large:0px;--awb-spacing-right-large:0%;--awb-margin-bottom-large:88px;--awb-spacing-left-large:0%;--awb-width-medium:100%;--awb-order-medium:0;--awb-spacing-right-medium:0%;--awb-margin-bottom-medium:88px;--awb-spacing-left-medium:0%;--awb-width-small:100%;--awb-order-small:0;--awb-spacing-right-small:0%;--awb-margin-bottom-small:60px;--awb-spacing-left-small:0%;\"><div class=\"fusion-column-wrapper fusion-column-has-shadow fusion-flex-justify-content-flex-start fusion-content-layout-row fusion-flex-align-items-flex-end fusion-content-nowrap\" data-bg-url=\"http:\/\/www.ccdrc.pt\/wp-content\/uploads\/2023\/10\/european-union-flag-blue-background-3000x1055.jpg\"><div class=\"fusion-text fusion-text-13\" id=\"img-title-area\"><h2>Fundos Europeus<\/h2>\n<\/div><\/div><\/div><\/div><div class=\"fusion-builder-row fusion-builder-row-inner fusion-row fusion-flex-align-items-flex-start\" style=\"width:100% !important;max-width:100% !important;margin-left: calc(-0% \/ 2 );margin-right: calc(-0% \/ 2 );\"><div class=\"fusion-layout-column fusion_builder_column_inner fusion-builder-nested-column-11 fusion_builder_column_inner_1_1 1_1 fusion-flex-column fusion-flex-align-self-flex-start\" style=\"--awb-bg-size:cover;--awb-width-large:100%;--awb-margin-top-large:0px;--awb-spacing-right-large:0%;--awb-margin-bottom-large:0px;--awb-spacing-left-large:0%;--awb-width-medium:100%;--awb-order-medium:0;--awb-spacing-right-medium:0%;--awb-spacing-left-medium:0%;--awb-width-small:100%;--awb-order-small:0;--awb-spacing-right-small:0%;--awb-spacing-left-small:0%;\"><div class=\"fusion-column-wrapper fusion-column-has-shadow fusion-flex-justify-content-flex-start fusion-content-layout-column\"><div class=\"fusion-text fusion-text-14 fusion-text-no-margin\" style=\"--awb-font-size:24px;--awb-line-height:33px;--awb-text-color:#000000;--awb-margin-bottom:0px;--awb-text-font-family:&quot;Noto Sans&quot;;--awb-text-font-style:normal;--awb-text-font-weight:700;\"><p> Sobre esta \u00e1rea <\/p>\n<\/div><div class=\"fusion-text fusion-text-15\" style=\"--awb-font-size:16px;--awb-line-height:26px;--awb-text-color:#000000;--awb-margin-top:16px;\"><p>A CCDR Centro tem como miss\u00e3o assegurar o planeamento e a gest\u00e3o da pol\u00edtica de coes\u00e3o no \u00e2mbito dos programas regionais, e dos programas de coopera\u00e7\u00e3o territorial europeia, enquadrados nos ciclos de programa\u00e7\u00e3o das pol\u00edticas da Uni\u00e3o Europeia, tendo em vista o desenvolvimento econ\u00f3mico, social e cultural dos territ\u00f3rios que constituem as respetivas circunscri\u00e7\u00f5es e apoiar tecnicamente as autarquias locais e as suas associa\u00e7\u00f5es.<\/p>\n<p>O Programa Regional do Centro 2021-2027 (Centro 2030) \u00e9 um instrumento do Portugal 2030 com aplica\u00e7\u00e3o exclusiva \u00e0 Regi\u00e3o Centro.<\/p>\n<\/div><\/div><\/div><\/div><div class=\"fusion-builder-row fusion-builder-row-inner fusion-row fusion-flex-align-items-flex-start\" style=\"width:100% !important;max-width:100% !important;margin-left: calc(-0% \/ 2 );margin-right: calc(-0% \/ 2 );\"><div class=\"fusion-layout-column fusion_builder_column_inner fusion-builder-nested-column-12 fusion_builder_column_inner_1_1 1_1 fusion-flex-column\" style=\"--awb-bg-size:cover;--awb-width-large:100%;--awb-margin-top-large:88px;--awb-spacing-right-large:0%;--awb-margin-bottom-large:10px;--awb-spacing-left-large:0%;--awb-width-medium:100%;--awb-order-medium:0;--awb-margin-top-medium:120px;--awb-spacing-right-medium:0%;--awb-margin-bottom-medium:20px;--awb-spacing-left-medium:0%;--awb-width-small:100%;--awb-order-small:0;--awb-margin-top-small:120px;--awb-spacing-right-small:0%;--awb-margin-bottom-small:13px;--awb-spacing-left-small:0%;\"><div class=\"fusion-column-wrapper fusion-column-has-shadow fusion-flex-justify-content-space-between fusion-content-layout-row fusion-flex-align-items-center\"><div class=\"fusion-text fusion-text-16 fusion-text-no-margin\" style=\"--awb-font-size:24px;--awb-line-height:36px;--awb-text-color:#000000;--awb-margin-top:11px;--awb-margin-bottom:11px;--awb-text-font-family:&quot;Noto Sans&quot;;--awb-text-font-style:normal;--awb-text-font-weight:700;\"><p>Ultimas not\u00edcias<\/p>\n<\/div><div ><a class=\"fusion-button button-flat fusion-button-default-size button-default fusion-button-default button-3 fusion-button-default-span fusion-button-default-type fusion-no-small-visibility fusion-no-large-visibility btn-tertiary\" target=\"_self\" href=\"https:\/\/www.ccdrc.pt\/pt\/comunicacao\/comunicacao\/fundos-europeus\/\"><span class=\"fusion-button-text\">Ver todas as not\u00edcias<\/span><i class=\"fa-arrow-right fas button-icon-right\" aria-hidden=\"true\"><\/i><\/a><\/div><\/div><\/div><\/div><div class=\"fusion-builder-row fusion-builder-row-inner fusion-row fusion-flex-align-items-flex-start\" style=\"width:100% !important;max-width:100% !important;margin-left: calc(-0% \/ 2 );margin-right: calc(-0% \/ 2 );\"><div class=\"fusion-layout-column fusion_builder_column_inner fusion-builder-nested-column-13 fusion_builder_column_inner_1_1 1_1 fusion-flex-column container-recent-news\" style=\"--awb-bg-size:cover;--awb-width-large:100%;--awb-margin-top-large:0px;--awb-spacing-right-large:0%;--awb-margin-bottom-large:0px;--awb-spacing-left-large:0%;--awb-width-medium:100%;--awb-order-medium:0;--awb-spacing-right-medium:0%;--awb-spacing-left-medium:0%;--awb-width-small:100%;--awb-order-small:0;--awb-spacing-right-small:0%;--awb-spacing-left-small:0%;\"><div class=\"fusion-column-wrapper fusion-column-has-shadow fusion-flex-justify-content-flex-start fusion-content-layout-column\"><div class=\"fusion-recent-posts fusion-recent-posts-2 avada-container layout-default layout-columns-3 fusion-recent-posts-left cards-news\" style=\"--awb-margin-top:0px;--awb-margin-bottom:0px;--h4_typography-font-family:&quot;Noto Sans&quot;;--h4_typography-font-weight:700;--h4_typography-font-style:normal;--h4_typography-font-size:16px;--h4_typography-line-height:24px;\"><section class=\"fusion-columns columns fusion-columns-3 columns-3\"><article class=\"post fusion-column column col col-lg-4 col-md-4 col-sm-4\"><div class=\"fusion-flexslider fusion-flexslider-loading flexslider flexslider-hover-type-none\"><ul class=\"slides\"><li><a href=\"https:\/\/www.ccdrc.pt\/en\/ponto-de-situacao-do-programa-centro-2030-apresentado-ao-comite-de-acompanhamento\/\" aria-label=\"Ponto de situa\u00e7\u00e3o do Programa Centro 2030 apresentado ao Comit\u00e9 de Acompanhamento\" class=\"hover-type-none\"><img decoding=\"async\" width=\"700\" height=\"441\" src=\"https:\/\/www.ccdrc.pt\/wp-content\/uploads\/2026\/04\/site-ccdrc-700x441.jpg\" class=\"attachment-recent-posts size-recent-posts\" alt=\"Imagem de site-ccdrc-sc\" srcset=\"https:\/\/www.ccdrc.pt\/wp-content\/uploads\/2026\/04\/site-ccdrc-320x202.jpg 320w, https:\/\/www.ccdrc.pt\/wp-content\/uploads\/2026\/04\/site-ccdrc-700x441.jpg 700w\" sizes=\"(max-width: 700px) 100vw, 700px\" \/><\/a><\/li><\/ul><\/div><div class=\"recent-posts-content\"><span class=\"vcard\" style=\"display: none;\"><span class=\"fn\"><a href=\"https:\/\/www.ccdrc.pt\/en\/author\/raquel-aido\/\" title=\"Posts by Raquel Aido\" rel=\"author\">Raquel Aido<\/a><\/span><\/span><span class=\"updated\" style=\"display:none;\">2026-04-22T13:42:25+00:00<\/span><h4 class=\"entry-title\"><a href=\"https:\/\/www.ccdrc.pt\/en\/ponto-de-situacao-do-programa-centro-2030-apresentado-ao-comite-de-acompanhamento\/\">Ponto de situa\u00e7\u00e3o do Programa Centro 2030 apresentado ao Comit\u00e9 de Acompanhamento<\/a><\/h4><p class=\"meta\"><span class=\"vcard\" style=\"display: none;\"><span class=\"fn\"><a href=\"https:\/\/www.ccdrc.pt\/en\/author\/raquel-aido\/\" title=\"Posts by Raquel Aido\" rel=\"author\">Raquel Aido<\/a><\/span><\/span><span class=\"updated\" style=\"display:none;\">2026-04-22T13:42:25+00:00<\/span><a href=\"https:\/\/www.ccdrc.pt\/en\/category\/fundos-europeus\/\" rel=\"category tag\">Fundos Europeus<\/a>, <a href=\"https:\/\/www.ccdrc.pt\/en\/category\/informacao\/\" rel=\"category tag\">Informa\u00e7\u00e3o<\/a><span class=\"fusion-inline-sep\">|<\/span><\/p><\/div><\/article><article class=\"post fusion-column column col col-lg-4 col-md-4 col-sm-4\"><div class=\"fusion-flexslider fusion-flexslider-loading flexslider flexslider-hover-type-none\"><ul class=\"slides\"><li><a href=\"https:\/\/www.ccdrc.pt\/en\/premios-regiostars-2026-tem-candidaturas-abertas-ate-22-de-maio\/\" aria-label=\"Pr\u00e9mios REGIOSTARS 2026 t\u00eam candidaturas abertas at\u00e9 22 de maio\" class=\"hover-type-none\"><img decoding=\"async\" width=\"700\" height=\"338\" src=\"https:\/\/www.ccdrc.pt\/wp-content\/uploads\/2026\/02\/CCDRC_regiostars_banner2026.png\" class=\"attachment-recent-posts size-recent-posts\" alt=\"Imagem de CCDRC regiostars banner\" srcset=\"https:\/\/www.ccdrc.pt\/wp-content\/uploads\/2026\/02\/CCDRC_regiostars_banner2026-18x9.png 18w, https:\/\/www.ccdrc.pt\/wp-content\/uploads\/2026\/02\/CCDRC_regiostars_banner2026-200x97.png 200w, https:\/\/www.ccdrc.pt\/wp-content\/uploads\/2026\/02\/CCDRC_regiostars_banner2026-400x193.png 400w, https:\/\/www.ccdrc.pt\/wp-content\/uploads\/2026\/02\/CCDRC_regiostars_banner2026-500x241.png 500w, https:\/\/www.ccdrc.pt\/wp-content\/uploads\/2026\/02\/CCDRC_regiostars_banner2026-600x290.png 600w, https:\/\/www.ccdrc.pt\/wp-content\/uploads\/2026\/02\/CCDRC_regiostars_banner2026.png 700w\" sizes=\"(max-width: 700px) 100vw, 700px\" \/><\/a><\/li><\/ul><\/div><div class=\"recent-posts-content\"><span class=\"vcard\" style=\"display: none;\"><span class=\"fn\"><a href=\"https:\/\/www.ccdrc.pt\/en\/author\/mp0268\/\" title=\"Posts by Madalena Pimentel\" rel=\"author\">Madalena Pimentel<\/a><\/span><\/span><span class=\"updated\" style=\"display:none;\">2026-02-24T16:08:47+00:00<\/span><h4 class=\"entry-title\"><a href=\"https:\/\/www.ccdrc.pt\/en\/premios-regiostars-2026-tem-candidaturas-abertas-ate-22-de-maio\/\">Pr\u00e9mios REGIOSTARS 2026 t\u00eam candidaturas abertas at\u00e9 22 de maio<\/a><\/h4><p class=\"meta\"><span class=\"vcard\" style=\"display: none;\"><span class=\"fn\"><a href=\"https:\/\/www.ccdrc.pt\/en\/author\/mp0268\/\" title=\"Posts by Madalena Pimentel\" rel=\"author\">Madalena Pimentel<\/a><\/span><\/span><span class=\"updated\" style=\"display:none;\">2026-02-24T16:08:47+00:00<\/span><a href=\"https:\/\/www.ccdrc.pt\/en\/category\/fundos-europeus\/\" rel=\"category tag\">Fundos Europeus<\/a><span class=\"fusion-inline-sep\">|<\/span><\/p><\/div><\/article><article class=\"post fusion-column column col col-lg-4 col-md-4 col-sm-4\"><div class=\"fusion-flexslider fusion-flexslider-loading flexslider flexslider-hover-type-none\"><ul class=\"slides\"><li><a href=\"https:\/\/www.ccdrc.pt\/en\/wp-admin-post-phppost86317actionedit\/\" aria-label=\"Centro 2030 lan\u00e7a concurso de 4 milh\u00f5es para apoiar micro e pequenas empresas do Pinhal Interior\" class=\"hover-type-none\"><img decoding=\"async\" width=\"700\" height=\"338\" src=\"https:\/\/www.ccdrc.pt\/wp-content\/uploads\/2026\/02\/Pinhal_Interior_AberturaConcurso_SiteCCDRC.jpg\" class=\"attachment-recent-posts size-recent-posts\" alt=\"Imagem de Pinhal Interior AberturaConcurso SiteC\" srcset=\"https:\/\/www.ccdrc.pt\/wp-content\/uploads\/2026\/02\/Pinhal_Interior_AberturaConcurso_SiteCCDRC-18x9.jpg 18w, https:\/\/www.ccdrc.pt\/wp-content\/uploads\/2026\/02\/Pinhal_Interior_AberturaConcurso_SiteCCDRC-200x97.jpg 200w, https:\/\/www.ccdrc.pt\/wp-content\/uploads\/2026\/02\/Pinhal_Interior_AberturaConcurso_SiteCCDRC-400x193.jpg 400w, https:\/\/www.ccdrc.pt\/wp-content\/uploads\/2026\/02\/Pinhal_Interior_AberturaConcurso_SiteCCDRC-500x241.jpg 500w, https:\/\/www.ccdrc.pt\/wp-content\/uploads\/2026\/02\/Pinhal_Interior_AberturaConcurso_SiteCCDRC-600x290.jpg 600w, https:\/\/www.ccdrc.pt\/wp-content\/uploads\/2026\/02\/Pinhal_Interior_AberturaConcurso_SiteCCDRC.jpg 700w\" sizes=\"(max-width: 700px) 100vw, 700px\" \/><\/a><\/li><\/ul><\/div><div class=\"recent-posts-content\"><span class=\"vcard\" style=\"display: none;\"><span class=\"fn\"><a href=\"https:\/\/www.ccdrc.pt\/en\/author\/mm5235\/\" title=\"Posts by Maria Jos\u00e9 Malheiro\" rel=\"author\">Maria Jos\u00e9 Malheiro<\/a><\/span><\/span><span class=\"updated\" style=\"display:none;\">2026-02-02T15:03:42+00:00<\/span><h4 class=\"entry-title\"><a href=\"https:\/\/www.ccdrc.pt\/en\/wp-admin-post-phppost86317actionedit\/\">Centro 2030 lan\u00e7a concurso de 4 milh\u00f5es para apoiar micro e pequenas empresas do Pinhal Interior<\/a><\/h4><p class=\"meta\"><span class=\"vcard\" style=\"display: none;\"><span class=\"fn\"><a href=\"https:\/\/www.ccdrc.pt\/en\/author\/mm5235\/\" title=\"Posts by Maria Jos\u00e9 Malheiro\" rel=\"author\">Maria Jos\u00e9 Malheiro<\/a><\/span><\/span><span class=\"updated\" style=\"display:none;\">2026-02-02T15:03:42+00:00<\/span><a href=\"https:\/\/www.ccdrc.pt\/en\/category\/fundos-europeus\/\" rel=\"category tag\">Fundos Europeus<\/a><span class=\"fusion-inline-sep\">|<\/span><\/p><\/div><\/article><article class=\"post fusion-column column col col-lg-4 col-md-4 col-sm-4\"><div class=\"fusion-flexslider fusion-flexslider-loading flexslider flexslider-hover-type-none\"><ul class=\"slides\"><li><a href=\"https:\/\/www.ccdrc.pt\/en\/centro-2030-abre-concurso-de-4-milhoes-para-apoiar-pequenas-empresas-do-medio-tejo\/\" aria-label=\"Centro 2030 abre concurso de 4 milh\u00f5es para apoiar pequenas empresas do M\u00e9dio Tejo\" class=\"hover-type-none\"><img decoding=\"async\" width=\"700\" height=\"338\" src=\"https:\/\/www.ccdrc.pt\/wp-content\/uploads\/2026\/01\/abertura-concurso-justa.jpg\" class=\"attachment-recent-posts size-recent-posts\" alt=\"Imagem de abertura-concurso-j\" srcset=\"https:\/\/www.ccdrc.pt\/wp-content\/uploads\/2026\/01\/abertura-concurso-justa-18x9.jpg 18w, https:\/\/www.ccdrc.pt\/wp-content\/uploads\/2026\/01\/abertura-concurso-justa-200x97.jpg 200w, https:\/\/www.ccdrc.pt\/wp-content\/uploads\/2026\/01\/abertura-concurso-justa-400x193.jpg 400w, https:\/\/www.ccdrc.pt\/wp-content\/uploads\/2026\/01\/abertura-concurso-justa-500x241.jpg 500w, https:\/\/www.ccdrc.pt\/wp-content\/uploads\/2026\/01\/abertura-concurso-justa-600x290.jpg 600w, https:\/\/www.ccdrc.pt\/wp-content\/uploads\/2026\/01\/abertura-concurso-justa.jpg 700w\" sizes=\"(max-width: 700px) 100vw, 700px\" \/><\/a><\/li><\/ul><\/div><div class=\"recent-posts-content\"><span class=\"vcard\" style=\"display: none;\"><span class=\"fn\"><a href=\"https:\/\/www.ccdrc.pt\/en\/author\/mm5235\/\" title=\"Posts by Maria Jos\u00e9 Malheiro\" rel=\"author\">Maria Jos\u00e9 Malheiro<\/a><\/span><\/span><span class=\"updated\" style=\"display:none;\">2026-02-02T15:05:30+00:00<\/span><h4 class=\"entry-title\"><a href=\"https:\/\/www.ccdrc.pt\/en\/centro-2030-abre-concurso-de-4-milhoes-para-apoiar-pequenas-empresas-do-medio-tejo\/\">Centro 2030 abre concurso de 4 milh\u00f5es para apoiar pequenas empresas do M\u00e9dio Tejo<\/a><\/h4><p class=\"meta\"><span class=\"vcard\" style=\"display: none;\"><span class=\"fn\"><a href=\"https:\/\/www.ccdrc.pt\/en\/author\/mm5235\/\" title=\"Posts by Maria Jos\u00e9 Malheiro\" rel=\"author\">Maria Jos\u00e9 Malheiro<\/a><\/span><\/span><span class=\"updated\" style=\"display:none;\">2026-02-02T15:05:30+00:00<\/span><a href=\"https:\/\/www.ccdrc.pt\/en\/category\/fundos-europeus\/\" rel=\"category tag\">Fundos Europeus<\/a><span class=\"fusion-inline-sep\">|<\/span><\/p><\/div><\/article><\/section><\/div><\/div><\/div><\/div><div class=\"fusion-builder-row fusion-builder-row-inner fusion-row fusion-flex-align-items-flex-start\" style=\"width:100% !important;max-width:100% !important;margin-left: calc(-0% \/ 2 );margin-right: calc(-0% \/ 2 );\"><div class=\"fusion-layout-column fusion_builder_column_inner fusion-builder-nested-column-14 fusion_builder_column_inner_1_1 1_1 fusion-flex-column\" style=\"--awb-bg-size:cover;--awb-width-large:100%;--awb-margin-top-large:120px;--awb-spacing-right-large:0%;--awb-margin-bottom-large:0px;--awb-spacing-left-large:0%;--awb-width-medium:100%;--awb-order-medium:0;--awb-margin-top-medium:88px;--awb-spacing-right-medium:0%;--awb-margin-bottom-medium:0px;--awb-spacing-left-medium:0%;--awb-width-small:100%;--awb-order-small:0;--awb-margin-top-small:88px;--awb-spacing-right-small:0%;--awb-margin-bottom-small:0px;--awb-spacing-left-small:0%;\"><div class=\"fusion-column-wrapper fusion-column-has-shadow fusion-flex-justify-content-flex-start fusion-content-layout-column\"><div class=\"fusion-text fusion-text-17 fusion-text-no-margin\" style=\"--awb-font-size:24px;--awb-line-height:36px;--awb-text-color:#000000;--awb-margin-bottom:0px;--awb-text-font-family:&quot;Noto Sans&quot;;--awb-text-font-style:normal;--awb-text-font-weight:700;\"><p>Acessos R\u00e1pidos<\/p>\n<\/div><\/div><\/div><\/div><div class=\"fusion-builder-row fusion-builder-row-inner fusion-row fusion-flex-align-items-flex-start\" style=\"width:100% !important;max-width:100% !important;margin-left: calc(-0% \/ 2 );margin-right: calc(-0% \/ 2 );\"><div class=\"fusion-layout-column fusion_builder_column_inner fusion-builder-nested-column-15 fusion_builder_column_inner_1_1 1_1 fusion-flex-column carousel-tablet fusion-no-small-visibility fusion-no-large-visibility\" style=\"--awb-bg-size:cover;--awb-width-large:100%;--awb-margin-top-large:24px;--awb-spacing-right-large:0%;--awb-margin-bottom-large:120px;--awb-spacing-left-large:0%;--awb-width-medium:100%;--awb-order-medium:0;--awb-spacing-right-medium:0%;--awb-spacing-left-medium:0%;--awb-width-small:100%;--awb-order-small:0;--awb-spacing-right-small:0%;--awb-spacing-left-small:0%;\"><div class=\"fusion-column-wrapper fusion-column-has-shadow fusion-flex-justify-content-flex-start fusion-content-layout-column\"><div class='carousel acessos_rapidos'><div class='slides tablet acessos_rapidos'><div class='slide acessos_rapidos' class='slide_0'><div class='card-quick-access'><a class='' href='https:\/\/portugal2030.pt\/' target='_blank'><img src='https:\/\/www.ccdrc.pt\/wp-content\/uploads\/2024\/05\/pt2030_siteccdrc.png'\/><span><svg width='18' height='18' viewBox='0 0 18 18' fill='none' xmlns='http:\/\/www.w3.org\/2000\/svg'><path d='M11.0834 0.666504C10.5072 0.666504 10.0417 1.132 10.0417 1.70817C10.0417 2.28434 10.5072 2.74984 11.0834 2.74984H13.7754L7.22268 9.30583C6.81578 9.71273 6.81578 10.3735 7.22268 10.7804C7.62958 11.1873 8.29039 11.1873 8.69729 10.7804L15.25 4.22445V6.9165C15.25 7.49268 15.7155 7.95817 16.2917 7.95817C16.8679 7.95817 17.3334 7.49268 17.3334 6.9165V1.70817C17.3334 1.132 16.8679 0.666504 16.2917 0.666504H11.0834ZM3.27085 1.70817C1.83205 1.70817 0.666687 2.87354 0.666687 4.31234V14.729C0.666687 16.1678 1.83205 17.3332 3.27085 17.3332H13.6875C15.1263 17.3332 16.2917 16.1678 16.2917 14.729V11.0832C16.2917 10.507 15.8262 10.0415 15.25 10.0415C14.6738 10.0415 14.2084 10.507 14.2084 11.0832V14.729C14.2084 15.0155 13.974 15.2498 13.6875 15.2498H3.27085C2.9844 15.2498 2.75002 15.0155 2.75002 14.729V4.31234C2.75002 4.02588 2.9844 3.7915 3.27085 3.7915H6.91669C7.49286 3.7915 7.95835 3.32601 7.95835 2.74984C7.95835 2.17367 7.49286 1.70817 6.91669 1.70817H3.27085Z' fill='#007B88'\/><\/svg>Portugal 2030<\/span><\/a><\/div><div class='card-quick-access'><a class='' href='https:\/\/centro2030.pt\/' target=''><img src='https:\/\/www.ccdrc.pt\/wp-content\/uploads\/2023\/10\/acessosRapidos-Centro2030.jpg'\/><span><svg width='18' height='18' viewBox='0 0 18 18' fill='none' xmlns='http:\/\/www.w3.org\/2000\/svg'><path d='M11.0834 0.666504C10.5072 0.666504 10.0417 1.132 10.0417 1.70817C10.0417 2.28434 10.5072 2.74984 11.0834 2.74984H13.7754L7.22268 9.30583C6.81578 9.71273 6.81578 10.3735 7.22268 10.7804C7.62958 11.1873 8.29039 11.1873 8.69729 10.7804L15.25 4.22445V6.9165C15.25 7.49268 15.7155 7.95817 16.2917 7.95817C16.8679 7.95817 17.3334 7.49268 17.3334 6.9165V1.70817C17.3334 1.132 16.8679 0.666504 16.2917 0.666504H11.0834ZM3.27085 1.70817C1.83205 1.70817 0.666687 2.87354 0.666687 4.31234V14.729C0.666687 16.1678 1.83205 17.3332 3.27085 17.3332H13.6875C15.1263 17.3332 16.2917 16.1678 16.2917 14.729V11.0832C16.2917 10.507 15.8262 10.0415 15.25 10.0415C14.6738 10.0415 14.2084 10.507 14.2084 11.0832V14.729C14.2084 15.0155 13.974 15.2498 13.6875 15.2498H3.27085C2.9844 15.2498 2.75002 15.0155 2.75002 14.729V4.31234C2.75002 4.02588 2.9844 3.7915 3.27085 3.7915H6.91669C7.49286 3.7915 7.95835 3.32601 7.95835 2.74984C7.95835 2.17367 7.49286 1.70817 6.91669 1.70817H3.27085Z' fill='#007B88'\/><\/svg>centro2030<\/span><\/a><\/div><div class='card-quick-access'><a class='' href='http:\/\/centro.portugal2020.pt\/' target=''><img src='https:\/\/www.ccdrc.pt\/wp-content\/uploads\/2023\/10\/acessosRapidos-Centro2020.jpg'\/><span><svg width='18' height='18' viewBox='0 0 18 18' fill='none' xmlns='http:\/\/www.w3.org\/2000\/svg'><path d='M11.0834 0.666504C10.5072 0.666504 10.0417 1.132 10.0417 1.70817C10.0417 2.28434 10.5072 2.74984 11.0834 2.74984H13.7754L7.22268 9.30583C6.81578 9.71273 6.81578 10.3735 7.22268 10.7804C7.62958 11.1873 8.29039 11.1873 8.69729 10.7804L15.25 4.22445V6.9165C15.25 7.49268 15.7155 7.95817 16.2917 7.95817C16.8679 7.95817 17.3334 7.49268 17.3334 6.9165V1.70817C17.3334 1.132 16.8679 0.666504 16.2917 0.666504H11.0834ZM3.27085 1.70817C1.83205 1.70817 0.666687 2.87354 0.666687 4.31234V14.729C0.666687 16.1678 1.83205 17.3332 3.27085 17.3332H13.6875C15.1263 17.3332 16.2917 16.1678 16.2917 14.729V11.0832C16.2917 10.507 15.8262 10.0415 15.25 10.0415C14.6738 10.0415 14.2084 10.507 14.2084 11.0832V14.729C14.2084 15.0155 13.974 15.2498 13.6875 15.2498H3.27085C2.9844 15.2498 2.75002 15.0155 2.75002 14.729V4.31234C2.75002 4.02588 2.9844 3.7915 3.27085 3.7915H6.91669C7.49286 3.7915 7.95835 3.32601 7.95835 2.74984C7.95835 2.17367 7.49286 1.70817 6.91669 1.70817H3.27085Z' fill='#007B88'\/><\/svg>centro2020<\/span><\/a><\/div><div class='card-quick-access'><a class='' href='https:\/\/www.ccdrc.pt\/areas-de-atuacao\/fundos-europeus\/plano-de-recuperacao-e-resiliencia\/' target=''><img src='https:\/\/www.ccdrc.pt\/wp-content\/uploads\/2023\/10\/acessos-rapidos-PRR.jpg'\/><span><svg width='18' height='18' viewBox='0 0 18 18' fill='none' xmlns='http:\/\/www.w3.org\/2000\/svg'><path d='M11.0834 0.666504C10.5072 0.666504 10.0417 1.132 10.0417 1.70817C10.0417 2.28434 10.5072 2.74984 11.0834 2.74984H13.7754L7.22268 9.30583C6.81578 9.71273 6.81578 10.3735 7.22268 10.7804C7.62958 11.1873 8.29039 11.1873 8.69729 10.7804L15.25 4.22445V6.9165C15.25 7.49268 15.7155 7.95817 16.2917 7.95817C16.8679 7.95817 17.3334 7.49268 17.3334 6.9165V1.70817C17.3334 1.132 16.8679 0.666504 16.2917 0.666504H11.0834ZM3.27085 1.70817C1.83205 1.70817 0.666687 2.87354 0.666687 4.31234V14.729C0.666687 16.1678 1.83205 17.3332 3.27085 17.3332H13.6875C15.1263 17.3332 16.2917 16.1678 16.2917 14.729V11.0832C16.2917 10.507 15.8262 10.0415 15.25 10.0415C14.6738 10.0415 14.2084 10.507 14.2084 11.0832V14.729C14.2084 15.0155 13.974 15.2498 13.6875 15.2498H3.27085C2.9844 15.2498 2.75002 15.0155 2.75002 14.729V4.31234C2.75002 4.02588 2.9844 3.7915 3.27085 3.7915H6.91669C7.49286 3.7915 7.95835 3.32601 7.95835 2.74984C7.95835 2.17367 7.49286 1.70817 6.91669 1.70817H3.27085Z' fill='#007B88'\/><\/svg>PRR<\/span><\/a><\/div><div class='card-quick-access'><a class='' href='https:\/\/portugal2020.pt\/' target='_blank'><img src='https:\/\/www.ccdrc.pt\/wp-content\/uploads\/2023\/08\/portugal2020.png'\/><span><svg width='18' height='18' viewBox='0 0 18 18' fill='none' xmlns='http:\/\/www.w3.org\/2000\/svg'><path d='M11.0834 0.666504C10.5072 0.666504 10.0417 1.132 10.0417 1.70817C10.0417 2.28434 10.5072 2.74984 11.0834 2.74984H13.7754L7.22268 9.30583C6.81578 9.71273 6.81578 10.3735 7.22268 10.7804C7.62958 11.1873 8.29039 11.1873 8.69729 10.7804L15.25 4.22445V6.9165C15.25 7.49268 15.7155 7.95817 16.2917 7.95817C16.8679 7.95817 17.3334 7.49268 17.3334 6.9165V1.70817C17.3334 1.132 16.8679 0.666504 16.2917 0.666504H11.0834ZM3.27085 1.70817C1.83205 1.70817 0.666687 2.87354 0.666687 4.31234V14.729C0.666687 16.1678 1.83205 17.3332 3.27085 17.3332H13.6875C15.1263 17.3332 16.2917 16.1678 16.2917 14.729V11.0832C16.2917 10.507 15.8262 10.0415 15.25 10.0415C14.6738 10.0415 14.2084 10.507 14.2084 11.0832V14.729C14.2084 15.0155 13.974 15.2498 13.6875 15.2498H3.27085C2.9844 15.2498 2.75002 15.0155 2.75002 14.729V4.31234C2.75002 4.02588 2.9844 3.7915 3.27085 3.7915H6.91669C7.49286 3.7915 7.95835 3.32601 7.95835 2.74984C7.95835 2.17367 7.49286 1.70817 6.91669 1.70817H3.27085Z' fill='#007B88'\/><\/svg>Portugal 2020<\/span><\/a><\/div><\/div><\/div><div class='dots acessos_rapidos tablet'><\/div><button class='prev acessos_rapidos'><\/button><button class='next acessos_rapidos'><\/button><\/div><\/div><\/div><\/div><div class=\"fusion-builder-row fusion-builder-row-inner fusion-row fusion-flex-align-items-flex-start\" style=\"width:100% !important;max-width:100% !important;margin-left: calc(-0% \/ 2 );margin-right: calc(-0% \/ 2 );\"><div class=\"fusion-layout-column fusion_builder_column_inner fusion-builder-nested-column-16 fusion_builder_column_inner_1_1 1_1 fusion-flex-column carousel-mobile fusion-no-medium-visibility fusion-no-large-visibility\" style=\"--awb-bg-size:cover;--awb-width-large:100%;--awb-margin-top-large:16px;--awb-spacing-right-large:0%;--awb-margin-bottom-large:120px;--awb-spacing-left-large:0%;--awb-width-medium:100%;--awb-order-medium:0;--awb-spacing-right-medium:0%;--awb-spacing-left-medium:0%;--awb-width-small:100%;--awb-order-small:0;--awb-spacing-right-small:0%;--awb-spacing-left-small:0%;\"><div class=\"fusion-column-wrapper fusion-column-has-shadow fusion-flex-justify-content-flex-start fusion-content-layout-column\"><div class='carousel acessos_rapidos'><div class='slides mobile acessos_rapidos'><div class='slide acessos_rapidos' id='slide_0'><div class='card-quick-access'><a class='' href='https:\/\/portugal2030.pt\/' target='_blank'><img src='https:\/\/www.ccdrc.pt\/wp-content\/uploads\/2024\/05\/pt2030_siteccdrc.png'\/><span><svg width='18' height='18' viewBox='0 0 18 18' fill='none' xmlns='http:\/\/www.w3.org\/2000\/svg'><path d='M11.0834 0.666504C10.5072 0.666504 10.0417 1.132 10.0417 1.70817C10.0417 2.28434 10.5072 2.74984 11.0834 2.74984H13.7754L7.22268 9.30583C6.81578 9.71273 6.81578 10.3735 7.22268 10.7804C7.62958 11.1873 8.29039 11.1873 8.69729 10.7804L15.25 4.22445V6.9165C15.25 7.49268 15.7155 7.95817 16.2917 7.95817C16.8679 7.95817 17.3334 7.49268 17.3334 6.9165V1.70817C17.3334 1.132 16.8679 0.666504 16.2917 0.666504H11.0834ZM3.27085 1.70817C1.83205 1.70817 0.666687 2.87354 0.666687 4.31234V14.729C0.666687 16.1678 1.83205 17.3332 3.27085 17.3332H13.6875C15.1263 17.3332 16.2917 16.1678 16.2917 14.729V11.0832C16.2917 10.507 15.8262 10.0415 15.25 10.0415C14.6738 10.0415 14.2084 10.507 14.2084 11.0832V14.729C14.2084 15.0155 13.974 15.2498 13.6875 15.2498H3.27085C2.9844 15.2498 2.75002 15.0155 2.75002 14.729V4.31234C2.75002 4.02588 2.9844 3.7915 3.27085 3.7915H6.91669C7.49286 3.7915 7.95835 3.32601 7.95835 2.74984C7.95835 2.17367 7.49286 1.70817 6.91669 1.70817H3.27085Z' fill='#007B88'\/><\/svg>Portugal 2030<\/span><\/a><\/div><div class='card-quick-access'><a class='' href='https:\/\/centro2030.pt\/' target=''><img src='https:\/\/www.ccdrc.pt\/wp-content\/uploads\/2023\/10\/acessosRapidos-Centro2030.jpg'\/><span><svg width='18' height='18' viewBox='0 0 18 18' fill='none' xmlns='http:\/\/www.w3.org\/2000\/svg'><path d='M11.0834 0.666504C10.5072 0.666504 10.0417 1.132 10.0417 1.70817C10.0417 2.28434 10.5072 2.74984 11.0834 2.74984H13.7754L7.22268 9.30583C6.81578 9.71273 6.81578 10.3735 7.22268 10.7804C7.62958 11.1873 8.29039 11.1873 8.69729 10.7804L15.25 4.22445V6.9165C15.25 7.49268 15.7155 7.95817 16.2917 7.95817C16.8679 7.95817 17.3334 7.49268 17.3334 6.9165V1.70817C17.3334 1.132 16.8679 0.666504 16.2917 0.666504H11.0834ZM3.27085 1.70817C1.83205 1.70817 0.666687 2.87354 0.666687 4.31234V14.729C0.666687 16.1678 1.83205 17.3332 3.27085 17.3332H13.6875C15.1263 17.3332 16.2917 16.1678 16.2917 14.729V11.0832C16.2917 10.507 15.8262 10.0415 15.25 10.0415C14.6738 10.0415 14.2084 10.507 14.2084 11.0832V14.729C14.2084 15.0155 13.974 15.2498 13.6875 15.2498H3.27085C2.9844 15.2498 2.75002 15.0155 2.75002 14.729V4.31234C2.75002 4.02588 2.9844 3.7915 3.27085 3.7915H6.91669C7.49286 3.7915 7.95835 3.32601 7.95835 2.74984C7.95835 2.17367 7.49286 1.70817 6.91669 1.70817H3.27085Z' fill='#007B88'\/><\/svg>centro2030<\/span><\/a><\/div><\/div><div class='slide acessos_rapidos' id='slide_1'><div class='card-quick-access'><a class='' href='http:\/\/centro.portugal2020.pt\/' target=''><img src='https:\/\/www.ccdrc.pt\/wp-content\/uploads\/2023\/10\/acessosRapidos-Centro2020.jpg'\/><span><svg width='18' height='18' viewBox='0 0 18 18' fill='none' xmlns='http:\/\/www.w3.org\/2000\/svg'><path d='M11.0834 0.666504C10.5072 0.666504 10.0417 1.132 10.0417 1.70817C10.0417 2.28434 10.5072 2.74984 11.0834 2.74984H13.7754L7.22268 9.30583C6.81578 9.71273 6.81578 10.3735 7.22268 10.7804C7.62958 11.1873 8.29039 11.1873 8.69729 10.7804L15.25 4.22445V6.9165C15.25 7.49268 15.7155 7.95817 16.2917 7.95817C16.8679 7.95817 17.3334 7.49268 17.3334 6.9165V1.70817C17.3334 1.132 16.8679 0.666504 16.2917 0.666504H11.0834ZM3.27085 1.70817C1.83205 1.70817 0.666687 2.87354 0.666687 4.31234V14.729C0.666687 16.1678 1.83205 17.3332 3.27085 17.3332H13.6875C15.1263 17.3332 16.2917 16.1678 16.2917 14.729V11.0832C16.2917 10.507 15.8262 10.0415 15.25 10.0415C14.6738 10.0415 14.2084 10.507 14.2084 11.0832V14.729C14.2084 15.0155 13.974 15.2498 13.6875 15.2498H3.27085C2.9844 15.2498 2.75002 15.0155 2.75002 14.729V4.31234C2.75002 4.02588 2.9844 3.7915 3.27085 3.7915H6.91669C7.49286 3.7915 7.95835 3.32601 7.95835 2.74984C7.95835 2.17367 7.49286 1.70817 6.91669 1.70817H3.27085Z' fill='#007B88'\/><\/svg>centro2020<\/span><\/a><\/div><div class='card-quick-access'><a class='' href='https:\/\/www.ccdrc.pt\/areas-de-atuacao\/fundos-europeus\/plano-de-recuperacao-e-resiliencia\/' target=''><img src='https:\/\/www.ccdrc.pt\/wp-content\/uploads\/2023\/10\/acessos-rapidos-PRR.jpg'\/><span><svg width='18' height='18' viewBox='0 0 18 18' fill='none' xmlns='http:\/\/www.w3.org\/2000\/svg'><path d='M11.0834 0.666504C10.5072 0.666504 10.0417 1.132 10.0417 1.70817C10.0417 2.28434 10.5072 2.74984 11.0834 2.74984H13.7754L7.22268 9.30583C6.81578 9.71273 6.81578 10.3735 7.22268 10.7804C7.62958 11.1873 8.29039 11.1873 8.69729 10.7804L15.25 4.22445V6.9165C15.25 7.49268 15.7155 7.95817 16.2917 7.95817C16.8679 7.95817 17.3334 7.49268 17.3334 6.9165V1.70817C17.3334 1.132 16.8679 0.666504 16.2917 0.666504H11.0834ZM3.27085 1.70817C1.83205 1.70817 0.666687 2.87354 0.666687 4.31234V14.729C0.666687 16.1678 1.83205 17.3332 3.27085 17.3332H13.6875C15.1263 17.3332 16.2917 16.1678 16.2917 14.729V11.0832C16.2917 10.507 15.8262 10.0415 15.25 10.0415C14.6738 10.0415 14.2084 10.507 14.2084 11.0832V14.729C14.2084 15.0155 13.974 15.2498 13.6875 15.2498H3.27085C2.9844 15.2498 2.75002 15.0155 2.75002 14.729V4.31234C2.75002 4.02588 2.9844 3.7915 3.27085 3.7915H6.91669C7.49286 3.7915 7.95835 3.32601 7.95835 2.74984C7.95835 2.17367 7.49286 1.70817 6.91669 1.70817H3.27085Z' fill='#007B88'\/><\/svg>PRR<\/span><\/a><\/div><\/div><div class='slide acessos_rapidos' id='slide_2'><div class='card-quick-access'><a class='' href='https:\/\/portugal2020.pt\/' target='_blank'><img src='https:\/\/www.ccdrc.pt\/wp-content\/uploads\/2023\/08\/portugal2020.png'\/><span><svg width='18' height='18' viewBox='0 0 18 18' fill='none' xmlns='http:\/\/www.w3.org\/2000\/svg'><path d='M11.0834 0.666504C10.5072 0.666504 10.0417 1.132 10.0417 1.70817C10.0417 2.28434 10.5072 2.74984 11.0834 2.74984H13.7754L7.22268 9.30583C6.81578 9.71273 6.81578 10.3735 7.22268 10.7804C7.62958 11.1873 8.29039 11.1873 8.69729 10.7804L15.25 4.22445V6.9165C15.25 7.49268 15.7155 7.95817 16.2917 7.95817C16.8679 7.95817 17.3334 7.49268 17.3334 6.9165V1.70817C17.3334 1.132 16.8679 0.666504 16.2917 0.666504H11.0834ZM3.27085 1.70817C1.83205 1.70817 0.666687 2.87354 0.666687 4.31234V14.729C0.666687 16.1678 1.83205 17.3332 3.27085 17.3332H13.6875C15.1263 17.3332 16.2917 16.1678 16.2917 14.729V11.0832C16.2917 10.507 15.8262 10.0415 15.25 10.0415C14.6738 10.0415 14.2084 10.507 14.2084 11.0832V14.729C14.2084 15.0155 13.974 15.2498 13.6875 15.2498H3.27085C2.9844 15.2498 2.75002 15.0155 2.75002 14.729V4.31234C2.75002 4.02588 2.9844 3.7915 3.27085 3.7915H6.91669C7.49286 3.7915 7.95835 3.32601 7.95835 2.74984C7.95835 2.17367 7.49286 1.70817 6.91669 1.70817H3.27085Z' fill='#007B88'\/><\/svg>Portugal 2020<\/span><\/a><\/div><\/div><\/div><div class='dots acessos_rapidos mobile'><\/div><button class='prev acessos_rapidos'><\/button><button class='next acessos_rapidos'><\/button><\/div><\/div><\/div><\/div><div class=\"fusion-builder-row fusion-builder-row-inner fusion-row fusion-flex-align-items-flex-start\" style=\"width:100% !important;max-width:100% !important;margin-left: calc(-0% \/ 2 );margin-right: calc(-0% \/ 2 );\"><div class=\"fusion-layout-column fusion_builder_column_inner fusion-builder-nested-column-17 fusion_builder_column_inner_1_1 1_1 fusion-flex-column\" style=\"--awb-bg-size:cover;--awb-width-large:100%;--awb-margin-top-large:68px;--awb-spacing-right-large:0%;--awb-margin-bottom-large:0px;--awb-spacing-left-large:0%;--awb-width-medium:100%;--awb-order-medium:0;--awb-margin-top-medium:100px;--awb-spacing-right-medium:0%;--awb-margin-bottom-medium:0px;--awb-spacing-left-medium:0%;--awb-width-small:100%;--awb-order-small:0;--awb-margin-top-small:100px;--awb-spacing-right-small:0%;--awb-margin-bottom-small:0px;--awb-spacing-left-small:0%;\"><div class=\"fusion-column-wrapper fusion-column-has-shadow fusion-flex-justify-content-flex-start fusion-content-layout-column\"><div class=\"fusion-text fusion-text-18 fusion-text-no-margin\" style=\"--awb-font-size:24px;--awb-line-height:32.69px;--awb-text-color:#000000;--awb-margin-bottom:16px;--awb-text-font-family:&quot;Noto Sans&quot;;--awb-text-font-style:normal;--awb-text-font-weight:700;\"><p style=\"text-align: justify;\">Os mais visitados<\/p>\n<\/div><div class=\"fusion-text fusion-text-19\"><div class=\"mostvisitedTitlesWrapper\"><div class=\"mostvisitedTitles\"><a href = 'https:\/\/www.ccdrc.pt\/en\/centro-2030-abre-concurso-para-apoiar-a-criacao-de-novas-empresas-associadas-ao-conhecimento\/'><span>Centro 2030 abre concurso para apoiar a cria\u00e7\u00e3o de novas empresas associadas ao conhecimento<\/span><svg width='14' height='12' viewBox='0 0 14 12' fill='none' xmlns='http:\/\/www.w3.org\/2000\/svg'><path d='M13.707 6.70597C14.0977 6.3155 14.0977 5.68137 13.707 5.2909L8.70674 0.292854C8.31609 -0.0976181 7.68168 -0.0976181 7.29103 0.292854C6.90038 0.683327 6.90038 1.31745 7.29103 1.70793L10.5881 5.00039H1.00006C0.4469 5.00039 0 5.44709 0 6C0 6.55291 0.4469 6.99961 1.00006 6.99961H10.585L7.29416 10.2921C6.90351 10.6825 6.90351 11.3167 7.29416 11.7071C7.6848 12.0976 8.31921 12.0976 8.70986 11.7071L13.7101 6.7091L13.707 6.70597Z' fill='#007B88'\/><\/svg><\/a><\/div><div class=\"mostvisitedTitles\"><a href = 'https:\/\/www.ccdrc.pt\/en\/centro-2030-abre-concurso-para-apoiar-a-arte-e-a-cultura-como-meios-de-inclusao-social\/'><span>Centro 2030 abre concurso para apoiar a arte e a cultura como meios de inclus\u00e3o social<\/span><svg width='14' height='12' viewBox='0 0 14 12' fill='none' xmlns='http:\/\/www.w3.org\/2000\/svg'><path d='M13.707 6.70597C14.0977 6.3155 14.0977 5.68137 13.707 5.2909L8.70674 0.292854C8.31609 -0.0976181 7.68168 -0.0976181 7.29103 0.292854C6.90038 0.683327 6.90038 1.31745 7.29103 1.70793L10.5881 5.00039H1.00006C0.4469 5.00039 0 5.44709 0 6C0 6.55291 0.4469 6.99961 1.00006 6.99961H10.585L7.29416 10.2921C6.90351 10.6825 6.90351 11.3167 7.29416 11.7071C7.6848 12.0976 8.31921 12.0976 8.70986 11.7071L13.7101 6.7091L13.707 6.70597Z' fill='#007B88'\/><\/svg><\/a><\/div><div class=\"mostvisitedTitles\"><a href = 'https:\/\/www.ccdrc.pt\/en\/aprovado-o-modelo-de-governacao-do-portugal-2030\/'><span>Aprovado o Modelo de Governa\u00e7\u00e3o do Portugal 2030<\/span><svg width='14' height='12' viewBox='0 0 14 12' fill='none' xmlns='http:\/\/www.w3.org\/2000\/svg'><path d='M13.707 6.70597C14.0977 6.3155 14.0977 5.68137 13.707 5.2909L8.70674 0.292854C8.31609 -0.0976181 7.68168 -0.0976181 7.29103 0.292854C6.90038 0.683327 6.90038 1.31745 7.29103 1.70793L10.5881 5.00039H1.00006C0.4469 5.00039 0 5.44709 0 6C0 6.55291 0.4469 6.99961 1.00006 6.99961H10.585L7.29416 10.2921C6.90351 10.6825 6.90351 11.3167 7.29416 11.7071C7.6848 12.0976 8.31921 12.0976 8.70986 11.7071L13.7101 6.7091L13.707 6.70597Z' fill='#007B88'\/><\/svg><\/a><\/div><div class=\"mostvisitedTitles\"><a href = 'https:\/\/www.ccdrc.pt\/en\/webinar-de-esclarecimentos-sobre-a-6-a-convocatoria-para-o-poctep-2021-2027\/'><span>Webinar de esclarecimentos sobre a 6.\u00aa convocat\u00f3ria para o POCTEP 2021-2027<\/span><svg width='14' height='12' viewBox='0 0 14 12' fill='none' xmlns='http:\/\/www.w3.org\/2000\/svg'><path d='M13.707 6.70597C14.0977 6.3155 14.0977 5.68137 13.707 5.2909L8.70674 0.292854C8.31609 -0.0976181 7.68168 -0.0976181 7.29103 0.292854C6.90038 0.683327 6.90038 1.31745 7.29103 1.70793L10.5881 5.00039H1.00006C0.4469 5.00039 0 5.44709 0 6C0 6.55291 0.4469 6.99961 1.00006 6.99961H10.585L7.29416 10.2921C6.90351 10.6825 6.90351 11.3167 7.29416 11.7071C7.6848 12.0976 8.31921 12.0976 8.70986 11.7071L13.7101 6.7091L13.707 6.70597Z' fill='#007B88'\/><\/svg><\/a><\/div><div class=\"mostvisitedTitles\"><a href = 'https:\/\/www.ccdrc.pt\/en\/10-milhoes-de-euros-para-apoiar-investimentos-das-empresas-na-economia-circular\/'><span>10 Milh\u00f5es de euros para apoiar investimentos das empresas na economia circular<\/span><svg width='14' height='12' viewBox='0 0 14 12' fill='none' xmlns='http:\/\/www.w3.org\/2000\/svg'><path d='M13.707 6.70597C14.0977 6.3155 14.0977 5.68137 13.707 5.2909L8.70674 0.292854C8.31609 -0.0976181 7.68168 -0.0976181 7.29103 0.292854C6.90038 0.683327 6.90038 1.31745 7.29103 1.70793L10.5881 5.00039H1.00006C0.4469 5.00039 0 5.44709 0 6C0 6.55291 0.4469 6.99961 1.00006 6.99961H10.585L7.29416 10.2921C6.90351 10.6825 6.90351 11.3167 7.29416 11.7071C7.6848 12.0976 8.31921 12.0976 8.70986 11.7071L13.7101 6.7091L13.707 6.70597Z' fill='#007B88'\/><\/svg><\/a><\/div><\/div>\n<\/div><\/div><\/div><\/div><\/div><\/div><\/div><\/div><div class=\"fusion-fullwidth fullwidth-box fusion-builder-row-7 fusion-flex-container has-pattern-background has-mask-background container-faqs nonhundred-percent-fullwidth non-hundred-percent-height-scrolling fusion-no-large-visibility\" style=\"--awb-border-radius-top-left:0px;--awb-border-radius-top-right:0px;--awb-border-radius-bottom-right:0px;--awb-border-radius-bottom-left:0px;--awb-padding-top:160px;--awb-padding-bottom:160px;--awb-padding-top-medium:120px;--awb-padding-bottom-medium:120px;--awb-padding-top-small:120px;--awb-padding-bottom-small:120px;--awb-background-color:#f5f5f5;\" ><div class=\"fusion-builder-row fusion-row fusion-flex-align-items-flex-start\" style=\"max-width:1288px;margin-left: calc(-0% \/ 2 );margin-right: calc(-0% \/ 2 );\"><div class=\"fusion-layout-column fusion_builder_column fusion-builder-column-10 fusion_builder_column_1_1 1_1 fusion-flex-column container-site-max-width\" style=\"--awb-bg-size:cover;--awb-width-large:100%;--awb-margin-top-large:0px;--awb-spacing-right-large:0%;--awb-margin-bottom-large:0px;--awb-spacing-left-large:0%;--awb-width-medium:100%;--awb-order-medium:0;--awb-spacing-right-medium:0%;--awb-spacing-left-medium:0%;--awb-width-small:100%;--awb-order-small:0;--awb-spacing-right-small:0%;--awb-spacing-left-small:0%;\"><div class=\"fusion-column-wrapper fusion-column-has-shadow fusion-flex-justify-content-flex-start fusion-content-layout-column\"><div class=\"fusion-builder-row fusion-builder-row-inner fusion-row fusion-flex-align-items-flex-start\" style=\"width:100% !important;max-width:100% !important;margin-left: calc(-0% \/ 2 );margin-right: calc(-0% \/ 2 );\"><div class=\"fusion-layout-column fusion_builder_column_inner fusion-builder-nested-column-18 fusion_builder_column_inner_1_1 1_1 fusion-flex-column faqs-container-right\" style=\"--awb-bg-size:cover;--awb-width-large:100%;--awb-margin-top-large:0px;--awb-spacing-right-large:0%;--awb-margin-bottom-large:0px;--awb-spacing-left-large:0%;--awb-width-medium:100%;--awb-order-medium:0;--awb-spacing-right-medium:0%;--awb-spacing-left-medium:0%;--awb-width-small:100%;--awb-order-small:0;--awb-spacing-right-small:0%;--awb-spacing-left-small:0%;\"><div class=\"fusion-column-wrapper fusion-column-has-shadow fusion-flex-justify-content-flex-start fusion-content-layout-column\"><div class=\"fusion-text fusion-text-20 fusion-text-no-margin\" style=\"--awb-font-size:24px;--awb-line-height:36px;--awb-text-color:#000000;--awb-margin-bottom:16px;--awb-text-font-family:&quot;Noto Sans&quot;;--awb-text-font-style:normal;--awb-text-font-weight:700;\"><p>Perguntas Frequentes<\/p>\n<\/div><style type=\"text\/css\">#accordian-2 .fusion-panel:hover,#accordian-2 .fusion-panel.hover{ background-color: var(--awb-color2) } #accordian-2 .fusion-panel { border-color:var(--awb-color3); border-width:1px; background-color:var(--awb-color1); }.fusion-accordian #accordian-2 .panel-title a .fa-fusion-box:before{ font-size: 20px;}.fusion-accordian #accordian-2 .panel-title a .fa-fusion-box{ color: #007b88;}.fusion-accordian #accordian-2.fusion-toggle-icon-right .fusion-toggle-heading{ margin-right: 38px;}.fusion-accordian  #accordian-2 .panel-title a{font-size:16px;line-height:26px;font-family:\"Noto Sans\";font-style:normal;font-weight:400;}.fusion-accordian  #accordian-2 .panel-title a:not(:hover){color:#000000;}.fusion-accordian  #accordian-2 .toggle-content{color:#000000;font-family:\"Noto Sans\";font-style:normal;font-weight:400;}.fusion-accordian #accordian-2 .panel-title a:hover,.fusion-accordian #accordian-2 .panel-title a.hover { color: var(--awb-color4);}.fusion-faq-shortcode .fusion-accordian #accordian-2 .fusion-toggle-boxed-mode:hover .panel-title a { color: var(--awb-color4);}.fusion-accordian #accordian-2.fusion-toggle-icon-unboxed .panel-title a:hover .fa-fusion-box,.fusion-accordian #accordian-2.fusion-toggle-icon-unboxed .panel-title a.hover .fa-fusion-box { color: var(--awb-color4); }<\/style><div class=\"fusion-faq-shortcode white-toggles\" style=\"\"><div class=\"fusion-faqs-wrapper\"><div class=\"accordian fusion-accordian\"><div class=\"panel-group  fusion-toggle-icon-right fusion-toggle-icon-unboxed\" id=\"accordian-2\"><div class=\"fusion-panel fusion-toggle-no-divider fusion-toggle-boxed-mode panel-default fusion-faq-post fusion-faq-post-42759 fundos-europeus-perguntas-frequentes \"><span class=\"entry-title rich-snippet-hidden\">PT2030 &#8211; O que \u00e9 o Portugal 2030 e como funciona?<\/span><span class=\"vcard rich-snippet-hidden\"><span class=\"fn\"><a href=\"https:\/\/www.ccdrc.pt\/en\/author\/gestor\/\" title=\"Posts by gestor\" rel=\"author\">gestor<\/a><\/span><\/span><span class=\"updated rich-snippet-hidden\">2023-11-23T12:23:03+00:00<\/span><div class=\"panel-heading\"><h4 id=\"faq_2-42759\" class=\"panel-title toggle\"><a data-toggle=\"collapse\" class=\"collapsed\" data-target=\"#collapse-2-42759\" href=\"#collapse-2-42759\" aria-expanded=\"false\"><div class=\"fusion-toggle-icon-wrapper\"><div class=\"fusion-toggle-icon-wrapper-main\"><div class=\"fusion-toggle-icon-wrapper-sub\"><i class=\"fa-fusion-box active-icon awb-icon-minus\" aria-hidden=\"true\"><\/i><i class=\"fa-fusion-box inactive-icon awb-icon-plus\" aria-hidden=\"true\"><\/i><\/div><\/div><\/div><div class=\"fusion-toggle-heading\">PT2030 &#8211; O que \u00e9 o Portugal 2030 e como funciona?<\/div><\/a><\/h4><\/div><div id=\"collapse-2-42759\" aria-labelledby=\"faq_2-42759\" class=\"panel-collapse collapse\"><div class=\"panel-body toggle-content post-content\"><div class=\"fusion-fullwidth fullwidth-box fusion-builder-row-7-1 fusion-flex-container has-pattern-background has-mask-background nonhundred-percent-fullwidth non-hundred-percent-height-scrolling\" style=\"--awb-border-radius-top-left:0px;--awb-border-radius-top-right:0px;--awb-border-radius-bottom-right:0px;--awb-border-radius-bottom-left:0px;\" ><div class=\"fusion-builder-row fusion-row fusion-flex-align-items-flex-start\" style=\"width:100% !important;max-width:100% !important;margin-left: calc(-0% \/ 2 );margin-right: calc(-0% \/ 2 );\"><div class=\"fusion-layout-column fusion_builder_column fusion-builder-column-11 fusion_builder_column_1_1 1_1 fusion-flex-column\" style=\"--awb-bg-size:cover;--awb-width-large:100%;--awb-margin-top-large:0px;--awb-spacing-right-large:0%;--awb-margin-bottom-large:0px;--awb-spacing-left-large:0%;--awb-width-medium:100%;--awb-order-medium:0;--awb-spacing-right-medium:0%;--awb-spacing-left-medium:0%;--awb-width-small:100%;--awb-order-small:0;--awb-spacing-right-small:0%;--awb-spacing-left-small:0%;\"><div class=\"fusion-column-wrapper fusion-column-has-shadow fusion-flex-justify-content-flex-start fusion-content-layout-column\"><div class=\"fusion-text fusion-text-21\"><p>O Portugal 2030 p\u00f5e em pr\u00e1tica o&nbsp;Acordo de Parceria entre Portugal e a Comiss\u00e3o Europeia&nbsp;para aplicar 23 mil milh\u00f5es de euros dos Fundos Europeus no desenvolvimento da economia portuguesa, entre 2021 e 2027.<\/p>\n<p><strong>O Portugal 2030 ser\u00e1 implementado atrav\u00e9s de 12 Programas<br \/>\n<\/strong>Estes programas definem como ser\u00e3o gastos os valores atribu\u00eddos pelos Fundos Europeus, de acordo com as prioridades e objetivos estrat\u00e9gicos do Portugal 2030.<\/p>\n<p>S\u00e3o as autoridades de gest\u00e3o de cada programa que ficam respons\u00e1veis por distribuir os fundos a cargo do programa que coordenam. \u00c9 a elas que cabe abrir candidaturas a apoios e avali\u00e1-las, para que os financiamentos possam chegar aos projetos. Tamb\u00e9m ficam respons\u00e1veis por acompanhar a implementa\u00e7\u00e3o dos projetos.<\/p>\n<p><strong>Que projetos podem ser apoiados pelo Portugal 2030<br \/>\n<\/strong>Estes apoios podem financiar projetos de empresas, particulares, autarquias, organismos p\u00fablicos e de outras organiza\u00e7\u00f5es \u2013 os tipos de entidade que podem concorrer a cada apoio s\u00e3o definidos no Aviso de abertura das candidaturas.<\/p>\n<p>Os projetos apoiados devem contribuir para atingir os&nbsp;<strong>objetivos estrat\u00e9gicos<\/strong>&nbsp;definidos para o Portugal 2030.<\/p>\n<p><strong>O Portugal 2030 dar\u00e1 apoios para promover em Portugal a<\/strong>:<\/p>\n<ul>\n<li>qualifica\u00e7\u00e3o e a capacita\u00e7\u00e3o dos recursos humanos<\/li>\n<li>inclus\u00e3o social<\/li>\n<li>inova\u00e7\u00e3o e transforma\u00e7\u00e3o digital<\/li>\n<li>transi\u00e7\u00e3o clim\u00e1tica e a sustentabilidade<\/li>\n<\/ul>\n<p>Todos os financiamentos devem contribuir tamb\u00e9m para a coes\u00e3o territorial e a evolu\u00e7\u00e3o demogr\u00e1fica.<\/p>\n<\/div><\/div><\/div><\/div><\/div>\n<\/div><\/div><\/div><div class=\"fusion-panel fusion-toggle-no-divider fusion-toggle-boxed-mode panel-default fusion-faq-post fusion-faq-post-42771 fundos-europeus-perguntas-frequentes \"><span class=\"entry-title rich-snippet-hidden\">PT2030 &#8211; Quais s\u00e3o os Programas do Portugal 2030?<\/span><span class=\"vcard rich-snippet-hidden\"><span class=\"fn\"><a href=\"https:\/\/www.ccdrc.pt\/en\/author\/admin\/\" title=\"Posts by admin\" rel=\"author\">admin<\/a><\/span><\/span><span class=\"updated rich-snippet-hidden\">2023-11-23T12:23:23+00:00<\/span><div class=\"panel-heading\"><h4 id=\"faq_2-42771\" class=\"panel-title toggle\"><a data-toggle=\"collapse\" class=\"collapsed\" data-target=\"#collapse-2-42771\" href=\"#collapse-2-42771\" aria-expanded=\"false\"><div class=\"fusion-toggle-icon-wrapper\"><div class=\"fusion-toggle-icon-wrapper-main\"><div class=\"fusion-toggle-icon-wrapper-sub\"><i class=\"fa-fusion-box active-icon awb-icon-minus\" aria-hidden=\"true\"><\/i><i class=\"fa-fusion-box inactive-icon awb-icon-plus\" aria-hidden=\"true\"><\/i><\/div><\/div><\/div><div class=\"fusion-toggle-heading\">PT2030 &#8211; Quais s\u00e3o os Programas do Portugal 2030?<\/div><\/a><\/h4><\/div><div id=\"collapse-2-42771\" aria-labelledby=\"faq_2-42771\" class=\"panel-collapse collapse\"><div class=\"panel-body toggle-content post-content\"><div class=\"fusion-fullwidth fullwidth-box fusion-builder-row-7-2 fusion-flex-container has-pattern-background has-mask-background nonhundred-percent-fullwidth non-hundred-percent-height-scrolling\" style=\"--awb-border-radius-top-left:0px;--awb-border-radius-top-right:0px;--awb-border-radius-bottom-right:0px;--awb-border-radius-bottom-left:0px;\" ><div class=\"fusion-builder-row fusion-row fusion-flex-align-items-flex-start\" style=\"width:100% !important;max-width:100% !important;margin-left: calc(-0% \/ 2 );margin-right: calc(-0% \/ 2 );\"><div class=\"fusion-layout-column fusion_builder_column fusion-builder-column-12 fusion_builder_column_1_1 1_1 fusion-flex-column\" style=\"--awb-bg-size:cover;--awb-width-large:100%;--awb-margin-top-large:0px;--awb-spacing-right-large:0%;--awb-margin-bottom-large:0px;--awb-spacing-left-large:0%;--awb-width-medium:100%;--awb-order-medium:0;--awb-spacing-right-medium:0%;--awb-spacing-left-medium:0%;--awb-width-small:100%;--awb-order-small:0;--awb-spacing-right-small:0%;--awb-spacing-left-small:0%;\"><div class=\"fusion-column-wrapper fusion-column-has-shadow fusion-flex-justify-content-flex-start fusion-content-layout-column\"><div class=\"fusion-text fusion-text-22\"><p><strong>O Portugal 2030 ser\u00e1 implementado atrav\u00e9s de 12 Programas&nbsp;<\/strong><\/p>\n<p>Os Programas est\u00e3o organizados da seguinte forma:<\/p>\n<ul>\n<li>Quatro Programas Tem\u00e1ticos:\n<ul>\n<li>Demografia, qualifica\u00e7\u00f5es e inclus\u00e3o<\/li>\n<li>Inova\u00e7\u00e3o e transi\u00e7\u00e3o digital<\/li>\n<li>A\u00e7\u00e3o clim\u00e1tica e sustentabilidade<\/li>\n<li>Mar<\/li>\n<\/ul>\n<\/li>\n<li>Cinco Programas Regionais, correspondentes \u00e0s NUTS II do Continente:\n<ul>\n<li>Norte<\/li>\n<li>Centro<\/li>\n<li>Lisboa<\/li>\n<li>Alentejo<\/li>\n<li>Algarve<\/li>\n<\/ul>\n<\/li>\n<li>Dois Programas das Regi\u00f5es Aut\u00f3nomas:\n<ul>\n<li>A\u00e7ores<\/li>\n<li>Madeira<\/li>\n<\/ul>\n<\/li>\n<li>Um Programa Operacional de Assist\u00eancia T\u00e9cnica.<\/li>\n<\/ul>\n<p>Al\u00e9m destes 12 Programas, Portugal participa em outros Programas de&nbsp;Coopera\u00e7\u00e3o Territorial Europeia&nbsp;(INTERREG), para apoiar a coopera\u00e7\u00e3o entre parceiros de diferentes Estados-Membros.<\/p>\n<ul>\n<li>A estrutura\u00e7\u00e3o dos&nbsp;<strong>Programas Tem\u00e1ticos<\/strong>&nbsp;foi feita em fun\u00e7\u00e3o da \u00e1rea de interven\u00e7\u00e3o dos projetos a apoiar. Por exemplo, educa\u00e7\u00e3o e forma\u00e7\u00e3o profissional, digitaliza\u00e7\u00e3o das empresas, transportes, altera\u00e7\u00f5es clim\u00e1ticas.<\/li>\n<li>Os&nbsp;<strong>Programas Regionais<\/strong>&nbsp;est\u00e3o estruturados em torno de apoios necess\u00e1rios ao desenvolvimento da regi\u00e3o do pa\u00eds \u00e0 qual est\u00e3o ligados. Por exemplo, h\u00e1 programas que s\u00f3 v\u00e3o criar apoios para projetos em Lisboa e outros para projetos na Madeira.<\/li>\n<li>O&nbsp;<strong>Programa de Assist\u00eancia T\u00e9cnica<\/strong>&nbsp;vem apoiar a capacita\u00e7\u00e3o das entidades que coordenam e gerem os fundos, para que estas possam planear, programar, monitorizar, avaliar, controlar e comunicar a aplica\u00e7\u00e3o dos fundos.<\/li>\n<\/ul>\n<\/div><\/div><\/div><\/div><\/div>\n<\/div><\/div><\/div><div class=\"fusion-panel fusion-toggle-no-divider fusion-toggle-boxed-mode panel-default fusion-faq-post fusion-faq-post-42774 fundos-europeus-perguntas-frequentes \"><span class=\"entry-title rich-snippet-hidden\">PRR &#8211; O que \u00e9 o Plano de Recupera\u00e7\u00e3o e Resili\u00eancia (PRR)?<\/span><span class=\"vcard rich-snippet-hidden\"><span class=\"fn\"><a href=\"https:\/\/www.ccdrc.pt\/en\/author\/admin\/\" title=\"Posts by admin\" rel=\"author\">admin<\/a><\/span><\/span><span class=\"updated rich-snippet-hidden\">2023-11-23T12:24:30+00:00<\/span><div class=\"panel-heading\"><h4 id=\"faq_2-42774\" class=\"panel-title toggle\"><a data-toggle=\"collapse\" class=\"collapsed\" data-target=\"#collapse-2-42774\" href=\"#collapse-2-42774\" aria-expanded=\"false\"><div class=\"fusion-toggle-icon-wrapper\"><div class=\"fusion-toggle-icon-wrapper-main\"><div class=\"fusion-toggle-icon-wrapper-sub\"><i class=\"fa-fusion-box active-icon awb-icon-minus\" aria-hidden=\"true\"><\/i><i class=\"fa-fusion-box inactive-icon awb-icon-plus\" aria-hidden=\"true\"><\/i><\/div><\/div><\/div><div class=\"fusion-toggle-heading\">PRR &#8211; O que \u00e9 o Plano de Recupera\u00e7\u00e3o e Resili\u00eancia (PRR)?<\/div><\/a><\/h4><\/div><div id=\"collapse-2-42774\" aria-labelledby=\"faq_2-42774\" class=\"panel-collapse collapse\"><div class=\"panel-body toggle-content post-content\"><div class=\"fusion-fullwidth fullwidth-box fusion-builder-row-7-3 fusion-flex-container has-pattern-background has-mask-background nonhundred-percent-fullwidth non-hundred-percent-height-scrolling\" style=\"--awb-border-radius-top-left:0px;--awb-border-radius-top-right:0px;--awb-border-radius-bottom-right:0px;--awb-border-radius-bottom-left:0px;\" ><div class=\"fusion-builder-row fusion-row fusion-flex-align-items-flex-start\" style=\"width:100% !important;max-width:100% !important;margin-left: calc(-0% \/ 2 );margin-right: calc(-0% \/ 2 );\"><div class=\"fusion-layout-column fusion_builder_column fusion-builder-column-13 fusion_builder_column_1_1 1_1 fusion-flex-column\" style=\"--awb-bg-size:cover;--awb-width-large:100%;--awb-margin-top-large:0px;--awb-spacing-right-large:0%;--awb-margin-bottom-large:0px;--awb-spacing-left-large:0%;--awb-width-medium:100%;--awb-order-medium:0;--awb-spacing-right-medium:0%;--awb-spacing-left-medium:0%;--awb-width-small:100%;--awb-order-small:0;--awb-spacing-right-small:0%;--awb-spacing-left-small:0%;\"><div class=\"fusion-column-wrapper fusion-column-has-shadow fusion-flex-justify-content-flex-start fusion-content-layout-column\"><div class=\"fusion-text fusion-text-23\"><p>O PRR \u00e9 um Programa integrado no pacote extraordin\u00e1rio de financiamento aprovado pela Comiss\u00e3o Europeia para dotar os pa\u00edses da zona euro de instrumentos destinados \u00e0 recupera\u00e7\u00e3o econ\u00f3mica e social, o&nbsp; Next Generation EU. O PRR \u00e9 o instrumento nacional do Mecanismo de Recupera\u00e7\u00e3o e Resili\u00eancia aprovado pela CE. Pelo seu car\u00e1cter extraordin\u00e1rio, o Plano de Recupera\u00e7\u00e3o e Resili\u00eancia \u00e9 uma \u201csupervitamina\u201d destinada a acelerar a recupera\u00e7\u00e3o econ\u00f3mica e social e promover uma transforma\u00e7\u00e3o resiliente e justa, colocando Portugal no caminho da dupla transi\u00e7\u00e3o, verde e digital. O PRR re\u00fane uma vis\u00e3o estrat\u00e9gica, reformas e investimentos estruturantes a implementar at\u00e9 2026. Foi organizado em 3 dimens\u00f5es estrat\u00e9gicas, Resili\u00eancia, Transi\u00e7\u00e3o Clim\u00e1tica e Transi\u00e7\u00e3o Digital, que agrupam 20 componentes, 83 investimentos e promovem&nbsp; 37 reformas.<\/p>\n<\/div><\/div><\/div><\/div><\/div>\n<\/div><\/div><\/div><\/div><\/div><\/div><\/div><div ><a class=\"fusion-button button-flat fusion-button-default-size button-default fusion-button-default button-4 fusion-button-default-span fusion-button-default-type btn-primary\" style=\"--button_margin-top:24px;\" target=\"_self\" href=\"http:\/\/www.ccdrc.pt\/areas-de-atuacao\/fundos-europeus\/perguntas-frequentes\/\"><span class=\"fusion-button-text\">Ver todas as perguntas frequentes<\/span><i class=\"fa-arrow-right fas button-icon-right\" aria-hidden=\"true\"><\/i><\/a><\/div><\/div><\/div><\/div><\/div><\/div><\/div><\/div><div class=\"fusion-fullwidth fullwidth-box fusion-builder-row-8 fusion-flex-container has-pattern-background has-mask-background nonhundred-percent-fullwidth non-hundred-percent-height-scrolling\" style=\"--awb-border-radius-top-left:0px;--awb-border-radius-top-right:0px;--awb-border-radius-bottom-right:0px;--awb-border-radius-bottom-left:0px;\" ><div class=\"fusion-builder-row fusion-row fusion-flex-align-items-flex-start\" style=\"max-width:1288px;margin-left: calc(-0% \/ 2 );margin-right: calc(-0% \/ 2 );\"><div class=\"fusion-layout-column fusion_builder_column fusion-builder-column-14 fusion_builder_column_1_1 1_1 fusion-flex-column\" style=\"--awb-bg-size:cover;--awb-width-large:100%;--awb-margin-top-large:0px;--awb-spacing-right-large:0%;--awb-margin-bottom-large:0px;--awb-spacing-left-large:0%;--awb-width-medium:100%;--awb-order-medium:0;--awb-spacing-right-medium:0%;--awb-spacing-left-medium:0%;--awb-width-small:100%;--awb-order-small:0;--awb-spacing-right-small:0%;--awb-spacing-left-small:0%;\"><div class=\"fusion-column-wrapper fusion-column-has-shadow fusion-flex-justify-content-flex-start fusion-content-layout-column\">   <script>\n        document.addEventListener(\"DOMContentLoaded\", function() {\n            var screenWidth = window.innerWidth;\n\n            if (screenWidth > 640 && screenWidth < 1024) {\n                var mobileElements = document.querySelectorAll('.mobile');\n                mobileElements.forEach(function(element) {\n                    element.remove();\n                });\n            } else if (screenWidth < 640) {\n                var tabletElements = document.querySelectorAll('.tablet');\n                tabletElements.forEach(function(element) {\n                    element.remove();\n                });\n            } else if (screenWidth >= 1024) {\n                var mobileElements = document.querySelectorAll('.mobile');\n                var tabletElements = document.querySelectorAll('.tablet');\n                mobileElements.forEach(function(element) {\n                    element.remove();\n                });\n                tabletElements.forEach(function(element) {\n                    element.remove();\n                });\n            }\n        });\n    <\/script>\n\n\n    <script>\n        document.addEventListener(\"DOMContentLoaded\", function() {\n            \/\/ Fun\u00e7\u00e3o para copiar estilos de um elemento para outro\n            function copiarEstilos(elementoOrigem, elementoDestino) {\n                const estilo = window.getComputedStyle(elementoOrigem);\n                for (let i = 0; i < estilo.length; i++) {\n                    const propriedade = estilo[i];\n                    elementoDestino.style[propriedade] = estilo.getPropertyValue(propriedade);\n                }\n            }\n\n            \/\/ Fun\u00e7\u00e3o para trocar tags mantendo estilos\n            function trocarTag(elementoOriginal, novaTag) {\n                const novoElemento = document.createElement(novaTag);\n                novoElemento.textContent = elementoOriginal.textContent;\n                copiarEstilos(elementoOriginal, novoElemento);\n                elementoOriginal.parentNode.replaceChild(novoElemento, elementoOriginal);\n            }\n\n            \/\/ Trocar todos os <h4> por <h2>\n            const elementosH4 = document.querySelectorAll(\"h4\");\n            elementosH4.forEach(elementoH4 => {\n                trocarTag(elementoH4, \"h2\");\n            });\n\n\n        });\ndocument.addEventListener('DOMContentLoaded', function() {\n    \/\/ Select all <h2> elements with id starting with 'faq_'\n    var elements = document.querySelectorAll('h2[id^=\"faq_\"]');\n    \n    \/\/ Iterate over each element\n    elements.forEach(function(element) {\n        \/\/ Get the text content of the question for the aria-label\n        var questionText = element.querySelector('.fusion-toggle-heading').textContent.trim();\n        \n        \/\/ Set the aria-label attribute with the question text\n        element.setAttribute('aria-label', 'FAQ Question: ' + questionText);\n    });\n});\n    <\/script>\n    <script>\n        document.addEventListener(\"DOMContentLoaded\", function() {\n            \/\/ Get the elements by their classes and IDs\n            var element1 = document.querySelector('.fusion-text-2#img-title-area');\n            var element2 = document.querySelector('.fusion-text-10#img-title-area');\n\n            function manageElements() {\n                if (window.innerWidth < 1024) {\n                    \/\/ Screen is smaller than 1024px, remove the second element\n                    if (element1) {\n                        element1.remove();\n                    }\n                } else {\n                    \/\/ Screen is 1024px or larger, remove the first element\n                    if (element2) {\n                        element2.remove();\n                    }\n                }\n            }\n\n            \/\/ Run the function on page load\n            manageElements();\n\n            \/\/ Optionally, run the function on window resize\n            window.addEventListener('resize', manageElements);\n        });\n    <\/script><\/div><\/div><\/div><\/div><\/p>\n","protected":false},"excerpt":{"rendered":"","protected":false},"author":1217,"featured_media":0,"parent":3414,"menu_order":0,"comment_status":"closed","ping_status":"closed","template":"","meta":{"_acf_changed":false,"_eb_attr":"","inline_featured_image":false,"iawp_total_views":876,"footnotes":""},"class_list":["post-40559","page","type-page","status-publish","hentry"],"acf":[],"_links":{"self":[{"href":"https:\/\/www.ccdrc.pt\/en\/wp-json\/wp\/v2\/pages\/40559","targetHints":{"allow":["GET"]}}],"collection":[{"href":"https:\/\/www.ccdrc.pt\/en\/wp-json\/wp\/v2\/pages"}],"about":[{"href":"https:\/\/www.ccdrc.pt\/en\/wp-json\/wp\/v2\/types\/page"}],"author":[{"embeddable":true,"href":"https:\/\/www.ccdrc.pt\/en\/wp-json\/wp\/v2\/users\/1217"}],"replies":[{"embeddable":true,"href":"https:\/\/www.ccdrc.pt\/en\/wp-json\/wp\/v2\/comments?post=40559"}],"version-history":[{"count":46,"href":"https:\/\/www.ccdrc.pt\/en\/wp-json\/wp\/v2\/pages\/40559\/revisions"}],"predecessor-version":[{"id":85667,"href":"https:\/\/www.ccdrc.pt\/en\/wp-json\/wp\/v2\/pages\/40559\/revisions\/85667"}],"up":[{"embeddable":true,"href":"https:\/\/www.ccdrc.pt\/en\/wp-json\/wp\/v2\/pages\/3414"}],"wp:attachment":[{"href":"https:\/\/www.ccdrc.pt\/en\/wp-json\/wp\/v2\/media?parent=40559"}],"curies":[{"name":"wp","href":"https:\/\/api.w.org\/{rel}","templated":true}]}}